{"id":38122,"date":"2026-01-09T16:02:25","date_gmt":"2026-01-09T16:02:25","guid":{"rendered":"https:\/\/edm.ch\/?post_type=projects&#038;p=38122"},"modified":"2026-01-23T14:40:59","modified_gmt":"2026-01-23T14:40:59","slug":"burkina-faso-prendre-soin-de-son-enfant","status":"publish","type":"projects","link":"https:\/\/edm.ch\/fr\/burkina-faso-prendre-soin-de-son-enfant\/","title":{"rendered":"Burkina Faso &#8211; Prendre soin de son enfant au quotidien"},"content":{"rendered":"<section class=\"subpageBanner\" style=\"display:\">\n    <div class=\"subpageBannerBlock figure_block\">\n        <img decoding=\"async\" data-src=\"https:\/\/edm.ch\/wp-content\/uploads\/2026\/01\/Enfants_du_Monde_banner_soins_attentifs_burkina.jpg\" src=\"data:image\/svg+xml;base64,PHN2ZyB3aWR0aD0iMSIgaGVpZ2h0PSIxIiB4bWxucz0iaHR0cDovL3d3dy53My5vcmcvMjAwMC9zdmciPjwvc3ZnPg==\" class=\"lazyload\" style=\"--smush-placeholder-width: 2500px; --smush-placeholder-aspect-ratio: 2500\/1080;\" \/>\n        <div class=\"subpageBannerWrap\">\n            <div class=\"container\">\n                <div class=\"content\">\n                    <div>\n                        <span class=\"bannerHead\">Burkina Faso<\/span>\n                        <h1>Prendre soin de son enfant au quotidien<\/h1>\n                    <\/div>\n                                    <\/div>\n            <\/div>\n        <\/div>\n                    <div class=\"picture-caption\">\n                <div class=\"caption-content\"><span>Enfants du Monde<\/span><\/div>\n            <\/div>\n            <\/div>\n<\/section>\n<script type=\"text\/javascript\">\n    jQuery(document).ready(function ($) {\n        \/\/ Check if the block exists\n        var bannerSection = $('#subpage-banner-section');\n\n        if (bannerSection.length > 0) {\n            \/\/ Move the block to the end of <main> just before the footer\n            $('main').append(bannerSection); \/\/ This will append it inside the <main> tag\n        }\n\n        $('.documentAccordion').on('click', function (e) {\n            e.preventDefault();  \/\/ Prevent default link action\n\n            \/\/ Target the section with the given ID\n            $('html, body').animate({\n                scrollTop: $('#subpage-banner-section').offset().top - 200\n            }, 1000);\n        });\n    });\n<\/script>\n\n\n        <section class=\" countSec\" style=\"display:\">\n        <div class=\"container\">\n            <div class=\"countHolder\">\n                <h2><\/h2>\n                <div class=\"countBlock\">\n                    <div class=\"countRow\">\n\n                        \n                            <div class=\"countCol\">\n                                <div class=\"countColInner\">\n                                    <div class=\"imgBlock\">\n                                    <img decoding=\"async\" data-src=\"https:\/\/edm.ch\/wp-content\/uploads\/2023\/08\/Picto-sante-2.png\" src=\"data:image\/svg+xml;base64,PHN2ZyB3aWR0aD0iMSIgaGVpZ2h0PSIxIiB4bWxucz0iaHR0cDovL3d3dy53My5vcmcvMjAwMC9zdmciPjwvc3ZnPg==\" class=\"lazyload\" style=\"--smush-placeholder-width: 160px; --smush-placeholder-aspect-ratio: 160\/160;\" data-srcset=\"https:\/\/edm.ch\/wp-content\/uploads\/2023\/08\/Picto-sante-2.png 160w, https:\/\/edm.ch\/wp-content\/uploads\/2023\/08\/Picto-sante-2-150x150.png 150w\" data-sizes=\"auto\" data-original-sizes=\"(max-width: 160px) 100vw, 160px\" \/>\n                                    <\/div>\n                                    <div class=\"content\">\n                                    <h2>540<\/h2>\n                                    <p>Personnels de sant\u00e9 form\u00e9\u00b7es<\/p>\n                                    <\/div>\n                                <\/div>\n                            <\/div>\n\n                        \n                            <div class=\"countCol\">\n                                <div class=\"countColInner\">\n                                    <div class=\"imgBlock\">\n                                    <img decoding=\"async\" data-src=\"https:\/\/edm.ch\/wp-content\/uploads\/2023\/08\/Picto-medecin.png\" src=\"data:image\/svg+xml;base64,PHN2ZyB3aWR0aD0iMSIgaGVpZ2h0PSIxIiB4bWxucz0iaHR0cDovL3d3dy53My5vcmcvMjAwMC9zdmciPjwvc3ZnPg==\" class=\"lazyload\" style=\"--smush-placeholder-width: 160px; --smush-placeholder-aspect-ratio: 160\/160;\" data-srcset=\"https:\/\/edm.ch\/wp-content\/uploads\/2023\/08\/Picto-medecin.png 160w, https:\/\/edm.ch\/wp-content\/uploads\/2023\/08\/Picto-medecin-150x150.png 150w\" data-sizes=\"auto\" data-original-sizes=\"(max-width: 160px) 100vw, 160px\" \/>\n                                    <\/div>\n                                    <div class=\"content\">\n                                    <h2>1&rsquo;400<\/h2>\n                                    <p>Agent\u00b7es communautaires et pairs \u00e9ducateur\u00b7rices form\u00e9\u00b7es<\/p>\n                                    <\/div>\n                                <\/div>\n                            <\/div>\n\n                        \n                            <div class=\"countCol\">\n                                <div class=\"countColInner\">\n                                    <div class=\"imgBlock\">\n                                    <img decoding=\"async\" data-src=\"https:\/\/edm.ch\/wp-content\/uploads\/2023\/08\/Picto-bebe.png\" src=\"data:image\/svg+xml;base64,PHN2ZyB3aWR0aD0iMSIgaGVpZ2h0PSIxIiB4bWxucz0iaHR0cDovL3d3dy53My5vcmcvMjAwMC9zdmciPjwvc3ZnPg==\" class=\"lazyload\" style=\"--smush-placeholder-width: 160px; --smush-placeholder-aspect-ratio: 160\/160;\" data-srcset=\"https:\/\/edm.ch\/wp-content\/uploads\/2023\/08\/Picto-bebe.png 160w, https:\/\/edm.ch\/wp-content\/uploads\/2023\/08\/Picto-bebe-150x150.png 150w\" data-sizes=\"auto\" data-original-sizes=\"(max-width: 160px) 100vw, 160px\" \/>\n                                    <\/div>\n                                    <div class=\"content\">\n                                    <h2>+ de 500&rsquo;000<\/h2>\n                                    <p>Enfants soutenu\u00b7es par le projet<\/p>\n                                    <\/div>\n                                <\/div>\n                            <\/div>\n\n                        \n                    <\/div>\n                <\/div>\n                <div class=\"countBlockText\"><p><\/p><\/div>\n            <\/div>\n        <\/div>\n    <\/section>\n\n        <section class=\"contentSec\" style=\"display:\">\n        <div class=\"container\">\n            <div class=\"contentBlock\">\n                <h5><\/h5>\n                <p><span data-contrast=\"auto\">Au Burkina Faso, malgr\u00e9 les progr\u00e8s accomplis en sant\u00e9 maternelle et infantile, <strong>les taux de mortalit\u00e9 maternels et n\u00e9onataux demeurent \u00e9lev\u00e9s<\/strong> et peu d\u2019enfants b\u00e9n\u00e9ficient des stimulations essentielles \u00e0 leur bon<\/span><span data-contrast=\"auto\"> d\u00e9veloppement. Pour y rem\u00e9dier, le gouvernement a lanc\u00e9 une <\/span><span data-contrast=\"auto\">Strat\u00e9gie nationale de d\u00e9veloppement int\u00e9gr\u00e9 de la petite enfance. <\/span><span data-contrast=\"none\">Notre projet \u00ab Prendre soin de son enfant au quotidien \u00bb, mis en \u0153uvre avec le Minist\u00e8re de la Sant\u00e9, <strong>vise \u00e0 am\u00e9liorer les soins apport\u00e9s aux jeunes enfants,<\/strong> notamment en mati\u00e8re de sant\u00e9, de nutrition, d\u2019\u00e9veil et de relations affectives, en formant et accompagnant les professionnel\u00b7les de sant\u00e9, les agent\u00b7es communautaires et les parents. L\u2019objectif est de favoriser le d\u00e9veloppement harmonieux de chaque enfant.<\/span><span data-ccp-props=\"{&quot;335559685&quot;:284,&quot;335559731&quot;:0}\">\u00a0<\/span><\/p>\n                            <\/div>\n        <\/div>\n    <\/section>\n\n\n    \n    <section class=\"rightTextLeftImg \" style=\"display:\">\n        <div class=\"container\">\n            <div class=\"rightTextLeftImgRow\">\n                                    <div class=\"left\">\n                                                    <div class=\"imgBlock\">\n                                <a class=\"figure_block\" href=\"https:\/\/edm.ch\/wp-content\/uploads\/2023\/11\/Enfants_du_Monde_apercu_Theodore-1.png\" data-fancybox data-caption=\"\">\n                                    <img decoding=\"async\" data-src=\"https:\/\/edm.ch\/wp-content\/uploads\/2023\/11\/Enfants_du_Monde_apercu_Theodore-1.png\" src=\"data:image\/svg+xml;base64,PHN2ZyB3aWR0aD0iMSIgaGVpZ2h0PSIxIiB4bWxucz0iaHR0cDovL3d3dy53My5vcmcvMjAwMC9zdmciPjwvc3ZnPg==\" class=\"lazyload\" style=\"--smush-placeholder-width: 1920px; --smush-placeholder-aspect-ratio: 1920\/1920;\" data-srcset=\"https:\/\/edm.ch\/wp-content\/uploads\/2023\/11\/Enfants_du_Monde_apercu_Theodore-1.png 1920w, https:\/\/edm.ch\/wp-content\/uploads\/2023\/11\/Enfants_du_Monde_apercu_Theodore-1-300x300.png 300w, https:\/\/edm.ch\/wp-content\/uploads\/2023\/11\/Enfants_du_Monde_apercu_Theodore-1-1024x1024.png 1024w, https:\/\/edm.ch\/wp-content\/uploads\/2023\/11\/Enfants_du_Monde_apercu_Theodore-1-150x150.png 150w, https:\/\/edm.ch\/wp-content\/uploads\/2023\/11\/Enfants_du_Monde_apercu_Theodore-1-768x768.png 768w, https:\/\/edm.ch\/wp-content\/uploads\/2023\/11\/Enfants_du_Monde_apercu_Theodore-1-1536x1536.png 1536w\" data-sizes=\"auto\" data-original-sizes=\"(max-width: 1920px) 100vw, 1920px\" \/>\n                                                                            <div class=\"picture-caption\">\n                                            <div class=\"caption-content\"><span>Enfants du Monde<\/span><\/div>\n                                        <\/div>\n                                                                    <\/a>\n                                <figcaption><\/figcaption>\n                            <\/div>\n                                            <\/div>\n                                                    <div class=\"right\">\n                        <div class=\"content\">\n                            <h2>                                Des outils simples pour am\u00e9liorer la sant\u00e9 des jeunes enfants <small><\/small>\n                            <\/h2>                                                            <p>Le projet vise \u00e0 ce que plus de 70% du personnel de sant\u00e9 et 50% des parents <strong>adoptent d\u2019ici 2026 de bonnes pratiques de soins attentifs.\u00a0<\/strong><\/p>\n<p>Nous proposons une information et un accompagnement de qualit\u00e9 pour les parents et les soignant\u00b7es en nous appuyant sur <strong>des outils innovants et accessibles<\/strong>, tels que l\u2019application mobile <a href=\"https:\/\/edm.ch\/fr\/applications-mobiles\/\" target=\"_blank\" rel=\"noopener\">\u00ab Mon enfant grandit \u00bb<\/a> (d\u00e9j\u00e0 t\u00e9l\u00e9charg\u00e9e plus de 100 000 fois), une fiche-conseil en moor\u00e9, ainsi que des posters \u00e9ducatifs diffus\u00e9s dans les centres de sant\u00e9 et au sein des communaut\u00e9s.<\/p>\n<p>En impliquant activement les autorit\u00e9s sanitaires, 25 organisations communautaires locales et des leaders sociaux,<strong> nous garantissons un impact durable sur la sant\u00e9 et le d\u00e9veloppement des jeunes enfants au Burkina Faso.\u00a0<\/strong><\/p>\n                                                                                                            <\/div>\n                    <\/div>\n                            <\/div>\n        <\/div>\n    <\/section>\n\n\n    \n    <section class=\"leftTextRightImg \" style=\"display:\">\n        <div class=\"container\">\n            <div class=\"leftTextRightImgRow\">\n                                    <div class=\"right\">\n                                                    <div class=\"imgBlock\">\n                                <a class=\"figure_block\" href=\"https:\/\/edm.ch\/wp-content\/uploads\/2025\/07\/Enfants_du_monde_website_image_RS4618__Burkina_Faso_1920.png\" data-fancybox data-caption=\"\">\n                                    <img decoding=\"async\" data-src=\"https:\/\/edm.ch\/wp-content\/uploads\/2025\/07\/Enfants_du_monde_website_image_RS4618__Burkina_Faso_1920.png\" src=\"data:image\/svg+xml;base64,PHN2ZyB3aWR0aD0iMSIgaGVpZ2h0PSIxIiB4bWxucz0iaHR0cDovL3d3dy53My5vcmcvMjAwMC9zdmciPjwvc3ZnPg==\" class=\"lazyload\" style=\"--smush-placeholder-width: 1920px; --smush-placeholder-aspect-ratio: 1920\/1920;\" data-srcset=\"https:\/\/edm.ch\/wp-content\/uploads\/2025\/07\/Enfants_du_monde_website_image_RS4618__Burkina_Faso_1920.png 1920w, https:\/\/edm.ch\/wp-content\/uploads\/2025\/07\/Enfants_du_monde_website_image_RS4618__Burkina_Faso_1920-300x300.png 300w, https:\/\/edm.ch\/wp-content\/uploads\/2025\/07\/Enfants_du_monde_website_image_RS4618__Burkina_Faso_1920-1024x1024.png 1024w, https:\/\/edm.ch\/wp-content\/uploads\/2025\/07\/Enfants_du_monde_website_image_RS4618__Burkina_Faso_1920-150x150.png 150w, https:\/\/edm.ch\/wp-content\/uploads\/2025\/07\/Enfants_du_monde_website_image_RS4618__Burkina_Faso_1920-768x768.png 768w, https:\/\/edm.ch\/wp-content\/uploads\/2025\/07\/Enfants_du_monde_website_image_RS4618__Burkina_Faso_1920-1536x1536.png 1536w\" data-sizes=\"auto\" data-original-sizes=\"(max-width: 1920px) 100vw, 1920px\" \/>\n                                                                    <\/a>\n                                <figcaption><\/figcaption>\n                            <\/div>\n                                            <\/div>\n                                                    <div class=\"left\">\n                        <div class=\"content\">\n                            <h2>                                Notre impact <small><\/small>\n                            <\/h2>                                                            <ul>\n<li><strong>540 membres du personnel de sant\u00e9<\/strong> <strong>form\u00e9\u00b7es<\/strong> sur la stimulation de l\u2019enfant, l&rsquo;interaction parent-enfant et l\u2019accompagnement parental<\/li>\n<li>Renforcement des comp\u00e9tences de <strong>1\u2019400 acteur\u00b7rices communautaires par l\u2019\u00e9ducation des familles<\/strong><\/li>\n<li><strong>Plus de 500 000 parents sensibilis\u00e9\u00b7es<\/strong> pour mieux accompagner la sant\u00e9 et le d\u00e9veloppement de leurs jeunes enfants.<\/li>\n<li>Promotion de la participation de la communaut\u00e9 <strong>via 25 organisations locales partenaires\u00a0\u00a0<\/strong><\/li>\n<\/ul>\n                                                                                                            <\/div>\n                    <\/div>\n                            <\/div>\n        <\/div>\n    <\/section>\n\n\n        <section class=\" partnerSec\" style=\"display:\">\n        <div class=\"container\">\n            <h2>Partenaire financier<\/h2>\n            <div class=\"partnerWrap \">\n\n\n                                    \n                        <div class=\"partnerBlock\">\n                            <figure>\n                                                                    <a href=\"https:\/\/www.stadt-zuerich.ch\/de.html\" target=\"_self\">\n                                        <img decoding=\"async\" data-src=\"https:\/\/edm.ch\/wp-content\/uploads\/2023\/08\/Stadt-Zurich-logo.png\" src=\"data:image\/svg+xml;base64,PHN2ZyB3aWR0aD0iMSIgaGVpZ2h0PSIxIiB4bWxucz0iaHR0cDovL3d3dy53My5vcmcvMjAwMC9zdmciPjwvc3ZnPg==\" class=\"lazyload\" style=\"--smush-placeholder-width: 628px; --smush-placeholder-aspect-ratio: 628\/311;\" data-srcset=\"https:\/\/edm.ch\/wp-content\/uploads\/2023\/08\/Stadt-Zurich-logo.png 628w, https:\/\/edm.ch\/wp-content\/uploads\/2023\/08\/Stadt-Zurich-logo-300x149.png 300w\" data-sizes=\"auto\" data-original-sizes=\"(max-width: 628px) 100vw, 628px\">\n                                    <\/a>\n                                                            <\/figure>\n                        <\/div>\n                        \n                    \n            <\/div>\n        <\/div>\n    <\/section>\n\n\n        <section class=\" partnerSec\" style=\"display:\">\n        <div class=\"container\">\n            <h2>Partenaires locaux<\/h2>\n            <div class=\"partnerWrap \">\n\n\n                                    \n                        <div class=\"partnerBlock\">\n                            <figure>\n                                                                    <a href=\"https:\/\/www.sante.gov.bf\/accueil\" target=\"_blank\">\n                                        <img decoding=\"async\" data-src=\"https:\/\/edm.ch\/wp-content\/uploads\/2023\/08\/Ministere-sante-BF-logo-1.png\" src=\"data:image\/svg+xml;base64,PHN2ZyB3aWR0aD0iMSIgaGVpZ2h0PSIxIiB4bWxucz0iaHR0cDovL3d3dy53My5vcmcvMjAwMC9zdmciPjwvc3ZnPg==\" class=\"lazyload\" style=\"--smush-placeholder-width: 628px; --smush-placeholder-aspect-ratio: 628\/311;\" data-srcset=\"https:\/\/edm.ch\/wp-content\/uploads\/2023\/08\/Ministere-sante-BF-logo-1.png 628w, https:\/\/edm.ch\/wp-content\/uploads\/2023\/08\/Ministere-sante-BF-logo-1-300x149.png 300w\" data-sizes=\"auto\" data-original-sizes=\"(max-width: 628px) 100vw, 628px\">\n                                    <\/a>\n                                                            <\/figure>\n                        <\/div>\n                        \n                                            \n                        <div class=\"partnerBlock\">\n                            <figure>\n                                                                    <a href=\"http:\/\/www.edm.ch\" target=\"_self\">\n                                        <img decoding=\"async\" data-src=\"https:\/\/edm.ch\/wp-content\/uploads\/2024\/11\/Logo-Chaine-du-Bonheur-EN-4.png\" src=\"data:image\/svg+xml;base64,PHN2ZyB3aWR0aD0iMSIgaGVpZ2h0PSIxIiB4bWxucz0iaHR0cDovL3d3dy53My5vcmcvMjAwMC9zdmciPjwvc3ZnPg==\" class=\"lazyload\" style=\"--smush-placeholder-width: 628px; --smush-placeholder-aspect-ratio: 628\/311;\" data-srcset=\"https:\/\/edm.ch\/wp-content\/uploads\/2024\/11\/Logo-Chaine-du-Bonheur-EN-4.png 628w, https:\/\/edm.ch\/wp-content\/uploads\/2024\/11\/Logo-Chaine-du-Bonheur-EN-4-300x149.png 300w\" data-sizes=\"auto\" data-original-sizes=\"(max-width: 628px) 100vw, 628px\">\n                                    <\/a>\n                                                            <\/figure>\n                        <\/div>\n                        \n                                            \n                        <div class=\"partnerBlock\">\n                            <figure>\n                                                                    <a href=\"https:\/\/regipiv-bf.org\/\" target=\"_self\">\n                                        <img decoding=\"async\" data-src=\"https:\/\/edm.ch\/wp-content\/uploads\/2026\/01\/logo_regipiv-bf.png\" src=\"data:image\/svg+xml;base64,PHN2ZyB3aWR0aD0iMSIgaGVpZ2h0PSIxIiB4bWxucz0iaHR0cDovL3d3dy53My5vcmcvMjAwMC9zdmciPjwvc3ZnPg==\" class=\"lazyload\" style=\"--smush-placeholder-width: 628px; --smush-placeholder-aspect-ratio: 628\/311;\" data-srcset=\"https:\/\/edm.ch\/wp-content\/uploads\/2026\/01\/logo_regipiv-bf.png 628w, https:\/\/edm.ch\/wp-content\/uploads\/2026\/01\/logo_regipiv-bf-300x149.png 300w\" data-sizes=\"auto\" data-original-sizes=\"(max-width: 628px) 100vw, 628px\">\n                                    <\/a>\n                                                            <\/figure>\n                        <\/div>\n                        \n                    \n            <\/div>\n        <\/div>\n    <\/section>\n\n\n    <section class=\"donation_count\" style=\"display:\">\n        <div class=\"inner_row\">\n            <div class=\"right_img_block\">\n                <div class=\"img_block figure_block\">\n                    <img decoding=\"async\" data-src=\"https:\/\/edm.ch\/wp-content\/uploads\/2023\/11\/Enfants_du_Monde_QoQa_Burkina_sante_4-1.png\" alt=\"\" src=\"data:image\/svg+xml;base64,PHN2ZyB3aWR0aD0iMSIgaGVpZ2h0PSIxIiB4bWxucz0iaHR0cDovL3d3dy53My5vcmcvMjAwMC9zdmciPjwvc3ZnPg==\" class=\"lazyload\" style=\"--smush-placeholder-width: 1920px; --smush-placeholder-aspect-ratio: 1920\/1920;\" data-srcset=\"https:\/\/edm.ch\/wp-content\/uploads\/2023\/11\/Enfants_du_Monde_QoQa_Burkina_sante_4-1.png 1920w, https:\/\/edm.ch\/wp-content\/uploads\/2023\/11\/Enfants_du_Monde_QoQa_Burkina_sante_4-1-300x300.png 300w, https:\/\/edm.ch\/wp-content\/uploads\/2023\/11\/Enfants_du_Monde_QoQa_Burkina_sante_4-1-1024x1024.png 1024w, https:\/\/edm.ch\/wp-content\/uploads\/2023\/11\/Enfants_du_Monde_QoQa_Burkina_sante_4-1-150x150.png 150w, https:\/\/edm.ch\/wp-content\/uploads\/2023\/11\/Enfants_du_Monde_QoQa_Burkina_sante_4-1-768x768.png 768w, https:\/\/edm.ch\/wp-content\/uploads\/2023\/11\/Enfants_du_Monde_QoQa_Burkina_sante_4-1-1536x1536.png 1536w\" data-sizes=\"auto\" data-original-sizes=\"(max-width: 1920px) 100vw, 1920px\">\n                                    <\/div>\n            <\/div>\n            <div class=\"left_txt_block\">\n                <div class=\"txt_contents\">\n                    <h3>Mon don fait la diff\u00e9rence<\/h3>\n                    <div class=\"block_txts\">\n                                                    <div class=\"item\">\n                                <span class=\"title\">Par exemple : <\/span>\n                                <p><\/p>\n                            <\/div>\n                                                    <div class=\"item\">\n                                <span class=\"title\">Avec 70 francs, <\/span>\n                                <p>J\u2019informe 230 parents dans les centres de sant\u00e9 sur la nutrition,  l\u2019hygi\u00e8ne, les accidents domestiques et les bons r\u00e9flexes pour  prot\u00e9ger la sant\u00e9 de leur enfant.<\/p>\n                            <\/div>\n                                                    <div class=\"item\">\n                                <span class=\"title\">Avec 100 francs,<\/span>\n                                <p>Je finance la formation de 5 personnes du village pour assurer la  pr\u00e9vention aupr\u00e8s des familles.<\/p>\n                            <\/div>\n                                                    <div class=\"item\">\n                                <span class=\"title\">Avec 150 francs,<\/span>\n                                <p>J\u2019offre une formation \u00e0 2 professionnel\u00b7les de sant\u00e9 pour rep\u00e9rer les signes de retard dans le d\u00e9veloppement des tout-petits.<\/p>\n                            <\/div>\n                                                                            <a href=\"https:\/\/don.edm.ch\/fr\" class=\"btnWhite buttonDonation\">\n                                Je fais un don                            <\/a>\n                                            <\/div>\n                <\/div>\n            <\/div>\n        <\/div>\n    <\/section>","protected":false},"featured_media":0,"parent":0,"template":"","class_list":["post-38122","projects","type-projects","status-publish","hentry"],"acf":[],"yoast_head":"<!-- This site is optimized with the Yoast SEO plugin v26.9 - https:\/\/yoast.com\/product\/yoast-seo-wordpress\/ -->\n<title>Burkina Faso - Prendre soin de son enfant - Enfants du Monde<\/title>\n<meta name=\"description\" content=\"Nous am\u00e9liorons les soins apport\u00e9s aux jeunes enfants au Burkina Faso pour favoriser le d\u00e9veloppement harmonieux de chacun\u00b7e.\u00a0\" \/>\n<meta name=\"robots\" content=\"index, follow, max-snippet:-1, max-image-preview:large, max-video-preview:-1\" \/>\n<link rel=\"canonical\" href=\"https:\/\/edm.ch\/fr\/burkina-faso-prendre-soin-de-son-enfant\/\" \/>\n<meta property=\"og:locale\" content=\"fr_FR\" \/>\n<meta property=\"og:type\" content=\"article\" \/>\n<meta property=\"og:title\" content=\"Burkina Faso - Prendre soin de son enfant - Enfants du Monde\" \/>\n<meta property=\"og:description\" content=\"Nous am\u00e9liorons les soins apport\u00e9s aux jeunes enfants au Burkina Faso pour favoriser le d\u00e9veloppement harmonieux de chacun\u00b7e.\u00a0\" \/>\n<meta property=\"og:url\" content=\"https:\/\/edm.ch\/fr\/burkina-faso-prendre-soin-de-son-enfant\/\" \/>\n<meta property=\"og:site_name\" content=\"Enfants du monde\" \/>\n<meta property=\"article:modified_time\" content=\"2026-01-23T14:40:59+00:00\" \/>\n<meta name=\"twitter:card\" content=\"summary_large_image\" \/>\n<script type=\"application\/ld+json\" class=\"yoast-schema-graph\">{\"@context\":\"https:\/\/schema.org\",\"@graph\":[{\"@type\":\"WebPage\",\"@id\":\"https:\/\/edm.ch\/fr\/burkina-faso-prendre-soin-de-son-enfant\/\",\"url\":\"https:\/\/edm.ch\/fr\/burkina-faso-prendre-soin-de-son-enfant\/\",\"name\":\"Burkina Faso - Prendre soin de son enfant - Enfants du Monde\",\"isPartOf\":{\"@id\":\"https:\/\/edm.ch\/en\/#website\"},\"datePublished\":\"2026-01-09T16:02:25+00:00\",\"dateModified\":\"2026-01-23T14:40:59+00:00\",\"description\":\"Nous am\u00e9liorons les soins apport\u00e9s aux jeunes enfants au Burkina Faso pour favoriser le d\u00e9veloppement harmonieux de chacun\u00b7e.\u00a0\",\"inLanguage\":\"fr-FR\",\"potentialAction\":[{\"@type\":\"ReadAction\",\"target\":[\"https:\/\/edm.ch\/fr\/burkina-faso-prendre-soin-de-son-enfant\/\"]}]},{\"@type\":\"WebSite\",\"@id\":\"https:\/\/edm.ch\/en\/#website\",\"url\":\"https:\/\/edm.ch\/en\/\",\"name\":\"Enfants du monde\",\"description\":\"Association suisse\",\"potentialAction\":[{\"@type\":\"SearchAction\",\"target\":{\"@type\":\"EntryPoint\",\"urlTemplate\":\"https:\/\/edm.ch\/en\/?s={search_term_string}\"},\"query-input\":{\"@type\":\"PropertyValueSpecification\",\"valueRequired\":true,\"valueName\":\"search_term_string\"}}],\"inLanguage\":\"fr-FR\"}]}<\/script>\n<!-- \/ Yoast SEO plugin. -->","yoast_head_json":{"title":"Burkina Faso - Prendre soin de son enfant - Enfants du Monde","description":"Nous am\u00e9liorons les soins apport\u00e9s aux jeunes enfants au Burkina Faso pour favoriser le d\u00e9veloppement harmonieux de chacun\u00b7e.\u00a0","robots":{"index":"index","follow":"follow","max-snippet":"max-snippet:-1","max-image-preview":"max-image-preview:large","max-video-preview":"max-video-preview:-1"},"canonical":"https:\/\/edm.ch\/fr\/burkina-faso-prendre-soin-de-son-enfant\/","og_locale":"fr_FR","og_type":"article","og_title":"Burkina Faso - Prendre soin de son enfant - Enfants du Monde","og_description":"Nous am\u00e9liorons les soins apport\u00e9s aux jeunes enfants au Burkina Faso pour favoriser le d\u00e9veloppement harmonieux de chacun\u00b7e.\u00a0","og_url":"https:\/\/edm.ch\/fr\/burkina-faso-prendre-soin-de-son-enfant\/","og_site_name":"Enfants du monde","article_modified_time":"2026-01-23T14:40:59+00:00","twitter_card":"summary_large_image","schema":{"@context":"https:\/\/schema.org","@graph":[{"@type":"WebPage","@id":"https:\/\/edm.ch\/fr\/burkina-faso-prendre-soin-de-son-enfant\/","url":"https:\/\/edm.ch\/fr\/burkina-faso-prendre-soin-de-son-enfant\/","name":"Burkina Faso - Prendre soin de son enfant - Enfants du Monde","isPartOf":{"@id":"https:\/\/edm.ch\/en\/#website"},"datePublished":"2026-01-09T16:02:25+00:00","dateModified":"2026-01-23T14:40:59+00:00","description":"Nous am\u00e9liorons les soins apport\u00e9s aux jeunes enfants au Burkina Faso pour favoriser le d\u00e9veloppement harmonieux de chacun\u00b7e.\u00a0","inLanguage":"fr-FR","potentialAction":[{"@type":"ReadAction","target":["https:\/\/edm.ch\/fr\/burkina-faso-prendre-soin-de-son-enfant\/"]}]},{"@type":"WebSite","@id":"https:\/\/edm.ch\/en\/#website","url":"https:\/\/edm.ch\/en\/","name":"Enfants du monde","description":"Association suisse","potentialAction":[{"@type":"SearchAction","target":{"@type":"EntryPoint","urlTemplate":"https:\/\/edm.ch\/en\/?s={search_term_string}"},"query-input":{"@type":"PropertyValueSpecification","valueRequired":true,"valueName":"search_term_string"}}],"inLanguage":"fr-FR"}]}},"_links":{"self":[{"href":"https:\/\/edm.ch\/fr\/wp-json\/wp\/v2\/projects\/38122","targetHints":{"allow":["GET"]}}],"collection":[{"href":"https:\/\/edm.ch\/fr\/wp-json\/wp\/v2\/projects"}],"about":[{"href":"https:\/\/edm.ch\/fr\/wp-json\/wp\/v2\/types\/projects"}],"wp:attachment":[{"href":"https:\/\/edm.ch\/fr\/wp-json\/wp\/v2\/media?parent=38122"}],"curies":[{"name":"wp","href":"https:\/\/api.w.org\/{rel}","templated":true}]}}