{"id":29323,"date":"2023-12-20T16:04:42","date_gmt":"2023-12-20T16:04:42","guid":{"rendered":"https:\/\/edm.ch\/?post_type=projects&#038;p=29323"},"modified":"2025-12-05T09:38:18","modified_gmt":"2025-12-05T09:38:18","slug":"burkina-faso-permettre-aux-enfants-de-continuer-daller-a-lecole","status":"publish","type":"projects","link":"https:\/\/edm.ch\/fr\/burkina-faso-permettre-aux-enfants-de-continuer-daller-a-lecole\/","title":{"rendered":"Burkina Faso &#8211; Permettre aux enfants d\u00e9plac\u00e9\u00b7es de continuer d\u2019aller \u00e0 l\u2019\u00e9cole dans un environnement s\u00fbr et protecteur\u00a0"},"content":{"rendered":"<section class=\"subpageBanner\" style=\"display:\">\n    <div class=\"subpageBannerBlock figure_block\">\n        <img decoding=\"async\" data-src=\"https:\/\/edm.ch\/wp-content\/uploads\/2023\/12\/Enfants_du_Monde_banner_parse.png\" src=\"data:image\/svg+xml;base64,PHN2ZyB3aWR0aD0iMSIgaGVpZ2h0PSIxIiB4bWxucz0iaHR0cDovL3d3dy53My5vcmcvMjAwMC9zdmciPjwvc3ZnPg==\" class=\"lazyload\" style=\"--smush-placeholder-width: 2500px; --smush-placeholder-aspect-ratio: 2500\/1080;\" data-srcset=\"https:\/\/edm.ch\/wp-content\/uploads\/2023\/12\/Enfants_du_Monde_banner_parse.png 2500w, https:\/\/edm.ch\/wp-content\/uploads\/2023\/12\/Enfants_du_Monde_banner_parse-300x130.png 300w, https:\/\/edm.ch\/wp-content\/uploads\/2023\/12\/Enfants_du_Monde_banner_parse-1024x442.png 1024w, https:\/\/edm.ch\/wp-content\/uploads\/2023\/12\/Enfants_du_Monde_banner_parse-768x332.png 768w, https:\/\/edm.ch\/wp-content\/uploads\/2023\/12\/Enfants_du_Monde_banner_parse-1536x664.png 1536w, https:\/\/edm.ch\/wp-content\/uploads\/2023\/12\/Enfants_du_Monde_banner_parse-2048x885.png 2048w\" data-sizes=\"auto\" data-original-sizes=\"(max-width: 2500px) 100vw, 2500px\" \/>\n        <div class=\"subpageBannerWrap\">\n            <div class=\"container\">\n                <div class=\"content\">\n                    <div>\n                        <span class=\"bannerHead\">Burkina Faso<\/span>\n                        <h1>Permettre aux enfants d\u00e9plac\u00e9\u00b7es de continuer d\u2019aller \u00e0 l\u2019\u00e9cole<\/h1>\n                    <\/div>\n                                    <\/div>\n            <\/div>\n        <\/div>\n                    <div class=\"picture-caption\">\n                <div class=\"caption-content\"><span>Enfants du Monde \/ Goldbach<\/span><\/div>\n            <\/div>\n            <\/div>\n<\/section>\n<script type=\"text\/javascript\">\n    jQuery(document).ready(function ($) {\n        \/\/ Check if the block exists\n        var bannerSection = $('#subpage-banner-section');\n\n        if (bannerSection.length > 0) {\n            \/\/ Move the block to the end of <main> just before the footer\n            $('main').append(bannerSection); \/\/ This will append it inside the <main> tag\n        }\n\n        $('.documentAccordion').on('click', function (e) {\n            e.preventDefault();  \/\/ Prevent default link action\n\n            \/\/ Target the section with the given ID\n            $('html, body').animate({\n                scrollTop: $('#subpage-banner-section').offset().top - 200\n            }, 1000);\n        });\n    });\n<\/script>\n\n\n        <section class=\" countSec\" style=\"display:\">\n        <div class=\"container\">\n            <div class=\"countHolder\">\n                <h2>Depuis 2021<\/h2>\n                <div class=\"countBlock\">\n                    <div class=\"countRow\">\n\n                        \n                            <div class=\"countCol\">\n                                <div class=\"countColInner\">\n                                    <div class=\"imgBlock\">\n                                    <img decoding=\"async\" data-src=\"https:\/\/edm.ch\/wp-content\/uploads\/2023\/08\/Picto-enfant.png\" src=\"data:image\/svg+xml;base64,PHN2ZyB3aWR0aD0iMSIgaGVpZ2h0PSIxIiB4bWxucz0iaHR0cDovL3d3dy53My5vcmcvMjAwMC9zdmciPjwvc3ZnPg==\" class=\"lazyload\" style=\"--smush-placeholder-width: 160px; --smush-placeholder-aspect-ratio: 160\/160;\" data-srcset=\"https:\/\/edm.ch\/wp-content\/uploads\/2023\/08\/Picto-enfant.png 160w, https:\/\/edm.ch\/wp-content\/uploads\/2023\/08\/Picto-enfant-150x150.png 150w\" data-sizes=\"auto\" data-original-sizes=\"(max-width: 160px) 100vw, 160px\" \/>\n                                    <\/div>\n                                    <div class=\"content\">\n                                    <h2>82 430<\/h2>\n                                    <p>\u00e9l\u00e8ves ont b\u00e9n\u00e9fici\u00e9 d&rsquo;une \u00e9ducation de qualit\u00e9<\/p>\n                                    <\/div>\n                                <\/div>\n                            <\/div>\n\n                        \n                            <div class=\"countCol\">\n                                <div class=\"countColInner\">\n                                    <div class=\"imgBlock\">\n                                    <img decoding=\"async\" data-src=\"https:\/\/edm.ch\/wp-content\/uploads\/2023\/08\/Picto-enseignant-2.png\" src=\"data:image\/svg+xml;base64,PHN2ZyB3aWR0aD0iMSIgaGVpZ2h0PSIxIiB4bWxucz0iaHR0cDovL3d3dy53My5vcmcvMjAwMC9zdmciPjwvc3ZnPg==\" class=\"lazyload\" style=\"--smush-placeholder-width: 160px; --smush-placeholder-aspect-ratio: 160\/160;\" data-srcset=\"https:\/\/edm.ch\/wp-content\/uploads\/2023\/08\/Picto-enseignant-2.png 160w, https:\/\/edm.ch\/wp-content\/uploads\/2023\/08\/Picto-enseignant-2-150x150.png 150w\" data-sizes=\"auto\" data-original-sizes=\"(max-width: 160px) 100vw, 160px\" \/>\n                                    <\/div>\n                                    <div class=\"content\">\n                                    <h2>1 758<\/h2>\n                                    <p>enseigant.es ont \u00e9t\u00e9 form\u00e9\u00b7es \u00e0 notre p\u00e9dagogie<\/p>\n                                    <\/div>\n                                <\/div>\n                            <\/div>\n\n                        \n                            <div class=\"countCol\">\n                                <div class=\"countColInner\">\n                                    <div class=\"imgBlock\">\n                                    <img decoding=\"async\" data-src=\"https:\/\/edm.ch\/wp-content\/uploads\/2023\/08\/Picto-education.png\" src=\"data:image\/svg+xml;base64,PHN2ZyB3aWR0aD0iMSIgaGVpZ2h0PSIxIiB4bWxucz0iaHR0cDovL3d3dy53My5vcmcvMjAwMC9zdmciPjwvc3ZnPg==\" class=\"lazyload\" style=\"--smush-placeholder-width: 160px; --smush-placeholder-aspect-ratio: 160\/160;\" data-srcset=\"https:\/\/edm.ch\/wp-content\/uploads\/2023\/08\/Picto-education.png 160w, https:\/\/edm.ch\/wp-content\/uploads\/2023\/08\/Picto-education-150x150.png 150w\" data-sizes=\"auto\" data-original-sizes=\"(max-width: 160px) 100vw, 160px\" \/>\n                                    <\/div>\n                                    <div class=\"content\">\n                                    <h2>403<\/h2>\n                                    <p>\u00e9coles soutenues<\/p>\n                                    <\/div>\n                                <\/div>\n                            <\/div>\n\n                        \n                    <\/div>\n                <\/div>\n                <div class=\"countBlockText\"><p><\/p><\/div>\n            <\/div>\n        <\/div>\n    <\/section>\n\n        <section class=\"contentSec\" style=\"display:\">\n        <div class=\"container\">\n            <div class=\"contentBlock\">\n                <h5><\/h5>\n                <p>Sur mandat du fonds mondial Education Cannot Wait, nous nous assurons avec le projet d\u2019Appui \u00e0 la R\u00e9silience du Syst\u00e8me Educatif national que les enfants de 3 \u00e0 17 ans vuln\u00e9rables ou en situation d\u2019urgence suite \u00e0 la d\u00e9gradation de la s\u00e9curit\u00e9 dans leurs villages, <strong>continuent de recevoir une \u00e9ducation de qualit\u00e9<\/strong> dans la r\u00e9gion du Centre-Est du Burkina Faso.<\/p>\n                            <\/div>\n        <\/div>\n    <\/section>\n\n\n    \n    <section class=\"rightTextLeftImg \" style=\"display:\">\n        <div class=\"container\">\n            <div class=\"rightTextLeftImgRow\">\n                                    <div class=\"left\">\n                                                    <div class=\"imgBlock\">\n                                <a class=\"figure_block\" href=\"https:\/\/edm.ch\/wp-content\/uploads\/2023\/08\/Enfants_du_monde_website_image_gallerie_burkina_faso_urgence_3-scaled.jpg\" data-fancybox data-caption=\"\">\n                                    <img decoding=\"async\" data-src=\"https:\/\/edm.ch\/wp-content\/uploads\/2023\/08\/Enfants_du_monde_website_image_gallerie_burkina_faso_urgence_3-scaled.jpg\" src=\"data:image\/svg+xml;base64,PHN2ZyB3aWR0aD0iMSIgaGVpZ2h0PSIxIiB4bWxucz0iaHR0cDovL3d3dy53My5vcmcvMjAwMC9zdmciPjwvc3ZnPg==\" class=\"lazyload\" style=\"--smush-placeholder-width: 2560px; --smush-placeholder-aspect-ratio: 2560\/1707;\" data-srcset=\"https:\/\/edm.ch\/wp-content\/uploads\/2023\/08\/Enfants_du_monde_website_image_gallerie_burkina_faso_urgence_3-scaled.jpg 2560w, https:\/\/edm.ch\/wp-content\/uploads\/2023\/08\/Enfants_du_monde_website_image_gallerie_burkina_faso_urgence_3-300x200.jpg 300w, https:\/\/edm.ch\/wp-content\/uploads\/2023\/08\/Enfants_du_monde_website_image_gallerie_burkina_faso_urgence_3-1024x683.jpg 1024w, https:\/\/edm.ch\/wp-content\/uploads\/2023\/08\/Enfants_du_monde_website_image_gallerie_burkina_faso_urgence_3-768x512.jpg 768w, https:\/\/edm.ch\/wp-content\/uploads\/2023\/08\/Enfants_du_monde_website_image_gallerie_burkina_faso_urgence_3-1536x1024.jpg 1536w, https:\/\/edm.ch\/wp-content\/uploads\/2023\/08\/Enfants_du_monde_website_image_gallerie_burkina_faso_urgence_3-2048x1365.jpg 2048w\" data-sizes=\"auto\" data-original-sizes=\"(max-width: 2560px) 100vw, 2560px\" \/>\n                                                                            <div class=\"picture-caption\">\n                                            <div class=\"caption-content\"><span>Herv\u00e9 Palm<\/span><\/div>\n                                        <\/div>\n                                                                    <\/a>\n                                <figcaption><\/figcaption>\n                            <\/div>\n                                            <\/div>\n                                                    <div class=\"right\">\n                        <div class=\"content\">\n                            <h2>                                Faire en sorte que les enfants continuent l\u2019\u00e9cole <small><\/small>\n                            <\/h2>                                                            <p>Nos \u00e9quipes en Suisse et sur le terrain \u0153uvrent pour am\u00e9liorer l\u2019acc\u00e8s, le maintien et la continuit\u00e9 de l\u2019\u00e9ducation, dans un environnement s\u00fbr et protecteur, pour les enfants d\u2019\u00e2ge scolaire (3-17 ans) d\u00e9plac\u00e9s, r\u00e9fugi\u00e9s et ceux issus des familles h\u00f4tes vuln\u00e9rables.<\/p>\n<p>Nous proposons \u00e9galement un appui au Minist\u00e8re pour la bonne coordination et le suivi des diverses interventions.<\/p>\n                                                                                                            <\/div>\n                    <\/div>\n                            <\/div>\n        <\/div>\n    <\/section>\n\n\n    \n    <section class=\"leftTextRightImg \" style=\"display:\">\n        <div class=\"container\">\n            <div class=\"leftTextRightImgRow\">\n                                    <div class=\"right\">\n                                                    <div class=\"imgBlock\">\n                                <a class=\"figure_block\" href=\"https:\/\/edm.ch\/wp-content\/uploads\/2023\/08\/Enfants_du_monde_website_image_gallerie_burkina_faso_urgence_2-scaled.jpeg\" data-fancybox data-caption=\"\">\n                                    <img decoding=\"async\" data-src=\"https:\/\/edm.ch\/wp-content\/uploads\/2023\/08\/Enfants_du_monde_website_image_gallerie_burkina_faso_urgence_2-scaled.jpeg\" src=\"data:image\/svg+xml;base64,PHN2ZyB3aWR0aD0iMSIgaGVpZ2h0PSIxIiB4bWxucz0iaHR0cDovL3d3dy53My5vcmcvMjAwMC9zdmciPjwvc3ZnPg==\" class=\"lazyload\" style=\"--smush-placeholder-width: 2560px; --smush-placeholder-aspect-ratio: 2560\/1920;\" data-srcset=\"https:\/\/edm.ch\/wp-content\/uploads\/2023\/08\/Enfants_du_monde_website_image_gallerie_burkina_faso_urgence_2-scaled.jpeg 2560w, https:\/\/edm.ch\/wp-content\/uploads\/2023\/08\/Enfants_du_monde_website_image_gallerie_burkina_faso_urgence_2-300x225.jpeg 300w, https:\/\/edm.ch\/wp-content\/uploads\/2023\/08\/Enfants_du_monde_website_image_gallerie_burkina_faso_urgence_2-1024x768.jpeg 1024w, https:\/\/edm.ch\/wp-content\/uploads\/2023\/08\/Enfants_du_monde_website_image_gallerie_burkina_faso_urgence_2-768x576.jpeg 768w, https:\/\/edm.ch\/wp-content\/uploads\/2023\/08\/Enfants_du_monde_website_image_gallerie_burkina_faso_urgence_2-1536x1152.jpeg 1536w, https:\/\/edm.ch\/wp-content\/uploads\/2023\/08\/Enfants_du_monde_website_image_gallerie_burkina_faso_urgence_2-2048x1536.jpeg 2048w\" data-sizes=\"auto\" data-original-sizes=\"(max-width: 2560px) 100vw, 2560px\" \/>\n                                                                    <\/a>\n                                <figcaption><\/figcaption>\n                            <\/div>\n                                            <\/div>\n                                                    <div class=\"left\">\n                        <div class=\"content\">\n                            <h2>                                Notre impact <small><\/small>\n                            <\/h2>                                                            <ul>\n<li>Formation des enseignant\u00b7es\u202f;<\/li>\n<li>Renforcement des capacit\u00e9s p\u00e9dagogiques du personnel \u00e9ducatif\u202f;<\/li>\n<li>Construction de salle de classes\u202f;<\/li>\n<li>Adaptation des infrastructures \u00e9ducatives face aux risques de catastrophes naturelles (inondations, vents violents, s\u00e8cheresse)\u202f;<\/li>\n<li>R\u00e9ouverture des structures \u00e9ducatives ferm\u00e9es dans les zones stabilis\u00e9es\u202f;<\/li>\n<li>Adaptation des programmes scolaires pour \u00e9viter les abandons scolaires\u202f;<\/li>\n<li>Appui de coordination et de suivi avec le Minist\u00e8re\u202f;<\/li>\n<li>Am\u00e9lioration de l\u2019acc\u00e8s et le maintien des filles et des enfants vuln\u00e9rables dans le syst\u00e8me scolaire\u202f;<\/li>\n<li>Cr\u00e9ation d&rsquo;espaces inclusifs\u202f;<\/li>\n<li>Distribution de kits d\u2019hygi\u00e8ne aux filles ;<\/li>\n<li>Constructions de points d&rsquo;eau et de latrines<\/li>\n<li>\u00c9ducation \u00e0 l&rsquo;hygiene ;<\/li>\n<li>Fourniture de denr\u00e9es alimentaires pour les cantines\u202f;<\/li>\n<li>Distribution d\u2019extraits d\u2019actes de naissance aux filles et gar\u00e7ons touch\u00e9\u00b7es par la crise.<\/li>\n<\/ul>\n                                                                                                            <\/div>\n                    <\/div>\n                            <\/div>\n        <\/div>\n    <\/section>\n\n\n    \n    <section class=\"quoteImage rightTextLeftImg \" style=\"display:\">\n        <div class=\"container\">\n            <div class=\"rightTextLeftImgRow\">\n                                    <div class=\"left\">\n                                                    <div class=\"imgBlock\">\n                                <a class=\"figure_block\" href=\"https:\/\/edm.ch\/wp-content\/uploads\/2023\/12\/Enfants_du_Monde_aicha_burkina_faso_temoignage.png\" data-fancybox data-caption=\"\">\n                                    <img decoding=\"async\" data-src=\"https:\/\/edm.ch\/wp-content\/uploads\/2023\/12\/Enfants_du_Monde_aicha_burkina_faso_temoignage.png\" src=\"data:image\/svg+xml;base64,PHN2ZyB3aWR0aD0iMSIgaGVpZ2h0PSIxIiB4bWxucz0iaHR0cDovL3d3dy53My5vcmcvMjAwMC9zdmciPjwvc3ZnPg==\" class=\"lazyload\" style=\"--smush-placeholder-width: 1920px; --smush-placeholder-aspect-ratio: 1920\/1920;\" data-srcset=\"https:\/\/edm.ch\/wp-content\/uploads\/2023\/12\/Enfants_du_Monde_aicha_burkina_faso_temoignage.png 1920w, https:\/\/edm.ch\/wp-content\/uploads\/2023\/12\/Enfants_du_Monde_aicha_burkina_faso_temoignage-300x300.png 300w, https:\/\/edm.ch\/wp-content\/uploads\/2023\/12\/Enfants_du_Monde_aicha_burkina_faso_temoignage-1024x1024.png 1024w, https:\/\/edm.ch\/wp-content\/uploads\/2023\/12\/Enfants_du_Monde_aicha_burkina_faso_temoignage-150x150.png 150w, https:\/\/edm.ch\/wp-content\/uploads\/2023\/12\/Enfants_du_Monde_aicha_burkina_faso_temoignage-768x768.png 768w, https:\/\/edm.ch\/wp-content\/uploads\/2023\/12\/Enfants_du_Monde_aicha_burkina_faso_temoignage-1536x1536.png 1536w\" data-sizes=\"auto\" data-original-sizes=\"(max-width: 1920px) 100vw, 1920px\" \/>\n                                                                            <div class=\"picture-caption\">\n                                            <div class=\"caption-content\"><span>Herv\u00e9 Palm<\/span><\/div>\n                                        <\/div>\n                                                                    <\/a>\n                                <figcaption><\/figcaption>\n                            <\/div>\n                                            <\/div>\n                                                    <div class=\"right\">\n                        <div class=\"content\">\n                            <h2>                                Aicha, <small>10 ans, \u00e9l\u00e8ve d\u00e9plac\u00e9e interne<\/small>\n                            <\/h2>                            <div class=\"quote\">                                <p>Dans notre village, je faisais l\u2019agriculture et l\u2019\u00e9levage avec mes parents. Je n\u2019\u00e9tais pas inscrite \u00e0 l\u2019\u00e9cole. Maintenant je suis contente d\u2019aller \u00e0 l\u2019\u00e9cole pour apprendre avec mes camarades.<\/p>\n                            <\/div>                                                                                <\/div>\n                    <\/div>\n                            <\/div>\n        <\/div>\n    <\/section>\n\n\n    \n    <section class=\"leftTextRightImg \" style=\"display:\">\n        <div class=\"container\">\n            <div class=\"leftTextRightImgRow\">\n                                    <div class=\"right\">\n                                                    <div class=\"imgBlock\">\n                                <a class=\"figure_block\" href=\"https:\/\/edm.ch\/wp-content\/uploads\/2023\/08\/Enfants_du_monde_image_website_mother_with_child-1.png\" data-fancybox data-caption=\"\">\n                                    <img decoding=\"async\" data-src=\"https:\/\/edm.ch\/wp-content\/uploads\/2023\/08\/Enfants_du_monde_image_website_mother_with_child-1.png\" src=\"data:image\/svg+xml;base64,PHN2ZyB3aWR0aD0iMSIgaGVpZ2h0PSIxIiB4bWxucz0iaHR0cDovL3d3dy53My5vcmcvMjAwMC9zdmciPjwvc3ZnPg==\" class=\"lazyload\" style=\"--smush-placeholder-width: 1920px; --smush-placeholder-aspect-ratio: 1920\/1920;\" data-srcset=\"https:\/\/edm.ch\/wp-content\/uploads\/2023\/08\/Enfants_du_monde_image_website_mother_with_child-1.png 1920w, https:\/\/edm.ch\/wp-content\/uploads\/2023\/08\/Enfants_du_monde_image_website_mother_with_child-1-300x300.png 300w, https:\/\/edm.ch\/wp-content\/uploads\/2023\/08\/Enfants_du_monde_image_website_mother_with_child-1-1024x1024.png 1024w, https:\/\/edm.ch\/wp-content\/uploads\/2023\/08\/Enfants_du_monde_image_website_mother_with_child-1-150x150.png 150w, https:\/\/edm.ch\/wp-content\/uploads\/2023\/08\/Enfants_du_monde_image_website_mother_with_child-1-768x768.png 768w, https:\/\/edm.ch\/wp-content\/uploads\/2023\/08\/Enfants_du_monde_image_website_mother_with_child-1-1536x1536.png 1536w\" data-sizes=\"auto\" data-original-sizes=\"(max-width: 1920px) 100vw, 1920px\" \/>\n                                                                            <div class=\"picture-caption\">\n                                            <div class=\"caption-content\"><span>Tougma T\u00e9n\u00e9 SANKARA, coordinateur r\u00e9gional<\/span><\/div>\n                                        <\/div>\n                                                                    <\/a>\n                                <figcaption><\/figcaption>\n                            <\/div>\n                                            <\/div>\n                                                    <div class=\"left\">\n                        <div class=\"content\">\n                            <h2>                                Contacter notre \u00e9quipe <small><\/small>\n                            <\/h2>                                                            <p><strong>Bureau de coordination en Afrique sah\u00e9lienne<\/strong><\/p>\n<p><strong>Tougma T\u00e9n\u00e9 Sankara<\/strong><\/p>\n<p><span class=\"TextRun SCXW41731568 BCX0\" lang=\"FR-FR\" xml:lang=\"FR-FR\" data-contrast=\"none\"><span class=\"NormalTextRun SCXW41731568 BCX0\" data-ccp-charstyle=\"Heading 2 Char\" data-ccp-charstyle-defn=\"{&quot;ObjectId&quot;:&quot;2c6e36e0-05fb-5c95-a847-a2927a87b4f4|1&quot;,&quot;ClassId&quot;:1073872969,&quot;Properties&quot;:[201342446,&quot;0&quot;,201342447,&quot;4&quot;,201342448,&quot;2&quot;,201342449,&quot;0&quot;,469777841,&quot;Aptos Display&quot;,469777842,&quot;&quot;,469777843,&quot;&quot;,469777844,&quot;Aptos Display&quot;,201341986,&quot;0&quot;,469769226,&quot;Aptos Display&quot;,268442635,&quot;32&quot;,469775450,&quot;Heading 2 Char&quot;,201340122,&quot;1&quot;,134233614,&quot;true&quot;,469778129,&quot;Heading2Char&quot;,335572020,&quot;9&quot;,335551500,&quot;6375183&quot;,469778324,&quot;Default Paragraph Font&quot;]}\">Coordinateur r\u00e9gional du Sahel<\/span><\/span><br \/>\nT\u00e9l : +226 25 36 08 46<br \/>\nEmail : <a href=\"mailto:edmsahel@fasonet.bf\">edmsahel@fasonet.bf<\/a><\/p>\n                                                                                                            <\/div>\n                    <\/div>\n                            <\/div>\n        <\/div>\n    <\/section>\n\n\n        <section class=\" partnerSec\" style=\"display:\">\n        <div class=\"container\">\n            <h2>Partenaire financier<\/h2>\n            <div class=\"partnerWrap \">\n\n\n                                    \n                        <div class=\"partnerBlock\">\n                            <figure>\n                                                                    <a href=\"https:\/\/www.educationcannotwait.org\/\" target=\"_blank\">\n                                        <img decoding=\"async\" data-src=\"https:\/\/edm.ch\/wp-content\/uploads\/2023\/08\/Education-cannot-wait-logo.png\" src=\"data:image\/svg+xml;base64,PHN2ZyB3aWR0aD0iMSIgaGVpZ2h0PSIxIiB4bWxucz0iaHR0cDovL3d3dy53My5vcmcvMjAwMC9zdmciPjwvc3ZnPg==\" class=\"lazyload\" style=\"--smush-placeholder-width: 628px; --smush-placeholder-aspect-ratio: 628\/311;\" data-srcset=\"https:\/\/edm.ch\/wp-content\/uploads\/2023\/08\/Education-cannot-wait-logo.png 628w, https:\/\/edm.ch\/wp-content\/uploads\/2023\/08\/Education-cannot-wait-logo-300x149.png 300w\" data-sizes=\"auto\" data-original-sizes=\"(max-width: 628px) 100vw, 628px\">\n                                    <\/a>\n                                                            <\/figure>\n                        <\/div>\n                        \n                    \n            <\/div>\n        <\/div>\n    <\/section>\n\n\n        <section class=\" partnerSec\" style=\"display:\">\n        <div class=\"container\">\n            <h2>Partenaires locaux<\/h2>\n            <div class=\"partnerWrap \">\n\n\n                                    \n                        <div class=\"partnerBlock\">\n                            <figure>\n                                                                    <a href=\"https:\/\/andal-pinal.org\/\" target=\"_blank\">\n                                        <img decoding=\"async\" data-src=\"https:\/\/edm.ch\/wp-content\/uploads\/2023\/08\/Andal-et-pinal-logo.png\" src=\"data:image\/svg+xml;base64,PHN2ZyB3aWR0aD0iMSIgaGVpZ2h0PSIxIiB4bWxucz0iaHR0cDovL3d3dy53My5vcmcvMjAwMC9zdmciPjwvc3ZnPg==\" class=\"lazyload\" style=\"--smush-placeholder-width: 628px; --smush-placeholder-aspect-ratio: 628\/311;\" data-srcset=\"https:\/\/edm.ch\/wp-content\/uploads\/2023\/08\/Andal-et-pinal-logo.png 628w, https:\/\/edm.ch\/wp-content\/uploads\/2023\/08\/Andal-et-pinal-logo-300x149.png 300w\" data-sizes=\"auto\" data-original-sizes=\"(max-width: 628px) 100vw, 628px\">\n                                    <\/a>\n                                                            <\/figure>\n                        <\/div>\n                        \n                                            \n                        <div class=\"partnerBlock\">\n                            <figure>\n                                                                    <a href=\"https:\/\/www.tintua.org\/\" target=\"_blank\">\n                                        <img decoding=\"async\" data-src=\"https:\/\/edm.ch\/wp-content\/uploads\/2023\/08\/Association-Tin-Tua-logo-1.png\" src=\"data:image\/svg+xml;base64,PHN2ZyB3aWR0aD0iMSIgaGVpZ2h0PSIxIiB4bWxucz0iaHR0cDovL3d3dy53My5vcmcvMjAwMC9zdmciPjwvc3ZnPg==\" class=\"lazyload\" style=\"--smush-placeholder-width: 628px; --smush-placeholder-aspect-ratio: 628\/311;\" data-srcset=\"https:\/\/edm.ch\/wp-content\/uploads\/2023\/08\/Association-Tin-Tua-logo-1.png 628w, https:\/\/edm.ch\/wp-content\/uploads\/2023\/08\/Association-Tin-Tua-logo-1-300x149.png 300w\" data-sizes=\"auto\" data-original-sizes=\"(max-width: 628px) 100vw, 628px\">\n                                    <\/a>\n                                                            <\/figure>\n                        <\/div>\n                        \n                                            \n                        <div class=\"partnerBlock\">\n                            <figure>\n                                                                    <a href=\"http:\/\/www.fdcbf.org\/\" target=\"_blank\">\n                                        <img decoding=\"async\" data-src=\"https:\/\/edm.ch\/wp-content\/uploads\/2023\/12\/logo_FDC-BF.png\" src=\"data:image\/svg+xml;base64,PHN2ZyB3aWR0aD0iMSIgaGVpZ2h0PSIxIiB4bWxucz0iaHR0cDovL3d3dy53My5vcmcvMjAwMC9zdmciPjwvc3ZnPg==\" class=\"lazyload\" style=\"--smush-placeholder-width: 628px; --smush-placeholder-aspect-ratio: 628\/311;\" data-srcset=\"https:\/\/edm.ch\/wp-content\/uploads\/2023\/12\/logo_FDC-BF.png 628w, https:\/\/edm.ch\/wp-content\/uploads\/2023\/12\/logo_FDC-BF-300x149.png 300w\" data-sizes=\"auto\" data-original-sizes=\"(max-width: 628px) 100vw, 628px\">\n                                    <\/a>\n                                                            <\/figure>\n                        <\/div>\n                        \n                    \n            <\/div>\n        <\/div>\n    <\/section>","protected":false},"featured_media":0,"parent":0,"template":"","class_list":["post-29323","projects","type-projects","status-publish","hentry"],"acf":[],"yoast_head":"<!-- This site is optimized with the Yoast SEO plugin v26.9 - https:\/\/yoast.com\/product\/yoast-seo-wordpress\/ -->\n<title>\u00c9ducation au Burkina Faso - Aller \u00e0 l&#039;\u00e9cole - Enfants du Monde<\/title>\n<meta name=\"description\" content=\"Gr\u00e2ce \u00e0 notre projet, les enfants vuln\u00e9rables ou en situation d\u2019urgence suite aux attaques des groupes arm\u00e9s continuent d&#039;aller \u00e0 l&#039;\u00e9cole.\" \/>\n<meta name=\"robots\" content=\"index, follow, max-snippet:-1, max-image-preview:large, max-video-preview:-1\" \/>\n<link rel=\"canonical\" href=\"https:\/\/edm.ch\/fr\/burkina-faso-permettre-aux-enfants-de-continuer-daller-a-lecole\/\" \/>\n<meta property=\"og:locale\" content=\"fr_FR\" \/>\n<meta property=\"og:type\" content=\"article\" \/>\n<meta property=\"og:title\" content=\"\u00c9ducation au Burkina Faso - Aller \u00e0 l&#039;\u00e9cole - Enfants du Monde\" \/>\n<meta property=\"og:description\" content=\"Gr\u00e2ce \u00e0 notre projet, les enfants vuln\u00e9rables ou en situation d\u2019urgence suite aux attaques des groupes arm\u00e9s continuent d&#039;aller \u00e0 l&#039;\u00e9cole.\" \/>\n<meta property=\"og:url\" content=\"https:\/\/edm.ch\/fr\/burkina-faso-permettre-aux-enfants-de-continuer-daller-a-lecole\/\" \/>\n<meta property=\"og:site_name\" content=\"Enfants du monde\" \/>\n<meta property=\"article:modified_time\" content=\"2025-12-05T09:38:18+00:00\" \/>\n<meta name=\"twitter:card\" content=\"summary_large_image\" \/>\n<script type=\"application\/ld+json\" class=\"yoast-schema-graph\">{\"@context\":\"https:\/\/schema.org\",\"@graph\":[{\"@type\":\"WebPage\",\"@id\":\"https:\/\/edm.ch\/fr\/burkina-faso-permettre-aux-enfants-de-continuer-daller-a-lecole\/\",\"url\":\"https:\/\/edm.ch\/fr\/burkina-faso-permettre-aux-enfants-de-continuer-daller-a-lecole\/\",\"name\":\"\u00c9ducation au Burkina Faso - Aller \u00e0 l'\u00e9cole - Enfants du Monde\",\"isPartOf\":{\"@id\":\"https:\/\/edm.ch\/en\/#website\"},\"datePublished\":\"2023-12-20T16:04:42+00:00\",\"dateModified\":\"2025-12-05T09:38:18+00:00\",\"description\":\"Gr\u00e2ce \u00e0 notre projet, les enfants vuln\u00e9rables ou en situation d\u2019urgence suite aux attaques des groupes arm\u00e9s continuent d'aller \u00e0 l'\u00e9cole.\",\"inLanguage\":\"fr-FR\",\"potentialAction\":[{\"@type\":\"ReadAction\",\"target\":[\"https:\/\/edm.ch\/fr\/burkina-faso-permettre-aux-enfants-de-continuer-daller-a-lecole\/\"]}]},{\"@type\":\"WebSite\",\"@id\":\"https:\/\/edm.ch\/en\/#website\",\"url\":\"https:\/\/edm.ch\/en\/\",\"name\":\"Enfants du monde\",\"description\":\"Association suisse\",\"potentialAction\":[{\"@type\":\"SearchAction\",\"target\":{\"@type\":\"EntryPoint\",\"urlTemplate\":\"https:\/\/edm.ch\/en\/?s={search_term_string}\"},\"query-input\":{\"@type\":\"PropertyValueSpecification\",\"valueRequired\":true,\"valueName\":\"search_term_string\"}}],\"inLanguage\":\"fr-FR\"}]}<\/script>\n<!-- \/ Yoast SEO plugin. -->","yoast_head_json":{"title":"\u00c9ducation au Burkina Faso - Aller \u00e0 l'\u00e9cole - Enfants du Monde","description":"Gr\u00e2ce \u00e0 notre projet, les enfants vuln\u00e9rables ou en situation d\u2019urgence suite aux attaques des groupes arm\u00e9s continuent d'aller \u00e0 l'\u00e9cole.","robots":{"index":"index","follow":"follow","max-snippet":"max-snippet:-1","max-image-preview":"max-image-preview:large","max-video-preview":"max-video-preview:-1"},"canonical":"https:\/\/edm.ch\/fr\/burkina-faso-permettre-aux-enfants-de-continuer-daller-a-lecole\/","og_locale":"fr_FR","og_type":"article","og_title":"\u00c9ducation au Burkina Faso - Aller \u00e0 l'\u00e9cole - Enfants du Monde","og_description":"Gr\u00e2ce \u00e0 notre projet, les enfants vuln\u00e9rables ou en situation d\u2019urgence suite aux attaques des groupes arm\u00e9s continuent d'aller \u00e0 l'\u00e9cole.","og_url":"https:\/\/edm.ch\/fr\/burkina-faso-permettre-aux-enfants-de-continuer-daller-a-lecole\/","og_site_name":"Enfants du monde","article_modified_time":"2025-12-05T09:38:18+00:00","twitter_card":"summary_large_image","schema":{"@context":"https:\/\/schema.org","@graph":[{"@type":"WebPage","@id":"https:\/\/edm.ch\/fr\/burkina-faso-permettre-aux-enfants-de-continuer-daller-a-lecole\/","url":"https:\/\/edm.ch\/fr\/burkina-faso-permettre-aux-enfants-de-continuer-daller-a-lecole\/","name":"\u00c9ducation au Burkina Faso - Aller \u00e0 l'\u00e9cole - Enfants du Monde","isPartOf":{"@id":"https:\/\/edm.ch\/en\/#website"},"datePublished":"2023-12-20T16:04:42+00:00","dateModified":"2025-12-05T09:38:18+00:00","description":"Gr\u00e2ce \u00e0 notre projet, les enfants vuln\u00e9rables ou en situation d\u2019urgence suite aux attaques des groupes arm\u00e9s continuent d'aller \u00e0 l'\u00e9cole.","inLanguage":"fr-FR","potentialAction":[{"@type":"ReadAction","target":["https:\/\/edm.ch\/fr\/burkina-faso-permettre-aux-enfants-de-continuer-daller-a-lecole\/"]}]},{"@type":"WebSite","@id":"https:\/\/edm.ch\/en\/#website","url":"https:\/\/edm.ch\/en\/","name":"Enfants du monde","description":"Association suisse","potentialAction":[{"@type":"SearchAction","target":{"@type":"EntryPoint","urlTemplate":"https:\/\/edm.ch\/en\/?s={search_term_string}"},"query-input":{"@type":"PropertyValueSpecification","valueRequired":true,"valueName":"search_term_string"}}],"inLanguage":"fr-FR"}]}},"_links":{"self":[{"href":"https:\/\/edm.ch\/fr\/wp-json\/wp\/v2\/projects\/29323","targetHints":{"allow":["GET"]}}],"collection":[{"href":"https:\/\/edm.ch\/fr\/wp-json\/wp\/v2\/projects"}],"about":[{"href":"https:\/\/edm.ch\/fr\/wp-json\/wp\/v2\/types\/projects"}],"wp:attachment":[{"href":"https:\/\/edm.ch\/fr\/wp-json\/wp\/v2\/media?parent=29323"}],"curies":[{"name":"wp","href":"https:\/\/api.w.org\/{rel}","templated":true}]}}