{"id":29309,"date":"2023-12-20T15:46:11","date_gmt":"2023-12-20T15:46:11","guid":{"rendered":"https:\/\/edm.ch\/?post_type=projects&#038;p=29309"},"modified":"2025-12-05T09:40:25","modified_gmt":"2025-12-05T09:40:25","slug":"burkina-faso-renforcement-du-systeme-educatif","status":"publish","type":"projects","link":"https:\/\/edm.ch\/fr\/burkina-faso-renforcement-du-systeme-educatif\/","title":{"rendered":"Burkina Faso &#8211; Renforcement du syst\u00e8me \u00e9ducatif et r\u00e9ponse \u00e0 l\u2019urgence dans la r\u00e9gion des Hauts-Bassins"},"content":{"rendered":"<section class=\"subpageBanner\" style=\"display:\">\n    <div class=\"subpageBannerBlock figure_block\">\n        <img decoding=\"async\" data-src=\"https:\/\/edm.ch\/wp-content\/uploads\/2023\/12\/Enfants_du_Monde_banner_Education_urgence_burkina_faso.png\" src=\"data:image\/svg+xml;base64,PHN2ZyB3aWR0aD0iMSIgaGVpZ2h0PSIxIiB4bWxucz0iaHR0cDovL3d3dy53My5vcmcvMjAwMC9zdmciPjwvc3ZnPg==\" class=\"lazyload\" style=\"--smush-placeholder-width: 2500px; --smush-placeholder-aspect-ratio: 2500\/1080;\" data-srcset=\"https:\/\/edm.ch\/wp-content\/uploads\/2023\/12\/Enfants_du_Monde_banner_Education_urgence_burkina_faso.png 2500w, https:\/\/edm.ch\/wp-content\/uploads\/2023\/12\/Enfants_du_Monde_banner_Education_urgence_burkina_faso-300x130.png 300w, https:\/\/edm.ch\/wp-content\/uploads\/2023\/12\/Enfants_du_Monde_banner_Education_urgence_burkina_faso-1024x442.png 1024w, https:\/\/edm.ch\/wp-content\/uploads\/2023\/12\/Enfants_du_Monde_banner_Education_urgence_burkina_faso-768x332.png 768w, https:\/\/edm.ch\/wp-content\/uploads\/2023\/12\/Enfants_du_Monde_banner_Education_urgence_burkina_faso-1536x664.png 1536w, https:\/\/edm.ch\/wp-content\/uploads\/2023\/12\/Enfants_du_Monde_banner_Education_urgence_burkina_faso-2048x885.png 2048w\" data-sizes=\"auto\" data-original-sizes=\"(max-width: 2500px) 100vw, 2500px\" \/>\n        <div class=\"subpageBannerWrap\">\n            <div class=\"container\">\n                <div class=\"content\">\n                    <div>\n                        <span class=\"bannerHead\">Burkina Faso<\/span>\n                        <h1>Renforcement du syst\u00e8me \u00e9ducatif et r\u00e9ponse \u00e0 l\u2019urgence<\/h1>\n                    <\/div>\n                                    <\/div>\n            <\/div>\n        <\/div>\n                    <div class=\"picture-caption\">\n                <div class=\"caption-content\"><span>Warren Sar\u00e9 \/ Enfants du Monde \/ Fairpicture<\/span><\/div>\n            <\/div>\n            <\/div>\n<\/section>\n<script type=\"text\/javascript\">\n    jQuery(document).ready(function ($) {\n        \/\/ Check if the block exists\n        var bannerSection = $('#subpage-banner-section');\n\n        if (bannerSection.length > 0) {\n            \/\/ Move the block to the end of <main> just before the footer\n            $('main').append(bannerSection); \/\/ This will append it inside the <main> tag\n        }\n\n        $('.documentAccordion').on('click', function (e) {\n            e.preventDefault();  \/\/ Prevent default link action\n\n            \/\/ Target the section with the given ID\n            $('html, body').animate({\n                scrollTop: $('#subpage-banner-section').offset().top - 200\n            }, 1000);\n        });\n    });\n<\/script>\n\n\n        <section class=\" countSec\" style=\"display:\">\n        <div class=\"container\">\n            <div class=\"countHolder\">\n                <h2>En 2024<\/h2>\n                <div class=\"countBlock\">\n                    <div class=\"countRow\">\n\n                        \n                            <div class=\"countCol\">\n                                <div class=\"countColInner\">\n                                    <div class=\"imgBlock\">\n                                    <img decoding=\"async\" data-src=\"https:\/\/edm.ch\/wp-content\/uploads\/2023\/08\/Picto-enfant.png\" src=\"data:image\/svg+xml;base64,PHN2ZyB3aWR0aD0iMSIgaGVpZ2h0PSIxIiB4bWxucz0iaHR0cDovL3d3dy53My5vcmcvMjAwMC9zdmciPjwvc3ZnPg==\" class=\"lazyload\" style=\"--smush-placeholder-width: 160px; --smush-placeholder-aspect-ratio: 160\/160;\" data-srcset=\"https:\/\/edm.ch\/wp-content\/uploads\/2023\/08\/Picto-enfant.png 160w, https:\/\/edm.ch\/wp-content\/uploads\/2023\/08\/Picto-enfant-150x150.png 150w\" data-sizes=\"auto\" data-original-sizes=\"(max-width: 160px) 100vw, 160px\" \/>\n                                    <\/div>\n                                    <div class=\"content\">\n                                    <h2>5 667<\/h2>\n                                    <p>\u00e9l\u00e8ves ont b\u00e9n\u00e9fici\u00e9 d&rsquo;une \u00e9ducation de qualit\u00e9<\/p>\n                                    <\/div>\n                                <\/div>\n                            <\/div>\n\n                        \n                            <div class=\"countCol\">\n                                <div class=\"countColInner\">\n                                    <div class=\"imgBlock\">\n                                    <img decoding=\"async\" data-src=\"https:\/\/edm.ch\/wp-content\/uploads\/2023\/08\/Picto-enseignant-2.png\" src=\"data:image\/svg+xml;base64,PHN2ZyB3aWR0aD0iMSIgaGVpZ2h0PSIxIiB4bWxucz0iaHR0cDovL3d3dy53My5vcmcvMjAwMC9zdmciPjwvc3ZnPg==\" class=\"lazyload\" style=\"--smush-placeholder-width: 160px; --smush-placeholder-aspect-ratio: 160\/160;\" data-srcset=\"https:\/\/edm.ch\/wp-content\/uploads\/2023\/08\/Picto-enseignant-2.png 160w, https:\/\/edm.ch\/wp-content\/uploads\/2023\/08\/Picto-enseignant-2-150x150.png 150w\" data-sizes=\"auto\" data-original-sizes=\"(max-width: 160px) 100vw, 160px\" \/>\n                                    <\/div>\n                                    <div class=\"content\">\n                                    <h2>96<\/h2>\n                                    <p>enseignant.es ont \u00e9t\u00e9 form\u00e9\u00b7es \u00e0 notre p\u00e9dagogie<\/p>\n                                    <\/div>\n                                <\/div>\n                            <\/div>\n\n                        \n                            <div class=\"countCol\">\n                                <div class=\"countColInner\">\n                                    <div class=\"imgBlock\">\n                                    <img decoding=\"async\" data-src=\"https:\/\/edm.ch\/wp-content\/uploads\/2023\/08\/Picto-education.png\" src=\"data:image\/svg+xml;base64,PHN2ZyB3aWR0aD0iMSIgaGVpZ2h0PSIxIiB4bWxucz0iaHR0cDovL3d3dy53My5vcmcvMjAwMC9zdmciPjwvc3ZnPg==\" class=\"lazyload\" style=\"--smush-placeholder-width: 160px; --smush-placeholder-aspect-ratio: 160\/160;\" data-srcset=\"https:\/\/edm.ch\/wp-content\/uploads\/2023\/08\/Picto-education.png 160w, https:\/\/edm.ch\/wp-content\/uploads\/2023\/08\/Picto-education-150x150.png 150w\" data-sizes=\"auto\" data-original-sizes=\"(max-width: 160px) 100vw, 160px\" \/>\n                                    <\/div>\n                                    <div class=\"content\">\n                                    <h2>98<\/h2>\n                                    <p>\u00e9coles soutenues<\/p>\n                                    <\/div>\n                                <\/div>\n                            <\/div>\n\n                        \n                    <\/div>\n                <\/div>\n                <div class=\"countBlockText\"><p><\/p><\/div>\n            <\/div>\n        <\/div>\n    <\/section>\n\n        <section class=\"contentSec\" style=\"display:\">\n        <div class=\"container\">\n            <div class=\"contentBlock\">\n                <h5><\/h5>\n                <p>Le Burkina Faso fait face \u00e0 des <strong>d\u00e9fis \u00e9ducatifs majeurs, exacerb\u00e9s par la crise s\u00e9curitaire<\/strong> qui s\u00e9vit dans le pays depuis 2016. Les taux d&rsquo;acc\u00e8s \u00e0 l&rsquo;\u00e9ducation sont en baisse constante depuis deux ans, notamment en raison de la fermeture d\u2019\u00e9coles dans les r\u00e9gions les plus affect\u00e9es par les violences. Dans ce contexte, Enfants du Monde, mandat\u00e9 par l\u2019Union Europ\u00e9enne et co-financ\u00e9 par la DDC, lance un nouveau projet d&rsquo;\u00c9ducation en Situation d&rsquo;Urgence pour <strong>scolariser et prot\u00e9ger les enfants dans la r\u00e9gion des Hauts Bassins \u00e0 l\u2019ouest du pays.<\/strong><\/p>\n<p>Ce projet du Renforcement du Syst\u00e8me \u00c9ducatif et de R\u00e9ponse \u00e0 l\u2019Urgence dans la r\u00e9gion des Hauts-Bassins , d&rsquo;une dur\u00e9e de quatre ans (octobre 2023- septembre 2027), vise \u00e0 venir en aide \u00e0 34 100 enfants \u00e2g\u00e9s de 6 \u00e0 17 ans, allant de l&rsquo;\u00e9ducation primaire au secondaire.<\/p>\n                            <\/div>\n        <\/div>\n    <\/section>\n\n\n    \n    <section class=\"rightTextLeftImg \" style=\"display:\">\n        <div class=\"container\">\n            <div class=\"rightTextLeftImgRow\">\n                                    <div class=\"left\">\n                                                    <div class=\"imgBlock\">\n                                <a class=\"figure_block\" href=\"https:\/\/edm.ch\/wp-content\/uploads\/2023\/12\/Enfants_du_Monde_apercu_defis_burkina_faso.png\" data-fancybox data-caption=\"\">\n                                    <img decoding=\"async\" data-src=\"https:\/\/edm.ch\/wp-content\/uploads\/2023\/12\/Enfants_du_Monde_apercu_defis_burkina_faso.png\" src=\"data:image\/svg+xml;base64,PHN2ZyB3aWR0aD0iMSIgaGVpZ2h0PSIxIiB4bWxucz0iaHR0cDovL3d3dy53My5vcmcvMjAwMC9zdmciPjwvc3ZnPg==\" class=\"lazyload\" style=\"--smush-placeholder-width: 1920px; --smush-placeholder-aspect-ratio: 1920\/1920;\" data-srcset=\"https:\/\/edm.ch\/wp-content\/uploads\/2023\/12\/Enfants_du_Monde_apercu_defis_burkina_faso.png 1920w, https:\/\/edm.ch\/wp-content\/uploads\/2023\/12\/Enfants_du_Monde_apercu_defis_burkina_faso-300x300.png 300w, https:\/\/edm.ch\/wp-content\/uploads\/2023\/12\/Enfants_du_Monde_apercu_defis_burkina_faso-1024x1024.png 1024w, https:\/\/edm.ch\/wp-content\/uploads\/2023\/12\/Enfants_du_Monde_apercu_defis_burkina_faso-150x150.png 150w, https:\/\/edm.ch\/wp-content\/uploads\/2023\/12\/Enfants_du_Monde_apercu_defis_burkina_faso-768x768.png 768w, https:\/\/edm.ch\/wp-content\/uploads\/2023\/12\/Enfants_du_Monde_apercu_defis_burkina_faso-1536x1536.png 1536w\" data-sizes=\"auto\" data-original-sizes=\"(max-width: 1920px) 100vw, 1920px\" \/>\n                                                                            <div class=\"picture-caption\">\n                                            <div class=\"caption-content\"><span>Enfants du Monde<\/span><\/div>\n                                        <\/div>\n                                                                    <\/a>\n                                <figcaption><\/figcaption>\n                            <\/div>\n                                            <\/div>\n                                                    <div class=\"right\">\n                        <div class=\"content\">\n                            <h2>                                D\u00e9fis <small><\/small>\n                            <\/h2>                                                            <p>Il est crucial de sensibiliser les enseignant\u00b7es \u00e0 la mani\u00e8re de r\u00e9agir en cas de situation d&rsquo;urgence, comme en cas d&rsquo;attaques ou de tirs, afin de garantir la s\u00e9curit\u00e9 des \u00e9l\u00e8ves et du personnel \u00e9ducatif, tout en maintenant un environnement propice \u00e0 l&rsquo;apprentissage.<\/p>\n                                                                                                            <\/div>\n                    <\/div>\n                            <\/div>\n        <\/div>\n    <\/section>\n\n\n    \n    <section class=\"leftTextRightImg \" style=\"display:\">\n        <div class=\"container\">\n            <div class=\"leftTextRightImgRow\">\n                                    <div class=\"right\">\n                                                    <div class=\"imgBlock\">\n                                <a class=\"figure_block\" href=\"https:\/\/edm.ch\/wp-content\/uploads\/2023\/12\/Enfants_du_Monde_PSERU_burkina_faso.png\" data-fancybox data-caption=\"\">\n                                    <img decoding=\"async\" data-src=\"https:\/\/edm.ch\/wp-content\/uploads\/2023\/12\/Enfants_du_Monde_PSERU_burkina_faso.png\" src=\"data:image\/svg+xml;base64,PHN2ZyB3aWR0aD0iMSIgaGVpZ2h0PSIxIiB4bWxucz0iaHR0cDovL3d3dy53My5vcmcvMjAwMC9zdmciPjwvc3ZnPg==\" class=\"lazyload\" style=\"--smush-placeholder-width: 1920px; --smush-placeholder-aspect-ratio: 1920\/1920;\" data-srcset=\"https:\/\/edm.ch\/wp-content\/uploads\/2023\/12\/Enfants_du_Monde_PSERU_burkina_faso.png 1920w, https:\/\/edm.ch\/wp-content\/uploads\/2023\/12\/Enfants_du_Monde_PSERU_burkina_faso-300x300.png 300w, https:\/\/edm.ch\/wp-content\/uploads\/2023\/12\/Enfants_du_Monde_PSERU_burkina_faso-1024x1024.png 1024w, https:\/\/edm.ch\/wp-content\/uploads\/2023\/12\/Enfants_du_Monde_PSERU_burkina_faso-150x150.png 150w, https:\/\/edm.ch\/wp-content\/uploads\/2023\/12\/Enfants_du_Monde_PSERU_burkina_faso-768x768.png 768w, https:\/\/edm.ch\/wp-content\/uploads\/2023\/12\/Enfants_du_Monde_PSERU_burkina_faso-1536x1536.png 1536w\" data-sizes=\"auto\" data-original-sizes=\"(max-width: 1920px) 100vw, 1920px\" \/>\n                                                                            <div class=\"picture-caption\">\n                                            <div class=\"caption-content\"><span>Herv\u00e9 Palm<\/span><\/div>\n                                        <\/div>\n                                                                    <\/a>\n                                <figcaption><\/figcaption>\n                            <\/div>\n                                            <\/div>\n                                                    <div class=\"left\">\n                        <div class=\"content\">\n                            <h2>                                Notre impact <small>Contenu du projet<\/small>\n                            <\/h2>                                                            <ul>\n<li>Construction de salles de classe suppl\u00e9mentaires pour d\u00e9sengorger les \u00e9coles existantes\u202f;<\/li>\n<li>Mise en place de salles de classe temporaires dans les zones affect\u00e9es par le d\u00e9placement interne des \u00e9l\u00e8ves\u202f;<\/li>\n<li>Formation continue pour les animateur\u00b7trices des centres d&rsquo;\u00e9ducation alternative;<\/li>\n<li>Formation sur la s\u00e9curit\u00e9 scolaire, le soutien psychosocial et l&rsquo;identification des enfants en d\u00e9tresse psychologique ;<\/li>\n<li>Dotation en manuels scolaires pour les \u00e9l\u00e8ves et les enseignant\u00b7es\u202f;<\/li>\n<li>Prise en charge des enfants non scolaris\u00e9\u00b7es dans des centres d&rsquo;\u00e9ducation acc\u00e9l\u00e9r\u00e9e pour leur permettre de rejoindre une formation professionnelle\u202f;<\/li>\n<li>Cours de rattrapage et encadrement sp\u00e9cifique pour une remise \u00e0 niveau\u202fdes \u00e9l\u00e8ves ayant des difficult\u00e9s\u202f;<\/li>\n<li>Campagne d\u2019information pour inciter le retour des enfants \u00e0 l&rsquo;\u00e9cole ;<\/li>\n<li>Mobilisation des populations pour jouer un r\u00f4le actif dans la surveillance de l&rsquo;\u00e9ducation et le suivi des ressources allou\u00e9es \u00e0 l&rsquo;\u00e9ducation\u202f;<\/li>\n<li>Distribution de kits r\u00e9cr\u00e9atifs pour apporter de la joie aux enfants.<\/li>\n<\/ul>\n                                                                                                            <\/div>\n                    <\/div>\n                            <\/div>\n        <\/div>\n    <\/section>\n\n\n    \n    <section class=\"quoteImage rightTextLeftImg \" style=\"display:\">\n        <div class=\"container\">\n            <div class=\"rightTextLeftImgRow\">\n                                    <div class=\"left\">\n                                                    <div class=\"imgBlock\">\n                                <a class=\"figure_block\" href=\"https:\/\/edm.ch\/wp-content\/uploads\/2023\/12\/Enfants_du_Monde_Simane_team-1.png\" data-fancybox data-caption=\"\">\n                                    <img decoding=\"async\" data-src=\"https:\/\/edm.ch\/wp-content\/uploads\/2023\/12\/Enfants_du_Monde_Simane_team-1.png\" src=\"data:image\/svg+xml;base64,PHN2ZyB3aWR0aD0iMSIgaGVpZ2h0PSIxIiB4bWxucz0iaHR0cDovL3d3dy53My5vcmcvMjAwMC9zdmciPjwvc3ZnPg==\" class=\"lazyload\" style=\"--smush-placeholder-width: 1920px; --smush-placeholder-aspect-ratio: 1920\/1920;\" data-srcset=\"https:\/\/edm.ch\/wp-content\/uploads\/2023\/12\/Enfants_du_Monde_Simane_team-1.png 1920w, https:\/\/edm.ch\/wp-content\/uploads\/2023\/12\/Enfants_du_Monde_Simane_team-1-300x300.png 300w, https:\/\/edm.ch\/wp-content\/uploads\/2023\/12\/Enfants_du_Monde_Simane_team-1-1024x1024.png 1024w, https:\/\/edm.ch\/wp-content\/uploads\/2023\/12\/Enfants_du_Monde_Simane_team-1-150x150.png 150w, https:\/\/edm.ch\/wp-content\/uploads\/2023\/12\/Enfants_du_Monde_Simane_team-1-768x768.png 768w, https:\/\/edm.ch\/wp-content\/uploads\/2023\/12\/Enfants_du_Monde_Simane_team-1-1536x1536.png 1536w\" data-sizes=\"auto\" data-original-sizes=\"(max-width: 1920px) 100vw, 1920px\" \/>\n                                                                    <\/a>\n                                <figcaption><\/figcaption>\n                            <\/div>\n                                            <\/div>\n                                                    <div class=\"right\">\n                        <div class=\"content\">\n                            <h2>                                Siman\u00e9 Ouoba <small>Charg\u00e9 de programme r\u00e9gional, Enfants du Monde<\/small>\n                            <\/h2>                            <div class=\"quote\">                                <p>Dans la r\u00e9gion des Hauts Bassins, la situation \u00e9ducative \u00e9tait d\u00e9j\u00e0 difficile depuis un moment, mais la crise s\u00e9curitaire l&rsquo;a rendue encore pire. \u00c0 fin mars 2023, on enregistrait 318 \u00e9tablissements scolaires ferm\u00e9s privant 58 028 \u00e9l\u00e8ves d\u2019\u00e9cole.<\/p>\n                            <\/div>                                                                                <\/div>\n                    <\/div>\n                            <\/div>\n        <\/div>\n    <\/section>\n\n\n    \n    <section class=\"leftTextRightImg \" style=\"display:\">\n        <div class=\"container\">\n            <div class=\"leftTextRightImgRow\">\n                                    <div class=\"right\">\n                                                    <div class=\"imgBlock\">\n                                <a class=\"figure_block\" href=\"https:\/\/edm.ch\/wp-content\/uploads\/2023\/08\/Enfants_du_monde_image_website_mother_with_child-1.png\" data-fancybox data-caption=\"\">\n                                    <img decoding=\"async\" data-src=\"https:\/\/edm.ch\/wp-content\/uploads\/2023\/08\/Enfants_du_monde_image_website_mother_with_child-1.png\" src=\"data:image\/svg+xml;base64,PHN2ZyB3aWR0aD0iMSIgaGVpZ2h0PSIxIiB4bWxucz0iaHR0cDovL3d3dy53My5vcmcvMjAwMC9zdmciPjwvc3ZnPg==\" class=\"lazyload\" style=\"--smush-placeholder-width: 1920px; --smush-placeholder-aspect-ratio: 1920\/1920;\" data-srcset=\"https:\/\/edm.ch\/wp-content\/uploads\/2023\/08\/Enfants_du_monde_image_website_mother_with_child-1.png 1920w, https:\/\/edm.ch\/wp-content\/uploads\/2023\/08\/Enfants_du_monde_image_website_mother_with_child-1-300x300.png 300w, https:\/\/edm.ch\/wp-content\/uploads\/2023\/08\/Enfants_du_monde_image_website_mother_with_child-1-1024x1024.png 1024w, https:\/\/edm.ch\/wp-content\/uploads\/2023\/08\/Enfants_du_monde_image_website_mother_with_child-1-150x150.png 150w, https:\/\/edm.ch\/wp-content\/uploads\/2023\/08\/Enfants_du_monde_image_website_mother_with_child-1-768x768.png 768w, https:\/\/edm.ch\/wp-content\/uploads\/2023\/08\/Enfants_du_monde_image_website_mother_with_child-1-1536x1536.png 1536w\" data-sizes=\"auto\" data-original-sizes=\"(max-width: 1920px) 100vw, 1920px\" \/>\n                                                                            <div class=\"picture-caption\">\n                                            <div class=\"caption-content\"><span>Tougma T\u00e9n\u00e9 SANKARA, coordinateur r\u00e9gional<\/span><\/div>\n                                        <\/div>\n                                                                    <\/a>\n                                <figcaption><\/figcaption>\n                            <\/div>\n                                            <\/div>\n                                                    <div class=\"left\">\n                        <div class=\"content\">\n                            <h2>                                Contacter notre \u00e9quipe <small><\/small>\n                            <\/h2>                                                            <p><strong>Bureau de coordination en Afrique sah\u00e9lienne<\/strong><br \/>\n01 BP 1793 Ouagadougou 01, Burkina Faso<\/p>\n<p><strong>Tougma T\u00e9n\u00e9 Sankara<\/strong><\/p>\n<p><span class=\"TextRun SCXW41731568 BCX0\" lang=\"FR-FR\" xml:lang=\"FR-FR\" data-contrast=\"none\"><span class=\"NormalTextRun SCXW41731568 BCX0\" data-ccp-charstyle=\"Heading 2 Char\" data-ccp-charstyle-defn=\"{&quot;ObjectId&quot;:&quot;2c6e36e0-05fb-5c95-a847-a2927a87b4f4|1&quot;,&quot;ClassId&quot;:1073872969,&quot;Properties&quot;:[201342446,&quot;0&quot;,201342447,&quot;4&quot;,201342448,&quot;2&quot;,201342449,&quot;0&quot;,469777841,&quot;Aptos Display&quot;,469777842,&quot;&quot;,469777843,&quot;&quot;,469777844,&quot;Aptos Display&quot;,201341986,&quot;0&quot;,469769226,&quot;Aptos Display&quot;,268442635,&quot;32&quot;,469775450,&quot;Heading 2 Char&quot;,201340122,&quot;1&quot;,134233614,&quot;true&quot;,469778129,&quot;Heading2Char&quot;,335572020,&quot;9&quot;,335551500,&quot;6375183&quot;,469778324,&quot;Default Paragraph Font&quot;]}\">Coordinateur r\u00e9gional du Sahel<\/span><\/span><br \/>\nT\u00e9l : +226 25 36 08 46<br \/>\nEmail : <a href=\"mailto:edmsahel@fasonet.bf\">edmsahel@fasonet.bf<\/a><\/p>\n                                                                                                            <\/div>\n                    <\/div>\n                            <\/div>\n        <\/div>\n    <\/section>\n\n\n        <section class=\" partnerSec\" style=\"display:\">\n        <div class=\"container\">\n            <h2>Partenaires financiers<\/h2>\n            <div class=\"partnerWrap \">\n\n\n                                    \n                        <div class=\"partnerBlock\">\n                            <figure>\n                                                                    <a href=\"https:\/\/www.eda.admin.ch\/deza\/fr\/home.html\" target=\"_blank\">\n                                        <img decoding=\"async\" data-src=\"https:\/\/edm.ch\/wp-content\/uploads\/2023\/08\/DDC-logo-FR.png\" src=\"data:image\/svg+xml;base64,PHN2ZyB3aWR0aD0iMSIgaGVpZ2h0PSIxIiB4bWxucz0iaHR0cDovL3d3dy53My5vcmcvMjAwMC9zdmciPjwvc3ZnPg==\" class=\"lazyload\" style=\"--smush-placeholder-width: 628px; --smush-placeholder-aspect-ratio: 628\/311;\" data-srcset=\"https:\/\/edm.ch\/wp-content\/uploads\/2023\/08\/DDC-logo-FR.png 628w, https:\/\/edm.ch\/wp-content\/uploads\/2023\/08\/DDC-logo-FR-300x149.png 300w\" data-sizes=\"auto\" data-original-sizes=\"(max-width: 628px) 100vw, 628px\">\n                                    <\/a>\n                                                            <\/figure>\n                        <\/div>\n                        \n                                            \n                        <div class=\"partnerBlock\">\n                            <figure>\n                                                                    <a href=\"https:\/\/european-union.europa.eu\/index_fr\" target=\"_blank\">\n                                        <img decoding=\"async\" data-src=\"https:\/\/edm.ch\/wp-content\/uploads\/2023\/12\/Design-sans-titre2.png\" src=\"data:image\/svg+xml;base64,PHN2ZyB3aWR0aD0iMSIgaGVpZ2h0PSIxIiB4bWxucz0iaHR0cDovL3d3dy53My5vcmcvMjAwMC9zdmciPjwvc3ZnPg==\" class=\"lazyload\" style=\"--smush-placeholder-width: 628px; --smush-placeholder-aspect-ratio: 628\/311;\" data-srcset=\"https:\/\/edm.ch\/wp-content\/uploads\/2023\/12\/Design-sans-titre2.png 628w, https:\/\/edm.ch\/wp-content\/uploads\/2023\/12\/Design-sans-titre2-300x149.png 300w\" data-sizes=\"auto\" data-original-sizes=\"(max-width: 628px) 100vw, 628px\">\n                                    <\/a>\n                                                            <\/figure>\n                        <\/div>\n                        \n                    \n            <\/div>\n        <\/div>\n    <\/section>\n\n\n        <section class=\" partnerSec\" style=\"display:\">\n        <div class=\"container\">\n            <h2>Partenaires locaux<\/h2>\n            <div class=\"partnerWrap \">\n\n\n                                    \n                        <div class=\"partnerBlock\">\n                            <figure>\n                                                                    <a href=\"https:\/\/andal-pinal.org\/\" target=\"_blank\">\n                                        <img decoding=\"async\" data-src=\"https:\/\/edm.ch\/wp-content\/uploads\/2023\/08\/Andal-et-pinal-logo.png\" src=\"data:image\/svg+xml;base64,PHN2ZyB3aWR0aD0iMSIgaGVpZ2h0PSIxIiB4bWxucz0iaHR0cDovL3d3dy53My5vcmcvMjAwMC9zdmciPjwvc3ZnPg==\" class=\"lazyload\" style=\"--smush-placeholder-width: 628px; --smush-placeholder-aspect-ratio: 628\/311;\" data-srcset=\"https:\/\/edm.ch\/wp-content\/uploads\/2023\/08\/Andal-et-pinal-logo.png 628w, https:\/\/edm.ch\/wp-content\/uploads\/2023\/08\/Andal-et-pinal-logo-300x149.png 300w\" data-sizes=\"auto\" data-original-sizes=\"(max-width: 628px) 100vw, 628px\">\n                                    <\/a>\n                                                            <\/figure>\n                        <\/div>\n                        \n                                            \n                        <div class=\"partnerBlock\">\n                            <figure>\n                                                                    <a href=\"https:\/\/www.tintua.org\/\" target=\"_blank\">\n                                        <img decoding=\"async\" data-src=\"https:\/\/edm.ch\/wp-content\/uploads\/2023\/08\/Association-Tin-Tua-logo-1.png\" src=\"data:image\/svg+xml;base64,PHN2ZyB3aWR0aD0iMSIgaGVpZ2h0PSIxIiB4bWxucz0iaHR0cDovL3d3dy53My5vcmcvMjAwMC9zdmciPjwvc3ZnPg==\" class=\"lazyload\" style=\"--smush-placeholder-width: 628px; --smush-placeholder-aspect-ratio: 628\/311;\" data-srcset=\"https:\/\/edm.ch\/wp-content\/uploads\/2023\/08\/Association-Tin-Tua-logo-1.png 628w, https:\/\/edm.ch\/wp-content\/uploads\/2023\/08\/Association-Tin-Tua-logo-1-300x149.png 300w\" data-sizes=\"auto\" data-original-sizes=\"(max-width: 628px) 100vw, 628px\">\n                                    <\/a>\n                                                            <\/figure>\n                        <\/div>\n                        \n                                            \n                        <div class=\"partnerBlock\">\n                            <figure>\n                                                                    <a href=\"http:\/\/www.fdcbf.org\/\" target=\"_blank\">\n                                        <img decoding=\"async\" data-src=\"https:\/\/edm.ch\/wp-content\/uploads\/2023\/12\/logo_FDC-BF.png\" src=\"data:image\/svg+xml;base64,PHN2ZyB3aWR0aD0iMSIgaGVpZ2h0PSIxIiB4bWxucz0iaHR0cDovL3d3dy53My5vcmcvMjAwMC9zdmciPjwvc3ZnPg==\" class=\"lazyload\" style=\"--smush-placeholder-width: 628px; --smush-placeholder-aspect-ratio: 628\/311;\" data-srcset=\"https:\/\/edm.ch\/wp-content\/uploads\/2023\/12\/logo_FDC-BF.png 628w, https:\/\/edm.ch\/wp-content\/uploads\/2023\/12\/logo_FDC-BF-300x149.png 300w\" data-sizes=\"auto\" data-original-sizes=\"(max-width: 628px) 100vw, 628px\">\n                                    <\/a>\n                                                            <\/figure>\n                        <\/div>\n                        \n                    \n            <\/div>\n        <\/div>\n    <\/section>\n\n\n        <section class=\" partnerSec\" style=\"display:\">\n        <div class=\"container\">\n            <h2><\/h2>\n            <div class=\"partnerWrap \">\n\n\n            \n            <\/div>\n        <\/div>\n    <\/section>","protected":false},"featured_media":0,"parent":0,"template":"","class_list":["post-29309","projects","type-projects","status-publish","hentry"],"acf":[],"yoast_head":"<!-- This site is optimized with the Yoast SEO plugin v26.9 - https:\/\/yoast.com\/product\/yoast-seo-wordpress\/ -->\n<title>\u00c9ducation au Burkina Faso - Urgence - Enfants du Monde<\/title>\n<meta name=\"description\" content=\"Enfants du Monde lance un nouveau projet d&#039;\u00e9ducation d&#039;urgence pour scolariser et prot\u00e9ger les enfants au Burkina Faso.\" \/>\n<meta name=\"robots\" content=\"index, follow, max-snippet:-1, max-image-preview:large, max-video-preview:-1\" \/>\n<link rel=\"canonical\" href=\"https:\/\/edm.ch\/fr\/burkina-faso-renforcement-du-systeme-educatif\/\" \/>\n<meta property=\"og:locale\" content=\"fr_FR\" \/>\n<meta property=\"og:type\" content=\"article\" \/>\n<meta property=\"og:title\" content=\"\u00c9ducation au Burkina Faso - Urgence - Enfants du Monde\" \/>\n<meta property=\"og:description\" content=\"Enfants du Monde lance un nouveau projet d&#039;\u00e9ducation d&#039;urgence pour scolariser et prot\u00e9ger les enfants au Burkina Faso.\" \/>\n<meta property=\"og:url\" content=\"https:\/\/edm.ch\/fr\/burkina-faso-renforcement-du-systeme-educatif\/\" \/>\n<meta property=\"og:site_name\" content=\"Enfants du monde\" \/>\n<meta property=\"article:modified_time\" content=\"2025-12-05T09:40:25+00:00\" \/>\n<meta name=\"twitter:card\" content=\"summary_large_image\" \/>\n<script type=\"application\/ld+json\" class=\"yoast-schema-graph\">{\"@context\":\"https:\/\/schema.org\",\"@graph\":[{\"@type\":\"WebPage\",\"@id\":\"https:\/\/edm.ch\/fr\/burkina-faso-renforcement-du-systeme-educatif\/\",\"url\":\"https:\/\/edm.ch\/fr\/burkina-faso-renforcement-du-systeme-educatif\/\",\"name\":\"\u00c9ducation au Burkina Faso - Urgence - Enfants du Monde\",\"isPartOf\":{\"@id\":\"https:\/\/edm.ch\/en\/#website\"},\"datePublished\":\"2023-12-20T15:46:11+00:00\",\"dateModified\":\"2025-12-05T09:40:25+00:00\",\"description\":\"Enfants du Monde lance un nouveau projet d'\u00e9ducation d'urgence pour scolariser et prot\u00e9ger les enfants au Burkina Faso.\",\"inLanguage\":\"fr-FR\",\"potentialAction\":[{\"@type\":\"ReadAction\",\"target\":[\"https:\/\/edm.ch\/fr\/burkina-faso-renforcement-du-systeme-educatif\/\"]}]},{\"@type\":\"WebSite\",\"@id\":\"https:\/\/edm.ch\/en\/#website\",\"url\":\"https:\/\/edm.ch\/en\/\",\"name\":\"Enfants du monde\",\"description\":\"Association suisse\",\"potentialAction\":[{\"@type\":\"SearchAction\",\"target\":{\"@type\":\"EntryPoint\",\"urlTemplate\":\"https:\/\/edm.ch\/en\/?s={search_term_string}\"},\"query-input\":{\"@type\":\"PropertyValueSpecification\",\"valueRequired\":true,\"valueName\":\"search_term_string\"}}],\"inLanguage\":\"fr-FR\"}]}<\/script>\n<!-- \/ Yoast SEO plugin. -->","yoast_head_json":{"title":"\u00c9ducation au Burkina Faso - Urgence - Enfants du Monde","description":"Enfants du Monde lance un nouveau projet d'\u00e9ducation d'urgence pour scolariser et prot\u00e9ger les enfants au Burkina Faso.","robots":{"index":"index","follow":"follow","max-snippet":"max-snippet:-1","max-image-preview":"max-image-preview:large","max-video-preview":"max-video-preview:-1"},"canonical":"https:\/\/edm.ch\/fr\/burkina-faso-renforcement-du-systeme-educatif\/","og_locale":"fr_FR","og_type":"article","og_title":"\u00c9ducation au Burkina Faso - Urgence - Enfants du Monde","og_description":"Enfants du Monde lance un nouveau projet d'\u00e9ducation d'urgence pour scolariser et prot\u00e9ger les enfants au Burkina Faso.","og_url":"https:\/\/edm.ch\/fr\/burkina-faso-renforcement-du-systeme-educatif\/","og_site_name":"Enfants du monde","article_modified_time":"2025-12-05T09:40:25+00:00","twitter_card":"summary_large_image","schema":{"@context":"https:\/\/schema.org","@graph":[{"@type":"WebPage","@id":"https:\/\/edm.ch\/fr\/burkina-faso-renforcement-du-systeme-educatif\/","url":"https:\/\/edm.ch\/fr\/burkina-faso-renforcement-du-systeme-educatif\/","name":"\u00c9ducation au Burkina Faso - Urgence - Enfants du Monde","isPartOf":{"@id":"https:\/\/edm.ch\/en\/#website"},"datePublished":"2023-12-20T15:46:11+00:00","dateModified":"2025-12-05T09:40:25+00:00","description":"Enfants du Monde lance un nouveau projet d'\u00e9ducation d'urgence pour scolariser et prot\u00e9ger les enfants au Burkina Faso.","inLanguage":"fr-FR","potentialAction":[{"@type":"ReadAction","target":["https:\/\/edm.ch\/fr\/burkina-faso-renforcement-du-systeme-educatif\/"]}]},{"@type":"WebSite","@id":"https:\/\/edm.ch\/en\/#website","url":"https:\/\/edm.ch\/en\/","name":"Enfants du monde","description":"Association suisse","potentialAction":[{"@type":"SearchAction","target":{"@type":"EntryPoint","urlTemplate":"https:\/\/edm.ch\/en\/?s={search_term_string}"},"query-input":{"@type":"PropertyValueSpecification","valueRequired":true,"valueName":"search_term_string"}}],"inLanguage":"fr-FR"}]}},"_links":{"self":[{"href":"https:\/\/edm.ch\/fr\/wp-json\/wp\/v2\/projects\/29309","targetHints":{"allow":["GET"]}}],"collection":[{"href":"https:\/\/edm.ch\/fr\/wp-json\/wp\/v2\/projects"}],"about":[{"href":"https:\/\/edm.ch\/fr\/wp-json\/wp\/v2\/types\/projects"}],"wp:attachment":[{"href":"https:\/\/edm.ch\/fr\/wp-json\/wp\/v2\/media?parent=29309"}],"curies":[{"name":"wp","href":"https:\/\/api.w.org\/{rel}","templated":true}]}}