{"id":29285,"date":"2023-12-20T14:40:59","date_gmt":"2023-12-20T14:40:59","guid":{"rendered":"https:\/\/edm.ch\/?post_type=projects&#038;p=29285"},"modified":"2025-09-04T13:38:10","modified_gmt":"2025-09-04T13:38:10","slug":"burkina-faso-education-et-eau-potable","status":"publish","type":"projects","link":"https:\/\/edm.ch\/fr\/burkina-faso-education-et-eau-potable\/","title":{"rendered":"Burkina Faso &#8211; Am\u00e9liorer l&rsquo;acc\u00e8s \u00e0 l\u2019\u00e9ducation et \u00e0 l\u2019eau potable en situation d\u2019urgence\u00a0"},"content":{"rendered":"<section class=\"subpageBanner\" style=\"display:\">\n    <div class=\"subpageBannerBlock figure_block\">\n        <img decoding=\"async\" data-src=\"https:\/\/edm.ch\/wp-content\/uploads\/2023\/12\/Enfants_du_Monde_banner_parmiest_burkina_faso.png\" src=\"data:image\/svg+xml;base64,PHN2ZyB3aWR0aD0iMSIgaGVpZ2h0PSIxIiB4bWxucz0iaHR0cDovL3d3dy53My5vcmcvMjAwMC9zdmciPjwvc3ZnPg==\" class=\"lazyload\" style=\"--smush-placeholder-width: 2500px; --smush-placeholder-aspect-ratio: 2500\/1080;\" data-srcset=\"https:\/\/edm.ch\/wp-content\/uploads\/2023\/12\/Enfants_du_Monde_banner_parmiest_burkina_faso.png 2500w, https:\/\/edm.ch\/wp-content\/uploads\/2023\/12\/Enfants_du_Monde_banner_parmiest_burkina_faso-300x130.png 300w, https:\/\/edm.ch\/wp-content\/uploads\/2023\/12\/Enfants_du_Monde_banner_parmiest_burkina_faso-1024x442.png 1024w, https:\/\/edm.ch\/wp-content\/uploads\/2023\/12\/Enfants_du_Monde_banner_parmiest_burkina_faso-768x332.png 768w, https:\/\/edm.ch\/wp-content\/uploads\/2023\/12\/Enfants_du_Monde_banner_parmiest_burkina_faso-1536x664.png 1536w, https:\/\/edm.ch\/wp-content\/uploads\/2023\/12\/Enfants_du_Monde_banner_parmiest_burkina_faso-2048x885.png 2048w\" data-sizes=\"auto\" data-original-sizes=\"(max-width: 2500px) 100vw, 2500px\" \/>\n        <div class=\"subpageBannerWrap\">\n            <div class=\"container\">\n                <div class=\"content\">\n                    <div>\n                        <span class=\"bannerHead\">Burkina Faso<\/span>\n                        <h1>Am\u00e9liorer l&rsquo;acc\u00e8s \u00e0 l\u2019\u00e9ducation et \u00e0 l\u2019eau potable<\/h1>\n                    <\/div>\n                                    <\/div>\n            <\/div>\n        <\/div>\n                    <div class=\"picture-caption\">\n                <div class=\"caption-content\"><span>Warren Sar\u00e9 \/ Enfants du Monde \/ Fairpicture<\/span><\/div>\n            <\/div>\n            <\/div>\n<\/section>\n<script type=\"text\/javascript\">\n    jQuery(document).ready(function ($) {\n        \/\/ Check if the block exists\n        var bannerSection = $('#subpage-banner-section');\n\n        if (bannerSection.length > 0) {\n            \/\/ Move the block to the end of <main> just before the footer\n            $('main').append(bannerSection); \/\/ This will append it inside the <main> tag\n        }\n\n        $('.documentAccordion').on('click', function (e) {\n            e.preventDefault();  \/\/ Prevent default link action\n\n            \/\/ Target the section with the given ID\n            $('html, body').animate({\n                scrollTop: $('#subpage-banner-section').offset().top - 200\n            }, 1000);\n        });\n    });\n<\/script>\n\n\n        <section class=\" countSec\" style=\"display:\">\n        <div class=\"container\">\n            <div class=\"countHolder\">\n                <h2>De 2022 \u00e0 2023<\/h2>\n                <div class=\"countBlock\">\n                    <div class=\"countRow\">\n\n                        \n                            <div class=\"countCol\">\n                                <div class=\"countColInner\">\n                                    <div class=\"imgBlock\">\n                                    <img decoding=\"async\" data-src=\"https:\/\/edm.ch\/wp-content\/uploads\/2023\/08\/Picto-enfant.png\" src=\"data:image\/svg+xml;base64,PHN2ZyB3aWR0aD0iMSIgaGVpZ2h0PSIxIiB4bWxucz0iaHR0cDovL3d3dy53My5vcmcvMjAwMC9zdmciPjwvc3ZnPg==\" class=\"lazyload\" style=\"--smush-placeholder-width: 160px; --smush-placeholder-aspect-ratio: 160\/160;\" data-srcset=\"https:\/\/edm.ch\/wp-content\/uploads\/2023\/08\/Picto-enfant.png 160w, https:\/\/edm.ch\/wp-content\/uploads\/2023\/08\/Picto-enfant-150x150.png 150w\" data-sizes=\"auto\" data-original-sizes=\"(max-width: 160px) 100vw, 160px\" \/>\n                                    <\/div>\n                                    <div class=\"content\">\n                                    <h2>18 348<\/h2>\n                                    <p>personnes ont b\u00e9n\u00e9fici\u00e9 du projet<\/p>\n                                    <\/div>\n                                <\/div>\n                            <\/div>\n\n                        \n                            <div class=\"countCol\">\n                                <div class=\"countColInner\">\n                                    <div class=\"imgBlock\">\n                                    <img decoding=\"async\" data-src=\"https:\/\/edm.ch\/wp-content\/uploads\/2023\/08\/Picto-eleve.png\" src=\"data:image\/svg+xml;base64,PHN2ZyB3aWR0aD0iMSIgaGVpZ2h0PSIxIiB4bWxucz0iaHR0cDovL3d3dy53My5vcmcvMjAwMC9zdmciPjwvc3ZnPg==\" class=\"lazyload\" style=\"--smush-placeholder-width: 160px; --smush-placeholder-aspect-ratio: 160\/160;\" data-srcset=\"https:\/\/edm.ch\/wp-content\/uploads\/2023\/08\/Picto-eleve.png 160w, https:\/\/edm.ch\/wp-content\/uploads\/2023\/08\/Picto-eleve-150x150.png 150w\" data-sizes=\"auto\" data-original-sizes=\"(max-width: 160px) 100vw, 160px\" \/>\n                                    <\/div>\n                                    <div class=\"content\">\n                                    <h2>40<\/h2>\n                                    <p>Activit\u00e9s ont \u00e9t\u00e9 men\u00e9es \u00e0 bien<\/p>\n                                    <\/div>\n                                <\/div>\n                            <\/div>\n\n                        \n                    <\/div>\n                <\/div>\n                <div class=\"countBlockText\"><p><\/p><\/div>\n            <\/div>\n        <\/div>\n    <\/section>\n\n        <section class=\"contentSec\" style=\"display:\">\n        <div class=\"container\">\n            <div class=\"contentBlock\">\n                <h5><\/h5>\n                <p><em>Actuellement, ce projet est termin\u00e9.<\/em><\/p>\n<p>De juillet 2022 \u00e0 juin 2023 et malgr\u00e9 des d\u00e9fis significatifs d\u2019ordre s\u00e9curitaire et financier avec une inflation galopante, le Projet d\u2019Appui \u00e0 une R\u00e9ponse Multisectorielle et Int\u00e9gr\u00e9e aux besoins des populations affect\u00e9es de la r\u00e9gion de l&rsquo;Est\u00a0 a atteint ses objectifs <strong>en am\u00e9liorant l\u2019acc\u00e8s \u00e0 l\u2019\u00e9ducation et \u00e0 l\u2019eau potable pour les populations affect\u00e9es par la crise dans les communes de Fada et Diapaga.<\/strong> Il a \u00e9galement contribu\u00e9 au bien-\u00eatre mental et au renforcement de la r\u00e9silience des communaut\u00e9s touch\u00e9es.<\/p>\n                            <\/div>\n        <\/div>\n    <\/section>\n\n\n    \n    <section class=\"rightTextLeftImg \" style=\"display:\">\n        <div class=\"container\">\n            <div class=\"rightTextLeftImgRow\">\n                                    <div class=\"left\">\n                                                    <div class=\"imgBlock\">\n                                <a class=\"figure_block\" href=\"https:\/\/edm.ch\/wp-content\/uploads\/2023\/12\/Enfants_du_Monde_ESU_Burkina_Faso.png\" data-fancybox data-caption=\"\">\n                                    <img decoding=\"async\" data-src=\"https:\/\/edm.ch\/wp-content\/uploads\/2023\/12\/Enfants_du_Monde_ESU_Burkina_Faso.png\" src=\"data:image\/svg+xml;base64,PHN2ZyB3aWR0aD0iMSIgaGVpZ2h0PSIxIiB4bWxucz0iaHR0cDovL3d3dy53My5vcmcvMjAwMC9zdmciPjwvc3ZnPg==\" class=\"lazyload\" style=\"--smush-placeholder-width: 1920px; --smush-placeholder-aspect-ratio: 1920\/1920;\" data-srcset=\"https:\/\/edm.ch\/wp-content\/uploads\/2023\/12\/Enfants_du_Monde_ESU_Burkina_Faso.png 1920w, https:\/\/edm.ch\/wp-content\/uploads\/2023\/12\/Enfants_du_Monde_ESU_Burkina_Faso-300x300.png 300w, https:\/\/edm.ch\/wp-content\/uploads\/2023\/12\/Enfants_du_Monde_ESU_Burkina_Faso-1024x1024.png 1024w, https:\/\/edm.ch\/wp-content\/uploads\/2023\/12\/Enfants_du_Monde_ESU_Burkina_Faso-150x150.png 150w, https:\/\/edm.ch\/wp-content\/uploads\/2023\/12\/Enfants_du_Monde_ESU_Burkina_Faso-768x768.png 768w, https:\/\/edm.ch\/wp-content\/uploads\/2023\/12\/Enfants_du_Monde_ESU_Burkina_Faso-1536x1536.png 1536w\" data-sizes=\"auto\" data-original-sizes=\"(max-width: 1920px) 100vw, 1920px\" \/>\n                                                                            <div class=\"picture-caption\">\n                                            <div class=\"caption-content\"><span>Enfants du Monde<\/span><\/div>\n                                        <\/div>\n                                                                    <\/a>\n                                <figcaption><\/figcaption>\n                            <\/div>\n                                            <\/div>\n                                                    <div class=\"right\">\n                        <div class=\"content\">\n                            <h4>                                R\u00e9ussite du projet PARMI-Est malgr\u00e9 les d\u00e9fis s\u00e9curitaires et \u00e9conomiques <small><\/small>\n                            <\/h4>                                                            <p>18 348 personnes, dont 95 % d\u2019enfants et 51 % de femmes ou des filles, ont b\u00e9n\u00e9fici\u00e9 de ce projet qui a largement d\u00e9pass\u00e9 ses objectifs de 8 607 personnes b\u00e9n\u00e9ficiaires.<\/p>\n                                                                                                            <\/div>\n                    <\/div>\n                            <\/div>\n        <\/div>\n    <\/section>\n\n\n    \n    <section class=\"leftTextRightImg \" style=\"display:\">\n        <div class=\"container\">\n            <div class=\"leftTextRightImgRow\">\n                                    <div class=\"right\">\n                                                    <div class=\"imgBlock\">\n                                <a class=\"figure_block\" href=\"https:\/\/edm.ch\/wp-content\/uploads\/2023\/12\/Enfants_du_Monde_ESU_portrait_Burkina_Faso.png\" data-fancybox data-caption=\"\">\n                                    <img decoding=\"async\" data-src=\"https:\/\/edm.ch\/wp-content\/uploads\/2023\/12\/Enfants_du_Monde_ESU_portrait_Burkina_Faso.png\" src=\"data:image\/svg+xml;base64,PHN2ZyB3aWR0aD0iMSIgaGVpZ2h0PSIxIiB4bWxucz0iaHR0cDovL3d3dy53My5vcmcvMjAwMC9zdmciPjwvc3ZnPg==\" class=\"lazyload\" style=\"--smush-placeholder-width: 1920px; --smush-placeholder-aspect-ratio: 1920\/1920;\" data-srcset=\"https:\/\/edm.ch\/wp-content\/uploads\/2023\/12\/Enfants_du_Monde_ESU_portrait_Burkina_Faso.png 1920w, https:\/\/edm.ch\/wp-content\/uploads\/2023\/12\/Enfants_du_Monde_ESU_portrait_Burkina_Faso-300x300.png 300w, https:\/\/edm.ch\/wp-content\/uploads\/2023\/12\/Enfants_du_Monde_ESU_portrait_Burkina_Faso-1024x1024.png 1024w, https:\/\/edm.ch\/wp-content\/uploads\/2023\/12\/Enfants_du_Monde_ESU_portrait_Burkina_Faso-150x150.png 150w, https:\/\/edm.ch\/wp-content\/uploads\/2023\/12\/Enfants_du_Monde_ESU_portrait_Burkina_Faso-768x768.png 768w, https:\/\/edm.ch\/wp-content\/uploads\/2023\/12\/Enfants_du_Monde_ESU_portrait_Burkina_Faso-1536x1536.png 1536w\" data-sizes=\"auto\" data-original-sizes=\"(max-width: 1920px) 100vw, 1920px\" \/>\n                                                                            <div class=\"picture-caption\">\n                                            <div class=\"caption-content\"><span>Adrien Bitibaly \/ Enfants du Monde \/ Fairpicture<\/span><\/div>\n                                        <\/div>\n                                                                    <\/a>\n                                <figcaption><\/figcaption>\n                            <\/div>\n                                            <\/div>\n                                                    <div class=\"left\">\n                        <div class=\"content\">\n                            <h2>                                Notre impact <small>Un meilleur acc\u00e8s \u00e0 l&rsquo;\u00e9ducation<\/small>\n                            <\/h2>                                                            <p>Le projet a contribu\u00e9 \u00e0 am\u00e9liorer l&rsquo;acc\u00e8s \u00e0 l&rsquo;\u00e9cole pour les \u00e9l\u00e8ves d\u00e9plac\u00e9\u00b7es internes et les enfants vuln\u00e9rables des communaut\u00e9s h\u00f4tes, avec\u202f:<\/p>\n<ul>\n<li>La cr\u00e9ation de salles de classe d&rsquo;urgence\u202f;<\/li>\n<li>Le renforcement des capacit\u00e9s des enseignant\u00b7es\u202f;<\/li>\n<li>L&rsquo;organisation de cours de remise \u00e0 niveau pour les \u00e9l\u00e8ves en d\u00e9crochage scolaire\u202f;<\/li>\n<li>La distribution de kits scolaires aux \u00e9l\u00e8ves vuln\u00e9rables\u202f;<\/li>\n<li>La formation pr\u00e9professionnelle pour des jeunes hors syst\u00e8me scolaire\u202f;<\/li>\n<li>Un programme d&rsquo;\u00e9ducation par la radio au profit d\u2019enfants priv\u00e9\u00b7es d&rsquo;\u00e9ducation.<\/li>\n<\/ul>\n<p>&nbsp;<\/p>\n                                                                                                            <\/div>\n                    <\/div>\n                            <\/div>\n        <\/div>\n    <\/section>\n\n\n    \n    <section class=\"rightTextLeftImg \" style=\"display:\">\n        <div class=\"container\">\n            <div class=\"rightTextLeftImgRow\">\n                                    <div class=\"left\">\n                                                    <div class=\"imgBlock\">\n                                <a class=\"figure_block\" href=\"https:\/\/edm.ch\/wp-content\/uploads\/2023\/12\/WhatsApp-Image-2023-03-23-at-17.54.14.jpeg\" data-fancybox data-caption=\"\">\n                                    <img decoding=\"async\" data-src=\"https:\/\/edm.ch\/wp-content\/uploads\/2023\/12\/WhatsApp-Image-2023-03-23-at-17.54.14.jpeg\" src=\"data:image\/svg+xml;base64,PHN2ZyB3aWR0aD0iMSIgaGVpZ2h0PSIxIiB4bWxucz0iaHR0cDovL3d3dy53My5vcmcvMjAwMC9zdmciPjwvc3ZnPg==\" class=\"lazyload\" style=\"--smush-placeholder-width: 1016px; --smush-placeholder-aspect-ratio: 1016\/762;\" data-srcset=\"https:\/\/edm.ch\/wp-content\/uploads\/2023\/12\/WhatsApp-Image-2023-03-23-at-17.54.14.jpeg 1016w, https:\/\/edm.ch\/wp-content\/uploads\/2023\/12\/WhatsApp-Image-2023-03-23-at-17.54.14-300x225.jpeg 300w, https:\/\/edm.ch\/wp-content\/uploads\/2023\/12\/WhatsApp-Image-2023-03-23-at-17.54.14-768x576.jpeg 768w\" data-sizes=\"auto\" data-original-sizes=\"(max-width: 1016px) 100vw, 1016px\" \/>\n                                                                            <div class=\"picture-caption\">\n                                            <div class=\"caption-content\"><span>\u00a9 M. Odagou, Association TinTua<\/span><\/div>\n                                        <\/div>\n                                                                    <\/a>\n                                <figcaption><\/figcaption>\n                            <\/div>\n                                            <\/div>\n                                                    <div class=\"right\">\n                        <div class=\"content\">\n                            <h2>                                 <small>L\u2019assainissement et l\u2019approvisionnement \u00e0 l&rsquo;eau am\u00e9lior\u00e9s <\/small>\n                            <\/h2>                                                            <p>L&rsquo;hygi\u00e8ne et de l&rsquo;assainissement faisait \u00e9galement partie du projet, avec notamment\u202f:<\/p>\n<ul>\n<li>La dotation des \u00e9coles en dispositifs de collecte et de stockage d&rsquo;eau\u202f;<\/li>\n<li>La r\u00e9habilitation de forages et de latrines scolaires\u202f;<\/li>\n<li>Des formations sur l&rsquo;hygi\u00e8ne dispens\u00e9es aux populations et aux enseignant\u00b7es pour garantir l&rsquo;utilisation correcte des infrastructures.<\/li>\n<\/ul>\n                                                                                                            <\/div>\n                    <\/div>\n                            <\/div>\n        <\/div>\n    <\/section>\n\n\n    \n    <section class=\"quoteImage rightTextLeftImg \" style=\"display:\">\n        <div class=\"container\">\n            <div class=\"rightTextLeftImgRow\">\n                                    <div class=\"left\">\n                                                    <div class=\"imgBlock\">\n                                <a class=\"figure_block\" href=\"https:\/\/edm.ch\/wp-content\/uploads\/2023\/12\/Enfants_du_Monde_temoignage_aminata_BurkinaFaso.png\" data-fancybox data-caption=\"\">\n                                    <img decoding=\"async\" data-src=\"https:\/\/edm.ch\/wp-content\/uploads\/2023\/12\/Enfants_du_Monde_temoignage_aminata_BurkinaFaso.png\" src=\"data:image\/svg+xml;base64,PHN2ZyB3aWR0aD0iMSIgaGVpZ2h0PSIxIiB4bWxucz0iaHR0cDovL3d3dy53My5vcmcvMjAwMC9zdmciPjwvc3ZnPg==\" class=\"lazyload\" style=\"--smush-placeholder-width: 1920px; --smush-placeholder-aspect-ratio: 1920\/1920;\" data-srcset=\"https:\/\/edm.ch\/wp-content\/uploads\/2023\/12\/Enfants_du_Monde_temoignage_aminata_BurkinaFaso.png 1920w, https:\/\/edm.ch\/wp-content\/uploads\/2023\/12\/Enfants_du_Monde_temoignage_aminata_BurkinaFaso-300x300.png 300w, https:\/\/edm.ch\/wp-content\/uploads\/2023\/12\/Enfants_du_Monde_temoignage_aminata_BurkinaFaso-1024x1024.png 1024w, https:\/\/edm.ch\/wp-content\/uploads\/2023\/12\/Enfants_du_Monde_temoignage_aminata_BurkinaFaso-150x150.png 150w, https:\/\/edm.ch\/wp-content\/uploads\/2023\/12\/Enfants_du_Monde_temoignage_aminata_BurkinaFaso-768x768.png 768w, https:\/\/edm.ch\/wp-content\/uploads\/2023\/12\/Enfants_du_Monde_temoignage_aminata_BurkinaFaso-1536x1536.png 1536w\" data-sizes=\"auto\" data-original-sizes=\"(max-width: 1920px) 100vw, 1920px\" \/>\n                                                                            <div class=\"picture-caption\">\n                                            <div class=\"caption-content\"><span>\u00a9 M. Palm, FDC<\/span><\/div>\n                                        <\/div>\n                                                                    <\/a>\n                                <figcaption><\/figcaption>\n                            <\/div>\n                                            <\/div>\n                                                    <div class=\"right\">\n                        <div class=\"content\">\n                            <h2>                                Aminata <small>11 ans, \u00e9l\u00e8ve d\u00e9plac\u00e9e interne<\/small>\n                            <\/h2>                            <div class=\"quote\">                                <p>Apr\u00e8s la fermeture de mon \u00e9cole, je suis rest\u00e9e 2 ans sans aller en classe. Je ne savais m\u00eame plus faire le calcul et la conjugaison. Je ne pensais pas pouvoir retourner un jour \u00e0 l\u2019\u00e9cole et j\u2019\u00e9tais vraiment triste. Gr\u00e2ce aux cours de remise \u00e0 niveau, j\u2019ai pu r\u00e9int\u00e9grer une classe correspondant \u00e0 mon \u00e2ge et aujourd\u2019hui je peux poursuivre mes \u00e9tudes.<\/p>\n                            <\/div>                                                                                <\/div>\n                    <\/div>\n                            <\/div>\n        <\/div>\n    <\/section>\n\n\n    \n    <section class=\"leftTextRightImg \" style=\"display:\">\n        <div class=\"container\">\n            <div class=\"leftTextRightImgRow\">\n                                    <div class=\"right\">\n                                                    <div class=\"imgBlock\">\n                                <a class=\"figure_block\" href=\"https:\/\/edm.ch\/wp-content\/uploads\/2023\/08\/Enfants_du_monde_image_website_mother_with_child-1.png\" data-fancybox data-caption=\"\">\n                                    <img decoding=\"async\" data-src=\"https:\/\/edm.ch\/wp-content\/uploads\/2023\/08\/Enfants_du_monde_image_website_mother_with_child-1.png\" src=\"data:image\/svg+xml;base64,PHN2ZyB3aWR0aD0iMSIgaGVpZ2h0PSIxIiB4bWxucz0iaHR0cDovL3d3dy53My5vcmcvMjAwMC9zdmciPjwvc3ZnPg==\" class=\"lazyload\" style=\"--smush-placeholder-width: 1920px; --smush-placeholder-aspect-ratio: 1920\/1920;\" data-srcset=\"https:\/\/edm.ch\/wp-content\/uploads\/2023\/08\/Enfants_du_monde_image_website_mother_with_child-1.png 1920w, https:\/\/edm.ch\/wp-content\/uploads\/2023\/08\/Enfants_du_monde_image_website_mother_with_child-1-300x300.png 300w, https:\/\/edm.ch\/wp-content\/uploads\/2023\/08\/Enfants_du_monde_image_website_mother_with_child-1-1024x1024.png 1024w, https:\/\/edm.ch\/wp-content\/uploads\/2023\/08\/Enfants_du_monde_image_website_mother_with_child-1-150x150.png 150w, https:\/\/edm.ch\/wp-content\/uploads\/2023\/08\/Enfants_du_monde_image_website_mother_with_child-1-768x768.png 768w, https:\/\/edm.ch\/wp-content\/uploads\/2023\/08\/Enfants_du_monde_image_website_mother_with_child-1-1536x1536.png 1536w\" data-sizes=\"auto\" data-original-sizes=\"(max-width: 1920px) 100vw, 1920px\" \/>\n                                                                            <div class=\"picture-caption\">\n                                            <div class=\"caption-content\"><span>Tougma T\u00e9n\u00e9 SANKARA, coordinateur r\u00e9gional<\/span><\/div>\n                                        <\/div>\n                                                                    <\/a>\n                                <figcaption><\/figcaption>\n                            <\/div>\n                                            <\/div>\n                                                    <div class=\"left\">\n                        <div class=\"content\">\n                            <h2>                                Contacter notre \u00e9quipe <small><\/small>\n                            <\/h2>                                                            <p><strong>Bureau de coordination en Afrique sah\u00e9lienne<\/strong><br \/>\n01 BP 1793 Ouagadougou 01, Burkina Faso<\/p>\n<p><strong>Tougma T\u00e9n\u00e9 Sankara<\/strong><\/p>\n<p><span class=\"TextRun SCXW41731568 BCX0\" lang=\"FR-FR\" xml:lang=\"FR-FR\" data-contrast=\"none\"><span class=\"NormalTextRun SCXW41731568 BCX0\" data-ccp-charstyle=\"Heading 2 Char\" data-ccp-charstyle-defn=\"{&quot;ObjectId&quot;:&quot;2c6e36e0-05fb-5c95-a847-a2927a87b4f4|1&quot;,&quot;ClassId&quot;:1073872969,&quot;Properties&quot;:[201342446,&quot;0&quot;,201342447,&quot;4&quot;,201342448,&quot;2&quot;,201342449,&quot;0&quot;,469777841,&quot;Aptos Display&quot;,469777842,&quot;&quot;,469777843,&quot;&quot;,469777844,&quot;Aptos Display&quot;,201341986,&quot;0&quot;,469769226,&quot;Aptos Display&quot;,268442635,&quot;32&quot;,469775450,&quot;Heading 2 Char&quot;,201340122,&quot;1&quot;,134233614,&quot;true&quot;,469778129,&quot;Heading2Char&quot;,335572020,&quot;9&quot;,335551500,&quot;6375183&quot;,469778324,&quot;Default Paragraph Font&quot;]}\">Coordinateur r\u00e9gional du Sahel<\/span><\/span><br \/>\nT\u00e9l : +226 25 36 08 46<br \/>\nEmail : <a href=\"mailto:edmsahel@fasonet.bf\">edmsahel@fasonet.bf<\/a><\/p>\n                                                                                                            <\/div>\n                    <\/div>\n                            <\/div>\n        <\/div>\n    <\/section>\n\n\n        <section class=\" partnerSec\" style=\"display:\">\n        <div class=\"container\">\n            <h2>Partenaire financier<\/h2>\n            <div class=\"partnerWrap \">\n\n\n                                    \n                        <div class=\"partnerBlock\">\n                            <figure>\n                                                                    <img decoding=\"async\" data-src=\"https:\/\/edm.ch\/wp-content\/uploads\/2023\/12\/logo_fhraoc.png\" src=\"data:image\/svg+xml;base64,PHN2ZyB3aWR0aD0iMSIgaGVpZ2h0PSIxIiB4bWxucz0iaHR0cDovL3d3dy53My5vcmcvMjAwMC9zdmciPjwvc3ZnPg==\" class=\"lazyload\" style=\"--smush-placeholder-width: 628px; --smush-placeholder-aspect-ratio: 628\/311;\" data-srcset=\"https:\/\/edm.ch\/wp-content\/uploads\/2023\/12\/logo_fhraoc.png 628w, https:\/\/edm.ch\/wp-content\/uploads\/2023\/12\/logo_fhraoc-300x149.png 300w\" data-sizes=\"auto\" data-original-sizes=\"(max-width: 628px) 100vw, 628px\">\n                                                            <\/figure>\n                        <\/div>\n                        \n                    \n            <\/div>\n        <\/div>\n    <\/section>\n\n\n        <section class=\" partnerSec\" style=\"display:\">\n        <div class=\"container\">\n            <h2>Partenaire local<\/h2>\n            <div class=\"partnerWrap \">\n\n\n                                    \n                        <div class=\"partnerBlock\">\n                            <figure>\n                                                                    <a href=\"https:\/\/www.tintua.org\/\" target=\"_blank\">\n                                        <img decoding=\"async\" data-src=\"https:\/\/edm.ch\/wp-content\/uploads\/2023\/08\/Association-Tin-Tua-logo-1.png\" src=\"data:image\/svg+xml;base64,PHN2ZyB3aWR0aD0iMSIgaGVpZ2h0PSIxIiB4bWxucz0iaHR0cDovL3d3dy53My5vcmcvMjAwMC9zdmciPjwvc3ZnPg==\" class=\"lazyload\" style=\"--smush-placeholder-width: 628px; --smush-placeholder-aspect-ratio: 628\/311;\" data-srcset=\"https:\/\/edm.ch\/wp-content\/uploads\/2023\/08\/Association-Tin-Tua-logo-1.png 628w, https:\/\/edm.ch\/wp-content\/uploads\/2023\/08\/Association-Tin-Tua-logo-1-300x149.png 300w\" data-sizes=\"auto\" data-original-sizes=\"(max-width: 628px) 100vw, 628px\">\n                                    <\/a>\n                                                            <\/figure>\n                        <\/div>\n                        \n                    \n            <\/div>\n        <\/div>\n    <\/section>","protected":false},"featured_media":0,"parent":0,"template":"","class_list":["post-29285","projects","type-projects","status-publish","hentry"],"acf":[],"yoast_head":"<!-- This site is optimized with the Yoast SEO plugin v26.9 - https:\/\/yoast.com\/product\/yoast-seo-wordpress\/ -->\n<title>\u00c9ducation au Burkina Faso - Urgence - Enfants du Monde<\/title>\n<meta name=\"description\" content=\"Malgr\u00e9 les d\u00e9fis s\u00e9curitaires, nous avons am\u00e9lior\u00e9 l\u2019acc\u00e8s \u00e0 l\u2019\u00e9ducation et \u00e0 l\u2019eau potable pour les populations au Burkina Faso.\" \/>\n<meta name=\"robots\" content=\"index, follow, max-snippet:-1, max-image-preview:large, max-video-preview:-1\" \/>\n<link rel=\"canonical\" href=\"https:\/\/edm.ch\/fr\/burkina-faso-education-et-eau-potable\/\" \/>\n<meta property=\"og:locale\" content=\"fr_FR\" \/>\n<meta property=\"og:type\" content=\"article\" \/>\n<meta property=\"og:title\" content=\"\u00c9ducation au Burkina Faso - Urgence - Enfants du Monde\" \/>\n<meta property=\"og:description\" content=\"Malgr\u00e9 les d\u00e9fis s\u00e9curitaires, nous avons am\u00e9lior\u00e9 l\u2019acc\u00e8s \u00e0 l\u2019\u00e9ducation et \u00e0 l\u2019eau potable pour les populations au Burkina Faso.\" \/>\n<meta property=\"og:url\" content=\"https:\/\/edm.ch\/fr\/burkina-faso-education-et-eau-potable\/\" \/>\n<meta property=\"og:site_name\" content=\"Enfants du monde\" \/>\n<meta property=\"article:modified_time\" content=\"2025-09-04T13:38:10+00:00\" \/>\n<meta name=\"twitter:card\" content=\"summary_large_image\" \/>\n<script type=\"application\/ld+json\" class=\"yoast-schema-graph\">{\"@context\":\"https:\/\/schema.org\",\"@graph\":[{\"@type\":\"WebPage\",\"@id\":\"https:\/\/edm.ch\/fr\/burkina-faso-education-et-eau-potable\/\",\"url\":\"https:\/\/edm.ch\/fr\/burkina-faso-education-et-eau-potable\/\",\"name\":\"\u00c9ducation au Burkina Faso - Urgence - Enfants du Monde\",\"isPartOf\":{\"@id\":\"https:\/\/edm.ch\/en\/#website\"},\"datePublished\":\"2023-12-20T14:40:59+00:00\",\"dateModified\":\"2025-09-04T13:38:10+00:00\",\"description\":\"Malgr\u00e9 les d\u00e9fis s\u00e9curitaires, nous avons am\u00e9lior\u00e9 l\u2019acc\u00e8s \u00e0 l\u2019\u00e9ducation et \u00e0 l\u2019eau potable pour les populations au Burkina Faso.\",\"inLanguage\":\"fr-FR\",\"potentialAction\":[{\"@type\":\"ReadAction\",\"target\":[\"https:\/\/edm.ch\/fr\/burkina-faso-education-et-eau-potable\/\"]}]},{\"@type\":\"WebSite\",\"@id\":\"https:\/\/edm.ch\/en\/#website\",\"url\":\"https:\/\/edm.ch\/en\/\",\"name\":\"Enfants du monde\",\"description\":\"Association suisse\",\"potentialAction\":[{\"@type\":\"SearchAction\",\"target\":{\"@type\":\"EntryPoint\",\"urlTemplate\":\"https:\/\/edm.ch\/en\/?s={search_term_string}\"},\"query-input\":{\"@type\":\"PropertyValueSpecification\",\"valueRequired\":true,\"valueName\":\"search_term_string\"}}],\"inLanguage\":\"fr-FR\"}]}<\/script>\n<!-- \/ Yoast SEO plugin. -->","yoast_head_json":{"title":"\u00c9ducation au Burkina Faso - Urgence - Enfants du Monde","description":"Malgr\u00e9 les d\u00e9fis s\u00e9curitaires, nous avons am\u00e9lior\u00e9 l\u2019acc\u00e8s \u00e0 l\u2019\u00e9ducation et \u00e0 l\u2019eau potable pour les populations au Burkina Faso.","robots":{"index":"index","follow":"follow","max-snippet":"max-snippet:-1","max-image-preview":"max-image-preview:large","max-video-preview":"max-video-preview:-1"},"canonical":"https:\/\/edm.ch\/fr\/burkina-faso-education-et-eau-potable\/","og_locale":"fr_FR","og_type":"article","og_title":"\u00c9ducation au Burkina Faso - Urgence - Enfants du Monde","og_description":"Malgr\u00e9 les d\u00e9fis s\u00e9curitaires, nous avons am\u00e9lior\u00e9 l\u2019acc\u00e8s \u00e0 l\u2019\u00e9ducation et \u00e0 l\u2019eau potable pour les populations au Burkina Faso.","og_url":"https:\/\/edm.ch\/fr\/burkina-faso-education-et-eau-potable\/","og_site_name":"Enfants du monde","article_modified_time":"2025-09-04T13:38:10+00:00","twitter_card":"summary_large_image","schema":{"@context":"https:\/\/schema.org","@graph":[{"@type":"WebPage","@id":"https:\/\/edm.ch\/fr\/burkina-faso-education-et-eau-potable\/","url":"https:\/\/edm.ch\/fr\/burkina-faso-education-et-eau-potable\/","name":"\u00c9ducation au Burkina Faso - Urgence - Enfants du Monde","isPartOf":{"@id":"https:\/\/edm.ch\/en\/#website"},"datePublished":"2023-12-20T14:40:59+00:00","dateModified":"2025-09-04T13:38:10+00:00","description":"Malgr\u00e9 les d\u00e9fis s\u00e9curitaires, nous avons am\u00e9lior\u00e9 l\u2019acc\u00e8s \u00e0 l\u2019\u00e9ducation et \u00e0 l\u2019eau potable pour les populations au Burkina Faso.","inLanguage":"fr-FR","potentialAction":[{"@type":"ReadAction","target":["https:\/\/edm.ch\/fr\/burkina-faso-education-et-eau-potable\/"]}]},{"@type":"WebSite","@id":"https:\/\/edm.ch\/en\/#website","url":"https:\/\/edm.ch\/en\/","name":"Enfants du monde","description":"Association suisse","potentialAction":[{"@type":"SearchAction","target":{"@type":"EntryPoint","urlTemplate":"https:\/\/edm.ch\/en\/?s={search_term_string}"},"query-input":{"@type":"PropertyValueSpecification","valueRequired":true,"valueName":"search_term_string"}}],"inLanguage":"fr-FR"}]}},"_links":{"self":[{"href":"https:\/\/edm.ch\/fr\/wp-json\/wp\/v2\/projects\/29285","targetHints":{"allow":["GET"]}}],"collection":[{"href":"https:\/\/edm.ch\/fr\/wp-json\/wp\/v2\/projects"}],"about":[{"href":"https:\/\/edm.ch\/fr\/wp-json\/wp\/v2\/types\/projects"}],"wp:attachment":[{"href":"https:\/\/edm.ch\/fr\/wp-json\/wp\/v2\/media?parent=29285"}],"curies":[{"name":"wp","href":"https:\/\/api.w.org\/{rel}","templated":true}]}}