{"id":35767,"date":"2025-04-10T07:48:21","date_gmt":"2025-04-10T07:48:21","guid":{"rendered":"https:\/\/edm.ch\/?page_id=35767"},"modified":"2025-06-24T07:55:58","modified_gmt":"2025-06-24T07:55:58","slug":"ag-2025","status":"publish","type":"page","link":"https:\/\/edm.ch\/fr\/ag-2025\/","title":{"rendered":"Inscription Assembl\u00e9e g\u00e9n\u00e9rale 2025"},"content":{"rendered":"<section class=\"subpageBanner\" style=\"display:\">\n    <div class=\"subpageBannerBlock figure_block\">\n        <img decoding=\"async\" data-src=\"https:\/\/edm.ch\/wp-content\/uploads\/2024\/05\/Enfants_du_Monde_Guatemala_sourire_education.png\" src=\"data:image\/svg+xml;base64,PHN2ZyB3aWR0aD0iMSIgaGVpZ2h0PSIxIiB4bWxucz0iaHR0cDovL3d3dy53My5vcmcvMjAwMC9zdmciPjwvc3ZnPg==\" class=\"lazyload\" style=\"--smush-placeholder-width: 2500px; --smush-placeholder-aspect-ratio: 2500\/1080;\" data-srcset=\"https:\/\/edm.ch\/wp-content\/uploads\/2024\/05\/Enfants_du_Monde_Guatemala_sourire_education.png 2500w, https:\/\/edm.ch\/wp-content\/uploads\/2024\/05\/Enfants_du_Monde_Guatemala_sourire_education-300x130.png 300w, https:\/\/edm.ch\/wp-content\/uploads\/2024\/05\/Enfants_du_Monde_Guatemala_sourire_education-1024x442.png 1024w, https:\/\/edm.ch\/wp-content\/uploads\/2024\/05\/Enfants_du_Monde_Guatemala_sourire_education-768x332.png 768w, https:\/\/edm.ch\/wp-content\/uploads\/2024\/05\/Enfants_du_Monde_Guatemala_sourire_education-1536x664.png 1536w, https:\/\/edm.ch\/wp-content\/uploads\/2024\/05\/Enfants_du_Monde_Guatemala_sourire_education-2048x885.png 2048w\" data-sizes=\"auto\" data-original-sizes=\"(max-width: 2500px) 100vw, 2500px\" \/>\n        <div class=\"subpageBannerWrap\">\n            <div class=\"container\">\n                <div class=\"content\">\n                    <div>\n                        <span class=\"bannerHead\">Table-ronde : \u00ab\u00a0Investissons dans l\u2019\u00e9ducation de base pour promouvoir une soci\u00e9t\u00e9 en paix !\u00a0\u00bb le 26 juin<\/span>\n                        <h1><\/h1>\n                    <\/div>\n                                    <\/div>\n            <\/div>\n        <\/div>\n            <\/div>\n<\/section>\n<script type=\"text\/javascript\">\n    jQuery(document).ready(function ($) {\n        \/\/ Check if the block exists\n        var bannerSection = $('#subpage-banner-section');\n\n        if (bannerSection.length > 0) {\n            \/\/ Move the block to the end of <main> just before the footer\n            $('main').append(bannerSection); \/\/ This will append it inside the <main> tag\n        }\n\n        $('.documentAccordion').on('click', function (e) {\n            e.preventDefault();  \/\/ Prevent default link action\n\n            \/\/ Target the section with the given ID\n            $('html, body').animate({\n                scrollTop: $('#subpage-banner-section').offset().top - 200\n            }, 1000);\n        });\n    });\n<\/script>\n\n        <section class=\"contentSec\" style=\"display:\">\n        <div class=\"container\">\n            <div class=\"contentBlock\">\n                <h5><\/h5>\n                <p><strong>Adresse :<\/strong> Rue de Varemb\u00e9 1, 1202 Gen\u00e8ve<\/p>\n<p><strong>Les inscriptions pour l&rsquo;\u00e9v\u00e8nement sont d\u00e9sormais termin\u00e9es.<\/strong><\/p>\n                            <\/div>\n        <\/div>\n    <\/section>","protected":false},"excerpt":{"rendered":"","protected":false},"author":3,"featured_media":0,"parent":0,"menu_order":0,"comment_status":"closed","ping_status":"closed","template":"","meta":{"_acf_changed":false,"inline_featured_image":false,"footnotes":""},"class_list":["post-35767","page","type-page","status-publish","hentry"],"acf":[],"yoast_head":"<!-- This site is optimized with the Yoast SEO plugin v26.9 - https:\/\/yoast.com\/product\/yoast-seo-wordpress\/ -->\n<title>Inscription Assembl\u00e9e g\u00e9n\u00e9rale 2025 - Enfants du monde<\/title>\n<meta name=\"robots\" content=\"index, follow, max-snippet:-1, max-image-preview:large, max-video-preview:-1\" \/>\n<link rel=\"canonical\" href=\"https:\/\/edm.ch\/fr\/ag-2025\/\" \/>\n<meta property=\"og:locale\" content=\"fr_FR\" \/>\n<meta property=\"og:type\" content=\"article\" \/>\n<meta property=\"og:title\" content=\"Inscription Assembl\u00e9e g\u00e9n\u00e9rale 2025 - Enfants du monde\" \/>\n<meta property=\"og:url\" content=\"https:\/\/edm.ch\/fr\/ag-2025\/\" \/>\n<meta property=\"og:site_name\" content=\"Enfants du monde\" \/>\n<meta property=\"article:modified_time\" content=\"2025-06-24T07:55:58+00:00\" \/>\n<meta name=\"twitter:card\" content=\"summary_large_image\" \/>\n<script type=\"application\/ld+json\" class=\"yoast-schema-graph\">{\"@context\":\"https:\/\/schema.org\",\"@graph\":[{\"@type\":\"WebPage\",\"@id\":\"https:\/\/edm.ch\/fr\/ag-2025\/\",\"url\":\"https:\/\/edm.ch\/fr\/ag-2025\/\",\"name\":\"Inscription Assembl\u00e9e g\u00e9n\u00e9rale 2025 - Enfants du monde\",\"isPartOf\":{\"@id\":\"https:\/\/edm.ch\/en\/#website\"},\"datePublished\":\"2025-04-10T07:48:21+00:00\",\"dateModified\":\"2025-06-24T07:55:58+00:00\",\"inLanguage\":\"fr-FR\",\"potentialAction\":[{\"@type\":\"ReadAction\",\"target\":[\"https:\/\/edm.ch\/fr\/ag-2025\/\"]}]},{\"@type\":\"WebSite\",\"@id\":\"https:\/\/edm.ch\/en\/#website\",\"url\":\"https:\/\/edm.ch\/en\/\",\"name\":\"Enfants du monde\",\"description\":\"Association suisse\",\"potentialAction\":[{\"@type\":\"SearchAction\",\"target\":{\"@type\":\"EntryPoint\",\"urlTemplate\":\"https:\/\/edm.ch\/en\/?s={search_term_string}\"},\"query-input\":{\"@type\":\"PropertyValueSpecification\",\"valueRequired\":true,\"valueName\":\"search_term_string\"}}],\"inLanguage\":\"fr-FR\"}]}<\/script>\n<!-- \/ Yoast SEO plugin. -->","yoast_head_json":{"title":"Inscription Assembl\u00e9e g\u00e9n\u00e9rale 2025 - Enfants du monde","robots":{"index":"index","follow":"follow","max-snippet":"max-snippet:-1","max-image-preview":"max-image-preview:large","max-video-preview":"max-video-preview:-1"},"canonical":"https:\/\/edm.ch\/fr\/ag-2025\/","og_locale":"fr_FR","og_type":"article","og_title":"Inscription Assembl\u00e9e g\u00e9n\u00e9rale 2025 - Enfants du monde","og_url":"https:\/\/edm.ch\/fr\/ag-2025\/","og_site_name":"Enfants du monde","article_modified_time":"2025-06-24T07:55:58+00:00","twitter_card":"summary_large_image","schema":{"@context":"https:\/\/schema.org","@graph":[{"@type":"WebPage","@id":"https:\/\/edm.ch\/fr\/ag-2025\/","url":"https:\/\/edm.ch\/fr\/ag-2025\/","name":"Inscription Assembl\u00e9e g\u00e9n\u00e9rale 2025 - Enfants du monde","isPartOf":{"@id":"https:\/\/edm.ch\/en\/#website"},"datePublished":"2025-04-10T07:48:21+00:00","dateModified":"2025-06-24T07:55:58+00:00","inLanguage":"fr-FR","potentialAction":[{"@type":"ReadAction","target":["https:\/\/edm.ch\/fr\/ag-2025\/"]}]},{"@type":"WebSite","@id":"https:\/\/edm.ch\/en\/#website","url":"https:\/\/edm.ch\/en\/","name":"Enfants du monde","description":"Association suisse","potentialAction":[{"@type":"SearchAction","target":{"@type":"EntryPoint","urlTemplate":"https:\/\/edm.ch\/en\/?s={search_term_string}"},"query-input":{"@type":"PropertyValueSpecification","valueRequired":true,"valueName":"search_term_string"}}],"inLanguage":"fr-FR"}]}},"_links":{"self":[{"href":"https:\/\/edm.ch\/fr\/wp-json\/wp\/v2\/pages\/35767","targetHints":{"allow":["GET"]}}],"collection":[{"href":"https:\/\/edm.ch\/fr\/wp-json\/wp\/v2\/pages"}],"about":[{"href":"https:\/\/edm.ch\/fr\/wp-json\/wp\/v2\/types\/page"}],"author":[{"embeddable":true,"href":"https:\/\/edm.ch\/fr\/wp-json\/wp\/v2\/users\/3"}],"replies":[{"embeddable":true,"href":"https:\/\/edm.ch\/fr\/wp-json\/wp\/v2\/comments?post=35767"}],"version-history":[{"count":13,"href":"https:\/\/edm.ch\/fr\/wp-json\/wp\/v2\/pages\/35767\/revisions"}],"predecessor-version":[{"id":36276,"href":"https:\/\/edm.ch\/fr\/wp-json\/wp\/v2\/pages\/35767\/revisions\/36276"}],"wp:attachment":[{"href":"https:\/\/edm.ch\/fr\/wp-json\/wp\/v2\/media?parent=35767"}],"curies":[{"name":"wp","href":"https:\/\/api.w.org\/{rel}","templated":true}]}}