{"id":2700,"date":"2023-08-15T10:13:19","date_gmt":"2023-08-15T10:13:19","guid":{"rendered":"https:\/\/edm.ch\/?page_id=2700"},"modified":"2024-07-12T11:40:23","modified_gmt":"2024-07-12T11:40:23","slug":"covid-19","status":"publish","type":"page","link":"https:\/\/edm.ch\/fr\/covid-19\/","title":{"rendered":"COVID-19"},"content":{"rendered":"<section class=\"subpageBanner\" style=\"display:\">\n    <div class=\"subpageBannerBlock figure_block\">\n        <img decoding=\"async\" data-src=\"https:\/\/edm.ch\/wp-content\/uploads\/2023\/08\/Enfants_du_monde_website_image_banner_covid19.png\" src=\"data:image\/svg+xml;base64,PHN2ZyB3aWR0aD0iMSIgaGVpZ2h0PSIxIiB4bWxucz0iaHR0cDovL3d3dy53My5vcmcvMjAwMC9zdmciPjwvc3ZnPg==\" class=\"lazyload\" style=\"--smush-placeholder-width: 2500px; --smush-placeholder-aspect-ratio: 2500\/800;\" data-srcset=\"https:\/\/edm.ch\/wp-content\/uploads\/2023\/08\/Enfants_du_monde_website_image_banner_covid19.png 2500w, https:\/\/edm.ch\/wp-content\/uploads\/2023\/08\/Enfants_du_monde_website_image_banner_covid19-300x96.png 300w, https:\/\/edm.ch\/wp-content\/uploads\/2023\/08\/Enfants_du_monde_website_image_banner_covid19-1024x328.png 1024w, https:\/\/edm.ch\/wp-content\/uploads\/2023\/08\/Enfants_du_monde_website_image_banner_covid19-768x246.png 768w, https:\/\/edm.ch\/wp-content\/uploads\/2023\/08\/Enfants_du_monde_website_image_banner_covid19-1536x492.png 1536w, https:\/\/edm.ch\/wp-content\/uploads\/2023\/08\/Enfants_du_monde_website_image_banner_covid19-2048x655.png 2048w\" data-sizes=\"auto\" data-original-sizes=\"(max-width: 2500px) 100vw, 2500px\" \/>\n        <div class=\"subpageBannerWrap\">\n            <div class=\"container\">\n                <div class=\"content\">\n                    <div>\n                        <span class=\"bannerHead\"><\/span>\n                        <h1>Nos actions face \u00e0 la COVID-19<\/h1>\n                    <\/div>\n                                    <\/div>\n            <\/div>\n        <\/div>\n            <\/div>\n<\/section>\n<script type=\"text\/javascript\">\n    jQuery(document).ready(function ($) {\n        \/\/ Check if the block exists\n        var bannerSection = $('#subpage-banner-section');\n\n        if (bannerSection.length > 0) {\n            \/\/ Move the block to the end of <main> just before the footer\n            $('main').append(bannerSection); \/\/ This will append it inside the <main> tag\n        }\n\n        $('.documentAccordion').on('click', function (e) {\n            e.preventDefault();  \/\/ Prevent default link action\n\n            \/\/ Target the section with the given ID\n            $('html, body').animate({\n                scrollTop: $('#subpage-banner-section').offset().top - 200\n            }, 1000);\n        });\n    });\n<\/script>\n\n\n        <section class=\" countSec\" style=\"display:\">\n        <div class=\"container\">\n            <div class=\"countHolder\">\n                <h2>De 2020 \u00e0 2022<\/h2>\n                <div class=\"countBlock\">\n                    <div class=\"countRow\">\n\n                        \n                            <div class=\"countCol\">\n                                <div class=\"countColInner\">\n                                    <div class=\"imgBlock\">\n                                    <img decoding=\"async\" data-src=\"https:\/\/edm.ch\/wp-content\/uploads\/2023\/08\/Picto-femme-enceinte.png\" src=\"data:image\/svg+xml;base64,PHN2ZyB3aWR0aD0iMSIgaGVpZ2h0PSIxIiB4bWxucz0iaHR0cDovL3d3dy53My5vcmcvMjAwMC9zdmciPjwvc3ZnPg==\" class=\"lazyload\" style=\"--smush-placeholder-width: 160px; --smush-placeholder-aspect-ratio: 160\/160;\" data-srcset=\"https:\/\/edm.ch\/wp-content\/uploads\/2023\/08\/Picto-femme-enceinte.png 160w, https:\/\/edm.ch\/wp-content\/uploads\/2023\/08\/Picto-femme-enceinte-150x150.png 150w\" data-sizes=\"auto\" data-original-sizes=\"(max-width: 160px) 100vw, 160px\" \/>\n                                    <\/div>\n                                    <div class=\"content\">\n                                    <h2>968\u202f349<\/h2>\n                                    <p>femmes enceintes ont b\u00e9n\u00e9fici\u00e9 d\u2019un suivi<\/p>\n                                    <\/div>\n                                <\/div>\n                            <\/div>\n\n                        \n                            <div class=\"countCol\">\n                                <div class=\"countColInner\">\n                                    <div class=\"imgBlock\">\n                                    <img decoding=\"async\" data-src=\"https:\/\/edm.ch\/wp-content\/uploads\/2023\/08\/Picto-enfant.png\" src=\"data:image\/svg+xml;base64,PHN2ZyB3aWR0aD0iMSIgaGVpZ2h0PSIxIiB4bWxucz0iaHR0cDovL3d3dy53My5vcmcvMjAwMC9zdmciPjwvc3ZnPg==\" class=\"lazyload\" style=\"--smush-placeholder-width: 160px; --smush-placeholder-aspect-ratio: 160\/160;\" data-srcset=\"https:\/\/edm.ch\/wp-content\/uploads\/2023\/08\/Picto-enfant.png 160w, https:\/\/edm.ch\/wp-content\/uploads\/2023\/08\/Picto-enfant-150x150.png 150w\" data-sizes=\"auto\" data-original-sizes=\"(max-width: 160px) 100vw, 160px\" \/>\n                                    <\/div>\n                                    <div class=\"content\">\n                                    <h2>27 182<\/h2>\n                                    <p>\u00e9l\u00e8ves ont \u00e9t\u00e9 prot\u00e9g\u00e9s et soutenus<\/p>\n                                    <\/div>\n                                <\/div>\n                            <\/div>\n\n                        \n                            <div class=\"countCol\">\n                                <div class=\"countColInner\">\n                                    <div class=\"imgBlock\">\n                                    <img decoding=\"async\" data-src=\"https:\/\/edm.ch\/wp-content\/uploads\/2023\/08\/Picto-medecin.png\" src=\"data:image\/svg+xml;base64,PHN2ZyB3aWR0aD0iMSIgaGVpZ2h0PSIxIiB4bWxucz0iaHR0cDovL3d3dy53My5vcmcvMjAwMC9zdmciPjwvc3ZnPg==\" class=\"lazyload\" style=\"--smush-placeholder-width: 160px; --smush-placeholder-aspect-ratio: 160\/160;\" data-srcset=\"https:\/\/edm.ch\/wp-content\/uploads\/2023\/08\/Picto-medecin.png 160w, https:\/\/edm.ch\/wp-content\/uploads\/2023\/08\/Picto-medecin-150x150.png 150w\" data-sizes=\"auto\" data-original-sizes=\"(max-width: 160px) 100vw, 160px\" \/>\n                                    <\/div>\n                                    <div class=\"content\">\n                                    <h2>3\u202f783<\/h2>\n                                    <p>personnels de sant\u00e9 ont \u00e9t\u00e9 form\u00e9s et prot\u00e9g\u00e9s<\/p>\n                                    <\/div>\n                                <\/div>\n                            <\/div>\n\n                        \n                    <\/div>\n                <\/div>\n                <div class=\"countBlockText\"><p><\/p><\/div>\n            <\/div>\n        <\/div>\n    <\/section>\n\n        <section class=\"contentSec\" style=\"display:\">\n        <div class=\"container\">\n            <div class=\"contentBlock\">\n                <h5>Adaptation des programmes au contexte de la crise sanitaire<\/h5>\n                <p>Suite \u00e0 l&rsquo;\u00e9pid\u00e9mie de COVID-19 en mars 2020, toutes les \u00e9quipes d\u2019Enfants du Monde se sont mobilis\u00e9es pour adapter les programmes de l&rsquo;association, en collaboration avec les partenaires sur place et les Minist\u00e8res de la sant\u00e9, afin de prot\u00e9ger nos b\u00e9n\u00e9ficiaires et notre personnel, soutenir les syst\u00e8mes de sant\u00e9 et r\u00e9orienter les activit\u00e9s en fonction de l\u2019\u00e9volution de la situation dans nos pays d\u2019intervention.<\/p>\n                            <\/div>\n        <\/div>\n    <\/section>\n\n        <section class=\"contentSec\" style=\"display:\">\n        <div class=\"container\">\n            <div class=\"contentBlock\">\n                <h5>Quel a \u00e9t\u00e9 l\u2019impact sur nos pays d\u2019intervention ?<\/h5>\n                <p>Les services de sant\u00e9 dans les pays d\u2019intervention d\u2019Enfants du Monde (tels que le Bangladesh, le Burkina Faso, le Niger, le Salvador\u2026) sont fragiles, mal financ\u00e9s, peu organis\u00e9s et mal \u00e9quip\u00e9s pour une prise en charge ad\u00e9quate des cas s\u00e9v\u00e8res de COVID-19 et des patients n\u00e9cessitant des soins intensifs. C\u2019est pourquoi notre ONG suisse, \u00e0 travers ses partenaires locaux, est venue en aide aux gouvernements de ses pays d&rsquo;intervention avec notamment la mise en place de\u202f<strong>mesures de pr\u00e9vention et de contr\u00f4le de l&rsquo;infection\u202fdans les structures sanitaires<\/strong> ; l\u2019\u00e9laboration d\u2019une\u202fc<strong>ommunication efficace au niveau communautaire<\/strong>\u202f; la\u202f<strong>formation du personnel soignant<\/strong>\u202f; et le renforcement de la coordination entre les diff\u00e9rents acteurs pour enrayer la<strong>\u202fpropagation de la COVID-19.<\/strong><\/p>\n                            <\/div>\n        <\/div>\n    <\/section>\n\n\n    <section class=\" imageSec\" style=\"display:\">\n      <div class=\"container\">\n        <figure>\n          <img decoding=\"async\" data-src=\"https:\/\/edm.ch\/wp-content\/uploads\/2023\/08\/RS6966_2020_EdM_COVID19_Carte-e1692094729149.jpg\" src=\"data:image\/svg+xml;base64,PHN2ZyB3aWR0aD0iMSIgaGVpZ2h0PSIxIiB4bWxucz0iaHR0cDovL3d3dy53My5vcmcvMjAwMC9zdmciPjwvc3ZnPg==\" class=\"lazyload\" style=\"--smush-placeholder-width: 1920px; --smush-placeholder-aspect-ratio: 1920\/1359;\">\n        <\/figure>\n      <\/div>\n    <\/section>\n\n\n    \n    <section class=\"quoteImage rightTextLeftImg \" style=\"display:\">\n        <div class=\"container\">\n            <div class=\"rightTextLeftImgRow\">\n                                    <div class=\"left\">\n                                                    <div class=\"imgBlock\">\n                                <a class=\"figure_block\" href=\"https:\/\/edm.ch\/wp-content\/uploads\/2023\/08\/Enfants_du_monde_website_image_temoignage_covid19.png\" data-fancybox data-caption=\"\">\n                                    <img decoding=\"async\" data-src=\"https:\/\/edm.ch\/wp-content\/uploads\/2023\/08\/Enfants_du_monde_website_image_temoignage_covid19.png\" src=\"data:image\/svg+xml;base64,PHN2ZyB3aWR0aD0iMSIgaGVpZ2h0PSIxIiB4bWxucz0iaHR0cDovL3d3dy53My5vcmcvMjAwMC9zdmciPjwvc3ZnPg==\" class=\"lazyload\" style=\"--smush-placeholder-width: 1920px; --smush-placeholder-aspect-ratio: 1920\/1920;\" data-srcset=\"https:\/\/edm.ch\/wp-content\/uploads\/2023\/08\/Enfants_du_monde_website_image_temoignage_covid19.png 1920w, https:\/\/edm.ch\/wp-content\/uploads\/2023\/08\/Enfants_du_monde_website_image_temoignage_covid19-300x300.png 300w, https:\/\/edm.ch\/wp-content\/uploads\/2023\/08\/Enfants_du_monde_website_image_temoignage_covid19-1024x1024.png 1024w, https:\/\/edm.ch\/wp-content\/uploads\/2023\/08\/Enfants_du_monde_website_image_temoignage_covid19-150x150.png 150w, https:\/\/edm.ch\/wp-content\/uploads\/2023\/08\/Enfants_du_monde_website_image_temoignage_covid19-768x768.png 768w, https:\/\/edm.ch\/wp-content\/uploads\/2023\/08\/Enfants_du_monde_website_image_temoignage_covid19-1536x1536.png 1536w\" data-sizes=\"auto\" data-original-sizes=\"(max-width: 1920px) 100vw, 1920px\" \/>\n                                                                    <\/a>\n                                <figcaption><\/figcaption>\n                            <\/div>\n                                            <\/div>\n                                                    <div class=\"right\">\n                        <div class=\"content\">\n                            <h2>                                Elsa Cortez, <small>Infirmi\u00e8re, El Salvador<\/small>\n                            <\/h2>                            <div class=\"quote\">                                <p>Les \u00e9quipements de protection individuels (qui ont \u00e9t\u00e9 financ\u00e9s par Enfants du Monde) seront utilis\u00e9s par le personnel soignant puis lors des soins (bonnets, masques, lunettes, surblouses). Nous appr\u00e9cions ce don et nous esp\u00e9rons en recevoir d\u2019autres.<\/p>\n                            <\/div>                                                                                <\/div>\n                    <\/div>\n                            <\/div>\n        <\/div>\n    <\/section>\n\n        <section class=\"contentSec\" style=\"display:\">\n        <div class=\"container\">\n            <div class=\"contentBlock\">\n                <h5>Pr\u00e9venir la propagation de la COVID-19<\/h5>\n                <p>Les premi\u00e8res actions men\u00e9es par Enfants du Monde, en collaboration avec les Minist\u00e8res de la sant\u00e9 et nos partenaires locaux, se sont concentr\u00e9es sur la pr\u00e9vention pour enrayer la propagation de l&rsquo;\u00e9pid\u00e9mie.<\/p>\n                            <\/div>\n        <\/div>\n    <\/section>\n\n\n    <section class=\"activitySec\" style=\"display:\">\n      <div class=\"container\">\n        <div class=\"secTitle\">\n            <h2><\/h2>\n        <\/div>\n        <div class=\"activityRow\">\n\n            \n                <div class=\"activityCol\">\n                    <div class=\"activityColInner\">\n                        <div class=\"imgBlock\">\n                                                            <img decoding=\"async\" data-src=\"https:\/\/edm.ch\/wp-content\/uploads\/2023\/08\/Burkina-Faso_Covid19.png\" alt=\"EMD-img\" src=\"data:image\/svg+xml;base64,PHN2ZyB3aWR0aD0iMSIgaGVpZ2h0PSIxIiB4bWxucz0iaHR0cDovL3d3dy53My5vcmcvMjAwMC9zdmciPjwvc3ZnPg==\" class=\"lazyload\" style=\"--smush-placeholder-width: 1000px; --smush-placeholder-aspect-ratio: 1000\/1392;\" data-srcset=\"https:\/\/edm.ch\/wp-content\/uploads\/2023\/08\/Burkina-Faso_Covid19.png 1000w, https:\/\/edm.ch\/wp-content\/uploads\/2023\/08\/Burkina-Faso_Covid19-216x300.png 216w, https:\/\/edm.ch\/wp-content\/uploads\/2023\/08\/Burkina-Faso_Covid19-736x1024.png 736w, https:\/\/edm.ch\/wp-content\/uploads\/2023\/08\/Burkina-Faso_Covid19-768x1069.png 768w\" data-sizes=\"auto\" data-original-sizes=\"(max-width: 1000px) 100vw, 1000px\" \/>\n                                                    <\/div>\n                        <div class=\"contentBlock\">\n                            <h3>Burkina Faso<\/h3>\n                            <p>Cr\u00e9ation d&rsquo;affiches de pr\u00e9vention pour les centres de sant\u00e9.<\/p>\n                                                    <\/div>\n                    <\/div>\n                <\/div>\n\n            \n                <div class=\"activityCol\">\n                    <div class=\"activityColInner\">\n                        <div class=\"imgBlock\">\n                                                            <img decoding=\"async\" data-src=\"https:\/\/edm.ch\/wp-content\/uploads\/2023\/08\/Bangladesh_Covid_19.jpg\" alt=\"EMD-img\" src=\"data:image\/svg+xml;base64,PHN2ZyB3aWR0aD0iMSIgaGVpZ2h0PSIxIiB4bWxucz0iaHR0cDovL3d3dy53My5vcmcvMjAwMC9zdmciPjwvc3ZnPg==\" class=\"lazyload\" style=\"--smush-placeholder-width: 816px; --smush-placeholder-aspect-ratio: 816\/612;\" data-srcset=\"https:\/\/edm.ch\/wp-content\/uploads\/2023\/08\/Bangladesh_Covid_19.jpg 816w, https:\/\/edm.ch\/wp-content\/uploads\/2023\/08\/Bangladesh_Covid_19-300x225.jpg 300w, https:\/\/edm.ch\/wp-content\/uploads\/2023\/08\/Bangladesh_Covid_19-768x576.jpg 768w\" data-sizes=\"auto\" data-original-sizes=\"(max-width: 816px) 100vw, 816px\" \/>\n                                                    <\/div>\n                        <div class=\"contentBlock\">\n                            <h3>Bangladesh<\/h3>\n                            <p>Mesures de s\u00e9curit\u00e9 prises par le gouvernement.<\/p>\n                                                    <\/div>\n                    <\/div>\n                <\/div>\n\n            \n                <div class=\"activityCol\">\n                    <div class=\"activityColInner\">\n                        <div class=\"imgBlock\">\n                                                            <img decoding=\"async\" data-src=\"https:\/\/edm.ch\/wp-content\/uploads\/2023\/08\/Bangladesh_Covid.jpg\" alt=\"EMD-img\" src=\"data:image\/svg+xml;base64,PHN2ZyB3aWR0aD0iMSIgaGVpZ2h0PSIxIiB4bWxucz0iaHR0cDovL3d3dy53My5vcmcvMjAwMC9zdmciPjwvc3ZnPg==\" class=\"lazyload\" style=\"--smush-placeholder-width: 600px; --smush-placeholder-aspect-ratio: 600\/400;\" data-srcset=\"https:\/\/edm.ch\/wp-content\/uploads\/2023\/08\/Bangladesh_Covid.jpg 600w, https:\/\/edm.ch\/wp-content\/uploads\/2023\/08\/Bangladesh_Covid-300x200.png 300w\" data-sizes=\"auto\" data-original-sizes=\"(max-width: 600px) 100vw, 600px\" \/>\n                                                    <\/div>\n                        <div class=\"contentBlock\">\n                            <h3>Bangladesh<\/h3>\n                            <p>Informer et prot\u00e9ger la population.<\/p>\n                                                    <\/div>\n                    <\/div>\n                <\/div>\n\n                        \n        <\/div>\n      <\/div>\n    <\/section>\n\n        <section class=\"contentSec\" style=\"display:\">\n        <div class=\"container\">\n            <div class=\"contentBlock\">\n                <h5>Sensibiliser les femmes enceintes et leurs communaut\u00e9s aux gestes barri\u00e8res<\/h5>\n                <p>Enfants du Monde a collabor\u00e9 avec ses partenaires locaux au Burkina Faso et \u00e0 El Salvador pour informer et ainsi prot\u00e9ger les femmes enceintes dans le contexte de la crise sanitaire.<\/p>\n                            <\/div>\n        <\/div>\n    <\/section>\n\n\n    <section class=\"activitySec\" style=\"display:\">\n      <div class=\"container\">\n        <div class=\"secTitle\">\n            <h2><\/h2>\n        <\/div>\n        <div class=\"activityRow\">\n\n            \n                <div class=\"activityCol\">\n                    <div class=\"activityColInner\">\n                        <div class=\"imgBlock\">\n                                                            <img decoding=\"async\" data-src=\"https:\/\/edm.ch\/wp-content\/uploads\/2023\/08\/Burkina-Faso_Mon-bebe-et-moi_Covid.png\" alt=\"EMD-img\" src=\"data:image\/svg+xml;base64,PHN2ZyB3aWR0aD0iMSIgaGVpZ2h0PSIxIiB4bWxucz0iaHR0cDovL3d3dy53My5vcmcvMjAwMC9zdmciPjwvc3ZnPg==\" class=\"lazyload\" style=\"--smush-placeholder-width: 820px; --smush-placeholder-aspect-ratio: 820\/440;\" data-srcset=\"https:\/\/edm.ch\/wp-content\/uploads\/2023\/08\/Burkina-Faso_Mon-bebe-et-moi_Covid.png 820w, https:\/\/edm.ch\/wp-content\/uploads\/2023\/08\/Burkina-Faso_Mon-bebe-et-moi_Covid-300x161.png 300w, https:\/\/edm.ch\/wp-content\/uploads\/2023\/08\/Burkina-Faso_Mon-bebe-et-moi_Covid-768x412.png 768w\" data-sizes=\"auto\" data-original-sizes=\"(max-width: 820px) 100vw, 820px\" \/>\n                                                    <\/div>\n                        <div class=\"contentBlock\">\n                            <h3>Burkina Faso<\/h3>\n                            <p>Une application mobile pour informer les femmes enceintes.<\/p>\n                                                    <\/div>\n                    <\/div>\n                <\/div>\n\n            \n                <div class=\"activityCol\">\n                    <div class=\"activityColInner\">\n                        <div class=\"imgBlock\">\n                                                            <img decoding=\"async\" data-src=\"https:\/\/edm.ch\/wp-content\/uploads\/2023\/08\/El-Salvador_Covid-scaled.jpg\" alt=\"EMD-img\" src=\"data:image\/svg+xml;base64,PHN2ZyB3aWR0aD0iMSIgaGVpZ2h0PSIxIiB4bWxucz0iaHR0cDovL3d3dy53My5vcmcvMjAwMC9zdmciPjwvc3ZnPg==\" class=\"lazyload\" style=\"--smush-placeholder-width: 2560px; --smush-placeholder-aspect-ratio: 2560\/1920;\" data-srcset=\"https:\/\/edm.ch\/wp-content\/uploads\/2023\/08\/El-Salvador_Covid-scaled.jpg 2560w, https:\/\/edm.ch\/wp-content\/uploads\/2023\/08\/El-Salvador_Covid-300x225.jpg 300w, https:\/\/edm.ch\/wp-content\/uploads\/2023\/08\/El-Salvador_Covid-1024x768.jpg 1024w, https:\/\/edm.ch\/wp-content\/uploads\/2023\/08\/El-Salvador_Covid-768x576.jpg 768w, https:\/\/edm.ch\/wp-content\/uploads\/2023\/08\/El-Salvador_Covid-1536x1152.jpg 1536w, https:\/\/edm.ch\/wp-content\/uploads\/2023\/08\/El-Salvador_Covid-2048x1536.jpg 2048w\" data-sizes=\"auto\" data-original-sizes=\"(max-width: 2560px) 100vw, 2560px\" \/>\n                                                    <\/div>\n                        <div class=\"contentBlock\">\n                            <h3>El Salvador<\/h3>\n                            <p>Remise de d\u00e9pliants aux femmes enceintes par le personnel soignant.<\/p>\n                                                    <\/div>\n                    <\/div>\n                <\/div>\n\n                        \n        <\/div>\n      <\/div>\n    <\/section>\n\n        <section class=\"contentSec\" style=\"display:\">\n        <div class=\"container\">\n            <div class=\"contentBlock\">\n                <h5>Prot\u00e9ger le personnel soignant<\/h5>\n                <p>Enfants du Monde a livr\u00e9 du mat\u00e9riel de protection individuelle incluant masques, gants, gel hydroalcoolique afin de prot\u00e9ger le personnel soignant dans les centres de sant\u00e9.<\/p>\n                            <\/div>\n        <\/div>\n    <\/section>\n\n\n    <section class=\"activitySec\" style=\"display:\">\n      <div class=\"container\">\n        <div class=\"secTitle\">\n            <h2><\/h2>\n        <\/div>\n        <div class=\"activityRow\">\n\n            \n                <div class=\"activityCol\">\n                    <div class=\"activityColInner\">\n                        <div class=\"imgBlock\">\n                                                            <img decoding=\"async\" data-src=\"https:\/\/edm.ch\/wp-content\/uploads\/2023\/08\/El-Salvador_materiel_Covid-scaled.jpg\" alt=\"EMD-img\" src=\"data:image\/svg+xml;base64,PHN2ZyB3aWR0aD0iMSIgaGVpZ2h0PSIxIiB4bWxucz0iaHR0cDovL3d3dy53My5vcmcvMjAwMC9zdmciPjwvc3ZnPg==\" class=\"lazyload\" style=\"--smush-placeholder-width: 2560px; --smush-placeholder-aspect-ratio: 2560\/1710;\" data-srcset=\"https:\/\/edm.ch\/wp-content\/uploads\/2023\/08\/El-Salvador_materiel_Covid-scaled.jpg 2560w, https:\/\/edm.ch\/wp-content\/uploads\/2023\/08\/El-Salvador_materiel_Covid-300x200.jpg 300w, https:\/\/edm.ch\/wp-content\/uploads\/2023\/08\/El-Salvador_materiel_Covid-1024x684.jpg 1024w, https:\/\/edm.ch\/wp-content\/uploads\/2023\/08\/El-Salvador_materiel_Covid-768x513.jpg 768w, https:\/\/edm.ch\/wp-content\/uploads\/2023\/08\/El-Salvador_materiel_Covid-1536x1026.jpg 1536w, https:\/\/edm.ch\/wp-content\/uploads\/2023\/08\/El-Salvador_materiel_Covid-2048x1368.jpg 2048w\" data-sizes=\"auto\" data-original-sizes=\"(max-width: 2560px) 100vw, 2560px\" \/>\n                                                    <\/div>\n                        <div class=\"contentBlock\">\n                            <h3>El Salvador<\/h3>\n                            <p>Livraison de mat\u00e9riel de protection individuelle.<\/p>\n                                                    <\/div>\n                    <\/div>\n                <\/div>\n\n            \n                <div class=\"activityCol\">\n                    <div class=\"activityColInner\">\n                        <div class=\"imgBlock\">\n                                                            <img decoding=\"async\" data-src=\"https:\/\/edm.ch\/wp-content\/uploads\/2023\/08\/Burkina-Faso_Covid-scaled.jpg\" alt=\"EMD-img\" src=\"data:image\/svg+xml;base64,PHN2ZyB3aWR0aD0iMSIgaGVpZ2h0PSIxIiB4bWxucz0iaHR0cDovL3d3dy53My5vcmcvMjAwMC9zdmciPjwvc3ZnPg==\" class=\"lazyload\" style=\"--smush-placeholder-width: 2560px; --smush-placeholder-aspect-ratio: 2560\/1707;\" data-srcset=\"https:\/\/edm.ch\/wp-content\/uploads\/2023\/08\/Burkina-Faso_Covid-scaled.jpg 2560w, https:\/\/edm.ch\/wp-content\/uploads\/2023\/08\/Burkina-Faso_Covid-300x200.jpg 300w, https:\/\/edm.ch\/wp-content\/uploads\/2023\/08\/Burkina-Faso_Covid-1024x683.jpg 1024w, https:\/\/edm.ch\/wp-content\/uploads\/2023\/08\/Burkina-Faso_Covid-768x512.jpg 768w, https:\/\/edm.ch\/wp-content\/uploads\/2023\/08\/Burkina-Faso_Covid-1536x1024.jpg 1536w, https:\/\/edm.ch\/wp-content\/uploads\/2023\/08\/Burkina-Faso_Covid-2048x1365.jpg 2048w\" data-sizes=\"auto\" data-original-sizes=\"(max-width: 2560px) 100vw, 2560px\" \/>\n                                                    <\/div>\n                        <div class=\"contentBlock\">\n                            <h3>Burkina Faso<\/h3>\n                            <p>Livraison de mat\u00e9riel de protection individuelle.<\/p>\n                                                    <\/div>\n                    <\/div>\n                <\/div>\n\n            \n                <div class=\"activityCol\">\n                    <div class=\"activityColInner\">\n                        <div class=\"imgBlock\">\n                                                            <img decoding=\"async\" data-src=\"https:\/\/edm.ch\/wp-content\/uploads\/2023\/08\/Haiti_Covid.jpg\" alt=\"EMD-img\" src=\"data:image\/svg+xml;base64,PHN2ZyB3aWR0aD0iMSIgaGVpZ2h0PSIxIiB4bWxucz0iaHR0cDovL3d3dy53My5vcmcvMjAwMC9zdmciPjwvc3ZnPg==\" class=\"lazyload\" style=\"--smush-placeholder-width: 1080px; --smush-placeholder-aspect-ratio: 1080\/810;\" data-srcset=\"https:\/\/edm.ch\/wp-content\/uploads\/2023\/08\/Haiti_Covid.jpg 1080w, https:\/\/edm.ch\/wp-content\/uploads\/2023\/08\/Haiti_Covid-300x225.jpg 300w, https:\/\/edm.ch\/wp-content\/uploads\/2023\/08\/Haiti_Covid-1024x768.jpg 1024w, https:\/\/edm.ch\/wp-content\/uploads\/2023\/08\/Haiti_Covid-768x576.jpg 768w\" data-sizes=\"auto\" data-original-sizes=\"(max-width: 1080px) 100vw, 1080px\" \/>\n                                                    <\/div>\n                        <div class=\"contentBlock\">\n                            <h3>Ha\u00efti<\/h3>\n                            <p>Livraison de mat\u00e9riel de protection individuelle.<\/p>\n                                                    <\/div>\n                    <\/div>\n                <\/div>\n\n                        \n        <\/div>\n      <\/div>\n    <\/section>\n\n        <section class=\"contentSec\" style=\"display:\">\n        <div class=\"container\">\n            <div class=\"contentBlock\">\n                <h5>Garantir une prise en charge m\u00e9dicale de qualit\u00e9 aux femmes enceintes<\/h5>\n                <p>Afin de poursuivre les consultations pr\u00e9natales en toute s\u00e9curit\u00e9, Enfants du Monde et ses partenaires ont notamment cr\u00e9\u00e9 des vid\u00e9os \u00e0 destination du personnel soignant et form\u00e9 \u00e0 une prise en charge m\u00e9dicale ad\u00e9quate en p\u00e9riode de COVID-19.<\/p>\n                            <\/div>\n        <\/div>\n    <\/section>\n\n\n    <section class=\"activitySec\" style=\"display:\">\n      <div class=\"container\">\n        <div class=\"secTitle\">\n            <h2><\/h2>\n        <\/div>\n        <div class=\"activityRow\">\n\n            \n                <div class=\"activityCol\">\n                    <div class=\"activityColInner\">\n                        <div class=\"imgBlock\">\n                                                            <img decoding=\"async\" data-src=\"https:\/\/edm.ch\/wp-content\/uploads\/2023\/08\/Guate_Covid_19-scaled.jpg\" alt=\"EMD-img\" src=\"data:image\/svg+xml;base64,PHN2ZyB3aWR0aD0iMSIgaGVpZ2h0PSIxIiB4bWxucz0iaHR0cDovL3d3dy53My5vcmcvMjAwMC9zdmciPjwvc3ZnPg==\" class=\"lazyload\" style=\"--smush-placeholder-width: 2560px; --smush-placeholder-aspect-ratio: 2560\/1707;\" data-srcset=\"https:\/\/edm.ch\/wp-content\/uploads\/2023\/08\/Guate_Covid_19-scaled.jpg 2560w, https:\/\/edm.ch\/wp-content\/uploads\/2023\/08\/Guate_Covid_19-300x200.jpg 300w, https:\/\/edm.ch\/wp-content\/uploads\/2023\/08\/Guate_Covid_19-1024x683.jpg 1024w, https:\/\/edm.ch\/wp-content\/uploads\/2023\/08\/Guate_Covid_19-768x512.jpg 768w, https:\/\/edm.ch\/wp-content\/uploads\/2023\/08\/Guate_Covid_19-1536x1024.jpg 1536w, https:\/\/edm.ch\/wp-content\/uploads\/2023\/08\/Guate_Covid_19-2048x1365.jpg 2048w\" data-sizes=\"auto\" data-original-sizes=\"(max-width: 2560px) 100vw, 2560px\" \/>\n                                                    <\/div>\n                        <div class=\"contentBlock\">\n                            <h3>Pays du Sud<\/h3>\n                            <p>Cr\u00e9ation de vid\u00e9os de recommandation pour le personnel soignant des pays du Sud.<\/p>\n                                                    <\/div>\n                    <\/div>\n                <\/div>\n\n            \n                <div class=\"activityCol\">\n                    <div class=\"activityColInner\">\n                        <div class=\"imgBlock\">\n                                                            <img decoding=\"async\" data-src=\"https:\/\/edm.ch\/wp-content\/uploads\/2023\/08\/Burkina-Faso_Covid-19-e1692194663790.jpg\" alt=\"EMD-img\" src=\"data:image\/svg+xml;base64,PHN2ZyB3aWR0aD0iMSIgaGVpZ2h0PSIxIiB4bWxucz0iaHR0cDovL3d3dy53My5vcmcvMjAwMC9zdmciPjwvc3ZnPg==\" class=\"lazyload\" style=\"--smush-placeholder-width: 600px; --smush-placeholder-aspect-ratio: 600\/427;\" \/>\n                                                    <\/div>\n                        <div class=\"contentBlock\">\n                            <h3>Burkina Faso<\/h3>\n                            <p>Assurer le suivi m\u00e9dical des femmes enceintes.<\/p>\n                                                    <\/div>\n                    <\/div>\n                <\/div>\n\n                        \n        <\/div>\n      <\/div>\n    <\/section>\n\n        <section class=\"contentSec\" style=\"display:\">\n        <div class=\"container\">\n            <div class=\"contentBlock\">\n                <h5>Poursuivre nos programmes d&rsquo;\u00e9ducation en toute s\u00e9curit\u00e9<\/h5>\n                <p><strong>Au Guatemala, au Burkina Faso, au Niger et au Tchad,<\/strong> les \u00e9coles que nous soutenons ont (partiellement) \u00e9t\u00e9 ferm\u00e9es plusieurs mois et les formations destin\u00e9es au corps enseignant ont \u00e9t\u00e9 temporairement suspendues. Enfants du Monde a apport\u00e9 son soutien pour<strong>\u202fadapter les formats d&rsquo;apprentissage<\/strong>\u202fafin de poursuivre l&rsquo;enseignement en toute s\u00e9curit\u00e9. Lorsque le retour \u00e0 l&rsquo;\u00e9cole a \u00e9t\u00e9 possible, notre ONG suisse s&rsquo;est assur\u00e9e que celui-ci se fasse en toute s\u00e9curit\u00e9 pour les \u00e9l\u00e8ves et leurs enseignant-es.<\/p>\n                            <\/div>\n        <\/div>\n    <\/section>\n\n\n    <section class=\"activitySec\" style=\"display:\">\n      <div class=\"container\">\n        <div class=\"secTitle\">\n            <h2><\/h2>\n        <\/div>\n        <div class=\"activityRow\">\n\n            \n                <div class=\"activityCol\">\n                    <div class=\"activityColInner\">\n                        <div class=\"imgBlock\">\n                                                            <img decoding=\"async\" data-src=\"https:\/\/edm.ch\/wp-content\/uploads\/2023\/08\/Guatemala_Covid.jpg\" alt=\"EMD-img\" src=\"data:image\/svg+xml;base64,PHN2ZyB3aWR0aD0iMSIgaGVpZ2h0PSIxIiB4bWxucz0iaHR0cDovL3d3dy53My5vcmcvMjAwMC9zdmciPjwvc3ZnPg==\" class=\"lazyload\" style=\"--smush-placeholder-width: 600px; --smush-placeholder-aspect-ratio: 600\/400;\" data-srcset=\"https:\/\/edm.ch\/wp-content\/uploads\/2023\/08\/Guatemala_Covid.jpg 600w, https:\/\/edm.ch\/wp-content\/uploads\/2023\/08\/Guatemala_Covid-300x200.png 300w\" data-sizes=\"auto\" data-original-sizes=\"(max-width: 600px) 100vw, 600px\" \/>\n                                                    <\/div>\n                        <div class=\"contentBlock\">\n                            <h3>Guatemala<\/h3>\n                            <p>Poursuite de la formation du corps enseignant \u00e0 distance.<\/p>\n                                                    <\/div>\n                    <\/div>\n                <\/div>\n\n            \n                <div class=\"activityCol\">\n                    <div class=\"activityColInner\">\n                        <div class=\"imgBlock\">\n                                                            <img decoding=\"async\" data-src=\"https:\/\/edm.ch\/wp-content\/uploads\/2023\/08\/Guatemala_Covid19.jpg\" alt=\"EMD-img\" src=\"data:image\/svg+xml;base64,PHN2ZyB3aWR0aD0iMSIgaGVpZ2h0PSIxIiB4bWxucz0iaHR0cDovL3d3dy53My5vcmcvMjAwMC9zdmciPjwvc3ZnPg==\" class=\"lazyload\" style=\"--smush-placeholder-width: 1280px; --smush-placeholder-aspect-ratio: 1280\/853;\" data-srcset=\"https:\/\/edm.ch\/wp-content\/uploads\/2023\/08\/Guatemala_Covid19.jpg 1280w, https:\/\/edm.ch\/wp-content\/uploads\/2023\/08\/Guatemala_Covid19-300x200.jpg 300w, https:\/\/edm.ch\/wp-content\/uploads\/2023\/08\/Guatemala_Covid19-1024x682.jpg 1024w, https:\/\/edm.ch\/wp-content\/uploads\/2023\/08\/Guatemala_Covid19-768x512.jpg 768w\" data-sizes=\"auto\" data-original-sizes=\"(max-width: 1280px) 100vw, 1280px\" \/>\n                                                    <\/div>\n                        <div class=\"contentBlock\">\n                            <h3>Guatemala<\/h3>\n                            <p>Livraison d&rsquo;\u00e9quipement radio pour l&rsquo;enseignement \u00e0 distance.<\/p>\n                                                    <\/div>\n                    <\/div>\n                <\/div>\n\n            \n                <div class=\"activityCol\">\n                    <div class=\"activityColInner\">\n                        <div class=\"imgBlock\">\n                                                            <img decoding=\"async\" data-src=\"https:\/\/edm.ch\/wp-content\/uploads\/2023\/08\/Burkina-Faso-et-Niger_Covid.jpg\" alt=\"EMD-img\" src=\"data:image\/svg+xml;base64,PHN2ZyB3aWR0aD0iMSIgaGVpZ2h0PSIxIiB4bWxucz0iaHR0cDovL3d3dy53My5vcmcvMjAwMC9zdmciPjwvc3ZnPg==\" class=\"lazyload\" style=\"--smush-placeholder-width: 1080px; --smush-placeholder-aspect-ratio: 1080\/809;\" data-srcset=\"https:\/\/edm.ch\/wp-content\/uploads\/2023\/08\/Burkina-Faso-et-Niger_Covid.jpg 1080w, https:\/\/edm.ch\/wp-content\/uploads\/2023\/08\/Burkina-Faso-et-Niger_Covid-300x225.jpg 300w, https:\/\/edm.ch\/wp-content\/uploads\/2023\/08\/Burkina-Faso-et-Niger_Covid-1024x767.jpg 1024w, https:\/\/edm.ch\/wp-content\/uploads\/2023\/08\/Burkina-Faso-et-Niger_Covid-768x575.jpg 768w\" data-sizes=\"auto\" data-original-sizes=\"(max-width: 1080px) 100vw, 1080px\" \/>\n                                                    <\/div>\n                        <div class=\"contentBlock\">\n                            <h3>Burkina Faso et Niger<\/h3>\n                            <p>Livraison de mat\u00e9riel de protection individuelle pour les \u00e9l\u00e8ves et le corps enseignant.<\/p>\n                                                    <\/div>\n                    <\/div>\n                <\/div>\n\n            \n                <div class=\"activityCol\">\n                    <div class=\"activityColInner\">\n                        <div class=\"imgBlock\">\n                                                            <img decoding=\"async\" data-src=\"https:\/\/edm.ch\/wp-content\/uploads\/2023\/08\/Tchad_Covid.jpg\" alt=\"EMD-img\" src=\"data:image\/svg+xml;base64,PHN2ZyB3aWR0aD0iMSIgaGVpZ2h0PSIxIiB4bWxucz0iaHR0cDovL3d3dy53My5vcmcvMjAwMC9zdmciPjwvc3ZnPg==\" class=\"lazyload\" style=\"--smush-placeholder-width: 1032px; --smush-placeholder-aspect-ratio: 1032\/774;\" data-srcset=\"https:\/\/edm.ch\/wp-content\/uploads\/2023\/08\/Tchad_Covid.jpg 1032w, https:\/\/edm.ch\/wp-content\/uploads\/2023\/08\/Tchad_Covid-300x225.jpg 300w, https:\/\/edm.ch\/wp-content\/uploads\/2023\/08\/Tchad_Covid-1024x768.jpg 1024w, https:\/\/edm.ch\/wp-content\/uploads\/2023\/08\/Tchad_Covid-768x576.jpg 768w\" data-sizes=\"auto\" data-original-sizes=\"(max-width: 1032px) 100vw, 1032px\" \/>\n                                                    <\/div>\n                        <div class=\"contentBlock\">\n                            <h3>Tchad<\/h3>\n                            <p>Formation \u00e0 distance sur les gestes barri\u00e8res pour nos collaborateur\u00b7trices.<\/p>\n                                                    <\/div>\n                    <\/div>\n                <\/div>\n\n            \n                <div class=\"activityCol\">\n                    <div class=\"activityColInner\">\n                        <div class=\"imgBlock\">\n                                                            <img decoding=\"async\" data-src=\"https:\/\/edm.ch\/wp-content\/uploads\/2023\/08\/Tchad_Covid19.jpg\" alt=\"EMD-img\" src=\"data:image\/svg+xml;base64,PHN2ZyB3aWR0aD0iMSIgaGVpZ2h0PSIxIiB4bWxucz0iaHR0cDovL3d3dy53My5vcmcvMjAwMC9zdmciPjwvc3ZnPg==\" class=\"lazyload\" style=\"--smush-placeholder-width: 600px; --smush-placeholder-aspect-ratio: 600\/336;\" data-srcset=\"https:\/\/edm.ch\/wp-content\/uploads\/2023\/08\/Tchad_Covid19.jpg 600w, https:\/\/edm.ch\/wp-content\/uploads\/2023\/08\/Tchad_Covid19-300x168.png 300w\" data-sizes=\"auto\" data-original-sizes=\"(max-width: 600px) 100vw, 600px\" \/>\n                                                    <\/div>\n                        <div class=\"contentBlock\">\n                            <h3>Tchad<\/h3>\n                            <p>Poursuite de la formation du corps enseignant \u00e0 distance.<\/p>\n                                                    <\/div>\n                    <\/div>\n                <\/div>\n\n                        \n        <\/div>\n      <\/div>\n    <\/section>\n\n\n    <section class=\"donation_count\" style=\"display:\">\n        <div class=\"inner_row\">\n            <div class=\"right_img_block\">\n                <div class=\"img_block figure_block\">\n                    <img decoding=\"async\" data-src=\"https:\/\/edm.ch\/wp-content\/uploads\/2023\/08\/Enfants_du_monde_website_image_don_covid19.png\" alt=\"\" src=\"data:image\/svg+xml;base64,PHN2ZyB3aWR0aD0iMSIgaGVpZ2h0PSIxIiB4bWxucz0iaHR0cDovL3d3dy53My5vcmcvMjAwMC9zdmciPjwvc3ZnPg==\" class=\"lazyload\" style=\"--smush-placeholder-width: 1920px; --smush-placeholder-aspect-ratio: 1920\/1920;\" data-srcset=\"https:\/\/edm.ch\/wp-content\/uploads\/2023\/08\/Enfants_du_monde_website_image_don_covid19.png 1920w, https:\/\/edm.ch\/wp-content\/uploads\/2023\/08\/Enfants_du_monde_website_image_don_covid19-300x300.png 300w, https:\/\/edm.ch\/wp-content\/uploads\/2023\/08\/Enfants_du_monde_website_image_don_covid19-1024x1024.png 1024w, https:\/\/edm.ch\/wp-content\/uploads\/2023\/08\/Enfants_du_monde_website_image_don_covid19-150x150.png 150w, https:\/\/edm.ch\/wp-content\/uploads\/2023\/08\/Enfants_du_monde_website_image_don_covid19-768x768.png 768w, https:\/\/edm.ch\/wp-content\/uploads\/2023\/08\/Enfants_du_monde_website_image_don_covid19-1536x1536.png 1536w\" data-sizes=\"auto\" data-original-sizes=\"(max-width: 1920px) 100vw, 1920px\">\n                                    <\/div>\n            <\/div>\n            <div class=\"left_txt_block\">\n                <div class=\"txt_contents\">\n                    <h3>Mon don fait la diff\u00e9rence<\/h3>\n                    <div class=\"block_txts\">\n                                                    <div class=\"item\">\n                                <span class=\"title\">Par exemple :<\/span>\n                                <p><\/p>\n                            <\/div>\n                                                    <div class=\"item\">\n                                <span class=\"title\">Avec 120 francs : <\/span>\n                                <p>J&rsquo;offre une formation sur la pr\u00e9paration \u00e0 la naissance \u00e0 22 femmes enceintes \u00e0 Madagascar.<\/p>\n                            <\/div>\n                                                                            <a href=\"http:\/\/don.edm.ch\" class=\"btnWhite buttonDonation\">\n                                JE FAIS UN DON                            <\/a>\n                                            <\/div>\n                <\/div>\n            <\/div>\n        <\/div>\n    <\/section>","protected":false},"excerpt":{"rendered":"","protected":false},"author":3,"featured_media":0,"parent":0,"menu_order":0,"comment_status":"closed","ping_status":"closed","template":"templates\/yellow-line-1.php","meta":{"_acf_changed":false,"inline_featured_image":false,"footnotes":""},"class_list":["post-2700","page","type-page","status-publish","hentry"],"acf":[],"yoast_head":"<!-- This site is optimized with the Yoast SEO plugin v26.9 - https:\/\/yoast.com\/product\/yoast-seo-wordpress\/ -->\n<title>COVID dans le monde - Enfants du Monde<\/title>\n<meta name=\"description\" content=\"Pendant la crise du COVID-19, nous avons mis en place plusieurs actions dans le cadre de nos projets pour prot\u00e9ger enfants et adultes.\" \/>\n<meta name=\"robots\" content=\"index, follow, max-snippet:-1, max-image-preview:large, max-video-preview:-1\" \/>\n<link rel=\"canonical\" href=\"https:\/\/edm.ch\/fr\/covid-19\/\" \/>\n<meta property=\"og:locale\" content=\"fr_FR\" \/>\n<meta property=\"og:type\" content=\"article\" \/>\n<meta property=\"og:title\" content=\"COVID dans le monde - Enfants du Monde\" \/>\n<meta property=\"og:description\" content=\"Pendant la crise du COVID-19, nous avons mis en place plusieurs actions dans le cadre de nos projets pour prot\u00e9ger enfants et adultes.\" \/>\n<meta property=\"og:url\" content=\"https:\/\/edm.ch\/fr\/covid-19\/\" \/>\n<meta property=\"og:site_name\" content=\"Enfants du monde\" \/>\n<meta property=\"article:modified_time\" content=\"2024-07-12T11:40:23+00:00\" \/>\n<meta name=\"twitter:card\" content=\"summary_large_image\" \/>\n<script type=\"application\/ld+json\" class=\"yoast-schema-graph\">{\"@context\":\"https:\/\/schema.org\",\"@graph\":[{\"@type\":\"WebPage\",\"@id\":\"https:\/\/edm.ch\/fr\/covid-19\/\",\"url\":\"https:\/\/edm.ch\/fr\/covid-19\/\",\"name\":\"COVID dans le monde - Enfants du Monde\",\"isPartOf\":{\"@id\":\"https:\/\/edm.ch\/en\/#website\"},\"datePublished\":\"2023-08-15T10:13:19+00:00\",\"dateModified\":\"2024-07-12T11:40:23+00:00\",\"description\":\"Pendant la crise du COVID-19, nous avons mis en place plusieurs actions dans le cadre de nos projets pour prot\u00e9ger enfants et adultes.\",\"inLanguage\":\"fr-FR\",\"potentialAction\":[{\"@type\":\"ReadAction\",\"target\":[\"https:\/\/edm.ch\/fr\/covid-19\/\"]}]},{\"@type\":\"WebSite\",\"@id\":\"https:\/\/edm.ch\/en\/#website\",\"url\":\"https:\/\/edm.ch\/en\/\",\"name\":\"Enfants du monde\",\"description\":\"Association suisse\",\"potentialAction\":[{\"@type\":\"SearchAction\",\"target\":{\"@type\":\"EntryPoint\",\"urlTemplate\":\"https:\/\/edm.ch\/en\/?s={search_term_string}\"},\"query-input\":{\"@type\":\"PropertyValueSpecification\",\"valueRequired\":true,\"valueName\":\"search_term_string\"}}],\"inLanguage\":\"fr-FR\"}]}<\/script>\n<!-- \/ Yoast SEO plugin. -->","yoast_head_json":{"title":"COVID dans le monde - Enfants du Monde","description":"Pendant la crise du COVID-19, nous avons mis en place plusieurs actions dans le cadre de nos projets pour prot\u00e9ger enfants et adultes.","robots":{"index":"index","follow":"follow","max-snippet":"max-snippet:-1","max-image-preview":"max-image-preview:large","max-video-preview":"max-video-preview:-1"},"canonical":"https:\/\/edm.ch\/fr\/covid-19\/","og_locale":"fr_FR","og_type":"article","og_title":"COVID dans le monde - Enfants du Monde","og_description":"Pendant la crise du COVID-19, nous avons mis en place plusieurs actions dans le cadre de nos projets pour prot\u00e9ger enfants et adultes.","og_url":"https:\/\/edm.ch\/fr\/covid-19\/","og_site_name":"Enfants du monde","article_modified_time":"2024-07-12T11:40:23+00:00","twitter_card":"summary_large_image","schema":{"@context":"https:\/\/schema.org","@graph":[{"@type":"WebPage","@id":"https:\/\/edm.ch\/fr\/covid-19\/","url":"https:\/\/edm.ch\/fr\/covid-19\/","name":"COVID dans le monde - Enfants du Monde","isPartOf":{"@id":"https:\/\/edm.ch\/en\/#website"},"datePublished":"2023-08-15T10:13:19+00:00","dateModified":"2024-07-12T11:40:23+00:00","description":"Pendant la crise du COVID-19, nous avons mis en place plusieurs actions dans le cadre de nos projets pour prot\u00e9ger enfants et adultes.","inLanguage":"fr-FR","potentialAction":[{"@type":"ReadAction","target":["https:\/\/edm.ch\/fr\/covid-19\/"]}]},{"@type":"WebSite","@id":"https:\/\/edm.ch\/en\/#website","url":"https:\/\/edm.ch\/en\/","name":"Enfants du monde","description":"Association suisse","potentialAction":[{"@type":"SearchAction","target":{"@type":"EntryPoint","urlTemplate":"https:\/\/edm.ch\/en\/?s={search_term_string}"},"query-input":{"@type":"PropertyValueSpecification","valueRequired":true,"valueName":"search_term_string"}}],"inLanguage":"fr-FR"}]}},"_links":{"self":[{"href":"https:\/\/edm.ch\/fr\/wp-json\/wp\/v2\/pages\/2700","targetHints":{"allow":["GET"]}}],"collection":[{"href":"https:\/\/edm.ch\/fr\/wp-json\/wp\/v2\/pages"}],"about":[{"href":"https:\/\/edm.ch\/fr\/wp-json\/wp\/v2\/types\/page"}],"author":[{"embeddable":true,"href":"https:\/\/edm.ch\/fr\/wp-json\/wp\/v2\/users\/3"}],"replies":[{"embeddable":true,"href":"https:\/\/edm.ch\/fr\/wp-json\/wp\/v2\/comments?post=2700"}],"version-history":[{"count":59,"href":"https:\/\/edm.ch\/fr\/wp-json\/wp\/v2\/pages\/2700\/revisions"}],"predecessor-version":[{"id":31506,"href":"https:\/\/edm.ch\/fr\/wp-json\/wp\/v2\/pages\/2700\/revisions\/31506"}],"wp:attachment":[{"href":"https:\/\/edm.ch\/fr\/wp-json\/wp\/v2\/media?parent=2700"}],"curies":[{"name":"wp","href":"https:\/\/api.w.org\/{rel}","templated":true}]}}