{"id":1252,"date":"2023-08-10T08:49:24","date_gmt":"2023-08-10T08:49:24","guid":{"rendered":"https:\/\/edm.ch\/?page_id=1252"},"modified":"2024-12-09T12:52:57","modified_gmt":"2024-12-09T12:52:57","slug":"equipes-dans-le-monde","status":"publish","type":"page","link":"https:\/\/edm.ch\/fr\/equipes-dans-le-monde\/","title":{"rendered":"\u00c9quipes dans le monde"},"content":{"rendered":"<section class=\"subpageBanner\" style=\"display:\">\n    <div class=\"subpageBannerBlock figure_block\">\n        <img decoding=\"async\" data-src=\"https:\/\/edm.ch\/wp-content\/uploads\/2023\/08\/enfants_du_monde_website_image_-photo_de_groupe.png\" src=\"data:image\/svg+xml;base64,PHN2ZyB3aWR0aD0iMSIgaGVpZ2h0PSIxIiB4bWxucz0iaHR0cDovL3d3dy53My5vcmcvMjAwMC9zdmciPjwvc3ZnPg==\" class=\"lazyload\" style=\"--smush-placeholder-width: 2500px; --smush-placeholder-aspect-ratio: 2500\/800;\" data-srcset=\"https:\/\/edm.ch\/wp-content\/uploads\/2023\/08\/enfants_du_monde_website_image_-photo_de_groupe.png 2500w, https:\/\/edm.ch\/wp-content\/uploads\/2023\/08\/enfants_du_monde_website_image_-photo_de_groupe-300x96.png 300w, https:\/\/edm.ch\/wp-content\/uploads\/2023\/08\/enfants_du_monde_website_image_-photo_de_groupe-1024x328.png 1024w, https:\/\/edm.ch\/wp-content\/uploads\/2023\/08\/enfants_du_monde_website_image_-photo_de_groupe-768x246.png 768w, https:\/\/edm.ch\/wp-content\/uploads\/2023\/08\/enfants_du_monde_website_image_-photo_de_groupe-1536x492.png 1536w, https:\/\/edm.ch\/wp-content\/uploads\/2023\/08\/enfants_du_monde_website_image_-photo_de_groupe-2048x655.png 2048w\" data-sizes=\"auto\" data-original-sizes=\"(max-width: 2500px) 100vw, 2500px\" \/>\n        <div class=\"subpageBannerWrap\">\n            <div class=\"container\">\n                <div class=\"content\">\n                    <div>\n                        <span class=\"bannerHead\"><\/span>\n                        <h1>\u00c9quipes dans le monde<\/h1>\n                    <\/div>\n                                    <\/div>\n            <\/div>\n        <\/div>\n            <\/div>\n<\/section>\n<script type=\"text\/javascript\">\n    jQuery(document).ready(function ($) {\n        \/\/ Check if the block exists\n        var bannerSection = $('#subpage-banner-section');\n\n        if (bannerSection.length > 0) {\n            \/\/ Move the block to the end of <main> just before the footer\n            $('main').append(bannerSection); \/\/ This will append it inside the <main> tag\n        }\n\n        $('.documentAccordion').on('click', function (e) {\n            e.preventDefault();  \/\/ Prevent default link action\n\n            \/\/ Target the section with the given ID\n            $('html, body').animate({\n                scrollTop: $('#subpage-banner-section').offset().top - 200\n            }, 1000);\n        });\n    });\n<\/script>\n\n        <section class=\"contentSec\" style=\"display:\">\n        <div class=\"container\">\n            <div class=\"contentBlock\">\n                <h5><\/h5>\n                <h2>Une gestion efficace des projets sur le terrain<\/h2>\n<p>Pour mener \u00e0 bien ses projets dans les diff\u00e9rents pays d&rsquo;intervention, notre ONG suisse Enfants du Monde peut compter sur le travail et l&rsquo;engagement de <strong>4\u00a0bureaux r\u00e9gionaux de coordination<\/strong> au Burkina Faso, Guatemala, Bangladesh et\u00a0au Tchad, comptant au total pr\u00e8s de 50 personnes.<\/p>\n<p>Les coordinateurs r\u00e9gionaux et directeurs de programme, ainsi que leur \u00e9quipe de collaborateur-rices, sp\u00e9cialis\u00e9es dans la gestion de programmes en \u00e9ducation et sant\u00e9, sont charg\u00e9s d&rsquo;assurer le lien entre nos partenaires locaux et le secr\u00e9tariat \u00e0 Gen\u00e8ve, ainsi que d&rsquo;accompagner et d&rsquo;appuyer les projets de sant\u00e9, d&rsquo;\u00e9ducation et de formation sur le terrain.<\/p>\n                            <\/div>\n        <\/div>\n    <\/section>\n\n\n\n<section class=\"team-listing-block\">\n      <div class=\"team-filter-sec\" style=\"display: none;\">\n      <div class=\"container\">\n        <ul class=\"filter-list-teams\">\n                        <li class=\"active\"                data-attr=\"equipe-dans-le-monde\">\u00c9quipes dans le monde<\/li>\n                      <\/ul>\n      <\/div>\n    <\/div>\n    <!-- team filter sec end -->\n\n    <input type=\"hidden\" class=\"orderType\" value=\"\">\n  <input type=\"hidden\" class=\"showcatName\" value=\"\">\n  <div class=\"teamSec\">\n\n    <div class=\"container teamBlockResult\">\n\n    <\/div>\n\n  <\/div>\n<\/section>","protected":false},"excerpt":{"rendered":"","protected":false},"author":1,"featured_media":2645,"parent":0,"menu_order":0,"comment_status":"closed","ping_status":"closed","template":"templates\/yellow-line-2.php","meta":{"_acf_changed":false,"inline_featured_image":false,"footnotes":""},"class_list":["post-1252","page","type-page","status-publish","has-post-thumbnail","hentry"],"acf":[],"yoast_head":"<!-- This site is optimized with the Yoast SEO plugin v26.9 - https:\/\/yoast.com\/product\/yoast-seo-wordpress\/ -->\n<title>\u00c9quipe Enfants du Monde - Bureaux locaux - Enfants du Monde<\/title>\n<meta name=\"description\" content=\"D\u00e9couvrez l&#039;\u00e9quipe dans le monde d&#039;Enfants du Monde coordonnant les bureaux r\u00e9gionaux au Burkina Faso, Guatemala, Bangladesh et Tchad.\" \/>\n<meta name=\"robots\" content=\"index, follow, max-snippet:-1, max-image-preview:large, max-video-preview:-1\" \/>\n<link rel=\"canonical\" href=\"https:\/\/edm.ch\/fr\/equipes-dans-le-monde\/\" \/>\n<meta property=\"og:locale\" content=\"fr_FR\" \/>\n<meta property=\"og:type\" content=\"article\" \/>\n<meta property=\"og:title\" content=\"\u00c9quipe Enfants du Monde - Bureaux locaux - Enfants du Monde\" \/>\n<meta property=\"og:description\" content=\"D\u00e9couvrez l&#039;\u00e9quipe dans le monde d&#039;Enfants du Monde coordonnant les bureaux r\u00e9gionaux au Burkina Faso, Guatemala, Bangladesh et Tchad.\" \/>\n<meta property=\"og:url\" content=\"https:\/\/edm.ch\/fr\/equipes-dans-le-monde\/\" \/>\n<meta property=\"og:site_name\" content=\"Enfants du monde\" \/>\n<meta property=\"article:modified_time\" content=\"2024-12-09T12:52:57+00:00\" \/>\n<meta property=\"og:image\" content=\"https:\/\/edm.ch\/wp-content\/uploads\/2023\/08\/Equipe_1920_RS6943-1024x1024.png\" \/>\n\t<meta property=\"og:image:width\" content=\"1024\" \/>\n\t<meta property=\"og:image:height\" content=\"1024\" \/>\n\t<meta property=\"og:image:type\" content=\"image\/png\" \/>\n<meta name=\"twitter:card\" content=\"summary_large_image\" \/>\n<meta name=\"twitter:label1\" content=\"Est. reading time\" \/>\n\t<meta name=\"twitter:data1\" content=\"1 minute\" \/>\n<script type=\"application\/ld+json\" class=\"yoast-schema-graph\">{\"@context\":\"https:\/\/schema.org\",\"@graph\":[{\"@type\":\"WebPage\",\"@id\":\"https:\/\/edm.ch\/fr\/equipes-dans-le-monde\/\",\"url\":\"https:\/\/edm.ch\/fr\/equipes-dans-le-monde\/\",\"name\":\"\u00c9quipe Enfants du Monde - Bureaux locaux - Enfants du Monde\",\"isPartOf\":{\"@id\":\"https:\/\/edm.ch\/en\/#website\"},\"primaryImageOfPage\":{\"@id\":\"https:\/\/edm.ch\/fr\/equipes-dans-le-monde\/#primaryimage\"},\"image\":{\"@id\":\"https:\/\/edm.ch\/fr\/equipes-dans-le-monde\/#primaryimage\"},\"thumbnailUrl\":\"https:\/\/edm.ch\/wp-content\/uploads\/2023\/08\/Equipe_1920_RS6943.png\",\"datePublished\":\"2023-08-10T08:49:24+00:00\",\"dateModified\":\"2024-12-09T12:52:57+00:00\",\"description\":\"D\u00e9couvrez l'\u00e9quipe dans le monde d'Enfants du Monde coordonnant les bureaux r\u00e9gionaux au Burkina Faso, Guatemala, Bangladesh et Tchad.\",\"inLanguage\":\"fr-FR\",\"potentialAction\":[{\"@type\":\"ReadAction\",\"target\":[\"https:\/\/edm.ch\/fr\/equipes-dans-le-monde\/\"]}]},{\"@type\":\"ImageObject\",\"inLanguage\":\"fr-FR\",\"@id\":\"https:\/\/edm.ch\/fr\/equipes-dans-le-monde\/#primaryimage\",\"url\":\"https:\/\/edm.ch\/wp-content\/uploads\/2023\/08\/Equipe_1920_RS6943.png\",\"contentUrl\":\"https:\/\/edm.ch\/wp-content\/uploads\/2023\/08\/Equipe_1920_RS6943.png\",\"width\":1920,\"height\":1920,\"caption\":\"\u00a9 Enfants du Monde\"},{\"@type\":\"WebSite\",\"@id\":\"https:\/\/edm.ch\/en\/#website\",\"url\":\"https:\/\/edm.ch\/en\/\",\"name\":\"Enfants du monde\",\"description\":\"Association suisse\",\"potentialAction\":[{\"@type\":\"SearchAction\",\"target\":{\"@type\":\"EntryPoint\",\"urlTemplate\":\"https:\/\/edm.ch\/en\/?s={search_term_string}\"},\"query-input\":{\"@type\":\"PropertyValueSpecification\",\"valueRequired\":true,\"valueName\":\"search_term_string\"}}],\"inLanguage\":\"fr-FR\"}]}<\/script>\n<!-- \/ Yoast SEO plugin. -->","yoast_head_json":{"title":"\u00c9quipe Enfants du Monde - Bureaux locaux - Enfants du Monde","description":"D\u00e9couvrez l'\u00e9quipe dans le monde d'Enfants du Monde coordonnant les bureaux r\u00e9gionaux au Burkina Faso, Guatemala, Bangladesh et Tchad.","robots":{"index":"index","follow":"follow","max-snippet":"max-snippet:-1","max-image-preview":"max-image-preview:large","max-video-preview":"max-video-preview:-1"},"canonical":"https:\/\/edm.ch\/fr\/equipes-dans-le-monde\/","og_locale":"fr_FR","og_type":"article","og_title":"\u00c9quipe Enfants du Monde - Bureaux locaux - Enfants du Monde","og_description":"D\u00e9couvrez l'\u00e9quipe dans le monde d'Enfants du Monde coordonnant les bureaux r\u00e9gionaux au Burkina Faso, Guatemala, Bangladesh et Tchad.","og_url":"https:\/\/edm.ch\/fr\/equipes-dans-le-monde\/","og_site_name":"Enfants du monde","article_modified_time":"2024-12-09T12:52:57+00:00","og_image":[{"width":1024,"height":1024,"url":"https:\/\/edm.ch\/wp-content\/uploads\/2023\/08\/Equipe_1920_RS6943-1024x1024.png","type":"image\/png"}],"twitter_card":"summary_large_image","twitter_misc":{"Est. reading time":"1 minute"},"schema":{"@context":"https:\/\/schema.org","@graph":[{"@type":"WebPage","@id":"https:\/\/edm.ch\/fr\/equipes-dans-le-monde\/","url":"https:\/\/edm.ch\/fr\/equipes-dans-le-monde\/","name":"\u00c9quipe Enfants du Monde - Bureaux locaux - Enfants du Monde","isPartOf":{"@id":"https:\/\/edm.ch\/en\/#website"},"primaryImageOfPage":{"@id":"https:\/\/edm.ch\/fr\/equipes-dans-le-monde\/#primaryimage"},"image":{"@id":"https:\/\/edm.ch\/fr\/equipes-dans-le-monde\/#primaryimage"},"thumbnailUrl":"https:\/\/edm.ch\/wp-content\/uploads\/2023\/08\/Equipe_1920_RS6943.png","datePublished":"2023-08-10T08:49:24+00:00","dateModified":"2024-12-09T12:52:57+00:00","description":"D\u00e9couvrez l'\u00e9quipe dans le monde d'Enfants du Monde coordonnant les bureaux r\u00e9gionaux au Burkina Faso, Guatemala, Bangladesh et Tchad.","inLanguage":"fr-FR","potentialAction":[{"@type":"ReadAction","target":["https:\/\/edm.ch\/fr\/equipes-dans-le-monde\/"]}]},{"@type":"ImageObject","inLanguage":"fr-FR","@id":"https:\/\/edm.ch\/fr\/equipes-dans-le-monde\/#primaryimage","url":"https:\/\/edm.ch\/wp-content\/uploads\/2023\/08\/Equipe_1920_RS6943.png","contentUrl":"https:\/\/edm.ch\/wp-content\/uploads\/2023\/08\/Equipe_1920_RS6943.png","width":1920,"height":1920,"caption":"\u00a9 Enfants du Monde"},{"@type":"WebSite","@id":"https:\/\/edm.ch\/en\/#website","url":"https:\/\/edm.ch\/en\/","name":"Enfants du monde","description":"Association suisse","potentialAction":[{"@type":"SearchAction","target":{"@type":"EntryPoint","urlTemplate":"https:\/\/edm.ch\/en\/?s={search_term_string}"},"query-input":{"@type":"PropertyValueSpecification","valueRequired":true,"valueName":"search_term_string"}}],"inLanguage":"fr-FR"}]}},"_links":{"self":[{"href":"https:\/\/edm.ch\/fr\/wp-json\/wp\/v2\/pages\/1252","targetHints":{"allow":["GET"]}}],"collection":[{"href":"https:\/\/edm.ch\/fr\/wp-json\/wp\/v2\/pages"}],"about":[{"href":"https:\/\/edm.ch\/fr\/wp-json\/wp\/v2\/types\/page"}],"author":[{"embeddable":true,"href":"https:\/\/edm.ch\/fr\/wp-json\/wp\/v2\/users\/1"}],"replies":[{"embeddable":true,"href":"https:\/\/edm.ch\/fr\/wp-json\/wp\/v2\/comments?post=1252"}],"version-history":[{"count":45,"href":"https:\/\/edm.ch\/fr\/wp-json\/wp\/v2\/pages\/1252\/revisions"}],"predecessor-version":[{"id":33289,"href":"https:\/\/edm.ch\/fr\/wp-json\/wp\/v2\/pages\/1252\/revisions\/33289"}],"wp:featuredmedia":[{"embeddable":true,"href":"https:\/\/edm.ch\/fr\/wp-json\/wp\/v2\/media\/2645"}],"wp:attachment":[{"href":"https:\/\/edm.ch\/fr\/wp-json\/wp\/v2\/media?parent=1252"}],"curies":[{"name":"wp","href":"https:\/\/api.w.org\/{rel}","templated":true}]}}