{"id":32541,"date":"2024-09-03T11:55:11","date_gmt":"2024-09-03T11:55:11","guid":{"rendered":"https:\/\/edm.ch\/?post_type=projects&#038;p=32541"},"modified":"2025-09-05T11:35:10","modified_gmt":"2025-09-05T11:35:10","slug":"guatemala-proteger-ninoas-de-la-violencia","status":"publish","type":"projects","link":"https:\/\/edm.ch\/es\/guatemala-proteger-ninoas-de-la-violencia\/","title":{"rendered":"Guatemala &#8211; Proteger a lo\u00b7as ni\u00f1o\u00b7as de la violencia"},"content":{"rendered":"<section class=\"subpageBanner\" style=\"display:\">\n    <div class=\"subpageBannerBlock figure_block\">\n        <img decoding=\"async\" data-src=\"https:\/\/edm.ch\/wp-content\/uploads\/2024\/09\/Nouveau-site_Banner5.png\" src=\"data:image\/svg+xml;base64,PHN2ZyB3aWR0aD0iMSIgaGVpZ2h0PSIxIiB4bWxucz0iaHR0cDovL3d3dy53My5vcmcvMjAwMC9zdmciPjwvc3ZnPg==\" class=\"lazyload\" style=\"--smush-placeholder-width: 2500px; --smush-placeholder-aspect-ratio: 2500\/1080;\" data-srcset=\"https:\/\/edm.ch\/wp-content\/uploads\/2024\/09\/Nouveau-site_Banner5.png 2500w, https:\/\/edm.ch\/wp-content\/uploads\/2024\/09\/Nouveau-site_Banner5-300x130.png 300w, https:\/\/edm.ch\/wp-content\/uploads\/2024\/09\/Nouveau-site_Banner5-1024x442.png 1024w, https:\/\/edm.ch\/wp-content\/uploads\/2024\/09\/Nouveau-site_Banner5-768x332.png 768w, https:\/\/edm.ch\/wp-content\/uploads\/2024\/09\/Nouveau-site_Banner5-1536x664.png 1536w, https:\/\/edm.ch\/wp-content\/uploads\/2024\/09\/Nouveau-site_Banner5-2048x885.png 2048w\" data-sizes=\"auto\" data-original-sizes=\"(max-width: 2500px) 100vw, 2500px\" \/>\n        <div class=\"subpageBannerWrap\">\n            <div class=\"container\">\n                <div class=\"content\">\n                    <div>\n                        <span class=\"bannerHead\">Guatemala <\/span>\n                        <h1>Proteger a lo\u00b7as ni\u00f1o\u00b7as de la violencia<\/h1>\n                    <\/div>\n                                    <\/div>\n            <\/div>\n        <\/div>\n            <\/div>\n<\/section>\n<script type=\"text\/javascript\">\n    jQuery(document).ready(function ($) {\n        \/\/ Check if the block exists\n        var bannerSection = $('#subpage-banner-section');\n\n        if (bannerSection.length > 0) {\n            \/\/ Move the block to the end of <main> just before the footer\n            $('main').append(bannerSection); \/\/ This will append it inside the <main> tag\n        }\n\n        $('.documentAccordion').on('click', function (e) {\n            e.preventDefault();  \/\/ Prevent default link action\n\n            \/\/ Target the section with the given ID\n            $('html, body').animate({\n                scrollTop: $('#subpage-banner-section').offset().top - 200\n            }, 1000);\n        });\n    });\n<\/script>\n\n\n        <section class=\" countSec\" style=\"display:\">\n        <div class=\"container\">\n            <div class=\"countHolder\">\n                <h2>Entre 2024 y 2026<\/h2>\n                <div class=\"countBlock\">\n                    <div class=\"countRow\">\n\n                        \n                            <div class=\"countCol\">\n                                <div class=\"countColInner\">\n                                    <div class=\"imgBlock\">\n                                    <img decoding=\"async\" data-src=\"https:\/\/edm.ch\/wp-content\/uploads\/2023\/08\/Picto-eleve.png\" src=\"data:image\/svg+xml;base64,PHN2ZyB3aWR0aD0iMSIgaGVpZ2h0PSIxIiB4bWxucz0iaHR0cDovL3d3dy53My5vcmcvMjAwMC9zdmciPjwvc3ZnPg==\" class=\"lazyload\" style=\"--smush-placeholder-width: 160px; --smush-placeholder-aspect-ratio: 160\/160;\" data-srcset=\"https:\/\/edm.ch\/wp-content\/uploads\/2023\/08\/Picto-eleve.png 160w, https:\/\/edm.ch\/wp-content\/uploads\/2023\/08\/Picto-eleve-150x150.png 150w\" data-sizes=\"auto\" data-original-sizes=\"(max-width: 160px) 100vw, 160px\" \/>\n                                    <\/div>\n                                    <div class=\"content\">\n                                    <h2>6&#8217;000<\/h2>\n                                    <p>alumno\u00b7as de primaria se beneficiaron del programa<\/p>\n                                    <\/div>\n                                <\/div>\n                            <\/div>\n\n                        \n                            <div class=\"countCol\">\n                                <div class=\"countColInner\">\n                                    <div class=\"imgBlock\">\n                                    <img decoding=\"async\" data-src=\"https:\/\/edm.ch\/wp-content\/uploads\/2023\/08\/Picto-enfant.png\" src=\"data:image\/svg+xml;base64,PHN2ZyB3aWR0aD0iMSIgaGVpZ2h0PSIxIiB4bWxucz0iaHR0cDovL3d3dy53My5vcmcvMjAwMC9zdmciPjwvc3ZnPg==\" class=\"lazyload\" style=\"--smush-placeholder-width: 160px; --smush-placeholder-aspect-ratio: 160\/160;\" data-srcset=\"https:\/\/edm.ch\/wp-content\/uploads\/2023\/08\/Picto-enfant.png 160w, https:\/\/edm.ch\/wp-content\/uploads\/2023\/08\/Picto-enfant-150x150.png 150w\" data-sizes=\"auto\" data-original-sizes=\"(max-width: 160px) 100vw, 160px\" \/>\n                                    <\/div>\n                                    <div class=\"content\">\n                                    <h2>7&#8217;500 <\/h2>\n                                    <p>padres\/madres de alumnos y miembros de la comunidad fueron sensibilizado\u00b7as<\/p>\n                                    <\/div>\n                                <\/div>\n                            <\/div>\n\n                        \n                            <div class=\"countCol\">\n                                <div class=\"countColInner\">\n                                    <div class=\"imgBlock\">\n                                    <img decoding=\"async\" data-src=\"https:\/\/edm.ch\/wp-content\/uploads\/2023\/08\/Picto-enseignant-2.png\" src=\"data:image\/svg+xml;base64,PHN2ZyB3aWR0aD0iMSIgaGVpZ2h0PSIxIiB4bWxucz0iaHR0cDovL3d3dy53My5vcmcvMjAwMC9zdmciPjwvc3ZnPg==\" class=\"lazyload\" style=\"--smush-placeholder-width: 160px; --smush-placeholder-aspect-ratio: 160\/160;\" data-srcset=\"https:\/\/edm.ch\/wp-content\/uploads\/2023\/08\/Picto-enseignant-2.png 160w, https:\/\/edm.ch\/wp-content\/uploads\/2023\/08\/Picto-enseignant-2-150x150.png 150w\" data-sizes=\"auto\" data-original-sizes=\"(max-width: 160px) 100vw, 160px\" \/>\n                                    <\/div>\n                                    <div class=\"content\">\n                                    <h2>264<\/h2>\n                                    <p>docentes recibieron formaci\u00f3n<\/p>\n                                    <\/div>\n                                <\/div>\n                            <\/div>\n\n                        \n                    <\/div>\n                <\/div>\n                <div class=\"countBlockText\"><p><\/p><\/div>\n            <\/div>\n        <\/div>\n    <\/section>\n\n        <section class=\"contentSec\" style=\"display:\">\n        <div class=\"container\">\n            <div class=\"contentBlock\">\n                <h5><\/h5>\n                <p>Al igual que muchos pa\u00edses centroamericanos, <strong>los problemas de las bandas y el narcotr\u00e1fico,<\/strong> as\u00ed como una larga historia de violencia vinculada a la guerra civil y los reg\u00edmenes militares azotan a Guatemala. En promedio, cada d\u00eda mueren 2 ni\u00f1os como consecuencia de la violencia, y se denuncian 35 casos de maltrato infantil*. La escuelas no se han librado de este clima delet\u00e9reo: el acoso, los abusos sexuales y la violencia por parte de los decentes son fen\u00f3menos comunes, sobre todo en las zonas rurales.<strong> 6 de cada 10* ni\u00f1o\u00b7as tienen miedo de ir a la escuela,<\/strong> lo que aumenta las tasas de absentismo y la deserci\u00f3n escolar.<\/p>\n                            <\/div>\n        <\/div>\n    <\/section>\n\n\n    \n    <section class=\"rightTextLeftImg \" style=\"display:\">\n        <div class=\"container\">\n            <div class=\"rightTextLeftImgRow\">\n                                    <div class=\"left\">\n                                                    <div class=\"imgBlock\">\n                                <a class=\"figure_block\" href=\"https:\/\/edm.ch\/wp-content\/uploads\/2024\/08\/4-2.png\" data-fancybox data-caption=\"\">\n                                    <img decoding=\"async\" data-src=\"https:\/\/edm.ch\/wp-content\/uploads\/2024\/08\/4-2.png\" src=\"data:image\/svg+xml;base64,PHN2ZyB3aWR0aD0iMSIgaGVpZ2h0PSIxIiB4bWxucz0iaHR0cDovL3d3dy53My5vcmcvMjAwMC9zdmciPjwvc3ZnPg==\" class=\"lazyload\" style=\"--smush-placeholder-width: 1920px; --smush-placeholder-aspect-ratio: 1920\/1920;\" data-srcset=\"https:\/\/edm.ch\/wp-content\/uploads\/2024\/08\/4-2.png 1920w, https:\/\/edm.ch\/wp-content\/uploads\/2024\/08\/4-2-300x300.png 300w, https:\/\/edm.ch\/wp-content\/uploads\/2024\/08\/4-2-1024x1024.png 1024w, https:\/\/edm.ch\/wp-content\/uploads\/2024\/08\/4-2-150x150.png 150w, https:\/\/edm.ch\/wp-content\/uploads\/2024\/08\/4-2-768x768.png 768w, https:\/\/edm.ch\/wp-content\/uploads\/2024\/08\/4-2-1536x1536.png 1536w\" data-sizes=\"auto\" data-original-sizes=\"(max-width: 1920px) 100vw, 1920px\" \/>\n                                                                            <div class=\"picture-caption\">\n                                            <div class=\"caption-content\"><span>2022 Sandra Sebastian\/Fairpicture<\/span><\/div>\n                                        <\/div>\n                                                                    <\/a>\n                                <figcaption><\/figcaption>\n                            <\/div>\n                                            <\/div>\n                                                    <div class=\"right\">\n                        <div class=\"content\">\n                            <h2>                                Prevenir la violencia en las escuelas <small><\/small>\n                            <\/h2>                                                            <p>En las regiones econ\u00f3mica y socialmente desfavorecidas de los departamentos de Alta Verapaz y Chimaltenango, existe uno de los m\u00e1s altos \u00edndices de violencia f\u00edsica, psicol\u00f3gica y\/o sexual contra lo\u00b7as ni\u00f1o\u00b7as, tanto en las escuelas como en los hogares.<\/p>\n<p>Por este motivo, con el apoyo financiero de Swiss Solidarity, y de nuestro socio local, la ONG CIPREVICA, estamos iniciando en 40 escuelas p\u00fablicas un proyecto <strong>para proteger a lo\u00b7as ni\u00f1o\u00b7as de la violencia.<\/strong><\/p>\n<p>Estas acciones complementan nuestro programa de educaci\u00f3n biling\u00fce e intercultural, que est\u00e1 dise\u00f1ado para ayudar a lo\u00b7as ni\u00f1o\u00b7as desfavorecidos de origen maya a progresar en las aulas.<\/p>\n                                                                                                            <\/div>\n                    <\/div>\n                            <\/div>\n        <\/div>\n    <\/section>\n\n\n    \n    <section class=\"leftTextRightImg \" style=\"display:\">\n        <div class=\"container\">\n            <div class=\"leftTextRightImgRow\">\n                                    <div class=\"right\">\n                                                    <div class=\"imgBlock\">\n                                <a class=\"figure_block\" href=\"https:\/\/edm.ch\/wp-content\/uploads\/2024\/08\/1-3.png\" data-fancybox data-caption=\"\">\n                                    <img decoding=\"async\" data-src=\"https:\/\/edm.ch\/wp-content\/uploads\/2024\/08\/1-3.png\" src=\"data:image\/svg+xml;base64,PHN2ZyB3aWR0aD0iMSIgaGVpZ2h0PSIxIiB4bWxucz0iaHR0cDovL3d3dy53My5vcmcvMjAwMC9zdmciPjwvc3ZnPg==\" class=\"lazyload\" style=\"--smush-placeholder-width: 1920px; --smush-placeholder-aspect-ratio: 1920\/1920;\" data-srcset=\"https:\/\/edm.ch\/wp-content\/uploads\/2024\/08\/1-3.png 1920w, https:\/\/edm.ch\/wp-content\/uploads\/2024\/08\/1-3-300x300.png 300w, https:\/\/edm.ch\/wp-content\/uploads\/2024\/08\/1-3-1024x1024.png 1024w, https:\/\/edm.ch\/wp-content\/uploads\/2024\/08\/1-3-150x150.png 150w, https:\/\/edm.ch\/wp-content\/uploads\/2024\/08\/1-3-768x768.png 768w, https:\/\/edm.ch\/wp-content\/uploads\/2024\/08\/1-3-1536x1536.png 1536w\" data-sizes=\"auto\" data-original-sizes=\"(max-width: 1920px) 100vw, 1920px\" \/>\n                                                                    <\/a>\n                                <figcaption><\/figcaption>\n                            <\/div>\n                                            <\/div>\n                                                    <div class=\"left\">\n                        <div class=\"content\">\n                            <h2>                                Formar docentes para promover los comportamientos no violentos <small><\/small>\n                            <\/h2>                                                            <p>Se formar\u00e1 a lo\u00b7as profesore\u00b7as para<strong> que ense\u00f1en a los alumnos a reconocer sus propias emociones y a manejarlas mejor<\/strong>, con el fin de fomentar relaciones armoniosas y menos violentas con sus compa\u00f1eros. Tambi\u00e9n se les impartir\u00e1 formaci\u00f3n en educaci\u00f3n sexual integral, teniendo en cuenta los diferentes grupos de edad al tratar estos temas delicados, para que puedan ense\u00f1ar a los alumnos los conocimientos y comportamientos que les ayudar\u00e1n a mantener relaciones sociales y sexuales respetuosas, y a comprender y proteger sus propios derechos y los de los dem\u00e1s.<\/p>\n<p>El material did\u00e1ctico elaborado con el apoyo de nuestros especialistas est\u00e1 inspirado en la cultura y los valores mayas.<\/p>\n                                                                                                            <\/div>\n                    <\/div>\n                            <\/div>\n        <\/div>\n    <\/section>\n\n\n    \n    <section class=\"rightTextLeftImg \" style=\"display:\">\n        <div class=\"container\">\n            <div class=\"rightTextLeftImgRow\">\n                                    <div class=\"left\">\n                                                    <div class=\"imgBlock\">\n                                <a class=\"figure_block\" href=\"https:\/\/edm.ch\/wp-content\/uploads\/2024\/08\/3-2.png\" data-fancybox data-caption=\"\">\n                                    <img decoding=\"async\" data-src=\"https:\/\/edm.ch\/wp-content\/uploads\/2024\/08\/3-2.png\" src=\"data:image\/svg+xml;base64,PHN2ZyB3aWR0aD0iMSIgaGVpZ2h0PSIxIiB4bWxucz0iaHR0cDovL3d3dy53My5vcmcvMjAwMC9zdmciPjwvc3ZnPg==\" class=\"lazyload\" style=\"--smush-placeholder-width: 1920px; --smush-placeholder-aspect-ratio: 1920\/1920;\" data-srcset=\"https:\/\/edm.ch\/wp-content\/uploads\/2024\/08\/3-2.png 1920w, https:\/\/edm.ch\/wp-content\/uploads\/2024\/08\/3-2-300x300.png 300w, https:\/\/edm.ch\/wp-content\/uploads\/2024\/08\/3-2-1024x1024.png 1024w, https:\/\/edm.ch\/wp-content\/uploads\/2024\/08\/3-2-150x150.png 150w, https:\/\/edm.ch\/wp-content\/uploads\/2024\/08\/3-2-768x768.png 768w, https:\/\/edm.ch\/wp-content\/uploads\/2024\/08\/3-2-1536x1536.png 1536w\" data-sizes=\"auto\" data-original-sizes=\"(max-width: 1920px) 100vw, 1920px\" \/>\n                                                                    <\/a>\n                                <figcaption><\/figcaption>\n                            <\/div>\n                                            <\/div>\n                                                    <div class=\"right\">\n                        <div class=\"content\">\n                            <h2>                                Identificar y proteger a lo\u00b7as ni\u00f1o\u00b7as v\u00edctimas de violencia <small><\/small>\n                            <\/h2>                                                            <p>Ense\u00f1amos a padres, madres y docentes <strong>c\u00f3mo identificar las se\u00f1ales de alarma que indican problemas<\/strong> en ni\u00f1os y j\u00f3venes que requieren cuidado profesional. Les informamos sobre el marco legal de protecci\u00f3n de lo\u00b7as ni\u00f1o\u00b7as, y creamos comit\u00e9s escolares de protecci\u00f3n de ni\u00f1o\u00b7as para sensibilizarles sobre los pasos necesarios para identificar, tratar y dar seguimiento a los casos de violencia.<\/p>\n                                                                                                            <\/div>\n                    <\/div>\n                            <\/div>\n        <\/div>\n    <\/section>\n\n\n    \n    <section class=\"leftTextRightImg \" style=\"display:\">\n        <div class=\"container\">\n            <div class=\"leftTextRightImgRow\">\n                                    <div class=\"right\">\n                                                    <div class=\"imgBlock\">\n                                <a class=\"figure_block\" href=\"https:\/\/edm.ch\/wp-content\/uploads\/2024\/08\/2-3.png\" data-fancybox data-caption=\"\">\n                                    <img decoding=\"async\" data-src=\"https:\/\/edm.ch\/wp-content\/uploads\/2024\/08\/2-3.png\" src=\"data:image\/svg+xml;base64,PHN2ZyB3aWR0aD0iMSIgaGVpZ2h0PSIxIiB4bWxucz0iaHR0cDovL3d3dy53My5vcmcvMjAwMC9zdmciPjwvc3ZnPg==\" class=\"lazyload\" style=\"--smush-placeholder-width: 1920px; --smush-placeholder-aspect-ratio: 1920\/1920;\" data-srcset=\"https:\/\/edm.ch\/wp-content\/uploads\/2024\/08\/2-3.png 1920w, https:\/\/edm.ch\/wp-content\/uploads\/2024\/08\/2-3-300x300.png 300w, https:\/\/edm.ch\/wp-content\/uploads\/2024\/08\/2-3-1024x1024.png 1024w, https:\/\/edm.ch\/wp-content\/uploads\/2024\/08\/2-3-150x150.png 150w, https:\/\/edm.ch\/wp-content\/uploads\/2024\/08\/2-3-768x768.png 768w, https:\/\/edm.ch\/wp-content\/uploads\/2024\/08\/2-3-1536x1536.png 1536w\" data-sizes=\"auto\" data-original-sizes=\"(max-width: 1920px) 100vw, 1920px\" \/>\n                                                                    <\/a>\n                                <figcaption><\/figcaption>\n                            <\/div>\n                                            <\/div>\n                                                    <div class=\"left\">\n                        <div class=\"content\">\n                            <h2>                                Sensibilizar a lo\u00b7as ni\u00f1o\u00b7as jugando <small><\/small>\n                            <\/h2>                                                            <p>Los proyectos escolares y los de clase, basados en obras de teatro, en concursos de redacci\u00f3n y en la pintura de frescos,<strong> garantizan a lo\u00b7as ni\u00f1os\u00b7as la oportunidad de reconocer las situaciones de violencia,<\/strong> y de sentirse c\u00f3modo\u00b7as hablando de ellas.<\/p>\n                                                                                                            <\/div>\n                    <\/div>\n                            <\/div>\n        <\/div>\n    <\/section>\n\n\n    \n    <section class=\"rightTextLeftImg \" style=\"display:\">\n        <div class=\"container\">\n            <div class=\"rightTextLeftImgRow\">\n                                    <div class=\"left\">\n                                                    <div class=\"imgBlock\">\n                                <a class=\"figure_block\" href=\"https:\/\/edm.ch\/wp-content\/uploads\/2023\/08\/carte-guate-2.png\" data-fancybox data-caption=\"\">\n                                    <img decoding=\"async\" data-src=\"https:\/\/edm.ch\/wp-content\/uploads\/2023\/08\/carte-guate-2.png\" src=\"data:image\/svg+xml;base64,PHN2ZyB3aWR0aD0iMSIgaGVpZ2h0PSIxIiB4bWxucz0iaHR0cDovL3d3dy53My5vcmcvMjAwMC9zdmciPjwvc3ZnPg==\" class=\"lazyload\" style=\"--smush-placeholder-width: 1920px; --smush-placeholder-aspect-ratio: 1920\/1920;\" data-srcset=\"https:\/\/edm.ch\/wp-content\/uploads\/2023\/08\/carte-guate-2.png 1920w, https:\/\/edm.ch\/wp-content\/uploads\/2023\/08\/carte-guate-2-300x300.png 300w, https:\/\/edm.ch\/wp-content\/uploads\/2023\/08\/carte-guate-2-1024x1024.png 1024w, https:\/\/edm.ch\/wp-content\/uploads\/2023\/08\/carte-guate-2-150x150.png 150w, https:\/\/edm.ch\/wp-content\/uploads\/2023\/08\/carte-guate-2-768x768.png 768w, https:\/\/edm.ch\/wp-content\/uploads\/2023\/08\/carte-guate-2-1536x1536.png 1536w\" data-sizes=\"auto\" data-original-sizes=\"(max-width: 1920px) 100vw, 1920px\" \/>\n                                                                    <\/a>\n                                <figcaption><\/figcaption>\n                            <\/div>\n                                            <\/div>\n                                                    <div class=\"right\">\n                        <div class=\"content\">\n                            <h2>                                Nuestro impacto <small><\/small>\n                            <\/h2>                                                            <ul>\n<li><strong>Lo\u00b7as alumno\u00b7as<\/strong> saben cu\u00e1les son sus derechos, c\u00f3mo pedir ayuda y est\u00e1n familiarizados con lo que significa el consentimiento<\/li>\n<li><strong>Padres y madres conocen<\/strong> las diferentes formas de maltrato infantil, as\u00ed como la ley de protecci\u00f3n de la infancia<\/li>\n<li><strong>Lo*as docentes<\/strong> saben c\u00f3mo identificar a un*a ni\u00f1o*a susceptible de ser v\u00edctima de violencia<\/li>\n<li><strong>Lo*as docentes<\/strong> disponen de material educativo sobre la prevenci\u00f3n de la violencia, adaptado a cada grupo de edad.<\/li>\n<li><strong>Los comit\u00e9s escolares<\/strong> formados por padres y madres, docentes y representantes de los alumnos, garantizan que los cambios sean sostenibles dentro de la escuela<\/li>\n<\/ul>\n                                                                                                            <\/div>\n                    <\/div>\n                            <\/div>\n        <\/div>\n    <\/section>\n\n\n        <section class=\" partnerSec\" style=\"display:\">\n        <div class=\"container\">\n            <h2>Socios locales<\/h2>\n            <div class=\"partnerWrap \">\n\n\n                                    \n                        <div class=\"partnerBlock\">\n                            <figure>\n                                                                    <a href=\"https:\/\/www.ciprevica.org\/\" target=\"_self\">\n                                        <img decoding=\"async\" data-src=\"https:\/\/edm.ch\/wp-content\/uploads\/2023\/08\/Ciprevica-logo-1-1.png\" src=\"data:image\/svg+xml;base64,PHN2ZyB3aWR0aD0iMSIgaGVpZ2h0PSIxIiB4bWxucz0iaHR0cDovL3d3dy53My5vcmcvMjAwMC9zdmciPjwvc3ZnPg==\" class=\"lazyload\" style=\"--smush-placeholder-width: 628px; --smush-placeholder-aspect-ratio: 628\/311;\" data-srcset=\"https:\/\/edm.ch\/wp-content\/uploads\/2023\/08\/Ciprevica-logo-1-1.png 628w, https:\/\/edm.ch\/wp-content\/uploads\/2023\/08\/Ciprevica-logo-1-1-300x149.png 300w\" data-sizes=\"auto\" data-original-sizes=\"(max-width: 628px) 100vw, 628px\">\n                                    <\/a>\n                                                            <\/figure>\n                        <\/div>\n                        \n                    \n            <\/div>\n        <\/div>\n    <\/section>\n\n\n        <section class=\" partnerSec\" style=\"display:\">\n        <div class=\"container\">\n            <h2>Socios financieros<\/h2>\n            <div class=\"partnerWrap \">\n\n\n                                    \n                        <div class=\"partnerBlock\">\n                            <figure>\n                                                                    <a href=\"https:\/\/www.swiss-solidarity.org\/\" target=\"_blank\">\n                                        <img decoding=\"async\" data-src=\"https:\/\/edm.ch\/wp-content\/uploads\/2024\/09\/Logo-Chaine-du-Bonheur-FR.png\" src=\"data:image\/svg+xml;base64,PHN2ZyB3aWR0aD0iMSIgaGVpZ2h0PSIxIiB4bWxucz0iaHR0cDovL3d3dy53My5vcmcvMjAwMC9zdmciPjwvc3ZnPg==\" class=\"lazyload\" style=\"--smush-placeholder-width: 628px; --smush-placeholder-aspect-ratio: 628\/311;\" data-srcset=\"https:\/\/edm.ch\/wp-content\/uploads\/2024\/09\/Logo-Chaine-du-Bonheur-FR.png 628w, https:\/\/edm.ch\/wp-content\/uploads\/2024\/09\/Logo-Chaine-du-Bonheur-FR-300x149.png 300w\" data-sizes=\"auto\" data-original-sizes=\"(max-width: 628px) 100vw, 628px\">\n                                    <\/a>\n                                                            <\/figure>\n                        <\/div>\n                        \n                    \n            <\/div>\n        <\/div>\n    <\/section>\n\n\n        <section class=\" faqSec\" style=\"display:\">\n        <div class=\"container\">\n            <h2>Fuente:<\/h2>\n            <div class=\"accordionWrap\">\n                                    <div class=\"accordionBlock\">\n                    <div class=\"accordionHead\"><\/div>\n                        <div class=\"accordionContent\">\n                            <p>*UNICEF, Romper el c\u00edrculo vicioso de la violencia (2019), consult\u00e9 d\u00e9cembre 2023 https:\/\/www.unicef.org\/guatemala\/comunicados-prensa\/romper-el-c%C3%ADrculo-vicioso-de-la-violencia-todas-las-ni%C3%B1as-ni%C3%B1os-y-adolescentes<\/p>\n                        <\/div>\n                    <\/div>\n                            <\/div>\n        <\/div>\n    <\/section>\n\n\n    \n    <section class=\"leftTextRightImg \" style=\"display:\">\n        <div class=\"container\">\n            <div class=\"leftTextRightImgRow\">\n                                    <div class=\"right\">\n                                                    <div class=\"imgBlock\">\n                                <a class=\"figure_block\" href=\"https:\/\/edm.ch\/wp-content\/uploads\/2024\/01\/Nouveau-site_Carre4.png\" data-fancybox data-caption=\"\">\n                                    <img decoding=\"async\" data-src=\"https:\/\/edm.ch\/wp-content\/uploads\/2024\/01\/Nouveau-site_Carre4.png\" src=\"data:image\/svg+xml;base64,PHN2ZyB3aWR0aD0iMSIgaGVpZ2h0PSIxIiB4bWxucz0iaHR0cDovL3d3dy53My5vcmcvMjAwMC9zdmciPjwvc3ZnPg==\" class=\"lazyload\" style=\"--smush-placeholder-width: 1920px; --smush-placeholder-aspect-ratio: 1920\/1920;\" data-srcset=\"https:\/\/edm.ch\/wp-content\/uploads\/2024\/01\/Nouveau-site_Carre4.png 1920w, https:\/\/edm.ch\/wp-content\/uploads\/2024\/01\/Nouveau-site_Carre4-300x300.png 300w, https:\/\/edm.ch\/wp-content\/uploads\/2024\/01\/Nouveau-site_Carre4-1024x1024.png 1024w, https:\/\/edm.ch\/wp-content\/uploads\/2024\/01\/Nouveau-site_Carre4-150x150.png 150w, https:\/\/edm.ch\/wp-content\/uploads\/2024\/01\/Nouveau-site_Carre4-768x768.png 768w, https:\/\/edm.ch\/wp-content\/uploads\/2024\/01\/Nouveau-site_Carre4-1536x1536.png 1536w\" data-sizes=\"auto\" data-original-sizes=\"(max-width: 1920px) 100vw, 1920px\" \/>\n                                                                    <\/a>\n                                <figcaption><\/figcaption>\n                            <\/div>\n                                            <\/div>\n                                                    <div class=\"left\">\n                        <div class=\"content\">\n                            <h2>                                Ponte en contacto con nuestro equipo <small><\/small>\n                            <\/h2>                                                            <p><strong>Oficina de Coordinaci\u00f3n en Am\u00e9rica Latina<\/strong><\/p>\n<p>Enfants du Monde<\/p>\n<p>c\/o CIPREVICA<\/p>\n<p>12 calle 1-48, Zona 10, Edificio Pivaral, 6. piso,<\/p>\n<p>Ciudad de Guatemala,<\/p>\n<p>Guatemala<\/p>\n<p><strong>Maria Balaguer<\/strong><\/p>\n<p>Coordinadora regional<\/p>\n<p>Tel. + (+502) 42 38 50 74<\/p>\n<p>Correo electr\u00f3nico: <a href=\"mailto:alat@edm.ch\">alat@edm.ch<\/a><\/p>\n                                                                                                            <\/div>\n                    <\/div>\n                            <\/div>\n        <\/div>\n    <\/section>","protected":false},"featured_media":33113,"parent":0,"template":"","class_list":["post-32541","projects","type-projects","status-publish","has-post-thumbnail","hentry"],"acf":[],"yoast_head":"<!-- This site is optimized with the Yoast SEO plugin v26.9 - https:\/\/yoast.com\/product\/yoast-seo-wordpress\/ -->\n<title>Guatemala - Proteger a lo\u00b7as ni\u00f1o\u00b7as - Enfants du Monde<\/title>\n<meta name=\"description\" content=\"Con el apoyo financiero de Swiss Solidarity, estamos iniciando en 40 escuelas un proyecto para proteger a lo\u00b7as ni\u00f1o\u00b7as de la violencia.\" \/>\n<meta name=\"robots\" content=\"index, follow, max-snippet:-1, max-image-preview:large, max-video-preview:-1\" \/>\n<link rel=\"canonical\" href=\"https:\/\/edm.ch\/es\/guatemala-proteger-ninoas-de-la-violencia\/\" \/>\n<meta property=\"og:locale\" content=\"es_ES\" \/>\n<meta property=\"og:type\" content=\"article\" \/>\n<meta property=\"og:title\" content=\"Guatemala - Proteger a lo\u00b7as ni\u00f1o\u00b7as - Enfants du Monde\" \/>\n<meta property=\"og:description\" content=\"Con el apoyo financiero de Swiss Solidarity, estamos iniciando en 40 escuelas un proyecto para proteger a lo\u00b7as ni\u00f1o\u00b7as de la violencia.\" \/>\n<meta property=\"og:url\" content=\"https:\/\/edm.ch\/es\/guatemala-proteger-ninoas-de-la-violencia\/\" \/>\n<meta property=\"og:site_name\" content=\"Enfants du monde\" \/>\n<meta property=\"article:modified_time\" content=\"2025-09-05T11:35:10+00:00\" \/>\n<meta property=\"og:image\" content=\"https:\/\/edm.ch\/wp-content\/uploads\/2024\/09\/Nouveau-site_Banner5-1024x442.png\" \/>\n\t<meta property=\"og:image:width\" content=\"1024\" \/>\n\t<meta property=\"og:image:height\" content=\"442\" \/>\n\t<meta property=\"og:image:type\" content=\"image\/png\" \/>\n<meta name=\"twitter:card\" content=\"summary_large_image\" \/>\n<meta name=\"twitter:label1\" content=\"Est. reading time\" \/>\n\t<meta name=\"twitter:data1\" content=\"1 minuto\" \/>\n<script type=\"application\/ld+json\" class=\"yoast-schema-graph\">{\"@context\":\"https:\/\/schema.org\",\"@graph\":[{\"@type\":\"WebPage\",\"@id\":\"https:\/\/edm.ch\/es\/guatemala-proteger-ninoas-de-la-violencia\/\",\"url\":\"https:\/\/edm.ch\/es\/guatemala-proteger-ninoas-de-la-violencia\/\",\"name\":\"Guatemala - Proteger a lo\u00b7as ni\u00f1o\u00b7as - Enfants du Monde\",\"isPartOf\":{\"@id\":\"https:\/\/edm.ch\/en\/#website\"},\"primaryImageOfPage\":{\"@id\":\"https:\/\/edm.ch\/es\/guatemala-proteger-ninoas-de-la-violencia\/#primaryimage\"},\"image\":{\"@id\":\"https:\/\/edm.ch\/es\/guatemala-proteger-ninoas-de-la-violencia\/#primaryimage\"},\"thumbnailUrl\":\"https:\/\/edm.ch\/wp-content\/uploads\/2024\/09\/Nouveau-site_Banner5.png\",\"datePublished\":\"2024-09-03T11:55:11+00:00\",\"dateModified\":\"2025-09-05T11:35:10+00:00\",\"description\":\"Con el apoyo financiero de Swiss Solidarity, estamos iniciando en 40 escuelas un proyecto para proteger a lo\u00b7as ni\u00f1o\u00b7as de la violencia.\",\"inLanguage\":\"es\",\"potentialAction\":[{\"@type\":\"ReadAction\",\"target\":[\"https:\/\/edm.ch\/es\/guatemala-proteger-ninoas-de-la-violencia\/\"]}]},{\"@type\":\"ImageObject\",\"inLanguage\":\"es\",\"@id\":\"https:\/\/edm.ch\/es\/guatemala-proteger-ninoas-de-la-violencia\/#primaryimage\",\"url\":\"https:\/\/edm.ch\/wp-content\/uploads\/2024\/09\/Nouveau-site_Banner5.png\",\"contentUrl\":\"https:\/\/edm.ch\/wp-content\/uploads\/2024\/09\/Nouveau-site_Banner5.png\",\"width\":2500,\"height\":1080},{\"@type\":\"WebSite\",\"@id\":\"https:\/\/edm.ch\/en\/#website\",\"url\":\"https:\/\/edm.ch\/en\/\",\"name\":\"Enfants du monde\",\"description\":\"Association suisse\",\"potentialAction\":[{\"@type\":\"SearchAction\",\"target\":{\"@type\":\"EntryPoint\",\"urlTemplate\":\"https:\/\/edm.ch\/en\/?s={search_term_string}\"},\"query-input\":{\"@type\":\"PropertyValueSpecification\",\"valueRequired\":true,\"valueName\":\"search_term_string\"}}],\"inLanguage\":\"es\"}]}<\/script>\n<!-- \/ Yoast SEO plugin. -->","yoast_head_json":{"title":"Guatemala - Proteger a lo\u00b7as ni\u00f1o\u00b7as - Enfants du Monde","description":"Con el apoyo financiero de Swiss Solidarity, estamos iniciando en 40 escuelas un proyecto para proteger a lo\u00b7as ni\u00f1o\u00b7as de la violencia.","robots":{"index":"index","follow":"follow","max-snippet":"max-snippet:-1","max-image-preview":"max-image-preview:large","max-video-preview":"max-video-preview:-1"},"canonical":"https:\/\/edm.ch\/es\/guatemala-proteger-ninoas-de-la-violencia\/","og_locale":"es_ES","og_type":"article","og_title":"Guatemala - Proteger a lo\u00b7as ni\u00f1o\u00b7as - Enfants du Monde","og_description":"Con el apoyo financiero de Swiss Solidarity, estamos iniciando en 40 escuelas un proyecto para proteger a lo\u00b7as ni\u00f1o\u00b7as de la violencia.","og_url":"https:\/\/edm.ch\/es\/guatemala-proteger-ninoas-de-la-violencia\/","og_site_name":"Enfants du monde","article_modified_time":"2025-09-05T11:35:10+00:00","og_image":[{"width":1024,"height":442,"url":"https:\/\/edm.ch\/wp-content\/uploads\/2024\/09\/Nouveau-site_Banner5-1024x442.png","type":"image\/png"}],"twitter_card":"summary_large_image","twitter_misc":{"Est. reading time":"1 minuto"},"schema":{"@context":"https:\/\/schema.org","@graph":[{"@type":"WebPage","@id":"https:\/\/edm.ch\/es\/guatemala-proteger-ninoas-de-la-violencia\/","url":"https:\/\/edm.ch\/es\/guatemala-proteger-ninoas-de-la-violencia\/","name":"Guatemala - Proteger a lo\u00b7as ni\u00f1o\u00b7as - Enfants du Monde","isPartOf":{"@id":"https:\/\/edm.ch\/en\/#website"},"primaryImageOfPage":{"@id":"https:\/\/edm.ch\/es\/guatemala-proteger-ninoas-de-la-violencia\/#primaryimage"},"image":{"@id":"https:\/\/edm.ch\/es\/guatemala-proteger-ninoas-de-la-violencia\/#primaryimage"},"thumbnailUrl":"https:\/\/edm.ch\/wp-content\/uploads\/2024\/09\/Nouveau-site_Banner5.png","datePublished":"2024-09-03T11:55:11+00:00","dateModified":"2025-09-05T11:35:10+00:00","description":"Con el apoyo financiero de Swiss Solidarity, estamos iniciando en 40 escuelas un proyecto para proteger a lo\u00b7as ni\u00f1o\u00b7as de la violencia.","inLanguage":"es","potentialAction":[{"@type":"ReadAction","target":["https:\/\/edm.ch\/es\/guatemala-proteger-ninoas-de-la-violencia\/"]}]},{"@type":"ImageObject","inLanguage":"es","@id":"https:\/\/edm.ch\/es\/guatemala-proteger-ninoas-de-la-violencia\/#primaryimage","url":"https:\/\/edm.ch\/wp-content\/uploads\/2024\/09\/Nouveau-site_Banner5.png","contentUrl":"https:\/\/edm.ch\/wp-content\/uploads\/2024\/09\/Nouveau-site_Banner5.png","width":2500,"height":1080},{"@type":"WebSite","@id":"https:\/\/edm.ch\/en\/#website","url":"https:\/\/edm.ch\/en\/","name":"Enfants du monde","description":"Association suisse","potentialAction":[{"@type":"SearchAction","target":{"@type":"EntryPoint","urlTemplate":"https:\/\/edm.ch\/en\/?s={search_term_string}"},"query-input":{"@type":"PropertyValueSpecification","valueRequired":true,"valueName":"search_term_string"}}],"inLanguage":"es"}]}},"_links":{"self":[{"href":"https:\/\/edm.ch\/es\/wp-json\/wp\/v2\/projects\/32541","targetHints":{"allow":["GET"]}}],"collection":[{"href":"https:\/\/edm.ch\/es\/wp-json\/wp\/v2\/projects"}],"about":[{"href":"https:\/\/edm.ch\/es\/wp-json\/wp\/v2\/types\/projects"}],"wp:featuredmedia":[{"embeddable":true,"href":"https:\/\/edm.ch\/es\/wp-json\/wp\/v2\/media\/33113"}],"wp:attachment":[{"href":"https:\/\/edm.ch\/es\/wp-json\/wp\/v2\/media?parent=32541"}],"curies":[{"name":"wp","href":"https:\/\/api.w.org\/{rel}","templated":true}]}}