{"id":31218,"date":"2024-06-28T08:53:50","date_gmt":"2024-06-28T08:53:50","guid":{"rendered":"https:\/\/edm.ch\/?post_type=projects&#038;p=31218"},"modified":"2025-09-09T09:51:34","modified_gmt":"2025-09-09T09:51:34","slug":"chad-ameliorer-educational-system","status":"publish","type":"projects","link":"https:\/\/edm.ch\/es\/chad-ameliorer-educational-system\/","title":{"rendered":"Chad \u2013 Educaci\u00f3n de calidad para marcar la diferencia"},"content":{"rendered":"<section class=\"subpageBanner\" style=\"display:\">\n    <div class=\"subpageBannerBlock figure_block\">\n        <img decoding=\"async\" data-src=\"https:\/\/edm.ch\/wp-content\/uploads\/2024\/06\/Enfants_du_Monde_Banner_proqeb_2024_tchad.png\" src=\"data:image\/svg+xml;base64,PHN2ZyB3aWR0aD0iMSIgaGVpZ2h0PSIxIiB4bWxucz0iaHR0cDovL3d3dy53My5vcmcvMjAwMC9zdmciPjwvc3ZnPg==\" class=\"lazyload\" style=\"--smush-placeholder-width: 2500px; --smush-placeholder-aspect-ratio: 2500\/1080;\" data-srcset=\"https:\/\/edm.ch\/wp-content\/uploads\/2024\/06\/Enfants_du_Monde_Banner_proqeb_2024_tchad.png 2500w, https:\/\/edm.ch\/wp-content\/uploads\/2024\/06\/Enfants_du_Monde_Banner_proqeb_2024_tchad-300x130.png 300w, https:\/\/edm.ch\/wp-content\/uploads\/2024\/06\/Enfants_du_Monde_Banner_proqeb_2024_tchad-1024x442.png 1024w, https:\/\/edm.ch\/wp-content\/uploads\/2024\/06\/Enfants_du_Monde_Banner_proqeb_2024_tchad-768x332.png 768w, https:\/\/edm.ch\/wp-content\/uploads\/2024\/06\/Enfants_du_Monde_Banner_proqeb_2024_tchad-1536x664.png 1536w, https:\/\/edm.ch\/wp-content\/uploads\/2024\/06\/Enfants_du_Monde_Banner_proqeb_2024_tchad-2048x885.png 2048w\" data-sizes=\"auto\" data-original-sizes=\"(max-width: 2500px) 100vw, 2500px\" \/>\n        <div class=\"subpageBannerWrap\">\n            <div class=\"container\">\n                <div class=\"content\">\n                    <div>\n                        <span class=\"bannerHead\">Chad<\/span>\n                        <h1>Educaci\u00f3n de calidad para marcar la diferencia<\/h1>\n                    <\/div>\n                                    <\/div>\n            <\/div>\n        <\/div>\n            <\/div>\n<\/section>\n<script type=\"text\/javascript\">\n    jQuery(document).ready(function ($) {\n        \/\/ Check if the block exists\n        var bannerSection = $('#subpage-banner-section');\n\n        if (bannerSection.length > 0) {\n            \/\/ Move the block to the end of <main> just before the footer\n            $('main').append(bannerSection); \/\/ This will append it inside the <main> tag\n        }\n\n        $('.documentAccordion').on('click', function (e) {\n            e.preventDefault();  \/\/ Prevent default link action\n\n            \/\/ Target the section with the given ID\n            $('html, body').animate({\n                scrollTop: $('#subpage-banner-section').offset().top - 200\n            }, 1000);\n        });\n    });\n<\/script>\n\n\n        <section class=\" countSec\" style=\"display:\">\n        <div class=\"container\">\n            <div class=\"countHolder\">\n                <h2>En 2024<\/h2>\n                <div class=\"countBlock\">\n                    <div class=\"countRow\">\n\n                        \n                            <div class=\"countCol\">\n                                <div class=\"countColInner\">\n                                    <div class=\"imgBlock\">\n                                    <img decoding=\"async\" data-src=\"https:\/\/edm.ch\/wp-content\/uploads\/2023\/08\/Picto-eleve.png\" src=\"data:image\/svg+xml;base64,PHN2ZyB3aWR0aD0iMSIgaGVpZ2h0PSIxIiB4bWxucz0iaHR0cDovL3d3dy53My5vcmcvMjAwMC9zdmciPjwvc3ZnPg==\" class=\"lazyload\" style=\"--smush-placeholder-width: 160px; --smush-placeholder-aspect-ratio: 160\/160;\" data-srcset=\"https:\/\/edm.ch\/wp-content\/uploads\/2023\/08\/Picto-eleve.png 160w, https:\/\/edm.ch\/wp-content\/uploads\/2023\/08\/Picto-eleve-150x150.png 150w\" data-sizes=\"auto\" data-original-sizes=\"(max-width: 160px) 100vw, 160px\" \/>\n                                    <\/div>\n                                    <div class=\"content\">\n                                    <h2>528.625<\/h2>\n                                    <p>alumnos beneficiados por una educaci\u00f3n de calidad <\/p>\n                                    <\/div>\n                                <\/div>\n                            <\/div>\n\n                        \n                            <div class=\"countCol\">\n                                <div class=\"countColInner\">\n                                    <div class=\"imgBlock\">\n                                    <img decoding=\"async\" data-src=\"https:\/\/edm.ch\/wp-content\/uploads\/2023\/08\/Picto-enseignant-2.png\" src=\"data:image\/svg+xml;base64,PHN2ZyB3aWR0aD0iMSIgaGVpZ2h0PSIxIiB4bWxucz0iaHR0cDovL3d3dy53My5vcmcvMjAwMC9zdmciPjwvc3ZnPg==\" class=\"lazyload\" style=\"--smush-placeholder-width: 160px; --smush-placeholder-aspect-ratio: 160\/160;\" data-srcset=\"https:\/\/edm.ch\/wp-content\/uploads\/2023\/08\/Picto-enseignant-2.png 160w, https:\/\/edm.ch\/wp-content\/uploads\/2023\/08\/Picto-enseignant-2-150x150.png 150w\" data-sizes=\"auto\" data-original-sizes=\"(max-width: 160px) 100vw, 160px\" \/>\n                                    <\/div>\n                                    <div class=\"content\">\n                                    <h2>5.651<\/h2>\n                                    <p>docentes y formadores habr\u00e1n recibido formaci\u00f3n<\/p>\n                                    <\/div>\n                                <\/div>\n                            <\/div>\n\n                        \n                            <div class=\"countCol\">\n                                <div class=\"countColInner\">\n                                    <div class=\"imgBlock\">\n                                    <img decoding=\"async\" data-src=\"https:\/\/edm.ch\/wp-content\/uploads\/2023\/08\/Picto-education.png\" src=\"data:image\/svg+xml;base64,PHN2ZyB3aWR0aD0iMSIgaGVpZ2h0PSIxIiB4bWxucz0iaHR0cDovL3d3dy53My5vcmcvMjAwMC9zdmciPjwvc3ZnPg==\" class=\"lazyload\" style=\"--smush-placeholder-width: 160px; --smush-placeholder-aspect-ratio: 160\/160;\" data-srcset=\"https:\/\/edm.ch\/wp-content\/uploads\/2023\/08\/Picto-education.png 160w, https:\/\/edm.ch\/wp-content\/uploads\/2023\/08\/Picto-education-150x150.png 150w\" data-sizes=\"auto\" data-original-sizes=\"(max-width: 160px) 100vw, 160px\" \/>\n                                    <\/div>\n                                    <div class=\"content\">\n                                    <h2>2.151<\/h2>\n                                    <p>escuelas habr\u00e1n recibido apoyo<\/p>\n                                    <\/div>\n                                <\/div>\n                            <\/div>\n\n                        \n                    <\/div>\n                <\/div>\n                <div class=\"countBlockText\"><p><\/p><\/div>\n            <\/div>\n        <\/div>\n    <\/section>\n\n\n    \n    <section class=\"leftTextRightImg \" style=\"display:\">\n        <div class=\"container\">\n            <div class=\"leftTextRightImgRow\">\n                                    <div class=\"right\">\n                                                    <div class=\"imgBlock\">\n                                <a class=\"figure_block\" href=\"https:\/\/edm.ch\/wp-content\/uploads\/2024\/06\/PROQEB-ES.png\" data-fancybox data-caption=\"\">\n                                    <img decoding=\"async\" data-src=\"https:\/\/edm.ch\/wp-content\/uploads\/2024\/06\/PROQEB-ES.png\" src=\"data:image\/svg+xml;base64,PHN2ZyB3aWR0aD0iMSIgaGVpZ2h0PSIxIiB4bWxucz0iaHR0cDovL3d3dy53My5vcmcvMjAwMC9zdmciPjwvc3ZnPg==\" class=\"lazyload\" style=\"--smush-placeholder-width: 1920px; --smush-placeholder-aspect-ratio: 1920\/1920;\" data-srcset=\"https:\/\/edm.ch\/wp-content\/uploads\/2024\/06\/PROQEB-ES.png 1920w, https:\/\/edm.ch\/wp-content\/uploads\/2024\/06\/PROQEB-ES-300x300.png 300w, https:\/\/edm.ch\/wp-content\/uploads\/2024\/06\/PROQEB-ES-1024x1024.png 1024w, https:\/\/edm.ch\/wp-content\/uploads\/2024\/06\/PROQEB-ES-150x150.png 150w, https:\/\/edm.ch\/wp-content\/uploads\/2024\/06\/PROQEB-ES-768x768.png 768w, https:\/\/edm.ch\/wp-content\/uploads\/2024\/06\/PROQEB-ES-1536x1536.png 1536w\" data-sizes=\"auto\" data-original-sizes=\"(max-width: 1920px) 100vw, 1920px\" \/>\n                                                                    <\/a>\n                                <figcaption><\/figcaption>\n                            <\/div>\n                                            <\/div>\n                                                    <div class=\"left\">\n                        <div class=\"content\">\n                                                             <small><\/small>\n                                                                                        <p><span data-contrast=\"auto\">Con una tasa de alfabetizaci\u00f3n de adultos del 32%, la incapacidad o dificultad para leer y escribir sigue siendo un fen\u00f3meno predominante y sigue afectando a los sectores m\u00e1s desfavorecidos de la poblaci\u00f3n.<\/span><span data-ccp-props=\"{&quot;201341983&quot;:0,&quot;335559740&quot;:240}\">\u00a0<\/span><\/p>\n<p><span data-ccp-props=\"{&quot;201341983&quot;:0,&quot;335559740&quot;:240}\">\u00a0<\/span><span data-contrast=\"auto\">Llevamos m\u00e1s de 10 a\u00f1os mejorando el sistema educativo nacional de forma sostenible, por encargo de la Agencia Suiza para el Desarrollo y la Cooperaci\u00f3n<\/span>.<\/p>\n<p>&nbsp;<\/p>\n<p>&nbsp;<\/p>\n                                                                                                            <\/div>\n                    <\/div>\n                            <\/div>\n        <\/div>\n    <\/section>\n\n\n    \n    <section class=\"rightTextLeftImg \" style=\"display:\">\n        <div class=\"container\">\n            <div class=\"rightTextLeftImgRow\">\n                                    <div class=\"left\">\n                                                    <div class=\"imgBlock\">\n                                <a class=\"figure_block\" href=\"https:\/\/edm.ch\/wp-content\/uploads\/2024\/06\/Enfants_du_Monde_apercu_proqeb_2024_tchad.png\" data-fancybox data-caption=\"\">\n                                    <img decoding=\"async\" data-src=\"https:\/\/edm.ch\/wp-content\/uploads\/2024\/06\/Enfants_du_Monde_apercu_proqeb_2024_tchad.png\" src=\"data:image\/svg+xml;base64,PHN2ZyB3aWR0aD0iMSIgaGVpZ2h0PSIxIiB4bWxucz0iaHR0cDovL3d3dy53My5vcmcvMjAwMC9zdmciPjwvc3ZnPg==\" class=\"lazyload\" style=\"--smush-placeholder-width: 1920px; --smush-placeholder-aspect-ratio: 1920\/1920;\" data-srcset=\"https:\/\/edm.ch\/wp-content\/uploads\/2024\/06\/Enfants_du_Monde_apercu_proqeb_2024_tchad.png 1920w, https:\/\/edm.ch\/wp-content\/uploads\/2024\/06\/Enfants_du_Monde_apercu_proqeb_2024_tchad-300x300.png 300w, https:\/\/edm.ch\/wp-content\/uploads\/2024\/06\/Enfants_du_Monde_apercu_proqeb_2024_tchad-1024x1024.png 1024w, https:\/\/edm.ch\/wp-content\/uploads\/2024\/06\/Enfants_du_Monde_apercu_proqeb_2024_tchad-150x150.png 150w, https:\/\/edm.ch\/wp-content\/uploads\/2024\/06\/Enfants_du_Monde_apercu_proqeb_2024_tchad-768x768.png 768w, https:\/\/edm.ch\/wp-content\/uploads\/2024\/06\/Enfants_du_Monde_apercu_proqeb_2024_tchad-1536x1536.png 1536w\" data-sizes=\"auto\" data-original-sizes=\"(max-width: 1920px) 100vw, 1920px\" \/>\n                                                                    <\/a>\n                                <figcaption><\/figcaption>\n                            <\/div>\n                                            <\/div>\n                                                    <div class=\"right\">\n                        <div class=\"content\">\n                            <h2>                                Los retos de la educaci\u00f3n  <small><\/small>\n                            <\/h2>                                                            <p data-ccp-border-bottom=\"0px none #000000\" data-ccp-padding-bottom=\"0px\" data-ccp-border-between=\"0px none #000000\" data-ccp-padding-between=\"0px\"><span data-contrast=\"auto\">Chad es un pa\u00eds multiling\u00fce con m\u00e1s de 150 lenguas nacionales. En la escuela, la ense\u00f1anza se imparte en las lenguas oficiales, franc\u00e9s o \u00e1rabe cl\u00e1sico, que muchos ni\u00f1o.as no dominan.<\/span><span data-ccp-props=\"{&quot;201341983&quot;:0,&quot;335559740&quot;:240,&quot;335572071&quot;:0,&quot;335572072&quot;:0,&quot;335572073&quot;:0,&quot;335572075&quot;:0,&quot;335572076&quot;:0,&quot;335572077&quot;:0,&quot;335572079&quot;:0,&quot;335572080&quot;:0,&quot;335572081&quot;:0,&quot;335572083&quot;:0,&quot;335572084&quot;:0,&quot;335572085&quot;:0,&quot;335572087&quot;:0,&quot;335572088&quot;:0,&quot;335572089&quot;:0,&quot;469789798&quot;:&quot;nil&quot;,&quot;469789802&quot;:&quot;nil&quot;,&quot;469789806&quot;:&quot;nil&quot;,&quot;469789810&quot;:&quot;nil&quot;,&quot;469789814&quot;:&quot;nil&quot;}\">\u00a0<\/span><\/p>\n<p data-ccp-border-between=\"0px none #000000\" data-ccp-padding-between=\"0px\"><span data-contrast=\"auto\">Como consecuencia, m\u00e1s de la mitad de los ni\u00f1o.as abandonan la escuela en los primeros 6 a\u00f1os, y s\u00f3lo 1 de cada 5 ni\u00f1o.as sabe leer y escribir al final de la escuela primaria.<\/span><span data-ccp-props=\"{&quot;201341983&quot;:0,&quot;335559740&quot;:240,&quot;335572071&quot;:0,&quot;335572072&quot;:0,&quot;335572073&quot;:0,&quot;335572075&quot;:0,&quot;335572076&quot;:0,&quot;335572077&quot;:0,&quot;335572079&quot;:0,&quot;335572080&quot;:0,&quot;335572081&quot;:0,&quot;335572083&quot;:0,&quot;335572084&quot;:0,&quot;335572085&quot;:0,&quot;335572087&quot;:0,&quot;335572088&quot;:0,&quot;335572089&quot;:0,&quot;469789798&quot;:&quot;nil&quot;,&quot;469789802&quot;:&quot;nil&quot;,&quot;469789806&quot;:&quot;nil&quot;,&quot;469789810&quot;:&quot;nil&quot;,&quot;469789814&quot;:&quot;nil&quot;}\">\u00a0<\/span><\/p>\n<p>&nbsp;<\/p>\n                                                                                                            <\/div>\n                    <\/div>\n                            <\/div>\n        <\/div>\n    <\/section>\n\n\n    \n    <section class=\"leftTextRightImg \" style=\"display:\">\n        <div class=\"container\">\n            <div class=\"leftTextRightImgRow\">\n                                    <div class=\"right\">\n                                                    <div class=\"videoBlock\">\n                                <iframe width=\"100%\" height=\"100%\" data-src=\"https:\/\/www.youtube.com\/embed\/d5Qky1OFIJQ?si=6muRuKtWHZFqJ87N\" title=\"YouTube video player\" frameborder=\"0\" allow=\"accelerometer; autoplay; clipboard-write; encrypted-media; gyroscope; picture-in-picture; web-share\" allowfullscreen src=\"data:image\/svg+xml;base64,PHN2ZyB3aWR0aD0iMSIgaGVpZ2h0PSIxIiB4bWxucz0iaHR0cDovL3d3dy53My5vcmcvMjAwMC9zdmciPjwvc3ZnPg==\" class=\"lazyload\" data-load-mode=\"1\"><\/iframe>\n                            <\/div>\n                                            <\/div>\n                                                    <div class=\"left\">\n                        <div class=\"content\">\n                            <h2>                                Nuestro impacto  <small><\/small>\n                            <\/h2>                                                            <ul>\n<li data-leveltext=\"\u25cf\" data-font=\"Noto Sans Symbols\" data-listid=\"1\" data-list-defn-props=\"{&quot;335552541&quot;:1,&quot;335559685&quot;:720,&quot;335559991&quot;:360,&quot;469769226&quot;:&quot;Noto Sans Symbols&quot;,&quot;469769242&quot;:[8226],&quot;469777803&quot;:&quot;left&quot;,&quot;469777804&quot;:&quot;\u25cf&quot;,&quot;469777815&quot;:&quot;multilevel&quot;}\" aria-setsize=\"-1\" data-aria-posinset=\"1\" data-aria-level=\"1\"><span data-contrast=\"auto\">Los resultados de los alumno.as en idiomas y matem\u00e1ticas son hasta 2 veces mejores que en las escuelas tradicionales;<\/span><span data-ccp-props=\"{&quot;201341983&quot;:0,&quot;335559740&quot;:240}\">\u00a0<\/span><\/li>\n<li data-leveltext=\"\u25cf\" data-font=\"Noto Sans Symbols\" data-listid=\"1\" data-list-defn-props=\"{&quot;335552541&quot;:1,&quot;335559685&quot;:720,&quot;335559991&quot;:360,&quot;469769226&quot;:&quot;Noto Sans Symbols&quot;,&quot;469769242&quot;:[8226],&quot;469777803&quot;:&quot;left&quot;,&quot;469777804&quot;:&quot;\u25cf&quot;,&quot;469777815&quot;:&quot;multilevel&quot;}\" aria-setsize=\"-1\" data-aria-posinset=\"1\" data-aria-level=\"1\"><span data-contrast=\"auto\">Las clases se imparten en dos lenguas: la oficial y la local;<\/span><\/li>\n<li data-leveltext=\"\u25cf\" data-font=\"Noto Sans Symbols\" data-listid=\"1\" data-list-defn-props=\"{&quot;335552541&quot;:1,&quot;335559685&quot;:720,&quot;335559991&quot;:360,&quot;469769226&quot;:&quot;Noto Sans Symbols&quot;,&quot;469769242&quot;:[8226],&quot;469777803&quot;:&quot;left&quot;,&quot;469777804&quot;:&quot;\u25cf&quot;,&quot;469777815&quot;:&quot;multilevel&quot;}\" aria-setsize=\"-1\" data-aria-posinset=\"1\" data-aria-level=\"1\"><span data-contrast=\"auto\">El contenido de los cursos se adapta a las necesidades e intereses de la poblaci\u00f3n local. Por ejemplo, dos cuentos (\u00abPap\u00e1 Vaya\u00bb y \u00abLa hiena, el mono y la liebre\u00bb) se han adaptado e ilustrado en franc\u00e9s y \u00e1rabe para que los alumno.as aprendan a escribir en ambos idiomas;<\/span><span data-ccp-props=\"{&quot;201341983&quot;:0,&quot;335559740&quot;:240}\">\u00a0<\/span><\/li>\n<li data-leveltext=\"\u25cf\" data-font=\"Noto Sans Symbols\" data-listid=\"1\" data-list-defn-props=\"{&quot;335552541&quot;:1,&quot;335559685&quot;:720,&quot;335559991&quot;:360,&quot;469769226&quot;:&quot;Noto Sans Symbols&quot;,&quot;469769242&quot;:[8226],&quot;469777803&quot;:&quot;left&quot;,&quot;469777804&quot;:&quot;\u25cf&quot;,&quot;469777815&quot;:&quot;multilevel&quot;}\" aria-setsize=\"-1\" data-aria-posinset=\"1\" data-aria-level=\"1\"><span data-contrast=\"auto\">Ofrecemos formaci\u00f3n profesional adaptada al mercado local, por ejemplo en ganader\u00eda;<\/span><span data-ccp-props=\"{&quot;201341983&quot;:0,&quot;335559740&quot;:240}\">\u00a0<\/span><\/li>\n<li data-leveltext=\"\u25cf\" data-font=\"Noto Sans Symbols\" data-listid=\"1\" data-list-defn-props=\"{&quot;335552541&quot;:1,&quot;335559685&quot;:720,&quot;335559991&quot;:360,&quot;469769226&quot;:&quot;Noto Sans Symbols&quot;,&quot;469769242&quot;:[8226],&quot;469777803&quot;:&quot;left&quot;,&quot;469777804&quot;:&quot;\u25cf&quot;,&quot;469777815&quot;:&quot;multilevel&quot;}\" aria-setsize=\"-1\" data-aria-posinset=\"1\" data-aria-level=\"1\"><span data-contrast=\"auto\">Construimos escuelas totalmente equipadas, as\u00ed como aseos y puntos de agua.\u00a0<\/span><span data-ccp-props=\"{&quot;201341983&quot;:0,&quot;335559740&quot;:240}\">\u00a0<\/span><\/li>\n<li data-leveltext=\"\u25cf\" data-font=\"Noto Sans Symbols\" data-listid=\"1\" data-list-defn-props=\"{&quot;335552541&quot;:1,&quot;335559685&quot;:720,&quot;335559991&quot;:360,&quot;469769226&quot;:&quot;Noto Sans Symbols&quot;,&quot;469769242&quot;:[8226],&quot;469777803&quot;:&quot;left&quot;,&quot;469777804&quot;:&quot;\u25cf&quot;,&quot;469777815&quot;:&quot;multilevel&quot;}\" aria-setsize=\"-1\" data-aria-posinset=\"1\" data-aria-level=\"1\"><span data-contrast=\"auto\">Se han abierto escuelas piloto en zonas n\u00f3madas.<\/span><span data-ccp-props=\"{&quot;201341983&quot;:0,&quot;335559740&quot;:240}\">\u00a0<\/span><\/li>\n<\/ul>\n                                                                                                            <\/div>\n                    <\/div>\n                            <\/div>\n        <\/div>\n    <\/section>\n\n\n    \n    <section class=\"quoteImage rightTextLeftImg \" style=\"display:\">\n        <div class=\"container\">\n            <div class=\"rightTextLeftImgRow\">\n                                    <div class=\"left\">\n                                                    <div class=\"imgBlock\">\n                                <a class=\"figure_block\" href=\"https:\/\/edm.ch\/wp-content\/uploads\/2023\/08\/RS6952_temoignages-fotina.jpg\" data-fancybox data-caption=\"\">\n                                    <img decoding=\"async\" data-src=\"https:\/\/edm.ch\/wp-content\/uploads\/2023\/08\/RS6952_temoignages-fotina.jpg\" src=\"data:image\/svg+xml;base64,PHN2ZyB3aWR0aD0iMSIgaGVpZ2h0PSIxIiB4bWxucz0iaHR0cDovL3d3dy53My5vcmcvMjAwMC9zdmciPjwvc3ZnPg==\" class=\"lazyload\" style=\"--smush-placeholder-width: 500px; --smush-placeholder-aspect-ratio: 500\/344;\" data-srcset=\"https:\/\/edm.ch\/wp-content\/uploads\/2023\/08\/RS6952_temoignages-fotina.jpg 500w, https:\/\/edm.ch\/wp-content\/uploads\/2023\/08\/RS6952_temoignages-fotina-300x206.jpg 300w\" data-sizes=\"auto\" data-original-sizes=\"(max-width: 500px) 100vw, 500px\" \/>\n                                                                    <\/a>\n                                <figcaption><\/figcaption>\n                            <\/div>\n                                            <\/div>\n                                                    <div class=\"right\">\n                        <div class=\"content\">\n                            <h2>                                Fotina Mirayam, <small>Formador, Chad<\/small>\n                            <\/h2>                            <div class=\"quote\">                                <p align=\"left\"><span lang=\"es-ES\"><span class=\"TextRun SCXW990061 BCX2\" lang=\"ES-ES\" xml:lang=\"ES-ES\" data-contrast=\"none\"><span class=\"NormalTextRun SCXW990061 BCX2\">Desde que formamos a los docentes en este nuevo enfoque pedag\u00f3gico, hemos notado que los alumno.as participan m\u00e1s, aprenden mejor y que los padres se implican m\u00e1s.<\/span><\/span><\/span><\/p>\n                            <\/div>                                                                                <\/div>\n                    <\/div>\n                            <\/div>\n        <\/div>\n    <\/section>\n\n\n    \n    <section class=\"rightTextLeftImg \" style=\"display:\">\n        <div class=\"container\">\n            <div class=\"rightTextLeftImgRow\">\n                                    <div class=\"left\">\n                                                    <div class=\"imgBlock\">\n                                <a class=\"figure_block\" href=\"https:\/\/edm.ch\/wp-content\/uploads\/2024\/05\/Souleymane.png\" data-fancybox data-caption=\"\">\n                                    <img decoding=\"async\" data-src=\"https:\/\/edm.ch\/wp-content\/uploads\/2024\/05\/Souleymane.png\" src=\"data:image\/svg+xml;base64,PHN2ZyB3aWR0aD0iMSIgaGVpZ2h0PSIxIiB4bWxucz0iaHR0cDovL3d3dy53My5vcmcvMjAwMC9zdmciPjwvc3ZnPg==\" class=\"lazyload\" style=\"--smush-placeholder-width: 1920px; --smush-placeholder-aspect-ratio: 1920\/1920;\" data-srcset=\"https:\/\/edm.ch\/wp-content\/uploads\/2024\/05\/Souleymane.png 1920w, https:\/\/edm.ch\/wp-content\/uploads\/2024\/05\/Souleymane-300x300.png 300w, https:\/\/edm.ch\/wp-content\/uploads\/2024\/05\/Souleymane-1024x1024.png 1024w, https:\/\/edm.ch\/wp-content\/uploads\/2024\/05\/Souleymane-150x150.png 150w, https:\/\/edm.ch\/wp-content\/uploads\/2024\/05\/Souleymane-768x768.png 768w, https:\/\/edm.ch\/wp-content\/uploads\/2024\/05\/Souleymane-1536x1536.png 1536w\" data-sizes=\"auto\" data-original-sizes=\"(max-width: 1920px) 100vw, 1920px\" \/>\n                                                                    <\/a>\n                                <figcaption><\/figcaption>\n                            <\/div>\n                                            <\/div>\n                                                    <div class=\"right\">\n                        <div class=\"content\">\n                            <h2>                                Contacta con nuestro equipo <small><\/small>\n                            <\/h2>                                                            <p><strong>Oficina de coordinaci\u00f3n en Chad<\/strong><\/p>\n<p>Cuvette Saint Martin, Avenue Ahmat Lamine, BP 7481 Yamena, Chad<\/p>\n<p><strong>Souleymane Ouedraogo<\/strong><\/p>\n<p>Director nacional<\/p>\n<p>Tel. +235 65 28 82 02<\/p>\n<p>Correo electr\u00f3nico: <a href=\"mailto:bureauedmtchad@edm.ch\">bureauedmtchad@edm.ch<\/a><\/p>\n                                                                                                            <\/div>\n                    <\/div>\n                            <\/div>\n        <\/div>\n    <\/section>\n\n\n        <section class=\" partnerSec\" style=\"display:\">\n        <div class=\"container\">\n            <h2>Socios financieros<\/h2>\n            <div class=\"partnerWrap \">\n\n\n                                    \n                        <div class=\"partnerBlock\">\n                            <figure>\n                                                                    <a href=\"https:\/\/www.eda.admin.ch\/deza\/es\/home.html\" target=\"_blank\">\n                                        <img decoding=\"async\" data-src=\"https:\/\/edm.ch\/wp-content\/uploads\/2024\/06\/Logo-site-web1-1.png\" src=\"data:image\/svg+xml;base64,PHN2ZyB3aWR0aD0iMSIgaGVpZ2h0PSIxIiB4bWxucz0iaHR0cDovL3d3dy53My5vcmcvMjAwMC9zdmciPjwvc3ZnPg==\" class=\"lazyload\" style=\"--smush-placeholder-width: 628px; --smush-placeholder-aspect-ratio: 628\/311;\" data-srcset=\"https:\/\/edm.ch\/wp-content\/uploads\/2024\/06\/Logo-site-web1-1.png 628w, https:\/\/edm.ch\/wp-content\/uploads\/2024\/06\/Logo-site-web1-1-300x149.png 300w\" data-sizes=\"auto\" data-original-sizes=\"(max-width: 628px) 100vw, 628px\">\n                                    <\/a>\n                                                            <\/figure>\n                        <\/div>\n                        \n                    \n            <\/div>\n        <\/div>\n    <\/section>\n\n\n        <section class=\" newsSec\" style=\"display:\">\n        <div class=\"newsHead\">\n            <div class=\"container\">\n                <div class=\"newsHeadFlex\">\n                    <h2>Las fotos del proyecto<\/h2>\n                                    <\/div>\n            <\/div>\n        <\/div>\n\n        \n                    <div class=\"newsContent desktopShow fourToSixNews\">\n                <div class=\"container\">\n                    <div class=\"newsSlider newsWrapper owl-carousel\">\n\n                                                        <div class=\"newsBlock big\">\n                                    <div class=\"newsBox\">\n                                        <a href=\"https:\/\/edm.ch\/wp-content\/uploads\/2023\/08\/Tchad_enfant-scaled.jpg\" data-fancybox=\"\" data-caption=\"\">\n                                            <figure>\n                                                <img decoding=\"async\" data-src=\"https:\/\/edm.ch\/wp-content\/uploads\/2023\/08\/Tchad_enfant-scaled.jpg\" src=\"data:image\/svg+xml;base64,PHN2ZyB3aWR0aD0iMSIgaGVpZ2h0PSIxIiB4bWxucz0iaHR0cDovL3d3dy53My5vcmcvMjAwMC9zdmciPjwvc3ZnPg==\" class=\"lazyload\" style=\"--smush-placeholder-width: 2560px; --smush-placeholder-aspect-ratio: 2560\/1707;\" data-srcset=\"https:\/\/edm.ch\/wp-content\/uploads\/2023\/08\/Tchad_enfant-scaled.jpg 2560w, https:\/\/edm.ch\/wp-content\/uploads\/2023\/08\/Tchad_enfant-300x200.jpg 300w, https:\/\/edm.ch\/wp-content\/uploads\/2023\/08\/Tchad_enfant-1024x683.jpg 1024w, https:\/\/edm.ch\/wp-content\/uploads\/2023\/08\/Tchad_enfant-768x512.jpg 768w, https:\/\/edm.ch\/wp-content\/uploads\/2023\/08\/Tchad_enfant-1536x1024.jpg 1536w, https:\/\/edm.ch\/wp-content\/uploads\/2023\/08\/Tchad_enfant-2048x1365.jpg 2048w\" data-sizes=\"auto\" data-original-sizes=\"(max-width: 2560px) 100vw, 2560px\">\n                                            <\/figure>\n                                        <\/a>\n                                    <\/div>\n                                <\/div>\n                                                            <div class=\"newsBlock big\">\n                                    <div class=\"newsBox\">\n                                        <a href=\"https:\/\/edm.ch\/wp-content\/uploads\/2024\/06\/Enfants_du_Monde_apercu_proqeb_2024_tchad.png\" data-fancybox=\"\" data-caption=\"\">\n                                            <figure>\n                                                <img decoding=\"async\" data-src=\"https:\/\/edm.ch\/wp-content\/uploads\/2024\/06\/Enfants_du_Monde_apercu_proqeb_2024_tchad.png\" src=\"data:image\/svg+xml;base64,PHN2ZyB3aWR0aD0iMSIgaGVpZ2h0PSIxIiB4bWxucz0iaHR0cDovL3d3dy53My5vcmcvMjAwMC9zdmciPjwvc3ZnPg==\" class=\"lazyload\" style=\"--smush-placeholder-width: 1920px; --smush-placeholder-aspect-ratio: 1920\/1920;\" data-srcset=\"https:\/\/edm.ch\/wp-content\/uploads\/2024\/06\/Enfants_du_Monde_apercu_proqeb_2024_tchad.png 1920w, https:\/\/edm.ch\/wp-content\/uploads\/2024\/06\/Enfants_du_Monde_apercu_proqeb_2024_tchad-300x300.png 300w, https:\/\/edm.ch\/wp-content\/uploads\/2024\/06\/Enfants_du_Monde_apercu_proqeb_2024_tchad-1024x1024.png 1024w, https:\/\/edm.ch\/wp-content\/uploads\/2024\/06\/Enfants_du_Monde_apercu_proqeb_2024_tchad-150x150.png 150w, https:\/\/edm.ch\/wp-content\/uploads\/2024\/06\/Enfants_du_Monde_apercu_proqeb_2024_tchad-768x768.png 768w, https:\/\/edm.ch\/wp-content\/uploads\/2024\/06\/Enfants_du_Monde_apercu_proqeb_2024_tchad-1536x1536.png 1536w\" data-sizes=\"auto\" data-original-sizes=\"(max-width: 1920px) 100vw, 1920px\">\n                                            <\/figure>\n                                        <\/a>\n                                    <\/div>\n                                <\/div>\n                                                            <div class=\"newsBlock big\">\n                                    <div class=\"newsBox\">\n                                        <a href=\"https:\/\/edm.ch\/wp-content\/uploads\/2023\/08\/Tchad_enseignant-scaled.jpg\" data-fancybox=\"\" data-caption=\"\">\n                                            <figure>\n                                                <img decoding=\"async\" data-src=\"https:\/\/edm.ch\/wp-content\/uploads\/2023\/08\/Tchad_enseignant-scaled.jpg\" src=\"data:image\/svg+xml;base64,PHN2ZyB3aWR0aD0iMSIgaGVpZ2h0PSIxIiB4bWxucz0iaHR0cDovL3d3dy53My5vcmcvMjAwMC9zdmciPjwvc3ZnPg==\" class=\"lazyload\" style=\"--smush-placeholder-width: 2560px; --smush-placeholder-aspect-ratio: 2560\/1707;\" data-srcset=\"https:\/\/edm.ch\/wp-content\/uploads\/2023\/08\/Tchad_enseignant-scaled.jpg 2560w, https:\/\/edm.ch\/wp-content\/uploads\/2023\/08\/Tchad_enseignant-300x200.jpg 300w, https:\/\/edm.ch\/wp-content\/uploads\/2023\/08\/Tchad_enseignant-1024x683.jpg 1024w, https:\/\/edm.ch\/wp-content\/uploads\/2023\/08\/Tchad_enseignant-768x512.jpg 768w, https:\/\/edm.ch\/wp-content\/uploads\/2023\/08\/Tchad_enseignant-1536x1024.jpg 1536w, https:\/\/edm.ch\/wp-content\/uploads\/2023\/08\/Tchad_enseignant-2048x1365.jpg 2048w\" data-sizes=\"auto\" data-original-sizes=\"(max-width: 2560px) 100vw, 2560px\">\n                                            <\/figure>\n                                        <\/a>\n                                    <\/div>\n                                <\/div>\n                                                            <div class=\"newsBlock big\">\n                                    <div class=\"newsBox\">\n                                        <a href=\"https:\/\/edm.ch\/wp-content\/uploads\/2023\/08\/Tchad_enfant-tableau-scaled.jpg\" data-fancybox=\"\" data-caption=\"\">\n                                            <figure>\n                                                <img decoding=\"async\" data-src=\"https:\/\/edm.ch\/wp-content\/uploads\/2023\/08\/Tchad_enfant-tableau-scaled.jpg\" src=\"data:image\/svg+xml;base64,PHN2ZyB3aWR0aD0iMSIgaGVpZ2h0PSIxIiB4bWxucz0iaHR0cDovL3d3dy53My5vcmcvMjAwMC9zdmciPjwvc3ZnPg==\" class=\"lazyload\" style=\"--smush-placeholder-width: 2560px; --smush-placeholder-aspect-ratio: 2560\/1707;\" data-srcset=\"https:\/\/edm.ch\/wp-content\/uploads\/2023\/08\/Tchad_enfant-tableau-scaled.jpg 2560w, https:\/\/edm.ch\/wp-content\/uploads\/2023\/08\/Tchad_enfant-tableau-300x200.jpg 300w, https:\/\/edm.ch\/wp-content\/uploads\/2023\/08\/Tchad_enfant-tableau-1024x683.jpg 1024w, https:\/\/edm.ch\/wp-content\/uploads\/2023\/08\/Tchad_enfant-tableau-768x512.jpg 768w, https:\/\/edm.ch\/wp-content\/uploads\/2023\/08\/Tchad_enfant-tableau-1536x1024.jpg 1536w, https:\/\/edm.ch\/wp-content\/uploads\/2023\/08\/Tchad_enfant-tableau-2048x1365.jpg 2048w\" data-sizes=\"auto\" data-original-sizes=\"(max-width: 2560px) 100vw, 2560px\">\n                                            <\/figure>\n                                        <\/a>\n                                    <\/div>\n                                <\/div>\n                                                            <div class=\"newsBlock big\">\n                                    <div class=\"newsBox\">\n                                        <a href=\"https:\/\/edm.ch\/wp-content\/uploads\/2023\/08\/Tchad_classe-scaled.jpg\" data-fancybox=\"\" data-caption=\"\">\n                                            <figure>\n                                                <img decoding=\"async\" data-src=\"https:\/\/edm.ch\/wp-content\/uploads\/2023\/08\/Tchad_classe-scaled.jpg\" src=\"data:image\/svg+xml;base64,PHN2ZyB3aWR0aD0iMSIgaGVpZ2h0PSIxIiB4bWxucz0iaHR0cDovL3d3dy53My5vcmcvMjAwMC9zdmciPjwvc3ZnPg==\" class=\"lazyload\" style=\"--smush-placeholder-width: 2560px; --smush-placeholder-aspect-ratio: 2560\/1707;\" data-srcset=\"https:\/\/edm.ch\/wp-content\/uploads\/2023\/08\/Tchad_classe-scaled.jpg 2560w, https:\/\/edm.ch\/wp-content\/uploads\/2023\/08\/Tchad_classe-300x200.jpg 300w, https:\/\/edm.ch\/wp-content\/uploads\/2023\/08\/Tchad_classe-1024x683.jpg 1024w, https:\/\/edm.ch\/wp-content\/uploads\/2023\/08\/Tchad_classe-768x512.jpg 768w, https:\/\/edm.ch\/wp-content\/uploads\/2023\/08\/Tchad_classe-1536x1024.jpg 1536w, https:\/\/edm.ch\/wp-content\/uploads\/2023\/08\/Tchad_classe-2048x1365.jpg 2048w\" data-sizes=\"auto\" data-original-sizes=\"(max-width: 2560px) 100vw, 2560px\">\n                                            <\/figure>\n                                        <\/a>\n                                    <\/div>\n                                <\/div>\n                                                    \n                    <\/div>\n                <\/div>\n            <\/div>\n                <div class=\"newsContent mobileShow\">\n            <div class=\"container\">\n                <div class=\"newsSlider newsWrapper owl-carousel\">\n\n                                                <div class=\"newsBlock\">\n                                <div class=\"newsBox\">\n                                    <a href=\"https:\/\/edm.ch\/wp-content\/uploads\/2023\/08\/Tchad_enfant-scaled.jpg\" data-fancybox=\"\" data-caption=\"\">\n                                        <figure>\n                                            <img decoding=\"async\" data-src=\"https:\/\/edm.ch\/wp-content\/uploads\/2023\/08\/Tchad_enfant-scaled.jpg\" src=\"data:image\/svg+xml;base64,PHN2ZyB3aWR0aD0iMSIgaGVpZ2h0PSIxIiB4bWxucz0iaHR0cDovL3d3dy53My5vcmcvMjAwMC9zdmciPjwvc3ZnPg==\" class=\"lazyload\" style=\"--smush-placeholder-width: 2560px; --smush-placeholder-aspect-ratio: 2560\/1707;\" data-srcset=\"https:\/\/edm.ch\/wp-content\/uploads\/2023\/08\/Tchad_enfant-scaled.jpg 2560w, https:\/\/edm.ch\/wp-content\/uploads\/2023\/08\/Tchad_enfant-300x200.jpg 300w, https:\/\/edm.ch\/wp-content\/uploads\/2023\/08\/Tchad_enfant-1024x683.jpg 1024w, https:\/\/edm.ch\/wp-content\/uploads\/2023\/08\/Tchad_enfant-768x512.jpg 768w, https:\/\/edm.ch\/wp-content\/uploads\/2023\/08\/Tchad_enfant-1536x1024.jpg 1536w, https:\/\/edm.ch\/wp-content\/uploads\/2023\/08\/Tchad_enfant-2048x1365.jpg 2048w\" data-sizes=\"auto\" data-original-sizes=\"(max-width: 2560px) 100vw, 2560px\">\n                                        <\/figure>\n                                    <\/a>\n                                <\/div>\n                            <\/div>\n                                                    <div class=\"newsBlock\">\n                                <div class=\"newsBox\">\n                                    <a href=\"https:\/\/edm.ch\/wp-content\/uploads\/2024\/06\/Enfants_du_Monde_apercu_proqeb_2024_tchad.png\" data-fancybox=\"\" data-caption=\"\">\n                                        <figure>\n                                            <img decoding=\"async\" data-src=\"https:\/\/edm.ch\/wp-content\/uploads\/2024\/06\/Enfants_du_Monde_apercu_proqeb_2024_tchad.png\" src=\"data:image\/svg+xml;base64,PHN2ZyB3aWR0aD0iMSIgaGVpZ2h0PSIxIiB4bWxucz0iaHR0cDovL3d3dy53My5vcmcvMjAwMC9zdmciPjwvc3ZnPg==\" class=\"lazyload\" style=\"--smush-placeholder-width: 1920px; --smush-placeholder-aspect-ratio: 1920\/1920;\" data-srcset=\"https:\/\/edm.ch\/wp-content\/uploads\/2024\/06\/Enfants_du_Monde_apercu_proqeb_2024_tchad.png 1920w, https:\/\/edm.ch\/wp-content\/uploads\/2024\/06\/Enfants_du_Monde_apercu_proqeb_2024_tchad-300x300.png 300w, https:\/\/edm.ch\/wp-content\/uploads\/2024\/06\/Enfants_du_Monde_apercu_proqeb_2024_tchad-1024x1024.png 1024w, https:\/\/edm.ch\/wp-content\/uploads\/2024\/06\/Enfants_du_Monde_apercu_proqeb_2024_tchad-150x150.png 150w, https:\/\/edm.ch\/wp-content\/uploads\/2024\/06\/Enfants_du_Monde_apercu_proqeb_2024_tchad-768x768.png 768w, https:\/\/edm.ch\/wp-content\/uploads\/2024\/06\/Enfants_du_Monde_apercu_proqeb_2024_tchad-1536x1536.png 1536w\" data-sizes=\"auto\" data-original-sizes=\"(max-width: 1920px) 100vw, 1920px\">\n                                        <\/figure>\n                                    <\/a>\n                                <\/div>\n                            <\/div>\n                                                    <div class=\"newsBlock\">\n                                <div class=\"newsBox\">\n                                    <a href=\"https:\/\/edm.ch\/wp-content\/uploads\/2023\/08\/Tchad_enseignant-scaled.jpg\" data-fancybox=\"\" data-caption=\"\">\n                                        <figure>\n                                            <img decoding=\"async\" data-src=\"https:\/\/edm.ch\/wp-content\/uploads\/2023\/08\/Tchad_enseignant-scaled.jpg\" src=\"data:image\/svg+xml;base64,PHN2ZyB3aWR0aD0iMSIgaGVpZ2h0PSIxIiB4bWxucz0iaHR0cDovL3d3dy53My5vcmcvMjAwMC9zdmciPjwvc3ZnPg==\" class=\"lazyload\" style=\"--smush-placeholder-width: 2560px; --smush-placeholder-aspect-ratio: 2560\/1707;\" data-srcset=\"https:\/\/edm.ch\/wp-content\/uploads\/2023\/08\/Tchad_enseignant-scaled.jpg 2560w, https:\/\/edm.ch\/wp-content\/uploads\/2023\/08\/Tchad_enseignant-300x200.jpg 300w, https:\/\/edm.ch\/wp-content\/uploads\/2023\/08\/Tchad_enseignant-1024x683.jpg 1024w, https:\/\/edm.ch\/wp-content\/uploads\/2023\/08\/Tchad_enseignant-768x512.jpg 768w, https:\/\/edm.ch\/wp-content\/uploads\/2023\/08\/Tchad_enseignant-1536x1024.jpg 1536w, https:\/\/edm.ch\/wp-content\/uploads\/2023\/08\/Tchad_enseignant-2048x1365.jpg 2048w\" data-sizes=\"auto\" data-original-sizes=\"(max-width: 2560px) 100vw, 2560px\">\n                                        <\/figure>\n                                    <\/a>\n                                <\/div>\n                            <\/div>\n                                                    <div class=\"newsBlock\">\n                                <div class=\"newsBox\">\n                                    <a href=\"https:\/\/edm.ch\/wp-content\/uploads\/2023\/08\/Tchad_enfant-tableau-scaled.jpg\" data-fancybox=\"\" data-caption=\"\">\n                                        <figure>\n                                            <img decoding=\"async\" data-src=\"https:\/\/edm.ch\/wp-content\/uploads\/2023\/08\/Tchad_enfant-tableau-scaled.jpg\" src=\"data:image\/svg+xml;base64,PHN2ZyB3aWR0aD0iMSIgaGVpZ2h0PSIxIiB4bWxucz0iaHR0cDovL3d3dy53My5vcmcvMjAwMC9zdmciPjwvc3ZnPg==\" class=\"lazyload\" style=\"--smush-placeholder-width: 2560px; --smush-placeholder-aspect-ratio: 2560\/1707;\" data-srcset=\"https:\/\/edm.ch\/wp-content\/uploads\/2023\/08\/Tchad_enfant-tableau-scaled.jpg 2560w, https:\/\/edm.ch\/wp-content\/uploads\/2023\/08\/Tchad_enfant-tableau-300x200.jpg 300w, https:\/\/edm.ch\/wp-content\/uploads\/2023\/08\/Tchad_enfant-tableau-1024x683.jpg 1024w, https:\/\/edm.ch\/wp-content\/uploads\/2023\/08\/Tchad_enfant-tableau-768x512.jpg 768w, https:\/\/edm.ch\/wp-content\/uploads\/2023\/08\/Tchad_enfant-tableau-1536x1024.jpg 1536w, https:\/\/edm.ch\/wp-content\/uploads\/2023\/08\/Tchad_enfant-tableau-2048x1365.jpg 2048w\" data-sizes=\"auto\" data-original-sizes=\"(max-width: 2560px) 100vw, 2560px\">\n                                        <\/figure>\n                                    <\/a>\n                                <\/div>\n                            <\/div>\n                                                    <div class=\"newsBlock\">\n                                <div class=\"newsBox\">\n                                    <a href=\"https:\/\/edm.ch\/wp-content\/uploads\/2023\/08\/Tchad_classe-scaled.jpg\" data-fancybox=\"\" data-caption=\"\">\n                                        <figure>\n                                            <img decoding=\"async\" data-src=\"https:\/\/edm.ch\/wp-content\/uploads\/2023\/08\/Tchad_classe-scaled.jpg\" src=\"data:image\/svg+xml;base64,PHN2ZyB3aWR0aD0iMSIgaGVpZ2h0PSIxIiB4bWxucz0iaHR0cDovL3d3dy53My5vcmcvMjAwMC9zdmciPjwvc3ZnPg==\" class=\"lazyload\" style=\"--smush-placeholder-width: 2560px; --smush-placeholder-aspect-ratio: 2560\/1707;\" data-srcset=\"https:\/\/edm.ch\/wp-content\/uploads\/2023\/08\/Tchad_classe-scaled.jpg 2560w, https:\/\/edm.ch\/wp-content\/uploads\/2023\/08\/Tchad_classe-300x200.jpg 300w, https:\/\/edm.ch\/wp-content\/uploads\/2023\/08\/Tchad_classe-1024x683.jpg 1024w, https:\/\/edm.ch\/wp-content\/uploads\/2023\/08\/Tchad_classe-768x512.jpg 768w, https:\/\/edm.ch\/wp-content\/uploads\/2023\/08\/Tchad_classe-1536x1024.jpg 1536w, https:\/\/edm.ch\/wp-content\/uploads\/2023\/08\/Tchad_classe-2048x1365.jpg 2048w\" data-sizes=\"auto\" data-original-sizes=\"(max-width: 2560px) 100vw, 2560px\">\n                                        <\/figure>\n                                    <\/a>\n                                <\/div>\n                            <\/div>\n                        \n                <\/div>\n            <\/div>\n        <\/div>\n    <\/section>\n\n\n    <section class=\"donation_count\" style=\"display:\">\n        <div class=\"inner_row\">\n            <div class=\"right_img_block\">\n                <div class=\"img_block figure_block\">\n                    <img decoding=\"async\" data-src=\"https:\/\/edm.ch\/wp-content\/uploads\/2023\/08\/RS6864__DSC9878_BEST.jpg\" alt=\"\" src=\"data:image\/svg+xml;base64,PHN2ZyB3aWR0aD0iMSIgaGVpZ2h0PSIxIiB4bWxucz0iaHR0cDovL3d3dy53My5vcmcvMjAwMC9zdmciPjwvc3ZnPg==\" class=\"lazyload\" style=\"--smush-placeholder-width: 2500px; --smush-placeholder-aspect-ratio: 2500\/1669;\" data-srcset=\"https:\/\/edm.ch\/wp-content\/uploads\/2023\/08\/RS6864__DSC9878_BEST.jpg 2500w, https:\/\/edm.ch\/wp-content\/uploads\/2023\/08\/RS6864__DSC9878_BEST-300x200.jpg 300w, https:\/\/edm.ch\/wp-content\/uploads\/2023\/08\/RS6864__DSC9878_BEST-1024x684.jpg 1024w, https:\/\/edm.ch\/wp-content\/uploads\/2023\/08\/RS6864__DSC9878_BEST-768x513.jpg 768w, https:\/\/edm.ch\/wp-content\/uploads\/2023\/08\/RS6864__DSC9878_BEST-1536x1025.jpg 1536w, https:\/\/edm.ch\/wp-content\/uploads\/2023\/08\/RS6864__DSC9878_BEST-2048x1367.jpg 2048w\" data-sizes=\"auto\" data-original-sizes=\"(max-width: 2500px) 100vw, 2500px\">\n                                    <\/div>\n            <\/div>\n            <div class=\"left_txt_block\">\n                <div class=\"txt_contents\">\n                    <h3>Mi donaci\u00f3n marca la diferencia<\/h3>\n                    <div class=\"block_txts\">\n                                                    <div class=\"item\">\n                                <span class=\"title\">Por ejemplo:<\/span>\n                                <p><\/p>\n                            <\/div>\n                                                    <div class=\"item\">\n                                <span class=\"title\">Con 70 francos:<\/span>\n                                <p>Ofrezco un manual escolar biling\u00fce franc\u00e9s\/moor\u00e9 a 8 ni\u00f1os\/as de Burkina Faso que les permite progresar.<\/p>\n                            <\/div>\n                                                    <div class=\"item\">\n                                <span class=\"title\">Con 150 francos:<\/span>\n                                <p>Ofrezco una formaci\u00f3n continua en educaci\u00f3n biling\u00fce a 5 profesores\/as en Burkina Faso para mejorar la calidad de sus clases.<\/p>\n                            <\/div>\n                                                                            <a href=\"https:\/\/don.edm.ch\/es\" class=\"btnWhite buttonDonation\">\n                                HAGO UNA DONACI\u00d3N                            <\/a>\n                                            <\/div>\n                <\/div>\n            <\/div>\n        <\/div>\n    <\/section>","protected":false},"featured_media":0,"parent":0,"template":"","class_list":["post-31218","projects","type-projects","status-publish","hentry"],"acf":[],"yoast_head":"<!-- This site is optimized with the Yoast SEO plugin v26.9 - https:\/\/yoast.com\/product\/yoast-seo-wordpress\/ -->\n<title>educaci\u00f3n Chad - Enfants du Monde<\/title>\n<meta name=\"description\" content=\"Enfants du Monde est\u00e1 mejorando el sistema educativo nacional de Chad de forma sostenible a trav\u00e9s de la educaci\u00f3n biling\u00fce.\" \/>\n<meta name=\"robots\" content=\"index, follow, max-snippet:-1, max-image-preview:large, max-video-preview:-1\" \/>\n<link rel=\"canonical\" href=\"https:\/\/edm.ch\/es\/chad-ameliorer-educational-system\/\" \/>\n<meta property=\"og:locale\" content=\"es_ES\" \/>\n<meta property=\"og:type\" content=\"article\" \/>\n<meta property=\"og:title\" content=\"educaci\u00f3n Chad - Enfants du Monde\" \/>\n<meta property=\"og:description\" content=\"Enfants du Monde est\u00e1 mejorando el sistema educativo nacional de Chad de forma sostenible a trav\u00e9s de la educaci\u00f3n biling\u00fce.\" \/>\n<meta property=\"og:url\" content=\"https:\/\/edm.ch\/es\/chad-ameliorer-educational-system\/\" \/>\n<meta property=\"og:site_name\" content=\"Enfants du monde\" \/>\n<meta property=\"article:modified_time\" content=\"2025-09-09T09:51:34+00:00\" \/>\n<meta name=\"twitter:card\" content=\"summary_large_image\" \/>\n<script type=\"application\/ld+json\" class=\"yoast-schema-graph\">{\"@context\":\"https:\/\/schema.org\",\"@graph\":[{\"@type\":\"WebPage\",\"@id\":\"https:\/\/edm.ch\/es\/chad-ameliorer-educational-system\/\",\"url\":\"https:\/\/edm.ch\/es\/chad-ameliorer-educational-system\/\",\"name\":\"educaci\u00f3n Chad - Enfants du Monde\",\"isPartOf\":{\"@id\":\"https:\/\/edm.ch\/en\/#website\"},\"datePublished\":\"2024-06-28T08:53:50+00:00\",\"dateModified\":\"2025-09-09T09:51:34+00:00\",\"description\":\"Enfants du Monde est\u00e1 mejorando el sistema educativo nacional de Chad de forma sostenible a trav\u00e9s de la educaci\u00f3n biling\u00fce.\",\"inLanguage\":\"es\",\"potentialAction\":[{\"@type\":\"ReadAction\",\"target\":[\"https:\/\/edm.ch\/es\/chad-ameliorer-educational-system\/\"]}]},{\"@type\":\"WebSite\",\"@id\":\"https:\/\/edm.ch\/en\/#website\",\"url\":\"https:\/\/edm.ch\/en\/\",\"name\":\"Enfants du monde\",\"description\":\"Association suisse\",\"potentialAction\":[{\"@type\":\"SearchAction\",\"target\":{\"@type\":\"EntryPoint\",\"urlTemplate\":\"https:\/\/edm.ch\/en\/?s={search_term_string}\"},\"query-input\":{\"@type\":\"PropertyValueSpecification\",\"valueRequired\":true,\"valueName\":\"search_term_string\"}}],\"inLanguage\":\"es\"}]}<\/script>\n<!-- \/ Yoast SEO plugin. -->","yoast_head_json":{"title":"educaci\u00f3n Chad - Enfants du Monde","description":"Enfants du Monde est\u00e1 mejorando el sistema educativo nacional de Chad de forma sostenible a trav\u00e9s de la educaci\u00f3n biling\u00fce.","robots":{"index":"index","follow":"follow","max-snippet":"max-snippet:-1","max-image-preview":"max-image-preview:large","max-video-preview":"max-video-preview:-1"},"canonical":"https:\/\/edm.ch\/es\/chad-ameliorer-educational-system\/","og_locale":"es_ES","og_type":"article","og_title":"educaci\u00f3n Chad - Enfants du Monde","og_description":"Enfants du Monde est\u00e1 mejorando el sistema educativo nacional de Chad de forma sostenible a trav\u00e9s de la educaci\u00f3n biling\u00fce.","og_url":"https:\/\/edm.ch\/es\/chad-ameliorer-educational-system\/","og_site_name":"Enfants du monde","article_modified_time":"2025-09-09T09:51:34+00:00","twitter_card":"summary_large_image","schema":{"@context":"https:\/\/schema.org","@graph":[{"@type":"WebPage","@id":"https:\/\/edm.ch\/es\/chad-ameliorer-educational-system\/","url":"https:\/\/edm.ch\/es\/chad-ameliorer-educational-system\/","name":"educaci\u00f3n Chad - Enfants du Monde","isPartOf":{"@id":"https:\/\/edm.ch\/en\/#website"},"datePublished":"2024-06-28T08:53:50+00:00","dateModified":"2025-09-09T09:51:34+00:00","description":"Enfants du Monde est\u00e1 mejorando el sistema educativo nacional de Chad de forma sostenible a trav\u00e9s de la educaci\u00f3n biling\u00fce.","inLanguage":"es","potentialAction":[{"@type":"ReadAction","target":["https:\/\/edm.ch\/es\/chad-ameliorer-educational-system\/"]}]},{"@type":"WebSite","@id":"https:\/\/edm.ch\/en\/#website","url":"https:\/\/edm.ch\/en\/","name":"Enfants du monde","description":"Association suisse","potentialAction":[{"@type":"SearchAction","target":{"@type":"EntryPoint","urlTemplate":"https:\/\/edm.ch\/en\/?s={search_term_string}"},"query-input":{"@type":"PropertyValueSpecification","valueRequired":true,"valueName":"search_term_string"}}],"inLanguage":"es"}]}},"_links":{"self":[{"href":"https:\/\/edm.ch\/es\/wp-json\/wp\/v2\/projects\/31218","targetHints":{"allow":["GET"]}}],"collection":[{"href":"https:\/\/edm.ch\/es\/wp-json\/wp\/v2\/projects"}],"about":[{"href":"https:\/\/edm.ch\/es\/wp-json\/wp\/v2\/types\/projects"}],"wp:attachment":[{"href":"https:\/\/edm.ch\/es\/wp-json\/wp\/v2\/media?parent=31218"}],"curies":[{"name":"wp","href":"https:\/\/api.w.org\/{rel}","templated":true}]}}