{"id":13534,"date":"2023-08-20T09:24:57","date_gmt":"2023-08-20T09:24:57","guid":{"rendered":"https:\/\/edm.ch\/?post_type=projects&#038;p=13534"},"modified":"2025-09-09T09:43:55","modified_gmt":"2025-09-09T09:43:55","slug":"niger-mandato","status":"publish","type":"projects","link":"https:\/\/edm.ch\/es\/niger-mandato\/","title":{"rendered":"N\u00edger &#8211; Mandato educativo para j\u00f3venes no escolarizados"},"content":{"rendered":"<section class=\"subpageBanner\" style=\"display:\">\n    <div class=\"subpageBannerBlock figure_block\">\n        <img decoding=\"async\" data-src=\"https:\/\/edm.ch\/wp-content\/uploads\/2023\/08\/banner_Niger_mandat_filles.png\" src=\"data:image\/svg+xml;base64,PHN2ZyB3aWR0aD0iMSIgaGVpZ2h0PSIxIiB4bWxucz0iaHR0cDovL3d3dy53My5vcmcvMjAwMC9zdmciPjwvc3ZnPg==\" class=\"lazyload\" style=\"--smush-placeholder-width: 2500px; --smush-placeholder-aspect-ratio: 2500\/800;\" data-srcset=\"https:\/\/edm.ch\/wp-content\/uploads\/2023\/08\/banner_Niger_mandat_filles.png 2500w, https:\/\/edm.ch\/wp-content\/uploads\/2023\/08\/banner_Niger_mandat_filles-300x96.png 300w, https:\/\/edm.ch\/wp-content\/uploads\/2023\/08\/banner_Niger_mandat_filles-1024x328.png 1024w, https:\/\/edm.ch\/wp-content\/uploads\/2023\/08\/banner_Niger_mandat_filles-768x246.png 768w, https:\/\/edm.ch\/wp-content\/uploads\/2023\/08\/banner_Niger_mandat_filles-1536x492.png 1536w, https:\/\/edm.ch\/wp-content\/uploads\/2023\/08\/banner_Niger_mandat_filles-2048x655.png 2048w\" data-sizes=\"auto\" data-original-sizes=\"(max-width: 2500px) 100vw, 2500px\" \/>\n        <div class=\"subpageBannerWrap\">\n            <div class=\"container\">\n                <div class=\"content\">\n                    <div>\n                        <span class=\"bannerHead\">N\u00edger <\/span>\n                        <h1>Mandato educativo para j\u00f3venes no escolarizados<\/h1>\n                    <\/div>\n                                    <\/div>\n            <\/div>\n        <\/div>\n                    <div class=\"picture-caption\">\n                <div class=\"caption-content\"><span>\u00a9 Swisscontact<\/span><\/div>\n            <\/div>\n            <\/div>\n<\/section>\n<script type=\"text\/javascript\">\n    jQuery(document).ready(function ($) {\n        \/\/ Check if the block exists\n        var bannerSection = $('#subpage-banner-section');\n\n        if (bannerSection.length > 0) {\n            \/\/ Move the block to the end of <main> just before the footer\n            $('main').append(bannerSection); \/\/ This will append it inside the <main> tag\n        }\n\n        $('.documentAccordion').on('click', function (e) {\n            e.preventDefault();  \/\/ Prevent default link action\n\n            \/\/ Target the section with the given ID\n            $('html, body').animate({\n                scrollTop: $('#subpage-banner-section').offset().top - 200\n            }, 1000);\n        });\n    });\n<\/script>\n\n\n        <section class=\" countSec\" style=\"display:\">\n        <div class=\"container\">\n            <div class=\"countHolder\">\n                <h2>En 2024<\/h2>\n                <div class=\"countBlock\">\n                    <div class=\"countRow\">\n\n                        \n                            <div class=\"countCol\">\n                                <div class=\"countColInner\">\n                                    <div class=\"imgBlock\">\n                                    <img decoding=\"async\" data-src=\"https:\/\/edm.ch\/wp-content\/uploads\/2023\/08\/Picto-enfant.png\" src=\"data:image\/svg+xml;base64,PHN2ZyB3aWR0aD0iMSIgaGVpZ2h0PSIxIiB4bWxucz0iaHR0cDovL3d3dy53My5vcmcvMjAwMC9zdmciPjwvc3ZnPg==\" class=\"lazyload\" style=\"--smush-placeholder-width: 160px; --smush-placeholder-aspect-ratio: 160\/160;\" data-srcset=\"https:\/\/edm.ch\/wp-content\/uploads\/2023\/08\/Picto-enfant.png 160w, https:\/\/edm.ch\/wp-content\/uploads\/2023\/08\/Picto-enfant-150x150.png 150w\" data-sizes=\"auto\" data-original-sizes=\"(max-width: 160px) 100vw, 160px\" \/>\n                                    <\/div>\n                                    <div class=\"content\">\n                                    <h2>8.000<\/h2>\n                                    <p>j\u00f3venes de entre 9 y 14 a\u00f1os recibieron una educaci\u00f3n adaptada a sus necesidades.<\/p>\n                                    <\/div>\n                                <\/div>\n                            <\/div>\n\n                        \n                            <div class=\"countCol\">\n                                <div class=\"countColInner\">\n                                    <div class=\"imgBlock\">\n                                    <img decoding=\"async\" data-src=\"https:\/\/edm.ch\/wp-content\/uploads\/2023\/08\/Picto-enseignant-2.png\" src=\"data:image\/svg+xml;base64,PHN2ZyB3aWR0aD0iMSIgaGVpZ2h0PSIxIiB4bWxucz0iaHR0cDovL3d3dy53My5vcmcvMjAwMC9zdmciPjwvc3ZnPg==\" class=\"lazyload\" style=\"--smush-placeholder-width: 160px; --smush-placeholder-aspect-ratio: 160\/160;\" data-srcset=\"https:\/\/edm.ch\/wp-content\/uploads\/2023\/08\/Picto-enseignant-2.png 160w, https:\/\/edm.ch\/wp-content\/uploads\/2023\/08\/Picto-enseignant-2-150x150.png 150w\" data-sizes=\"auto\" data-original-sizes=\"(max-width: 160px) 100vw, 160px\" \/>\n                                    <\/div>\n                                    <div class=\"content\">\n                                    <h2>361<\/h2>\n                                    <p>profesores han recibido formaci\u00f3nes<\/p>\n                                    <\/div>\n                                <\/div>\n                            <\/div>\n\n                        \n                            <div class=\"countCol\">\n                                <div class=\"countColInner\">\n                                    <div class=\"imgBlock\">\n                                    <img decoding=\"async\" data-src=\"https:\/\/edm.ch\/wp-content\/uploads\/2023\/08\/Picto-terre.png\" src=\"data:image\/svg+xml;base64,PHN2ZyB3aWR0aD0iMSIgaGVpZ2h0PSIxIiB4bWxucz0iaHR0cDovL3d3dy53My5vcmcvMjAwMC9zdmciPjwvc3ZnPg==\" class=\"lazyload\" style=\"--smush-placeholder-width: 160px; --smush-placeholder-aspect-ratio: 160\/160;\" data-srcset=\"https:\/\/edm.ch\/wp-content\/uploads\/2023\/08\/Picto-terre.png 160w, https:\/\/edm.ch\/wp-content\/uploads\/2023\/08\/Picto-terre-150x150.png 150w\" data-sizes=\"auto\" data-original-sizes=\"(max-width: 160px) 100vw, 160px\" \/>\n                                    <\/div>\n                                    <div class=\"content\">\n                                    <h2>315<\/h2>\n                                    <p>se han creado centros de educaci\u00f3n alternativa para adolescentes en las regiones de Dosso y Maradi<\/p>\n                                    <\/div>\n                                <\/div>\n                            <\/div>\n\n                        \n                    <\/div>\n                <\/div>\n                <div class=\"countBlockText\"><p><\/p><\/div>\n            <\/div>\n        <\/div>\n    <\/section>\n\n        <section class=\"contentSec\" style=\"display:\">\n        <div class=\"container\">\n            <div class=\"contentBlock\">\n                <h5>Los desaf\u00edos de la educaci\u00f3n en N\u00edger<\/h5>\n                <p>En N\u00edger, u<strong>n gran n\u00famero de j\u00f3venes no ha ido a la escuela o ha tenido que dejarla demasiado temprano<\/strong>. Esto se debe a los desplazamientos de personas como consecuencia de diversos conflictos armados, as\u00ed como al hecho de que los programas de estudios de la educaci\u00f3n p\u00fablica no se adaptan a las necesidades de las\/los alumnas\/os y a las preocupaciones de las comunidades.<\/p>\n<p>Para la mayor\u00eda de la ni\u00f1ez, <strong>empezar la escuela o volver a la escuela es imposible<\/strong>. En las escuelas p\u00fablicas, las clases se imparten en franc\u00e9s, el idioma oficial del pa\u00eds. Sin embargo, <strong>la mayor\u00eda de las\/los ni\u00f1as\/os, cuya lengua materna es una de las once lenguas locales de N\u00edger, no entiende la lengua oficial<\/strong>, as\u00ed que la juventud fracasa acad\u00e9micamente y tiene que abandonar la escuela sin haber adquirido los conocimientos b\u00e1sicos.<\/p>\n                            <\/div>\n        <\/div>\n    <\/section>\n\n\n    \n    <section class=\"leftTextRightImg \" style=\"display:\">\n        <div class=\"container\">\n            <div class=\"leftTextRightImgRow\">\n                                    <div class=\"right\">\n                                                    <div class=\"imgBlock\">\n                                <a class=\"figure_block\" href=\"https:\/\/edm.ch\/wp-content\/uploads\/2023\/08\/RS1483_Niger_mandat_1920.png\" data-fancybox data-caption=\"\u00a9 Swisscontact\">\n                                    <img decoding=\"async\" data-src=\"https:\/\/edm.ch\/wp-content\/uploads\/2023\/08\/RS1483_Niger_mandat_1920.png\" src=\"data:image\/svg+xml;base64,PHN2ZyB3aWR0aD0iMSIgaGVpZ2h0PSIxIiB4bWxucz0iaHR0cDovL3d3dy53My5vcmcvMjAwMC9zdmciPjwvc3ZnPg==\" class=\"lazyload\" style=\"--smush-placeholder-width: 1920px; --smush-placeholder-aspect-ratio: 1920\/1920;\" data-srcset=\"https:\/\/edm.ch\/wp-content\/uploads\/2023\/08\/RS1483_Niger_mandat_1920.png 1920w, https:\/\/edm.ch\/wp-content\/uploads\/2023\/08\/RS1483_Niger_mandat_1920-300x300.png 300w, https:\/\/edm.ch\/wp-content\/uploads\/2023\/08\/RS1483_Niger_mandat_1920-1024x1024.png 1024w, https:\/\/edm.ch\/wp-content\/uploads\/2023\/08\/RS1483_Niger_mandat_1920-150x150.png 150w, https:\/\/edm.ch\/wp-content\/uploads\/2023\/08\/RS1483_Niger_mandat_1920-768x768.png 768w, https:\/\/edm.ch\/wp-content\/uploads\/2023\/08\/RS1483_Niger_mandat_1920-1536x1536.png 1536w\" data-sizes=\"auto\" data-original-sizes=\"(max-width: 1920px) 100vw, 1920px\" \/>\n                                                                    <\/a>\n                                <figcaption>\u00a9 Swisscontact<\/figcaption>\n                            <\/div>\n                                            <\/div>\n                                                    <div class=\"left\">\n                        <div class=\"content\">\n                            <h2>                                Permitir la reinserci\u00f3n escolar o profesional de los j\u00f3venes que han abandonado los estudios <small><\/small>\n                            <\/h2>                                                            <p>A fin de mejorar la situaci\u00f3n, el Estado de N\u00edger ha desarrollado con los municipios <strong>Centros Comunitarios de Educaci\u00f3n Alternativa para J\u00f3venes (CCEAJ)<\/strong>. Enfants du Monde trabaja en estos Centros en las regiones de Dosso y Maradi, en nombre de la Agencia Suiza para el Desarrollo y la Cooperaci\u00f3n, en colaboraci\u00f3n con la ONG Swisscontact.<\/p>\n<p>El objetivo es, por un lado, <strong>adaptar la ense\u00f1anza al contexto ling\u00fc\u00edstico y local<\/strong> para facilitar la reinserci\u00f3n escolar o profesional de los\/as alumnos\/as y, por otro lado, <strong>fortalecer las capacidades del profesorado<\/strong> para mejorar la calidad de la educaci\u00f3n a largo plazo.<\/p>\n                                                                                                            <\/div>\n                    <\/div>\n                            <\/div>\n        <\/div>\n    <\/section>\n\n\n    \n    <section class=\"quoteImage rightTextLeftImg \" style=\"display:\">\n        <div class=\"container\">\n            <div class=\"rightTextLeftImgRow\">\n                                    <div class=\"left\">\n                                                    <div class=\"imgBlock\">\n                                <a class=\"figure_block\" href=\"https:\/\/edm.ch\/wp-content\/uploads\/2023\/08\/RS1490_Niger.png\" data-fancybox data-caption=\"\u00a9 Swisscontact\">\n                                    <img decoding=\"async\" data-src=\"https:\/\/edm.ch\/wp-content\/uploads\/2023\/08\/RS1490_Niger.png\" src=\"data:image\/svg+xml;base64,PHN2ZyB3aWR0aD0iMSIgaGVpZ2h0PSIxIiB4bWxucz0iaHR0cDovL3d3dy53My5vcmcvMjAwMC9zdmciPjwvc3ZnPg==\" class=\"lazyload\" style=\"--smush-placeholder-width: 1920px; --smush-placeholder-aspect-ratio: 1920\/1920;\" data-srcset=\"https:\/\/edm.ch\/wp-content\/uploads\/2023\/08\/RS1490_Niger.png 1920w, https:\/\/edm.ch\/wp-content\/uploads\/2023\/08\/RS1490_Niger-300x300.png 300w, https:\/\/edm.ch\/wp-content\/uploads\/2023\/08\/RS1490_Niger-1024x1024.png 1024w, https:\/\/edm.ch\/wp-content\/uploads\/2023\/08\/RS1490_Niger-150x150.png 150w, https:\/\/edm.ch\/wp-content\/uploads\/2023\/08\/RS1490_Niger-768x768.png 768w, https:\/\/edm.ch\/wp-content\/uploads\/2023\/08\/RS1490_Niger-1536x1536.png 1536w\" data-sizes=\"auto\" data-original-sizes=\"(max-width: 1920px) 100vw, 1920px\" \/>\n                                                                            <div class=\"picture-caption\">\n                                            <div class=\"caption-content\"><span>\u00a9 Swisscontact<\/span><\/div>\n                                        <\/div>\n                                                                    <\/a>\n                                <figcaption>\u00a9 Swisscontact<\/figcaption>\n                            <\/div>\n                                            <\/div>\n                                                    <div class=\"right\">\n                        <div class=\"content\">\n                            <h2>                                Abdoul Aziz, <small>23 a\u00f1os de edad, se form\u00f3 en el CCEAJ de Tibiri, y luego se dirigi\u00f3 al Centro de Formaci\u00f3n de Oficios. Despu\u00e9s de una formaci\u00f3n de 2 a\u00f1os en construcci\u00f3n met\u00e1lica, ahora se gana la vida.<\/small>\n                            <\/h2>                            <div class=\"quote\">                                <p>El aprendizaje de los oficios en el CCEAJ me ha dado las ganas de hacer una formaci\u00f3n profesional. En la escuela primaria, me costaba entender para qu\u00e9 serv\u00edan los conocimientos.<\/p>\n                            <\/div>                                                                                <\/div>\n                    <\/div>\n                            <\/div>\n        <\/div>\n    <\/section>\n\n\n<div class=\"container text-center loadMoreSection\">\n    <button onclick=\"loadMoreSection()\" class=\"btnBlue open_button loadmorebtn\">Ver detalles del proyecto <\/button>\n    <button onclick=\"loadMoreSection()\" class=\"btnBlue close_button loadmorebtn\">Revenir au d\u00e9but<\/button>\n<\/div>\n\n\n\n    \n    <section class=\"show_on_loadmore leftTextRightImg \" style=\"display:none \">\n        <div class=\"container\">\n            <div class=\"leftTextRightImgRow\">\n                                    <div class=\"right\">\n                                                    <div class=\"imgBlock\">\n                                <a class=\"figure_block\" href=\"https:\/\/edm.ch\/wp-content\/uploads\/2023\/08\/RS1484_Niger_eleve_Mandat_Swisscontact.png\" data-fancybox data-caption=\"\u00a9 Swisscontact\">\n                                    <img decoding=\"async\" data-src=\"https:\/\/edm.ch\/wp-content\/uploads\/2023\/08\/RS1484_Niger_eleve_Mandat_Swisscontact.png\" src=\"data:image\/svg+xml;base64,PHN2ZyB3aWR0aD0iMSIgaGVpZ2h0PSIxIiB4bWxucz0iaHR0cDovL3d3dy53My5vcmcvMjAwMC9zdmciPjwvc3ZnPg==\" class=\"lazyload\" style=\"--smush-placeholder-width: 1920px; --smush-placeholder-aspect-ratio: 1920\/1920;\" data-srcset=\"https:\/\/edm.ch\/wp-content\/uploads\/2023\/08\/RS1484_Niger_eleve_Mandat_Swisscontact.png 1920w, https:\/\/edm.ch\/wp-content\/uploads\/2023\/08\/RS1484_Niger_eleve_Mandat_Swisscontact-300x300.png 300w, https:\/\/edm.ch\/wp-content\/uploads\/2023\/08\/RS1484_Niger_eleve_Mandat_Swisscontact-1024x1024.png 1024w, https:\/\/edm.ch\/wp-content\/uploads\/2023\/08\/RS1484_Niger_eleve_Mandat_Swisscontact-150x150.png 150w, https:\/\/edm.ch\/wp-content\/uploads\/2023\/08\/RS1484_Niger_eleve_Mandat_Swisscontact-768x768.png 768w, https:\/\/edm.ch\/wp-content\/uploads\/2023\/08\/RS1484_Niger_eleve_Mandat_Swisscontact-1536x1536.png 1536w\" data-sizes=\"auto\" data-original-sizes=\"(max-width: 1920px) 100vw, 1920px\" \/>\n                                                                    <\/a>\n                                <figcaption>\u00a9 Swisscontact<\/figcaption>\n                            <\/div>\n                                            <\/div>\n                                                    <div class=\"left\">\n                        <div class=\"content\">\n                            <h2>                                Aprender a leer, escribir y calcular bas\u00e1ndose en temas relacionados con los oficios <small><\/small>\n                            <\/h2>                                                            <p>Los ejercicios de lectura y de escritura, el aprendizaje del vocabulario, los problemas de matem\u00e1ticas o las actividades de ciencias naturales <strong>se centran en la exploraci\u00f3n de diferentes oficios de sectores clave de la econom\u00eda local<\/strong> como la agricultura, la herrer\u00eda o la joyer\u00eda. Los contenidos trabajados p<strong>rovienen directamente de los testimonios de profesionales locales<\/strong>, movilizando as\u00ed <strong>el apoyo de la comunidad<\/strong>, de las madres y de los padres.<\/p>\n                                                                                                            <\/div>\n                    <\/div>\n                            <\/div>\n        <\/div>\n    <\/section>\n\n\n    \n    <section class=\"show_on_loadmore rightTextLeftImg \" style=\"display:none \">\n        <div class=\"container\">\n            <div class=\"rightTextLeftImgRow\">\n                                    <div class=\"left\">\n                                                    <div class=\"imgBlock\">\n                                <a class=\"figure_block\" href=\"https:\/\/edm.ch\/wp-content\/uploads\/2023\/08\/RS1485_filles_Niger.png\" data-fancybox data-caption=\"\u00a9 Swisscontact\">\n                                    <img decoding=\"async\" data-src=\"https:\/\/edm.ch\/wp-content\/uploads\/2023\/08\/RS1485_filles_Niger.png\" src=\"data:image\/svg+xml;base64,PHN2ZyB3aWR0aD0iMSIgaGVpZ2h0PSIxIiB4bWxucz0iaHR0cDovL3d3dy53My5vcmcvMjAwMC9zdmciPjwvc3ZnPg==\" class=\"lazyload\" style=\"--smush-placeholder-width: 1920px; --smush-placeholder-aspect-ratio: 1920\/1920;\" data-srcset=\"https:\/\/edm.ch\/wp-content\/uploads\/2023\/08\/RS1485_filles_Niger.png 1920w, https:\/\/edm.ch\/wp-content\/uploads\/2023\/08\/RS1485_filles_Niger-300x300.png 300w, https:\/\/edm.ch\/wp-content\/uploads\/2023\/08\/RS1485_filles_Niger-1024x1024.png 1024w, https:\/\/edm.ch\/wp-content\/uploads\/2023\/08\/RS1485_filles_Niger-150x150.png 150w, https:\/\/edm.ch\/wp-content\/uploads\/2023\/08\/RS1485_filles_Niger-768x768.png 768w, https:\/\/edm.ch\/wp-content\/uploads\/2023\/08\/RS1485_filles_Niger-1536x1536.png 1536w\" data-sizes=\"auto\" data-original-sizes=\"(max-width: 1920px) 100vw, 1920px\" \/>\n                                                                    <\/a>\n                                <figcaption>\u00a9 Swisscontact<\/figcaption>\n                            <\/div>\n                                            <\/div>\n                                                    <div class=\"right\">\n                        <div class=\"content\">\n                            <h2>                                Educaci\u00f3n biling\u00fce en lenguas locales y en franc\u00e9s <small><\/small>\n                            <\/h2>                                                            <p>La ense\u00f1anza se concibe para que las\/los alumnas\/os aprendan a expresarse en dos idiomas, es decir en su lengua materna y en franc\u00e9s. As\u00ed, las lenguas nacionales (fulfulde, zarma y hausa) y el franc\u00e9s son a la vez asignaturas estudiadas y veh\u00edculos de conocimiento.<\/p>\n<p>Tras fracasar en la escuela p\u00fablica, las j\u00f3venes del CCEAJ de Guidan Atchali han recuperado el gusto por aprender gracias a la educaci\u00f3n biling\u00fce.<\/p>\n<p>\u00ab<em>Aqu\u00ed, logramos aprender a leer y a escribir en franc\u00e9s, porque utilizamos ambos idiomas en clase y esto nos ayuda a entender.<\/em>\u00ab<\/p>\n                                                                                                            <\/div>\n                    <\/div>\n                            <\/div>\n        <\/div>\n    <\/section>\n\n\n    \n    <section class=\"show_on_loadmore leftTextRightImg \" style=\"display:none \">\n        <div class=\"container\">\n            <div class=\"leftTextRightImgRow\">\n                                    <div class=\"right\">\n                                                    <div class=\"imgBlock\">\n                                <a class=\"figure_block\" href=\"https:\/\/edm.ch\/wp-content\/uploads\/2023\/08\/RS1491_Niger_mandat.png\" data-fancybox data-caption=\"\u00a9 Swisscontact\">\n                                    <img decoding=\"async\" data-src=\"https:\/\/edm.ch\/wp-content\/uploads\/2023\/08\/RS1491_Niger_mandat.png\" src=\"data:image\/svg+xml;base64,PHN2ZyB3aWR0aD0iMSIgaGVpZ2h0PSIxIiB4bWxucz0iaHR0cDovL3d3dy53My5vcmcvMjAwMC9zdmciPjwvc3ZnPg==\" class=\"lazyload\" style=\"--smush-placeholder-width: 1920px; --smush-placeholder-aspect-ratio: 1920\/1920;\" data-srcset=\"https:\/\/edm.ch\/wp-content\/uploads\/2023\/08\/RS1491_Niger_mandat.png 1920w, https:\/\/edm.ch\/wp-content\/uploads\/2023\/08\/RS1491_Niger_mandat-300x300.png 300w, https:\/\/edm.ch\/wp-content\/uploads\/2023\/08\/RS1491_Niger_mandat-1024x1024.png 1024w, https:\/\/edm.ch\/wp-content\/uploads\/2023\/08\/RS1491_Niger_mandat-150x150.png 150w, https:\/\/edm.ch\/wp-content\/uploads\/2023\/08\/RS1491_Niger_mandat-768x768.png 768w, https:\/\/edm.ch\/wp-content\/uploads\/2023\/08\/RS1491_Niger_mandat-1536x1536.png 1536w\" data-sizes=\"auto\" data-original-sizes=\"(max-width: 1920px) 100vw, 1920px\" \/>\n                                                                    <\/a>\n                                <figcaption>\u00a9 Swisscontact<\/figcaption>\n                            <\/div>\n                                            <\/div>\n                                                    <div class=\"left\">\n                        <div class=\"content\">\n                            <h2>                                Material did\u00e1ctico y formaci\u00f3n desarrollados por y para las\/los Nigerinas\/os <small><\/small>\n                            <\/h2>                                                            <p>Los libros de texto y las gu\u00edas son creados <strong>por el personal del Ministerio de Educaci\u00f3n de N\u00edger<\/strong>, bajo la supervisi\u00f3n de especialistas en educaci\u00f3n de Enfants du Monde. Luego, <strong>este personal del Ministerio de Educaci\u00f3n de N\u00edger forma directamente al personal docente<\/strong>, garantizando de esta forma que los enfoques pedag\u00f3gicos promovidos por Enfants du Monde se afiancen y perduren.<\/p>\n                                                                                                            <\/div>\n                    <\/div>\n                            <\/div>\n        <\/div>\n    <\/section>\n\n        <section class=\"show_on_loadmore contentSec\" style=\"display:none \">\n        <div class=\"container\">\n            <div class=\"contentBlock\">\n                <h5>Fomentar el pensamiento cr\u00edtico proyect\u00e1ndose en el mundo laboral<\/h5>\n                <p>Nuestra ONG suiza hace hincapi\u00e9 en la participaci\u00f3n de las\/los alumnas\/os, en particular mediante la creaci\u00f3n de un \u00ablibro de los oficios\u00bb. Los conocimientos adquiridos sobre los oficios tambi\u00e9n se relacionan con cuestiones m\u00e1s amplias. Al estudiar la horticultura, por ejemplo, se abordan cuestiones relativas a la conservaci\u00f3n del agua y de los suelos, as\u00ed como al acceso a la tierra.<\/p>\n<p>&nbsp;<\/p>\n<p><em>\u00abLa concienciaci\u00f3n sobre los oficios es importante porque permite que la juventud vuelva a la escuela y valore nuestras profesiones ante sus ojos.\u00bb <em>Soumana Boureima,<br \/>\nherrero en Niamey<\/em><\/em><\/p>\n                            <\/div>\n        <\/div>\n    <\/section>\n\n\n    \n    <section class=\"rightTextLeftImg \" style=\"display:\">\n        <div class=\"container\">\n            <div class=\"rightTextLeftImgRow\">\n                                    <div class=\"left\">\n                                            <\/div>\n                                                    <div class=\"right\">\n                        <div class=\"content\">\n                            <h3>                                Contacta con nuestro equipo <small><\/small>\n                            <\/h3>                                                            <p><strong>En Suiza<\/strong><br \/>\nEnfants du Monde<br \/>\nRue de Varemb\u00e9 1<br \/>\n1202 Ginebra<br \/>\nTel. +41 22 798 88 81<br \/>\nCorreo electr\u00f3nico: <a href=\"mailto:info@edm.ch\">info@edm.ch<\/a><\/p>\n<p><strong>S\u00e9bastien Blat, Oficial del programa Sahel<\/strong><\/p>\n                                                                                                            <\/div>\n                    <\/div>\n                            <\/div>\n        <\/div>\n    <\/section>\n\n\n        <section class=\" partnerSec\" style=\"display:\">\n        <div class=\"container\">\n            <h2>Socios financieros<\/h2>\n            <div class=\"partnerWrap \">\n\n\n                                    \n                        <div class=\"partnerBlock\">\n                            <figure>\n                                                                    <a href=\"https:\/\/www.eda.admin.ch\/deza\/es\/home.html\" target=\"_blank\">\n                                        <img decoding=\"async\" data-src=\"https:\/\/edm.ch\/wp-content\/uploads\/2023\/08\/partenaire_DDC_logo_web_EN.png\" src=\"data:image\/svg+xml;base64,PHN2ZyB3aWR0aD0iMSIgaGVpZ2h0PSIxIiB4bWxucz0iaHR0cDovL3d3dy53My5vcmcvMjAwMC9zdmciPjwvc3ZnPg==\" class=\"lazyload\" style=\"--smush-placeholder-width: 1000px; --smush-placeholder-aspect-ratio: 1000\/451;\" data-srcset=\"https:\/\/edm.ch\/wp-content\/uploads\/2023\/08\/partenaire_DDC_logo_web_EN.png 1000w, https:\/\/edm.ch\/wp-content\/uploads\/2023\/08\/partenaire_DDC_logo_web_EN-300x135.png 300w, https:\/\/edm.ch\/wp-content\/uploads\/2023\/08\/partenaire_DDC_logo_web_EN-768x346.png 768w\" data-sizes=\"auto\" data-original-sizes=\"(max-width: 1000px) 100vw, 1000px\">\n                                    <\/a>\n                                                            <\/figure>\n                        <\/div>\n                        \n                    \n            <\/div>\n        <\/div>\n    <\/section>\n\n\n        <section class=\" partnerSec\" style=\"display:\">\n        <div class=\"container\">\n            <h2>Partenaire sur le terrain<\/h2>\n            <div class=\"partnerWrap \">\n\n\n                                    \n                        <div class=\"partnerBlock\">\n                            <figure>\n                                                                    <a href=\"https:\/\/www.swisscontact.org\/es\" target=\"_blank\">\n                                        <img decoding=\"async\" data-src=\"https:\/\/edm.ch\/wp-content\/uploads\/2023\/08\/Swisscontact.png\" src=\"data:image\/svg+xml;base64,PHN2ZyB3aWR0aD0iMSIgaGVpZ2h0PSIxIiB4bWxucz0iaHR0cDovL3d3dy53My5vcmcvMjAwMC9zdmciPjwvc3ZnPg==\" class=\"lazyload\" style=\"--smush-placeholder-width: 301px; --smush-placeholder-aspect-ratio: 301\/167;\">\n                                    <\/a>\n                                                            <\/figure>\n                        <\/div>\n                        \n                    \n            <\/div>\n        <\/div>\n    <\/section>\n\n\n    <section class=\"donation_count\" style=\"display:\">\n        <div class=\"inner_row\">\n            <div class=\"right_img_block\">\n                <div class=\"img_block figure_block\">\n                    <img decoding=\"async\" data-src=\"https:\/\/edm.ch\/wp-content\/uploads\/2023\/08\/RS1444_Merci_Niger.png\" alt=\"\" src=\"data:image\/svg+xml;base64,PHN2ZyB3aWR0aD0iMSIgaGVpZ2h0PSIxIiB4bWxucz0iaHR0cDovL3d3dy53My5vcmcvMjAwMC9zdmciPjwvc3ZnPg==\" class=\"lazyload\" style=\"--smush-placeholder-width: 1920px; --smush-placeholder-aspect-ratio: 1920\/1920;\" data-srcset=\"https:\/\/edm.ch\/wp-content\/uploads\/2023\/08\/RS1444_Merci_Niger.png 1920w, https:\/\/edm.ch\/wp-content\/uploads\/2023\/08\/RS1444_Merci_Niger-300x300.png 300w, https:\/\/edm.ch\/wp-content\/uploads\/2023\/08\/RS1444_Merci_Niger-1024x1024.png 1024w, https:\/\/edm.ch\/wp-content\/uploads\/2023\/08\/RS1444_Merci_Niger-150x150.png 150w, https:\/\/edm.ch\/wp-content\/uploads\/2023\/08\/RS1444_Merci_Niger-768x768.png 768w, https:\/\/edm.ch\/wp-content\/uploads\/2023\/08\/RS1444_Merci_Niger-1536x1536.png 1536w\" data-sizes=\"auto\" data-original-sizes=\"(max-width: 1920px) 100vw, 1920px\">\n                                            <div class=\"picture-caption\">\n                            <div class=\"caption-content\"><span>\u00a9Tagaza Djibo\/Enfants du Monde<\/span><\/div>\n                        <\/div>\n                                    <\/div>\n            <\/div>\n            <div class=\"left_txt_block\">\n                <div class=\"txt_contents\">\n                    <h3>Mi donaci\u00f3n marca la diferencia<\/h3>\n                    <div class=\"block_txts\">\n                                                    <div class=\"item\">\n                                <span class=\"title\">Por ejemplo:<\/span>\n                                <p><\/p>\n                            <\/div>\n                                                    <div class=\"item\">\n                                <span class=\"title\">Con 70 francos:<\/span>\n                                <p>Ofrecemos un libro de texto biling\u00fce en franc\u00e9s y moor\u00e9 (idioma local) a 10 ni\u00f1os\/as en Burkina Faso para que progresen en su educaci\u00f3n.<\/p>\n                            <\/div>\n                                                    <div class=\"item\">\n                                <span class=\"title\">Con 200 francos:<\/span>\n                                <p>Financiamos la formaci\u00f3n continua en educaci\u00f3n biling\u00fce para 17 maestros\/as en Guatemala para mejorar la calidad de su ense\u00f1anza.<\/p>\n                            <\/div>\n                                                                            <a href=\"https:\/\/don.edm.ch\/es\" class=\"btnWhite buttonDonation\">\n                                HAGO UNA DONACI\u00d3N                            <\/a>\n                                            <\/div>\n                <\/div>\n            <\/div>\n        <\/div>\n    <\/section>","protected":false},"featured_media":0,"parent":0,"template":"","class_list":["post-13534","projects","type-projects","status-publish","hentry"],"acf":[],"yoast_head":"<!-- This site is optimized with the Yoast SEO plugin v26.9 - https:\/\/yoast.com\/product\/yoast-seo-wordpress\/ -->\n<title>N\u00edger mandato escuela - Enfants du Monde<\/title>\n<meta name=\"description\" content=\"Bajo mandato de la Ayuda Suiza al Desarrollo, ofrecemos una educaci\u00f3n alternativa a j\u00f3venes que han abandonado la escuela, permiti\u00e9ndoles labrarse un futuro.\" \/>\n<meta name=\"robots\" content=\"index, follow, max-snippet:-1, max-image-preview:large, max-video-preview:-1\" \/>\n<link rel=\"canonical\" href=\"https:\/\/edm.ch\/es\/niger-mandato\/\" \/>\n<meta property=\"og:locale\" content=\"es_ES\" \/>\n<meta property=\"og:type\" content=\"article\" \/>\n<meta property=\"og:title\" content=\"N\u00edger mandato escuela - Enfants du Monde\" \/>\n<meta property=\"og:description\" content=\"Bajo mandato de la Ayuda Suiza al Desarrollo, ofrecemos una educaci\u00f3n alternativa a j\u00f3venes que han abandonado la escuela, permiti\u00e9ndoles labrarse un futuro.\" \/>\n<meta property=\"og:url\" content=\"https:\/\/edm.ch\/es\/niger-mandato\/\" \/>\n<meta property=\"og:site_name\" content=\"Enfants du monde\" \/>\n<meta property=\"article:modified_time\" content=\"2025-09-09T09:43:55+00:00\" \/>\n<meta name=\"twitter:card\" content=\"summary_large_image\" \/>\n<script type=\"application\/ld+json\" class=\"yoast-schema-graph\">{\"@context\":\"https:\/\/schema.org\",\"@graph\":[{\"@type\":\"WebPage\",\"@id\":\"https:\/\/edm.ch\/es\/niger-mandato\/\",\"url\":\"https:\/\/edm.ch\/es\/niger-mandato\/\",\"name\":\"N\u00edger mandato escuela - Enfants du Monde\",\"isPartOf\":{\"@id\":\"https:\/\/edm.ch\/en\/#website\"},\"datePublished\":\"2023-08-20T09:24:57+00:00\",\"dateModified\":\"2025-09-09T09:43:55+00:00\",\"description\":\"Bajo mandato de la Ayuda Suiza al Desarrollo, ofrecemos una educaci\u00f3n alternativa a j\u00f3venes que han abandonado la escuela, permiti\u00e9ndoles labrarse un futuro.\",\"inLanguage\":\"es\",\"potentialAction\":[{\"@type\":\"ReadAction\",\"target\":[\"https:\/\/edm.ch\/es\/niger-mandato\/\"]}]},{\"@type\":\"WebSite\",\"@id\":\"https:\/\/edm.ch\/en\/#website\",\"url\":\"https:\/\/edm.ch\/en\/\",\"name\":\"Enfants du monde\",\"description\":\"Association suisse\",\"potentialAction\":[{\"@type\":\"SearchAction\",\"target\":{\"@type\":\"EntryPoint\",\"urlTemplate\":\"https:\/\/edm.ch\/en\/?s={search_term_string}\"},\"query-input\":{\"@type\":\"PropertyValueSpecification\",\"valueRequired\":true,\"valueName\":\"search_term_string\"}}],\"inLanguage\":\"es\"}]}<\/script>\n<!-- \/ Yoast SEO plugin. -->","yoast_head_json":{"title":"N\u00edger mandato escuela - Enfants du Monde","description":"Bajo mandato de la Ayuda Suiza al Desarrollo, ofrecemos una educaci\u00f3n alternativa a j\u00f3venes que han abandonado la escuela, permiti\u00e9ndoles labrarse un futuro.","robots":{"index":"index","follow":"follow","max-snippet":"max-snippet:-1","max-image-preview":"max-image-preview:large","max-video-preview":"max-video-preview:-1"},"canonical":"https:\/\/edm.ch\/es\/niger-mandato\/","og_locale":"es_ES","og_type":"article","og_title":"N\u00edger mandato escuela - Enfants du Monde","og_description":"Bajo mandato de la Ayuda Suiza al Desarrollo, ofrecemos una educaci\u00f3n alternativa a j\u00f3venes que han abandonado la escuela, permiti\u00e9ndoles labrarse un futuro.","og_url":"https:\/\/edm.ch\/es\/niger-mandato\/","og_site_name":"Enfants du monde","article_modified_time":"2025-09-09T09:43:55+00:00","twitter_card":"summary_large_image","schema":{"@context":"https:\/\/schema.org","@graph":[{"@type":"WebPage","@id":"https:\/\/edm.ch\/es\/niger-mandato\/","url":"https:\/\/edm.ch\/es\/niger-mandato\/","name":"N\u00edger mandato escuela - Enfants du Monde","isPartOf":{"@id":"https:\/\/edm.ch\/en\/#website"},"datePublished":"2023-08-20T09:24:57+00:00","dateModified":"2025-09-09T09:43:55+00:00","description":"Bajo mandato de la Ayuda Suiza al Desarrollo, ofrecemos una educaci\u00f3n alternativa a j\u00f3venes que han abandonado la escuela, permiti\u00e9ndoles labrarse un futuro.","inLanguage":"es","potentialAction":[{"@type":"ReadAction","target":["https:\/\/edm.ch\/es\/niger-mandato\/"]}]},{"@type":"WebSite","@id":"https:\/\/edm.ch\/en\/#website","url":"https:\/\/edm.ch\/en\/","name":"Enfants du monde","description":"Association suisse","potentialAction":[{"@type":"SearchAction","target":{"@type":"EntryPoint","urlTemplate":"https:\/\/edm.ch\/en\/?s={search_term_string}"},"query-input":{"@type":"PropertyValueSpecification","valueRequired":true,"valueName":"search_term_string"}}],"inLanguage":"es"}]}},"_links":{"self":[{"href":"https:\/\/edm.ch\/es\/wp-json\/wp\/v2\/projects\/13534","targetHints":{"allow":["GET"]}}],"collection":[{"href":"https:\/\/edm.ch\/es\/wp-json\/wp\/v2\/projects"}],"about":[{"href":"https:\/\/edm.ch\/es\/wp-json\/wp\/v2\/types\/projects"}],"wp:attachment":[{"href":"https:\/\/edm.ch\/es\/wp-json\/wp\/v2\/media?parent=13534"}],"curies":[{"name":"wp","href":"https:\/\/api.w.org\/{rel}","templated":true}]}}