{"id":9252,"date":"2023-08-22T06:43:08","date_gmt":"2023-08-22T06:43:08","guid":{"rendered":"https:\/\/edm.ch\/?page_id=9252"},"modified":"2025-10-07T07:58:03","modified_gmt":"2025-10-07T07:58:03","slug":"applicaciones-para-movil","status":"publish","type":"page","link":"https:\/\/edm.ch\/es\/applicaciones-para-movil\/","title":{"rendered":"Mi Beb\u00e9 y Yo"},"content":{"rendered":"<section class=\"subpageBanner\" style=\"display:\">\n    <div class=\"subpageBannerBlock figure_block\">\n        <img decoding=\"async\" data-src=\"https:\/\/edm.ch\/wp-content\/uploads\/2023\/08\/6440_.png\" src=\"data:image\/svg+xml;base64,PHN2ZyB3aWR0aD0iMSIgaGVpZ2h0PSIxIiB4bWxucz0iaHR0cDovL3d3dy53My5vcmcvMjAwMC9zdmciPjwvc3ZnPg==\" class=\"lazyload\" style=\"--smush-placeholder-width: 2500px; --smush-placeholder-aspect-ratio: 2500\/800;\" data-srcset=\"https:\/\/edm.ch\/wp-content\/uploads\/2023\/08\/6440_.png 2500w, https:\/\/edm.ch\/wp-content\/uploads\/2023\/08\/6440_-300x96.png 300w, https:\/\/edm.ch\/wp-content\/uploads\/2023\/08\/6440_-1024x328.png 1024w, https:\/\/edm.ch\/wp-content\/uploads\/2023\/08\/6440_-768x246.png 768w, https:\/\/edm.ch\/wp-content\/uploads\/2023\/08\/6440_-1536x492.png 1536w, https:\/\/edm.ch\/wp-content\/uploads\/2023\/08\/6440_-2048x655.png 2048w\" data-sizes=\"auto\" data-original-sizes=\"(max-width: 2500px) 100vw, 2500px\" \/>\n        <div class=\"subpageBannerWrap\">\n            <div class=\"container\">\n                <div class=\"content\">\n                    <div>\n                        <span class=\"bannerHead\"><\/span>\n                        <h1>Aplicaciones para m\u00f3vil<\/h1>\n                    <\/div>\n                                            <div class=\"subpageBannerDocumentBtn\" style=\"display:none;\">\n                            <a href=\"javascript:void(0);\"\n                                class=\"documentAccordion documentListNew\">Documentos relacionados<\/a>\n                        <\/div>\n                                    <\/div>\n            <\/div>\n        <\/div>\n                    <div class=\"picture-caption\">\n                <div class=\"caption-content\"><span>Enfants au centre de sant\u00e9 \u00e0 El Salvador @Slawomir Plata<\/span><\/div>\n            <\/div>\n            <\/div>\n<\/section>\n    <section class=\"documentAccordionList\" id=\"subpage-banner-section\">\n        <div class=\"container\">\n            <h2>\n                Documentos relacionados            <\/h2>\n            <ul>\n                                    <li>\n                                                    <a href=\"https:\/\/edm.ch\/wp-content\/uploads\/2023\/08\/Ficha-Mi-Bebe-y-Yo.pdf\" class=\"pdf-link\"><span><img decoding=\"async\" class=\"icon-before-hover lazyload\"\n                                        data-src=\"https:\/\/edm.ch\/wp-content\/themes\/edm\/assets\/images\/pdf-icon.svg\" src=\"data:image\/svg+xml;base64,PHN2ZyB3aWR0aD0iMSIgaGVpZ2h0PSIxIiB4bWxucz0iaHR0cDovL3d3dy53My5vcmcvMjAwMC9zdmciPjwvc3ZnPg==\"><img decoding=\"async\"\n                                        class=\"icon-after-hover lazyload\"\n                                        data-src=\"https:\/\/edm.ch\/wp-content\/themes\/edm\/assets\/images\/pdf-icon-white.svg\" src=\"data:image\/svg+xml;base64,PHN2ZyB3aWR0aD0iMSIgaGVpZ2h0PSIxIiB4bWxucz0iaHR0cDovL3d3dy53My5vcmcvMjAwMC9zdmciPjwvc3ZnPg==\"><\/span><i>Ficha informativa Mi Beb\u00e9 y Yo<\/i><\/a>\n                                            <\/li>\n                                <\/ul>\n        <\/div>\n    <\/section>\n<script type=\"text\/javascript\">\n    jQuery(document).ready(function ($) {\n        \/\/ Check if the block exists\n        var bannerSection = $('#subpage-banner-section');\n\n        if (bannerSection.length > 0) {\n            \/\/ Move the block to the end of <main> just before the footer\n            $('main').append(bannerSection); \/\/ This will append it inside the <main> tag\n        }\n\n        $('.documentAccordion').on('click', function (e) {\n            e.preventDefault();  \/\/ Prevent default link action\n\n            \/\/ Target the section with the given ID\n            $('html, body').animate({\n                scrollTop: $('#subpage-banner-section').offset().top - 200\n            }, 1000);\n        });\n    });\n<\/script>\n\n<div class=\"different-dwn-btn-sec btn-dir-right\">\n    <div class=\"container\">\n        <a href=\"javascript:void(0);\" class=\"yellow_btn-rgt documentAccordionTarget\">Documentos relacionados<\/a>\n    <\/div>\n<\/div>\n\n    <script type=\"text\/javascript\">\n    jQuery(document).ready(function($) {\n\n          $('.documentAccordionTarget').on('click', function(e) {\n            e.preventDefault();  \n\n            \/\/ Target the section with the given ID\n            $('html, body').animate({\n                scrollTop: $('#subpage-banner-section').offset().top - 200\n            }, 1000); \n        });\n    });\n<\/script>\n\n        <section class=\"contentSec\" style=\"display:\">\n        <div class=\"container\">\n            <div class=\"contentBlock\">\n                <h5>Informar a las familias para combatir la mortalidad materna, neonatal e infantil<\/h5>\n                <p>En muchos de los pa\u00edses donde intervenimos, las tasas de mortalidad materna, neonatal e infantil son muy elevadas. Estas tasas preocupantes se explican por las dificultades de acceso a los servicios de salud, la baja calidad de la atenci\u00f3n, la falta de informaci\u00f3n de las mujeres sobre los riesgos relacionados con el embarazo y el escaso apoyo en la parentalidad.<\/p>\n<p>Enfants du Monde ha desarrollado las aplicaciones m\u00f3viles gratuitas <strong>\u00ab<a href=\"https:\/\/edm.ch\/wp-content\/uploads\/2023\/08\/Ficha-Mi-Bebe-y-Yo.pdf\">Mi beb\u00e9 y yo<\/a>\u00bb<\/strong> y <strong>\u00abMi hijo crece\u00bb<\/strong> para informar a las mujeres embarazadas y a las madres j\u00f3venes. <strong>\u00abMi beb\u00e9 y yo\u00bb<\/strong> est\u00e1 actualmente disponible en Burkina Faso y Am\u00e9rica Latina. <strong>\u00abMi hijo crece\u00bb<\/strong> est\u00e1 dise\u00f1ada para Burkina Faso.<\/p>\n                            <\/div>\n        <\/div>\n    <\/section>\n\n\n    \n    <section class=\"rightTextLeftImg \" style=\"display:\">\n        <div class=\"container\">\n            <div class=\"rightTextLeftImgRow\">\n                                    <div class=\"left\">\n                                                    <div class=\"imgBlock\">\n                                <a class=\"figure_block\" href=\"https:\/\/edm.ch\/wp-content\/uploads\/2024\/12\/Enfants_du_Monde_apercu_noel_2024-1.png\" data-fancybox data-caption=\"\">\n                                    <img decoding=\"async\" data-src=\"https:\/\/edm.ch\/wp-content\/uploads\/2024\/12\/Enfants_du_Monde_apercu_noel_2024-1.png\" src=\"data:image\/svg+xml;base64,PHN2ZyB3aWR0aD0iMSIgaGVpZ2h0PSIxIiB4bWxucz0iaHR0cDovL3d3dy53My5vcmcvMjAwMC9zdmciPjwvc3ZnPg==\" class=\"lazyload\" style=\"--smush-placeholder-width: 1920px; --smush-placeholder-aspect-ratio: 1920\/1920;\" data-srcset=\"https:\/\/edm.ch\/wp-content\/uploads\/2024\/12\/Enfants_du_Monde_apercu_noel_2024-1.png 1920w, https:\/\/edm.ch\/wp-content\/uploads\/2024\/12\/Enfants_du_Monde_apercu_noel_2024-1-300x300.png 300w, https:\/\/edm.ch\/wp-content\/uploads\/2024\/12\/Enfants_du_Monde_apercu_noel_2024-1-1024x1024.png 1024w, https:\/\/edm.ch\/wp-content\/uploads\/2024\/12\/Enfants_du_Monde_apercu_noel_2024-1-150x150.png 150w, https:\/\/edm.ch\/wp-content\/uploads\/2024\/12\/Enfants_du_Monde_apercu_noel_2024-1-768x768.png 768w, https:\/\/edm.ch\/wp-content\/uploads\/2024\/12\/Enfants_du_Monde_apercu_noel_2024-1-1536x1536.png 1536w\" data-sizes=\"auto\" data-original-sizes=\"(max-width: 1920px) 100vw, 1920px\" \/>\n                                                                    <\/a>\n                                <figcaption><\/figcaption>\n                            <\/div>\n                                            <\/div>\n                                                    <div class=\"right\">\n                        <div class=\"content\">\n                            <h2>                                La tecnolog\u00eda al servicio de la salud de las mujeres y los ni\u00f1o\/as <small><\/small>\n                            <\/h2>                                                            <p>Las aplicaciones m\u00f3viles <strong>\u00abMi beb\u00e9 y yo\u00bb<\/strong> y <strong>\u00abMi hijo crece\u00bb<\/strong> ofrecen un apoyo valioso a las familias, permiti\u00e9ndoles acceder a informaci\u00f3n esencial para mejorar la salud de las mujeres embarazadas, sus beb\u00e9s y sus ni\u00f1o\/as peque\u00f1os.<\/p>\n<ul>\n<li><strong>\u00abMi beb\u00e9 y yo\u00bb<\/strong> est\u00e1 dirigida a futuras madres y madres j\u00f3venes. Proporciona informaci\u00f3n confiable sobre el embarazo, el parto y el per\u00edodo postnatal. En 2021, m\u00e1s de 23,000 mujeres embarazadas, madres j\u00f3venes y sus familias en Burkina Faso descargaron la aplicaci\u00f3n. Actualmente, se est\u00e1 adaptando para Madagascar.<\/li>\n<li><strong>\u00abMi hijo crece\u00bb<\/strong>, lanzada en 2024 en Burkina Faso, acompa\u00f1a a las familias con ni\u00f1o\/as de 0 a 5 a\u00f1os. Aborda temas cruciales como la nutrici\u00f3n, el desarrollo, la prevenci\u00f3n de accidentes, cuidados de emergencia, prevenci\u00f3n del paludismo y otros temas esenciales.<\/li>\n<\/ul>\n<p>Estos proyectos son fruto de una colaboraci\u00f3n entre el Ministerio de Salud de Burkina Faso, Enfants du Monde, IPC-BF, Terre Innovative Healthcare, Incub@UO y la Universidad Joseph Ki-Zerbo, con el apoyo de los Hospitales Universitarios de Ginebra para <strong>\u00abMi beb\u00e9 y yo\u00bb<\/strong>.<\/p>\n<p>&nbsp;<\/p>\n                                                                                                            <\/div>\n                    <\/div>\n                            <\/div>\n        <\/div>\n    <\/section>\n\n\n    \n    <section class=\"leftTextRightImg \" style=\"display:\">\n        <div class=\"container\">\n            <div class=\"leftTextRightImgRow\">\n                                    <div class=\"right\">\n                                                    <div class=\"imgBlock\">\n                                <a class=\"figure_block\" href=\"https:\/\/edm.ch\/wp-content\/uploads\/2024\/11\/Enfants_du_Monde_Eglantyne_Jebb4.png\" data-fancybox data-caption=\"\">\n                                    <img decoding=\"async\" data-src=\"https:\/\/edm.ch\/wp-content\/uploads\/2024\/11\/Enfants_du_Monde_Eglantyne_Jebb4.png\" src=\"data:image\/svg+xml;base64,PHN2ZyB3aWR0aD0iMSIgaGVpZ2h0PSIxIiB4bWxucz0iaHR0cDovL3d3dy53My5vcmcvMjAwMC9zdmciPjwvc3ZnPg==\" class=\"lazyload\" style=\"--smush-placeholder-width: 1920px; --smush-placeholder-aspect-ratio: 1920\/1920;\" data-srcset=\"https:\/\/edm.ch\/wp-content\/uploads\/2024\/11\/Enfants_du_Monde_Eglantyne_Jebb4.png 1920w, https:\/\/edm.ch\/wp-content\/uploads\/2024\/11\/Enfants_du_Monde_Eglantyne_Jebb4-300x300.png 300w, https:\/\/edm.ch\/wp-content\/uploads\/2024\/11\/Enfants_du_Monde_Eglantyne_Jebb4-1024x1024.png 1024w, https:\/\/edm.ch\/wp-content\/uploads\/2024\/11\/Enfants_du_Monde_Eglantyne_Jebb4-150x150.png 150w, https:\/\/edm.ch\/wp-content\/uploads\/2024\/11\/Enfants_du_Monde_Eglantyne_Jebb4-768x768.png 768w, https:\/\/edm.ch\/wp-content\/uploads\/2024\/11\/Enfants_du_Monde_Eglantyne_Jebb4-1536x1536.png 1536w\" data-sizes=\"auto\" data-original-sizes=\"(max-width: 1920px) 100vw, 1920px\" \/>\n                                                                    <\/a>\n                                <figcaption><\/figcaption>\n                            <\/div>\n                                            <\/div>\n                                                    <div class=\"left\">\n                        <div class=\"content\">\n                            <h2>                                Aplicaciones adaptadas a la cultura local <small><\/small>\n                            <\/h2>                                                            <p><strong>\u00abMi beb\u00e9 y yo\u00bb<\/strong> y <strong>\u00abMi hijo crece\u00bb<\/strong> han sido dise\u00f1adas teniendo en cuenta las especificidades culturales y sociales de los pa\u00edses, respetando las tradiciones y siguiendo las recomendaciones sanitarias vigentes.<\/p>\n<ul>\n<li>La informaci\u00f3n est\u00e1 disponible en formato de audio en idiomas locales y se ilustra con im\u00e1genes adaptadas al entorno sociocultural de cada pa\u00eds.<\/li>\n<li>Las aplicaciones se pueden usar sin conexi\u00f3n a internet despu\u00e9s de ser descargadas: las mujeres en zonas remotas las descargan, por ejemplo, en los centros de salud, y luego las consultan en casa con sus familias, incluso sin conexi\u00f3n a internet.<\/li>\n<li>Las aplicaciones est\u00e1n disponibles en Google Play Store y no recopilan informaci\u00f3n personal.<\/li>\n<\/ul>\n                                                                                                            <\/div>\n                    <\/div>\n                            <\/div>\n        <\/div>\n    <\/section>\n\n\n    \n    <section class=\"rightTextLeftImg \" style=\"display:\">\n        <div class=\"container\">\n            <div class=\"rightTextLeftImgRow\">\n                                    <div class=\"left\">\n                                                    <div class=\"videoBlock\">\n                                <iframe width=\"100%\" height=\"100%\" data-src=\"https:\/\/www.youtube.com\/embed\/hnI2zfNgLc4?si=6iH0_ywg8sZiPhuf\" title=\"YouTube video player\" frameborder=\"0\" allow=\"accelerometer; autoplay; clipboard-write; encrypted-media; gyroscope; picture-in-picture; web-share\" allowfullscreen src=\"data:image\/svg+xml;base64,PHN2ZyB3aWR0aD0iMSIgaGVpZ2h0PSIxIiB4bWxucz0iaHR0cDovL3d3dy53My5vcmcvMjAwMC9zdmciPjwvc3ZnPg==\" class=\"lazyload\" data-load-mode=\"1\"><\/iframe>\n                            <\/div>\n                                            <\/div>\n                                                    <div class=\"right\">\n                        <div class=\"content\">\n                            <h2>                                Ventajas <small><\/small>\n                            <\/h2>                                                            <h4><strong>Ventajas de la aplicaci\u00f3n \u00abMi beb\u00e9 y yo\u00bb<\/strong><\/h4>\n<ul>\n<li>Explicaciones detalladas sobre los cambios f\u00edsicos durante el embarazo y el per\u00edodo postnatal, incluyendo peque\u00f1as molestias.<\/li>\n<li>Consejos sobre comportamientos saludables para preservar la salud materna y neonatal.<\/li>\n<li>Preparaci\u00f3n log\u00edstica, f\u00edsica y psicol\u00f3gica para el parto y posibles complicaciones.<\/li>\n<li>Notificaciones autom\u00e1ticas para recordar consultas prenatales y postnatales.<\/li>\n<li>\u00c9nfasis en el papel de las parejas y la familia en el apoyo a la mujer embarazada.<\/li>\n<li>\u00datil para profesionales de la salud en el acompa\u00f1amiento durante el embarazo y la preparaci\u00f3n para el parto.<\/li>\n<\/ul>\n                                                                                        <a href=\"https:\/\/play.google.com\/store\/apps\/details?id=com.incubuo.mbem&#038;pli=1%20\" class=\"btnBlue\">Descargar la aplicaci\u00f3n Mi beb\u00e9 y yo<\/a>\n                                                                                <\/div>\n                    <\/div>\n                            <\/div>\n        <\/div>\n    <\/section>\n\n\n    \n    <section class=\"leftTextRightImg \" style=\"display:\">\n        <div class=\"container\">\n            <div class=\"leftTextRightImgRow\">\n                                    <div class=\"right\">\n                                                    <div class=\"videoBlock\">\n                                <iframe width=\"100%\" height=\"100%\" data-src=\"https:\/\/www.youtube.com\/embed\/1NMZcJhvyzk?si=1RXrIDz7PDklwx2n\" title=\"YouTube video player\" frameborder=\"0\" allow=\"accelerometer; autoplay; clipboard-write; encrypted-media; gyroscope; picture-in-picture; web-share\" allowfullscreen src=\"data:image\/svg+xml;base64,PHN2ZyB3aWR0aD0iMSIgaGVpZ2h0PSIxIiB4bWxucz0iaHR0cDovL3d3dy53My5vcmcvMjAwMC9zdmciPjwvc3ZnPg==\" class=\"lazyload\" data-load-mode=\"1\"><\/iframe>\n                            <\/div>\n                                            <\/div>\n                                                    <div class=\"left\">\n                        <div class=\"content\">\n                                                             <small><\/small>\n                                                                                        <h4><strong>Ventajas de la aplicaci\u00f3n \u00abMi hijo crece\u00bb<\/strong><\/h4>\n<ul>\n<li>Consejos pr\u00e1cticos para acompa\u00f1ar el desarrollo, la nutrici\u00f3n y la salud de los ni\u00f1o\/as de 0 a 5 a\u00f1os.<\/li>\n<li>Seguimiento m\u00e9dico de rutina, consejos para cuidados de emergencia y prevenci\u00f3n de enfermedades comunes como el paludismo.<\/li>\n<li>Sensibilizaci\u00f3n sobre comportamientos favorables para el desarrollo y bienestar \u00f3ptimo de los ni\u00f1o\/as.<\/li>\n<li>\u00c9nfasis en el papel de los padres y las familias en el apoyo a las madres para el cuidado de los ni\u00f1o\/as.<\/li>\n<li>\u00datil para profesionales de la salud en el acompa\u00f1amiento a la parentalidad y la educaci\u00f3n en salud infantil.<\/li>\n<\/ul>\n                                                                                        <a href=\"https:\/\/play.google.com\/store\/apps\/details?id=com.incubuo.meg\" class=\"btnBlue\">Descargar la aplicaci\u00f3n Mi beb\u00e9 y yo<\/a>\n                                                                                <\/div>\n                    <\/div>\n                            <\/div>\n        <\/div>\n    <\/section>\n\n        <section class=\"contentSec\" style=\"display:\">\n        <div class=\"container\">\n            <div class=\"contentBlock\">\n                <h5>Potencialidades<\/h5>\n                <ul>\n<li><strong>Conexi\u00f3n con los centros de salud<\/strong>: permitir el env\u00edo de mensajes personalizados sobre riesgos o citas m\u00e9dicas.<\/li>\n<li><strong>Creaci\u00f3n de foros interactivos<\/strong>: ofrecer espacios donde los usuarios puedan hacer preguntas y recibir respuestas confiables de proveedores de salud calificados.<\/li>\n<li><strong>A\u00f1adir nuevos temas<\/strong>: integrar componentes como planificaci\u00f3n familiar o informaci\u00f3n relacionada con nuevas epidemias.<\/li>\n<li><strong>Adaptaci\u00f3n a grupos espec\u00edficos<\/strong>: personalizar las aplicaciones para responder a las necesidades de parejas, mujeres j\u00f3venes embarazadas o nuevos padres.<\/li>\n<\/ul>\n                            <\/div>\n        <\/div>\n    <\/section>\n\n\n    <section class=\"donation_count\" style=\"display:\">\n        <div class=\"inner_row\">\n            <div class=\"right_img_block\">\n                <div class=\"img_block figure_block\">\n                    <img decoding=\"async\" data-src=\"https:\/\/edm.ch\/wp-content\/uploads\/2023\/08\/Maman_El_Salvador_1920.png\" alt=\"\" src=\"data:image\/svg+xml;base64,PHN2ZyB3aWR0aD0iMSIgaGVpZ2h0PSIxIiB4bWxucz0iaHR0cDovL3d3dy53My5vcmcvMjAwMC9zdmciPjwvc3ZnPg==\" class=\"lazyload\" style=\"--smush-placeholder-width: 1920px; --smush-placeholder-aspect-ratio: 1920\/1920;\" data-srcset=\"https:\/\/edm.ch\/wp-content\/uploads\/2023\/08\/Maman_El_Salvador_1920.png 1920w, https:\/\/edm.ch\/wp-content\/uploads\/2023\/08\/Maman_El_Salvador_1920-300x300.png 300w, https:\/\/edm.ch\/wp-content\/uploads\/2023\/08\/Maman_El_Salvador_1920-1024x1024.png 1024w, https:\/\/edm.ch\/wp-content\/uploads\/2023\/08\/Maman_El_Salvador_1920-150x150.png 150w, https:\/\/edm.ch\/wp-content\/uploads\/2023\/08\/Maman_El_Salvador_1920-768x768.png 768w, https:\/\/edm.ch\/wp-content\/uploads\/2023\/08\/Maman_El_Salvador_1920-1536x1536.png 1536w\" data-sizes=\"auto\" data-original-sizes=\"(max-width: 1920px) 100vw, 1920px\">\n                                    <\/div>\n            <\/div>\n            <div class=\"left_txt_block\">\n                <div class=\"txt_contents\">\n                    <h3>Mi donaci\u00f3n marca la diferencia <\/h3>\n                    <div class=\"block_txts\">\n                                                    <div class=\"item\">\n                                <span class=\"title\">Por ejemplo:<\/span>\n                                <p><\/p>\n                            <\/div>\n                                                    <div class=\"item\">\n                                <span class=\"title\">Con 70 francos:<\/span>\n                                <p>Ofrezco un folleto de preparaci\u00f3n al parto y a las urgencias a 250 mujeres embarazadas y a madres j\u00f3venes en Burkina Faso.<\/p>\n                            <\/div>\n                                                    <div class=\"item\">\n                                <span class=\"title\">Con 100 francos:<\/span>\n                                <p>Ofrezco la aplicaci\u00f3n Mon b\u00e9b\u00e9 et moi (Mi beb\u00e9 y yo) a 250 mujeres para que puedan hacer un seguimiento de su embarazo y reconocer las se\u00f1ales de peligro para ellas y sus beb\u00e9s.<\/p>\n                            <\/div>\n                                                                            <a href=\"https:\/\/don.edm.ch\/es\" class=\"btnWhite buttonDonation\">\n                                Dona                            <\/a>\n                                            <\/div>\n                <\/div>\n            <\/div>\n        <\/div>\n    <\/section>","protected":false},"excerpt":{"rendered":"","protected":false},"author":3,"featured_media":0,"parent":0,"menu_order":0,"comment_status":"closed","ping_status":"closed","template":"templates\/yellow-line-1.php","meta":{"_acf_changed":false,"inline_featured_image":false,"footnotes":""},"class_list":["post-9252","page","type-page","status-publish","hentry"],"acf":[],"yoast_head":"<!-- This site is optimized with the Yoast SEO plugin v26.9 - https:\/\/yoast.com\/product\/yoast-seo-wordpress\/ -->\n<title>Creaci\u00f3n de material did\u00e1ctico - Enfants du monde<\/title>\n<meta name=\"description\" content=\"Creamos material did\u00e1ctico para una educaci\u00f3n de calidad, en Suiza y en todo el mundo. M\u00e1s informaci\u00f3n sobre nuestro trabajo.\" \/>\n<meta name=\"robots\" content=\"index, follow, max-snippet:-1, max-image-preview:large, max-video-preview:-1\" \/>\n<link rel=\"canonical\" href=\"https:\/\/edm.ch\/es\/applicaciones-para-movil\/\" \/>\n<meta property=\"og:locale\" content=\"es_ES\" \/>\n<meta property=\"og:type\" content=\"article\" \/>\n<meta property=\"og:title\" content=\"Creaci\u00f3n de material did\u00e1ctico - Enfants du monde\" \/>\n<meta property=\"og:description\" content=\"Creamos material did\u00e1ctico para una educaci\u00f3n de calidad, en Suiza y en todo el mundo. M\u00e1s informaci\u00f3n sobre nuestro trabajo.\" \/>\n<meta property=\"og:url\" content=\"https:\/\/edm.ch\/es\/applicaciones-para-movil\/\" \/>\n<meta property=\"og:site_name\" content=\"Enfants du monde\" \/>\n<meta property=\"article:modified_time\" content=\"2025-10-07T07:58:03+00:00\" \/>\n<meta name=\"twitter:card\" content=\"summary_large_image\" \/>\n<script type=\"application\/ld+json\" class=\"yoast-schema-graph\">{\"@context\":\"https:\/\/schema.org\",\"@graph\":[{\"@type\":\"WebPage\",\"@id\":\"https:\/\/edm.ch\/es\/applicaciones-para-movil\/\",\"url\":\"https:\/\/edm.ch\/es\/applicaciones-para-movil\/\",\"name\":\"Creaci\u00f3n de material did\u00e1ctico - Enfants du monde\",\"isPartOf\":{\"@id\":\"https:\/\/edm.ch\/en\/#website\"},\"datePublished\":\"2023-08-22T06:43:08+00:00\",\"dateModified\":\"2025-10-07T07:58:03+00:00\",\"description\":\"Creamos material did\u00e1ctico para una educaci\u00f3n de calidad, en Suiza y en todo el mundo. M\u00e1s informaci\u00f3n sobre nuestro trabajo.\",\"inLanguage\":\"es\",\"potentialAction\":[{\"@type\":\"ReadAction\",\"target\":[\"https:\/\/edm.ch\/es\/applicaciones-para-movil\/\"]}]},{\"@type\":\"WebSite\",\"@id\":\"https:\/\/edm.ch\/en\/#website\",\"url\":\"https:\/\/edm.ch\/en\/\",\"name\":\"Enfants du monde\",\"description\":\"Association suisse\",\"potentialAction\":[{\"@type\":\"SearchAction\",\"target\":{\"@type\":\"EntryPoint\",\"urlTemplate\":\"https:\/\/edm.ch\/en\/?s={search_term_string}\"},\"query-input\":{\"@type\":\"PropertyValueSpecification\",\"valueRequired\":true,\"valueName\":\"search_term_string\"}}],\"inLanguage\":\"es\"}]}<\/script>\n<!-- \/ Yoast SEO plugin. -->","yoast_head_json":{"title":"Creaci\u00f3n de material did\u00e1ctico - Enfants du monde","description":"Creamos material did\u00e1ctico para una educaci\u00f3n de calidad, en Suiza y en todo el mundo. M\u00e1s informaci\u00f3n sobre nuestro trabajo.","robots":{"index":"index","follow":"follow","max-snippet":"max-snippet:-1","max-image-preview":"max-image-preview:large","max-video-preview":"max-video-preview:-1"},"canonical":"https:\/\/edm.ch\/es\/applicaciones-para-movil\/","og_locale":"es_ES","og_type":"article","og_title":"Creaci\u00f3n de material did\u00e1ctico - Enfants du monde","og_description":"Creamos material did\u00e1ctico para una educaci\u00f3n de calidad, en Suiza y en todo el mundo. M\u00e1s informaci\u00f3n sobre nuestro trabajo.","og_url":"https:\/\/edm.ch\/es\/applicaciones-para-movil\/","og_site_name":"Enfants du monde","article_modified_time":"2025-10-07T07:58:03+00:00","twitter_card":"summary_large_image","schema":{"@context":"https:\/\/schema.org","@graph":[{"@type":"WebPage","@id":"https:\/\/edm.ch\/es\/applicaciones-para-movil\/","url":"https:\/\/edm.ch\/es\/applicaciones-para-movil\/","name":"Creaci\u00f3n de material did\u00e1ctico - Enfants du monde","isPartOf":{"@id":"https:\/\/edm.ch\/en\/#website"},"datePublished":"2023-08-22T06:43:08+00:00","dateModified":"2025-10-07T07:58:03+00:00","description":"Creamos material did\u00e1ctico para una educaci\u00f3n de calidad, en Suiza y en todo el mundo. M\u00e1s informaci\u00f3n sobre nuestro trabajo.","inLanguage":"es","potentialAction":[{"@type":"ReadAction","target":["https:\/\/edm.ch\/es\/applicaciones-para-movil\/"]}]},{"@type":"WebSite","@id":"https:\/\/edm.ch\/en\/#website","url":"https:\/\/edm.ch\/en\/","name":"Enfants du monde","description":"Association suisse","potentialAction":[{"@type":"SearchAction","target":{"@type":"EntryPoint","urlTemplate":"https:\/\/edm.ch\/en\/?s={search_term_string}"},"query-input":{"@type":"PropertyValueSpecification","valueRequired":true,"valueName":"search_term_string"}}],"inLanguage":"es"}]}},"_links":{"self":[{"href":"https:\/\/edm.ch\/es\/wp-json\/wp\/v2\/pages\/9252","targetHints":{"allow":["GET"]}}],"collection":[{"href":"https:\/\/edm.ch\/es\/wp-json\/wp\/v2\/pages"}],"about":[{"href":"https:\/\/edm.ch\/es\/wp-json\/wp\/v2\/types\/page"}],"author":[{"embeddable":true,"href":"https:\/\/edm.ch\/es\/wp-json\/wp\/v2\/users\/3"}],"replies":[{"embeddable":true,"href":"https:\/\/edm.ch\/es\/wp-json\/wp\/v2\/comments?post=9252"}],"version-history":[{"count":54,"href":"https:\/\/edm.ch\/es\/wp-json\/wp\/v2\/pages\/9252\/revisions"}],"predecessor-version":[{"id":37791,"href":"https:\/\/edm.ch\/es\/wp-json\/wp\/v2\/pages\/9252\/revisions\/37791"}],"wp:attachment":[{"href":"https:\/\/edm.ch\/es\/wp-json\/wp\/v2\/media?parent=9252"}],"curies":[{"name":"wp","href":"https:\/\/api.w.org\/{rel}","templated":true}]}}