{"id":8258,"date":"2023-08-14T13:05:07","date_gmt":"2023-08-14T13:05:07","guid":{"rendered":"https:\/\/edm.ch\/?page_id=8258"},"modified":"2023-09-05T08:03:17","modified_gmt":"2023-09-05T08:03:17","slug":"voluntariado-ong","status":"publish","type":"page","link":"https:\/\/edm.ch\/es\/voluntariado-ong\/","title":{"rendered":"B\u00e9n\u00e9volat"},"content":{"rendered":"<section class=\"subpageBanner\" style=\"display:\">\n    <div class=\"subpageBannerBlock figure_block\">\n        <img decoding=\"async\" data-src=\"https:\/\/edm.ch\/wp-content\/uploads\/2023\/08\/Enfants_du_monde_website_image_banner_benevolat.png\" src=\"data:image\/svg+xml;base64,PHN2ZyB3aWR0aD0iMSIgaGVpZ2h0PSIxIiB4bWxucz0iaHR0cDovL3d3dy53My5vcmcvMjAwMC9zdmciPjwvc3ZnPg==\" class=\"lazyload\" style=\"--smush-placeholder-width: 2500px; --smush-placeholder-aspect-ratio: 2500\/800;\" data-srcset=\"https:\/\/edm.ch\/wp-content\/uploads\/2023\/08\/Enfants_du_monde_website_image_banner_benevolat.png 2500w, https:\/\/edm.ch\/wp-content\/uploads\/2023\/08\/Enfants_du_monde_website_image_banner_benevolat-300x96.png 300w, https:\/\/edm.ch\/wp-content\/uploads\/2023\/08\/Enfants_du_monde_website_image_banner_benevolat-1024x328.png 1024w, https:\/\/edm.ch\/wp-content\/uploads\/2023\/08\/Enfants_du_monde_website_image_banner_benevolat-768x246.png 768w, https:\/\/edm.ch\/wp-content\/uploads\/2023\/08\/Enfants_du_monde_website_image_banner_benevolat-1536x492.png 1536w, https:\/\/edm.ch\/wp-content\/uploads\/2023\/08\/Enfants_du_monde_website_image_banner_benevolat-2048x655.png 2048w\" data-sizes=\"auto\" data-original-sizes=\"(max-width: 2500px) 100vw, 2500px\" \/>\n        <div class=\"subpageBannerWrap\">\n            <div class=\"container\">\n                <div class=\"content\">\n                    <div>\n                        <span class=\"bannerHead\"><\/span>\n                        <h1>Hazte voluntaria\/o<\/h1>\n                    <\/div>\n                                    <\/div>\n            <\/div>\n        <\/div>\n            <\/div>\n<\/section>\n<script type=\"text\/javascript\">\n    jQuery(document).ready(function ($) {\n        \/\/ Check if the block exists\n        var bannerSection = $('#subpage-banner-section');\n\n        if (bannerSection.length > 0) {\n            \/\/ Move the block to the end of <main> just before the footer\n            $('main').append(bannerSection); \/\/ This will append it inside the <main> tag\n        }\n\n        $('.documentAccordion').on('click', function (e) {\n            e.preventDefault();  \/\/ Prevent default link action\n\n            \/\/ Target the section with the given ID\n            $('html, body').animate({\n                scrollTop: $('#subpage-banner-section').offset().top - 200\n            }, 1000);\n        });\n    });\n<\/script>\n\n\n    \n    <section class=\"rightTextLeftImg \" style=\"display:\">\n        <div class=\"container\">\n            <div class=\"rightTextLeftImgRow\">\n                                    <div class=\"left\">\n                                                    <div class=\"imgBlock\">\n                                <a class=\"figure_block\" href=\"https:\/\/edm.ch\/wp-content\/uploads\/2023\/08\/Enfants_du_monde_website_image_apercu_benevolat.png\" data-fancybox data-caption=\"\">\n                                    <img decoding=\"async\" data-src=\"https:\/\/edm.ch\/wp-content\/uploads\/2023\/08\/Enfants_du_monde_website_image_apercu_benevolat.png\" src=\"data:image\/svg+xml;base64,PHN2ZyB3aWR0aD0iMSIgaGVpZ2h0PSIxIiB4bWxucz0iaHR0cDovL3d3dy53My5vcmcvMjAwMC9zdmciPjwvc3ZnPg==\" class=\"lazyload\" style=\"--smush-placeholder-width: 1920px; --smush-placeholder-aspect-ratio: 1920\/1920;\" data-srcset=\"https:\/\/edm.ch\/wp-content\/uploads\/2023\/08\/Enfants_du_monde_website_image_apercu_benevolat.png 1920w, https:\/\/edm.ch\/wp-content\/uploads\/2023\/08\/Enfants_du_monde_website_image_apercu_benevolat-300x300.png 300w, https:\/\/edm.ch\/wp-content\/uploads\/2023\/08\/Enfants_du_monde_website_image_apercu_benevolat-1024x1024.png 1024w, https:\/\/edm.ch\/wp-content\/uploads\/2023\/08\/Enfants_du_monde_website_image_apercu_benevolat-150x150.png 150w, https:\/\/edm.ch\/wp-content\/uploads\/2023\/08\/Enfants_du_monde_website_image_apercu_benevolat-768x768.png 768w, https:\/\/edm.ch\/wp-content\/uploads\/2023\/08\/Enfants_du_monde_website_image_apercu_benevolat-1536x1536.png 1536w\" data-sizes=\"auto\" data-original-sizes=\"(max-width: 1920px) 100vw, 1920px\" \/>\n                                                                    <\/a>\n                                <figcaption><\/figcaption>\n                            <\/div>\n                                            <\/div>\n                                                    <div class=\"right\">\n                        <div class=\"content\">\n                            <h2>                                Regala tu tiempo y tus habilidades para apoyar nuestra misi\u00f3n <small><\/small>\n                            <\/h2>                                                            <p class=\"western\" align=\"left\"><span style=\"font-family: Source Sans Pro, serif;\"><span lang=\"es-ES\">Enfants du Monde tiene la suerte de contar con <\/span><\/span><b><span style=\"font-family: Source Sans Pro, serif;\"><span lang=\"es-ES\">el compromiso de personas generosas que se hacen voluntarias\/os de nuestra asociaci\u00f3n.<\/span><\/span><\/b><span style=\"font-family: Source Sans Pro, serif;\"><span lang=\"es-ES\"> Gracias a su valioso apoyo, llevamos a cabo <\/span><\/span><b><span style=\"font-family: Source Sans Pro, serif;\"><span lang=\"es-ES\">m\u00faltiples actividades esenciales para el buen funcionamiento<\/span><\/span><\/b><span style=\"font-family: Source Sans Pro, serif;\"><span lang=\"es-ES\">\u00a0de nuestra asociaci\u00f3n, y al mismo tiempo podemos mantener bajos nuestros gastos administrativos.<\/span><\/span><\/p>\n                                                                                                            <\/div>\n                    <\/div>\n                            <\/div>\n        <\/div>\n    <\/section>\n\n        <section class=\"contentSec\" style=\"display:\">\n        <div class=\"container\">\n            <div class=\"contentBlock\">\n                <h5><\/h5>\n                <p><span lang=\"es-ES\">\u00bfCompartes los valores de nuestra ONG y te gustar\u00eda invertir en las madres y las\/los menores desfavorecidas\/os <\/span><span lang=\"es-ES\">de una forma que no sea econ\u00f3mica<\/span><span lang=\"es-ES\">? Elige el voluntariado humanitario en la oficina de <\/span><span lang=\"es-ES\">Enfants du Monde<\/span><span lang=\"es-ES\">\u00a0en Ginebra.<\/span><\/p>\n<p>&nbsp;<\/p>\n<h2>Las misiones que proponemos<\/h2>\n<p>&nbsp;<\/p>\n<h3><span lang=\"es-ES\">Actualmente, buscamos<\/span><span lang=\"es-ES\"> un compromiso regular<\/span><span lang=\"es-ES\"> para:<\/span><\/h3>\n<ul>\n<li><span lang=\"es-ES\">Un\/a <\/span><span lang=\"es-ES\">Vide\u00f3grafa\/o<\/span><span lang=\"es-ES\"> que nos ayude puntualmente en el montaje y\/o la edici\u00f3n b\u00e1sica de v\u00eddeos <\/span><\/li>\n<li><span lang=\"es-ES\">Un\/a <\/span><span lang=\"es-ES\">Fot\u00f3grafa\/o<\/span><span lang=\"es-ES\"> para cubrir nuestros eventos en Ginebra (por ejemplo durante el D\u00eda Internacional de los Derechos de la Infancia)<\/span><\/li>\n<\/ul>\n<p>&nbsp;<\/p>\n<h3><span lang=\"es-ES\">Buscamos <\/span><span lang=\"es-ES\">un compromiso puntual<\/span><span lang=\"es-ES\"> para:<\/span><\/h3>\n<ul>\n<li><span lang=\"es-ES\">Recaudadores de fondos<\/span><span lang=\"es-ES\"> que <\/span><span lang=\"es-ES\">organicen eventos de recaudaci\u00f3n de fondos<\/span><span lang=\"es-ES\">\u00a0para nuestra asociaci\u00f3n<\/span><span lang=\"es-ES\">.<\/span><\/li>\n<\/ul>\n<p>&nbsp;<\/p>\n<h3>Lo que te espera<\/h3>\n<ul>\n<li><strong><span lang=\"es-ES\">Un equipo\u00a0bondadoso<\/span><\/strong><span lang=\"es-ES\"> y que agradece tu valiosa contribuci\u00f3n;<\/span><\/li>\n<li><span lang=\"es-ES\"><strong>Una oportunidad \u00fanica<\/strong>\u00a0p<\/span><span lang=\"es-ES\">ara descubrir el funcionamiento de una ONG internacional centrada en la salud materna y neonatal, la educaci\u00f3n y los derechos de la infancia;<\/span><\/li>\n<li><span lang=\"es-ES\"><strong>Una experiencia enriquecedora<\/strong>\u00a0\u2013<\/span><span lang=\"es-ES\"> que est\u00e9s estudiando, que seas reci\u00e9n graduada\/o o simplemente que desees dar una ayuda, ser voluntaria\/o te da la oportunidad de desarrollar tus habilidades y cualidades humanas, y al mismo tiempo te ofrece nuevos horizontes;<\/span><\/li>\n<li><span lang=\"es-ES\"><strong>Flexibilidad\u00a0<\/strong>\u2013<\/span><span lang=\"es-ES\"> te proponemos tareas en funci\u00f3n de tus disponibilidades.<\/span><\/li>\n<\/ul>\n                            <\/div>\n        <\/div>\n    <\/section>\n\n\n    \n    <section class=\"rightTextLeftImg \" style=\"display:\">\n        <div class=\"container\">\n            <div class=\"rightTextLeftImgRow\">\n                                    <div class=\"left\">\n                                                    <div class=\"imgBlock\">\n                                <a class=\"figure_block\" href=\"https:\/\/edm.ch\/wp-content\/uploads\/2023\/08\/Enfants_du_monde_website_image_apercu_benevolat_2.png\" data-fancybox data-caption=\"\">\n                                    <img decoding=\"async\" data-src=\"https:\/\/edm.ch\/wp-content\/uploads\/2023\/08\/Enfants_du_monde_website_image_apercu_benevolat_2.png\" src=\"data:image\/svg+xml;base64,PHN2ZyB3aWR0aD0iMSIgaGVpZ2h0PSIxIiB4bWxucz0iaHR0cDovL3d3dy53My5vcmcvMjAwMC9zdmciPjwvc3ZnPg==\" class=\"lazyload\" style=\"--smush-placeholder-width: 1920px; --smush-placeholder-aspect-ratio: 1920\/1920;\" data-srcset=\"https:\/\/edm.ch\/wp-content\/uploads\/2023\/08\/Enfants_du_monde_website_image_apercu_benevolat_2.png 1920w, https:\/\/edm.ch\/wp-content\/uploads\/2023\/08\/Enfants_du_monde_website_image_apercu_benevolat_2-300x300.png 300w, https:\/\/edm.ch\/wp-content\/uploads\/2023\/08\/Enfants_du_monde_website_image_apercu_benevolat_2-1024x1024.png 1024w, https:\/\/edm.ch\/wp-content\/uploads\/2023\/08\/Enfants_du_monde_website_image_apercu_benevolat_2-150x150.png 150w, https:\/\/edm.ch\/wp-content\/uploads\/2023\/08\/Enfants_du_monde_website_image_apercu_benevolat_2-768x768.png 768w, https:\/\/edm.ch\/wp-content\/uploads\/2023\/08\/Enfants_du_monde_website_image_apercu_benevolat_2-1536x1536.png 1536w\" data-sizes=\"auto\" data-original-sizes=\"(max-width: 1920px) 100vw, 1920px\" \/>\n                                                                    <\/a>\n                                <figcaption><\/figcaption>\n                            <\/div>\n                                            <\/div>\n                                                    <div class=\"right\">\n                        <div class=\"content\">\n                            <h2>                                \u00danete a nuestro equipo de voluntarias\/os <small><\/small>\n                            <\/h2>                                                            <p align=\"left\"><span lang=\"es-ES\">\u00bfEst\u00e1s interesada\/o en una de las actividades propuestas anteriormente? Si es as\u00ed,\u00a0comun\u00edcate con nosotras\/os aqu\u00ed especificando \u00ab<\/span><span lang=\"es-ES\">Voluntariado<\/span><span lang=\"es-ES\">\u00bb en el campo Asunto de tu solicitud \u00a0y <\/span><span lang=\"es-ES\">adjuntando tu CV<\/span><span lang=\"es-ES\">\u00a0con el fin de que tengamos una idea de tus aptitudes.<\/span><\/p>\n<p align=\"left\">\n<p class=\"western\" align=\"left\"><strong><span style=\"font-family: Source Sans Pro, serif;\"><span lang=\"es-ES\">Contacto con nostro !<\/span><\/span><\/strong><\/p>\n                                                                                                            <\/div>\n                    <\/div>\n                            <\/div>\n        <\/div>\n    <\/section>\n\n        <section class=\"contentSec\" style=\"display:\">\n        <div class=\"container\">\n            <div class=\"contentBlock\">\n                <h5>Informaci\u00f3n importante<\/h5>\n                <p align=\"left\"><span style=\"font-family: Source Sans Pro, serif;\"><span lang=\"es-ES\">Enfants du Monde\u00a0<\/span><\/span><b><span style=\"font-family: Source Sans Pro, serif;\"><span lang=\"es-ES\">no env\u00eda voluntarias\/os al terreno.<\/span><\/span><\/b><span style=\"font-family: Source Sans Pro, serif;\"><span lang=\"es-ES\"> Trabajamos exclusivamente con personal y socios locales. Las misiones de voluntariado se ofrecen solamente\u00a0en <\/span><\/span><b><span style=\"font-family: Source Sans Pro, serif;\"><span lang=\"es-ES\">la oficina de Enfants du Monde en Ginebra.<\/span><\/span><\/b><span style=\"font-family: Source Sans Pro, serif;\"><span lang=\"es-ES\"> Dependiendo de la naturaleza de la tarea, se puede realizar presencial o remotamente por v\u00eda electr\u00f3nica (como por ejemplo la traducci\u00f3n).<\/span><\/span><\/p>\n<p align=\"left\"><span style=\"font-family: Source Sans Pro, serif;\"><span lang=\"es-ES\">Debido a los recursos limitados de nuestro personal administrativo,\u00a0<\/span><\/span><b><span style=\"font-family: Source Sans Pro, serif;\"><span lang=\"es-ES\">no respondemos a las ofertas de voluntariado enviadas por otro m\u00e9todo que no sea el descrito anteriormente<\/span><\/span><\/b><span style=\"font-family: Source Sans Pro, serif;\"><span lang=\"es-ES\"> (a trav\u00e9s de nuestro\u00a0<\/span><\/span><span style=\"color: #0000ff;\"><u><a href=\"https:\/\/www.edm.ch\/es\/contacto\" target=\"_blank\" rel=\"noopener\"><span style=\"font-family: Source Sans Pro, serif;\"><span lang=\"es-ES\">formulario de contacto<\/span><\/span><\/a><\/u><\/span><span style=\"font-family: Source Sans Pro, serif;\"><span lang=\"es-ES\"> especificando \u00abVoluntariado\u00bb en el campo <\/span><\/span><em><span style=\"font-family: Source Sans Pro, serif;\"><span lang=\"es-ES\">Objeto de la solicitud<\/span><\/span><\/em><span style=\"font-family: Source Sans Pro, serif;\"><span lang=\"es-ES\">).<\/span><\/span><\/p>\n                            <\/div>\n        <\/div>\n    <\/section>","protected":false},"excerpt":{"rendered":"","protected":false},"author":3,"featured_media":0,"parent":0,"menu_order":0,"comment_status":"closed","ping_status":"closed","template":"templates\/yellow-line-1.php","meta":{"_acf_changed":false,"inline_featured_image":false,"footnotes":""},"class_list":["post-8258","page","type-page","status-publish","hentry"],"acf":[],"yoast_head":"<!-- This site is optimized with the Yoast SEO plugin v26.9 - https:\/\/yoast.com\/product\/yoast-seo-wordpress\/ -->\n<title>Voluntariado - Enfants du Monde<\/title>\n<meta name=\"description\" content=\"\u00bfQuieres ser voluntario en una ONG? \u00danete a nosotros y apoya nuestra labor en favor de los ni\u00f1os y las madres de todo el mundo.\" \/>\n<meta name=\"robots\" content=\"index, follow, max-snippet:-1, max-image-preview:large, max-video-preview:-1\" \/>\n<link rel=\"canonical\" href=\"https:\/\/edm.ch\/es\/voluntariado-ong\/\" \/>\n<meta property=\"og:locale\" content=\"es_ES\" \/>\n<meta property=\"og:type\" content=\"article\" \/>\n<meta property=\"og:title\" content=\"Voluntariado - Enfants du Monde\" \/>\n<meta property=\"og:description\" content=\"\u00bfQuieres ser voluntario en una ONG? \u00danete a nosotros y apoya nuestra labor en favor de los ni\u00f1os y las madres de todo el mundo.\" \/>\n<meta property=\"og:url\" content=\"https:\/\/edm.ch\/es\/voluntariado-ong\/\" \/>\n<meta property=\"og:site_name\" content=\"Enfants du monde\" \/>\n<meta property=\"article:modified_time\" content=\"2023-09-05T08:03:17+00:00\" \/>\n<meta name=\"twitter:card\" content=\"summary_large_image\" \/>\n<script type=\"application\/ld+json\" class=\"yoast-schema-graph\">{\"@context\":\"https:\/\/schema.org\",\"@graph\":[{\"@type\":\"WebPage\",\"@id\":\"https:\/\/edm.ch\/es\/voluntariado-ong\/\",\"url\":\"https:\/\/edm.ch\/es\/voluntariado-ong\/\",\"name\":\"Voluntariado - Enfants du Monde\",\"isPartOf\":{\"@id\":\"https:\/\/edm.ch\/en\/#website\"},\"datePublished\":\"2023-08-14T13:05:07+00:00\",\"dateModified\":\"2023-09-05T08:03:17+00:00\",\"description\":\"\u00bfQuieres ser voluntario en una ONG? \u00danete a nosotros y apoya nuestra labor en favor de los ni\u00f1os y las madres de todo el mundo.\",\"inLanguage\":\"es\",\"potentialAction\":[{\"@type\":\"ReadAction\",\"target\":[\"https:\/\/edm.ch\/es\/voluntariado-ong\/\"]}]},{\"@type\":\"WebSite\",\"@id\":\"https:\/\/edm.ch\/en\/#website\",\"url\":\"https:\/\/edm.ch\/en\/\",\"name\":\"Enfants du monde\",\"description\":\"Association suisse\",\"potentialAction\":[{\"@type\":\"SearchAction\",\"target\":{\"@type\":\"EntryPoint\",\"urlTemplate\":\"https:\/\/edm.ch\/en\/?s={search_term_string}\"},\"query-input\":{\"@type\":\"PropertyValueSpecification\",\"valueRequired\":true,\"valueName\":\"search_term_string\"}}],\"inLanguage\":\"es\"}]}<\/script>\n<!-- \/ Yoast SEO plugin. -->","yoast_head_json":{"title":"Voluntariado - Enfants du Monde","description":"\u00bfQuieres ser voluntario en una ONG? \u00danete a nosotros y apoya nuestra labor en favor de los ni\u00f1os y las madres de todo el mundo.","robots":{"index":"index","follow":"follow","max-snippet":"max-snippet:-1","max-image-preview":"max-image-preview:large","max-video-preview":"max-video-preview:-1"},"canonical":"https:\/\/edm.ch\/es\/voluntariado-ong\/","og_locale":"es_ES","og_type":"article","og_title":"Voluntariado - Enfants du Monde","og_description":"\u00bfQuieres ser voluntario en una ONG? \u00danete a nosotros y apoya nuestra labor en favor de los ni\u00f1os y las madres de todo el mundo.","og_url":"https:\/\/edm.ch\/es\/voluntariado-ong\/","og_site_name":"Enfants du monde","article_modified_time":"2023-09-05T08:03:17+00:00","twitter_card":"summary_large_image","schema":{"@context":"https:\/\/schema.org","@graph":[{"@type":"WebPage","@id":"https:\/\/edm.ch\/es\/voluntariado-ong\/","url":"https:\/\/edm.ch\/es\/voluntariado-ong\/","name":"Voluntariado - Enfants du Monde","isPartOf":{"@id":"https:\/\/edm.ch\/en\/#website"},"datePublished":"2023-08-14T13:05:07+00:00","dateModified":"2023-09-05T08:03:17+00:00","description":"\u00bfQuieres ser voluntario en una ONG? \u00danete a nosotros y apoya nuestra labor en favor de los ni\u00f1os y las madres de todo el mundo.","inLanguage":"es","potentialAction":[{"@type":"ReadAction","target":["https:\/\/edm.ch\/es\/voluntariado-ong\/"]}]},{"@type":"WebSite","@id":"https:\/\/edm.ch\/en\/#website","url":"https:\/\/edm.ch\/en\/","name":"Enfants du monde","description":"Association suisse","potentialAction":[{"@type":"SearchAction","target":{"@type":"EntryPoint","urlTemplate":"https:\/\/edm.ch\/en\/?s={search_term_string}"},"query-input":{"@type":"PropertyValueSpecification","valueRequired":true,"valueName":"search_term_string"}}],"inLanguage":"es"}]}},"_links":{"self":[{"href":"https:\/\/edm.ch\/es\/wp-json\/wp\/v2\/pages\/8258","targetHints":{"allow":["GET"]}}],"collection":[{"href":"https:\/\/edm.ch\/es\/wp-json\/wp\/v2\/pages"}],"about":[{"href":"https:\/\/edm.ch\/es\/wp-json\/wp\/v2\/types\/page"}],"author":[{"embeddable":true,"href":"https:\/\/edm.ch\/es\/wp-json\/wp\/v2\/users\/3"}],"replies":[{"embeddable":true,"href":"https:\/\/edm.ch\/es\/wp-json\/wp\/v2\/comments?post=8258"}],"version-history":[{"count":10,"href":"https:\/\/edm.ch\/es\/wp-json\/wp\/v2\/pages\/8258\/revisions"}],"predecessor-version":[{"id":13562,"href":"https:\/\/edm.ch\/es\/wp-json\/wp\/v2\/pages\/8258\/revisions\/13562"}],"wp:attachment":[{"href":"https:\/\/edm.ch\/es\/wp-json\/wp\/v2\/media?parent=8258"}],"curies":[{"name":"wp","href":"https:\/\/api.w.org\/{rel}","templated":true}]}}