{"id":8244,"date":"2023-08-08T14:23:09","date_gmt":"2023-08-08T14:23:09","guid":{"rendered":"https:\/\/edm.ch\/?page_id=8244"},"modified":"2025-09-09T09:09:34","modified_gmt":"2025-09-09T09:09:34","slug":"festival-de-la-palabra-de-los-ninos","status":"publish","type":"page","link":"https:\/\/edm.ch\/es\/festival-de-la-palabra-de-los-ninos\/","title":{"rendered":"Festival \u00ab\u00a0La infancia tiene la palabras\u00a0\u00bb"},"content":{"rendered":"<section class=\"subpageBanner\" style=\"display:\">\n    <div class=\"subpageBannerBlock figure_block\">\n        <img decoding=\"async\" data-src=\"https:\/\/edm.ch\/wp-content\/uploads\/2023\/08\/RS6026_IMG_7025-1.jpg\" src=\"data:image\/svg+xml;base64,PHN2ZyB3aWR0aD0iMSIgaGVpZ2h0PSIxIiB4bWxucz0iaHR0cDovL3d3dy53My5vcmcvMjAwMC9zdmciPjwvc3ZnPg==\" class=\"lazyload\" style=\"--smush-placeholder-width: 2500px; --smush-placeholder-aspect-ratio: 2500\/1175;\" data-srcset=\"https:\/\/edm.ch\/wp-content\/uploads\/2023\/08\/RS6026_IMG_7025-1.jpg 2500w, https:\/\/edm.ch\/wp-content\/uploads\/2023\/08\/RS6026_IMG_7025-1-300x141.jpg 300w, https:\/\/edm.ch\/wp-content\/uploads\/2023\/08\/RS6026_IMG_7025-1-1024x481.jpg 1024w, https:\/\/edm.ch\/wp-content\/uploads\/2023\/08\/RS6026_IMG_7025-1-768x361.jpg 768w, https:\/\/edm.ch\/wp-content\/uploads\/2023\/08\/RS6026_IMG_7025-1-1536x722.jpg 1536w, https:\/\/edm.ch\/wp-content\/uploads\/2023\/08\/RS6026_IMG_7025-1-2048x963.jpg 2048w\" data-sizes=\"auto\" data-original-sizes=\"(max-width: 2500px) 100vw, 2500px\" \/>\n        <div class=\"subpageBannerWrap\">\n            <div class=\"container\">\n                <div class=\"content\">\n                    <div>\n                        <span class=\"bannerHead\"><\/span>\n                        <h1>Festival \u00abLa infancia tiene la palabras \u00bb<\/h1>\n                    <\/div>\n                                    <\/div>\n            <\/div>\n        <\/div>\n            <\/div>\n<\/section>\n<script type=\"text\/javascript\">\n    jQuery(document).ready(function ($) {\n        \/\/ Check if the block exists\n        var bannerSection = $('#subpage-banner-section');\n\n        if (bannerSection.length > 0) {\n            \/\/ Move the block to the end of <main> just before the footer\n            $('main').append(bannerSection); \/\/ This will append it inside the <main> tag\n        }\n\n        $('.documentAccordion').on('click', function (e) {\n            e.preventDefault();  \/\/ Prevent default link action\n\n            \/\/ Target the section with the given ID\n            $('html, body').animate({\n                scrollTop: $('#subpage-banner-section').offset().top - 200\n            }, 1000);\n        });\n    });\n<\/script>\n\n\n        <section class=\" countSec\" style=\"display:\">\n        <div class=\"container\">\n            <div class=\"countHolder\">\n                <h2>En 2024<\/h2>\n                <div class=\"countBlock\">\n                    <div class=\"countRow\">\n\n                        \n                            <div class=\"countCol\">\n                                <div class=\"countColInner\">\n                                    <div class=\"imgBlock\">\n                                    <img decoding=\"async\" data-src=\"https:\/\/edm.ch\/wp-content\/uploads\/2023\/08\/Picto-eleve.png\" src=\"data:image\/svg+xml;base64,PHN2ZyB3aWR0aD0iMSIgaGVpZ2h0PSIxIiB4bWxucz0iaHR0cDovL3d3dy53My5vcmcvMjAwMC9zdmciPjwvc3ZnPg==\" class=\"lazyload\" style=\"--smush-placeholder-width: 160px; --smush-placeholder-aspect-ratio: 160\/160;\" data-srcset=\"https:\/\/edm.ch\/wp-content\/uploads\/2023\/08\/Picto-eleve.png 160w, https:\/\/edm.ch\/wp-content\/uploads\/2023\/08\/Picto-eleve-150x150.png 150w\" data-sizes=\"auto\" data-original-sizes=\"(max-width: 160px) 100vw, 160px\" \/>\n                                    <\/div>\n                                    <div class=\"content\">\n                                    <h2>108<\/h2>\n                                    <p>estudiantes de la Suiza franc\u00f3fona reciben formaci\u00f3n sobre vuestros derechos<\/p>\n                                    <\/div>\n                                <\/div>\n                            <\/div>\n\n                        \n                            <div class=\"countCol\">\n                                <div class=\"countColInner\">\n                                    <div class=\"imgBlock\">\n                                    <img decoding=\"async\" data-src=\"https:\/\/edm.ch\/wp-content\/uploads\/2023\/08\/Picto-enseignant-2.png\" src=\"data:image\/svg+xml;base64,PHN2ZyB3aWR0aD0iMSIgaGVpZ2h0PSIxIiB4bWxucz0iaHR0cDovL3d3dy53My5vcmcvMjAwMC9zdmciPjwvc3ZnPg==\" class=\"lazyload\" style=\"--smush-placeholder-width: 160px; --smush-placeholder-aspect-ratio: 160\/160;\" data-srcset=\"https:\/\/edm.ch\/wp-content\/uploads\/2023\/08\/Picto-enseignant-2.png 160w, https:\/\/edm.ch\/wp-content\/uploads\/2023\/08\/Picto-enseignant-2-150x150.png 150w\" data-sizes=\"auto\" data-original-sizes=\"(max-width: 160px) 100vw, 160px\" \/>\n                                    <\/div>\n                                    <div class=\"content\">\n                                    <h2>6<\/h2>\n                                    <p>docentes participan en el proyecto<\/p>\n                                    <\/div>\n                                <\/div>\n                            <\/div>\n\n                        \n                    <\/div>\n                <\/div>\n                <div class=\"countBlockText\"><p><\/p><\/div>\n            <\/div>\n        <\/div>\n    <\/section>\n\n\n    \n    <section class=\"leftTextRightImg \" style=\"display:\">\n        <div class=\"container\">\n            <div class=\"leftTextRightImgRow\">\n                                    <div class=\"right\">\n                                                    <div class=\"imgBlock\">\n                                <a class=\"figure_block\" href=\"https:\/\/edm.ch\/wp-content\/uploads\/2023\/08\/RS6056_IMG_7067.jpg\" data-fancybox data-caption=\"\">\n                                    <img decoding=\"async\" data-src=\"https:\/\/edm.ch\/wp-content\/uploads\/2023\/08\/RS6056_IMG_7067.jpg\" src=\"data:image\/svg+xml;base64,PHN2ZyB3aWR0aD0iMSIgaGVpZ2h0PSIxIiB4bWxucz0iaHR0cDovL3d3dy53My5vcmcvMjAwMC9zdmciPjwvc3ZnPg==\" class=\"lazyload\" style=\"--smush-placeholder-width: 2500px; --smush-placeholder-aspect-ratio: 2500\/1667;\" data-srcset=\"https:\/\/edm.ch\/wp-content\/uploads\/2023\/08\/RS6056_IMG_7067.jpg 2500w, https:\/\/edm.ch\/wp-content\/uploads\/2023\/08\/RS6056_IMG_7067-300x200.jpg 300w, https:\/\/edm.ch\/wp-content\/uploads\/2023\/08\/RS6056_IMG_7067-1024x683.jpg 1024w, https:\/\/edm.ch\/wp-content\/uploads\/2023\/08\/RS6056_IMG_7067-768x512.jpg 768w, https:\/\/edm.ch\/wp-content\/uploads\/2023\/08\/RS6056_IMG_7067-1536x1024.jpg 1536w, https:\/\/edm.ch\/wp-content\/uploads\/2023\/08\/RS6056_IMG_7067-2048x1366.jpg 2048w\" data-sizes=\"auto\" data-original-sizes=\"(max-width: 2500px) 100vw, 2500px\" \/>\n                                                                    <\/a>\n                                <figcaption><\/figcaption>\n                            <\/div>\n                                            <\/div>\n                                                    <div class=\"left\">\n                        <div class=\"content\">\n                            <h2>                                Celebraci\u00f3n del D\u00eda Internacional de los Derechos de la Ni\u00f1ez <small><\/small>\n                            <\/h2>                                                            <p>El D\u00eda Internacional de los Derechos del Ni\u00f1o marca el aniversario de la Convenci\u00f3n sobre los Derechos de la Ni\u00f1ez. Para celebrarlo, Enfants du Monde organiza cada a\u00f1o en Ginebra el Festival \u00abLa Parole aux Enfants\u00bb.<\/p>\n                                                                                                            <\/div>\n                    <\/div>\n                            <\/div>\n        <\/div>\n    <\/section>\n\n        <section class=\"contentSec\" style=\"display:\">\n        <div class=\"container\">\n            <div class=\"contentBlock\">\n                <h5>Aut\u00e9ntica participaci\u00f3n infantil<\/h5>\n                <p>El Festival ofrece un espacio de expresi\u00f3n a los ni\u00f1o\/as de las clases que han participado con sus profesores en el proyecto Un Monde plus Juste sobre los derechos de la ni\u00f1ez.<\/p>\n<p>&nbsp;<\/p>\n<p>Con el apoyo de personalidades suizas como el dibujante de prensa Patrick Chappatte y la artista Licia Chery, Enfants du Monde invita a los ni\u00f1o\/as de la Suiza franc\u00f3fona a expresarse y hacerse o\u00edr sobre sus derechos. Canciones, dibujos, fotos, narraciones: se movilizan varios medios de expresi\u00f3n para que los ni\u00f1o\/as compartan sus recomendaciones sobre el respeto de sus derechos con representantes del Comit\u00e9 de los Derechos de la Ni\u00f1ez de la ONU, las autoridades ginebrinas, las ONG y la prensa local.<\/p>\n                            <\/div>\n        <\/div>\n    <\/section>\n\n\n    \n    <section class=\"show_on_loadmore rightTextLeftImg \" style=\"display:none \">\n        <div class=\"container\">\n            <div class=\"rightTextLeftImgRow\">\n                                    <div class=\"left\">\n                                                    <div class=\"videoBlock\">\n                                <iframe width=\"100%\" height=\"100%\" data-src=\"https:\/\/www.youtube.com\/embed\/l_6fHJ0Eztk\" title=\"YouTube video player\" frameborder=\"0\" allow=\"accelerometer; autoplay; clipboard-write; encrypted-media; gyroscope; picture-in-picture; web-share\" allowfullscreen src=\"data:image\/svg+xml;base64,PHN2ZyB3aWR0aD0iMSIgaGVpZ2h0PSIxIiB4bWxucz0iaHR0cDovL3d3dy53My5vcmcvMjAwMC9zdmciPjwvc3ZnPg==\" class=\"lazyload\" data-load-mode=\"1\"><\/iframe>\n                            <\/div>\n                                            <\/div>\n                                                    <div class=\"right\">\n                        <div class=\"content\">\n                            <h2>                                 <small><\/small>\n                            <\/h2>                                                            <h3 style=\"text-align: left;\">Le festival \u00ab La Parole aux Enfants \u00bb en 2022<\/h3>\n<p>Con motivo del D\u00eda Internacional de los Derechos de la Ni\u00f1ez, Enfants du Monde invit\u00f3 a alumno\/as de 8 a 12 a\u00f1os a defender sus derechos ante el Comit\u00e9 de los Derechos de la Ni\u00f1ez de la ONU durante el festival \u00abLos ni\u00f1o\/as hablan\u00bb, celebrado el 18 de noviembre en la Maison Internationale des Associations.<\/p>\n<p>Un festival para que los ni\u00f1o\/as se expresen sobre sus derechos<\/p>\n<p>Desde septiembre, los escolares presentes han trabajado en profundidad con sus docentes sobre los derechos de la ni\u00f1ez, utilizando el kit educativo Enfants du Monde, y han elaborado recomendaciones para mejorar el respeto de un derecho de su elecci\u00f3n. Durante el festival, participaron en un taller con el dibujante Patrick Chappatte para ilustrar estas recomendaciones a trav\u00e9s de vi\u00f1etas de prensa. A continuaci\u00f3n, presentaron sus reflexiones y creaciones al profesor Philip Jaff\u00e9, miembro suizo del Comit\u00e9 de los Derechos de la Ni\u00f1ez de la ONU, a Christina Kitsos, Consejera Administrativa del Departamento de Cohesi\u00f3n Social y Solidaridad de la Ciudad de Ginebra, a la Secretaria General de Enfants du Monde, Beata Godenzi, as\u00ed como a representantes del Departamento de Educaci\u00f3n P\u00fablica, la Federaci\u00f3n Ginebrina para la Cooperaci\u00f3n y otras organizaciones.<\/p>\n<p>El derecho a jugar fue uno de los m\u00e1s populares.<\/p>\n<p>Los alumno\/as tambi\u00e9n cantaron la canci\u00f3n \u00abOn n&#8217;a pas 20 ans\u00bb de Licia Chery, cantante, compositora y presentadora de televisi\u00f3n, dedicada al evento y escrita para la ocasi\u00f3n.<\/p>\n<p><strong>Lea a continuaci\u00f3n sus recomendaciones.<\/strong><\/p>\n<p>\u00abNos hemos dado cuenta de que algunos ni\u00f1o\/as no pueden tener actividades de ocio porque no tienen suficiente dinero, as\u00ed que hemos sugerido que sean gratuitas. Creemos que podemos ser como una escuela, pero con actividades de ocio.\u201d<\/p>\n<p>Alumno\/as de la escuela de Confignon<\/p>\n<p>En respuesta a esta propuesta, Christina Kitsos inform\u00f3 a los ni\u00f1o\/as de que se est\u00e1 estudiando la posibilidad de cerrar algunas calles de Ginebra para que los ni\u00f1o\/as tengan m\u00e1s espacio para jugar al aire libre.<\/p>\n<p>Algunas de las preocupaciones de los ni\u00f1o\/as salieron a relucir al hablar del derecho a la protecci\u00f3n, como el miedo a ser \u00abrobados\u00bb (secuestrados) o al trabajo infantil.<\/p>\n<p>\u00abTenemos que concienciar a la gente de los productos que compra y de lo que hay detr\u00e1s. Suiza proh\u00edbe el trabajo infantil, pero compra productos en otras partes del mundo que utilizan mano de obra infantil. Y no necesariamente lo sabemos.<\/p>\n<p>Alumno\/as de la escuela Mon-Repos, Lausana<\/p>\n<p>Otro derecho muy importante para los alumno\/as es el derecho a la asistencia sanitaria. Consideran que es muy injusto pensar que los ni\u00f1os no puedan ser atendidos por falta de dinero.<\/p>\n<p>\u00abNo estamos de acuerdo con que unos ni\u00f1o\/as tengan m\u00e1s dinero y otros no tengan suficiente para pagar un tratamiento. Por eso, nuestra recomendaci\u00f3n es llevar a las escuelas los trailers asistenciales, como la consulta del dentista, el oftalm\u00f3logo y la enfermera.<\/p>\n<p>Alumno\/as de la escuela de Compesi\u00e8res, Ginebra.<\/p>\n<p>Y quiz\u00e1s lo mas inesperado, el derecho a ir a la escuela surgi\u00f3 como esencial a los ojos de los ni\u00f1o\/as, para que todos puedan aprender a leer y escribir. Los alumno\/as pudieron hablar de ello con el profesor Philip Jaff\u00e9.<\/p>\n<p>\u00abTodo el mundo tiene que saber que los ni\u00f1o\/as tienen que aprender a leer y escribir. Tener una buena educaci\u00f3n permite respetar a los dem\u00e1s\u00bb.<\/p>\n<p>Alumno\/as de la escuela Franchises, Ginebra<\/p>\n<p>El festival es la culminaci\u00f3n del programa \u00abUn mundo m\u00e1s justo\u00bb, puesto en marcha por Enfants du Monde en las escuelas para contribuir a mejorar la situaci\u00f3n de los derechos de la ni\u00f1ez en los pa\u00edses en los que opera. Este programa invita a los alumno\/as a descubrir sus derechos en relaci\u00f3n con su contexto social y cultural. Anima a los ni\u00f1o\/as a proponer soluciones pr\u00e1cticas para mejorar el respeto de sus derechos, al tiempo que sensibiliza al mundo de la pol\u00edtica y la opini\u00f3n p\u00fablica. Este enfoque forma parte de un planteamiento m\u00e1s amplio de la educaci\u00f3n para el desarrollo sostenible.<\/p>\n                                                                                                            <\/div>\n                    <\/div>\n                            <\/div>\n        <\/div>\n    <\/section>\n\n\n<div class=\"container text-center loadMoreSection\">\n    <button onclick=\"loadMoreSection()\" class=\"btnBlue open_button loadmorebtn\">M\u00e1s informaci\u00f3n<\/button>\n    <button onclick=\"loadMoreSection()\" class=\"btnBlue close_button loadmorebtn\"><\/button>\n<\/div>\n\n\n\n    \n    <section class=\"quoteImage rightTextLeftImg \" style=\"display:\">\n        <div class=\"container\">\n            <div class=\"rightTextLeftImgRow\">\n                                    <div class=\"left\">\n                                                    <div class=\"imgBlock\">\n                                <a class=\"figure_block\" href=\"https:\/\/edm.ch\/wp-content\/uploads\/2023\/08\/Enfants_du_monde_website_image_don_globe_virtuel.png\" data-fancybox data-caption=\"\">\n                                    <img decoding=\"async\" data-src=\"https:\/\/edm.ch\/wp-content\/uploads\/2023\/08\/Enfants_du_monde_website_image_don_globe_virtuel.png\" src=\"data:image\/svg+xml;base64,PHN2ZyB3aWR0aD0iMSIgaGVpZ2h0PSIxIiB4bWxucz0iaHR0cDovL3d3dy53My5vcmcvMjAwMC9zdmciPjwvc3ZnPg==\" class=\"lazyload\" style=\"--smush-placeholder-width: 1920px; --smush-placeholder-aspect-ratio: 1920\/1920;\" data-srcset=\"https:\/\/edm.ch\/wp-content\/uploads\/2023\/08\/Enfants_du_monde_website_image_don_globe_virtuel.png 1920w, https:\/\/edm.ch\/wp-content\/uploads\/2023\/08\/Enfants_du_monde_website_image_don_globe_virtuel-300x300.png 300w, https:\/\/edm.ch\/wp-content\/uploads\/2023\/08\/Enfants_du_monde_website_image_don_globe_virtuel-1024x1024.png 1024w, https:\/\/edm.ch\/wp-content\/uploads\/2023\/08\/Enfants_du_monde_website_image_don_globe_virtuel-150x150.png 150w, https:\/\/edm.ch\/wp-content\/uploads\/2023\/08\/Enfants_du_monde_website_image_don_globe_virtuel-768x768.png 768w, https:\/\/edm.ch\/wp-content\/uploads\/2023\/08\/Enfants_du_monde_website_image_don_globe_virtuel-1536x1536.png 1536w\" data-sizes=\"auto\" data-original-sizes=\"(max-width: 1920px) 100vw, 1920px\" \/>\n                                                                    <\/a>\n                                <figcaption><\/figcaption>\n                            <\/div>\n                                            <\/div>\n                                                    <div class=\"right\">\n                        <div class=\"content\">\n                            <h2>                                Sarah <small>Estudiante, Suiza<\/small>\n                            <\/h2>                            <div class=\"quote\">                                <p>Los derechos de la ni\u00f1ez consisten en proteger a los ni\u00f1o\/as de cosas que no son buenas para ellos. Todos son importantes y deber\u00edan respetarse en todas partes.<\/p>\n                            <\/div>                                                                                <\/div>\n                    <\/div>\n                            <\/div>\n        <\/div>\n    <\/section>\n\n\n    \n    <section class=\"leftTextRightImg \" style=\"display:\">\n        <div class=\"container\">\n            <div class=\"leftTextRightImgRow\">\n                                    <div class=\"right\">\n                                                    <div class=\"imgBlock\">\n                                <a class=\"figure_block\" href=\"https:\/\/edm.ch\/wp-content\/uploads\/2023\/08\/RS2701_P1076873.jpg\" data-fancybox data-caption=\"\">\n                                    <img decoding=\"async\" data-src=\"https:\/\/edm.ch\/wp-content\/uploads\/2023\/08\/RS2701_P1076873.jpg\" src=\"data:image\/svg+xml;base64,PHN2ZyB3aWR0aD0iMSIgaGVpZ2h0PSIxIiB4bWxucz0iaHR0cDovL3d3dy53My5vcmcvMjAwMC9zdmciPjwvc3ZnPg==\" class=\"lazyload\" style=\"--smush-placeholder-width: 2500px; --smush-placeholder-aspect-ratio: 2500\/1875;\" data-srcset=\"https:\/\/edm.ch\/wp-content\/uploads\/2023\/08\/RS2701_P1076873.jpg 2500w, https:\/\/edm.ch\/wp-content\/uploads\/2023\/08\/RS2701_P1076873-300x225.jpg 300w, https:\/\/edm.ch\/wp-content\/uploads\/2023\/08\/RS2701_P1076873-1024x768.jpg 1024w, https:\/\/edm.ch\/wp-content\/uploads\/2023\/08\/RS2701_P1076873-768x576.jpg 768w, https:\/\/edm.ch\/wp-content\/uploads\/2023\/08\/RS2701_P1076873-1536x1152.jpg 1536w, https:\/\/edm.ch\/wp-content\/uploads\/2023\/08\/RS2701_P1076873-2048x1536.jpg 2048w\" data-sizes=\"auto\" data-original-sizes=\"(max-width: 2500px) 100vw, 2500px\" \/>\n                                                                    <\/a>\n                                <figcaption><\/figcaption>\n                            <\/div>\n                                            <\/div>\n                                                    <div class=\"left\">\n                        <div class=\"content\">\n                            <h2>                                Participar en el proyecto <small><\/small>\n                            <\/h2>                                                            <p>\u00bfEs usted docente y le gustar\u00eda recibir m\u00e1s informaci\u00f3n y\/o hacer que su clase participe en la pr\u00f3xima edici\u00f3n del programa Un mundo m\u00e1s justo? P\u00f3ngase en contacto con nuestro equipo por correo electr\u00f3nico en <a href=\"mailto:umj@edm.ch\">umj@edm.ch<\/a>.<\/p>\n                                                                                                            <\/div>\n                    <\/div>\n                            <\/div>\n        <\/div>\n    <\/section>\n\n\n    <section class=\"donation_count\" style=\"display:\">\n        <div class=\"inner_row\">\n            <div class=\"right_img_block\">\n                <div class=\"img_block figure_block\">\n                    <img decoding=\"async\" data-src=\"https:\/\/edm.ch\/wp-content\/uploads\/2023\/08\/RS2601_P1076796.jpg\" alt=\"\" src=\"data:image\/svg+xml;base64,PHN2ZyB3aWR0aD0iMSIgaGVpZ2h0PSIxIiB4bWxucz0iaHR0cDovL3d3dy53My5vcmcvMjAwMC9zdmciPjwvc3ZnPg==\" class=\"lazyload\" style=\"--smush-placeholder-width: 2500px; --smush-placeholder-aspect-ratio: 2500\/1875;\" data-srcset=\"https:\/\/edm.ch\/wp-content\/uploads\/2023\/08\/RS2601_P1076796.jpg 2500w, https:\/\/edm.ch\/wp-content\/uploads\/2023\/08\/RS2601_P1076796-300x225.jpg 300w, https:\/\/edm.ch\/wp-content\/uploads\/2023\/08\/RS2601_P1076796-1024x768.jpg 1024w, https:\/\/edm.ch\/wp-content\/uploads\/2023\/08\/RS2601_P1076796-768x576.jpg 768w, https:\/\/edm.ch\/wp-content\/uploads\/2023\/08\/RS2601_P1076796-1536x1152.jpg 1536w, https:\/\/edm.ch\/wp-content\/uploads\/2023\/08\/RS2601_P1076796-2048x1536.jpg 2048w\" data-sizes=\"auto\" data-original-sizes=\"(max-width: 2500px) 100vw, 2500px\">\n                                    <\/div>\n            <\/div>\n            <div class=\"left_txt_block\">\n                <div class=\"txt_contents\">\n                    <h3>Mi donaci\u00f3n marca la diferencia<\/h3>\n                    <div class=\"block_txts\">\n                                                    <div class=\"item\">\n                                <span class=\"title\">Por ejemplo :<\/span>\n                                <p><\/p>\n                            <\/div>\n                                                    <div class=\"item\">\n                                <span class=\"title\">Con 100 francos :<\/span>\n                                <p>Contribuyo al desarrollo de materiales did\u00e1cticos de calidad sobre los derechos del ni\u00f1o para estudiantes en Suiza<\/p>\n                            <\/div>\n                                                                            <a href=\"https:\/\/don.edm.ch\/es\" class=\"btnWhite buttonDonation\">\n                                Dona                            <\/a>\n                                            <\/div>\n                <\/div>\n            <\/div>\n        <\/div>\n    <\/section>","protected":false},"excerpt":{"rendered":"","protected":false},"author":3,"featured_media":0,"parent":0,"menu_order":0,"comment_status":"closed","ping_status":"closed","template":"templates\/yellow-line-1.php","meta":{"_acf_changed":false,"inline_featured_image":false,"footnotes":""},"class_list":["post-8244","page","type-page","status-publish","hentry"],"acf":[],"yoast_head":"<!-- This site is optimized with the Yoast SEO plugin v26.9 - https:\/\/yoast.com\/product\/yoast-seo-wordpress\/ -->\n<title>Derechos del ni\u00f1o - festival Los ni\u00f1os tienen la palabra - Enfants du Monde<\/title>\n<meta name=\"description\" content=\"Con motivo del D\u00eda Internacional de los Derechos del Ni\u00f1o, Enfants du Monde organiza el Festival &quot;Los ni\u00f1os tienen la palabra&quot;.\" \/>\n<meta name=\"robots\" content=\"index, follow, max-snippet:-1, max-image-preview:large, max-video-preview:-1\" \/>\n<link rel=\"canonical\" href=\"https:\/\/edm.ch\/es\/festival-de-la-palabra-de-los-ninos\/\" \/>\n<meta property=\"og:locale\" content=\"es_ES\" \/>\n<meta property=\"og:type\" content=\"article\" \/>\n<meta property=\"og:title\" content=\"Derechos del ni\u00f1o - festival Los ni\u00f1os tienen la palabra - Enfants du Monde\" \/>\n<meta property=\"og:description\" content=\"Con motivo del D\u00eda Internacional de los Derechos del Ni\u00f1o, Enfants du Monde organiza el Festival &quot;Los ni\u00f1os tienen la palabra&quot;.\" \/>\n<meta property=\"og:url\" content=\"https:\/\/edm.ch\/es\/festival-de-la-palabra-de-los-ninos\/\" \/>\n<meta property=\"og:site_name\" content=\"Enfants du monde\" \/>\n<meta property=\"article:modified_time\" content=\"2025-09-09T09:09:34+00:00\" \/>\n<meta name=\"twitter:card\" content=\"summary_large_image\" \/>\n<script type=\"application\/ld+json\" class=\"yoast-schema-graph\">{\"@context\":\"https:\/\/schema.org\",\"@graph\":[{\"@type\":\"WebPage\",\"@id\":\"https:\/\/edm.ch\/es\/festival-de-la-palabra-de-los-ninos\/\",\"url\":\"https:\/\/edm.ch\/es\/festival-de-la-palabra-de-los-ninos\/\",\"name\":\"Derechos del ni\u00f1o - festival Los ni\u00f1os tienen la palabra - Enfants du Monde\",\"isPartOf\":{\"@id\":\"https:\/\/edm.ch\/en\/#website\"},\"datePublished\":\"2023-08-08T14:23:09+00:00\",\"dateModified\":\"2025-09-09T09:09:34+00:00\",\"description\":\"Con motivo del D\u00eda Internacional de los Derechos del Ni\u00f1o, Enfants du Monde organiza el Festival \\\"Los ni\u00f1os tienen la palabra\\\".\",\"inLanguage\":\"es\",\"potentialAction\":[{\"@type\":\"ReadAction\",\"target\":[\"https:\/\/edm.ch\/es\/festival-de-la-palabra-de-los-ninos\/\"]}]},{\"@type\":\"WebSite\",\"@id\":\"https:\/\/edm.ch\/en\/#website\",\"url\":\"https:\/\/edm.ch\/en\/\",\"name\":\"Enfants du monde\",\"description\":\"Association suisse\",\"potentialAction\":[{\"@type\":\"SearchAction\",\"target\":{\"@type\":\"EntryPoint\",\"urlTemplate\":\"https:\/\/edm.ch\/en\/?s={search_term_string}\"},\"query-input\":{\"@type\":\"PropertyValueSpecification\",\"valueRequired\":true,\"valueName\":\"search_term_string\"}}],\"inLanguage\":\"es\"}]}<\/script>\n<!-- \/ Yoast SEO plugin. -->","yoast_head_json":{"title":"Derechos del ni\u00f1o - festival Los ni\u00f1os tienen la palabra - Enfants du Monde","description":"Con motivo del D\u00eda Internacional de los Derechos del Ni\u00f1o, Enfants du Monde organiza el Festival \"Los ni\u00f1os tienen la palabra\".","robots":{"index":"index","follow":"follow","max-snippet":"max-snippet:-1","max-image-preview":"max-image-preview:large","max-video-preview":"max-video-preview:-1"},"canonical":"https:\/\/edm.ch\/es\/festival-de-la-palabra-de-los-ninos\/","og_locale":"es_ES","og_type":"article","og_title":"Derechos del ni\u00f1o - festival Los ni\u00f1os tienen la palabra - Enfants du Monde","og_description":"Con motivo del D\u00eda Internacional de los Derechos del Ni\u00f1o, Enfants du Monde organiza el Festival \"Los ni\u00f1os tienen la palabra\".","og_url":"https:\/\/edm.ch\/es\/festival-de-la-palabra-de-los-ninos\/","og_site_name":"Enfants du monde","article_modified_time":"2025-09-09T09:09:34+00:00","twitter_card":"summary_large_image","schema":{"@context":"https:\/\/schema.org","@graph":[{"@type":"WebPage","@id":"https:\/\/edm.ch\/es\/festival-de-la-palabra-de-los-ninos\/","url":"https:\/\/edm.ch\/es\/festival-de-la-palabra-de-los-ninos\/","name":"Derechos del ni\u00f1o - festival Los ni\u00f1os tienen la palabra - Enfants du Monde","isPartOf":{"@id":"https:\/\/edm.ch\/en\/#website"},"datePublished":"2023-08-08T14:23:09+00:00","dateModified":"2025-09-09T09:09:34+00:00","description":"Con motivo del D\u00eda Internacional de los Derechos del Ni\u00f1o, Enfants du Monde organiza el Festival \"Los ni\u00f1os tienen la palabra\".","inLanguage":"es","potentialAction":[{"@type":"ReadAction","target":["https:\/\/edm.ch\/es\/festival-de-la-palabra-de-los-ninos\/"]}]},{"@type":"WebSite","@id":"https:\/\/edm.ch\/en\/#website","url":"https:\/\/edm.ch\/en\/","name":"Enfants du monde","description":"Association suisse","potentialAction":[{"@type":"SearchAction","target":{"@type":"EntryPoint","urlTemplate":"https:\/\/edm.ch\/en\/?s={search_term_string}"},"query-input":{"@type":"PropertyValueSpecification","valueRequired":true,"valueName":"search_term_string"}}],"inLanguage":"es"}]}},"_links":{"self":[{"href":"https:\/\/edm.ch\/es\/wp-json\/wp\/v2\/pages\/8244","targetHints":{"allow":["GET"]}}],"collection":[{"href":"https:\/\/edm.ch\/es\/wp-json\/wp\/v2\/pages"}],"about":[{"href":"https:\/\/edm.ch\/es\/wp-json\/wp\/v2\/types\/page"}],"author":[{"embeddable":true,"href":"https:\/\/edm.ch\/es\/wp-json\/wp\/v2\/users\/3"}],"replies":[{"embeddable":true,"href":"https:\/\/edm.ch\/es\/wp-json\/wp\/v2\/comments?post=8244"}],"version-history":[{"count":12,"href":"https:\/\/edm.ch\/es\/wp-json\/wp\/v2\/pages\/8244\/revisions"}],"predecessor-version":[{"id":37457,"href":"https:\/\/edm.ch\/es\/wp-json\/wp\/v2\/pages\/8244\/revisions\/37457"}],"wp:attachment":[{"href":"https:\/\/edm.ch\/es\/wp-json\/wp\/v2\/media?parent=8244"}],"curies":[{"name":"wp","href":"https:\/\/api.w.org\/{rel}","templated":true}]}}