{"id":8168,"date":"2023-08-08T13:35:18","date_gmt":"2023-08-08T13:35:18","guid":{"rendered":"https:\/\/edm.ch\/?page_id=8168"},"modified":"2024-10-16T13:16:06","modified_gmt":"2024-10-16T13:16:06","slug":"educar-en-salud","status":"publish","type":"page","link":"https:\/\/edm.ch\/es\/educar-en-salud\/","title":{"rendered":"Educar en salud"},"content":{"rendered":"<section class=\"subpageBanner\" style=\"display:\">\n    <div class=\"subpageBannerBlock figure_block\">\n        <img decoding=\"async\" data-src=\"https:\/\/edm.ch\/wp-content\/uploads\/2023\/08\/RS6524_IMG_4351_ILL.jpg\" src=\"data:image\/svg+xml;base64,PHN2ZyB3aWR0aD0iMSIgaGVpZ2h0PSIxIiB4bWxucz0iaHR0cDovL3d3dy53My5vcmcvMjAwMC9zdmciPjwvc3ZnPg==\" class=\"lazyload\" style=\"--smush-placeholder-width: 2500px; --smush-placeholder-aspect-ratio: 2500\/1091;\" data-srcset=\"https:\/\/edm.ch\/wp-content\/uploads\/2023\/08\/RS6524_IMG_4351_ILL.jpg 2500w, https:\/\/edm.ch\/wp-content\/uploads\/2023\/08\/RS6524_IMG_4351_ILL-300x131.jpg 300w, https:\/\/edm.ch\/wp-content\/uploads\/2023\/08\/RS6524_IMG_4351_ILL-1024x447.jpg 1024w, https:\/\/edm.ch\/wp-content\/uploads\/2023\/08\/RS6524_IMG_4351_ILL-768x335.jpg 768w, https:\/\/edm.ch\/wp-content\/uploads\/2023\/08\/RS6524_IMG_4351_ILL-1536x670.jpg 1536w, https:\/\/edm.ch\/wp-content\/uploads\/2023\/08\/RS6524_IMG_4351_ILL-2048x894.jpg 2048w\" data-sizes=\"auto\" data-original-sizes=\"(max-width: 2500px) 100vw, 2500px\" \/>\n        <div class=\"subpageBannerWrap\">\n            <div class=\"container\">\n                <div class=\"content\">\n                    <div>\n                        <span class=\"bannerHead\"><\/span>\n                        <h1>Educar en salud<\/h1>\n                    <\/div>\n                                    <\/div>\n            <\/div>\n        <\/div>\n                    <div class=\"picture-caption\">\n                <div class=\"caption-content\"><span>Enfants du Monde<\/span><\/div>\n            <\/div>\n            <\/div>\n<\/section>\n<script type=\"text\/javascript\">\n    jQuery(document).ready(function ($) {\n        \/\/ Check if the block exists\n        var bannerSection = $('#subpage-banner-section');\n\n        if (bannerSection.length > 0) {\n            \/\/ Move the block to the end of <main> just before the footer\n            $('main').append(bannerSection); \/\/ This will append it inside the <main> tag\n        }\n\n        $('.documentAccordion').on('click', function (e) {\n            e.preventDefault();  \/\/ Prevent default link action\n\n            \/\/ Target the section with the given ID\n            $('html, body').animate({\n                scrollTop: $('#subpage-banner-section').offset().top - 200\n            }, 1000);\n        });\n    });\n<\/script>\n\n\n    \n    <section class=\"rightTextLeftImg \" style=\"display:\">\n        <div class=\"container\">\n            <div class=\"rightTextLeftImgRow\">\n                                    <div class=\"left\">\n                                                    <div class=\"imgBlock\">\n                                <a class=\"figure_block\" href=\"https:\/\/edm.ch\/wp-content\/uploads\/2023\/08\/RS6932__SDP6994_BEST.jpg\" data-fancybox data-caption=\"\">\n                                    <img decoding=\"async\" data-src=\"https:\/\/edm.ch\/wp-content\/uploads\/2023\/08\/RS6932__SDP6994_BEST.jpg\" src=\"data:image\/svg+xml;base64,PHN2ZyB3aWR0aD0iMSIgaGVpZ2h0PSIxIiB4bWxucz0iaHR0cDovL3d3dy53My5vcmcvMjAwMC9zdmciPjwvc3ZnPg==\" class=\"lazyload\" style=\"--smush-placeholder-width: 2500px; --smush-placeholder-aspect-ratio: 2500\/1664;\" data-srcset=\"https:\/\/edm.ch\/wp-content\/uploads\/2023\/08\/RS6932__SDP6994_BEST.jpg 2500w, https:\/\/edm.ch\/wp-content\/uploads\/2023\/08\/RS6932__SDP6994_BEST-300x200.jpg 300w, https:\/\/edm.ch\/wp-content\/uploads\/2023\/08\/RS6932__SDP6994_BEST-1024x682.jpg 1024w, https:\/\/edm.ch\/wp-content\/uploads\/2023\/08\/RS6932__SDP6994_BEST-768x511.jpg 768w, https:\/\/edm.ch\/wp-content\/uploads\/2023\/08\/RS6932__SDP6994_BEST-1536x1022.jpg 1536w, https:\/\/edm.ch\/wp-content\/uploads\/2023\/08\/RS6932__SDP6994_BEST-2048x1363.jpg 2048w\" data-sizes=\"auto\" data-original-sizes=\"(max-width: 2500px) 100vw, 2500px\" \/>\n                                                                    <\/a>\n                                <figcaption><\/figcaption>\n                            <\/div>\n                                            <\/div>\n                                                    <div class=\"right\">\n                        <div class=\"content\">\n                            <h2>                                Educar en salud para tener comunidades m\u00e1s sanas <small><\/small>\n                            <\/h2>                                                            <p>En los pa\u00edses pobres, por falta de educaci\u00f3n para la salud, la poblaci\u00f3n local generalmente no dispone de los conocimientos b\u00e1sicos para poder curarse y tener una buena salud o tomar las mejores decisiones si sufren una enfermedad o ante una emergencia. Las familias no saben, por ejemplo, que una mujer embarazada debe hacer controles prenatales o que el sangrado puede ser signo de que hay complicaciones.<\/p>\n                                                                                                            <\/div>\n                    <\/div>\n                            <\/div>\n        <\/div>\n    <\/section>\n\n        <section class=\"contentSec\" style=\"display:\">\n        <div class=\"container\">\n            <div class=\"contentBlock\">\n                <h5>Lo que nos diferencia<\/h5>\n                <ul>\n<li>Las mujeres embarazadas, as\u00ed como los futuros padres y sus familias, aprenden<strong> c\u00f3mo mantenerse sanas<\/strong> durante el embarazo, por ejemplo, aliment\u00e1ndose correctamente;<\/li>\n<li>Las familias saben c\u00f3mo reaccionar en caso de que haya complicaciones durante el embarazo o el parto y se han preparado para poner en acci\u00f3n las medidas apropiadas.<\/li>\n<li>Las madres <strong>conocen los principios b\u00e1sicos<\/strong> del cuidado del reci\u00e9n nacido y las enfermedades m\u00e1s frecuentes.<\/li>\n<li>Han aumentado los <strong>controles prenatales y postnatales<\/strong>, al igual que el n\u00famero de partos en centros de salud con asistencia de personal de salud cualificado.<\/li>\n<li>Han disminuido los nacimientos en casa con la asistencia de parteras sin formaci\u00f3n.<\/li>\n<li>Las mujeres conocen sus derechos en materia de salud. Saben, por ejemplo, que tienen derecho a recibir una atenci\u00f3n de calidad en centros de salud y que no necesitan tener el permiso de sus maridos para consultar a un m\u00e9dico.<\/li>\n<\/ul>\n                            <\/div>\n        <\/div>\n    <\/section>\n\n\n    \n    <section class=\"quoteImage rightTextLeftImg \" style=\"display:\">\n        <div class=\"container\">\n            <div class=\"rightTextLeftImgRow\">\n                                    <div class=\"left\">\n                                                    <div class=\"imgBlock\">\n                                <a class=\"figure_block\" href=\"https:\/\/edm.ch\/wp-content\/uploads\/2023\/08\/RS657_Bangladesh_FemmesEnceinte-1.png\" data-fancybox data-caption=\"\">\n                                    <img decoding=\"async\" data-src=\"https:\/\/edm.ch\/wp-content\/uploads\/2023\/08\/RS657_Bangladesh_FemmesEnceinte-1.png\" src=\"data:image\/svg+xml;base64,PHN2ZyB3aWR0aD0iMSIgaGVpZ2h0PSIxIiB4bWxucz0iaHR0cDovL3d3dy53My5vcmcvMjAwMC9zdmciPjwvc3ZnPg==\" class=\"lazyload\" style=\"--smush-placeholder-width: 560px; --smush-placeholder-aspect-ratio: 560\/553;\" data-srcset=\"https:\/\/edm.ch\/wp-content\/uploads\/2023\/08\/RS657_Bangladesh_FemmesEnceinte-1.png 560w, https:\/\/edm.ch\/wp-content\/uploads\/2023\/08\/RS657_Bangladesh_FemmesEnceinte-1-300x296.png 300w\" data-sizes=\"auto\" data-original-sizes=\"(max-width: 560px) 100vw, 560px\" \/>\n                                                                            <div class=\"picture-caption\">\n                                            <div class=\"caption-content\"><span>\u00a9Rakib Asan Enfants du Monde<\/span><\/div>\n                                        <\/div>\n                                                                    <\/a>\n                                <figcaption><\/figcaption>\n                            <\/div>\n                                            <\/div>\n                                                    <div class=\"right\">\n                        <div class=\"content\">\n                            <h2>                                Nazia <small>18 a\u00f1os, Bangladesh <\/small>\n                            <\/h2>                            <div class=\"quote\">                                <p>Aprend\u00ed a reconocer las se\u00f1ales de peligro a las que hay que prestar atenci\u00f3n durante el embarazo. Tambi\u00e9n recib\u00ed informaci\u00f3n sobre la preparaci\u00f3n para el parto y las emergencias (relacionadas con el parto).<\/p>\n                            <\/div>                                                                                <\/div>\n                    <\/div>\n                            <\/div>\n        <\/div>\n    <\/section>\n\n\n    <section class=\"activitySec\" style=\"display:\">\n      <div class=\"container\">\n        <div class=\"secTitle\">\n            <h2> Nuestras prioridades para educar en salud<\/h2>\n        <\/div>\n        <div class=\"activityRow\">\n\n            \n                <div class=\"activityCol\">\n                    <div class=\"activityColInner\">\n                        <div class=\"imgBlock\">\n                            <a href=\"https:\/\/edm.ch\/es\/educacion-en-salud-materna-y-neonatal\/\">                                <img decoding=\"async\" data-src=\"https:\/\/edm.ch\/wp-content\/uploads\/2023\/08\/RS6444__SDP0386_BEST-1-scaled.jpg\" alt=\"EMD-img\" src=\"data:image\/svg+xml;base64,PHN2ZyB3aWR0aD0iMSIgaGVpZ2h0PSIxIiB4bWxucz0iaHR0cDovL3d3dy53My5vcmcvMjAwMC9zdmciPjwvc3ZnPg==\" class=\"lazyload\" style=\"--smush-placeholder-width: 2560px; --smush-placeholder-aspect-ratio: 2560\/1703;\" data-srcset=\"https:\/\/edm.ch\/wp-content\/uploads\/2023\/08\/RS6444__SDP0386_BEST-1-scaled.jpg 2560w, https:\/\/edm.ch\/wp-content\/uploads\/2023\/08\/RS6444__SDP0386_BEST-1-300x200.jpg 300w, https:\/\/edm.ch\/wp-content\/uploads\/2023\/08\/RS6444__SDP0386_BEST-1-1024x681.jpg 1024w, https:\/\/edm.ch\/wp-content\/uploads\/2023\/08\/RS6444__SDP0386_BEST-1-768x511.jpg 768w, https:\/\/edm.ch\/wp-content\/uploads\/2023\/08\/RS6444__SDP0386_BEST-1-1536x1022.jpg 1536w, https:\/\/edm.ch\/wp-content\/uploads\/2023\/08\/RS6444__SDP0386_BEST-1-2048x1363.jpg 2048w\" data-sizes=\"auto\" data-original-sizes=\"(max-width: 2560px) 100vw, 2560px\" \/>\n                            <\/a>                        <\/div>\n                        <div class=\"contentBlock\">\n                            <h3>Salud materna e infantil<\/h3>\n                            <p>Formamos agentes de salud capacitada\/os para impartir sesiones educativas en materia de salud a las mujeres, a sus familias y a su comunidad, en los territorios.<\/p>\n                                                            <a href=\"https:\/\/edm.ch\/es\/educacion-en-salud-materna-y-neonatal\/\" class=\"btnWhite\">M\u00e1s informaci\u00f3n<\/a>\n                                                    <\/div>\n                    <\/div>\n                <\/div>\n\n            \n                <div class=\"activityCol\">\n                    <div class=\"activityColInner\">\n                        <div class=\"imgBlock\">\n                            <a href=\"https:\/\/edm.ch\/es\/applicaciones-para-movil\/\">                                <img decoding=\"async\" data-src=\"https:\/\/edm.ch\/wp-content\/uploads\/2023\/08\/ElSalvador_MiBebeYYo_1920.png\" alt=\"EMD-img\" src=\"data:image\/svg+xml;base64,PHN2ZyB3aWR0aD0iMSIgaGVpZ2h0PSIxIiB4bWxucz0iaHR0cDovL3d3dy53My5vcmcvMjAwMC9zdmciPjwvc3ZnPg==\" class=\"lazyload\" style=\"--smush-placeholder-width: 1920px; --smush-placeholder-aspect-ratio: 1920\/1920;\" data-srcset=\"https:\/\/edm.ch\/wp-content\/uploads\/2023\/08\/ElSalvador_MiBebeYYo_1920.png 1920w, https:\/\/edm.ch\/wp-content\/uploads\/2023\/08\/ElSalvador_MiBebeYYo_1920-300x300.png 300w, https:\/\/edm.ch\/wp-content\/uploads\/2023\/08\/ElSalvador_MiBebeYYo_1920-1024x1024.png 1024w, https:\/\/edm.ch\/wp-content\/uploads\/2023\/08\/ElSalvador_MiBebeYYo_1920-150x150.png 150w, https:\/\/edm.ch\/wp-content\/uploads\/2023\/08\/ElSalvador_MiBebeYYo_1920-768x768.png 768w, https:\/\/edm.ch\/wp-content\/uploads\/2023\/08\/ElSalvador_MiBebeYYo_1920-1536x1536.png 1536w\" data-sizes=\"auto\" data-original-sizes=\"(max-width: 1920px) 100vw, 1920px\" \/>\n                            <\/a>                        <\/div>\n                        <div class=\"contentBlock\">\n                            <h3>Aplicaciones para m\u00f3vil<\/h3>\n                            <p>La aplicaci\u00f3n m\u00f3vil \u00abMi beb\u00e9 y yo\u00bb ofrece a las embarazadas informaciones sobre el embarazo, el parto, el periodo postnatal y la COVID-19<\/p>\n                                                            <a href=\"https:\/\/edm.ch\/es\/applicaciones-para-movil\/\" class=\"btnWhite\">M\u00e1s informaci\u00f3n<\/a>\n                                                    <\/div>\n                    <\/div>\n                <\/div>\n\n            \n                <div class=\"activityCol\">\n                    <div class=\"activityColInner\">\n                        <div class=\"imgBlock\">\n                            <a href=\"https:\/\/edm.ch\/es\/folleto-de-preparacion-para-el-parto\/\">                                <img decoding=\"async\" data-src=\"https:\/\/edm.ch\/wp-content\/uploads\/2024\/05\/Enfants_du_Monde_burkina_faso_sante_femmes_carte_PAU.png\" alt=\"EMD-img\" src=\"data:image\/svg+xml;base64,PHN2ZyB3aWR0aD0iMSIgaGVpZ2h0PSIxIiB4bWxucz0iaHR0cDovL3d3dy53My5vcmcvMjAwMC9zdmciPjwvc3ZnPg==\" class=\"lazyload\" style=\"--smush-placeholder-width: 1920px; --smush-placeholder-aspect-ratio: 1920\/1920;\" data-srcset=\"https:\/\/edm.ch\/wp-content\/uploads\/2024\/05\/Enfants_du_Monde_burkina_faso_sante_femmes_carte_PAU.png 1920w, https:\/\/edm.ch\/wp-content\/uploads\/2024\/05\/Enfants_du_Monde_burkina_faso_sante_femmes_carte_PAU-300x300.png 300w, https:\/\/edm.ch\/wp-content\/uploads\/2024\/05\/Enfants_du_Monde_burkina_faso_sante_femmes_carte_PAU-1024x1024.png 1024w, https:\/\/edm.ch\/wp-content\/uploads\/2024\/05\/Enfants_du_Monde_burkina_faso_sante_femmes_carte_PAU-150x150.png 150w, https:\/\/edm.ch\/wp-content\/uploads\/2024\/05\/Enfants_du_Monde_burkina_faso_sante_femmes_carte_PAU-768x768.png 768w, https:\/\/edm.ch\/wp-content\/uploads\/2024\/05\/Enfants_du_Monde_burkina_faso_sante_femmes_carte_PAU-1536x1536.png 1536w\" data-sizes=\"auto\" data-original-sizes=\"(max-width: 1920px) 100vw, 1920px\" \/>\n                            <\/a>                        <\/div>\n                        <div class=\"contentBlock\">\n                            <h3>Folleto de preparaci\u00f3n para el parto y emergencias<\/h3>\n                            <p>Nuestro folleto sobre preparaci\u00f3n al parto y emergencias ayuda a reducir la mortalidad materna y neonatal. Informa a las embarazadas y al personal sanitario sobre la gesti\u00f3n de riesgos sanitarios, la preparaci\u00f3n para emergencias y la atenci\u00f3n al reci\u00e9n nacido.<\/p>\n                                                            <a href=\"https:\/\/edm.ch\/es\/folleto-de-preparacion-para-el-parto\/\" class=\"btnWhite\">M\u00e1s informaci\u00f3n<\/a>\n                                                    <\/div>\n                    <\/div>\n                <\/div>\n\n            \n                <div class=\"activityCol\">\n                    <div class=\"activityColInner\">\n                        <div class=\"imgBlock\">\n                            <a href=\"https:\/\/edm.ch\/es\/salud-sexual-reproductiva\/\">                                <img decoding=\"async\" data-src=\"https:\/\/edm.ch\/wp-content\/uploads\/2023\/08\/RS6453_210318__Solidarmed-Tanzania_CHW_Fairpicture_0693_BEST-scaled.jpg\" alt=\"EMD-img\" src=\"data:image\/svg+xml;base64,PHN2ZyB3aWR0aD0iMSIgaGVpZ2h0PSIxIiB4bWxucz0iaHR0cDovL3d3dy53My5vcmcvMjAwMC9zdmciPjwvc3ZnPg==\" class=\"lazyload\" style=\"--smush-placeholder-width: 2560px; --smush-placeholder-aspect-ratio: 2560\/1707;\" data-srcset=\"https:\/\/edm.ch\/wp-content\/uploads\/2023\/08\/RS6453_210318__Solidarmed-Tanzania_CHW_Fairpicture_0693_BEST-scaled.jpg 2560w, https:\/\/edm.ch\/wp-content\/uploads\/2023\/08\/RS6453_210318__Solidarmed-Tanzania_CHW_Fairpicture_0693_BEST-300x200.jpg 300w, https:\/\/edm.ch\/wp-content\/uploads\/2023\/08\/RS6453_210318__Solidarmed-Tanzania_CHW_Fairpicture_0693_BEST-1024x683.jpg 1024w, https:\/\/edm.ch\/wp-content\/uploads\/2023\/08\/RS6453_210318__Solidarmed-Tanzania_CHW_Fairpicture_0693_BEST-768x512.jpg 768w, https:\/\/edm.ch\/wp-content\/uploads\/2023\/08\/RS6453_210318__Solidarmed-Tanzania_CHW_Fairpicture_0693_BEST-1536x1024.jpg 1536w, https:\/\/edm.ch\/wp-content\/uploads\/2023\/08\/RS6453_210318__Solidarmed-Tanzania_CHW_Fairpicture_0693_BEST-2048x1365.jpg 2048w\" data-sizes=\"auto\" data-original-sizes=\"(max-width: 2560px) 100vw, 2560px\" \/>\n                            <\/a>                        <\/div>\n                        <div class=\"contentBlock\">\n                            <h3>Salud sexual y reproductiva<\/h3>\n                            <p>Creamos material pedag\u00f3gico\u00a0adecuado para adolescentes y\u00a0formamos animadora\u00b7es y docentes para dirigir actividades participativas\u00a0con la\u00b7os j\u00f3venes, con el fin de prevenir\u00a0los embarazos precoces.<\/p>\n                                                            <a href=\"https:\/\/edm.ch\/es\/salud-sexual-reproductiva\/\" class=\"btnWhite\">M\u00e1s informaci\u00f3n<\/a>\n                                                    <\/div>\n                    <\/div>\n                <\/div>\n\n            \n                <div class=\"activityCol\">\n                    <div class=\"activityColInner\">\n                        <div class=\"imgBlock\">\n                            <a href=\"https:\/\/edm.ch\/es\/desarrollo-cognitivo-del-nino-a\/\">                                <img decoding=\"async\" data-src=\"https:\/\/edm.ch\/wp-content\/uploads\/2023\/08\/RS4611_IMG_2890-scaled.jpg\" alt=\"EMD-img\" src=\"data:image\/svg+xml;base64,PHN2ZyB3aWR0aD0iMSIgaGVpZ2h0PSIxIiB4bWxucz0iaHR0cDovL3d3dy53My5vcmcvMjAwMC9zdmciPjwvc3ZnPg==\" class=\"lazyload\" style=\"--smush-placeholder-width: 2560px; --smush-placeholder-aspect-ratio: 2560\/1707;\" data-srcset=\"https:\/\/edm.ch\/wp-content\/uploads\/2023\/08\/RS4611_IMG_2890-scaled.jpg 2560w, https:\/\/edm.ch\/wp-content\/uploads\/2023\/08\/RS4611_IMG_2890-300x200.jpg 300w, https:\/\/edm.ch\/wp-content\/uploads\/2023\/08\/RS4611_IMG_2890-1024x683.jpg 1024w, https:\/\/edm.ch\/wp-content\/uploads\/2023\/08\/RS4611_IMG_2890-768x512.jpg 768w, https:\/\/edm.ch\/wp-content\/uploads\/2023\/08\/RS4611_IMG_2890-1536x1024.jpg 1536w, https:\/\/edm.ch\/wp-content\/uploads\/2023\/08\/RS4611_IMG_2890-2048x1365.jpg 2048w\" data-sizes=\"auto\" data-original-sizes=\"(max-width: 2560px) 100vw, 2560px\" \/>\n                            <\/a>                        <\/div>\n                        <div class=\"contentBlock\">\n                            <h3>Desarrollo cognitivo de la\/os ni\u00f1a\/os<\/h3>\n                            <p>Sensibilizamos a los j\u00f3venes padres y\u00a0madres de la importancia que revisten\u00a0la comunicaci\u00f3n y el juego, para\u00a0favorecer el desarrollo cognitivo de\u00a0sus hija\/os.<\/p>\n                                                            <a href=\"https:\/\/edm.ch\/es\/desarrollo-cognitivo-del-nino-a\/\" class=\"btnWhite\">M\u00e1s informaci\u00f3n<\/a>\n                                                    <\/div>\n                    <\/div>\n                <\/div>\n\n            \n                <div class=\"activityCol\">\n                    <div class=\"activityColInner\">\n                        <div class=\"imgBlock\">\n                            <a href=\"https:\/\/edm.ch\/es\/prevencion-malnutricion\/\">                                <img decoding=\"async\" data-src=\"https:\/\/edm.ch\/wp-content\/uploads\/2023\/08\/RS1430_FOTO-4-e1692797827809.jpg\" alt=\"EMD-img\" src=\"data:image\/svg+xml;base64,PHN2ZyB3aWR0aD0iMSIgaGVpZ2h0PSIxIiB4bWxucz0iaHR0cDovL3d3dy53My5vcmcvMjAwMC9zdmciPjwvc3ZnPg==\" class=\"lazyload\" style=\"--smush-placeholder-width: 2048px; --smush-placeholder-aspect-ratio: 2048\/860;\" \/>\n                            <\/a>                        <\/div>\n                        <div class=\"contentBlock\">\n                            <h3>Prevenci\u00f3n de la malnutrici\u00f3n<\/h3>\n                            <p>En las escuelas formamos docentes\u00a0y desarrollamos actividades l\u00fadicas\u00a0y educativas para transmitir a la\/os ni\u00f1a\/os y a sus padres y madres los\u00a0principios de una alimentaci\u00f3n sana\u00a0y nutritiva, basada en productos locales, con el fin de prevenir la malnutrici\u00f3n.<\/p>\n                                                            <a href=\"https:\/\/edm.ch\/es\/prevencion-malnutricion\/\" class=\"btnWhite\">M\u00e1s informaci\u00f3n<\/a>\n                                                    <\/div>\n                    <\/div>\n                <\/div>\n\n                        \n        <\/div>\n      <\/div>\n    <\/section>\n\n\n    <section class=\"donation_count\" style=\"display:\">\n        <div class=\"inner_row\">\n            <div class=\"right_img_block\">\n                <div class=\"img_block figure_block\">\n                    <img decoding=\"async\" data-src=\"https:\/\/edm.ch\/wp-content\/uploads\/2023\/08\/RS6661_0041_XT15412_BEST.jpg\" alt=\"\" src=\"data:image\/svg+xml;base64,PHN2ZyB3aWR0aD0iMSIgaGVpZ2h0PSIxIiB4bWxucz0iaHR0cDovL3d3dy53My5vcmcvMjAwMC9zdmciPjwvc3ZnPg==\" class=\"lazyload\" style=\"--smush-placeholder-width: 2500px; --smush-placeholder-aspect-ratio: 2500\/1667;\" data-srcset=\"https:\/\/edm.ch\/wp-content\/uploads\/2023\/08\/RS6661_0041_XT15412_BEST.jpg 2500w, https:\/\/edm.ch\/wp-content\/uploads\/2023\/08\/RS6661_0041_XT15412_BEST-300x200.jpg 300w, https:\/\/edm.ch\/wp-content\/uploads\/2023\/08\/RS6661_0041_XT15412_BEST-1024x683.jpg 1024w, https:\/\/edm.ch\/wp-content\/uploads\/2023\/08\/RS6661_0041_XT15412_BEST-768x512.jpg 768w, https:\/\/edm.ch\/wp-content\/uploads\/2023\/08\/RS6661_0041_XT15412_BEST-1536x1024.jpg 1536w, https:\/\/edm.ch\/wp-content\/uploads\/2023\/08\/RS6661_0041_XT15412_BEST-2048x1366.jpg 2048w\" data-sizes=\"auto\" data-original-sizes=\"(max-width: 2500px) 100vw, 2500px\">\n                                            <div class=\"picture-caption\">\n                            <div class=\"caption-content\"><span>Slawomir Plata<\/span><\/div>\n                        <\/div>\n                                    <\/div>\n            <\/div>\n            <div class=\"left_txt_block\">\n                <div class=\"txt_contents\">\n                    <h3>Mi donaci\u00f3n marca la diferencia<\/h3>\n                    <div class=\"block_txts\">\n                                                    <div class=\"item\">\n                                <span class=\"title\">Por ejemplo:<\/span>\n                                <p><\/p>\n                            <\/div>\n                                                    <div class=\"item\">\n                                <span class=\"title\">Con 60 francos: <\/span>\n                                <p>Financiamos un kit de nutrici\u00f3n para 11 maestros en Madagascar, a fin de que puedan implementar actividades en el aula con sus alumnos\/as.<\/p>\n                            <\/div>\n                                                    <div class=\"item\">\n                                <span class=\"title\">Con 100 francos:<\/span>\n                                <p>Conseguimos que 175 mujeres embarazadas en Bangladesh sean conscientes de los peligros de su embarazo y de la salud del reci\u00e9n nacido.<\/p>\n                            <\/div>\n                                                                            <a href=\"https:\/\/don.edm.ch\/es\" class=\"btnWhite buttonDonation\">\n                                HAGO UNA DONACI\u00d3N                            <\/a>\n                                            <\/div>\n                <\/div>\n            <\/div>\n        <\/div>\n    <\/section>","protected":false},"excerpt":{"rendered":"","protected":false},"author":3,"featured_media":0,"parent":0,"menu_order":0,"comment_status":"closed","ping_status":"closed","template":"templates\/yellow-line-4.php","meta":{"_acf_changed":false,"inline_featured_image":false,"footnotes":""},"class_list":["post-8168","page","type-page","status-publish","hentry"],"acf":[],"yoast_head":"<!-- This site is optimized with the Yoast SEO plugin v26.9 - https:\/\/yoast.com\/product\/yoast-seo-wordpress\/ -->\n<title>Educar en salud - Enfants du monde<\/title>\n<meta name=\"description\" content=\"Nuestra asociaci\u00f3n for\u00e9a la poblaci\u00f3n local para que ella dispone de los conocimientos b\u00e1sicos para poder curarse y tener una buena salud.\" \/>\n<meta name=\"robots\" content=\"index, follow, max-snippet:-1, max-image-preview:large, max-video-preview:-1\" \/>\n<link rel=\"canonical\" href=\"https:\/\/edm.ch\/es\/educar-en-salud\/\" \/>\n<meta property=\"og:locale\" content=\"es_ES\" \/>\n<meta property=\"og:type\" content=\"article\" \/>\n<meta property=\"og:title\" content=\"Educar en salud - Enfants du monde\" \/>\n<meta property=\"og:description\" content=\"Nuestra asociaci\u00f3n for\u00e9a la poblaci\u00f3n local para que ella dispone de los conocimientos b\u00e1sicos para poder curarse y tener una buena salud.\" \/>\n<meta property=\"og:url\" content=\"https:\/\/edm.ch\/es\/educar-en-salud\/\" \/>\n<meta property=\"og:site_name\" content=\"Enfants du monde\" \/>\n<meta property=\"article:modified_time\" content=\"2024-10-16T13:16:06+00:00\" \/>\n<meta name=\"twitter:card\" content=\"summary_large_image\" \/>\n<script type=\"application\/ld+json\" class=\"yoast-schema-graph\">{\"@context\":\"https:\/\/schema.org\",\"@graph\":[{\"@type\":\"WebPage\",\"@id\":\"https:\/\/edm.ch\/es\/educar-en-salud\/\",\"url\":\"https:\/\/edm.ch\/es\/educar-en-salud\/\",\"name\":\"Educar en salud - Enfants du monde\",\"isPartOf\":{\"@id\":\"https:\/\/edm.ch\/en\/#website\"},\"datePublished\":\"2023-08-08T13:35:18+00:00\",\"dateModified\":\"2024-10-16T13:16:06+00:00\",\"description\":\"Nuestra asociaci\u00f3n for\u00e9a la poblaci\u00f3n local para que ella dispone de los conocimientos b\u00e1sicos para poder curarse y tener una buena salud.\",\"inLanguage\":\"es\",\"potentialAction\":[{\"@type\":\"ReadAction\",\"target\":[\"https:\/\/edm.ch\/es\/educar-en-salud\/\"]}]},{\"@type\":\"WebSite\",\"@id\":\"https:\/\/edm.ch\/en\/#website\",\"url\":\"https:\/\/edm.ch\/en\/\",\"name\":\"Enfants du monde\",\"description\":\"Association suisse\",\"potentialAction\":[{\"@type\":\"SearchAction\",\"target\":{\"@type\":\"EntryPoint\",\"urlTemplate\":\"https:\/\/edm.ch\/en\/?s={search_term_string}\"},\"query-input\":{\"@type\":\"PropertyValueSpecification\",\"valueRequired\":true,\"valueName\":\"search_term_string\"}}],\"inLanguage\":\"es\"}]}<\/script>\n<!-- \/ Yoast SEO plugin. -->","yoast_head_json":{"title":"Educar en salud - Enfants du monde","description":"Nuestra asociaci\u00f3n for\u00e9a la poblaci\u00f3n local para que ella dispone de los conocimientos b\u00e1sicos para poder curarse y tener una buena salud.","robots":{"index":"index","follow":"follow","max-snippet":"max-snippet:-1","max-image-preview":"max-image-preview:large","max-video-preview":"max-video-preview:-1"},"canonical":"https:\/\/edm.ch\/es\/educar-en-salud\/","og_locale":"es_ES","og_type":"article","og_title":"Educar en salud - Enfants du monde","og_description":"Nuestra asociaci\u00f3n for\u00e9a la poblaci\u00f3n local para que ella dispone de los conocimientos b\u00e1sicos para poder curarse y tener una buena salud.","og_url":"https:\/\/edm.ch\/es\/educar-en-salud\/","og_site_name":"Enfants du monde","article_modified_time":"2024-10-16T13:16:06+00:00","twitter_card":"summary_large_image","schema":{"@context":"https:\/\/schema.org","@graph":[{"@type":"WebPage","@id":"https:\/\/edm.ch\/es\/educar-en-salud\/","url":"https:\/\/edm.ch\/es\/educar-en-salud\/","name":"Educar en salud - Enfants du monde","isPartOf":{"@id":"https:\/\/edm.ch\/en\/#website"},"datePublished":"2023-08-08T13:35:18+00:00","dateModified":"2024-10-16T13:16:06+00:00","description":"Nuestra asociaci\u00f3n for\u00e9a la poblaci\u00f3n local para que ella dispone de los conocimientos b\u00e1sicos para poder curarse y tener una buena salud.","inLanguage":"es","potentialAction":[{"@type":"ReadAction","target":["https:\/\/edm.ch\/es\/educar-en-salud\/"]}]},{"@type":"WebSite","@id":"https:\/\/edm.ch\/en\/#website","url":"https:\/\/edm.ch\/en\/","name":"Enfants du monde","description":"Association suisse","potentialAction":[{"@type":"SearchAction","target":{"@type":"EntryPoint","urlTemplate":"https:\/\/edm.ch\/en\/?s={search_term_string}"},"query-input":{"@type":"PropertyValueSpecification","valueRequired":true,"valueName":"search_term_string"}}],"inLanguage":"es"}]}},"_links":{"self":[{"href":"https:\/\/edm.ch\/es\/wp-json\/wp\/v2\/pages\/8168","targetHints":{"allow":["GET"]}}],"collection":[{"href":"https:\/\/edm.ch\/es\/wp-json\/wp\/v2\/pages"}],"about":[{"href":"https:\/\/edm.ch\/es\/wp-json\/wp\/v2\/types\/page"}],"author":[{"embeddable":true,"href":"https:\/\/edm.ch\/es\/wp-json\/wp\/v2\/users\/3"}],"replies":[{"embeddable":true,"href":"https:\/\/edm.ch\/es\/wp-json\/wp\/v2\/comments?post=8168"}],"version-history":[{"count":15,"href":"https:\/\/edm.ch\/es\/wp-json\/wp\/v2\/pages\/8168\/revisions"}],"predecessor-version":[{"id":32713,"href":"https:\/\/edm.ch\/es\/wp-json\/wp\/v2\/pages\/8168\/revisions\/32713"}],"wp:attachment":[{"href":"https:\/\/edm.ch\/es\/wp-json\/wp\/v2\/media?parent=8168"}],"curies":[{"name":"wp","href":"https:\/\/api.w.org\/{rel}","templated":true}]}}