{"id":6165,"date":"2023-08-08T08:04:51","date_gmt":"2023-08-08T08:04:51","guid":{"rendered":"https:\/\/edm.ch\/?page_id=6165"},"modified":"2024-10-16T13:27:54","modified_gmt":"2024-10-16T13:27:54","slug":"material-didactico","status":"publish","type":"page","link":"https:\/\/edm.ch\/es\/material-didactico\/","title":{"rendered":"Material did\u00e1ctico"},"content":{"rendered":"<section class=\"subpageBanner\" style=\"display:\">\n    <div class=\"subpageBannerBlock figure_block\">\n        <img decoding=\"async\" data-src=\"https:\/\/edm.ch\/wp-content\/uploads\/2023\/08\/Materiel-pedagogique_Banner.png\" src=\"data:image\/svg+xml;base64,PHN2ZyB3aWR0aD0iMSIgaGVpZ2h0PSIxIiB4bWxucz0iaHR0cDovL3d3dy53My5vcmcvMjAwMC9zdmciPjwvc3ZnPg==\" class=\"lazyload\" style=\"--smush-placeholder-width: 2500px; --smush-placeholder-aspect-ratio: 2500\/1080;\" data-srcset=\"https:\/\/edm.ch\/wp-content\/uploads\/2023\/08\/Materiel-pedagogique_Banner.png 2500w, https:\/\/edm.ch\/wp-content\/uploads\/2023\/08\/Materiel-pedagogique_Banner-300x130.png 300w, https:\/\/edm.ch\/wp-content\/uploads\/2023\/08\/Materiel-pedagogique_Banner-1024x442.png 1024w, https:\/\/edm.ch\/wp-content\/uploads\/2023\/08\/Materiel-pedagogique_Banner-768x332.png 768w, https:\/\/edm.ch\/wp-content\/uploads\/2023\/08\/Materiel-pedagogique_Banner-1536x664.png 1536w, https:\/\/edm.ch\/wp-content\/uploads\/2023\/08\/Materiel-pedagogique_Banner-2048x885.png 2048w\" data-sizes=\"auto\" data-original-sizes=\"(max-width: 2500px) 100vw, 2500px\" \/>\n        <div class=\"subpageBannerWrap\">\n            <div class=\"container\">\n                <div class=\"content\">\n                    <div>\n                        <span class=\"bannerHead\"><\/span>\n                        <h1>Material did\u00e1ctico <\/h1>\n                    <\/div>\n                                            <div class=\"subpageBannerDocumentBtn\" style=\"display:none;\">\n                            <a href=\"javascript:void(0);\"\n                                class=\"documentAccordion documentListNew\">Documentos relacionados<\/a>\n                        <\/div>\n                                    <\/div>\n            <\/div>\n        <\/div>\n            <\/div>\n<\/section>\n    <section class=\"documentAccordionList\" id=\"subpage-banner-section\">\n        <div class=\"container\">\n            <h2>\n                Documentos relacionados            <\/h2>\n            <ul>\n                                    <li>\n                                                    <a href=\"https:\/\/edm.ch\/wp-content\/uploads\/2023\/08\/UMJ_materiel_pedagogique_Guide-enseignant-Vaud-Jura-Fribourg-Neuchatel.pdf\" class=\"pdf-link\"><span><img decoding=\"async\" class=\"icon-before-hover lazyload\"\n                                        data-src=\"https:\/\/edm.ch\/wp-content\/themes\/edm\/assets\/images\/pdf-icon.svg\" src=\"data:image\/svg+xml;base64,PHN2ZyB3aWR0aD0iMSIgaGVpZ2h0PSIxIiB4bWxucz0iaHR0cDovL3d3dy53My5vcmcvMjAwMC9zdmciPjwvc3ZnPg==\"><img decoding=\"async\"\n                                        class=\"icon-after-hover lazyload\"\n                                        data-src=\"https:\/\/edm.ch\/wp-content\/themes\/edm\/assets\/images\/pdf-icon-white.svg\" src=\"data:image\/svg+xml;base64,PHN2ZyB3aWR0aD0iMSIgaGVpZ2h0PSIxIiB4bWxucz0iaHR0cDovL3d3dy53My5vcmcvMjAwMC9zdmciPjwvc3ZnPg==\"><\/span><i>Guide pour enseignant\u00b7es Cycle 2  (Vaud-Jura-Fribourg-Neuch\u00e2tel)<\/i><\/a>\n                                            <\/li>\n                                        <li>\n                                                    <a href=\"https:\/\/edm.ch\/wp-content\/uploads\/2023\/08\/GuideEnseignant_Cycle2_Geneve_FR.pdf\" class=\"pdf-link\"><span><img decoding=\"async\" class=\"icon-before-hover lazyload\"\n                                        data-src=\"https:\/\/edm.ch\/wp-content\/themes\/edm\/assets\/images\/pdf-icon.svg\" src=\"data:image\/svg+xml;base64,PHN2ZyB3aWR0aD0iMSIgaGVpZ2h0PSIxIiB4bWxucz0iaHR0cDovL3d3dy53My5vcmcvMjAwMC9zdmciPjwvc3ZnPg==\"><img decoding=\"async\"\n                                        class=\"icon-after-hover lazyload\"\n                                        data-src=\"https:\/\/edm.ch\/wp-content\/themes\/edm\/assets\/images\/pdf-icon-white.svg\" src=\"data:image\/svg+xml;base64,PHN2ZyB3aWR0aD0iMSIgaGVpZ2h0PSIxIiB4bWxucz0iaHR0cDovL3d3dy53My5vcmcvMjAwMC9zdmciPjwvc3ZnPg==\"><\/span><i>Guide pour enseignant\u00b7es Cycle 2 (Gen\u00e8ve)<\/i><\/a>\n                                            <\/li>\n                                        <li>\n                                                    <a href=\"https:\/\/edm.ch\/wp-content\/uploads\/2023\/08\/Ressources_supplmentaires_sur_les_droits_de_lenfant_2019.pdf\" class=\"pdf-link\"><span><img decoding=\"async\" class=\"icon-before-hover lazyload\"\n                                        data-src=\"https:\/\/edm.ch\/wp-content\/themes\/edm\/assets\/images\/pdf-icon.svg\" src=\"data:image\/svg+xml;base64,PHN2ZyB3aWR0aD0iMSIgaGVpZ2h0PSIxIiB4bWxucz0iaHR0cDovL3d3dy53My5vcmcvMjAwMC9zdmciPjwvc3ZnPg==\"><img decoding=\"async\"\n                                        class=\"icon-after-hover lazyload\"\n                                        data-src=\"https:\/\/edm.ch\/wp-content\/themes\/edm\/assets\/images\/pdf-icon-white.svg\" src=\"data:image\/svg+xml;base64,PHN2ZyB3aWR0aD0iMSIgaGVpZ2h0PSIxIiB4bWxucz0iaHR0cDovL3d3dy53My5vcmcvMjAwMC9zdmciPjwvc3ZnPg==\"><\/span><i>Ressources sur les droits de l&#8217;enfant<\/i><\/a>\n                                            <\/li>\n                                <\/ul>\n        <\/div>\n    <\/section>\n<script type=\"text\/javascript\">\n    jQuery(document).ready(function ($) {\n        \/\/ Check if the block exists\n        var bannerSection = $('#subpage-banner-section');\n\n        if (bannerSection.length > 0) {\n            \/\/ Move the block to the end of <main> just before the footer\n            $('main').append(bannerSection); \/\/ This will append it inside the <main> tag\n        }\n\n        $('.documentAccordion').on('click', function (e) {\n            e.preventDefault();  \/\/ Prevent default link action\n\n            \/\/ Target the section with the given ID\n            $('html, body').animate({\n                scrollTop: $('#subpage-banner-section').offset().top - 200\n            }, 1000);\n        });\n    });\n<\/script>\n\n        <section class=\"contentSec\" style=\"display:\">\n        <div class=\"container\">\n            <div class=\"contentBlock\">\n                <h5>Recursos para promover los derechos de la ni\u00f1ez en las aulas<\/h5>\n                <p><span lang=\"es-ES\">Enfants du Monde colabora con numerosas escuelas de Suiza y de todo el mundo para ense\u00f1ar los derechos de la ni\u00f1ez en las aulas y sensibilizar sobre su importancia.<\/span><\/p>\n<p><span lang=\"es-ES\">Hemos desarrollado una serie de herramientas pedag\u00f3gicas -dosieres, fichas, gu\u00edas, recursos- firmemente arraigadas en nuestro enfoque de la educaci\u00f3n, para que los equipos de ense\u00f1anza y divulgaci\u00f3n puedan integrar el tema de los derechos de la ni\u00f1ez y la educaci\u00f3n para el desarrollo sostenible en sus clases y actividades.<\/span><\/p>\n<p><span lang=\"es-ES\">El material did\u00e1ctico est\u00e1 dirigido a ni\u00f1o\/as de 6 a 12 a\u00f1os y se elabora en relaci\u00f3n con nuestros diversos proyectos en Suiza y en todo el mundo.<\/span><\/p>\n                            <\/div>\n        <\/div>\n    <\/section>\n\n\n    \n    <section class=\"quoteImage rightTextLeftImg \" style=\"display:\">\n        <div class=\"container\">\n            <div class=\"rightTextLeftImgRow\">\n                                    <div class=\"left\">\n                                                    <div class=\"imgBlock\">\n                                <a class=\"figure_block\" href=\"https:\/\/edm.ch\/wp-content\/uploads\/2023\/08\/RS6959_temoignage-UMPJ-dietrich.jpg\" data-fancybox data-caption=\"\">\n                                    <img decoding=\"async\" data-src=\"https:\/\/edm.ch\/wp-content\/uploads\/2023\/08\/RS6959_temoignage-UMPJ-dietrich.jpg\" src=\"data:image\/svg+xml;base64,PHN2ZyB3aWR0aD0iMSIgaGVpZ2h0PSIxIiB4bWxucz0iaHR0cDovL3d3dy53My5vcmcvMjAwMC9zdmciPjwvc3ZnPg==\" class=\"lazyload\" style=\"--smush-placeholder-width: 2500px; --smush-placeholder-aspect-ratio: 2500\/1400;\" data-srcset=\"https:\/\/edm.ch\/wp-content\/uploads\/2023\/08\/RS6959_temoignage-UMPJ-dietrich.jpg 2500w, https:\/\/edm.ch\/wp-content\/uploads\/2023\/08\/RS6959_temoignage-UMPJ-dietrich-300x168.jpg 300w, https:\/\/edm.ch\/wp-content\/uploads\/2023\/08\/RS6959_temoignage-UMPJ-dietrich-1024x573.jpg 1024w, https:\/\/edm.ch\/wp-content\/uploads\/2023\/08\/RS6959_temoignage-UMPJ-dietrich-768x430.jpg 768w, https:\/\/edm.ch\/wp-content\/uploads\/2023\/08\/RS6959_temoignage-UMPJ-dietrich-1536x860.jpg 1536w, https:\/\/edm.ch\/wp-content\/uploads\/2023\/08\/RS6959_temoignage-UMPJ-dietrich-2048x1147.jpg 2048w\" data-sizes=\"auto\" data-original-sizes=\"(max-width: 2500px) 100vw, 2500px\" \/>\n                                                                    <\/a>\n                                <figcaption><\/figcaption>\n                            <\/div>\n                                            <\/div>\n                                                    <div class=\"right\">\n                        <div class=\"content\">\n                            <h2>                                In\u00e8s Dietrich <small>Docente, Suiza<\/small>\n                            <\/h2>                            <div class=\"quote\">                                <p align=\"left\"><span lang=\"es-ES\">Enfants du Monde proporciona a los docentes herramientas pedag\u00f3gicas llave en mano que realmente nos permiten ayudar a los alumno\/as a descubrir los derechos de la ni\u00f1ez.<\/span><\/p>\n                            <\/div>                                                                                <\/div>\n                    <\/div>\n                            <\/div>\n        <\/div>\n    <\/section>\n\n\n    <section class=\"donation_count\" style=\"display:\">\n        <div class=\"inner_row\">\n            <div class=\"right_img_block\">\n                <div class=\"img_block figure_block\">\n                    <img decoding=\"async\" data-src=\"https:\/\/edm.ch\/wp-content\/uploads\/2023\/08\/RS5765_IMG_6730.jpg\" alt=\"\" src=\"data:image\/svg+xml;base64,PHN2ZyB3aWR0aD0iMSIgaGVpZ2h0PSIxIiB4bWxucz0iaHR0cDovL3d3dy53My5vcmcvMjAwMC9zdmciPjwvc3ZnPg==\" class=\"lazyload\" style=\"--smush-placeholder-width: 2500px; --smush-placeholder-aspect-ratio: 2500\/1667;\" data-srcset=\"https:\/\/edm.ch\/wp-content\/uploads\/2023\/08\/RS5765_IMG_6730.jpg 2500w, https:\/\/edm.ch\/wp-content\/uploads\/2023\/08\/RS5765_IMG_6730-300x200.jpg 300w, https:\/\/edm.ch\/wp-content\/uploads\/2023\/08\/RS5765_IMG_6730-1024x683.jpg 1024w, https:\/\/edm.ch\/wp-content\/uploads\/2023\/08\/RS5765_IMG_6730-768x512.jpg 768w, https:\/\/edm.ch\/wp-content\/uploads\/2023\/08\/RS5765_IMG_6730-1536x1024.jpg 1536w, https:\/\/edm.ch\/wp-content\/uploads\/2023\/08\/RS5765_IMG_6730-2048x1366.jpg 2048w\" data-sizes=\"auto\" data-original-sizes=\"(max-width: 2500px) 100vw, 2500px\">\n                                            <div class=\"picture-caption\">\n                            <div class=\"caption-content\"><span>\u00a9Enfants du monde<\/span><\/div>\n                        <\/div>\n                                    <\/div>\n            <\/div>\n            <div class=\"left_txt_block\">\n                <div class=\"txt_contents\">\n                    <h3>Mi donaci\u00f3n marca la diferencia<\/h3>\n                    <div class=\"block_txts\">\n                                                    <div class=\"item\">\n                                <span class=\"title\">Por ejemplo :<\/span>\n                                <p><\/p>\n                            <\/div>\n                                                    <div class=\"item\">\n                                <span class=\"title\">Con 100 francos <\/span>\n                                <p>Contribuyo al desarrollo de materiales did\u00e1cticos de calidad sobre los derechos del ni\u00f1o para estudiantes en Suiza.<\/p>\n                            <\/div>\n                                                                            <a href=\"https:\/\/don.edm.ch\/es\" class=\"btnWhite buttonDonation\">\n                                Dona                            <\/a>\n                                            <\/div>\n                <\/div>\n            <\/div>\n        <\/div>\n    <\/section>","protected":false},"excerpt":{"rendered":"","protected":false},"author":3,"featured_media":0,"parent":0,"menu_order":0,"comment_status":"closed","ping_status":"closed","template":"templates\/yellow-line-2.php","meta":{"_acf_changed":false,"inline_featured_image":false,"footnotes":""},"class_list":["post-6165","page","type-page","status-publish","hentry"],"acf":[],"yoast_head":"<!-- This site is optimized with the Yoast SEO plugin v26.9 - https:\/\/yoast.com\/product\/yoast-seo-wordpress\/ -->\n<title>Sensibilizar sobre los derechos del ni\u00f1o - Enfants du Monde<\/title>\n<meta name=\"description\" content=\"Para concienciar sobre los derechos de la infancia, creamos materiales did\u00e1cticos de alta calidad que est\u00e1n realmente arraigados en la vida de los ni\u00f1os.\" \/>\n<meta name=\"robots\" content=\"index, follow, max-snippet:-1, max-image-preview:large, max-video-preview:-1\" \/>\n<link rel=\"canonical\" href=\"https:\/\/edm.ch\/es\/material-didactico\/\" \/>\n<meta property=\"og:locale\" content=\"es_ES\" \/>\n<meta property=\"og:type\" content=\"article\" \/>\n<meta property=\"og:title\" content=\"Sensibilizar sobre los derechos del ni\u00f1o - Enfants du Monde\" \/>\n<meta property=\"og:description\" content=\"Para concienciar sobre los derechos de la infancia, creamos materiales did\u00e1cticos de alta calidad que est\u00e1n realmente arraigados en la vida de los ni\u00f1os.\" \/>\n<meta property=\"og:url\" content=\"https:\/\/edm.ch\/es\/material-didactico\/\" \/>\n<meta property=\"og:site_name\" content=\"Enfants du monde\" \/>\n<meta property=\"article:modified_time\" content=\"2024-10-16T13:27:54+00:00\" \/>\n<meta name=\"twitter:card\" content=\"summary_large_image\" \/>\n<script type=\"application\/ld+json\" class=\"yoast-schema-graph\">{\"@context\":\"https:\/\/schema.org\",\"@graph\":[{\"@type\":\"WebPage\",\"@id\":\"https:\/\/edm.ch\/es\/material-didactico\/\",\"url\":\"https:\/\/edm.ch\/es\/material-didactico\/\",\"name\":\"Sensibilizar sobre los derechos del ni\u00f1o - Enfants du Monde\",\"isPartOf\":{\"@id\":\"https:\/\/edm.ch\/en\/#website\"},\"datePublished\":\"2023-08-08T08:04:51+00:00\",\"dateModified\":\"2024-10-16T13:27:54+00:00\",\"description\":\"Para concienciar sobre los derechos de la infancia, creamos materiales did\u00e1cticos de alta calidad que est\u00e1n realmente arraigados en la vida de los ni\u00f1os.\",\"inLanguage\":\"es\",\"potentialAction\":[{\"@type\":\"ReadAction\",\"target\":[\"https:\/\/edm.ch\/es\/material-didactico\/\"]}]},{\"@type\":\"WebSite\",\"@id\":\"https:\/\/edm.ch\/en\/#website\",\"url\":\"https:\/\/edm.ch\/en\/\",\"name\":\"Enfants du monde\",\"description\":\"Association suisse\",\"potentialAction\":[{\"@type\":\"SearchAction\",\"target\":{\"@type\":\"EntryPoint\",\"urlTemplate\":\"https:\/\/edm.ch\/en\/?s={search_term_string}\"},\"query-input\":{\"@type\":\"PropertyValueSpecification\",\"valueRequired\":true,\"valueName\":\"search_term_string\"}}],\"inLanguage\":\"es\"}]}<\/script>\n<!-- \/ Yoast SEO plugin. -->","yoast_head_json":{"title":"Sensibilizar sobre los derechos del ni\u00f1o - Enfants du Monde","description":"Para concienciar sobre los derechos de la infancia, creamos materiales did\u00e1cticos de alta calidad que est\u00e1n realmente arraigados en la vida de los ni\u00f1os.","robots":{"index":"index","follow":"follow","max-snippet":"max-snippet:-1","max-image-preview":"max-image-preview:large","max-video-preview":"max-video-preview:-1"},"canonical":"https:\/\/edm.ch\/es\/material-didactico\/","og_locale":"es_ES","og_type":"article","og_title":"Sensibilizar sobre los derechos del ni\u00f1o - Enfants du Monde","og_description":"Para concienciar sobre los derechos de la infancia, creamos materiales did\u00e1cticos de alta calidad que est\u00e1n realmente arraigados en la vida de los ni\u00f1os.","og_url":"https:\/\/edm.ch\/es\/material-didactico\/","og_site_name":"Enfants du monde","article_modified_time":"2024-10-16T13:27:54+00:00","twitter_card":"summary_large_image","schema":{"@context":"https:\/\/schema.org","@graph":[{"@type":"WebPage","@id":"https:\/\/edm.ch\/es\/material-didactico\/","url":"https:\/\/edm.ch\/es\/material-didactico\/","name":"Sensibilizar sobre los derechos del ni\u00f1o - Enfants du Monde","isPartOf":{"@id":"https:\/\/edm.ch\/en\/#website"},"datePublished":"2023-08-08T08:04:51+00:00","dateModified":"2024-10-16T13:27:54+00:00","description":"Para concienciar sobre los derechos de la infancia, creamos materiales did\u00e1cticos de alta calidad que est\u00e1n realmente arraigados en la vida de los ni\u00f1os.","inLanguage":"es","potentialAction":[{"@type":"ReadAction","target":["https:\/\/edm.ch\/es\/material-didactico\/"]}]},{"@type":"WebSite","@id":"https:\/\/edm.ch\/en\/#website","url":"https:\/\/edm.ch\/en\/","name":"Enfants du monde","description":"Association suisse","potentialAction":[{"@type":"SearchAction","target":{"@type":"EntryPoint","urlTemplate":"https:\/\/edm.ch\/en\/?s={search_term_string}"},"query-input":{"@type":"PropertyValueSpecification","valueRequired":true,"valueName":"search_term_string"}}],"inLanguage":"es"}]}},"_links":{"self":[{"href":"https:\/\/edm.ch\/es\/wp-json\/wp\/v2\/pages\/6165","targetHints":{"allow":["GET"]}}],"collection":[{"href":"https:\/\/edm.ch\/es\/wp-json\/wp\/v2\/pages"}],"about":[{"href":"https:\/\/edm.ch\/es\/wp-json\/wp\/v2\/types\/page"}],"author":[{"embeddable":true,"href":"https:\/\/edm.ch\/es\/wp-json\/wp\/v2\/users\/3"}],"replies":[{"embeddable":true,"href":"https:\/\/edm.ch\/es\/wp-json\/wp\/v2\/comments?post=6165"}],"version-history":[{"count":13,"href":"https:\/\/edm.ch\/es\/wp-json\/wp\/v2\/pages\/6165\/revisions"}],"predecessor-version":[{"id":32722,"href":"https:\/\/edm.ch\/es\/wp-json\/wp\/v2\/pages\/6165\/revisions\/32722"}],"wp:attachment":[{"href":"https:\/\/edm.ch\/es\/wp-json\/wp\/v2\/media?parent=6165"}],"curies":[{"name":"wp","href":"https:\/\/api.w.org\/{rel}","templated":true}]}}