{"id":10838,"date":"2023-08-17T11:40:26","date_gmt":"2023-08-17T11:40:26","guid":{"rendered":"https:\/\/edm.ch\/?page_id=10838"},"modified":"2024-10-16T13:15:14","modified_gmt":"2024-10-16T13:15:14","slug":"desarrollo-cognitivo-del-nino-a","status":"publish","type":"page","link":"https:\/\/edm.ch\/es\/desarrollo-cognitivo-del-nino-a\/","title":{"rendered":"Desarrollo cognitivo del ni\u00f1o\/a"},"content":{"rendered":"<section class=\"subpageBanner\" style=\"display:\">\n    <div class=\"subpageBannerBlock figure_block\">\n        <img decoding=\"async\" data-src=\"https:\/\/edm.ch\/wp-content\/uploads\/2023\/08\/Dev-cognitif-banner.png\" src=\"data:image\/svg+xml;base64,PHN2ZyB3aWR0aD0iMSIgaGVpZ2h0PSIxIiB4bWxucz0iaHR0cDovL3d3dy53My5vcmcvMjAwMC9zdmciPjwvc3ZnPg==\" class=\"lazyload\" style=\"--smush-placeholder-width: 2500px; --smush-placeholder-aspect-ratio: 2500\/800;\" data-srcset=\"https:\/\/edm.ch\/wp-content\/uploads\/2023\/08\/Dev-cognitif-banner.png 2500w, https:\/\/edm.ch\/wp-content\/uploads\/2023\/08\/Dev-cognitif-banner-300x96.png 300w, https:\/\/edm.ch\/wp-content\/uploads\/2023\/08\/Dev-cognitif-banner-1024x328.png 1024w, https:\/\/edm.ch\/wp-content\/uploads\/2023\/08\/Dev-cognitif-banner-768x246.png 768w, https:\/\/edm.ch\/wp-content\/uploads\/2023\/08\/Dev-cognitif-banner-1536x492.png 1536w, https:\/\/edm.ch\/wp-content\/uploads\/2023\/08\/Dev-cognitif-banner-2048x655.png 2048w\" data-sizes=\"auto\" data-original-sizes=\"(max-width: 2500px) 100vw, 2500px\" \/>\n        <div class=\"subpageBannerWrap\">\n            <div class=\"container\">\n                <div class=\"content\">\n                    <div>\n                        <span class=\"bannerHead\"><\/span>\n                        <h1>Desarrollo cognitivo del ni\u00f1o\/a <\/h1>\n                    <\/div>\n                                    <\/div>\n            <\/div>\n        <\/div>\n            <\/div>\n<\/section>\n<script type=\"text\/javascript\">\n    jQuery(document).ready(function ($) {\n        \/\/ Check if the block exists\n        var bannerSection = $('#subpage-banner-section');\n\n        if (bannerSection.length > 0) {\n            \/\/ Move the block to the end of <main> just before the footer\n            $('main').append(bannerSection); \/\/ This will append it inside the <main> tag\n        }\n\n        $('.documentAccordion').on('click', function (e) {\n            e.preventDefault();  \/\/ Prevent default link action\n\n            \/\/ Target the section with the given ID\n            $('html, body').animate({\n                scrollTop: $('#subpage-banner-section').offset().top - 200\n            }, 1000);\n        });\n    });\n<\/script>\n\n\n    \n    <section class=\"leftTextRightImg \" style=\"display:\">\n        <div class=\"container\">\n            <div class=\"leftTextRightImgRow\">\n                                    <div class=\"right\">\n                                                    <div class=\"imgBlock\">\n                                <a class=\"figure_block\" href=\"https:\/\/edm.ch\/wp-content\/uploads\/2023\/08\/RS4585_IMG_2947-scaled.jpg\" data-fancybox data-caption=\"\">\n                                    <img decoding=\"async\" data-src=\"https:\/\/edm.ch\/wp-content\/uploads\/2023\/08\/RS4585_IMG_2947-scaled.jpg\" src=\"data:image\/svg+xml;base64,PHN2ZyB3aWR0aD0iMSIgaGVpZ2h0PSIxIiB4bWxucz0iaHR0cDovL3d3dy53My5vcmcvMjAwMC9zdmciPjwvc3ZnPg==\" class=\"lazyload\" style=\"--smush-placeholder-width: 2560px; --smush-placeholder-aspect-ratio: 2560\/1707;\" data-srcset=\"https:\/\/edm.ch\/wp-content\/uploads\/2023\/08\/RS4585_IMG_2947-scaled.jpg 2560w, https:\/\/edm.ch\/wp-content\/uploads\/2023\/08\/RS4585_IMG_2947-300x200.jpg 300w, https:\/\/edm.ch\/wp-content\/uploads\/2023\/08\/RS4585_IMG_2947-1024x683.jpg 1024w, https:\/\/edm.ch\/wp-content\/uploads\/2023\/08\/RS4585_IMG_2947-768x512.jpg 768w, https:\/\/edm.ch\/wp-content\/uploads\/2023\/08\/RS4585_IMG_2947-1536x1024.jpg 1536w, https:\/\/edm.ch\/wp-content\/uploads\/2023\/08\/RS4585_IMG_2947-2048x1365.jpg 2048w\" data-sizes=\"auto\" data-original-sizes=\"(max-width: 2560px) 100vw, 2560px\" \/>\n                                                                    <\/a>\n                                <figcaption><\/figcaption>\n                            <\/div>\n                                            <\/div>\n                                                    <div class=\"left\">\n                        <div class=\"content\">\n                            <h2>                                Favorecer el desarrollo sano del ni\u00f1o\/a  <small><\/small>\n                            <\/h2>                                                            <p>No siempre resulta f\u00e1cil saber c\u00f3mo ocuparse de un peque\u00f1o\/a. Para contribuir a la mejora del bienestar de los ni\u00f1os y ni\u00f1as de 0 a 5 a\u00f1os en los pa\u00edses en los que intervenimos, concienciamos a los padres y familiares sobre el desarrollo del ni\u00f1o\/a para que puedan adaptar sus comportamientos a sus necesidades.<\/p>\n                                                                                                            <\/div>\n                    <\/div>\n                            <\/div>\n        <\/div>\n    <\/section>\n\n        <section class=\"contentSec\" style=\"display:\">\n        <div class=\"container\">\n            <div class=\"contentBlock\">\n                <h5>Estar bien informado\/a&#8230;<\/h5>\n                <p>&#8230;sobre los cuidados a un ni\u00f1o\/a, sus mecanismos de aprendizaje, los gestos de seguridad, la nutrici\u00f3n, los cuidados de salud necesarios y la importancia del juego son aspectos esenciales para su bienestar. Proporcionamos formaci\u00f3n a trabajadores de salud comunitaria que concienciar\u00e1n a su vez a los padres j\u00f3venes sobre la importancia de la comunicaci\u00f3n y del juego en el desarrollo cognitivo de su hijo\/a.<\/p>\n<p>De igual manera, desarrollamos herramientas para que los padres y adultos en los pa\u00edses en los que intervenimos tengan recursos a disposici\u00f3n para informarse sobre las necesidades de los ni\u00f1os\/as peque\u00f1os\/as y favorecer su mejor desarrollo. La aplicaci\u00f3n m\u00f3vil \u201cMi hijo\/a crece\u201d es innovadora en la materia: los adultos pueden seguir el desarrollo del ni\u00f1o\/a y aprender qu\u00e9 cuidados proporcionarle y a qu\u00e9 edad. Disponible en lenguas locales y con im\u00e1genes adaptadas al contexto del pa\u00eds, la aplicaci\u00f3n siempre resulta pertinente para los que la utilicen, en contextos donde los individuos todav\u00eda no tienen acceso a la informaci\u00f3n esencial necesaria para el buen cuidado de un ni\u00f1o\/a.<\/p>\n                            <\/div>\n        <\/div>\n    <\/section>\n\n\n    <section class=\"donation_count\" style=\"display:\">\n        <div class=\"inner_row\">\n            <div class=\"right_img_block\">\n                <div class=\"img_block figure_block\">\n                    <img decoding=\"async\" data-src=\"https:\/\/edm.ch\/wp-content\/uploads\/2023\/08\/Enfants_du_monde_website_image_RS6526_Bangladesh_femme.png\" alt=\"\" src=\"data:image\/svg+xml;base64,PHN2ZyB3aWR0aD0iMSIgaGVpZ2h0PSIxIiB4bWxucz0iaHR0cDovL3d3dy53My5vcmcvMjAwMC9zdmciPjwvc3ZnPg==\" class=\"lazyload\" style=\"--smush-placeholder-width: 560px; --smush-placeholder-aspect-ratio: 560\/553;\" data-srcset=\"https:\/\/edm.ch\/wp-content\/uploads\/2023\/08\/Enfants_du_monde_website_image_RS6526_Bangladesh_femme.png 560w, https:\/\/edm.ch\/wp-content\/uploads\/2023\/08\/Enfants_du_monde_website_image_RS6526_Bangladesh_femme-300x296.png 300w\" data-sizes=\"auto\" data-original-sizes=\"(max-width: 560px) 100vw, 560px\">\n                                            <div class=\"picture-caption\">\n                            <div class=\"caption-content\"><span>Maman du Bangladesh et son b\u00e9b\u00e9<\/span><\/div>\n                        <\/div>\n                                    <\/div>\n            <\/div>\n            <div class=\"left_txt_block\">\n                <div class=\"txt_contents\">\n                    <h3>Mi donaci\u00f3n marca la diferencia<\/h3>\n                    <div class=\"block_txts\">\n                                                    <div class=\"item\">\n                                <span class=\"title\">Por ejemplo : <\/span>\n                                <p><\/p>\n                            <\/div>\n                                                    <div class=\"item\">\n                                <span class=\"title\">Con 60 francos :<\/span>\n                                <p>Ofrezco formaci\u00f3n sobre la preparaci\u00f3n para el parto a 11 mujeres embarazadas en Madagascar.<\/p>\n                            <\/div>\n                                                    <div class=\"item\">\n                                <span class=\"title\">Con 100 francos :<\/span>\n                                <p>Informo a 500 mujeres embarazadas y a sus maridos en Bangladesh sobre los peligros para los reci\u00e9n nacidos.<\/p>\n                            <\/div>\n                                                    <div class=\"item\">\n                                <span class=\"title\">Con 150 francos :<\/span>\n                                <p>Estoy impartiendo formaci\u00f3n continua a 2 enfermeras de Nepal para que puedan atender de forma respetuosa a las mujeres embarazadas y a sus reci\u00e9n nacidos.<\/p>\n                            <\/div>\n                                                                            <a href=\"https:\/\/don.edm.ch\/es\" class=\"btnWhite buttonDonation\">\n                                Dona                            <\/a>\n                                            <\/div>\n                <\/div>\n            <\/div>\n        <\/div>\n    <\/section>","protected":false},"excerpt":{"rendered":"","protected":false},"author":3,"featured_media":0,"parent":0,"menu_order":0,"comment_status":"closed","ping_status":"closed","template":"templates\/yellow-line-5.php","meta":{"_acf_changed":false,"inline_featured_image":false,"footnotes":""},"class_list":["post-10838","page","type-page","status-publish","hentry"],"acf":[],"yoast_head":"<!-- This site is optimized with the Yoast SEO plugin v26.9 - https:\/\/yoast.com\/product\/yoast-seo-wordpress\/ -->\n<title>Desarrollo cognitivo de los ni\u00f1os - Enfants du Monde<\/title>\n<meta name=\"description\" content=\"Sensibilizamos a los padres sobre los comportamientos que favorecen la capacidad de aprendizaje y el desarrollo de las funciones intelectuales entre los 0 y los 5 a\u00f1os.\" \/>\n<meta name=\"robots\" content=\"index, follow, max-snippet:-1, max-image-preview:large, max-video-preview:-1\" \/>\n<link rel=\"canonical\" href=\"https:\/\/edm.ch\/es\/desarrollo-cognitivo-del-nino-a\/\" \/>\n<meta property=\"og:locale\" content=\"es_ES\" \/>\n<meta property=\"og:type\" content=\"article\" \/>\n<meta property=\"og:title\" content=\"Desarrollo cognitivo de los ni\u00f1os - Enfants du Monde\" \/>\n<meta property=\"og:description\" content=\"Sensibilizamos a los padres sobre los comportamientos que favorecen la capacidad de aprendizaje y el desarrollo de las funciones intelectuales entre los 0 y los 5 a\u00f1os.\" \/>\n<meta property=\"og:url\" content=\"https:\/\/edm.ch\/es\/desarrollo-cognitivo-del-nino-a\/\" \/>\n<meta property=\"og:site_name\" content=\"Enfants du monde\" \/>\n<meta property=\"article:modified_time\" content=\"2024-10-16T13:15:14+00:00\" \/>\n<meta name=\"twitter:card\" content=\"summary_large_image\" \/>\n<script type=\"application\/ld+json\" class=\"yoast-schema-graph\">{\"@context\":\"https:\/\/schema.org\",\"@graph\":[{\"@type\":\"WebPage\",\"@id\":\"https:\/\/edm.ch\/es\/desarrollo-cognitivo-del-nino-a\/\",\"url\":\"https:\/\/edm.ch\/es\/desarrollo-cognitivo-del-nino-a\/\",\"name\":\"Desarrollo cognitivo de los ni\u00f1os - Enfants du Monde\",\"isPartOf\":{\"@id\":\"https:\/\/edm.ch\/en\/#website\"},\"datePublished\":\"2023-08-17T11:40:26+00:00\",\"dateModified\":\"2024-10-16T13:15:14+00:00\",\"description\":\"Sensibilizamos a los padres sobre los comportamientos que favorecen la capacidad de aprendizaje y el desarrollo de las funciones intelectuales entre los 0 y los 5 a\u00f1os.\",\"inLanguage\":\"es\",\"potentialAction\":[{\"@type\":\"ReadAction\",\"target\":[\"https:\/\/edm.ch\/es\/desarrollo-cognitivo-del-nino-a\/\"]}]},{\"@type\":\"WebSite\",\"@id\":\"https:\/\/edm.ch\/en\/#website\",\"url\":\"https:\/\/edm.ch\/en\/\",\"name\":\"Enfants du monde\",\"description\":\"Association suisse\",\"potentialAction\":[{\"@type\":\"SearchAction\",\"target\":{\"@type\":\"EntryPoint\",\"urlTemplate\":\"https:\/\/edm.ch\/en\/?s={search_term_string}\"},\"query-input\":{\"@type\":\"PropertyValueSpecification\",\"valueRequired\":true,\"valueName\":\"search_term_string\"}}],\"inLanguage\":\"es\"}]}<\/script>\n<!-- \/ Yoast SEO plugin. -->","yoast_head_json":{"title":"Desarrollo cognitivo de los ni\u00f1os - Enfants du Monde","description":"Sensibilizamos a los padres sobre los comportamientos que favorecen la capacidad de aprendizaje y el desarrollo de las funciones intelectuales entre los 0 y los 5 a\u00f1os.","robots":{"index":"index","follow":"follow","max-snippet":"max-snippet:-1","max-image-preview":"max-image-preview:large","max-video-preview":"max-video-preview:-1"},"canonical":"https:\/\/edm.ch\/es\/desarrollo-cognitivo-del-nino-a\/","og_locale":"es_ES","og_type":"article","og_title":"Desarrollo cognitivo de los ni\u00f1os - Enfants du Monde","og_description":"Sensibilizamos a los padres sobre los comportamientos que favorecen la capacidad de aprendizaje y el desarrollo de las funciones intelectuales entre los 0 y los 5 a\u00f1os.","og_url":"https:\/\/edm.ch\/es\/desarrollo-cognitivo-del-nino-a\/","og_site_name":"Enfants du monde","article_modified_time":"2024-10-16T13:15:14+00:00","twitter_card":"summary_large_image","schema":{"@context":"https:\/\/schema.org","@graph":[{"@type":"WebPage","@id":"https:\/\/edm.ch\/es\/desarrollo-cognitivo-del-nino-a\/","url":"https:\/\/edm.ch\/es\/desarrollo-cognitivo-del-nino-a\/","name":"Desarrollo cognitivo de los ni\u00f1os - Enfants du Monde","isPartOf":{"@id":"https:\/\/edm.ch\/en\/#website"},"datePublished":"2023-08-17T11:40:26+00:00","dateModified":"2024-10-16T13:15:14+00:00","description":"Sensibilizamos a los padres sobre los comportamientos que favorecen la capacidad de aprendizaje y el desarrollo de las funciones intelectuales entre los 0 y los 5 a\u00f1os.","inLanguage":"es","potentialAction":[{"@type":"ReadAction","target":["https:\/\/edm.ch\/es\/desarrollo-cognitivo-del-nino-a\/"]}]},{"@type":"WebSite","@id":"https:\/\/edm.ch\/en\/#website","url":"https:\/\/edm.ch\/en\/","name":"Enfants du monde","description":"Association suisse","potentialAction":[{"@type":"SearchAction","target":{"@type":"EntryPoint","urlTemplate":"https:\/\/edm.ch\/en\/?s={search_term_string}"},"query-input":{"@type":"PropertyValueSpecification","valueRequired":true,"valueName":"search_term_string"}}],"inLanguage":"es"}]}},"_links":{"self":[{"href":"https:\/\/edm.ch\/es\/wp-json\/wp\/v2\/pages\/10838","targetHints":{"allow":["GET"]}}],"collection":[{"href":"https:\/\/edm.ch\/es\/wp-json\/wp\/v2\/pages"}],"about":[{"href":"https:\/\/edm.ch\/es\/wp-json\/wp\/v2\/types\/page"}],"author":[{"embeddable":true,"href":"https:\/\/edm.ch\/es\/wp-json\/wp\/v2\/users\/3"}],"replies":[{"embeddable":true,"href":"https:\/\/edm.ch\/es\/wp-json\/wp\/v2\/comments?post=10838"}],"version-history":[{"count":5,"href":"https:\/\/edm.ch\/es\/wp-json\/wp\/v2\/pages\/10838\/revisions"}],"predecessor-version":[{"id":32712,"href":"https:\/\/edm.ch\/es\/wp-json\/wp\/v2\/pages\/10838\/revisions\/32712"}],"wp:attachment":[{"href":"https:\/\/edm.ch\/es\/wp-json\/wp\/v2\/media?parent=10838"}],"curies":[{"name":"wp","href":"https:\/\/api.w.org\/{rel}","templated":true}]}}