{"id":5969,"date":"2023-08-11T13:10:24","date_gmt":"2023-08-11T13:10:24","guid":{"rendered":"https:\/\/edm.ch\/?post_type=country&#038;p=5969"},"modified":"2025-11-28T11:21:55","modified_gmt":"2025-11-28T11:21:55","slug":"chad","status":"publish","type":"country","link":"https:\/\/edm.ch\/es\/chad\/","title":{"rendered":"Chad"},"content":{"rendered":"<section class=\"subpageBanner\" style=\"display:\">\n    <div class=\"subpageBannerBlock figure_block\">\n        <img decoding=\"async\" data-src=\"https:\/\/edm.ch\/wp-content\/uploads\/2023\/08\/Enfants_du_monde_website_image_banner_pays_tchad.png\" src=\"data:image\/svg+xml;base64,PHN2ZyB3aWR0aD0iMSIgaGVpZ2h0PSIxIiB4bWxucz0iaHR0cDovL3d3dy53My5vcmcvMjAwMC9zdmciPjwvc3ZnPg==\" class=\"lazyload\" style=\"--smush-placeholder-width: 2500px; --smush-placeholder-aspect-ratio: 2500\/1080;\" data-srcset=\"https:\/\/edm.ch\/wp-content\/uploads\/2023\/08\/Enfants_du_monde_website_image_banner_pays_tchad.png 2500w, https:\/\/edm.ch\/wp-content\/uploads\/2023\/08\/Enfants_du_monde_website_image_banner_pays_tchad-300x130.png 300w, https:\/\/edm.ch\/wp-content\/uploads\/2023\/08\/Enfants_du_monde_website_image_banner_pays_tchad-1024x442.png 1024w, https:\/\/edm.ch\/wp-content\/uploads\/2023\/08\/Enfants_du_monde_website_image_banner_pays_tchad-768x332.png 768w, https:\/\/edm.ch\/wp-content\/uploads\/2023\/08\/Enfants_du_monde_website_image_banner_pays_tchad-1536x664.png 1536w, https:\/\/edm.ch\/wp-content\/uploads\/2023\/08\/Enfants_du_monde_website_image_banner_pays_tchad-2048x885.png 2048w\" data-sizes=\"auto\" data-original-sizes=\"(max-width: 2500px) 100vw, 2500px\" \/>\n        <div class=\"subpageBannerWrap\">\n            <div class=\"container\">\n                <div class=\"content\">\n                    <div>\n                        <span class=\"bannerHead\"><\/span>\n                        <h1>Chad<\/h1>\n                    <\/div>\n                                    <\/div>\n            <\/div>\n        <\/div>\n            <\/div>\n<\/section>\n<script type=\"text\/javascript\">\n    jQuery(document).ready(function ($) {\n        \/\/ Check if the block exists\n        var bannerSection = $('#subpage-banner-section');\n\n        if (bannerSection.length > 0) {\n            \/\/ Move the block to the end of <main> just before the footer\n            $('main').append(bannerSection); \/\/ This will append it inside the <main> tag\n        }\n\n        $('.documentAccordion').on('click', function (e) {\n            e.preventDefault();  \/\/ Prevent default link action\n\n            \/\/ Target the section with the given ID\n            $('html, body').animate({\n                scrollTop: $('#subpage-banner-section').offset().top - 200\n            }, 1000);\n        });\n    });\n<\/script>\n\n\n        <section class=\" countSec\" style=\"display:\">\n        <div class=\"container\">\n            <div class=\"countHolder\">\n                <h2>En 2024<\/h2>\n                <div class=\"countBlock\">\n                    <div class=\"countRow\">\n\n                        \n                            <div class=\"countCol\">\n                                <div class=\"countColInner\">\n                                    <div class=\"imgBlock\">\n                                    <img decoding=\"async\" data-src=\"https:\/\/edm.ch\/wp-content\/uploads\/2023\/08\/Picto-eleve.png\" src=\"data:image\/svg+xml;base64,PHN2ZyB3aWR0aD0iMSIgaGVpZ2h0PSIxIiB4bWxucz0iaHR0cDovL3d3dy53My5vcmcvMjAwMC9zdmciPjwvc3ZnPg==\" class=\"lazyload\" style=\"--smush-placeholder-width: 160px; --smush-placeholder-aspect-ratio: 160\/160;\" data-srcset=\"https:\/\/edm.ch\/wp-content\/uploads\/2023\/08\/Picto-eleve.png 160w, https:\/\/edm.ch\/wp-content\/uploads\/2023\/08\/Picto-eleve-150x150.png 150w\" data-sizes=\"auto\" data-original-sizes=\"(max-width: 160px) 100vw, 160px\" \/>\n                                    <\/div>\n                                    <div class=\"content\">\n                                    <h2>530.084<\/h2>\n                                    <p>estudiantes se habr\u00e1n beneficiado de una educaci\u00f3n de calidad<\/p>\n                                    <\/div>\n                                <\/div>\n                            <\/div>\n\n                        \n                            <div class=\"countCol\">\n                                <div class=\"countColInner\">\n                                    <div class=\"imgBlock\">\n                                    <img decoding=\"async\" data-src=\"https:\/\/edm.ch\/wp-content\/uploads\/2023\/08\/Picto-enseignant-2.png\" src=\"data:image\/svg+xml;base64,PHN2ZyB3aWR0aD0iMSIgaGVpZ2h0PSIxIiB4bWxucz0iaHR0cDovL3d3dy53My5vcmcvMjAwMC9zdmciPjwvc3ZnPg==\" class=\"lazyload\" style=\"--smush-placeholder-width: 160px; --smush-placeholder-aspect-ratio: 160\/160;\" data-srcset=\"https:\/\/edm.ch\/wp-content\/uploads\/2023\/08\/Picto-enseignant-2.png 160w, https:\/\/edm.ch\/wp-content\/uploads\/2023\/08\/Picto-enseignant-2-150x150.png 150w\" data-sizes=\"auto\" data-original-sizes=\"(max-width: 160px) 100vw, 160px\" \/>\n                                    <\/div>\n                                    <div class=\"content\">\n                                    <h2>5.939<\/h2>\n                                    <p>docentes y formadores habr\u00e1n recibido formaci\u00f3n<\/p>\n                                    <\/div>\n                                <\/div>\n                            <\/div>\n\n                        \n                            <div class=\"countCol\">\n                                <div class=\"countColInner\">\n                                    <div class=\"imgBlock\">\n                                    <img decoding=\"async\" data-src=\"https:\/\/edm.ch\/wp-content\/uploads\/2023\/08\/Picto-education.png\" src=\"data:image\/svg+xml;base64,PHN2ZyB3aWR0aD0iMSIgaGVpZ2h0PSIxIiB4bWxucz0iaHR0cDovL3d3dy53My5vcmcvMjAwMC9zdmciPjwvc3ZnPg==\" class=\"lazyload\" style=\"--smush-placeholder-width: 160px; --smush-placeholder-aspect-ratio: 160\/160;\" data-srcset=\"https:\/\/edm.ch\/wp-content\/uploads\/2023\/08\/Picto-education.png 160w, https:\/\/edm.ch\/wp-content\/uploads\/2023\/08\/Picto-education-150x150.png 150w\" data-sizes=\"auto\" data-original-sizes=\"(max-width: 160px) 100vw, 160px\" \/>\n                                    <\/div>\n                                    <div class=\"content\">\n                                    <h2>2.439<\/h2>\n                                    <p>escuelas habr\u00e1n recibido apoyo<\/p>\n                                    <\/div>\n                                <\/div>\n                            <\/div>\n\n                        \n                    <\/div>\n                <\/div>\n                <div class=\"countBlockText\"><p><\/p><\/div>\n            <\/div>\n        <\/div>\n    <\/section>\n\n        <section class=\"contentSec\" style=\"display:\">\n        <div class=\"container\">\n            <div class=\"contentBlock\">\n                <h5>Los retos del pa\u00eds<\/h5>\n                <p><span data-contrast=\"auto\">Chad se enfrenta a una compleja crisis humanitaria, marcada por conflictos internos, desplazamientos forzosos, inseguridad alimentaria y emergencias sanitarias, que requieren ayuda para m\u00e1s de un tercio de la poblaci\u00f3n. El sistema educativo atraviesa dificultades, con infraestructuras inadecuadas y un acceso limitado, especialmente en las zonas rurales y para las ni\u00f1as, lo que se traduce en bajas tasas de escolarizaci\u00f3n. La inestabilidad en los pa\u00edses vecinos y la afluencia de personas procedentes de Sud\u00e1n, la Rep\u00fablica Centroafricana y Libia est\u00e1n agravando la situaci\u00f3n. Como respuesta, Enfants du Monde, con el mandato de la Agencia Suiza para el Desarrollo y la Cooperaci\u00f3n, la Agencia Francesa de Desarrollo y el Departamento Federal de Asuntos Exteriores, est\u00e1 llevando a cabo programas educativos centrados en la formaci\u00f3n continua de profesores y responsables de centros de alfabetizaci\u00f3n, de los que ya se benefician miles de personas en las provincias de Moyen Chari, Batha y Wadi Fira.<\/span> <span lang=\"ES-ES\" xml:lang=\"ES-ES\" data-contrast=\"none\">Y desde finales de 2024, escolarizamos a los ni\u00f1os refugiados sudaneses que viven en el campo de Aboutengu\u00e8, en el sur de Chad.<\/span><\/p>\n                            <\/div>\n        <\/div>\n    <\/section>\n\n\n    <section class=\"activitySec\" style=\"display:\">\n      <div class=\"container\">\n        <div class=\"secTitle\">\n            <h2><\/h2>\n        <\/div>\n        <div class=\"activityRow\">\n\n            \n                <div class=\"activityCol\">\n                    <div class=\"activityColInner\">\n                        <div class=\"imgBlock\">\n                            <a href=\"https:\/\/edm.ch\/es\/chad-ameliorer-educational-system\/\">                                <img decoding=\"async\" data-src=\"https:\/\/edm.ch\/wp-content\/uploads\/2024\/06\/Enfants_du_Monde_apercu_proqeb_2024_tchad.png\" alt=\"EMD-img\" src=\"data:image\/svg+xml;base64,PHN2ZyB3aWR0aD0iMSIgaGVpZ2h0PSIxIiB4bWxucz0iaHR0cDovL3d3dy53My5vcmcvMjAwMC9zdmciPjwvc3ZnPg==\" class=\"lazyload\" style=\"--smush-placeholder-width: 1920px; --smush-placeholder-aspect-ratio: 1920\/1920;\" data-srcset=\"https:\/\/edm.ch\/wp-content\/uploads\/2024\/06\/Enfants_du_Monde_apercu_proqeb_2024_tchad.png 1920w, https:\/\/edm.ch\/wp-content\/uploads\/2024\/06\/Enfants_du_Monde_apercu_proqeb_2024_tchad-300x300.png 300w, https:\/\/edm.ch\/wp-content\/uploads\/2024\/06\/Enfants_du_Monde_apercu_proqeb_2024_tchad-1024x1024.png 1024w, https:\/\/edm.ch\/wp-content\/uploads\/2024\/06\/Enfants_du_Monde_apercu_proqeb_2024_tchad-150x150.png 150w, https:\/\/edm.ch\/wp-content\/uploads\/2024\/06\/Enfants_du_Monde_apercu_proqeb_2024_tchad-768x768.png 768w, https:\/\/edm.ch\/wp-content\/uploads\/2024\/06\/Enfants_du_Monde_apercu_proqeb_2024_tchad-1536x1536.png 1536w\" data-sizes=\"auto\" data-original-sizes=\"(max-width: 1920px) 100vw, 1920px\" \/>\n                            <\/a>                        <\/div>\n                        <div class=\"contentBlock\">\n                            <h3>Educaci\u00f3n de calidad para marcar la diferencia <\/h3>\n                            <p><span data-contrast=\"auto\">Educaci\u00f3n de calidad para marcar la diferencia<\/span><span data-ccp-props=\"{&quot;201341983&quot;:0,&quot;335559740&quot;:240}\">.<\/span><\/p>\n                                                            <a href=\"https:\/\/edm.ch\/es\/chad-ameliorer-educational-system\/\" class=\"btnWhite\">M\u00e1s informaci\u00f3n<\/a>\n                                                    <\/div>\n                    <\/div>\n                <\/div>\n\n            \n                <div class=\"activityCol\">\n                    <div class=\"activityColInner\">\n                        <div class=\"imgBlock\">\n                            <a href=\"https:\/\/edm.ch\/es\/chad-mejorando-el-aprendizaje-juvenil\/\">                                <img decoding=\"async\" data-src=\"https:\/\/edm.ch\/wp-content\/uploads\/2023\/08\/Enfants_du_Monde_apercu_alapaj_2024_tchad.png\" alt=\"EMD-img\" src=\"data:image\/svg+xml;base64,PHN2ZyB3aWR0aD0iMSIgaGVpZ2h0PSIxIiB4bWxucz0iaHR0cDovL3d3dy53My5vcmcvMjAwMC9zdmciPjwvc3ZnPg==\" class=\"lazyload\" style=\"--smush-placeholder-width: 1920px; --smush-placeholder-aspect-ratio: 1920\/1920;\" data-srcset=\"https:\/\/edm.ch\/wp-content\/uploads\/2023\/08\/Enfants_du_Monde_apercu_alapaj_2024_tchad.png 1920w, https:\/\/edm.ch\/wp-content\/uploads\/2023\/08\/Enfants_du_Monde_apercu_alapaj_2024_tchad-300x300.png 300w, https:\/\/edm.ch\/wp-content\/uploads\/2023\/08\/Enfants_du_Monde_apercu_alapaj_2024_tchad-1024x1024.png 1024w, https:\/\/edm.ch\/wp-content\/uploads\/2023\/08\/Enfants_du_Monde_apercu_alapaj_2024_tchad-150x150.png 150w, https:\/\/edm.ch\/wp-content\/uploads\/2023\/08\/Enfants_du_Monde_apercu_alapaj_2024_tchad-768x768.png 768w, https:\/\/edm.ch\/wp-content\/uploads\/2023\/08\/Enfants_du_Monde_apercu_alapaj_2024_tchad-1536x1536.png 1536w\" data-sizes=\"auto\" data-original-sizes=\"(max-width: 1920px) 100vw, 1920px\" \/>\n                            <\/a>                        <\/div>\n                        <div class=\"contentBlock\">\n                            <h3>Mejorar la educaci\u00f3n no formal y la alfabetizaci\u00f3n <\/h3>\n                            <p><span data-contrast=\"auto\">Facilitar y perfeccionar el aprendizaje para la integraci\u00f3n profesional de los j\u00f3venes.<\/span><span data-ccp-props=\"{&quot;201341983&quot;:0,&quot;335559740&quot;:240}\">\u00a0<\/span><\/p>\n                                                            <a href=\"https:\/\/edm.ch\/es\/chad-mejorando-el-aprendizaje-juvenil\/\" class=\"btnWhite\">M\u00e1s informaci\u00f3n<\/a>\n                                                    <\/div>\n                    <\/div>\n                <\/div>\n\n            \n                <div class=\"activityCol\">\n                    <div class=\"activityColInner\">\n                        <div class=\"imgBlock\">\n                            <a href=\"https:\/\/edm.ch\/es\/chad-educacion-ninos-refugiados-sudan\/\">                                <img decoding=\"async\" data-src=\"https:\/\/edm.ch\/wp-content\/uploads\/2025\/03\/IMG_0219-1.jpg\" alt=\"EMD-img\" src=\"data:image\/svg+xml;base64,PHN2ZyB3aWR0aD0iMSIgaGVpZ2h0PSIxIiB4bWxucz0iaHR0cDovL3d3dy53My5vcmcvMjAwMC9zdmciPjwvc3ZnPg==\" class=\"lazyload\" style=\"--smush-placeholder-width: 3984px; --smush-placeholder-aspect-ratio: 3984\/2656;\" data-srcset=\"https:\/\/edm.ch\/wp-content\/uploads\/2025\/03\/IMG_0219-1.jpg 3984w, https:\/\/edm.ch\/wp-content\/uploads\/2025\/03\/IMG_0219-1-300x200.jpg 300w, https:\/\/edm.ch\/wp-content\/uploads\/2025\/03\/IMG_0219-1-1024x683.jpg 1024w, https:\/\/edm.ch\/wp-content\/uploads\/2025\/03\/IMG_0219-1-768x512.jpg 768w, https:\/\/edm.ch\/wp-content\/uploads\/2025\/03\/IMG_0219-1-1536x1024.jpg 1536w, https:\/\/edm.ch\/wp-content\/uploads\/2025\/03\/IMG_0219-1-2048x1365.jpg 2048w\" data-sizes=\"auto\" data-original-sizes=\"(max-width: 3984px) 100vw, 3984px\" \/>\n                            <\/a>                        <\/div>\n                        <div class=\"contentBlock\">\n                            <h3>Brindamos educaci\u00f3n a ni\u00f1os\/as refugiados\/as  <\/h3>\n                            <p>Proporcionar a los j\u00f3venes sudaneses de entre 12 y 17 a\u00f1os del campo de Aboutengu\u00e9 un entorno de aprendizaje seguro y adecuado que les permita reanudar o continuar su educaci\u00f3n.<\/p>\n                                                            <a href=\"https:\/\/edm.ch\/es\/chad-educacion-ninos-refugiados-sudan\/\" class=\"btnWhite\">M\u00e1s informaci\u00f3n<\/a>\n                                                    <\/div>\n                    <\/div>\n                <\/div>\n\n                        \n        <\/div>\n      <\/div>\n    <\/section>\n\n<section class=\"newsSec\" style=\"display:\">\n    <div class=\"newsHead\">\n        <div class=\"container\">\n            <div class=\"newsHeadFlex\">\n                <h2>Ultimas noticias <\/h2>\n                            <\/div>\n        <\/div>\n    <\/div>\n        \n            <!-- Mobile News  -->\n            <div class=\"newsContent mobileShow crtvs\">\n                <div class=\"container\">\n                    <div class=\"newsSlider newsWrapper owl-carousel\">\n\n                                                        <div class=\"newsBlock\">\n                                    <div class=\"newsBox\">\n                                        <a href=\"https:\/\/edm.ch\/es\/news\/educacion-sexual-una-herramienta-para-evitar-los-embarazos-precoces-en-tanzania\/\">\n                                            <figure>\n                                                <img decoding=\"async\"async\" width=\"1920\" height=\"1920\" data-src=\"https:\/\/edm.ch\/wp-content\/uploads\/2024\/11\/Mondinfo-actu.png\" class=\"attachment-post-thumbnail size-post-thumbnail wp-post-image lazyload\" alt=\"\" data-srcset=\"https:\/\/edm.ch\/wp-content\/uploads\/2024\/11\/Mondinfo-actu.png 1920w, https:\/\/edm.ch\/wp-content\/uploads\/2024\/11\/Mondinfo-actu-300x300.png 300w, https:\/\/edm.ch\/wp-content\/uploads\/2024\/11\/Mondinfo-actu-1024x1024.png 1024w, https:\/\/edm.ch\/wp-content\/uploads\/2024\/11\/Mondinfo-actu-150x150.png 150w, https:\/\/edm.ch\/wp-content\/uploads\/2024\/11\/Mondinfo-actu-768x768.png 768w, https:\/\/edm.ch\/wp-content\/uploads\/2024\/11\/Mondinfo-actu-1536x1536.png 1536w\" data-sizes=\"auto\" src=\"data:image\/svg+xml;base64,PHN2ZyB3aWR0aD0iMSIgaGVpZ2h0PSIxIiB4bWxucz0iaHR0cDovL3d3dy53My5vcmcvMjAwMC9zdmciPjwvc3ZnPg==\" style=\"--smush-placeholder-width: 1920px; --smush-placeholder-aspect-ratio: 1920\/1920;\" data-original-sizes=\"(max-width: 1920px) 100vw, 1920px\" \/>\u00ab>\n                                            <\/figure>\n                                            <div class=\"content\" >\n                                                <h3>Educaci\u00f3n sexual: una herramienta para evitar los embarazos precoces en Tanzania<\/h3>\n                                                <p class=\"date\">4 marzo 2025<\/p>\n                                                <div class=\"details\">\n                                                    <p><p>En Tanzania, la falta de educaci\u00f3n sexual contribuye a embarazos precoces y a las infecciones de transmisi\u00f3n sexual en adolescentes. Enfants du Monde, en colaboraci\u00f3n con SolidarMed, implementa programas de educaci\u00f3n en salud para proporcionar a los j\u00f3venes las herramientas necesarias para evitar estas situaciones y construir un futuro mejor.<\/p>\n<\/p>\n                                                <\/div>\n                                                <div class=\"btnDateFlex\">\n                                                    <button href=\"https:\/\/edm.ch\/es\/news\/educacion-sexual-una-herramienta-para-evitar-los-embarazos-precoces-en-tanzania\/\" class=\"btnWhite small\">Seguir leyendo<\/button>\n                                                    <span class=\"date\"><strong>4<\/strong>marzo 2025<\/span>\n                                                <\/div>\n                                            <\/div>\n                                        <\/a>\n                                    <\/div>\n                                <\/div>\n                                                            <div class=\"newsBlock\">\n                                    <div class=\"newsBox\">\n                                        <a href=\"https:\/\/edm.ch\/es\/news\/en-favor-del-futuro-de-los-jovenes-en-tanzania\/\">\n                                            <figure>\n                                                <img decoding=\"async\"async\" width=\"1920\" height=\"1920\" data-src=\"https:\/\/edm.ch\/wp-content\/uploads\/2024\/04\/tanzanie_bebe_mere_1920_1920.png\" class=\"attachment-post-thumbnail size-post-thumbnail wp-post-image lazyload\" alt=\"\" data-srcset=\"https:\/\/edm.ch\/wp-content\/uploads\/2024\/04\/tanzanie_bebe_mere_1920_1920.png 1920w, https:\/\/edm.ch\/wp-content\/uploads\/2024\/04\/tanzanie_bebe_mere_1920_1920-300x300.png 300w, https:\/\/edm.ch\/wp-content\/uploads\/2024\/04\/tanzanie_bebe_mere_1920_1920-1024x1024.png 1024w, https:\/\/edm.ch\/wp-content\/uploads\/2024\/04\/tanzanie_bebe_mere_1920_1920-150x150.png 150w, https:\/\/edm.ch\/wp-content\/uploads\/2024\/04\/tanzanie_bebe_mere_1920_1920-768x768.png 768w, https:\/\/edm.ch\/wp-content\/uploads\/2024\/04\/tanzanie_bebe_mere_1920_1920-1536x1536.png 1536w\" data-sizes=\"auto\" src=\"data:image\/svg+xml;base64,PHN2ZyB3aWR0aD0iMSIgaGVpZ2h0PSIxIiB4bWxucz0iaHR0cDovL3d3dy53My5vcmcvMjAwMC9zdmciPjwvc3ZnPg==\" style=\"--smush-placeholder-width: 1920px; --smush-placeholder-aspect-ratio: 1920\/1920;\" data-original-sizes=\"(max-width: 1920px) 100vw, 1920px\" \/>\u00ab>\n                                            <\/figure>\n                                            <div class=\"content\" >\n                                                <h3>Enfants du Monde y SolidarMed: dos asociaciones suizas en favor del futuro de los j\u00f3venes en Tanzania<\/h3>\n                                                <p class=\"date\">9 enero 2025<\/p>\n                                                <div class=\"details\">\n                                                    <p><p>En el marco de una colaboraci\u00f3n in\u00e9dita, SolidarMed y Enfants du Monde unen sus fuerzas para mejorar la salud sexual y reproductiva de los\/as j\u00f3venes en Tanzania. Este proyecto tiene como objetivo ofrecerles una informaci\u00f3n fidedigna y un acceso a servicios apropiados en una regi\u00f3n donde las necesidades son inmensas.<\/p>\n<p>Eliane Kiener y Beata Godenzi son, respectivamente Directora de SolidarMed y Secretaria general de Enfants du Monde. Nuestras dos ONG suman competencias complementarias para un proyecto de salud sexual y reproductiva en Tanzania; un pa\u00eds donde los.as j\u00f3venes suelen tener informaci\u00f3n confusa y a veces contradictoria sobre la sexualidad.<\/p>\n<\/p>\n                                                <\/div>\n                                                <div class=\"btnDateFlex\">\n                                                    <button href=\"https:\/\/edm.ch\/es\/news\/en-favor-del-futuro-de-los-jovenes-en-tanzania\/\" class=\"btnWhite small\">Seguir leyendo<\/button>\n                                                    <span class=\"date\"><strong>9<\/strong>enero 2025<\/span>\n                                                <\/div>\n                                            <\/div>\n                                        <\/a>\n                                    <\/div>\n                                <\/div>\n                                                            <div class=\"newsBlock\">\n                                    <div class=\"newsBox\">\n                                        <a href=\"https:\/\/edm.ch\/es\/news\/mejorar-calidad-sistema-educativo-chadiano\/\">\n                                            <figure>\n                                                <img decoding=\"async\"async\" width=\"1920\" height=\"1920\" data-src=\"https:\/\/edm.ch\/wp-content\/uploads\/2024\/08\/apercu_tchad_mondinfo_aout.png\" class=\"attachment-post-thumbnail size-post-thumbnail wp-post-image lazyload\" alt=\"\" data-srcset=\"https:\/\/edm.ch\/wp-content\/uploads\/2024\/08\/apercu_tchad_mondinfo_aout.png 1920w, https:\/\/edm.ch\/wp-content\/uploads\/2024\/08\/apercu_tchad_mondinfo_aout-300x300.png 300w, https:\/\/edm.ch\/wp-content\/uploads\/2024\/08\/apercu_tchad_mondinfo_aout-1024x1024.png 1024w, https:\/\/edm.ch\/wp-content\/uploads\/2024\/08\/apercu_tchad_mondinfo_aout-150x150.png 150w, https:\/\/edm.ch\/wp-content\/uploads\/2024\/08\/apercu_tchad_mondinfo_aout-768x768.png 768w, https:\/\/edm.ch\/wp-content\/uploads\/2024\/08\/apercu_tchad_mondinfo_aout-1536x1536.png 1536w\" data-sizes=\"auto\" src=\"data:image\/svg+xml;base64,PHN2ZyB3aWR0aD0iMSIgaGVpZ2h0PSIxIiB4bWxucz0iaHR0cDovL3d3dy53My5vcmcvMjAwMC9zdmciPjwvc3ZnPg==\" style=\"--smush-placeholder-width: 1920px; --smush-placeholder-aspect-ratio: 1920\/1920;\" data-original-sizes=\"(max-width: 1920px) 100vw, 1920px\" \/>\u00ab>\n                                            <\/figure>\n                                            <div class=\"content\" >\n                                                <h3>Mejorar la calidad del sistema educativo chadiano<\/h3>\n                                                <p class=\"date\">23 octubre 2024<\/p>\n                                                <div class=\"details\">\n                                                    <p><p>En Chad, donde el analfabetismo supera el 70%, no todo el mundo tiene la suerte de asistir a la escuela o de contar con un\/a profesor\/a bien capacitado\/a. Afortunadamente, el profesor de Habiba y G\u00e9d\u00e9on sabe c\u00f3mo incitar a sus alumno\/as a participar: utiliza el sar, la lengua local, y se inspira en las historias y la cultura de lo\/as ni\u00f1o\/as para que comprendan mejor y progresen m\u00e1s f\u00e1cilmente.<\/p>\n<\/p>\n                                                <\/div>\n                                                <div class=\"btnDateFlex\">\n                                                    <button href=\"https:\/\/edm.ch\/es\/news\/mejorar-calidad-sistema-educativo-chadiano\/\" class=\"btnWhite small\">Seguir leyendo<\/button>\n                                                    <span class=\"date\"><strong>23<\/strong>octubre 2024<\/span>\n                                                <\/div>\n                                            <\/div>\n                                        <\/a>\n                                    <\/div>\n                                <\/div>\n                                                            <div class=\"newsBlock\">\n                                    <div class=\"newsBox\">\n                                        <a href=\"https:\/\/edm.ch\/es\/news\/encuentro-rufine-samma-yeko\/\">\n                                            <figure>\n                                                <img decoding=\"async\"async\" width=\"1920\" height=\"1920\" data-src=\"https:\/\/edm.ch\/wp-content\/uploads\/2024\/08\/Nouveau-site_Carre-1.png\" class=\"attachment-post-thumbnail size-post-thumbnail wp-post-image lazyload\" alt=\"\" data-srcset=\"https:\/\/edm.ch\/wp-content\/uploads\/2024\/08\/Nouveau-site_Carre-1.png 1920w, https:\/\/edm.ch\/wp-content\/uploads\/2024\/08\/Nouveau-site_Carre-1-300x300.png 300w, https:\/\/edm.ch\/wp-content\/uploads\/2024\/08\/Nouveau-site_Carre-1-1024x1024.png 1024w, https:\/\/edm.ch\/wp-content\/uploads\/2024\/08\/Nouveau-site_Carre-1-150x150.png 150w, https:\/\/edm.ch\/wp-content\/uploads\/2024\/08\/Nouveau-site_Carre-1-768x768.png 768w, https:\/\/edm.ch\/wp-content\/uploads\/2024\/08\/Nouveau-site_Carre-1-1536x1536.png 1536w\" data-sizes=\"auto\" src=\"data:image\/svg+xml;base64,PHN2ZyB3aWR0aD0iMSIgaGVpZ2h0PSIxIiB4bWxucz0iaHR0cDovL3d3dy53My5vcmcvMjAwMC9zdmciPjwvc3ZnPg==\" style=\"--smush-placeholder-width: 1920px; --smush-placeholder-aspect-ratio: 1920\/1920;\" data-original-sizes=\"(max-width: 1920px) 100vw, 1920px\" \/>\u00ab>\n                                            <\/figure>\n                                            <div class=\"content\" >\n                                                <h3>Encuentro con Rufine Samma Yeko, directora educativa de la oficina de Enfants du Monde en Chad<\/h3>\n                                                <p class=\"date\">4 septiembre 2024<\/p>\n                                                <div class=\"details\">\n                                                    <p><p>Gracias a nuestras acciones, el acceso a la escuela est\u00e1 progresando en Chad, un pa\u00eds que enfrenta una crisis humanitaria sin precedentes, con conflictos internos, desplazamientos forzados, inseguridad alimentaria y urgencias sanitarias que afectan a m\u00e1s de un tercio de la poblaci\u00f3n.<\/p>\n<\/p>\n                                                <\/div>\n                                                <div class=\"btnDateFlex\">\n                                                    <button href=\"https:\/\/edm.ch\/es\/news\/encuentro-rufine-samma-yeko\/\" class=\"btnWhite small\">Seguir leyendo<\/button>\n                                                    <span class=\"date\"><strong>4<\/strong>septiembre 2024<\/span>\n                                                <\/div>\n                                            <\/div>\n                                        <\/a>\n                                    <\/div>\n                                <\/div>\n                                                            <div class=\"newsBlock\">\n                                    <div class=\"newsBox\">\n                                        <a href=\"https:\/\/edm.ch\/es\/news\/informe-anual-juntos-estamos-transformando-la-educacion-y-la-salud-en-todo-el-mundo\/\">\n                                            <figure>\n                                                <img decoding=\"async\"async\" width=\"2500\" height=\"1080\" data-src=\"https:\/\/edm.ch\/wp-content\/uploads\/2024\/06\/Enfants_du_Monde_banner_RA23.png\" class=\"attachment-post-thumbnail size-post-thumbnail wp-post-image lazyload\" alt=\"\" data-srcset=\"https:\/\/edm.ch\/wp-content\/uploads\/2024\/06\/Enfants_du_Monde_banner_RA23.png 2500w, https:\/\/edm.ch\/wp-content\/uploads\/2024\/06\/Enfants_du_Monde_banner_RA23-300x130.png 300w, https:\/\/edm.ch\/wp-content\/uploads\/2024\/06\/Enfants_du_Monde_banner_RA23-1024x442.png 1024w, https:\/\/edm.ch\/wp-content\/uploads\/2024\/06\/Enfants_du_Monde_banner_RA23-768x332.png 768w, https:\/\/edm.ch\/wp-content\/uploads\/2024\/06\/Enfants_du_Monde_banner_RA23-1536x664.png 1536w, https:\/\/edm.ch\/wp-content\/uploads\/2024\/06\/Enfants_du_Monde_banner_RA23-2048x885.png 2048w\" data-sizes=\"auto\" src=\"data:image\/svg+xml;base64,PHN2ZyB3aWR0aD0iMSIgaGVpZ2h0PSIxIiB4bWxucz0iaHR0cDovL3d3dy53My5vcmcvMjAwMC9zdmciPjwvc3ZnPg==\" style=\"--smush-placeholder-width: 2500px; --smush-placeholder-aspect-ratio: 2500\/1080;\" data-original-sizes=\"(max-width: 2500px) 100vw, 2500px\" \/>\u00ab>\n                                            <\/figure>\n                                            <div class=\"content\" >\n                                                <h3>Informe anual: juntos, estamos transformando la educaci\u00f3n y la salud en todo el mundo<\/h3>\n                                                <p class=\"date\">19 julio 2024<\/p>\n                                                <div class=\"details\">\n                                                    <p><p>En 2023, gracias a su apoyo, pudimos ofrecer una educaci\u00f3n de calidad a miles de ni\u00f1os\/as y acceso a una mejor atenci\u00f3n sanitaria a mujeres embarazadas. Descubre c\u00f3mo nuestros proyectos est\u00e1n transformando las pr\u00e1cticas de profesores y personal de salud en nuestro informe anual.<\/p>\n<\/p>\n                                                <\/div>\n                                                <div class=\"btnDateFlex\">\n                                                    <button href=\"https:\/\/edm.ch\/es\/news\/informe-anual-juntos-estamos-transformando-la-educacion-y-la-salud-en-todo-el-mundo\/\" class=\"btnWhite small\">Seguir leyendo<\/button>\n                                                    <span class=\"date\"><strong>19<\/strong>julio 2024<\/span>\n                                                <\/div>\n                                            <\/div>\n                                        <\/a>\n                                    <\/div>\n                                <\/div>\n                                                            <div class=\"newsBlock\">\n                                    <div class=\"newsBox\">\n                                        <a href=\"https:\/\/edm.ch\/es\/news\/en-chad-la-educacion-de-calidad-promovida-por-enfants-du-monde-marca-la-diferencia\/\">\n                                            <figure>\n                                                <img decoding=\"async\"async\" width=\"600\" height=\"400\" data-src=\"https:\/\/edm.ch\/wp-content\/uploads\/2023\/08\/actu_tchad_education_2.png\" class=\"attachment-post-thumbnail size-post-thumbnail wp-post-image lazyload\" alt=\"\" data-srcset=\"https:\/\/edm.ch\/wp-content\/uploads\/2023\/08\/actu_tchad_education_2.png 600w, https:\/\/edm.ch\/wp-content\/uploads\/2023\/08\/actu_tchad_education_2-300x200.png 300w\" data-sizes=\"auto\" src=\"data:image\/svg+xml;base64,PHN2ZyB3aWR0aD0iMSIgaGVpZ2h0PSIxIiB4bWxucz0iaHR0cDovL3d3dy53My5vcmcvMjAwMC9zdmciPjwvc3ZnPg==\" style=\"--smush-placeholder-width: 600px; --smush-placeholder-aspect-ratio: 600\/400;\" data-original-sizes=\"(max-width: 600px) 100vw, 600px\" \/>\u00ab>\n                                            <\/figure>\n                                            <div class=\"content\" >\n                                                <h3>En Chad, la educaci\u00f3n de calidad promovida por Enfants du Monde marca la diferencia\u00a0<\/h3>\n                                                <p class=\"date\">22 julio 2023<\/p>\n                                                <div class=\"details\">\n                                                    <p><\/p>\n                                                <\/div>\n                                                <div class=\"btnDateFlex\">\n                                                    <button href=\"https:\/\/edm.ch\/es\/news\/en-chad-la-educacion-de-calidad-promovida-por-enfants-du-monde-marca-la-diferencia\/\" class=\"btnWhite small\">Seguir leyendo<\/button>\n                                                    <span class=\"date\"><strong>22<\/strong>julio 2023<\/span>\n                                                <\/div>\n                                            <\/div>\n                                        <\/a>\n                                    <\/div>\n                                <\/div>\n                                                    \n                    <\/div>\n                <\/div>\n            <\/div>\n            <!-- End Mobile News  -->\n            \n                            <div class=\"newsContent desktopShow fourToSixNews\">\n                    <div class=\"container\">\n                        <div class=\"newsSlider newsWrapper owl-carousel\">\n\n                                                                <div class=\"newsBlock big\">\n                                        <div class=\"newsBox\">\n                                            <a href=\"https:\/\/edm.ch\/es\/news\/educacion-sexual-una-herramienta-para-evitar-los-embarazos-precoces-en-tanzania\/\">\n                                                <figure>\n                                                    <img decoding=\"async\"async\" width=\"1920\" height=\"1920\" data-src=\"https:\/\/edm.ch\/wp-content\/uploads\/2024\/11\/Mondinfo-actu.png\" class=\"attachment-post-thumbnail size-post-thumbnail wp-post-image lazyload\" alt=\"\" data-srcset=\"https:\/\/edm.ch\/wp-content\/uploads\/2024\/11\/Mondinfo-actu.png 1920w, https:\/\/edm.ch\/wp-content\/uploads\/2024\/11\/Mondinfo-actu-300x300.png 300w, https:\/\/edm.ch\/wp-content\/uploads\/2024\/11\/Mondinfo-actu-1024x1024.png 1024w, https:\/\/edm.ch\/wp-content\/uploads\/2024\/11\/Mondinfo-actu-150x150.png 150w, https:\/\/edm.ch\/wp-content\/uploads\/2024\/11\/Mondinfo-actu-768x768.png 768w, https:\/\/edm.ch\/wp-content\/uploads\/2024\/11\/Mondinfo-actu-1536x1536.png 1536w\" data-sizes=\"auto\" src=\"data:image\/svg+xml;base64,PHN2ZyB3aWR0aD0iMSIgaGVpZ2h0PSIxIiB4bWxucz0iaHR0cDovL3d3dy53My5vcmcvMjAwMC9zdmciPjwvc3ZnPg==\" style=\"--smush-placeholder-width: 1920px; --smush-placeholder-aspect-ratio: 1920\/1920;\" data-original-sizes=\"(max-width: 1920px) 100vw, 1920px\" \/>\u00ab>\n                                                <\/figure>\n                                                <div class=\"content\" >\n                                                    <h3>Educaci\u00f3n sexual: una herramienta para evitar los embarazos precoces en Tanzania<\/h3>\n                                                    <p class=\"date\">4 marzo 2025<\/p>\n                                                    <div class=\"details\">\n                                                        <p><p>En Tanzania, la falta de educaci\u00f3n sexual contribuye a embarazos precoces y a las infecciones de transmisi\u00f3n sexual en adolescentes. Enfants du Monde, en colaboraci\u00f3n con SolidarMed, implementa programas de educaci\u00f3n en salud para proporcionar a los j\u00f3venes las herramientas necesarias para evitar estas situaciones y construir un futuro mejor.<\/p>\n<\/p>\n                                                    <\/div>\n                                                    <div class=\"btnDateFlex\">\n                                                        <button href=\"https:\/\/edm.ch\/es\/news\/educacion-sexual-una-herramienta-para-evitar-los-embarazos-precoces-en-tanzania\/\" class=\"btnWhite small\">Seguir leyendo<\/button>\n                                                        <span class=\"date\"><strong>4<\/strong>marzo 2025<\/span>\n                                                    <\/div>\n                                                <\/div>\n                                            <\/a>\n                                        <\/div>\n                                    <\/div>\n                                                                    <div class=\"newsBlock big\">\n                                        <div class=\"newsBox\">\n                                            <a href=\"https:\/\/edm.ch\/es\/news\/en-favor-del-futuro-de-los-jovenes-en-tanzania\/\">\n                                                <figure>\n                                                    <img decoding=\"async\"async\" width=\"1920\" height=\"1920\" data-src=\"https:\/\/edm.ch\/wp-content\/uploads\/2024\/04\/tanzanie_bebe_mere_1920_1920.png\" class=\"attachment-post-thumbnail size-post-thumbnail wp-post-image lazyload\" alt=\"\" data-srcset=\"https:\/\/edm.ch\/wp-content\/uploads\/2024\/04\/tanzanie_bebe_mere_1920_1920.png 1920w, https:\/\/edm.ch\/wp-content\/uploads\/2024\/04\/tanzanie_bebe_mere_1920_1920-300x300.png 300w, https:\/\/edm.ch\/wp-content\/uploads\/2024\/04\/tanzanie_bebe_mere_1920_1920-1024x1024.png 1024w, https:\/\/edm.ch\/wp-content\/uploads\/2024\/04\/tanzanie_bebe_mere_1920_1920-150x150.png 150w, https:\/\/edm.ch\/wp-content\/uploads\/2024\/04\/tanzanie_bebe_mere_1920_1920-768x768.png 768w, https:\/\/edm.ch\/wp-content\/uploads\/2024\/04\/tanzanie_bebe_mere_1920_1920-1536x1536.png 1536w\" data-sizes=\"auto\" src=\"data:image\/svg+xml;base64,PHN2ZyB3aWR0aD0iMSIgaGVpZ2h0PSIxIiB4bWxucz0iaHR0cDovL3d3dy53My5vcmcvMjAwMC9zdmciPjwvc3ZnPg==\" style=\"--smush-placeholder-width: 1920px; --smush-placeholder-aspect-ratio: 1920\/1920;\" data-original-sizes=\"(max-width: 1920px) 100vw, 1920px\" \/>\u00ab>\n                                                <\/figure>\n                                                <div class=\"content\" >\n                                                    <h3>Enfants du Monde y SolidarMed: dos asociaciones suizas en favor del futuro de los j\u00f3venes en Tanzania<\/h3>\n                                                    <p class=\"date\">9 enero 2025<\/p>\n                                                    <div class=\"details\">\n                                                        <p><p>En el marco de una colaboraci\u00f3n in\u00e9dita, SolidarMed y Enfants du Monde unen sus fuerzas para mejorar la salud sexual y reproductiva de los\/as j\u00f3venes en Tanzania. Este proyecto tiene como objetivo ofrecerles una informaci\u00f3n fidedigna y un acceso a servicios apropiados en una regi\u00f3n donde las necesidades son inmensas.<\/p>\n<p>Eliane Kiener y Beata Godenzi son, respectivamente Directora de SolidarMed y Secretaria general de Enfants du Monde. Nuestras dos ONG suman competencias complementarias para un proyecto de salud sexual y reproductiva en Tanzania; un pa\u00eds donde los.as j\u00f3venes suelen tener informaci\u00f3n confusa y a veces contradictoria sobre la sexualidad.<\/p>\n<\/p>\n                                                    <\/div>\n                                                    <div class=\"btnDateFlex\">\n                                                        <button href=\"https:\/\/edm.ch\/es\/news\/en-favor-del-futuro-de-los-jovenes-en-tanzania\/\" class=\"btnWhite small\">Seguir leyendo<\/button>\n                                                        <span class=\"date\"><strong>9<\/strong>enero 2025<\/span>\n                                                    <\/div>\n                                                <\/div>\n                                            <\/a>\n                                        <\/div>\n                                    <\/div>\n                                                                    <div class=\"newsBlock big\">\n                                        <div class=\"newsBox\">\n                                            <a href=\"https:\/\/edm.ch\/es\/news\/mejorar-calidad-sistema-educativo-chadiano\/\">\n                                                <figure>\n                                                    <img decoding=\"async\"async\" width=\"1920\" height=\"1920\" data-src=\"https:\/\/edm.ch\/wp-content\/uploads\/2024\/08\/apercu_tchad_mondinfo_aout.png\" class=\"attachment-post-thumbnail size-post-thumbnail wp-post-image lazyload\" alt=\"\" data-srcset=\"https:\/\/edm.ch\/wp-content\/uploads\/2024\/08\/apercu_tchad_mondinfo_aout.png 1920w, https:\/\/edm.ch\/wp-content\/uploads\/2024\/08\/apercu_tchad_mondinfo_aout-300x300.png 300w, https:\/\/edm.ch\/wp-content\/uploads\/2024\/08\/apercu_tchad_mondinfo_aout-1024x1024.png 1024w, https:\/\/edm.ch\/wp-content\/uploads\/2024\/08\/apercu_tchad_mondinfo_aout-150x150.png 150w, https:\/\/edm.ch\/wp-content\/uploads\/2024\/08\/apercu_tchad_mondinfo_aout-768x768.png 768w, https:\/\/edm.ch\/wp-content\/uploads\/2024\/08\/apercu_tchad_mondinfo_aout-1536x1536.png 1536w\" data-sizes=\"auto\" src=\"data:image\/svg+xml;base64,PHN2ZyB3aWR0aD0iMSIgaGVpZ2h0PSIxIiB4bWxucz0iaHR0cDovL3d3dy53My5vcmcvMjAwMC9zdmciPjwvc3ZnPg==\" style=\"--smush-placeholder-width: 1920px; --smush-placeholder-aspect-ratio: 1920\/1920;\" data-original-sizes=\"(max-width: 1920px) 100vw, 1920px\" \/>\u00ab>\n                                                <\/figure>\n                                                <div class=\"content\" >\n                                                    <h3>Mejorar la calidad del sistema educativo chadiano<\/h3>\n                                                    <p class=\"date\">23 octubre 2024<\/p>\n                                                    <div class=\"details\">\n                                                        <p><p>En Chad, donde el analfabetismo supera el 70%, no todo el mundo tiene la suerte de asistir a la escuela o de contar con un\/a profesor\/a bien capacitado\/a. Afortunadamente, el profesor de Habiba y G\u00e9d\u00e9on sabe c\u00f3mo incitar a sus alumno\/as a participar: utiliza el sar, la lengua local, y se inspira en las historias y la cultura de lo\/as ni\u00f1o\/as para que comprendan mejor y progresen m\u00e1s f\u00e1cilmente.<\/p>\n<\/p>\n                                                    <\/div>\n                                                    <div class=\"btnDateFlex\">\n                                                        <button href=\"https:\/\/edm.ch\/es\/news\/mejorar-calidad-sistema-educativo-chadiano\/\" class=\"btnWhite small\">Seguir leyendo<\/button>\n                                                        <span class=\"date\"><strong>23<\/strong>octubre 2024<\/span>\n                                                    <\/div>\n                                                <\/div>\n                                            <\/a>\n                                        <\/div>\n                                    <\/div>\n                                                                    <div class=\"newsBlock big\">\n                                        <div class=\"newsBox\">\n                                            <a href=\"https:\/\/edm.ch\/es\/news\/encuentro-rufine-samma-yeko\/\">\n                                                <figure>\n                                                    <img decoding=\"async\"async\" width=\"1920\" height=\"1920\" data-src=\"https:\/\/edm.ch\/wp-content\/uploads\/2024\/08\/Nouveau-site_Carre-1.png\" class=\"attachment-post-thumbnail size-post-thumbnail wp-post-image lazyload\" alt=\"\" data-srcset=\"https:\/\/edm.ch\/wp-content\/uploads\/2024\/08\/Nouveau-site_Carre-1.png 1920w, https:\/\/edm.ch\/wp-content\/uploads\/2024\/08\/Nouveau-site_Carre-1-300x300.png 300w, https:\/\/edm.ch\/wp-content\/uploads\/2024\/08\/Nouveau-site_Carre-1-1024x1024.png 1024w, https:\/\/edm.ch\/wp-content\/uploads\/2024\/08\/Nouveau-site_Carre-1-150x150.png 150w, https:\/\/edm.ch\/wp-content\/uploads\/2024\/08\/Nouveau-site_Carre-1-768x768.png 768w, https:\/\/edm.ch\/wp-content\/uploads\/2024\/08\/Nouveau-site_Carre-1-1536x1536.png 1536w\" data-sizes=\"auto\" src=\"data:image\/svg+xml;base64,PHN2ZyB3aWR0aD0iMSIgaGVpZ2h0PSIxIiB4bWxucz0iaHR0cDovL3d3dy53My5vcmcvMjAwMC9zdmciPjwvc3ZnPg==\" style=\"--smush-placeholder-width: 1920px; --smush-placeholder-aspect-ratio: 1920\/1920;\" data-original-sizes=\"(max-width: 1920px) 100vw, 1920px\" \/>\u00ab>\n                                                <\/figure>\n                                                <div class=\"content\" >\n                                                    <h3>Encuentro con Rufine Samma Yeko, directora educativa de la oficina de Enfants du Monde en Chad<\/h3>\n                                                    <p class=\"date\">4 septiembre 2024<\/p>\n                                                    <div class=\"details\">\n                                                        <p><p>Gracias a nuestras acciones, el acceso a la escuela est\u00e1 progresando en Chad, un pa\u00eds que enfrenta una crisis humanitaria sin precedentes, con conflictos internos, desplazamientos forzados, inseguridad alimentaria y urgencias sanitarias que afectan a m\u00e1s de un tercio de la poblaci\u00f3n.<\/p>\n<\/p>\n                                                    <\/div>\n                                                    <div class=\"btnDateFlex\">\n                                                        <button href=\"https:\/\/edm.ch\/es\/news\/encuentro-rufine-samma-yeko\/\" class=\"btnWhite small\">Seguir leyendo<\/button>\n                                                        <span class=\"date\"><strong>4<\/strong>septiembre 2024<\/span>\n                                                    <\/div>\n                                                <\/div>\n                                            <\/a>\n                                        <\/div>\n                                    <\/div>\n                                                                    <div class=\"newsBlock big\">\n                                        <div class=\"newsBox\">\n                                            <a href=\"https:\/\/edm.ch\/es\/news\/informe-anual-juntos-estamos-transformando-la-educacion-y-la-salud-en-todo-el-mundo\/\">\n                                                <figure>\n                                                    <img decoding=\"async\"async\" width=\"2500\" height=\"1080\" data-src=\"https:\/\/edm.ch\/wp-content\/uploads\/2024\/06\/Enfants_du_Monde_banner_RA23.png\" class=\"attachment-post-thumbnail size-post-thumbnail wp-post-image lazyload\" alt=\"\" data-srcset=\"https:\/\/edm.ch\/wp-content\/uploads\/2024\/06\/Enfants_du_Monde_banner_RA23.png 2500w, https:\/\/edm.ch\/wp-content\/uploads\/2024\/06\/Enfants_du_Monde_banner_RA23-300x130.png 300w, https:\/\/edm.ch\/wp-content\/uploads\/2024\/06\/Enfants_du_Monde_banner_RA23-1024x442.png 1024w, https:\/\/edm.ch\/wp-content\/uploads\/2024\/06\/Enfants_du_Monde_banner_RA23-768x332.png 768w, https:\/\/edm.ch\/wp-content\/uploads\/2024\/06\/Enfants_du_Monde_banner_RA23-1536x664.png 1536w, https:\/\/edm.ch\/wp-content\/uploads\/2024\/06\/Enfants_du_Monde_banner_RA23-2048x885.png 2048w\" data-sizes=\"auto\" src=\"data:image\/svg+xml;base64,PHN2ZyB3aWR0aD0iMSIgaGVpZ2h0PSIxIiB4bWxucz0iaHR0cDovL3d3dy53My5vcmcvMjAwMC9zdmciPjwvc3ZnPg==\" style=\"--smush-placeholder-width: 2500px; --smush-placeholder-aspect-ratio: 2500\/1080;\" data-original-sizes=\"(max-width: 2500px) 100vw, 2500px\" \/>\u00ab>\n                                                <\/figure>\n                                                <div class=\"content\" >\n                                                    <h3>Informe anual: juntos, estamos transformando la educaci\u00f3n y la salud en todo el mundo<\/h3>\n                                                    <p class=\"date\">19 julio 2024<\/p>\n                                                    <div class=\"details\">\n                                                        <p><p>En 2023, gracias a su apoyo, pudimos ofrecer una educaci\u00f3n de calidad a miles de ni\u00f1os\/as y acceso a una mejor atenci\u00f3n sanitaria a mujeres embarazadas. Descubre c\u00f3mo nuestros proyectos est\u00e1n transformando las pr\u00e1cticas de profesores y personal de salud en nuestro informe anual.<\/p>\n<\/p>\n                                                    <\/div>\n                                                    <div class=\"btnDateFlex\">\n                                                        <button href=\"https:\/\/edm.ch\/es\/news\/informe-anual-juntos-estamos-transformando-la-educacion-y-la-salud-en-todo-el-mundo\/\" class=\"btnWhite small\">Seguir leyendo<\/button>\n                                                        <span class=\"date\"><strong>19<\/strong>julio 2024<\/span>\n                                                    <\/div>\n                                                <\/div>\n                                            <\/a>\n                                        <\/div>\n                                    <\/div>\n                                                                    <div class=\"newsBlock big\">\n                                        <div class=\"newsBox\">\n                                            <a href=\"https:\/\/edm.ch\/es\/news\/en-chad-la-educacion-de-calidad-promovida-por-enfants-du-monde-marca-la-diferencia\/\">\n                                                <figure>\n                                                    <img decoding=\"async\"async\" width=\"600\" height=\"400\" data-src=\"https:\/\/edm.ch\/wp-content\/uploads\/2023\/08\/actu_tchad_education_2.png\" class=\"attachment-post-thumbnail size-post-thumbnail wp-post-image lazyload\" alt=\"\" data-srcset=\"https:\/\/edm.ch\/wp-content\/uploads\/2023\/08\/actu_tchad_education_2.png 600w, https:\/\/edm.ch\/wp-content\/uploads\/2023\/08\/actu_tchad_education_2-300x200.png 300w\" data-sizes=\"auto\" src=\"data:image\/svg+xml;base64,PHN2ZyB3aWR0aD0iMSIgaGVpZ2h0PSIxIiB4bWxucz0iaHR0cDovL3d3dy53My5vcmcvMjAwMC9zdmciPjwvc3ZnPg==\" style=\"--smush-placeholder-width: 600px; --smush-placeholder-aspect-ratio: 600\/400;\" data-original-sizes=\"(max-width: 600px) 100vw, 600px\" \/>\u00ab>\n                                                <\/figure>\n                                                <div class=\"content\" >\n                                                    <h3>En Chad, la educaci\u00f3n de calidad promovida por Enfants du Monde marca la diferencia\u00a0<\/h3>\n                                                    <p class=\"date\">22 julio 2023<\/p>\n                                                    <div class=\"details\">\n                                                        <p><\/p>\n                                                    <\/div>\n                                                    <div class=\"btnDateFlex\">\n                                                        <button href=\"https:\/\/edm.ch\/es\/news\/en-chad-la-educacion-de-calidad-promovida-por-enfants-du-monde-marca-la-diferencia\/\" class=\"btnWhite small\">Seguir leyendo<\/button>\n                                                        <span class=\"date\"><strong>22<\/strong>julio 2023<\/span>\n                                                    <\/div>\n                                                <\/div>\n                                            <\/a>\n                                        <\/div>\n                                    <\/div>\n                                                                                        \n                        <\/div>\n                    <\/div>\n                <\/div>\n            \n            <\/section>\n\n\n    \n    <section class=\"rightTextLeftImg \" style=\"display:\">\n        <div class=\"container\">\n            <div class=\"rightTextLeftImgRow\">\n                                    <div class=\"left\">\n                                                    <div class=\"imgBlock\">\n                                <a class=\"figure_block\" href=\"https:\/\/edm.ch\/wp-content\/uploads\/2024\/05\/Souleymane.png\" data-fancybox data-caption=\"\">\n                                    <img decoding=\"async\" data-src=\"https:\/\/edm.ch\/wp-content\/uploads\/2024\/05\/Souleymane.png\" src=\"data:image\/svg+xml;base64,PHN2ZyB3aWR0aD0iMSIgaGVpZ2h0PSIxIiB4bWxucz0iaHR0cDovL3d3dy53My5vcmcvMjAwMC9zdmciPjwvc3ZnPg==\" class=\"lazyload\" style=\"--smush-placeholder-width: 1920px; --smush-placeholder-aspect-ratio: 1920\/1920;\" data-srcset=\"https:\/\/edm.ch\/wp-content\/uploads\/2024\/05\/Souleymane.png 1920w, https:\/\/edm.ch\/wp-content\/uploads\/2024\/05\/Souleymane-300x300.png 300w, https:\/\/edm.ch\/wp-content\/uploads\/2024\/05\/Souleymane-1024x1024.png 1024w, https:\/\/edm.ch\/wp-content\/uploads\/2024\/05\/Souleymane-150x150.png 150w, https:\/\/edm.ch\/wp-content\/uploads\/2024\/05\/Souleymane-768x768.png 768w, https:\/\/edm.ch\/wp-content\/uploads\/2024\/05\/Souleymane-1536x1536.png 1536w\" data-sizes=\"auto\" data-original-sizes=\"(max-width: 1920px) 100vw, 1920px\" \/>\n                                                                    <\/a>\n                                <figcaption><\/figcaption>\n                            <\/div>\n                                            <\/div>\n                                                    <div class=\"right\">\n                        <div class=\"content\">\n                            <h2>                                Contacta con nuestro equipo <small><\/small>\n                            <\/h2>                                                            <p><strong>Oficina de coordinaci\u00f3n en Chad<\/strong><\/p>\n<p>Cuvette Saint Martin, Avenue Ahmat Lamine, BP 7481 Yamena, Chad<\/p>\n<p><strong>Souleymane Ouedraogo<\/strong><\/p>\n<p>Director nacional<\/p>\n<p>Tel. +235 65 28 82 02<\/p>\n<p>Correo electr\u00f3nico: <a href=\"mailto:bureauedmtchad@edm.ch\">bureauedmtchad@edm.ch<\/a><\/p>\n                                                                                                            <\/div>\n                    <\/div>\n                            <\/div>\n        <\/div>\n    <\/section>\n\n  <section class=\"teamSec \" style=\"display:\">\n  \n\n        <div class=\"container\">\n          <h2><\/h2>\n          <div class=\"teamWrap\">\n                                        <div class=\"teamBlock\">\n            <div class=\"teamBox\">\n              <figure>\n                <img decoding=\"async\" data-src=\"https:\/\/edm.ch\/wp-content\/uploads\/2024\/05\/Souleymane.png\" src=\"data:image\/svg+xml;base64,PHN2ZyB3aWR0aD0iMSIgaGVpZ2h0PSIxIiB4bWxucz0iaHR0cDovL3d3dy53My5vcmcvMjAwMC9zdmciPjwvc3ZnPg==\" class=\"lazyload\" style=\"--smush-placeholder-width: 1920px; --smush-placeholder-aspect-ratio: 1920\/1920;\" data-srcset=\"https:\/\/edm.ch\/wp-content\/uploads\/2024\/05\/Souleymane.png 1920w, https:\/\/edm.ch\/wp-content\/uploads\/2024\/05\/Souleymane-300x300.png 300w, https:\/\/edm.ch\/wp-content\/uploads\/2024\/05\/Souleymane-1024x1024.png 1024w, https:\/\/edm.ch\/wp-content\/uploads\/2024\/05\/Souleymane-150x150.png 150w, https:\/\/edm.ch\/wp-content\/uploads\/2024\/05\/Souleymane-768x768.png 768w, https:\/\/edm.ch\/wp-content\/uploads\/2024\/05\/Souleymane-1536x1536.png 1536w\" data-sizes=\"auto\" data-original-sizes=\"(max-width: 1920px) 100vw, 1920px\">\n              <\/figure>\n              <div class=\"content\">\n                <h3>Souleymane Ouedraogo<\/h3>\n                <p><p>Director nacional<\/p>\n <\/p>\n                <h3>Oficina de coordinaci\u00f3n del Chad<\/h3>\n                <p> <\/p>\n                              <\/div>\n\n            <\/div>\n          <\/div>\n                    <div class=\"teamBlock\">\n            <div class=\"teamBox\">\n              <figure>\n                <img decoding=\"async\" data-src=\"https:\/\/edm.ch\/wp-content\/uploads\/2023\/08\/Rufine.png\" src=\"data:image\/svg+xml;base64,PHN2ZyB3aWR0aD0iMSIgaGVpZ2h0PSIxIiB4bWxucz0iaHR0cDovL3d3dy53My5vcmcvMjAwMC9zdmciPjwvc3ZnPg==\" class=\"lazyload\" style=\"--smush-placeholder-width: 1920px; --smush-placeholder-aspect-ratio: 1920\/1920;\" data-srcset=\"https:\/\/edm.ch\/wp-content\/uploads\/2023\/08\/Rufine.png 1920w, https:\/\/edm.ch\/wp-content\/uploads\/2023\/08\/Rufine-300x300.png 300w, https:\/\/edm.ch\/wp-content\/uploads\/2023\/08\/Rufine-1024x1024.png 1024w, https:\/\/edm.ch\/wp-content\/uploads\/2023\/08\/Rufine-150x150.png 150w, https:\/\/edm.ch\/wp-content\/uploads\/2023\/08\/Rufine-768x768.png 768w, https:\/\/edm.ch\/wp-content\/uploads\/2023\/08\/Rufine-1536x1536.png 1536w\" data-sizes=\"auto\" data-original-sizes=\"(max-width: 1920px) 100vw, 1920px\">\n              <\/figure>\n              <div class=\"content\">\n                <h3>Rufine Samma Yeko<\/h3>\n                <p><p>Directora de Innovaci\u00f3n y Asociaciones Estrat\u00e9gicas<\/p>\n <\/p>\n                <h3>Oficina de coordinaci\u00f3n del Chad<\/h3>\n                <p> <\/p>\n                              <\/div>\n\n            <\/div>\n          <\/div>\n                                        <\/div>\n         <\/div>\n    \n      <\/section>\n\n\n        <section class=\" partnerSec\" style=\"display:\">\n        <div class=\"container\">\n            <h2>Socios financieros<\/h2>\n            <div class=\"partnerWrap \">\n\n\n                                    \n                        <div class=\"partnerBlock\">\n                            <figure>\n                                                                    <a href=\"https:\/\/www.eda.admin.ch\/deza\/es\/home.html\" target=\"_blank\">\n                                        <img decoding=\"async\" data-src=\"https:\/\/edm.ch\/wp-content\/uploads\/2023\/08\/DDC-logo-FR.png\" src=\"data:image\/svg+xml;base64,PHN2ZyB3aWR0aD0iMSIgaGVpZ2h0PSIxIiB4bWxucz0iaHR0cDovL3d3dy53My5vcmcvMjAwMC9zdmciPjwvc3ZnPg==\" class=\"lazyload\" style=\"--smush-placeholder-width: 628px; --smush-placeholder-aspect-ratio: 628\/311;\" data-srcset=\"https:\/\/edm.ch\/wp-content\/uploads\/2023\/08\/DDC-logo-FR.png 628w, https:\/\/edm.ch\/wp-content\/uploads\/2023\/08\/DDC-logo-FR-300x149.png 300w\" data-sizes=\"auto\" data-original-sizes=\"(max-width: 628px) 100vw, 628px\">\n                                    <\/a>\n                                                            <\/figure>\n                        <\/div>\n                        \n                                            \n                        <div class=\"partnerBlock\">\n                            <figure>\n                                                                    <a href=\"https:\/\/european-union.europa.eu\/index_es\" target=\"_blank\">\n                                        <img decoding=\"async\" data-src=\"https:\/\/edm.ch\/wp-content\/uploads\/2024\/06\/Logo-site-web.png\" src=\"data:image\/svg+xml;base64,PHN2ZyB3aWR0aD0iMSIgaGVpZ2h0PSIxIiB4bWxucz0iaHR0cDovL3d3dy53My5vcmcvMjAwMC9zdmciPjwvc3ZnPg==\" class=\"lazyload\" style=\"--smush-placeholder-width: 628px; --smush-placeholder-aspect-ratio: 628\/311;\" data-srcset=\"https:\/\/edm.ch\/wp-content\/uploads\/2024\/06\/Logo-site-web.png 628w, https:\/\/edm.ch\/wp-content\/uploads\/2024\/06\/Logo-site-web-300x149.png 300w\" data-sizes=\"auto\" data-original-sizes=\"(max-width: 628px) 100vw, 628px\">\n                                    <\/a>\n                                                            <\/figure>\n                        <\/div>\n                        \n                                            \n                        <div class=\"partnerBlock\">\n                            <figure>\n                                                                    <a href=\"https:\/\/european-union.europa.eu\/index_es\" target=\"_blank\">\n                                        <img decoding=\"async\" data-src=\"https:\/\/edm.ch\/wp-content\/uploads\/2024\/06\/1.png\" src=\"data:image\/svg+xml;base64,PHN2ZyB3aWR0aD0iMSIgaGVpZ2h0PSIxIiB4bWxucz0iaHR0cDovL3d3dy53My5vcmcvMjAwMC9zdmciPjwvc3ZnPg==\" class=\"lazyload\" style=\"--smush-placeholder-width: 628px; --smush-placeholder-aspect-ratio: 628\/311;\" data-srcset=\"https:\/\/edm.ch\/wp-content\/uploads\/2024\/06\/1.png 628w, https:\/\/edm.ch\/wp-content\/uploads\/2024\/06\/1-300x149.png 300w\" data-sizes=\"auto\" data-original-sizes=\"(max-width: 628px) 100vw, 628px\">\n                                    <\/a>\n                                                            <\/figure>\n                        <\/div>\n                        \n                    \n            <\/div>\n        <\/div>\n    <\/section>\n\n\n    <section class=\"donation_count\" style=\"display:\">\n        <div class=\"inner_row\">\n            <div class=\"right_img_block\">\n                <div class=\"img_block figure_block\">\n                    <img decoding=\"async\" data-src=\"https:\/\/edm.ch\/wp-content\/uploads\/2023\/08\/Enfants_du_monde_website_image_don_pays_tchad.png\" alt=\"\" src=\"data:image\/svg+xml;base64,PHN2ZyB3aWR0aD0iMSIgaGVpZ2h0PSIxIiB4bWxucz0iaHR0cDovL3d3dy53My5vcmcvMjAwMC9zdmciPjwvc3ZnPg==\" class=\"lazyload\" style=\"--smush-placeholder-width: 1920px; --smush-placeholder-aspect-ratio: 1920\/1920;\" data-srcset=\"https:\/\/edm.ch\/wp-content\/uploads\/2023\/08\/Enfants_du_monde_website_image_don_pays_tchad.png 1920w, https:\/\/edm.ch\/wp-content\/uploads\/2023\/08\/Enfants_du_monde_website_image_don_pays_tchad-300x300.png 300w, https:\/\/edm.ch\/wp-content\/uploads\/2023\/08\/Enfants_du_monde_website_image_don_pays_tchad-1024x1024.png 1024w, https:\/\/edm.ch\/wp-content\/uploads\/2023\/08\/Enfants_du_monde_website_image_don_pays_tchad-150x150.png 150w, https:\/\/edm.ch\/wp-content\/uploads\/2023\/08\/Enfants_du_monde_website_image_don_pays_tchad-768x768.png 768w, https:\/\/edm.ch\/wp-content\/uploads\/2023\/08\/Enfants_du_monde_website_image_don_pays_tchad-1536x1536.png 1536w\" data-sizes=\"auto\" data-original-sizes=\"(max-width: 1920px) 100vw, 1920px\">\n                                    <\/div>\n            <\/div>\n            <div class=\"left_txt_block\">\n                <div class=\"txt_contents\">\n                    <h3>Mi donaci\u00f3n marca la diferencia<\/h3>\n                    <div class=\"block_txts\">\n                                                    <div class=\"item\">\n                                <span class=\"title\">Por ejemplo:<\/span>\n                                <p><\/p>\n                            <\/div>\n                                                    <div class=\"item\">\n                                <span class=\"title\">Con 70 francos:\u00a0<\/span>\n                                <p>Ofrezco a 10 ni\u00f1os en Burkina Faso un manual biling\u00fce franc\u00e9s-moor\u00e9 (lengua local), que les permitir\u00e1 lograr mayores progresos en la escuela.<\/p>\n                            <\/div>\n                                                    <div class=\"item\">\n                                <span class=\"title\">Con 140 francos:<\/span>\n                                <p>Hago posible que 28 mujeres embarazadas de Bangladesh y sus maridos participen en una sesi\u00f3n de educaci\u00f3n sanitaria materna y se preparen para el parto.<\/p>\n                            <\/div>\n                                                    <div class=\"item\">\n                                <span class=\"title\">Con 200 francos:<\/span>\n                                <p>Financio en Guatemala la formaci\u00f3n permanente en educaci\u00f3n biling\u00fce de 17 docentes, encaminada a mejorar la calidad de sus clases.<\/p>\n                            <\/div>\n                                                                            <a href=\"https:\/\/don.edm.ch\/es\" class=\"btnWhite buttonDonation\">\n                                HAGO UNA DONACI\u00d3N                            <\/a>\n                                            <\/div>\n                <\/div>\n            <\/div>\n        <\/div>\n    <\/section>","protected":false},"featured_media":0,"parent":0,"template":"","countries-names":[],"class_list":["post-5969","country","type-country","status-publish","hentry"],"acf":[],"yoast_head":"<!-- This site is optimized with the Yoast SEO plugin v26.9 - https:\/\/yoast.com\/product\/yoast-seo-wordpress\/ -->\n<title>Educaci\u00f3n en Chad - Enfants du Monde<\/title>\n<meta name=\"description\" content=\"Nuestra ONG trabaja en Chad, apoyando a los ni\u00f1os para garantizarles una educaci\u00f3n de calidad y formando a profesores.\" \/>\n<meta name=\"robots\" content=\"index, follow, max-snippet:-1, max-image-preview:large, max-video-preview:-1\" \/>\n<link rel=\"canonical\" href=\"https:\/\/edm.ch\/es\/chad\/\" \/>\n<meta property=\"og:locale\" content=\"es_ES\" \/>\n<meta property=\"og:type\" content=\"article\" \/>\n<meta property=\"og:title\" content=\"Educaci\u00f3n en Chad - Enfants du Monde\" \/>\n<meta property=\"og:description\" content=\"Nuestra ONG trabaja en Chad, apoyando a los ni\u00f1os para garantizarles una educaci\u00f3n de calidad y formando a profesores.\" \/>\n<meta property=\"og:url\" content=\"https:\/\/edm.ch\/es\/chad\/\" \/>\n<meta property=\"og:site_name\" content=\"Enfants du monde\" \/>\n<meta property=\"article:modified_time\" content=\"2025-11-28T11:21:55+00:00\" \/>\n<meta name=\"twitter:card\" content=\"summary_large_image\" \/>\n<script type=\"application\/ld+json\" class=\"yoast-schema-graph\">{\"@context\":\"https:\/\/schema.org\",\"@graph\":[{\"@type\":\"WebPage\",\"@id\":\"https:\/\/edm.ch\/es\/chad\/\",\"url\":\"https:\/\/edm.ch\/es\/chad\/\",\"name\":\"Educaci\u00f3n en Chad - Enfants du Monde\",\"isPartOf\":{\"@id\":\"https:\/\/edm.ch\/en\/#website\"},\"datePublished\":\"2023-08-11T13:10:24+00:00\",\"dateModified\":\"2025-11-28T11:21:55+00:00\",\"description\":\"Nuestra ONG trabaja en Chad, apoyando a los ni\u00f1os para garantizarles una educaci\u00f3n de calidad y formando a profesores.\",\"inLanguage\":\"es\",\"potentialAction\":[{\"@type\":\"ReadAction\",\"target\":[\"https:\/\/edm.ch\/es\/chad\/\"]}]},{\"@type\":\"WebSite\",\"@id\":\"https:\/\/edm.ch\/en\/#website\",\"url\":\"https:\/\/edm.ch\/en\/\",\"name\":\"Enfants du monde\",\"description\":\"Association suisse\",\"potentialAction\":[{\"@type\":\"SearchAction\",\"target\":{\"@type\":\"EntryPoint\",\"urlTemplate\":\"https:\/\/edm.ch\/en\/?s={search_term_string}\"},\"query-input\":{\"@type\":\"PropertyValueSpecification\",\"valueRequired\":true,\"valueName\":\"search_term_string\"}}],\"inLanguage\":\"es\"}]}<\/script>\n<!-- \/ Yoast SEO plugin. -->","yoast_head_json":{"title":"Educaci\u00f3n en Chad - Enfants du Monde","description":"Nuestra ONG trabaja en Chad, apoyando a los ni\u00f1os para garantizarles una educaci\u00f3n de calidad y formando a profesores.","robots":{"index":"index","follow":"follow","max-snippet":"max-snippet:-1","max-image-preview":"max-image-preview:large","max-video-preview":"max-video-preview:-1"},"canonical":"https:\/\/edm.ch\/es\/chad\/","og_locale":"es_ES","og_type":"article","og_title":"Educaci\u00f3n en Chad - Enfants du Monde","og_description":"Nuestra ONG trabaja en Chad, apoyando a los ni\u00f1os para garantizarles una educaci\u00f3n de calidad y formando a profesores.","og_url":"https:\/\/edm.ch\/es\/chad\/","og_site_name":"Enfants du monde","article_modified_time":"2025-11-28T11:21:55+00:00","twitter_card":"summary_large_image","schema":{"@context":"https:\/\/schema.org","@graph":[{"@type":"WebPage","@id":"https:\/\/edm.ch\/es\/chad\/","url":"https:\/\/edm.ch\/es\/chad\/","name":"Educaci\u00f3n en Chad - Enfants du Monde","isPartOf":{"@id":"https:\/\/edm.ch\/en\/#website"},"datePublished":"2023-08-11T13:10:24+00:00","dateModified":"2025-11-28T11:21:55+00:00","description":"Nuestra ONG trabaja en Chad, apoyando a los ni\u00f1os para garantizarles una educaci\u00f3n de calidad y formando a profesores.","inLanguage":"es","potentialAction":[{"@type":"ReadAction","target":["https:\/\/edm.ch\/es\/chad\/"]}]},{"@type":"WebSite","@id":"https:\/\/edm.ch\/en\/#website","url":"https:\/\/edm.ch\/en\/","name":"Enfants du monde","description":"Association suisse","potentialAction":[{"@type":"SearchAction","target":{"@type":"EntryPoint","urlTemplate":"https:\/\/edm.ch\/en\/?s={search_term_string}"},"query-input":{"@type":"PropertyValueSpecification","valueRequired":true,"valueName":"search_term_string"}}],"inLanguage":"es"}]}},"_links":{"self":[{"href":"https:\/\/edm.ch\/es\/wp-json\/wp\/v2\/country\/5969","targetHints":{"allow":["GET"]}}],"collection":[{"href":"https:\/\/edm.ch\/es\/wp-json\/wp\/v2\/country"}],"about":[{"href":"https:\/\/edm.ch\/es\/wp-json\/wp\/v2\/types\/country"}],"wp:attachment":[{"href":"https:\/\/edm.ch\/es\/wp-json\/wp\/v2\/media?parent=5969"}],"wp:term":[{"taxonomy":"countries-names","embeddable":true,"href":"https:\/\/edm.ch\/es\/wp-json\/wp\/v2\/countries-names?post=5969"}],"curies":[{"name":"wp","href":"https:\/\/api.w.org\/{rel}","templated":true}]}}