{"id":29667,"date":"2023-12-20T14:40:59","date_gmt":"2023-12-20T14:40:59","guid":{"rendered":"https:\/\/edm.ch\/?post_type=projects&#038;p=29667"},"modified":"2025-09-04T13:42:37","modified_gmt":"2025-09-04T13:42:37","slug":"burkina-faso-improving-access-to-education-and-water","status":"publish","type":"projects","link":"https:\/\/edm.ch\/en\/burkina-faso-improving-access-to-education-and-water\/","title":{"rendered":"Burkina Faso &#8211; Improving Access to Education and Drinking Water"},"content":{"rendered":"<section class=\"subpageBanner\" style=\"display:\">\n    <div class=\"subpageBannerBlock figure_block\">\n        <img decoding=\"async\" data-src=\"https:\/\/edm.ch\/wp-content\/uploads\/2023\/12\/Enfants_du_Monde_banner_parmiest_burkina_faso.png\" src=\"data:image\/svg+xml;base64,PHN2ZyB3aWR0aD0iMSIgaGVpZ2h0PSIxIiB4bWxucz0iaHR0cDovL3d3dy53My5vcmcvMjAwMC9zdmciPjwvc3ZnPg==\" class=\"lazyload\" style=\"--smush-placeholder-width: 2500px; --smush-placeholder-aspect-ratio: 2500\/1080;\" data-srcset=\"https:\/\/edm.ch\/wp-content\/uploads\/2023\/12\/Enfants_du_Monde_banner_parmiest_burkina_faso.png 2500w, https:\/\/edm.ch\/wp-content\/uploads\/2023\/12\/Enfants_du_Monde_banner_parmiest_burkina_faso-300x130.png 300w, https:\/\/edm.ch\/wp-content\/uploads\/2023\/12\/Enfants_du_Monde_banner_parmiest_burkina_faso-1024x442.png 1024w, https:\/\/edm.ch\/wp-content\/uploads\/2023\/12\/Enfants_du_Monde_banner_parmiest_burkina_faso-768x332.png 768w, https:\/\/edm.ch\/wp-content\/uploads\/2023\/12\/Enfants_du_Monde_banner_parmiest_burkina_faso-1536x664.png 1536w, https:\/\/edm.ch\/wp-content\/uploads\/2023\/12\/Enfants_du_Monde_banner_parmiest_burkina_faso-2048x885.png 2048w\" data-sizes=\"auto\" data-original-sizes=\"(max-width: 2500px) 100vw, 2500px\" \/>\n        <div class=\"subpageBannerWrap\">\n            <div class=\"container\">\n                <div class=\"content\">\n                    <div>\n                        <span class=\"bannerHead\">Burkina Faso<\/span>\n                        <h1>Improving Access to Education and Drinking Water<\/h1>\n                    <\/div>\n                                    <\/div>\n            <\/div>\n        <\/div>\n                    <div class=\"picture-caption\">\n                <div class=\"caption-content\"><span>Warren Sar\u00e9 \/ Enfants du Monde \/ Fairpicture<\/span><\/div>\n            <\/div>\n            <\/div>\n<\/section>\n<script type=\"text\/javascript\">\n    jQuery(document).ready(function ($) {\n        \/\/ Check if the block exists\n        var bannerSection = $('#subpage-banner-section');\n\n        if (bannerSection.length > 0) {\n            \/\/ Move the block to the end of <main> just before the footer\n            $('main').append(bannerSection); \/\/ This will append it inside the <main> tag\n        }\n\n        $('.documentAccordion').on('click', function (e) {\n            e.preventDefault();  \/\/ Prevent default link action\n\n            \/\/ Target the section with the given ID\n            $('html, body').animate({\n                scrollTop: $('#subpage-banner-section').offset().top - 200\n            }, 1000);\n        });\n    });\n<\/script>\n\n\n        <section class=\" countSec\" style=\"display:\">\n        <div class=\"container\">\n            <div class=\"countHolder\">\n                <h2>From 2022 to 2023 <\/h2>\n                <div class=\"countBlock\">\n                    <div class=\"countRow\">\n\n                        \n                            <div class=\"countCol\">\n                                <div class=\"countColInner\">\n                                    <div class=\"imgBlock\">\n                                    <img decoding=\"async\" data-src=\"https:\/\/edm.ch\/wp-content\/uploads\/2023\/08\/Picto-enfant.png\" src=\"data:image\/svg+xml;base64,PHN2ZyB3aWR0aD0iMSIgaGVpZ2h0PSIxIiB4bWxucz0iaHR0cDovL3d3dy53My5vcmcvMjAwMC9zdmciPjwvc3ZnPg==\" class=\"lazyload\" style=\"--smush-placeholder-width: 160px; --smush-placeholder-aspect-ratio: 160\/160;\" data-srcset=\"https:\/\/edm.ch\/wp-content\/uploads\/2023\/08\/Picto-enfant.png 160w, https:\/\/edm.ch\/wp-content\/uploads\/2023\/08\/Picto-enfant-150x150.png 150w\" data-sizes=\"auto\" data-original-sizes=\"(max-width: 160px) 100vw, 160px\" \/>\n                                    <\/div>\n                                    <div class=\"content\">\n                                    <h2>18 348<\/h2>\n                                    <p>people have benefited from the project <\/p>\n                                    <\/div>\n                                <\/div>\n                            <\/div>\n\n                        \n                            <div class=\"countCol\">\n                                <div class=\"countColInner\">\n                                    <div class=\"imgBlock\">\n                                    <img decoding=\"async\" data-src=\"https:\/\/edm.ch\/wp-content\/uploads\/2023\/08\/Picto-eleve.png\" src=\"data:image\/svg+xml;base64,PHN2ZyB3aWR0aD0iMSIgaGVpZ2h0PSIxIiB4bWxucz0iaHR0cDovL3d3dy53My5vcmcvMjAwMC9zdmciPjwvc3ZnPg==\" class=\"lazyload\" style=\"--smush-placeholder-width: 160px; --smush-placeholder-aspect-ratio: 160\/160;\" data-srcset=\"https:\/\/edm.ch\/wp-content\/uploads\/2023\/08\/Picto-eleve.png 160w, https:\/\/edm.ch\/wp-content\/uploads\/2023\/08\/Picto-eleve-150x150.png 150w\" data-sizes=\"auto\" data-original-sizes=\"(max-width: 160px) 100vw, 160px\" \/>\n                                    <\/div>\n                                    <div class=\"content\">\n                                    <h2>40<\/h2>\n                                    <p>activities completed <\/p>\n                                    <\/div>\n                                <\/div>\n                            <\/div>\n\n                        \n                    <\/div>\n                <\/div>\n                <div class=\"countBlockText\"><p><\/p><\/div>\n            <\/div>\n        <\/div>\n    <\/section>\n\n        <section class=\"contentSec\" style=\"display:\">\n        <div class=\"container\">\n            <div class=\"contentBlock\">\n                <h5><\/h5>\n                <p><em>This project is now complete.<\/em><\/p>\n<p>From July 2022 to June 2023, despite significant security and financial challenges and rampant inflation,<\/p>\n<p>the Project to Support a Multisectoral and Integrated Response to the Needs of Affected Populations in the Eastern Region has achieved its objectives <b>by improving access to education and drinking water for populations affected by the crisis in the municipalities of Fada and Diapaga.<\/b> It has also contributed to the mental well-being and resilience of the affected communities.<\/p>\n                            <\/div>\n        <\/div>\n    <\/section>\n\n\n    \n    <section class=\"rightTextLeftImg \" style=\"display:\">\n        <div class=\"container\">\n            <div class=\"rightTextLeftImgRow\">\n                                    <div class=\"left\">\n                                                    <div class=\"imgBlock\">\n                                <a class=\"figure_block\" href=\"https:\/\/edm.ch\/wp-content\/uploads\/2023\/12\/Enfants_du_Monde_ESU_Burkina_Faso.png\" data-fancybox data-caption=\"\">\n                                    <img decoding=\"async\" data-src=\"https:\/\/edm.ch\/wp-content\/uploads\/2023\/12\/Enfants_du_Monde_ESU_Burkina_Faso.png\" src=\"data:image\/svg+xml;base64,PHN2ZyB3aWR0aD0iMSIgaGVpZ2h0PSIxIiB4bWxucz0iaHR0cDovL3d3dy53My5vcmcvMjAwMC9zdmciPjwvc3ZnPg==\" class=\"lazyload\" style=\"--smush-placeholder-width: 1920px; --smush-placeholder-aspect-ratio: 1920\/1920;\" data-srcset=\"https:\/\/edm.ch\/wp-content\/uploads\/2023\/12\/Enfants_du_Monde_ESU_Burkina_Faso.png 1920w, https:\/\/edm.ch\/wp-content\/uploads\/2023\/12\/Enfants_du_Monde_ESU_Burkina_Faso-300x300.png 300w, https:\/\/edm.ch\/wp-content\/uploads\/2023\/12\/Enfants_du_Monde_ESU_Burkina_Faso-1024x1024.png 1024w, https:\/\/edm.ch\/wp-content\/uploads\/2023\/12\/Enfants_du_Monde_ESU_Burkina_Faso-150x150.png 150w, https:\/\/edm.ch\/wp-content\/uploads\/2023\/12\/Enfants_du_Monde_ESU_Burkina_Faso-768x768.png 768w, https:\/\/edm.ch\/wp-content\/uploads\/2023\/12\/Enfants_du_Monde_ESU_Burkina_Faso-1536x1536.png 1536w\" data-sizes=\"auto\" data-original-sizes=\"(max-width: 1920px) 100vw, 1920px\" \/>\n                                                                            <div class=\"picture-caption\">\n                                            <div class=\"caption-content\"><span>Enfants du Monde<\/span><\/div>\n                                        <\/div>\n                                                                    <\/a>\n                                <figcaption><\/figcaption>\n                            <\/div>\n                                            <\/div>\n                                                    <div class=\"right\">\n                        <div class=\"content\">\n                            <h3>                                Success of the PARMI-Est Project Despite Security and Economic Challenges <small><\/small>\n                            <\/h3>                                                            <p>18,348 people, including 95% children and 51% women or girls, benefited from this project, which far exceeded its target of 8,607 beneficiaries.<\/p>\n                                                                                                            <\/div>\n                    <\/div>\n                            <\/div>\n        <\/div>\n    <\/section>\n\n\n    \n    <section class=\"leftTextRightImg \" style=\"display:\">\n        <div class=\"container\">\n            <div class=\"leftTextRightImgRow\">\n                                    <div class=\"right\">\n                                                    <div class=\"imgBlock\">\n                                <a class=\"figure_block\" href=\"https:\/\/edm.ch\/wp-content\/uploads\/2023\/12\/Enfants_du_Monde_ESU_portrait_Burkina_Faso.png\" data-fancybox data-caption=\"\">\n                                    <img decoding=\"async\" data-src=\"https:\/\/edm.ch\/wp-content\/uploads\/2023\/12\/Enfants_du_Monde_ESU_portrait_Burkina_Faso.png\" src=\"data:image\/svg+xml;base64,PHN2ZyB3aWR0aD0iMSIgaGVpZ2h0PSIxIiB4bWxucz0iaHR0cDovL3d3dy53My5vcmcvMjAwMC9zdmciPjwvc3ZnPg==\" class=\"lazyload\" style=\"--smush-placeholder-width: 1920px; --smush-placeholder-aspect-ratio: 1920\/1920;\" data-srcset=\"https:\/\/edm.ch\/wp-content\/uploads\/2023\/12\/Enfants_du_Monde_ESU_portrait_Burkina_Faso.png 1920w, https:\/\/edm.ch\/wp-content\/uploads\/2023\/12\/Enfants_du_Monde_ESU_portrait_Burkina_Faso-300x300.png 300w, https:\/\/edm.ch\/wp-content\/uploads\/2023\/12\/Enfants_du_Monde_ESU_portrait_Burkina_Faso-1024x1024.png 1024w, https:\/\/edm.ch\/wp-content\/uploads\/2023\/12\/Enfants_du_Monde_ESU_portrait_Burkina_Faso-150x150.png 150w, https:\/\/edm.ch\/wp-content\/uploads\/2023\/12\/Enfants_du_Monde_ESU_portrait_Burkina_Faso-768x768.png 768w, https:\/\/edm.ch\/wp-content\/uploads\/2023\/12\/Enfants_du_Monde_ESU_portrait_Burkina_Faso-1536x1536.png 1536w\" data-sizes=\"auto\" data-original-sizes=\"(max-width: 1920px) 100vw, 1920px\" \/>\n                                                                            <div class=\"picture-caption\">\n                                            <div class=\"caption-content\"><span>Adrien Bitibaly \/ Enfants du Monde \/ Fairpicture<\/span><\/div>\n                                        <\/div>\n                                                                    <\/a>\n                                <figcaption><\/figcaption>\n                            <\/div>\n                                            <\/div>\n                                                    <div class=\"left\">\n                        <div class=\"content\">\n                            <h2>                                Our Impact  <small>Better Access to Education <\/small>\n                            <\/h2>                                                            <p>The project has helped improve access to school for internally displaced students and vulnerable children in host communities by:<\/p>\n<ul>\n<li>Creating emergency classrooms;<\/li>\n<li>Building teachers&#8217; capacity;<\/li>\n<li>The organisation of remedial classes for school dropouts;<\/li>\n<li>The distribution of school kits to vulnerable students;<\/li>\n<li>Pre-vocational training for young people outside the school system;<\/li>\n<li>A radio education programme for children deprived of education.<\/li>\n<\/ul>\n                                                                                                            <\/div>\n                    <\/div>\n                            <\/div>\n        <\/div>\n    <\/section>\n\n\n    \n    <section class=\"rightTextLeftImg \" style=\"display:\">\n        <div class=\"container\">\n            <div class=\"rightTextLeftImgRow\">\n                                    <div class=\"left\">\n                                                    <div class=\"imgBlock\">\n                                <a class=\"figure_block\" href=\"https:\/\/edm.ch\/wp-content\/uploads\/2023\/12\/WhatsApp-Image-2023-03-23-at-17.54.14.jpeg\" data-fancybox data-caption=\"\">\n                                    <img decoding=\"async\" data-src=\"https:\/\/edm.ch\/wp-content\/uploads\/2023\/12\/WhatsApp-Image-2023-03-23-at-17.54.14.jpeg\" src=\"data:image\/svg+xml;base64,PHN2ZyB3aWR0aD0iMSIgaGVpZ2h0PSIxIiB4bWxucz0iaHR0cDovL3d3dy53My5vcmcvMjAwMC9zdmciPjwvc3ZnPg==\" class=\"lazyload\" style=\"--smush-placeholder-width: 1016px; --smush-placeholder-aspect-ratio: 1016\/762;\" data-srcset=\"https:\/\/edm.ch\/wp-content\/uploads\/2023\/12\/WhatsApp-Image-2023-03-23-at-17.54.14.jpeg 1016w, https:\/\/edm.ch\/wp-content\/uploads\/2023\/12\/WhatsApp-Image-2023-03-23-at-17.54.14-300x225.jpeg 300w, https:\/\/edm.ch\/wp-content\/uploads\/2023\/12\/WhatsApp-Image-2023-03-23-at-17.54.14-768x576.jpeg 768w\" data-sizes=\"auto\" data-original-sizes=\"(max-width: 1016px) 100vw, 1016px\" \/>\n                                                                            <div class=\"picture-caption\">\n                                            <div class=\"caption-content\"><span>\u00a9 M. Odagou<\/span><\/div>\n                                        <\/div>\n                                                                    <\/a>\n                                <figcaption><\/figcaption>\n                            <\/div>\n                                            <\/div>\n                                                    <div class=\"right\">\n                        <div class=\"content\">\n                            <h2>                                 <small>Improved Sanitation and Water Supply <\/small>\n                            <\/h2>                                                            <p>Hygiene and sanitation were also part of the project, including:<\/p>\n<ul>\n<li>Providing schools with water collection and storage facilities;<\/li>\n<li>The rehabilitation of boreholes and school latrines;<\/li>\n<li>Hygiene training for communities and teachers to ensure the correct use of infrastructure.<\/li>\n<\/ul>\n                                                                                                            <\/div>\n                    <\/div>\n                            <\/div>\n        <\/div>\n    <\/section>\n\n\n    \n    <section class=\"quoteImage leftTextRightImg \" style=\"display:\">\n        <div class=\"container\">\n            <div class=\"leftTextRightImgRow\">\n                                    <div class=\"right\">\n                                                    <div class=\"imgBlock\">\n                                <a class=\"figure_block\" href=\"https:\/\/edm.ch\/wp-content\/uploads\/2023\/12\/Enfants_du_Monde_temoignage_aminata_BurkinaFaso.png\" data-fancybox data-caption=\"\">\n                                    <img decoding=\"async\" data-src=\"https:\/\/edm.ch\/wp-content\/uploads\/2023\/12\/Enfants_du_Monde_temoignage_aminata_BurkinaFaso.png\" src=\"data:image\/svg+xml;base64,PHN2ZyB3aWR0aD0iMSIgaGVpZ2h0PSIxIiB4bWxucz0iaHR0cDovL3d3dy53My5vcmcvMjAwMC9zdmciPjwvc3ZnPg==\" class=\"lazyload\" style=\"--smush-placeholder-width: 1920px; --smush-placeholder-aspect-ratio: 1920\/1920;\" data-srcset=\"https:\/\/edm.ch\/wp-content\/uploads\/2023\/12\/Enfants_du_Monde_temoignage_aminata_BurkinaFaso.png 1920w, https:\/\/edm.ch\/wp-content\/uploads\/2023\/12\/Enfants_du_Monde_temoignage_aminata_BurkinaFaso-300x300.png 300w, https:\/\/edm.ch\/wp-content\/uploads\/2023\/12\/Enfants_du_Monde_temoignage_aminata_BurkinaFaso-1024x1024.png 1024w, https:\/\/edm.ch\/wp-content\/uploads\/2023\/12\/Enfants_du_Monde_temoignage_aminata_BurkinaFaso-150x150.png 150w, https:\/\/edm.ch\/wp-content\/uploads\/2023\/12\/Enfants_du_Monde_temoignage_aminata_BurkinaFaso-768x768.png 768w, https:\/\/edm.ch\/wp-content\/uploads\/2023\/12\/Enfants_du_Monde_temoignage_aminata_BurkinaFaso-1536x1536.png 1536w\" data-sizes=\"auto\" data-original-sizes=\"(max-width: 1920px) 100vw, 1920px\" \/>\n                                                                            <div class=\"picture-caption\">\n                                            <div class=\"caption-content\"><span>\u00a9 M. Palm, FDC<\/span><\/div>\n                                        <\/div>\n                                                                    <\/a>\n                                <figcaption><\/figcaption>\n                            <\/div>\n                                            <\/div>\n                                                    <div class=\"left\">\n                        <div class=\"content\">\n                            <h2>                                Aminata <small>11 years old, internally displaced pupil <\/small>\n                            <\/h2>                            <div class=\"quote\">                                <p><span class=\"TextRun SCXW160024527 BCX2\" lang=\"EN-GB\" xml:lang=\"EN-GB\" data-contrast=\"auto\"><span class=\"NormalTextRun SCXW160024527 BCX2\">After my school closed, I didn&#8217;t go to school for 2 years. I <\/span><span class=\"NormalTextRun SCXW160024527 BCX2\">couldn&#8217;t<\/span><span class=\"NormalTextRun SCXW160024527 BCX2\"> even do maths and conjugation. I <\/span><span class=\"NormalTextRun SCXW160024527 BCX2\">didn&#8217;t<\/span><span class=\"NormalTextRun SCXW160024527 BCX2\"> think <\/span><span class=\"NormalTextRun SCXW160024527 BCX2\">I&#8217;d<\/span><span class=\"NormalTextRun SCXW160024527 BCX2\"> ever be able to go back to school and I was <\/span><span class=\"NormalTextRun AdvancedProofingIssueV2Themed SCXW160024527 BCX2\">really sad<\/span><span class=\"NormalTextRun SCXW160024527 BCX2\">. <\/span><\/span><span class=\"TextRun SCXW160024527 BCX2\" lang=\"EN-US\" xml:lang=\"EN-US\" data-contrast=\"auto\"><span class=\"NormalTextRun SCXW160024527 BCX2\">Thanks to the refresher courses, I was able to return to a class that corresponded to my age and today I can continue my studies.<\/span><\/span><\/p>\n                            <\/div>                                                                                <\/div>\n                    <\/div>\n                            <\/div>\n        <\/div>\n    <\/section>\n\n\n    \n    <section class=\"leftTextRightImg \" style=\"display:\">\n        <div class=\"container\">\n            <div class=\"leftTextRightImgRow\">\n                                    <div class=\"right\">\n                                                    <div class=\"imgBlock\">\n                                <a class=\"figure_block\" href=\"https:\/\/edm.ch\/wp-content\/uploads\/2023\/08\/Enfants_du_monde_image_website_mother_with_child-1.png\" data-fancybox data-caption=\"\">\n                                    <img decoding=\"async\" data-src=\"https:\/\/edm.ch\/wp-content\/uploads\/2023\/08\/Enfants_du_monde_image_website_mother_with_child-1.png\" src=\"data:image\/svg+xml;base64,PHN2ZyB3aWR0aD0iMSIgaGVpZ2h0PSIxIiB4bWxucz0iaHR0cDovL3d3dy53My5vcmcvMjAwMC9zdmciPjwvc3ZnPg==\" class=\"lazyload\" style=\"--smush-placeholder-width: 1920px; --smush-placeholder-aspect-ratio: 1920\/1920;\" data-srcset=\"https:\/\/edm.ch\/wp-content\/uploads\/2023\/08\/Enfants_du_monde_image_website_mother_with_child-1.png 1920w, https:\/\/edm.ch\/wp-content\/uploads\/2023\/08\/Enfants_du_monde_image_website_mother_with_child-1-300x300.png 300w, https:\/\/edm.ch\/wp-content\/uploads\/2023\/08\/Enfants_du_monde_image_website_mother_with_child-1-1024x1024.png 1024w, https:\/\/edm.ch\/wp-content\/uploads\/2023\/08\/Enfants_du_monde_image_website_mother_with_child-1-150x150.png 150w, https:\/\/edm.ch\/wp-content\/uploads\/2023\/08\/Enfants_du_monde_image_website_mother_with_child-1-768x768.png 768w, https:\/\/edm.ch\/wp-content\/uploads\/2023\/08\/Enfants_du_monde_image_website_mother_with_child-1-1536x1536.png 1536w\" data-sizes=\"auto\" data-original-sizes=\"(max-width: 1920px) 100vw, 1920px\" \/>\n                                                                            <div class=\"picture-caption\">\n                                            <div class=\"caption-content\"><span>Tougma T\u00e9n\u00e9 SANKARA, coordinateur r\u00e9gional<\/span><\/div>\n                                        <\/div>\n                                                                    <\/a>\n                                <figcaption><\/figcaption>\n                            <\/div>\n                                            <\/div>\n                                                    <div class=\"left\">\n                        <div class=\"content\">\n                            <h2>                                Contact Our Team <small><\/small>\n                            <\/h2>                                                            <p><strong>Coordination Office in Sahelian Africa<\/strong><\/p>\n<p>01 BP 1793 Ouagadougou 01, Burkina Faso<\/p>\n<p><strong>Tougma T\u00e9n\u00e9 Sankara<\/strong><\/p>\n<p>Regional Coordinator for the Sahel<br \/>\nT\u00e9l : +226 25 36 08 46<br \/>\nEmail : <a href=\"mailto:edmsahel@fasonet.bf\">edmsahel@fasonet.bf<\/a><\/p>\n                                                                                                            <\/div>\n                    <\/div>\n                            <\/div>\n        <\/div>\n    <\/section>\n\n\n        <section class=\" partnerSec\" style=\"display:\">\n        <div class=\"container\">\n            <h2>Financial Partner <\/h2>\n            <div class=\"partnerWrap \">\n\n\n                                    \n                        <div class=\"partnerBlock\">\n                            <figure>\n                                                                    <img decoding=\"async\" data-src=\"https:\/\/edm.ch\/wp-content\/uploads\/2023\/12\/logo_fhraoc.png\" src=\"data:image\/svg+xml;base64,PHN2ZyB3aWR0aD0iMSIgaGVpZ2h0PSIxIiB4bWxucz0iaHR0cDovL3d3dy53My5vcmcvMjAwMC9zdmciPjwvc3ZnPg==\" class=\"lazyload\" style=\"--smush-placeholder-width: 628px; --smush-placeholder-aspect-ratio: 628\/311;\" data-srcset=\"https:\/\/edm.ch\/wp-content\/uploads\/2023\/12\/logo_fhraoc.png 628w, https:\/\/edm.ch\/wp-content\/uploads\/2023\/12\/logo_fhraoc-300x149.png 300w\" data-sizes=\"auto\" data-original-sizes=\"(max-width: 628px) 100vw, 628px\">\n                                                            <\/figure>\n                        <\/div>\n                        \n                    \n            <\/div>\n        <\/div>\n    <\/section>\n\n\n        <section class=\" partnerSec\" style=\"display:\">\n        <div class=\"container\">\n            <h2>Local Partner <\/h2>\n            <div class=\"partnerWrap \">\n\n\n                                    \n                        <div class=\"partnerBlock\">\n                            <figure>\n                                                                    <a href=\"https:\/\/www.tintua.org\/\" target=\"_blank\">\n                                        <img decoding=\"async\" data-src=\"https:\/\/edm.ch\/wp-content\/uploads\/2023\/08\/Association-Tin-Tua-logo-1.png\" src=\"data:image\/svg+xml;base64,PHN2ZyB3aWR0aD0iMSIgaGVpZ2h0PSIxIiB4bWxucz0iaHR0cDovL3d3dy53My5vcmcvMjAwMC9zdmciPjwvc3ZnPg==\" class=\"lazyload\" style=\"--smush-placeholder-width: 628px; --smush-placeholder-aspect-ratio: 628\/311;\" data-srcset=\"https:\/\/edm.ch\/wp-content\/uploads\/2023\/08\/Association-Tin-Tua-logo-1.png 628w, https:\/\/edm.ch\/wp-content\/uploads\/2023\/08\/Association-Tin-Tua-logo-1-300x149.png 300w\" data-sizes=\"auto\" data-original-sizes=\"(max-width: 628px) 100vw, 628px\">\n                                    <\/a>\n                                                            <\/figure>\n                        <\/div>\n                        \n                    \n            <\/div>\n        <\/div>\n    <\/section>","protected":false},"featured_media":0,"parent":0,"template":"","class_list":["post-29667","projects","type-projects","status-publish","hentry"],"acf":[],"yoast_head":"<!-- This site is optimized with the Yoast SEO plugin v26.9 - https:\/\/yoast.com\/product\/yoast-seo-wordpress\/ -->\n<title>Access to education and water in Burkina Faso - Enfants du Monde<\/title>\n<meta name=\"description\" content=\"Despite the security challenges, we have improved the access to education and water in for the people Burkina Faso.\" \/>\n<meta name=\"robots\" content=\"index, follow, max-snippet:-1, max-image-preview:large, max-video-preview:-1\" \/>\n<link rel=\"canonical\" href=\"https:\/\/edm.ch\/en\/burkina-faso-improving-access-to-education-and-water\/\" \/>\n<meta property=\"og:locale\" content=\"en_US\" \/>\n<meta property=\"og:type\" content=\"article\" \/>\n<meta property=\"og:title\" content=\"Access to education and water in Burkina Faso - Enfants du Monde\" \/>\n<meta property=\"og:description\" content=\"Despite the security challenges, we have improved the access to education and water in for the people Burkina Faso.\" \/>\n<meta property=\"og:url\" content=\"https:\/\/edm.ch\/en\/burkina-faso-improving-access-to-education-and-water\/\" \/>\n<meta property=\"og:site_name\" content=\"Enfants du monde\" \/>\n<meta property=\"article:modified_time\" content=\"2025-09-04T13:42:37+00:00\" \/>\n<meta name=\"twitter:card\" content=\"summary_large_image\" \/>\n<script type=\"application\/ld+json\" class=\"yoast-schema-graph\">{\"@context\":\"https:\/\/schema.org\",\"@graph\":[{\"@type\":\"WebPage\",\"@id\":\"https:\/\/edm.ch\/en\/burkina-faso-improving-access-to-education-and-water\/\",\"url\":\"https:\/\/edm.ch\/en\/burkina-faso-improving-access-to-education-and-water\/\",\"name\":\"Access to education and water in Burkina Faso - Enfants du Monde\",\"isPartOf\":{\"@id\":\"https:\/\/edm.ch\/en\/#website\"},\"datePublished\":\"2023-12-20T14:40:59+00:00\",\"dateModified\":\"2025-09-04T13:42:37+00:00\",\"description\":\"Despite the security challenges, we have improved the access to education and water in for the people Burkina Faso.\",\"inLanguage\":\"en-US\",\"potentialAction\":[{\"@type\":\"ReadAction\",\"target\":[\"https:\/\/edm.ch\/en\/burkina-faso-improving-access-to-education-and-water\/\"]}]},{\"@type\":\"WebSite\",\"@id\":\"https:\/\/edm.ch\/en\/#website\",\"url\":\"https:\/\/edm.ch\/en\/\",\"name\":\"Enfants du monde\",\"description\":\"Association suisse\",\"potentialAction\":[{\"@type\":\"SearchAction\",\"target\":{\"@type\":\"EntryPoint\",\"urlTemplate\":\"https:\/\/edm.ch\/en\/?s={search_term_string}\"},\"query-input\":{\"@type\":\"PropertyValueSpecification\",\"valueRequired\":true,\"valueName\":\"search_term_string\"}}],\"inLanguage\":\"en-US\"}]}<\/script>\n<!-- \/ Yoast SEO plugin. -->","yoast_head_json":{"title":"Access to education and water in Burkina Faso - Enfants du Monde","description":"Despite the security challenges, we have improved the access to education and water in for the people Burkina Faso.","robots":{"index":"index","follow":"follow","max-snippet":"max-snippet:-1","max-image-preview":"max-image-preview:large","max-video-preview":"max-video-preview:-1"},"canonical":"https:\/\/edm.ch\/en\/burkina-faso-improving-access-to-education-and-water\/","og_locale":"en_US","og_type":"article","og_title":"Access to education and water in Burkina Faso - Enfants du Monde","og_description":"Despite the security challenges, we have improved the access to education and water in for the people Burkina Faso.","og_url":"https:\/\/edm.ch\/en\/burkina-faso-improving-access-to-education-and-water\/","og_site_name":"Enfants du monde","article_modified_time":"2025-09-04T13:42:37+00:00","twitter_card":"summary_large_image","schema":{"@context":"https:\/\/schema.org","@graph":[{"@type":"WebPage","@id":"https:\/\/edm.ch\/en\/burkina-faso-improving-access-to-education-and-water\/","url":"https:\/\/edm.ch\/en\/burkina-faso-improving-access-to-education-and-water\/","name":"Access to education and water in Burkina Faso - Enfants du Monde","isPartOf":{"@id":"https:\/\/edm.ch\/en\/#website"},"datePublished":"2023-12-20T14:40:59+00:00","dateModified":"2025-09-04T13:42:37+00:00","description":"Despite the security challenges, we have improved the access to education and water in for the people Burkina Faso.","inLanguage":"en-US","potentialAction":[{"@type":"ReadAction","target":["https:\/\/edm.ch\/en\/burkina-faso-improving-access-to-education-and-water\/"]}]},{"@type":"WebSite","@id":"https:\/\/edm.ch\/en\/#website","url":"https:\/\/edm.ch\/en\/","name":"Enfants du monde","description":"Association suisse","potentialAction":[{"@type":"SearchAction","target":{"@type":"EntryPoint","urlTemplate":"https:\/\/edm.ch\/en\/?s={search_term_string}"},"query-input":{"@type":"PropertyValueSpecification","valueRequired":true,"valueName":"search_term_string"}}],"inLanguage":"en-US"}]}},"_links":{"self":[{"href":"https:\/\/edm.ch\/en\/wp-json\/wp\/v2\/projects\/29667","targetHints":{"allow":["GET"]}}],"collection":[{"href":"https:\/\/edm.ch\/en\/wp-json\/wp\/v2\/projects"}],"about":[{"href":"https:\/\/edm.ch\/en\/wp-json\/wp\/v2\/types\/projects"}],"wp:attachment":[{"href":"https:\/\/edm.ch\/en\/wp-json\/wp\/v2\/media?parent=29667"}],"curies":[{"name":"wp","href":"https:\/\/api.w.org\/{rel}","templated":true}]}}