{"id":4774,"date":"2023-07-28T08:56:14","date_gmt":"2023-07-28T07:56:14","guid":{"rendered":"https:\/\/edm.ch\/?page_id=4774"},"modified":"2026-04-10T13:57:17","modified_gmt":"2026-04-10T12:57:17","slug":"our-ngo","status":"publish","type":"page","link":"https:\/\/edm.ch\/en\/our-ngo\/","title":{"rendered":"Our NGO"},"content":{"rendered":"<section class=\"subpageBanner\" style=\"display:\">\n    <div class=\"subpageBannerBlock figure_block\">\n        <img decoding=\"async\" data-src=\"https:\/\/edm.ch\/wp-content\/uploads\/2025\/07\/Enfants_du_Monde_Clemence-2.png\" src=\"data:image\/svg+xml;base64,PHN2ZyB3aWR0aD0iMSIgaGVpZ2h0PSIxIiB4bWxucz0iaHR0cDovL3d3dy53My5vcmcvMjAwMC9zdmciPjwvc3ZnPg==\" class=\"lazyload\" style=\"--smush-placeholder-width: 1920px; --smush-placeholder-aspect-ratio: 1920\/1920;\" data-srcset=\"https:\/\/edm.ch\/wp-content\/uploads\/2025\/07\/Enfants_du_Monde_Clemence-2.png 1920w, https:\/\/edm.ch\/wp-content\/uploads\/2025\/07\/Enfants_du_Monde_Clemence-2-300x300.png 300w, https:\/\/edm.ch\/wp-content\/uploads\/2025\/07\/Enfants_du_Monde_Clemence-2-1024x1024.png 1024w, https:\/\/edm.ch\/wp-content\/uploads\/2025\/07\/Enfants_du_Monde_Clemence-2-150x150.png 150w, https:\/\/edm.ch\/wp-content\/uploads\/2025\/07\/Enfants_du_Monde_Clemence-2-768x768.png 768w, https:\/\/edm.ch\/wp-content\/uploads\/2025\/07\/Enfants_du_Monde_Clemence-2-1536x1536.png 1536w\" data-sizes=\"auto\" data-original-sizes=\"(max-width: 1920px) 100vw, 1920px\" \/>\n        <div class=\"subpageBannerWrap\">\n            <div class=\"container\">\n                <div class=\"content\">\n                    <div>\n                        <span class=\"bannerHead\"><\/span>\n                        <h1>Our NGO<\/h1>\n                    <\/div>\n                                            <div class=\"subpageBannerDocumentBtn\" style=\"display:none;\">\n                            <a href=\"javascript:void(0);\"\n                                class=\"documentAccordion documentListNew\">Related documents<\/a>\n                        <\/div>\n                                    <\/div>\n            <\/div>\n        <\/div>\n            <\/div>\n<\/section>\n    <section class=\"documentAccordionList\" id=\"subpage-banner-section\">\n        <div class=\"container\">\n            <h2>\n                Related documents            <\/h2>\n            <ul>\n                                    <li>\n                                                    <a href=\"https:\/\/edm.ch\/wp-content\/uploads\/2023\/08\/Child-protection-and-safeguarding-policy.pdf\" class=\"pdf-link\"><span><img decoding=\"async\" class=\"icon-before-hover lazyload\"\n                                        data-src=\"https:\/\/edm.ch\/wp-content\/themes\/edm\/assets\/images\/pdf-icon.svg\" src=\"data:image\/svg+xml;base64,PHN2ZyB3aWR0aD0iMSIgaGVpZ2h0PSIxIiB4bWxucz0iaHR0cDovL3d3dy53My5vcmcvMjAwMC9zdmciPjwvc3ZnPg==\"><img decoding=\"async\"\n                                        class=\"icon-after-hover lazyload\"\n                                        data-src=\"https:\/\/edm.ch\/wp-content\/themes\/edm\/assets\/images\/pdf-icon-white.svg\" src=\"data:image\/svg+xml;base64,PHN2ZyB3aWR0aD0iMSIgaGVpZ2h0PSIxIiB4bWxucz0iaHR0cDovL3d3dy53My5vcmcvMjAwMC9zdmciPjwvc3ZnPg==\"><\/span><i>Safeguarding and child protection policy\u202f<\/i><\/a>\n                                            <\/li>\n                                        <li>\n                                                    <a href=\"https:\/\/edm.ch\/wp-content\/uploads\/2024\/07\/2023-Annual-report.pdf\" class=\"pdf-link\"><span><img decoding=\"async\" class=\"icon-before-hover lazyload\"\n                                        data-src=\"https:\/\/edm.ch\/wp-content\/themes\/edm\/assets\/images\/pdf-icon.svg\" src=\"data:image\/svg+xml;base64,PHN2ZyB3aWR0aD0iMSIgaGVpZ2h0PSIxIiB4bWxucz0iaHR0cDovL3d3dy53My5vcmcvMjAwMC9zdmciPjwvc3ZnPg==\"><img decoding=\"async\"\n                                        class=\"icon-after-hover lazyload\"\n                                        data-src=\"https:\/\/edm.ch\/wp-content\/themes\/edm\/assets\/images\/pdf-icon-white.svg\" src=\"data:image\/svg+xml;base64,PHN2ZyB3aWR0aD0iMSIgaGVpZ2h0PSIxIiB4bWxucz0iaHR0cDovL3d3dy53My5vcmcvMjAwMC9zdmciPjwvc3ZnPg==\"><\/span><i>Annual report 2023<\/i><\/a>\n                                            <\/li>\n                                        <li>\n                                                    <a href=\"https:\/\/edm.ch\/wp-content\/uploads\/2025\/01\/Statuts-EdM-EN-2024.pdf\" class=\"pdf-link\"><span><img decoding=\"async\" class=\"icon-before-hover lazyload\"\n                                        data-src=\"https:\/\/edm.ch\/wp-content\/themes\/edm\/assets\/images\/pdf-icon.svg\" src=\"data:image\/svg+xml;base64,PHN2ZyB3aWR0aD0iMSIgaGVpZ2h0PSIxIiB4bWxucz0iaHR0cDovL3d3dy53My5vcmcvMjAwMC9zdmciPjwvc3ZnPg==\"><img decoding=\"async\"\n                                        class=\"icon-after-hover lazyload\"\n                                        data-src=\"https:\/\/edm.ch\/wp-content\/themes\/edm\/assets\/images\/pdf-icon-white.svg\" src=\"data:image\/svg+xml;base64,PHN2ZyB3aWR0aD0iMSIgaGVpZ2h0PSIxIiB4bWxucz0iaHR0cDovL3d3dy53My5vcmcvMjAwMC9zdmciPjwvc3ZnPg==\"><\/span><i>Statutes<\/i><\/a>\n                                            <\/li>\n                                        <li>\n                                                    <a href=\"https:\/\/edm.ch\/wp-content\/uploads\/2024\/06\/Brochure.pdf\" class=\"pdf-link\"><span><img decoding=\"async\" class=\"icon-before-hover lazyload\"\n                                        data-src=\"https:\/\/edm.ch\/wp-content\/themes\/edm\/assets\/images\/pdf-icon.svg\" src=\"data:image\/svg+xml;base64,PHN2ZyB3aWR0aD0iMSIgaGVpZ2h0PSIxIiB4bWxucz0iaHR0cDovL3d3dy53My5vcmcvMjAwMC9zdmciPjwvc3ZnPg==\"><img decoding=\"async\"\n                                        class=\"icon-after-hover lazyload\"\n                                        data-src=\"https:\/\/edm.ch\/wp-content\/themes\/edm\/assets\/images\/pdf-icon-white.svg\" src=\"data:image\/svg+xml;base64,PHN2ZyB3aWR0aD0iMSIgaGVpZ2h0PSIxIiB4bWxucz0iaHR0cDovL3d3dy53My5vcmcvMjAwMC9zdmciPjwvc3ZnPg==\"><\/span><i>Presentation brochure<\/i><\/a>\n                                            <\/li>\n                                <\/ul>\n        <\/div>\n    <\/section>\n<script type=\"text\/javascript\">\n    jQuery(document).ready(function ($) {\n        \/\/ Check if the block exists\n        var bannerSection = $('#subpage-banner-section');\n\n        if (bannerSection.length > 0) {\n            \/\/ Move the block to the end of <main> just before the footer\n            $('main').append(bannerSection); \/\/ This will append it inside the <main> tag\n        }\n\n        $('.documentAccordion').on('click', function (e) {\n            e.preventDefault();  \/\/ Prevent default link action\n\n            \/\/ Target the section with the given ID\n            $('html, body').animate({\n                scrollTop: $('#subpage-banner-section').offset().top - 200\n            }, 1000);\n        });\n    });\n<\/script>\n\n\n        <section class=\" countSec\" style=\"display:\">\n        <div class=\"container\">\n            <div class=\"countHolder\">\n                <h2><\/h2>\n                <div class=\"countBlock\">\n                    <div class=\"countRow\">\n\n                        \n                            <div class=\"countCol\">\n                                <div class=\"countColInner\">\n                                    <div class=\"imgBlock\">\n                                    <img decoding=\"async\" data-src=\"https:\/\/edm.ch\/wp-content\/uploads\/2023\/08\/Picto-edd.png\" src=\"data:image\/svg+xml;base64,PHN2ZyB3aWR0aD0iMSIgaGVpZ2h0PSIxIiB4bWxucz0iaHR0cDovL3d3dy53My5vcmcvMjAwMC9zdmciPjwvc3ZnPg==\" class=\"lazyload\" style=\"--smush-placeholder-width: 160px; --smush-placeholder-aspect-ratio: 160\/160;\" data-srcset=\"https:\/\/edm.ch\/wp-content\/uploads\/2023\/08\/Picto-edd.png 160w, https:\/\/edm.ch\/wp-content\/uploads\/2023\/08\/Picto-edd-150x150.png 150w\" data-sizes=\"auto\" data-original-sizes=\"(max-width: 160px) 100vw, 160px\" \/>\n                                    <\/div>\n                                    <div class=\"content\">\n                                    <h2>1968<\/h2>\n                                    <p>Paul Chaudet, president of the Swiss Confederation, founded our association<\/p>\n                                    <\/div>\n                                <\/div>\n                            <\/div>\n\n                        \n                            <div class=\"countCol\">\n                                <div class=\"countColInner\">\n                                    <div class=\"imgBlock\">\n                                    <img decoding=\"async\" data-src=\"https:\/\/edm.ch\/wp-content\/uploads\/2023\/08\/Picto-adulte.png\" src=\"data:image\/svg+xml;base64,PHN2ZyB3aWR0aD0iMSIgaGVpZ2h0PSIxIiB4bWxucz0iaHR0cDovL3d3dy53My5vcmcvMjAwMC9zdmciPjwvc3ZnPg==\" class=\"lazyload\" style=\"--smush-placeholder-width: 160px; --smush-placeholder-aspect-ratio: 160\/160;\" data-srcset=\"https:\/\/edm.ch\/wp-content\/uploads\/2023\/08\/Picto-adulte.png 160w, https:\/\/edm.ch\/wp-content\/uploads\/2023\/08\/Picto-adulte-150x150.png 150w\" data-sizes=\"auto\" data-original-sizes=\"(max-width: 160px) 100vw, 160px\" \/>\n                                    <\/div>\n                                    <div class=\"content\">\n                                    <h2>110<\/h2>\n                                    <p>education, health, and children\u2019s right specialists at our head offices and in the field <\/p>\n                                    <\/div>\n                                <\/div>\n                            <\/div>\n\n                        \n                            <div class=\"countCol\">\n                                <div class=\"countColInner\">\n                                    <div class=\"imgBlock\">\n                                    <img decoding=\"async\" data-src=\"https:\/\/edm.ch\/wp-content\/uploads\/2023\/08\/Picto-terre.png\" src=\"data:image\/svg+xml;base64,PHN2ZyB3aWR0aD0iMSIgaGVpZ2h0PSIxIiB4bWxucz0iaHR0cDovL3d3dy53My5vcmcvMjAwMC9zdmciPjwvc3ZnPg==\" class=\"lazyload\" style=\"--smush-placeholder-width: 160px; --smush-placeholder-aspect-ratio: 160\/160;\" data-srcset=\"https:\/\/edm.ch\/wp-content\/uploads\/2023\/08\/Picto-terre.png 160w, https:\/\/edm.ch\/wp-content\/uploads\/2023\/08\/Picto-terre-150x150.png 150w\" data-sizes=\"auto\" data-original-sizes=\"(max-width: 160px) 100vw, 160px\" \/>\n                                    <\/div>\n                                    <div class=\"content\">\n                                    <h2>5<\/h2>\n                                    <p>offices in Bangladesh, Burkina Faso, Guatemala, and Chad <\/p>\n                                    <\/div>\n                                <\/div>\n                            <\/div>\n\n                        \n                    <\/div>\n                <\/div>\n                <div class=\"countBlockText\"><p><\/p><\/div>\n            <\/div>\n        <\/div>\n    <\/section>\n\n<div class=\"different-dwn-btn-sec btn-dir-right\">\n    <div class=\"container\">\n        <a href=\"javascript:void(0);\" class=\"yellow_btn-rgt documentAccordionTarget\">Related documents<\/a>\n    <\/div>\n<\/div>\n\n    <script type=\"text\/javascript\">\n    jQuery(document).ready(function($) {\n\n          $('.documentAccordionTarget').on('click', function(e) {\n            e.preventDefault();  \n\n            \/\/ Target the section with the given ID\n            $('html, body').animate({\n                scrollTop: $('#subpage-banner-section').offset().top - 200\n            }, 1000); \n        });\n    });\n<\/script>\n\n\n    \n    <section class=\"leftTextRightImg \" style=\"display:\">\n        <div class=\"container\">\n            <div class=\"leftTextRightImgRow\">\n                                    <div class=\"right\">\n                                                    <div class=\"videoBlock\">\n                                <iframe width=\"100%\" height=\"100%\" data-src=\"https:\/\/www.youtube.com\/embed\/py4C66UGKzg?si=YXEGmsluRaTB8xN9\" title=\"YouTube video player\" frameborder=\"0\" allow=\"accelerometer; autoplay; clipboard-write; encrypted-media; gyroscope; picture-in-picture; web-share\" allowfullscreen src=\"data:image\/svg+xml;base64,PHN2ZyB3aWR0aD0iMSIgaGVpZ2h0PSIxIiB4bWxucz0iaHR0cDovL3d3dy53My5vcmcvMjAwMC9zdmciPjwvc3ZnPg==\" class=\"lazyload\" data-load-mode=\"1\"><\/iframe>\n                            <\/div>\n                                            <\/div>\n                                                    <div class=\"left\">\n                        <div class=\"content\">\n                            <h2>                                Who are we? <small><\/small>\n                            <\/h2>                                                            <p>Enfants du Monde is a <b>Swiss NGO based in Geneva<\/b>. For over <b>50 years<\/b>, we have been <b>helping children receive a quality education and mothers access essential healthcare<\/b>. We believe that <b>for a country to develop, its inhabitants must be able to learn and be in good health.<\/b> We carry out projects in partnership with institutions such as the Swiss Agency for Development and Cooperation, the UN fund Education Cannot Wait, or the World Health Organization. <strong>We have been certified by the Swiss ZEWO quality label since 1971<\/strong>, guaranteeing transparency and reliability in the management of the donations we collect.<\/p>\n                                                                                                            <\/div>\n                    <\/div>\n                            <\/div>\n        <\/div>\n    <\/section>\n\n<section class=\"tabSec\"\n    style=\"display:\">\n    <div class=\"container\">\n        <div class=\"tabWrap\">\n            <div class=\"tabMenu\">\n                <div class=\"tabMenuWrap\">\n                                                <a href=\"javascript:void(0);\" class=\"tabBlock active\">\n                                Our Vision                            <\/a>\n                                                    <a href=\"javascript:void(0);\" class=\"tabBlock \">\n                                Our Mission                            <\/a>\n                                                    <a href=\"javascript:void(0);\" class=\"tabBlock \">\n                                What Sets us Apart                            <\/a>\n                                        <\/div>\n            <\/div>\n            <div class=\"tabContent\">\n\n                                        <div class=\"tabDetails active\"\n                            id=\"tabContent1\">\n                                                        <section\n                                class=\"rightTextLeftImg\">\n                                <div class=\"container\">\n                                    <div\n                                        class=\"rightTextLeftImgRow\">\n                                                                                    <div class=\"left\">\n                                                <div class=\"imgBlock figure_block\">\n                                                                                                            <img decoding=\"async\" data-src=\"https:\/\/edm.ch\/wp-content\/uploads\/2023\/11\/Enfants_du_Monde_Guatemala_ecole_portrait.png\" src=\"data:image\/svg+xml;base64,PHN2ZyB3aWR0aD0iMSIgaGVpZ2h0PSIxIiB4bWxucz0iaHR0cDovL3d3dy53My5vcmcvMjAwMC9zdmciPjwvc3ZnPg==\" class=\"lazyload\" style=\"--smush-placeholder-width: 1920px; --smush-placeholder-aspect-ratio: 1920\/1920;\" data-srcset=\"https:\/\/edm.ch\/wp-content\/uploads\/2023\/11\/Enfants_du_Monde_Guatemala_ecole_portrait.png 1920w, https:\/\/edm.ch\/wp-content\/uploads\/2023\/11\/Enfants_du_Monde_Guatemala_ecole_portrait-300x300.png 300w, https:\/\/edm.ch\/wp-content\/uploads\/2023\/11\/Enfants_du_Monde_Guatemala_ecole_portrait-1024x1024.png 1024w, https:\/\/edm.ch\/wp-content\/uploads\/2023\/11\/Enfants_du_Monde_Guatemala_ecole_portrait-150x150.png 150w, https:\/\/edm.ch\/wp-content\/uploads\/2023\/11\/Enfants_du_Monde_Guatemala_ecole_portrait-768x768.png 768w, https:\/\/edm.ch\/wp-content\/uploads\/2023\/11\/Enfants_du_Monde_Guatemala_ecole_portrait-1536x1536.png 1536w\" data-sizes=\"auto\" data-original-sizes=\"(max-width: 1920px) 100vw, 1920px\" \/>\n                                                                                                                                                                <div class=\"picture-caption\">\n                                                            <div class=\"caption-content\">\n                                                                <span>Laurent Pasche<\/span><\/div>\n                                                        <\/div>\n                                                                                                    <\/div>\n                                                <figcaption><\/figcaption>\n                                            <\/div>\n                                                                                                                                                                    <div class=\"right\">\n                                                <div class=\"content\">\n                                                    <h2>                                                    <\/h2>\n                                                    <p>Enabling children around the world to become <b>active participants in their own lives<\/b> and to <b>build the future<\/b> of their communities <b>through education and health.<\/b><\/p>\n                                                                                                    <\/div>\n                                            <\/div>\n                                                                            <\/div>\n                                <\/div>\n                            <\/section>\n\n                                                    <\/div>\n                                            <div class=\"tabDetails \"\n                            id=\"tabContent2\">\n                                                        <section\n                                class=\"leftTextRightImg\">\n                                <div class=\"container\">\n                                    <div\n                                        class=\"leftTextRightImgRow\">\n                                                                                    <div class=\"right\">\n                                                <div class=\"imgBlock figure_block\">\n                                                                                                            <img decoding=\"async\" data-src=\"https:\/\/edm.ch\/wp-content\/uploads\/2025\/07\/RS3962_eleve_Tchad.webp\" src=\"data:image\/svg+xml;base64,PHN2ZyB3aWR0aD0iMSIgaGVpZ2h0PSIxIiB4bWxucz0iaHR0cDovL3d3dy53My5vcmcvMjAwMC9zdmciPjwvc3ZnPg==\" class=\"lazyload\" style=\"--smush-placeholder-width: 1920px; --smush-placeholder-aspect-ratio: 1920\/1920;\" data-srcset=\"https:\/\/edm.ch\/wp-content\/uploads\/2025\/07\/RS3962_eleve_Tchad.webp 1920w, https:\/\/edm.ch\/wp-content\/uploads\/2025\/07\/RS3962_eleve_Tchad-300x300.webp 300w, https:\/\/edm.ch\/wp-content\/uploads\/2025\/07\/RS3962_eleve_Tchad-1024x1024.webp 1024w, https:\/\/edm.ch\/wp-content\/uploads\/2025\/07\/RS3962_eleve_Tchad-150x150.webp 150w, https:\/\/edm.ch\/wp-content\/uploads\/2025\/07\/RS3962_eleve_Tchad-768x768.webp 768w, https:\/\/edm.ch\/wp-content\/uploads\/2025\/07\/RS3962_eleve_Tchad-1536x1536.webp 1536w\" data-sizes=\"auto\" data-original-sizes=\"(max-width: 1920px) 100vw, 1920px\" \/>\n                                                                                                                                                        <\/div>\n                                                <figcaption><\/figcaption>\n                                            <\/div>\n                                                                                                                                                                    <div class=\"left\">\n                                                <div class=\"content\">\n                                                    <h2>                                                    <\/h2>\n                                                    <p>We are committed to a future where children have access to quality education and mothers receive the care they need. With a presence in Africa, Asia and Latin America, we work to bring about lasting improvements in education and health for the most vulnerable.<\/p>\n<ul>\n<li><b>Training<\/b>: We train teachers, healthcare workers and local community representatives.<\/li>\n<\/ul>\n<ul>\n<li><b>Raising awareness<\/b>: We carry out activities to promote children&#8217;s health and rights and raise awareness among families and communities about the importance of education.<\/li>\n<\/ul>\n<ul>\n<li><b>Mobilising<\/b>: We involve local communities to strengthen their role in improving health and education.<\/li>\n<\/ul>\n                                                                                                    <\/div>\n                                            <\/div>\n                                                                            <\/div>\n                                <\/div>\n                            <\/section>\n\n                                                    <\/div>\n                                            <div class=\"tabDetails \"\n                            id=\"tabContent3\">\n                                                        <section\n                                class=\"rightTextLeftImg\">\n                                <div class=\"container\">\n                                    <div\n                                        class=\"rightTextLeftImgRow\">\n                                                                                    <div class=\"left\">\n                                                <div class=\"imgBlock figure_block\">\n                                                                                                            <img decoding=\"async\" data-src=\"https:\/\/edm.ch\/wp-content\/uploads\/2025\/08\/RS119_Zangre-Agathe17-1.jpg\" src=\"data:image\/svg+xml;base64,PHN2ZyB3aWR0aD0iMSIgaGVpZ2h0PSIxIiB4bWxucz0iaHR0cDovL3d3dy53My5vcmcvMjAwMC9zdmciPjwvc3ZnPg==\" class=\"lazyload\" style=\"--smush-placeholder-width: 3728px; --smush-placeholder-aspect-ratio: 3728\/4970;\" data-srcset=\"https:\/\/edm.ch\/wp-content\/uploads\/2025\/08\/RS119_Zangre-Agathe17-1.jpg 3728w, https:\/\/edm.ch\/wp-content\/uploads\/2025\/08\/RS119_Zangre-Agathe17-1-225x300.jpg 225w, https:\/\/edm.ch\/wp-content\/uploads\/2025\/08\/RS119_Zangre-Agathe17-1-768x1024.jpg 768w, https:\/\/edm.ch\/wp-content\/uploads\/2025\/08\/RS119_Zangre-Agathe17-1-1152x1536.jpg 1152w, https:\/\/edm.ch\/wp-content\/uploads\/2025\/08\/RS119_Zangre-Agathe17-1-1536x2048.jpg 1536w\" data-sizes=\"auto\" data-original-sizes=\"(max-width: 3728px) 100vw, 3728px\" \/>\n                                                                                                                                                                <div class=\"picture-caption\">\n                                                            <div class=\"caption-content\">\n                                                                <span>Zangr\u00e9 Agathe \u00e9l\u00e8ve de 12 ans \u00e0 \u00e9cole de Sougoudougou, avec sa ma\u00eetresse.<\/span><\/div>\n                                                        <\/div>\n                                                                                                    <\/div>\n                                                <figcaption><\/figcaption>\n                                            <\/div>\n                                                                                                                                                                    <div class=\"right\">\n                                                <div class=\"content\">\n                                                    <h2>                                                    <\/h2>\n                                                    <p><strong>For over 50 years, Enfants du Monde has been putting its expertise to work for the most vulnerable children and mothers.<\/strong><\/p>\n<p>Our added value is based on five pillars:<\/p>\n<ul>\n<li><b>Expertise<\/b>: a highly qualified team in education, health promotion and project management, with solid field experience.<\/li>\n<li><b>Partnership<\/b>: close collaboration with beneficiaries and local organisations, taking their needs into account to build appropriate solutions together.<\/li>\n<li><b>Sustainability<\/b>: ongoing training for teachers, health professionals and authorities to bring about lasting change in educational and health practices and influence public policy.<\/li>\n<li><b>Culture<\/b>: projects rooted in local languages, cultures and realities, encouraging ownership by local communities and leaders.<\/li>\n<li><b>Quality<\/b>: rigorous and ethical management, combined with regular evaluations and transparent communication with our partners and donors.<\/li>\n<\/ul>\n                                                                                                    <\/div>\n                                            <\/div>\n                                                                            <\/div>\n                                <\/div>\n                            <\/section>\n\n                                                    <\/div>\n                    \n            <\/div>\n        <\/div>\n    <\/div>\n<\/section>\n\n\n    \n    <section class=\"rightTextLeftImg \" style=\"display:\">\n        <div class=\"container\">\n            <div class=\"rightTextLeftImgRow\">\n                                    <div class=\"left\">\n                                                    <div class=\"imgBlock\">\n                                <a class=\"figure_block\" href=\"https:\/\/edm.ch\/wp-content\/uploads\/2025\/08\/RS6406_BEST_E6796.jpg\" data-fancybox data-caption=\"\">\n                                    <img decoding=\"async\" data-src=\"https:\/\/edm.ch\/wp-content\/uploads\/2025\/08\/RS6406_BEST_E6796.jpg\" src=\"data:image\/svg+xml;base64,PHN2ZyB3aWR0aD0iMSIgaGVpZ2h0PSIxIiB4bWxucz0iaHR0cDovL3d3dy53My5vcmcvMjAwMC9zdmciPjwvc3ZnPg==\" class=\"lazyload\" style=\"--smush-placeholder-width: 4032px; --smush-placeholder-aspect-ratio: 4032\/3024;\" data-srcset=\"https:\/\/edm.ch\/wp-content\/uploads\/2025\/08\/RS6406_BEST_E6796.jpg 4032w, https:\/\/edm.ch\/wp-content\/uploads\/2025\/08\/RS6406_BEST_E6796-300x225.jpg 300w, https:\/\/edm.ch\/wp-content\/uploads\/2025\/08\/RS6406_BEST_E6796-1024x768.jpg 1024w, https:\/\/edm.ch\/wp-content\/uploads\/2025\/08\/RS6406_BEST_E6796-768x576.jpg 768w, https:\/\/edm.ch\/wp-content\/uploads\/2025\/08\/RS6406_BEST_E6796-1536x1152.jpg 1536w, https:\/\/edm.ch\/wp-content\/uploads\/2025\/08\/RS6406_BEST_E6796-2048x1536.jpg 2048w\" data-sizes=\"auto\" data-original-sizes=\"(max-width: 4032px) 100vw, 4032px\" \/>\n                                                                    <\/a>\n                                <figcaption><\/figcaption>\n                            <\/div>\n                                            <\/div>\n                                                    <div class=\"right\">\n                        <div class=\"content\">\n                            <h2>                                Our Impact in 2024 <small><\/small>\n                            <\/h2>                                                            <ul>\n<li>Over <b>700,000 students <\/b>have been supported by our education programmes<\/li>\n<li><b>2,200,000 women, babies and children<\/b> have benefited from our health programmes<\/li>\n<li>Over <b>8,500 education staff<\/b> have been trained in our teaching methods<\/li>\n<li>Over <strong>4,300 health workers<\/strong> have been trained to provide better patient care<\/li>\n<li><strong>9 countries<\/strong> have been supported by our programmes<\/li>\n<\/ul>\n                                                                                                            <\/div>\n                    <\/div>\n                            <\/div>\n        <\/div>\n    <\/section>\n\n\n    \n    <section class=\"leftTextRightImg \" style=\"display:\">\n        <div class=\"container\">\n            <div class=\"leftTextRightImgRow\">\n                                    <div class=\"right\">\n                                                    <div class=\"imgBlock\">\n                                <a class=\"figure_block\" href=\"https:\/\/edm.ch\/wp-content\/uploads\/2025\/08\/RS2540_IMG_E1589.jpg\" data-fancybox data-caption=\"\">\n                                    <img decoding=\"async\" data-src=\"https:\/\/edm.ch\/wp-content\/uploads\/2025\/08\/RS2540_IMG_E1589.jpg\" src=\"data:image\/svg+xml;base64,PHN2ZyB3aWR0aD0iMSIgaGVpZ2h0PSIxIiB4bWxucz0iaHR0cDovL3d3dy53My5vcmcvMjAwMC9zdmciPjwvc3ZnPg==\" class=\"lazyload\" style=\"--smush-placeholder-width: 4032px; --smush-placeholder-aspect-ratio: 4032\/3024;\" data-srcset=\"https:\/\/edm.ch\/wp-content\/uploads\/2025\/08\/RS2540_IMG_E1589.jpg 4032w, https:\/\/edm.ch\/wp-content\/uploads\/2025\/08\/RS2540_IMG_E1589-300x225.jpg 300w, https:\/\/edm.ch\/wp-content\/uploads\/2025\/08\/RS2540_IMG_E1589-1024x768.jpg 1024w, https:\/\/edm.ch\/wp-content\/uploads\/2025\/08\/RS2540_IMG_E1589-768x576.jpg 768w, https:\/\/edm.ch\/wp-content\/uploads\/2025\/08\/RS2540_IMG_E1589-1536x1152.jpg 1536w, https:\/\/edm.ch\/wp-content\/uploads\/2025\/08\/RS2540_IMG_E1589-2048x1536.jpg 2048w\" data-sizes=\"auto\" data-original-sizes=\"(max-width: 4032px) 100vw, 4032px\" \/>\n                                                                    <\/a>\n                                <figcaption><\/figcaption>\n                            <\/div>\n                                            <\/div>\n                                                    <div class=\"left\">\n                        <div class=\"content\">\n                            <h2>                                Governance and Statutes  <small><\/small>\n                            <\/h2>                                                            <p>Enfants du Monde is a Swiss non-profit organisation. The Committee, elected annually by the General Assembly, makes strategic decisions and oversees the NGO&#8217;s projects. Appointed by the Committee, the Secretary General manages day-to-day administration, coordinates activities and ensures the implementation of the Committee&#8217;s decisions, in close collaboration with local partners and in accordance with our statutes.<\/p>\n                                                                                                            <\/div>\n                    <\/div>\n                            <\/div>\n        <\/div>\n    <\/section>\n\n\n    <section class=\" imageSec\" style=\"display:\">\n      <div class=\"container\">\n        <figure>\n          <img decoding=\"async\" data-src=\"https:\/\/edm.ch\/wp-content\/uploads\/2024\/12\/Distribution-de-fonds-par-region-en-2023-EN-e1756369639599.png\" src=\"data:image\/svg+xml;base64,PHN2ZyB3aWR0aD0iMSIgaGVpZ2h0PSIxIiB4bWxucz0iaHR0cDovL3d3dy53My5vcmcvMjAwMC9zdmciPjwvc3ZnPg==\" class=\"lazyload\" style=\"--smush-placeholder-width: 1920px; --smush-placeholder-aspect-ratio: 1920\/925;\" data-srcset=\"https:\/\/edm.ch\/wp-content\/uploads\/2024\/12\/Distribution-de-fonds-par-region-en-2023-EN-e1756369639599.png 1920w, https:\/\/edm.ch\/wp-content\/uploads\/2024\/12\/Distribution-de-fonds-par-region-en-2023-EN-e1756369639599-300x145.png 300w, https:\/\/edm.ch\/wp-content\/uploads\/2024\/12\/Distribution-de-fonds-par-region-en-2023-EN-e1756369639599-1024x493.png 1024w, https:\/\/edm.ch\/wp-content\/uploads\/2024\/12\/Distribution-de-fonds-par-region-en-2023-EN-e1756369639599-768x370.png 768w, https:\/\/edm.ch\/wp-content\/uploads\/2024\/12\/Distribution-de-fonds-par-region-en-2023-EN-e1756369639599-1536x740.png 1536w\" data-sizes=\"auto\" data-original-sizes=\"(max-width: 1920px) 100vw, 1920px\">\n        <\/figure>\n      <\/div>\n    <\/section>\n\n\n    <section class=\" imageSec\" style=\"display:\">\n      <div class=\"container\">\n        <figure>\n          <img decoding=\"async\" data-src=\"https:\/\/edm.ch\/wp-content\/uploads\/2024\/12\/Nos-sources-de-financement-EN-e1756369896422.png\" src=\"data:image\/svg+xml;base64,PHN2ZyB3aWR0aD0iMSIgaGVpZ2h0PSIxIiB4bWxucz0iaHR0cDovL3d3dy53My5vcmcvMjAwMC9zdmciPjwvc3ZnPg==\" class=\"lazyload\" style=\"--smush-placeholder-width: 1920px; --smush-placeholder-aspect-ratio: 1920\/954;\" data-srcset=\"https:\/\/edm.ch\/wp-content\/uploads\/2024\/12\/Nos-sources-de-financement-EN-e1756369896422.png 1920w, https:\/\/edm.ch\/wp-content\/uploads\/2024\/12\/Nos-sources-de-financement-EN-e1756369896422-300x149.png 300w, https:\/\/edm.ch\/wp-content\/uploads\/2024\/12\/Nos-sources-de-financement-EN-e1756369896422-1024x509.png 1024w, https:\/\/edm.ch\/wp-content\/uploads\/2024\/12\/Nos-sources-de-financement-EN-e1756369896422-768x382.png 768w, https:\/\/edm.ch\/wp-content\/uploads\/2024\/12\/Nos-sources-de-financement-EN-e1756369896422-1536x763.png 1536w\" data-sizes=\"auto\" data-original-sizes=\"(max-width: 1920px) 100vw, 1920px\">\n        <\/figure>\n      <\/div>\n    <\/section>\n\n\n    <section class=\"activitySec\" style=\"display:\">\n      <div class=\"container\">\n        <div class=\"secTitle\">\n            <h2>Read More About our Organisation<\/h2>\n        <\/div>\n        <div class=\"activityRow\">\n\n            \n                <div class=\"activityCol\">\n                    <div class=\"activityColInner\">\n                        <div class=\"imgBlock\">\n                            <a href=\"https:\/\/edm.ch\/en\/team-in-switzerland\/\">                                <img decoding=\"async\" data-src=\"https:\/\/edm.ch\/wp-content\/uploads\/2023\/08\/Equipe_1920_RS6943.png\" alt=\"EMD-img\" src=\"data:image\/svg+xml;base64,PHN2ZyB3aWR0aD0iMSIgaGVpZ2h0PSIxIiB4bWxucz0iaHR0cDovL3d3dy53My5vcmcvMjAwMC9zdmciPjwvc3ZnPg==\" class=\"lazyload\" style=\"--smush-placeholder-width: 1920px; --smush-placeholder-aspect-ratio: 1920\/1920;\" data-srcset=\"https:\/\/edm.ch\/wp-content\/uploads\/2023\/08\/Equipe_1920_RS6943.png 1920w, https:\/\/edm.ch\/wp-content\/uploads\/2023\/08\/Equipe_1920_RS6943-300x300.png 300w, https:\/\/edm.ch\/wp-content\/uploads\/2023\/08\/Equipe_1920_RS6943-1024x1024.png 1024w, https:\/\/edm.ch\/wp-content\/uploads\/2023\/08\/Equipe_1920_RS6943-150x150.png 150w, https:\/\/edm.ch\/wp-content\/uploads\/2023\/08\/Equipe_1920_RS6943-768x768.png 768w, https:\/\/edm.ch\/wp-content\/uploads\/2023\/08\/Equipe_1920_RS6943-1536x1536.png 1536w\" data-sizes=\"auto\" data-original-sizes=\"(max-width: 1920px) 100vw, 1920px\" \/>\n                            <\/a>                        <\/div>\n                        <div class=\"contentBlock\">\n                            <h3>Our Teams<\/h3>\n                            <p align=\"left\">Meet <strong> our team at our head offices in Geneva<\/strong> and at <strong> our offices in Bangladesh, Burkina Faso, Guatemala and Chad<\/strong>.<\/p>\n<p>Meet <strong>our Committee members<\/strong> and <strong> the volunteers <\/strong> who provide priceless support.<\/p>\n                                                            <a href=\"https:\/\/edm.ch\/en\/team-in-switzerland\/\" class=\"btnWhite\">Read More<\/a>\n                                                    <\/div>\n                    <\/div>\n                <\/div>\n\n            \n                <div class=\"activityCol\">\n                    <div class=\"activityColInner\">\n                        <div class=\"imgBlock\">\n                            <a href=\"https:\/\/edm.ch\/en\/partners-and-network\/\">                                <img decoding=\"async\" data-src=\"https:\/\/edm.ch\/wp-content\/uploads\/2023\/08\/RS6721.png\" alt=\"EMD-img\" src=\"data:image\/svg+xml;base64,PHN2ZyB3aWR0aD0iMSIgaGVpZ2h0PSIxIiB4bWxucz0iaHR0cDovL3d3dy53My5vcmcvMjAwMC9zdmciPjwvc3ZnPg==\" class=\"lazyload\" style=\"--smush-placeholder-width: 1920px; --smush-placeholder-aspect-ratio: 1920\/1920;\" data-srcset=\"https:\/\/edm.ch\/wp-content\/uploads\/2023\/08\/RS6721.png 1920w, https:\/\/edm.ch\/wp-content\/uploads\/2023\/08\/RS6721-300x300.png 300w, https:\/\/edm.ch\/wp-content\/uploads\/2023\/08\/RS6721-1024x1024.png 1024w, https:\/\/edm.ch\/wp-content\/uploads\/2023\/08\/RS6721-150x150.png 150w, https:\/\/edm.ch\/wp-content\/uploads\/2023\/08\/RS6721-768x768.png 768w, https:\/\/edm.ch\/wp-content\/uploads\/2023\/08\/RS6721-1536x1536.png 1536w\" data-sizes=\"auto\" data-original-sizes=\"(max-width: 1920px) 100vw, 1920px\" \/>\n                            <\/a>                        <\/div>\n                        <div class=\"contentBlock\">\n                            <h3>Our Partners and Networks<\/h3>\n                            <p>We cooperate with local partners, governments, universities and international organisations in order to achieve long-lasting results.<\/p>\n<p>We also rely on the crucial support of our financial partners.<\/p>\n                                                            <a href=\"https:\/\/edm.ch\/en\/partners-and-network\/\" class=\"btnWhite\">Read more<\/a>\n                                                    <\/div>\n                    <\/div>\n                <\/div>\n\n            \n                <div class=\"activityCol\">\n                    <div class=\"activityColInner\">\n                        <div class=\"imgBlock\">\n                            <a href=\"https:\/\/edm.ch\/en\/goodwill-ambassadors\/\">                                <img decoding=\"async\" data-src=\"https:\/\/edm.ch\/wp-content\/uploads\/2023\/08\/Chappatte_1920_RS2716.png\" alt=\"EMD-img\" src=\"data:image\/svg+xml;base64,PHN2ZyB3aWR0aD0iMSIgaGVpZ2h0PSIxIiB4bWxucz0iaHR0cDovL3d3dy53My5vcmcvMjAwMC9zdmciPjwvc3ZnPg==\" class=\"lazyload\" style=\"--smush-placeholder-width: 1920px; --smush-placeholder-aspect-ratio: 1920\/1920;\" data-srcset=\"https:\/\/edm.ch\/wp-content\/uploads\/2023\/08\/Chappatte_1920_RS2716.png 1920w, https:\/\/edm.ch\/wp-content\/uploads\/2023\/08\/Chappatte_1920_RS2716-300x300.png 300w, https:\/\/edm.ch\/wp-content\/uploads\/2023\/08\/Chappatte_1920_RS2716-1024x1024.png 1024w, https:\/\/edm.ch\/wp-content\/uploads\/2023\/08\/Chappatte_1920_RS2716-150x150.png 150w, https:\/\/edm.ch\/wp-content\/uploads\/2023\/08\/Chappatte_1920_RS2716-768x768.png 768w, https:\/\/edm.ch\/wp-content\/uploads\/2023\/08\/Chappatte_1920_RS2716-1536x1536.png 1536w\" data-sizes=\"auto\" data-original-sizes=\"(max-width: 1920px) 100vw, 1920px\" \/>\n                            <\/a>                        <\/div>\n                        <div class=\"contentBlock\">\n                            <h3>Our Goodwill Ambassadors <\/h3>\n                            <p>These kind-hearted public figures, artists and sportsmen and women volunteer to work with us and to promote our association\u2019s projects.<\/p>\n                                                            <a href=\"https:\/\/edm.ch\/en\/goodwill-ambassadors\/\" class=\"btnWhite\">Read more<\/a>\n                                                    <\/div>\n                    <\/div>\n                <\/div>\n\n            \n                <div class=\"activityCol\">\n                    <div class=\"activityColInner\">\n                        <div class=\"imgBlock\">\n                            <a href=\"https:\/\/edm.ch\/en\/employment\/\">                                <img decoding=\"async\" data-src=\"https:\/\/edm.ch\/wp-content\/uploads\/2023\/08\/RS6437.png\" alt=\"EMD-img\" src=\"data:image\/svg+xml;base64,PHN2ZyB3aWR0aD0iMSIgaGVpZ2h0PSIxIiB4bWxucz0iaHR0cDovL3d3dy53My5vcmcvMjAwMC9zdmciPjwvc3ZnPg==\" class=\"lazyload\" style=\"--smush-placeholder-width: 1920px; --smush-placeholder-aspect-ratio: 1920\/1920;\" data-srcset=\"https:\/\/edm.ch\/wp-content\/uploads\/2023\/08\/RS6437.png 1920w, https:\/\/edm.ch\/wp-content\/uploads\/2023\/08\/RS6437-300x300.png 300w, https:\/\/edm.ch\/wp-content\/uploads\/2023\/08\/RS6437-1024x1024.png 1024w, https:\/\/edm.ch\/wp-content\/uploads\/2023\/08\/RS6437-150x150.png 150w, https:\/\/edm.ch\/wp-content\/uploads\/2023\/08\/RS6437-768x768.png 768w, https:\/\/edm.ch\/wp-content\/uploads\/2023\/08\/RS6437-1536x1536.png 1536w\" data-sizes=\"auto\" data-original-sizes=\"(max-width: 1920px) 100vw, 1920px\" \/>\n                            <\/a>                        <\/div>\n                        <div class=\"contentBlock\">\n                            <h3>Working for Enfants du Monde<\/h3>\n                            <p>Do you wish to work to improve children\u2019s education and health? Take a look at our employment offers and volunteering opportunities.<\/p>\n                                                            <a href=\"https:\/\/edm.ch\/en\/employment\/\" class=\"btnWhite\">Read more<\/a>\n                                                    <\/div>\n                    <\/div>\n                <\/div>\n\n            \n                <div class=\"activityCol\">\n                    <div class=\"activityColInner\">\n                        <div class=\"imgBlock\">\n                            <a href=\"https:\/\/edm.ch\/en\/faq\/\">                                <img decoding=\"async\" data-src=\"https:\/\/edm.ch\/wp-content\/uploads\/2023\/08\/RS112_eleveBurkina.png\" alt=\"EMD-img\" src=\"data:image\/svg+xml;base64,PHN2ZyB3aWR0aD0iMSIgaGVpZ2h0PSIxIiB4bWxucz0iaHR0cDovL3d3dy53My5vcmcvMjAwMC9zdmciPjwvc3ZnPg==\" class=\"lazyload\" style=\"--smush-placeholder-width: 1920px; --smush-placeholder-aspect-ratio: 1920\/1920;\" data-srcset=\"https:\/\/edm.ch\/wp-content\/uploads\/2023\/08\/RS112_eleveBurkina.png 1920w, https:\/\/edm.ch\/wp-content\/uploads\/2023\/08\/RS112_eleveBurkina-300x300.png 300w, https:\/\/edm.ch\/wp-content\/uploads\/2023\/08\/RS112_eleveBurkina-1024x1024.png 1024w, https:\/\/edm.ch\/wp-content\/uploads\/2023\/08\/RS112_eleveBurkina-150x150.png 150w, https:\/\/edm.ch\/wp-content\/uploads\/2023\/08\/RS112_eleveBurkina-768x768.png 768w, https:\/\/edm.ch\/wp-content\/uploads\/2023\/08\/RS112_eleveBurkina-1536x1536.png 1536w\" data-sizes=\"auto\" data-original-sizes=\"(max-width: 1920px) 100vw, 1920px\" \/>\n                            <\/a>                        <\/div>\n                        <div class=\"contentBlock\">\n                            <h3>Frequently Asked Questions<\/h3>\n                            <p>Here are the most frequently asked questions about our association.<\/p>\n                                                            <a href=\"https:\/\/edm.ch\/en\/faq\/\" class=\"btnWhite\">Read more<\/a>\n                                                    <\/div>\n                    <\/div>\n                <\/div>\n\n                        \n        <\/div>\n      <\/div>\n    <\/section>\n\n\n    <section class=\"donation_count\" style=\"display:\">\n        <div class=\"inner_row\">\n            <div class=\"right_img_block\">\n                <div class=\"img_block figure_block\">\n                    <img decoding=\"async\" data-src=\"https:\/\/edm.ch\/wp-content\/uploads\/2023\/08\/Enfants_du_monde_image_website_children.png\" alt=\"\" src=\"data:image\/svg+xml;base64,PHN2ZyB3aWR0aD0iMSIgaGVpZ2h0PSIxIiB4bWxucz0iaHR0cDovL3d3dy53My5vcmcvMjAwMC9zdmciPjwvc3ZnPg==\" class=\"lazyload\" style=\"--smush-placeholder-width: 1920px; --smush-placeholder-aspect-ratio: 1920\/1920;\" data-srcset=\"https:\/\/edm.ch\/wp-content\/uploads\/2023\/08\/Enfants_du_monde_image_website_children.png 1920w, https:\/\/edm.ch\/wp-content\/uploads\/2023\/08\/Enfants_du_monde_image_website_children-300x300.png 300w, https:\/\/edm.ch\/wp-content\/uploads\/2023\/08\/Enfants_du_monde_image_website_children-1024x1024.png 1024w, https:\/\/edm.ch\/wp-content\/uploads\/2023\/08\/Enfants_du_monde_image_website_children-150x150.png 150w, https:\/\/edm.ch\/wp-content\/uploads\/2023\/08\/Enfants_du_monde_image_website_children-768x768.png 768w, https:\/\/edm.ch\/wp-content\/uploads\/2023\/08\/Enfants_du_monde_image_website_children-1536x1536.png 1536w\" data-sizes=\"auto\" data-original-sizes=\"(max-width: 1920px) 100vw, 1920px\">\n                                    <\/div>\n            <\/div>\n            <div class=\"left_txt_block\">\n                <div class=\"txt_contents\">\n                    <h3>My Donation Can Make a Real Difference<\/h3>\n                    <div class=\"block_txts\">\n                                                    <div class=\"item\">\n                                <span class=\"title\">For example:<\/span>\n                                <p><\/p>\n                            <\/div>\n                                                    <div class=\"item\">\n                                <span class=\"title\">With 70 francs,<\/span>\n                                <p>I could provide bilingual school manuals in French and Moor\u00e9 to 10 children in Burkina Faso\u2014helping them thrive in school.<\/p>\n                            <\/div>\n                                                    <div class=\"item\">\n                                <span class=\"title\">With 140 francs,<\/span>\n                                <p>I could support 28 pregnant women and their partners in Bangladesh to attend maternal health education sessions and prepare for childbirth.<\/p>\n                            <\/div>\n                                                    <div class=\"item\">\n                                <span class=\"title\">With 200 francs,<\/span>\n                                <p>I could fund bilingual training for 17 Guatemalan teachers to enhance lesson quality.<\/p>\n                            <\/div>\n                                                                            <a href=\"https:\/\/don.edm.ch\/en\" class=\"btnWhite buttonDonation\">\n                                DONATE NOW                            <\/a>\n                                            <\/div>\n                <\/div>\n            <\/div>\n        <\/div>\n    <\/section>","protected":false},"excerpt":{"rendered":"","protected":false},"author":3,"featured_media":36802,"parent":0,"menu_order":0,"comment_status":"closed","ping_status":"closed","template":"templates\/yellow-line-1.php","meta":{"_acf_changed":false,"inline_featured_image":false,"footnotes":""},"class_list":["post-4774","page","type-page","status-publish","has-post-thumbnail","hentry"],"acf":[],"yoast_head":"<!-- This site is optimized with the Yoast SEO plugin v26.9 - https:\/\/yoast.com\/product\/yoast-seo-wordpress\/ -->\n<title>NGO - Enfants du Monde<\/title>\n<meta name=\"description\" content=\"Enfants du Monde is a Swiss NGO, wich works for the health and education of disadvantaged children, mothers and pregnant women.\" \/>\n<meta name=\"robots\" content=\"index, follow, max-snippet:-1, max-image-preview:large, max-video-preview:-1\" \/>\n<link rel=\"canonical\" href=\"https:\/\/edm.ch\/en\/our-ngo\/\" \/>\n<meta property=\"og:locale\" content=\"en_US\" \/>\n<meta property=\"og:type\" content=\"article\" \/>\n<meta property=\"og:title\" content=\"NGO - Enfants du Monde\" \/>\n<meta property=\"og:description\" content=\"Enfants du Monde is a Swiss NGO, wich works for the health and education of disadvantaged children, mothers and pregnant women.\" \/>\n<meta property=\"og:url\" content=\"https:\/\/edm.ch\/en\/our-ngo\/\" \/>\n<meta property=\"og:site_name\" content=\"Enfants du monde\" \/>\n<meta property=\"article:modified_time\" content=\"2026-04-10T12:57:17+00:00\" \/>\n<meta property=\"og:image\" content=\"https:\/\/edm.ch\/wp-content\/uploads\/2025\/07\/Enfants_du_Monde_Clemence-2-1024x1024.png\" \/>\n\t<meta property=\"og:image:width\" content=\"1024\" \/>\n\t<meta property=\"og:image:height\" content=\"1024\" \/>\n\t<meta property=\"og:image:type\" content=\"image\/png\" \/>\n<meta name=\"twitter:card\" content=\"summary_large_image\" \/>\n<meta name=\"twitter:label1\" content=\"Est. reading time\" \/>\n\t<meta name=\"twitter:data1\" content=\"1 minute\" \/>\n<script type=\"application\/ld+json\" class=\"yoast-schema-graph\">{\"@context\":\"https:\/\/schema.org\",\"@graph\":[{\"@type\":\"WebPage\",\"@id\":\"https:\/\/edm.ch\/en\/our-ngo\/\",\"url\":\"https:\/\/edm.ch\/en\/our-ngo\/\",\"name\":\"NGO - Enfants du Monde\",\"isPartOf\":{\"@id\":\"https:\/\/edm.ch\/en\/#website\"},\"primaryImageOfPage\":{\"@id\":\"https:\/\/edm.ch\/en\/our-ngo\/#primaryimage\"},\"image\":{\"@id\":\"https:\/\/edm.ch\/en\/our-ngo\/#primaryimage\"},\"thumbnailUrl\":\"https:\/\/edm.ch\/wp-content\/uploads\/2025\/07\/Enfants_du_Monde_Clemence-2.png\",\"datePublished\":\"2023-07-28T07:56:14+00:00\",\"dateModified\":\"2026-04-10T12:57:17+00:00\",\"description\":\"Enfants du Monde is a Swiss NGO, wich works for the health and education of disadvantaged children, mothers and pregnant women.\",\"inLanguage\":\"en-US\",\"potentialAction\":[{\"@type\":\"ReadAction\",\"target\":[\"https:\/\/edm.ch\/en\/our-ngo\/\"]}]},{\"@type\":\"ImageObject\",\"inLanguage\":\"en-US\",\"@id\":\"https:\/\/edm.ch\/en\/our-ngo\/#primaryimage\",\"url\":\"https:\/\/edm.ch\/wp-content\/uploads\/2025\/07\/Enfants_du_Monde_Clemence-2.png\",\"contentUrl\":\"https:\/\/edm.ch\/wp-content\/uploads\/2025\/07\/Enfants_du_Monde_Clemence-2.png\",\"width\":1920,\"height\":1920},{\"@type\":\"WebSite\",\"@id\":\"https:\/\/edm.ch\/en\/#website\",\"url\":\"https:\/\/edm.ch\/en\/\",\"name\":\"Enfants du monde\",\"description\":\"Association suisse\",\"potentialAction\":[{\"@type\":\"SearchAction\",\"target\":{\"@type\":\"EntryPoint\",\"urlTemplate\":\"https:\/\/edm.ch\/en\/?s={search_term_string}\"},\"query-input\":{\"@type\":\"PropertyValueSpecification\",\"valueRequired\":true,\"valueName\":\"search_term_string\"}}],\"inLanguage\":\"en-US\"}]}<\/script>\n<!-- \/ Yoast SEO plugin. -->","yoast_head_json":{"title":"NGO - Enfants du Monde","description":"Enfants du Monde is a Swiss NGO, wich works for the health and education of disadvantaged children, mothers and pregnant women.","robots":{"index":"index","follow":"follow","max-snippet":"max-snippet:-1","max-image-preview":"max-image-preview:large","max-video-preview":"max-video-preview:-1"},"canonical":"https:\/\/edm.ch\/en\/our-ngo\/","og_locale":"en_US","og_type":"article","og_title":"NGO - Enfants du Monde","og_description":"Enfants du Monde is a Swiss NGO, wich works for the health and education of disadvantaged children, mothers and pregnant women.","og_url":"https:\/\/edm.ch\/en\/our-ngo\/","og_site_name":"Enfants du monde","article_modified_time":"2026-04-10T12:57:17+00:00","og_image":[{"width":1024,"height":1024,"url":"https:\/\/edm.ch\/wp-content\/uploads\/2025\/07\/Enfants_du_Monde_Clemence-2-1024x1024.png","type":"image\/png"}],"twitter_card":"summary_large_image","twitter_misc":{"Est. reading time":"1 minute"},"schema":{"@context":"https:\/\/schema.org","@graph":[{"@type":"WebPage","@id":"https:\/\/edm.ch\/en\/our-ngo\/","url":"https:\/\/edm.ch\/en\/our-ngo\/","name":"NGO - Enfants du Monde","isPartOf":{"@id":"https:\/\/edm.ch\/en\/#website"},"primaryImageOfPage":{"@id":"https:\/\/edm.ch\/en\/our-ngo\/#primaryimage"},"image":{"@id":"https:\/\/edm.ch\/en\/our-ngo\/#primaryimage"},"thumbnailUrl":"https:\/\/edm.ch\/wp-content\/uploads\/2025\/07\/Enfants_du_Monde_Clemence-2.png","datePublished":"2023-07-28T07:56:14+00:00","dateModified":"2026-04-10T12:57:17+00:00","description":"Enfants du Monde is a Swiss NGO, wich works for the health and education of disadvantaged children, mothers and pregnant women.","inLanguage":"en-US","potentialAction":[{"@type":"ReadAction","target":["https:\/\/edm.ch\/en\/our-ngo\/"]}]},{"@type":"ImageObject","inLanguage":"en-US","@id":"https:\/\/edm.ch\/en\/our-ngo\/#primaryimage","url":"https:\/\/edm.ch\/wp-content\/uploads\/2025\/07\/Enfants_du_Monde_Clemence-2.png","contentUrl":"https:\/\/edm.ch\/wp-content\/uploads\/2025\/07\/Enfants_du_Monde_Clemence-2.png","width":1920,"height":1920},{"@type":"WebSite","@id":"https:\/\/edm.ch\/en\/#website","url":"https:\/\/edm.ch\/en\/","name":"Enfants du monde","description":"Association suisse","potentialAction":[{"@type":"SearchAction","target":{"@type":"EntryPoint","urlTemplate":"https:\/\/edm.ch\/en\/?s={search_term_string}"},"query-input":{"@type":"PropertyValueSpecification","valueRequired":true,"valueName":"search_term_string"}}],"inLanguage":"en-US"}]}},"_links":{"self":[{"href":"https:\/\/edm.ch\/en\/wp-json\/wp\/v2\/pages\/4774","targetHints":{"allow":["GET"]}}],"collection":[{"href":"https:\/\/edm.ch\/en\/wp-json\/wp\/v2\/pages"}],"about":[{"href":"https:\/\/edm.ch\/en\/wp-json\/wp\/v2\/types\/page"}],"author":[{"embeddable":true,"href":"https:\/\/edm.ch\/en\/wp-json\/wp\/v2\/users\/3"}],"replies":[{"embeddable":true,"href":"https:\/\/edm.ch\/en\/wp-json\/wp\/v2\/comments?post=4774"}],"version-history":[{"count":90,"href":"https:\/\/edm.ch\/en\/wp-json\/wp\/v2\/pages\/4774\/revisions"}],"predecessor-version":[{"id":38536,"href":"https:\/\/edm.ch\/en\/wp-json\/wp\/v2\/pages\/4774\/revisions\/38536"}],"wp:featuredmedia":[{"embeddable":true,"href":"https:\/\/edm.ch\/en\/wp-json\/wp\/v2\/media\/36802"}],"wp:attachment":[{"href":"https:\/\/edm.ch\/en\/wp-json\/wp\/v2\/media?parent=4774"}],"curies":[{"name":"wp","href":"https:\/\/api.w.org\/{rel}","templated":true}]}}