{"id":32331,"date":"2024-09-03T11:55:11","date_gmt":"2024-09-03T11:55:11","guid":{"rendered":"https:\/\/edm.ch\/?post_type=projects&#038;p=32331"},"modified":"2025-09-05T11:32:30","modified_gmt":"2025-09-05T11:32:30","slug":"guatemala-kinder-vor-gewalt-schutzene","status":"publish","type":"projects","link":"https:\/\/edm.ch\/de\/guatemala-kinder-vor-gewalt-schutzene\/","title":{"rendered":"Guatemala &#8211; Kinder vor Gewalt sch\u00fctzene\u00a0"},"content":{"rendered":"<section class=\"subpageBanner\" style=\"display:\">\n    <div class=\"subpageBannerBlock figure_block\">\n        <img decoding=\"async\" data-src=\"https:\/\/edm.ch\/wp-content\/uploads\/2024\/09\/Nouveau-site_Banner5.png\" src=\"data:image\/svg+xml;base64,PHN2ZyB3aWR0aD0iMSIgaGVpZ2h0PSIxIiB4bWxucz0iaHR0cDovL3d3dy53My5vcmcvMjAwMC9zdmciPjwvc3ZnPg==\" class=\"lazyload\" style=\"--smush-placeholder-width: 2500px; --smush-placeholder-aspect-ratio: 2500\/1080;\" data-srcset=\"https:\/\/edm.ch\/wp-content\/uploads\/2024\/09\/Nouveau-site_Banner5.png 2500w, https:\/\/edm.ch\/wp-content\/uploads\/2024\/09\/Nouveau-site_Banner5-300x130.png 300w, https:\/\/edm.ch\/wp-content\/uploads\/2024\/09\/Nouveau-site_Banner5-1024x442.png 1024w, https:\/\/edm.ch\/wp-content\/uploads\/2024\/09\/Nouveau-site_Banner5-768x332.png 768w, https:\/\/edm.ch\/wp-content\/uploads\/2024\/09\/Nouveau-site_Banner5-1536x664.png 1536w, https:\/\/edm.ch\/wp-content\/uploads\/2024\/09\/Nouveau-site_Banner5-2048x885.png 2048w\" data-sizes=\"auto\" data-original-sizes=\"(max-width: 2500px) 100vw, 2500px\" \/>\n        <div class=\"subpageBannerWrap\">\n            <div class=\"container\">\n                <div class=\"content\">\n                    <div>\n                        <span class=\"bannerHead\">Guatemala <\/span>\n                        <h1>Kinder vor Gewalt sch\u00fctzen<\/h1>\n                    <\/div>\n                                    <\/div>\n            <\/div>\n        <\/div>\n            <\/div>\n<\/section>\n<script type=\"text\/javascript\">\n    jQuery(document).ready(function ($) {\n        \/\/ Check if the block exists\n        var bannerSection = $('#subpage-banner-section');\n\n        if (bannerSection.length > 0) {\n            \/\/ Move the block to the end of <main> just before the footer\n            $('main').append(bannerSection); \/\/ This will append it inside the <main> tag\n        }\n\n        $('.documentAccordion').on('click', function (e) {\n            e.preventDefault();  \/\/ Prevent default link action\n\n            \/\/ Target the section with the given ID\n            $('html, body').animate({\n                scrollTop: $('#subpage-banner-section').offset().top - 200\n            }, 1000);\n        });\n    });\n<\/script>\n\n\n        <section class=\" countSec\" style=\"display:\">\n        <div class=\"container\">\n            <div class=\"countHolder\">\n                <h2>Von 2024 bis 2026<\/h2>\n                <div class=\"countBlock\">\n                    <div class=\"countRow\">\n\n                        \n                            <div class=\"countCol\">\n                                <div class=\"countColInner\">\n                                    <div class=\"imgBlock\">\n                                    <img decoding=\"async\" data-src=\"https:\/\/edm.ch\/wp-content\/uploads\/2023\/08\/Picto-eleve.png\" src=\"data:image\/svg+xml;base64,PHN2ZyB3aWR0aD0iMSIgaGVpZ2h0PSIxIiB4bWxucz0iaHR0cDovL3d3dy53My5vcmcvMjAwMC9zdmciPjwvc3ZnPg==\" class=\"lazyload\" style=\"--smush-placeholder-width: 160px; --smush-placeholder-aspect-ratio: 160\/160;\" data-srcset=\"https:\/\/edm.ch\/wp-content\/uploads\/2023\/08\/Picto-eleve.png 160w, https:\/\/edm.ch\/wp-content\/uploads\/2023\/08\/Picto-eleve-150x150.png 150w\" data-sizes=\"auto\" data-original-sizes=\"(max-width: 160px) 100vw, 160px\" \/>\n                                    <\/div>\n                                    <div class=\"content\">\n                                    <h2>6&#8217;000<\/h2>\n                                    <p>Grundsch\u00fcler profitieren von dem Programm<\/p>\n                                    <\/div>\n                                <\/div>\n                            <\/div>\n\n                        \n                            <div class=\"countCol\">\n                                <div class=\"countColInner\">\n                                    <div class=\"imgBlock\">\n                                    <img decoding=\"async\" data-src=\"https:\/\/edm.ch\/wp-content\/uploads\/2023\/08\/Picto-enfant.png\" src=\"data:image\/svg+xml;base64,PHN2ZyB3aWR0aD0iMSIgaGVpZ2h0PSIxIiB4bWxucz0iaHR0cDovL3d3dy53My5vcmcvMjAwMC9zdmciPjwvc3ZnPg==\" class=\"lazyload\" style=\"--smush-placeholder-width: 160px; --smush-placeholder-aspect-ratio: 160\/160;\" data-srcset=\"https:\/\/edm.ch\/wp-content\/uploads\/2023\/08\/Picto-enfant.png 160w, https:\/\/edm.ch\/wp-content\/uploads\/2023\/08\/Picto-enfant-150x150.png 150w\" data-sizes=\"auto\" data-original-sizes=\"(max-width: 160px) 100vw, 160px\" \/>\n                                    <\/div>\n                                    <div class=\"content\">\n                                    <h2>7&#8217;500 <\/h2>\n                                    <p>Eltern und Gemeindemitglieder werden sensibilisiert<\/p>\n                                    <\/div>\n                                <\/div>\n                            <\/div>\n\n                        \n                            <div class=\"countCol\">\n                                <div class=\"countColInner\">\n                                    <div class=\"imgBlock\">\n                                    <img decoding=\"async\" data-src=\"https:\/\/edm.ch\/wp-content\/uploads\/2023\/08\/Picto-enseignant-2.png\" src=\"data:image\/svg+xml;base64,PHN2ZyB3aWR0aD0iMSIgaGVpZ2h0PSIxIiB4bWxucz0iaHR0cDovL3d3dy53My5vcmcvMjAwMC9zdmciPjwvc3ZnPg==\" class=\"lazyload\" style=\"--smush-placeholder-width: 160px; --smush-placeholder-aspect-ratio: 160\/160;\" data-srcset=\"https:\/\/edm.ch\/wp-content\/uploads\/2023\/08\/Picto-enseignant-2.png 160w, https:\/\/edm.ch\/wp-content\/uploads\/2023\/08\/Picto-enseignant-2-150x150.png 150w\" data-sizes=\"auto\" data-original-sizes=\"(max-width: 160px) 100vw, 160px\" \/>\n                                    <\/div>\n                                    <div class=\"content\">\n                                    <h2>264<\/h2>\n                                    <p>Lehrer\u00b7innen werden ausgebildet<\/p>\n                                    <\/div>\n                                <\/div>\n                            <\/div>\n\n                        \n                    <\/div>\n                <\/div>\n                <div class=\"countBlockText\"><p><\/p><\/div>\n            <\/div>\n        <\/div>\n    <\/section>\n\n        <section class=\"contentSec\" style=\"display:\">\n        <div class=\"container\">\n            <div class=\"contentBlock\">\n                <h5><\/h5>\n                <p>Guatemala leidet wie viele andere zentralamerikanische L\u00e4nder unter der Gang-Problematik und dem Drogenhandel sowie unter einer langen Geschichte der Gewalt, die mit dem Zivilkrieg und den Milit\u00e4rregimen zusammenh\u00e4ngt. Jeden Tag sterben durchschnittlich 2 Kinder an den Folgen von Gewalt und es werden 35 F\u00e4lle von Misshandlung gemeldet*. Dieses sch\u00e4dliche Klima macht auch vor der Schule nicht halt: Mobbing, sexueller Missbrauch und Gewalt von Lehrkr\u00e4ften sind weit verbreitet, vor allem in l\u00e4ndlichen Gebieten. 6 von 10 Kindern* haben Angst, zur Schule zu gehen, was zu erh\u00f6hten Absentismus- und Schulabbrecherquoten f\u00fchrt.<\/p>\n                            <\/div>\n        <\/div>\n    <\/section>\n\n\n    \n    <section class=\"rightTextLeftImg \" style=\"display:\">\n        <div class=\"container\">\n            <div class=\"rightTextLeftImgRow\">\n                                    <div class=\"left\">\n                                                    <div class=\"imgBlock\">\n                                <a class=\"figure_block\" href=\"https:\/\/edm.ch\/wp-content\/uploads\/2024\/08\/4-2.png\" data-fancybox data-caption=\"\">\n                                    <img decoding=\"async\" data-src=\"https:\/\/edm.ch\/wp-content\/uploads\/2024\/08\/4-2.png\" src=\"data:image\/svg+xml;base64,PHN2ZyB3aWR0aD0iMSIgaGVpZ2h0PSIxIiB4bWxucz0iaHR0cDovL3d3dy53My5vcmcvMjAwMC9zdmciPjwvc3ZnPg==\" class=\"lazyload\" style=\"--smush-placeholder-width: 1920px; --smush-placeholder-aspect-ratio: 1920\/1920;\" data-srcset=\"https:\/\/edm.ch\/wp-content\/uploads\/2024\/08\/4-2.png 1920w, https:\/\/edm.ch\/wp-content\/uploads\/2024\/08\/4-2-300x300.png 300w, https:\/\/edm.ch\/wp-content\/uploads\/2024\/08\/4-2-1024x1024.png 1024w, https:\/\/edm.ch\/wp-content\/uploads\/2024\/08\/4-2-150x150.png 150w, https:\/\/edm.ch\/wp-content\/uploads\/2024\/08\/4-2-768x768.png 768w, https:\/\/edm.ch\/wp-content\/uploads\/2024\/08\/4-2-1536x1536.png 1536w\" data-sizes=\"auto\" data-original-sizes=\"(max-width: 1920px) 100vw, 1920px\" \/>\n                                                                            <div class=\"picture-caption\">\n                                            <div class=\"caption-content\"><span>2022 Sandra Sebastian\/Fairpicture<\/span><\/div>\n                                        <\/div>\n                                                                    <\/a>\n                                <figcaption><\/figcaption>\n                            <\/div>\n                                            <\/div>\n                                                    <div class=\"right\">\n                        <div class=\"content\">\n                            <h2>                                Gewalt an Schulen vorbeugen <small><\/small>\n                            <\/h2>                                                            <p>In den wirtschaftlich und sozial benachteiligten Regionen der Departements Alta Verapaz und Chimaltenango geh\u00f6rt die physische, psychische und\/oder sexuelle Gewalt gegen Kinder sowohl in den Schulen als auch zu Hause zu den h\u00f6chsten Werten.<\/p>\n<p>Aus diesem Grund f\u00fchren wir mit finanzieller Unterst\u00fctzung der Gl\u00fcckskette und unserem lokalen Partner, der NGO CIPREVICA, ein Projekt zum Schutz von Kindern vor Gewalt in 40 \u00f6ffentlichen Schulen durch.<\/p>\n<p>Diese Aktionen erg\u00e4nzen unser zweisprachiges und interkulturelles Bildungsprogramm, das benachteiligten Kindern mit Maya-Herkunft helfen soll, bessere Fortschritte im Unterricht zu machen.<\/p>\n                                                                                                            <\/div>\n                    <\/div>\n                            <\/div>\n        <\/div>\n    <\/section>\n\n\n    \n    <section class=\"leftTextRightImg \" style=\"display:\">\n        <div class=\"container\">\n            <div class=\"leftTextRightImgRow\">\n                                    <div class=\"right\">\n                                                    <div class=\"imgBlock\">\n                                <a class=\"figure_block\" href=\"https:\/\/edm.ch\/wp-content\/uploads\/2024\/08\/1-3.png\" data-fancybox data-caption=\"\">\n                                    <img decoding=\"async\" data-src=\"https:\/\/edm.ch\/wp-content\/uploads\/2024\/08\/1-3.png\" src=\"data:image\/svg+xml;base64,PHN2ZyB3aWR0aD0iMSIgaGVpZ2h0PSIxIiB4bWxucz0iaHR0cDovL3d3dy53My5vcmcvMjAwMC9zdmciPjwvc3ZnPg==\" class=\"lazyload\" style=\"--smush-placeholder-width: 1920px; --smush-placeholder-aspect-ratio: 1920\/1920;\" data-srcset=\"https:\/\/edm.ch\/wp-content\/uploads\/2024\/08\/1-3.png 1920w, https:\/\/edm.ch\/wp-content\/uploads\/2024\/08\/1-3-300x300.png 300w, https:\/\/edm.ch\/wp-content\/uploads\/2024\/08\/1-3-1024x1024.png 1024w, https:\/\/edm.ch\/wp-content\/uploads\/2024\/08\/1-3-150x150.png 150w, https:\/\/edm.ch\/wp-content\/uploads\/2024\/08\/1-3-768x768.png 768w, https:\/\/edm.ch\/wp-content\/uploads\/2024\/08\/1-3-1536x1536.png 1536w\" data-sizes=\"auto\" data-original-sizes=\"(max-width: 1920px) 100vw, 1920px\" \/>\n                                                                    <\/a>\n                                <figcaption><\/figcaption>\n                            <\/div>\n                                            <\/div>\n                                                    <div class=\"left\">\n                        <div class=\"content\">\n                            <h2>                                Ausbildung von Lehrkr\u00e4ften zur F\u00f6rderung gewaltfreier Verhaltensweisen. <small><\/small>\n                            <\/h2>                                                            <p>Lehrer\u00b7innen werden darin ausgebildet, Sch\u00fcler*innen beizubringen, wie sie ihre Gef\u00fchle erkennen und besser mit ihnen umgehen k\u00f6nnen, um harmonische und weniger gewaltt\u00e4tige Beziehungen zu ihren Mitsch\u00fclerinnen und Mitsch\u00fclern zu f\u00f6rdern. Sie werden auch in umfassender Sexualerziehung unter Ber\u00fccksichtigung der verschiedenen Altersgruppen zu diesen heiklen zu behandelnden Themen geschult, damit sie den Sch\u00fclern Wissen und Verhaltensweisen vermitteln k\u00f6nnen, die ihnen helfen, respektvolle soziale und sexuelle Beziehungen zu pflegen und ihre eigenen Rechte und die Rechte anderer zu verstehen und zu sch\u00fctzen.<\/p>\n<p>Das mit Unterst\u00fctzung unserer Fachleute entwickelte Unterrichtsmaterial ist in der Kultur und den Werten der Maya verwurzelt.<\/p>\n                                                                                                            <\/div>\n                    <\/div>\n                            <\/div>\n        <\/div>\n    <\/section>\n\n\n    \n    <section class=\"rightTextLeftImg \" style=\"display:\">\n        <div class=\"container\">\n            <div class=\"rightTextLeftImgRow\">\n                                    <div class=\"left\">\n                                                    <div class=\"imgBlock\">\n                                <a class=\"figure_block\" href=\"https:\/\/edm.ch\/wp-content\/uploads\/2024\/08\/3-2.png\" data-fancybox data-caption=\"\">\n                                    <img decoding=\"async\" data-src=\"https:\/\/edm.ch\/wp-content\/uploads\/2024\/08\/3-2.png\" src=\"data:image\/svg+xml;base64,PHN2ZyB3aWR0aD0iMSIgaGVpZ2h0PSIxIiB4bWxucz0iaHR0cDovL3d3dy53My5vcmcvMjAwMC9zdmciPjwvc3ZnPg==\" class=\"lazyload\" style=\"--smush-placeholder-width: 1920px; --smush-placeholder-aspect-ratio: 1920\/1920;\" data-srcset=\"https:\/\/edm.ch\/wp-content\/uploads\/2024\/08\/3-2.png 1920w, https:\/\/edm.ch\/wp-content\/uploads\/2024\/08\/3-2-300x300.png 300w, https:\/\/edm.ch\/wp-content\/uploads\/2024\/08\/3-2-1024x1024.png 1024w, https:\/\/edm.ch\/wp-content\/uploads\/2024\/08\/3-2-150x150.png 150w, https:\/\/edm.ch\/wp-content\/uploads\/2024\/08\/3-2-768x768.png 768w, https:\/\/edm.ch\/wp-content\/uploads\/2024\/08\/3-2-1536x1536.png 1536w\" data-sizes=\"auto\" data-original-sizes=\"(max-width: 1920px) 100vw, 1920px\" \/>\n                                                                    <\/a>\n                                <figcaption><\/figcaption>\n                            <\/div>\n                                            <\/div>\n                                                    <div class=\"right\">\n                        <div class=\"content\">\n                            <h2>                                Gewaltbetroffene Kinder identifizieren und sch\u00fctzen <small><\/small>\n                            <\/h2>                                                            <p>Wir schulen Eltern und Lehrer\u00b7innen darin, Warnzeichen zu erkennen, die auf Probleme bei Kindern und Jugendlichen hinweisen, die eine professionelle Betreuung erfordern. Wir informieren sie \u00fcber die gesetzlichen Rahmenbedingungen zum Kinderschutz und richten Schulkomitees f\u00fcr den Kinderschutz ein, um die Schritte zur Identifizierung, Behandlung und Referenzierung von Gewaltf\u00e4llen besser bekannt zu machen.<\/p>\n                                                                                                            <\/div>\n                    <\/div>\n                            <\/div>\n        <\/div>\n    <\/section>\n\n\n    \n    <section class=\"leftTextRightImg \" style=\"display:\">\n        <div class=\"container\">\n            <div class=\"leftTextRightImgRow\">\n                                    <div class=\"right\">\n                                                    <div class=\"imgBlock\">\n                                <a class=\"figure_block\" href=\"https:\/\/edm.ch\/wp-content\/uploads\/2024\/08\/2-3.png\" data-fancybox data-caption=\"\">\n                                    <img decoding=\"async\" data-src=\"https:\/\/edm.ch\/wp-content\/uploads\/2024\/08\/2-3.png\" src=\"data:image\/svg+xml;base64,PHN2ZyB3aWR0aD0iMSIgaGVpZ2h0PSIxIiB4bWxucz0iaHR0cDovL3d3dy53My5vcmcvMjAwMC9zdmciPjwvc3ZnPg==\" class=\"lazyload\" style=\"--smush-placeholder-width: 1920px; --smush-placeholder-aspect-ratio: 1920\/1920;\" data-srcset=\"https:\/\/edm.ch\/wp-content\/uploads\/2024\/08\/2-3.png 1920w, https:\/\/edm.ch\/wp-content\/uploads\/2024\/08\/2-3-300x300.png 300w, https:\/\/edm.ch\/wp-content\/uploads\/2024\/08\/2-3-1024x1024.png 1024w, https:\/\/edm.ch\/wp-content\/uploads\/2024\/08\/2-3-150x150.png 150w, https:\/\/edm.ch\/wp-content\/uploads\/2024\/08\/2-3-768x768.png 768w, https:\/\/edm.ch\/wp-content\/uploads\/2024\/08\/2-3-1536x1536.png 1536w\" data-sizes=\"auto\" data-original-sizes=\"(max-width: 1920px) 100vw, 1920px\" \/>\n                                                                    <\/a>\n                                <figcaption><\/figcaption>\n                            <\/div>\n                                            <\/div>\n                                                    <div class=\"left\">\n                        <div class=\"content\">\n                            <h2>                                Sensibilisierung der Kinder auf spielerische Weise <small><\/small>\n                            <\/h2>                                                            <p>Klassen- und Schulprojekte, die auf Theaterst\u00fccken, Schreibwettbewerben und Wandmalereien basieren, bieten die M\u00f6glichkeit, sicherzustellen, dass Kinder Gewaltsituationen erkennen und sich wohl f\u00fchlen, wenn sie dar\u00fcber sprechen.<\/p>\n                                                                                                            <\/div>\n                    <\/div>\n                            <\/div>\n        <\/div>\n    <\/section>\n\n\n    \n    <section class=\"rightTextLeftImg \" style=\"display:\">\n        <div class=\"container\">\n            <div class=\"rightTextLeftImgRow\">\n                                    <div class=\"left\">\n                                                    <div class=\"imgBlock\">\n                                <a class=\"figure_block\" href=\"https:\/\/edm.ch\/wp-content\/uploads\/2023\/08\/carte-guate-2.png\" data-fancybox data-caption=\"\">\n                                    <img decoding=\"async\" data-src=\"https:\/\/edm.ch\/wp-content\/uploads\/2023\/08\/carte-guate-2.png\" src=\"data:image\/svg+xml;base64,PHN2ZyB3aWR0aD0iMSIgaGVpZ2h0PSIxIiB4bWxucz0iaHR0cDovL3d3dy53My5vcmcvMjAwMC9zdmciPjwvc3ZnPg==\" class=\"lazyload\" style=\"--smush-placeholder-width: 1920px; --smush-placeholder-aspect-ratio: 1920\/1920;\" data-srcset=\"https:\/\/edm.ch\/wp-content\/uploads\/2023\/08\/carte-guate-2.png 1920w, https:\/\/edm.ch\/wp-content\/uploads\/2023\/08\/carte-guate-2-300x300.png 300w, https:\/\/edm.ch\/wp-content\/uploads\/2023\/08\/carte-guate-2-1024x1024.png 1024w, https:\/\/edm.ch\/wp-content\/uploads\/2023\/08\/carte-guate-2-150x150.png 150w, https:\/\/edm.ch\/wp-content\/uploads\/2023\/08\/carte-guate-2-768x768.png 768w, https:\/\/edm.ch\/wp-content\/uploads\/2023\/08\/carte-guate-2-1536x1536.png 1536w\" data-sizes=\"auto\" data-original-sizes=\"(max-width: 1920px) 100vw, 1920px\" \/>\n                                                                    <\/a>\n                                <figcaption><\/figcaption>\n                            <\/div>\n                                            <\/div>\n                                                    <div class=\"right\">\n                        <div class=\"content\">\n                            <h2>                                Unsere Wirkung <small><\/small>\n                            <\/h2>                                                            <ul>\n<li>Die Sch\u00fcler kennen ihre Rechte und das Konzept der Zustimmung und wissen, wie sie Hilfe finden k\u00f6nnen.<\/li>\n<li>Die Eltern kennen die Formen von Gewalt gegen Kinder und das Kinderschutzgesetz.<\/li>\n<li>Lehrer wissen, wie sie ein Kind identifizieren k\u00f6nnen, das m\u00f6glicherweise Opfer von Gewalt ist.<\/li>\n<li>Altersgerechtes Unterrichtsmaterial zur Gewaltpr\u00e4vention ist f\u00fcr Lehrer verf\u00fcgbar.<\/li>\n<li>Schulkomitees aus Eltern, Lehrer*innen und Sch\u00fclervertreter*innen sorgen daf\u00fcr, dass die Ver\u00e4nderungen in der Schule nachhaltig sind.<\/li>\n<\/ul>\n                                                                                                            <\/div>\n                    <\/div>\n                            <\/div>\n        <\/div>\n    <\/section>\n\n\n        <section class=\" partnerSec\" style=\"display:\">\n        <div class=\"container\">\n            <h2>Lokaler Partner<\/h2>\n            <div class=\"partnerWrap \">\n\n\n                                    \n                        <div class=\"partnerBlock\">\n                            <figure>\n                                                                    <a href=\"https:\/\/www.ciprevica.org\/\" target=\"_blank\">\n                                        <img decoding=\"async\" data-src=\"https:\/\/edm.ch\/wp-content\/uploads\/2023\/08\/Ciprevica-logo-1-1.png\" src=\"data:image\/svg+xml;base64,PHN2ZyB3aWR0aD0iMSIgaGVpZ2h0PSIxIiB4bWxucz0iaHR0cDovL3d3dy53My5vcmcvMjAwMC9zdmciPjwvc3ZnPg==\" class=\"lazyload\" style=\"--smush-placeholder-width: 628px; --smush-placeholder-aspect-ratio: 628\/311;\" data-srcset=\"https:\/\/edm.ch\/wp-content\/uploads\/2023\/08\/Ciprevica-logo-1-1.png 628w, https:\/\/edm.ch\/wp-content\/uploads\/2023\/08\/Ciprevica-logo-1-1-300x149.png 300w\" data-sizes=\"auto\" data-original-sizes=\"(max-width: 628px) 100vw, 628px\">\n                                    <\/a>\n                                                            <\/figure>\n                        <\/div>\n                        \n                    \n            <\/div>\n        <\/div>\n    <\/section>\n\n\n        <section class=\" partnerSec\" style=\"display:\">\n        <div class=\"container\">\n            <h2>Finanzielle Partner<\/h2>\n            <div class=\"partnerWrap \">\n\n\n                                    \n                        <div class=\"partnerBlock\">\n                            <figure>\n                                                                    <a href=\"https:\/\/www.glueckskette.ch\/?_gl=1%2A1xmqd1i%2A_ga%2ANzQ2MTgwMDYuMTcyNDkxMzE0MQ..%2A_ga_49RE947L57%2AMTcyNTI2Njc0OC40LjAuMTcyNTI2Njc0OC42MC4wLjA.\" target=\"_blank\">\n                                        <img decoding=\"async\" data-src=\"https:\/\/edm.ch\/wp-content\/uploads\/2024\/09\/Logo-Chaine-du-Bonheur-DE.png\" src=\"data:image\/svg+xml;base64,PHN2ZyB3aWR0aD0iMSIgaGVpZ2h0PSIxIiB4bWxucz0iaHR0cDovL3d3dy53My5vcmcvMjAwMC9zdmciPjwvc3ZnPg==\" class=\"lazyload\" style=\"--smush-placeholder-width: 628px; --smush-placeholder-aspect-ratio: 628\/311;\" data-srcset=\"https:\/\/edm.ch\/wp-content\/uploads\/2024\/09\/Logo-Chaine-du-Bonheur-DE.png 628w, https:\/\/edm.ch\/wp-content\/uploads\/2024\/09\/Logo-Chaine-du-Bonheur-DE-300x149.png 300w\" data-sizes=\"auto\" data-original-sizes=\"(max-width: 628px) 100vw, 628px\">\n                                    <\/a>\n                                                            <\/figure>\n                        <\/div>\n                        \n                    \n            <\/div>\n        <\/div>\n    <\/section>\n\n\n        <section class=\" faqSec\" style=\"display:\">\n        <div class=\"container\">\n            <h2>Quelle :<\/h2>\n            <div class=\"accordionWrap\">\n                                    <div class=\"accordionBlock\">\n                    <div class=\"accordionHead\"><\/div>\n                        <div class=\"accordionContent\">\n                            <p>* UNICEF, Romper el c\u00edrculo vicioso de la violencia (2019), consult\u00e9 d\u00e9cembre 2023 https:\/\/www.unicef.org\/guatemala\/comunicados-prensa\/romper-el-c%C3%ADrculo-vicioso-de-la-violencia-todas-las-ni%C3%B1as-ni%C3%B1os-y-adolescentes<\/p>\n                        <\/div>\n                    <\/div>\n                            <\/div>\n        <\/div>\n    <\/section>\n\n\n    \n    <section class=\"leftTextRightImg \" style=\"display:\">\n        <div class=\"container\">\n            <div class=\"leftTextRightImgRow\">\n                                    <div class=\"right\">\n                                                    <div class=\"imgBlock\">\n                                <a class=\"figure_block\" href=\"https:\/\/edm.ch\/wp-content\/uploads\/2024\/01\/Nouveau-site_Carre4.png\" data-fancybox data-caption=\"\">\n                                    <img decoding=\"async\" data-src=\"https:\/\/edm.ch\/wp-content\/uploads\/2024\/01\/Nouveau-site_Carre4.png\" src=\"data:image\/svg+xml;base64,PHN2ZyB3aWR0aD0iMSIgaGVpZ2h0PSIxIiB4bWxucz0iaHR0cDovL3d3dy53My5vcmcvMjAwMC9zdmciPjwvc3ZnPg==\" class=\"lazyload\" style=\"--smush-placeholder-width: 1920px; --smush-placeholder-aspect-ratio: 1920\/1920;\" data-srcset=\"https:\/\/edm.ch\/wp-content\/uploads\/2024\/01\/Nouveau-site_Carre4.png 1920w, https:\/\/edm.ch\/wp-content\/uploads\/2024\/01\/Nouveau-site_Carre4-300x300.png 300w, https:\/\/edm.ch\/wp-content\/uploads\/2024\/01\/Nouveau-site_Carre4-1024x1024.png 1024w, https:\/\/edm.ch\/wp-content\/uploads\/2024\/01\/Nouveau-site_Carre4-150x150.png 150w, https:\/\/edm.ch\/wp-content\/uploads\/2024\/01\/Nouveau-site_Carre4-768x768.png 768w, https:\/\/edm.ch\/wp-content\/uploads\/2024\/01\/Nouveau-site_Carre4-1536x1536.png 1536w\" data-sizes=\"auto\" data-original-sizes=\"(max-width: 1920px) 100vw, 1920px\" \/>\n                                                                    <\/a>\n                                <figcaption><\/figcaption>\n                            <\/div>\n                                            <\/div>\n                                                    <div class=\"left\">\n                        <div class=\"content\">\n                            <h2>                                Meldet euch bei unserem Team <small><\/small>\n                            <\/h2>                                                            <p><strong>Koordinationsb\u00fcro in Lateinamerika<\/strong><\/p>\n<p>Enfants du Monde<\/p>\n<p>c\/o CIPREVICA<\/p>\n<p>12 calle 1-48, Zona 10, Edificio Pivaral, 6. Stock,<\/p>\n<p>Guatemala-Stadt,<\/p>\n<p>Guatemala<\/p>\n<p><strong>Maria Balaguer<\/strong><\/p>\n<p>Regionale Koordinatorin<\/p>\n<p>Tel. + (+502) 42 38 50 74<\/p>\n<p>E-Mail: <a href=\"mailto:alat@edm.ch\">alat@edm.ch<\/a><\/p>\n                                                                                                            <\/div>\n                    <\/div>\n                            <\/div>\n        <\/div>\n    <\/section>","protected":false},"featured_media":33112,"parent":0,"template":"","class_list":["post-32331","projects","type-projects","status-publish","has-post-thumbnail","hentry"],"acf":[],"yoast_head":"<!-- This site is optimized with the Yoast SEO plugin v26.9 - https:\/\/yoast.com\/product\/yoast-seo-wordpress\/ -->\n<title>Guatemala - Kinder vor Gewalt sch\u00fctzene\u00a0 - Enfants du monde<\/title>\n<meta name=\"robots\" content=\"index, follow, max-snippet:-1, max-image-preview:large, max-video-preview:-1\" \/>\n<link rel=\"canonical\" href=\"https:\/\/edm.ch\/de\/guatemala-kinder-vor-gewalt-schutzene\/\" \/>\n<meta property=\"og:locale\" content=\"de_DE\" \/>\n<meta property=\"og:type\" content=\"article\" \/>\n<meta property=\"og:title\" content=\"Guatemala - Kinder vor Gewalt sch\u00fctzene\u00a0 - Enfants du monde\" \/>\n<meta property=\"og:url\" content=\"https:\/\/edm.ch\/de\/guatemala-kinder-vor-gewalt-schutzene\/\" \/>\n<meta property=\"og:site_name\" content=\"Enfants du monde\" \/>\n<meta property=\"article:modified_time\" content=\"2025-09-05T11:32:30+00:00\" \/>\n<meta property=\"og:image\" content=\"https:\/\/edm.ch\/wp-content\/uploads\/2024\/09\/Nouveau-site_Banner5-1024x442.png\" \/>\n\t<meta property=\"og:image:width\" content=\"1024\" \/>\n\t<meta property=\"og:image:height\" content=\"442\" \/>\n\t<meta property=\"og:image:type\" content=\"image\/png\" \/>\n<meta name=\"twitter:card\" content=\"summary_large_image\" \/>\n<meta name=\"twitter:label1\" content=\"Est. reading time\" \/>\n\t<meta name=\"twitter:data1\" content=\"1 Minute\" \/>\n<script type=\"application\/ld+json\" class=\"yoast-schema-graph\">{\"@context\":\"https:\/\/schema.org\",\"@graph\":[{\"@type\":\"WebPage\",\"@id\":\"https:\/\/edm.ch\/de\/guatemala-kinder-vor-gewalt-schutzene\/\",\"url\":\"https:\/\/edm.ch\/de\/guatemala-kinder-vor-gewalt-schutzene\/\",\"name\":\"Guatemala - Kinder vor Gewalt sch\u00fctzene\u00a0 - Enfants du monde\",\"isPartOf\":{\"@id\":\"https:\/\/edm.ch\/en\/#website\"},\"primaryImageOfPage\":{\"@id\":\"https:\/\/edm.ch\/de\/guatemala-kinder-vor-gewalt-schutzene\/#primaryimage\"},\"image\":{\"@id\":\"https:\/\/edm.ch\/de\/guatemala-kinder-vor-gewalt-schutzene\/#primaryimage\"},\"thumbnailUrl\":\"https:\/\/edm.ch\/wp-content\/uploads\/2024\/09\/Nouveau-site_Banner5.png\",\"datePublished\":\"2024-09-03T11:55:11+00:00\",\"dateModified\":\"2025-09-05T11:32:30+00:00\",\"inLanguage\":\"de-DE\",\"potentialAction\":[{\"@type\":\"ReadAction\",\"target\":[\"https:\/\/edm.ch\/de\/guatemala-kinder-vor-gewalt-schutzene\/\"]}]},{\"@type\":\"ImageObject\",\"inLanguage\":\"de-DE\",\"@id\":\"https:\/\/edm.ch\/de\/guatemala-kinder-vor-gewalt-schutzene\/#primaryimage\",\"url\":\"https:\/\/edm.ch\/wp-content\/uploads\/2024\/09\/Nouveau-site_Banner5.png\",\"contentUrl\":\"https:\/\/edm.ch\/wp-content\/uploads\/2024\/09\/Nouveau-site_Banner5.png\",\"width\":2500,\"height\":1080},{\"@type\":\"WebSite\",\"@id\":\"https:\/\/edm.ch\/en\/#website\",\"url\":\"https:\/\/edm.ch\/en\/\",\"name\":\"Enfants du monde\",\"description\":\"Association suisse\",\"potentialAction\":[{\"@type\":\"SearchAction\",\"target\":{\"@type\":\"EntryPoint\",\"urlTemplate\":\"https:\/\/edm.ch\/en\/?s={search_term_string}\"},\"query-input\":{\"@type\":\"PropertyValueSpecification\",\"valueRequired\":true,\"valueName\":\"search_term_string\"}}],\"inLanguage\":\"de-DE\"}]}<\/script>\n<!-- \/ Yoast SEO plugin. -->","yoast_head_json":{"title":"Guatemala - Kinder vor Gewalt sch\u00fctzene\u00a0 - Enfants du monde","robots":{"index":"index","follow":"follow","max-snippet":"max-snippet:-1","max-image-preview":"max-image-preview:large","max-video-preview":"max-video-preview:-1"},"canonical":"https:\/\/edm.ch\/de\/guatemala-kinder-vor-gewalt-schutzene\/","og_locale":"de_DE","og_type":"article","og_title":"Guatemala - Kinder vor Gewalt sch\u00fctzene\u00a0 - Enfants du monde","og_url":"https:\/\/edm.ch\/de\/guatemala-kinder-vor-gewalt-schutzene\/","og_site_name":"Enfants du monde","article_modified_time":"2025-09-05T11:32:30+00:00","og_image":[{"width":1024,"height":442,"url":"https:\/\/edm.ch\/wp-content\/uploads\/2024\/09\/Nouveau-site_Banner5-1024x442.png","type":"image\/png"}],"twitter_card":"summary_large_image","twitter_misc":{"Est. reading time":"1 Minute"},"schema":{"@context":"https:\/\/schema.org","@graph":[{"@type":"WebPage","@id":"https:\/\/edm.ch\/de\/guatemala-kinder-vor-gewalt-schutzene\/","url":"https:\/\/edm.ch\/de\/guatemala-kinder-vor-gewalt-schutzene\/","name":"Guatemala - Kinder vor Gewalt sch\u00fctzene\u00a0 - Enfants du monde","isPartOf":{"@id":"https:\/\/edm.ch\/en\/#website"},"primaryImageOfPage":{"@id":"https:\/\/edm.ch\/de\/guatemala-kinder-vor-gewalt-schutzene\/#primaryimage"},"image":{"@id":"https:\/\/edm.ch\/de\/guatemala-kinder-vor-gewalt-schutzene\/#primaryimage"},"thumbnailUrl":"https:\/\/edm.ch\/wp-content\/uploads\/2024\/09\/Nouveau-site_Banner5.png","datePublished":"2024-09-03T11:55:11+00:00","dateModified":"2025-09-05T11:32:30+00:00","inLanguage":"de-DE","potentialAction":[{"@type":"ReadAction","target":["https:\/\/edm.ch\/de\/guatemala-kinder-vor-gewalt-schutzene\/"]}]},{"@type":"ImageObject","inLanguage":"de-DE","@id":"https:\/\/edm.ch\/de\/guatemala-kinder-vor-gewalt-schutzene\/#primaryimage","url":"https:\/\/edm.ch\/wp-content\/uploads\/2024\/09\/Nouveau-site_Banner5.png","contentUrl":"https:\/\/edm.ch\/wp-content\/uploads\/2024\/09\/Nouveau-site_Banner5.png","width":2500,"height":1080},{"@type":"WebSite","@id":"https:\/\/edm.ch\/en\/#website","url":"https:\/\/edm.ch\/en\/","name":"Enfants du monde","description":"Association suisse","potentialAction":[{"@type":"SearchAction","target":{"@type":"EntryPoint","urlTemplate":"https:\/\/edm.ch\/en\/?s={search_term_string}"},"query-input":{"@type":"PropertyValueSpecification","valueRequired":true,"valueName":"search_term_string"}}],"inLanguage":"de-DE"}]}},"_links":{"self":[{"href":"https:\/\/edm.ch\/de\/wp-json\/wp\/v2\/projects\/32331","targetHints":{"allow":["GET"]}}],"collection":[{"href":"https:\/\/edm.ch\/de\/wp-json\/wp\/v2\/projects"}],"about":[{"href":"https:\/\/edm.ch\/de\/wp-json\/wp\/v2\/types\/projects"}],"wp:featuredmedia":[{"embeddable":true,"href":"https:\/\/edm.ch\/de\/wp-json\/wp\/v2\/media\/33112"}],"wp:attachment":[{"href":"https:\/\/edm.ch\/de\/wp-json\/wp\/v2\/media?parent=32331"}],"curies":[{"name":"wp","href":"https:\/\/api.w.org\/{rel}","templated":true}]}}