{"id":31990,"date":"2024-07-25T13:10:03","date_gmt":"2024-07-25T13:10:03","guid":{"rendered":"https:\/\/edm.ch\/?post_type=projects&#038;p=31990"},"modified":"2025-10-02T11:58:12","modified_gmt":"2025-10-02T11:58:12","slug":"bangladesch-gesundheit-klimawandels","status":"publish","type":"projects","link":"https:\/\/edm.ch\/de\/bangladesch-gesundheit-klimawandels\/","title":{"rendered":"Bangladesch-Abschw\u00e4chung der Auswirkungen des Klimawandels auf die Gesundheit der \u00e4rmsten Bev\u00f6lkerungsschichten im S\u00fcden des Landes"},"content":{"rendered":"<section class=\"subpageBanner\" style=\"display:\">\n    <div class=\"subpageBannerBlock figure_block\">\n        <img decoding=\"async\" data-src=\"https:\/\/edm.ch\/wp-content\/uploads\/2024\/07\/Nouveau-site_Banner4-1.png\" src=\"data:image\/svg+xml;base64,PHN2ZyB3aWR0aD0iMSIgaGVpZ2h0PSIxIiB4bWxucz0iaHR0cDovL3d3dy53My5vcmcvMjAwMC9zdmciPjwvc3ZnPg==\" class=\"lazyload\" style=\"--smush-placeholder-width: 2500px; --smush-placeholder-aspect-ratio: 2500\/1080;\" data-srcset=\"https:\/\/edm.ch\/wp-content\/uploads\/2024\/07\/Nouveau-site_Banner4-1.png 2500w, https:\/\/edm.ch\/wp-content\/uploads\/2024\/07\/Nouveau-site_Banner4-1-300x130.png 300w, https:\/\/edm.ch\/wp-content\/uploads\/2024\/07\/Nouveau-site_Banner4-1-1024x442.png 1024w, https:\/\/edm.ch\/wp-content\/uploads\/2024\/07\/Nouveau-site_Banner4-1-768x332.png 768w, https:\/\/edm.ch\/wp-content\/uploads\/2024\/07\/Nouveau-site_Banner4-1-1536x664.png 1536w, https:\/\/edm.ch\/wp-content\/uploads\/2024\/07\/Nouveau-site_Banner4-1-2048x885.png 2048w\" data-sizes=\"auto\" data-original-sizes=\"(max-width: 2500px) 100vw, 2500px\" \/>\n        <div class=\"subpageBannerWrap\">\n            <div class=\"container\">\n                <div class=\"content\">\n                    <div>\n                        <span class=\"bannerHead\">Bangladesh<\/span>\n                        <h1>Abschw\u00e4chung der Auswirkungen des Klimawandels auf die Gesundheit der \u00e4rmsten Bev\u00f6lkerungsschichten im S\u00fcden des Landes <\/h1>\n                    <\/div>\n                                    <\/div>\n            <\/div>\n        <\/div>\n            <\/div>\n<\/section>\n<script type=\"text\/javascript\">\n    jQuery(document).ready(function ($) {\n        \/\/ Check if the block exists\n        var bannerSection = $('#subpage-banner-section');\n\n        if (bannerSection.length > 0) {\n            \/\/ Move the block to the end of <main> just before the footer\n            $('main').append(bannerSection); \/\/ This will append it inside the <main> tag\n        }\n\n        $('.documentAccordion').on('click', function (e) {\n            e.preventDefault();  \/\/ Prevent default link action\n\n            \/\/ Target the section with the given ID\n            $('html, body').animate({\n                scrollTop: $('#subpage-banner-section').offset().top - 200\n            }, 1000);\n        });\n    });\n<\/script>\n\n\n        <section class=\" countSec\" style=\"display:\">\n        <div class=\"container\">\n            <div class=\"countHolder\">\n                <h2>2024<\/h2>\n                <div class=\"countBlock\">\n                    <div class=\"countRow\">\n\n                        \n                            <div class=\"countCol\">\n                                <div class=\"countColInner\">\n                                    <div class=\"imgBlock\">\n                                    <img decoding=\"async\" data-src=\"https:\/\/edm.ch\/wp-content\/uploads\/2023\/08\/Picto-femme-enceinte.png\" src=\"data:image\/svg+xml;base64,PHN2ZyB3aWR0aD0iMSIgaGVpZ2h0PSIxIiB4bWxucz0iaHR0cDovL3d3dy53My5vcmcvMjAwMC9zdmciPjwvc3ZnPg==\" class=\"lazyload\" style=\"--smush-placeholder-width: 160px; --smush-placeholder-aspect-ratio: 160\/160;\" data-srcset=\"https:\/\/edm.ch\/wp-content\/uploads\/2023\/08\/Picto-femme-enceinte.png 160w, https:\/\/edm.ch\/wp-content\/uploads\/2023\/08\/Picto-femme-enceinte-150x150.png 150w\" data-sizes=\"auto\" data-original-sizes=\"(max-width: 160px) 100vw, 160px\" \/>\n                                    <\/div>\n                                    <div class=\"content\">\n                                    <h2>1 800<\/h2>\n                                    <p>Schwangere Frauen, junge M\u00fctter und Jugendliche wurden zu Auswirkungen des Salzgehalts auf ihre Gesundheit sensibilisiert<\/p>\n                                    <\/div>\n                                <\/div>\n                            <\/div>\n\n                        \n                            <div class=\"countCol\">\n                                <div class=\"countColInner\">\n                                    <div class=\"imgBlock\">\n                                    <img decoding=\"async\" data-src=\"https:\/\/edm.ch\/wp-content\/uploads\/2023\/08\/Picto-medecin.png\" src=\"data:image\/svg+xml;base64,PHN2ZyB3aWR0aD0iMSIgaGVpZ2h0PSIxIiB4bWxucz0iaHR0cDovL3d3dy53My5vcmcvMjAwMC9zdmciPjwvc3ZnPg==\" class=\"lazyload\" style=\"--smush-placeholder-width: 160px; --smush-placeholder-aspect-ratio: 160\/160;\" data-srcset=\"https:\/\/edm.ch\/wp-content\/uploads\/2023\/08\/Picto-medecin.png 160w, https:\/\/edm.ch\/wp-content\/uploads\/2023\/08\/Picto-medecin-150x150.png 150w\" data-sizes=\"auto\" data-original-sizes=\"(max-width: 160px) 100vw, 160px\" \/>\n                                    <\/div>\n                                    <div class=\"content\">\n                                    <h2>22<\/h2>\n                                    <p>Personen im Gesundheitsbereich wurden \u00fcber die Risiken des Salzgehalts im Wasser f\u00fcr die Gesundheit von Frauen informiert<\/p>\n                                    <\/div>\n                                <\/div>\n                            <\/div>\n\n                        \n                    <\/div>\n                <\/div>\n                <div class=\"countBlockText\"><p><\/p><\/div>\n            <\/div>\n        <\/div>\n    <\/section>\n\n        <section class=\"contentSec\" style=\"display:\">\n        <div class=\"container\">\n            <div class=\"contentBlock\">\n                <h5><\/h5>\n                <p>In <strong>Bangladesch ist der Klimawandel<\/strong> allgegenw\u00e4rtig: erh\u00f6htes Risiko von<strong> Zyklonen, \u00dcberschwemmungen, Hitzewellen, Anstieg des Meeresspiegels\u2026 <\/strong>Ein am st\u00e4rksten betroffenes Gebiet liegt unter dem<strong> Distrikt Assasuni<\/strong> (268 000 Einwohnener*innen), im <strong>Distrikt Satkhira<\/strong> im S\u00fcdwesten des Landes. Die lokale Bev\u00f6lkerung, die haupts\u00e4chlich vom Fischfang lebt, sieht sich konfrontiert mit den verheerenden Auswirkungen <strong>des Salzgehalts des Wassers und der Hitze auf die Gesundheit und auf ihren Lebensunterhal<\/strong>t.<\/p>\n<p>Zur Bek\u00e4mpfung dieser Herausforderungen haben <strong>Enfants du Monde<\/strong> und ihr Partner, die lokale Organisation <a href=\"https:\/\/esdo.net.bd\/\">Eco-Social Development Organization (ESDO)<\/a>, 2023 ein Gesundheitsprojekt in<strong> Assassuni gestartet.<\/strong><\/p>\n<p>Dieses Projekt ist Teil des Konsortiums CALL (Climate Action at Local Level), das zusammen mit acht weiteren Schweizer humanit\u00e4ren und entwicklungstechnischen Organisationen gegr\u00fcndet wurde: <a href=\"https:\/\/www.heks.ch\/\">HEKS<\/a>, <a href=\"https:\/\/www.gainhealth.org\/\">GAIN<\/a>, <a href=\"https:\/\/www.helvetas.org\/de\">Helvetas<\/a>, <a href=\"https:\/\/solidar.ch\/de\">Solidar Suisse<\/a>, <a href=\"https:\/\/www.tdh.org\/\">Terre des Hommes<\/a>, <a href=\"https:\/\/www.swisscontact.org\/\">Swisscontact<\/a>, das <a href=\"https:\/\/www.redcross.ch\/de\">Schweizerische Rote Kreuz<\/a> und <a href=\"https:\/\/www.cbm.org\/\">CBM<\/a>. Das Konsortium wird von der <a href=\"https:\/\/www.deza.eda.admin.ch\/de\/starke-allianz-schweizer-ngo-buendeln-ihre-kraefte-zur-bewaeltigung-der-klimakrise-in-bangladesch\">Schweizerischen Entwicklungszusammenarbeit<\/a> unterst\u00fctzt.<\/p>\n                            <\/div>\n        <\/div>\n    <\/section>\n\n\n    \n    <section class=\"rightTextLeftImg \" style=\"display:\">\n        <div class=\"container\">\n            <div class=\"rightTextLeftImgRow\">\n                                    <div class=\"left\">\n                                                    <div class=\"imgBlock\">\n                                <a class=\"figure_block\" href=\"https:\/\/edm.ch\/wp-content\/uploads\/2024\/07\/ESDO-image-pretexte.png\" data-fancybox data-caption=\"\">\n                                    <img decoding=\"async\" data-src=\"https:\/\/edm.ch\/wp-content\/uploads\/2024\/07\/ESDO-image-pretexte.png\" src=\"data:image\/svg+xml;base64,PHN2ZyB3aWR0aD0iMSIgaGVpZ2h0PSIxIiB4bWxucz0iaHR0cDovL3d3dy53My5vcmcvMjAwMC9zdmciPjwvc3ZnPg==\" class=\"lazyload\" style=\"--smush-placeholder-width: 1920px; --smush-placeholder-aspect-ratio: 1920\/1920;\" data-srcset=\"https:\/\/edm.ch\/wp-content\/uploads\/2024\/07\/ESDO-image-pretexte.png 1920w, https:\/\/edm.ch\/wp-content\/uploads\/2024\/07\/ESDO-image-pretexte-300x300.png 300w, https:\/\/edm.ch\/wp-content\/uploads\/2024\/07\/ESDO-image-pretexte-1024x1024.png 1024w, https:\/\/edm.ch\/wp-content\/uploads\/2024\/07\/ESDO-image-pretexte-150x150.png 150w, https:\/\/edm.ch\/wp-content\/uploads\/2024\/07\/ESDO-image-pretexte-768x768.png 768w, https:\/\/edm.ch\/wp-content\/uploads\/2024\/07\/ESDO-image-pretexte-1536x1536.png 1536w\" data-sizes=\"auto\" data-original-sizes=\"(max-width: 1920px) 100vw, 1920px\" \/>\n                                                                    <\/a>\n                                <figcaption><\/figcaption>\n                            <\/div>\n                                            <\/div>\n                                                    <div class=\"right\">\n                        <div class=\"content\">\n                            <h3>                                Der Trinkwassermangel und die sch\u00e4dlichen Auswirkungen des Salzgehalts auf die Gesundheit der Bev\u00f6lkerung <small><\/small>\n                            <\/h3>                                                            <p>Durch die Armut hat die Bev\u00f6lkerung von Assassuni weder M\u00f6glichkeiten zur Entsalzung des Wassers noch zum Kauf von Trinkwasser. Der Zugang zu S\u00fcsswasser (Auffangen von Regenwasser und von Flusswasser\u2026) findet oft unter schlechten hygienischen Bedingungen statt. Die Einwohner*innen sind gezwungen, \u00fcberwiegend kontaminiertes Wasser zu trinken und haben zum Kochen, Saubermachen und Waschen von Kleidung nur Salzwasser.<\/p>\n<p>Frauen, die sich aufopfern, damit M\u00e4nner und Kinder S\u00fcsswasser trinken k\u00f6nnen, leiden noch mehr unter Krankheiten, die durch einen \u00fcberm\u00e4ssigen Salzkonsum entstehen wie Bluthochdruck, Durchfall, Nierenerkrankungen, Hauterkrankungen und Haarausfall. Dar\u00fcber hinaus leiden Frauen und Jugendliche h\u00e4ufig an Infektionskrankheiten, da sie ihre Menstruationsunterw\u00e4sche nur mit Salzwasser waschen k\u00f6nnen.<\/p>\n                                                                                                            <\/div>\n                    <\/div>\n                            <\/div>\n        <\/div>\n    <\/section>\n\n\n    \n    <section class=\"leftTextRightImg \" style=\"display:\">\n        <div class=\"container\">\n            <div class=\"leftTextRightImgRow\">\n                                    <div class=\"right\">\n                                                    <div class=\"imgBlock\">\n                                <a class=\"figure_block\" href=\"https:\/\/edm.ch\/wp-content\/uploads\/2024\/07\/ESDO-enfants-image-pretexte.png\" data-fancybox data-caption=\"\">\n                                    <img decoding=\"async\" data-src=\"https:\/\/edm.ch\/wp-content\/uploads\/2024\/07\/ESDO-enfants-image-pretexte.png\" src=\"data:image\/svg+xml;base64,PHN2ZyB3aWR0aD0iMSIgaGVpZ2h0PSIxIiB4bWxucz0iaHR0cDovL3d3dy53My5vcmcvMjAwMC9zdmciPjwvc3ZnPg==\" class=\"lazyload\" style=\"--smush-placeholder-width: 1920px; --smush-placeholder-aspect-ratio: 1920\/1920;\" data-srcset=\"https:\/\/edm.ch\/wp-content\/uploads\/2024\/07\/ESDO-enfants-image-pretexte.png 1920w, https:\/\/edm.ch\/wp-content\/uploads\/2024\/07\/ESDO-enfants-image-pretexte-300x300.png 300w, https:\/\/edm.ch\/wp-content\/uploads\/2024\/07\/ESDO-enfants-image-pretexte-1024x1024.png 1024w, https:\/\/edm.ch\/wp-content\/uploads\/2024\/07\/ESDO-enfants-image-pretexte-150x150.png 150w, https:\/\/edm.ch\/wp-content\/uploads\/2024\/07\/ESDO-enfants-image-pretexte-768x768.png 768w, https:\/\/edm.ch\/wp-content\/uploads\/2024\/07\/ESDO-enfants-image-pretexte-1536x1536.png 1536w\" data-sizes=\"auto\" data-original-sizes=\"(max-width: 1920px) 100vw, 1920px\" \/>\n                                                                    <\/a>\n                                <figcaption><\/figcaption>\n                            <\/div>\n                                            <\/div>\n                                                    <div class=\"left\">\n                        <div class=\"content\">\n                            <h3>                                Abschw\u00e4chen der Auswirkungen des Salzgehalts auf die Gesundheit und Verbesserung der Widerstandsf\u00e4higkeit gegen Hitzewellen <small><\/small>\n                            <\/h3>                                                            <p>Um eine nachhaltige Verbesserung zu erzielen, haben wir eine umfangreiche Analyse in Zusammenarbeit mit der Bev\u00f6lkerung, unserem lokalen Partner <a href=\"https:\/\/esdo.net.bd\/\" target=\"_blank\" rel=\"noopener\">ESDO<\/a> und dem <a href=\"https:\/\/brid.com.bd\/\">Forschungsinstitut f\u00fcr Entwicklung Bangladeschs (BRID) <\/a>durchgef\u00fchrt. Wir haben uns dazu entschlossen, ein gemeinsames Projekt vorzuschlagen: die Schulung von Frauen auf dem Gebiet der Gesundheit, damit sie wissen, wie sie sich vor den Risiken durch den Salzgehalt sch\u00fctzen k\u00f6nnen; die Ausbildung von Hebammen und anderem Gesundheitspersonal in gemeinschaftlichen Kliniken, damit sie Krankheiten erkennen k\u00f6nnen, die mit dem Klimawandel zusammenh\u00e4ngen, sowie die Bev\u00f6lkerung dahingehend informieren k\u00f6nnen; die Erneuerung bestimmter sanit\u00e4rer Infrastrukturen sowie die Einrichtung einer mobilen Ambulanz und die Renovierung eines Brunnens, um mehr Zugang zu Trinkwasser zu erm\u00f6glichen.<\/p>\n                                                                                                            <\/div>\n                    <\/div>\n                            <\/div>\n        <\/div>\n    <\/section>\n\n\n    \n    <section class=\"rightTextLeftImg \" style=\"display:\">\n        <div class=\"container\">\n            <div class=\"rightTextLeftImgRow\">\n                                    <div class=\"left\">\n                                                    <div class=\"imgBlock\">\n                                <a class=\"figure_block\" href=\"https:\/\/edm.ch\/wp-content\/uploads\/2024\/07\/image-pretexte-ESDO-eau.png\" data-fancybox data-caption=\"\">\n                                    <img decoding=\"async\" data-src=\"https:\/\/edm.ch\/wp-content\/uploads\/2024\/07\/image-pretexte-ESDO-eau.png\" src=\"data:image\/svg+xml;base64,PHN2ZyB3aWR0aD0iMSIgaGVpZ2h0PSIxIiB4bWxucz0iaHR0cDovL3d3dy53My5vcmcvMjAwMC9zdmciPjwvc3ZnPg==\" class=\"lazyload\" style=\"--smush-placeholder-width: 1920px; --smush-placeholder-aspect-ratio: 1920\/1920;\" data-srcset=\"https:\/\/edm.ch\/wp-content\/uploads\/2024\/07\/image-pretexte-ESDO-eau.png 1920w, https:\/\/edm.ch\/wp-content\/uploads\/2024\/07\/image-pretexte-ESDO-eau-300x300.png 300w, https:\/\/edm.ch\/wp-content\/uploads\/2024\/07\/image-pretexte-ESDO-eau-1024x1024.png 1024w, https:\/\/edm.ch\/wp-content\/uploads\/2024\/07\/image-pretexte-ESDO-eau-150x150.png 150w, https:\/\/edm.ch\/wp-content\/uploads\/2024\/07\/image-pretexte-ESDO-eau-768x768.png 768w, https:\/\/edm.ch\/wp-content\/uploads\/2024\/07\/image-pretexte-ESDO-eau-1536x1536.png 1536w\" data-sizes=\"auto\" data-original-sizes=\"(max-width: 1920px) 100vw, 1920px\" \/>\n                                                                    <\/a>\n                                <figcaption><\/figcaption>\n                            <\/div>\n                                            <\/div>\n                                                    <div class=\"right\">\n                        <div class=\"content\">\n                            <h2>                                Unsere Wirkung <small><\/small>\n                            <\/h2>                                                            <ul>\n<li>Sanierung der gemeinschaftlichen Klinik von Anulia, damit mehr Patient*innen dort behandelt werden k\u00f6nnen;<\/li>\n<li>Sanierung des Beckens zum Auffangen von Regenwasser in Ashasuni, um sauberes Wasser zum Trinken und Kochen bereitzustellen;<\/li>\n<li>Ausbildung von Hebammen und Gesundheitspersonal in gemeinschaftlichen Kliniken hinsichtlich der Auswirkungen des Klimawandels auf die Gesundheit von M\u00fcttern, Kindern und Jugendlichen;<\/li>\n<li>Organisation von Unterrichtseinheiten zur Gesundheit f\u00fcr Schwangere, junge M\u00fctter und Jugendlichen mit p\u00e4dagogischem Material, das speziell entwickelt wurde bzgl. Hitzewellen, die Verwendung von S\u00fcsswasser, den Salzgehalt von Wasser sowie die Gesundheit w\u00e4hrend der Menstruation;<\/li>\n<li>Einrichtung einer mobilen Ambulanz in Pratapnagar, Fahrzeug mit drei Reifen, das mit Solarenergie betrieben wird und in sehr abgelegenen Strassen fahren kann.<\/li>\n<\/ul>\n                                                                                                            <\/div>\n                    <\/div>\n                            <\/div>\n        <\/div>\n    <\/section>\n\n\n    \n    <section class=\"quoteImage leftTextRightImg \" style=\"display:\">\n        <div class=\"container\">\n            <div class=\"leftTextRightImgRow\">\n                                    <div class=\"right\">\n                                                    <div class=\"imgBlock\">\n                                <a class=\"figure_block\" href=\"https:\/\/edm.ch\/wp-content\/uploads\/2024\/07\/ESDO-1.png\" data-fancybox data-caption=\"\">\n                                    <img decoding=\"async\" data-src=\"https:\/\/edm.ch\/wp-content\/uploads\/2024\/07\/ESDO-1.png\" src=\"data:image\/svg+xml;base64,PHN2ZyB3aWR0aD0iMSIgaGVpZ2h0PSIxIiB4bWxucz0iaHR0cDovL3d3dy53My5vcmcvMjAwMC9zdmciPjwvc3ZnPg==\" class=\"lazyload\" style=\"--smush-placeholder-width: 1920px; --smush-placeholder-aspect-ratio: 1920\/1920;\" data-srcset=\"https:\/\/edm.ch\/wp-content\/uploads\/2024\/07\/ESDO-1.png 1920w, https:\/\/edm.ch\/wp-content\/uploads\/2024\/07\/ESDO-1-300x300.png 300w, https:\/\/edm.ch\/wp-content\/uploads\/2024\/07\/ESDO-1-1024x1024.png 1024w, https:\/\/edm.ch\/wp-content\/uploads\/2024\/07\/ESDO-1-150x150.png 150w, https:\/\/edm.ch\/wp-content\/uploads\/2024\/07\/ESDO-1-768x768.png 768w, https:\/\/edm.ch\/wp-content\/uploads\/2024\/07\/ESDO-1-1536x1536.png 1536w\" data-sizes=\"auto\" data-original-sizes=\"(max-width: 1920px) 100vw, 1920px\" \/>\n                                                                    <\/a>\n                                <figcaption><\/figcaption>\n                            <\/div>\n                                            <\/div>\n                                                    <div class=\"left\">\n                        <div class=\"content\">\n                            <h2>                                 <small>Verantwortliche f\u00fcr Gesundheit und Familienplanung, Pratapnagar.<\/small>\n                            <\/h2>                            <div class=\"quote\">                                <p>Die Einrichtung der mobilen Ambulanz hat bereits einer Mutter und ihrem Neugeborenen das Leben gerettet. Dies ist ein Beispiel, das zeigt, wie kleine Schritte Grosses erm\u00f6glichen.<\/p>\n                            <\/div>                                                                                <\/div>\n                    <\/div>\n                            <\/div>\n        <\/div>\n    <\/section>\n\n\n    \n    <section class=\"rightTextLeftImg \" style=\"display:\">\n        <div class=\"container\">\n            <div class=\"rightTextLeftImgRow\">\n                                    <div class=\"left\">\n                                                    <div class=\"imgBlock\">\n                                <a class=\"figure_block\" href=\"https:\/\/edm.ch\/wp-content\/uploads\/2023\/08\/4.png\" data-fancybox data-caption=\"\">\n                                    <img decoding=\"async\" data-src=\"https:\/\/edm.ch\/wp-content\/uploads\/2023\/08\/4.png\" src=\"data:image\/svg+xml;base64,PHN2ZyB3aWR0aD0iMSIgaGVpZ2h0PSIxIiB4bWxucz0iaHR0cDovL3d3dy53My5vcmcvMjAwMC9zdmciPjwvc3ZnPg==\" class=\"lazyload\" style=\"--smush-placeholder-width: 560px; --smush-placeholder-aspect-ratio: 560\/560;\" data-srcset=\"https:\/\/edm.ch\/wp-content\/uploads\/2023\/08\/4.png 560w, https:\/\/edm.ch\/wp-content\/uploads\/2023\/08\/4-300x300.png 300w, https:\/\/edm.ch\/wp-content\/uploads\/2023\/08\/4-150x150.png 150w\" data-sizes=\"auto\" data-original-sizes=\"(max-width: 560px) 100vw, 560px\" \/>\n                                                                    <\/a>\n                                <figcaption><\/figcaption>\n                            <\/div>\n                                            <\/div>\n                                                    <div class=\"right\">\n                        <div class=\"content\">\n                            <h4>                                Unser Team kontaktieren <small><\/small>\n                            <\/h4>                                                            <p><strong>Koordinationsb\u00fcro in Bangladesch<\/strong><\/p>\n<p><strong>Shameema Akhter Shimul<\/strong><\/p>\n<p>Regionale Koordinatorin<\/p>\n<p>Tel. +8802 222 288 558<\/p>\n<p>E-Mail: shameema.shimul@edm.ch<\/p>\n                                                                                                            <\/div>\n                    <\/div>\n                            <\/div>\n        <\/div>\n    <\/section>\n\n\n        <section class=\" partnerSec\" style=\"display:\">\n        <div class=\"container\">\n            <h2>Finanzielle Partner<\/h2>\n            <div class=\"partnerWrap \">\n\n\n                                    \n                        <div class=\"partnerBlock\">\n                            <figure>\n                                                                    <a href=\"https:\/\/www.eda.admin.ch\/deza\/de\/home.html\" target=\"_blank\">\n                                        <img decoding=\"async\" data-src=\"https:\/\/edm.ch\/wp-content\/uploads\/2024\/06\/Logo-site-web1-1.png\" src=\"data:image\/svg+xml;base64,PHN2ZyB3aWR0aD0iMSIgaGVpZ2h0PSIxIiB4bWxucz0iaHR0cDovL3d3dy53My5vcmcvMjAwMC9zdmciPjwvc3ZnPg==\" class=\"lazyload\" style=\"--smush-placeholder-width: 628px; --smush-placeholder-aspect-ratio: 628\/311;\" data-srcset=\"https:\/\/edm.ch\/wp-content\/uploads\/2024\/06\/Logo-site-web1-1.png 628w, https:\/\/edm.ch\/wp-content\/uploads\/2024\/06\/Logo-site-web1-1-300x149.png 300w\" data-sizes=\"auto\" data-original-sizes=\"(max-width: 628px) 100vw, 628px\">\n                                    <\/a>\n                                                            <\/figure>\n                        <\/div>\n                        \n                                            \n                        <div class=\"partnerBlock\">\n                            <figure>\n                                                                    <a href=\"https:\/\/www.fgc.ch\/\" target=\"_blank\">\n                                        <img decoding=\"async\" data-src=\"https:\/\/edm.ch\/wp-content\/uploads\/2024\/01\/EdM_logo_FGC.png\" src=\"data:image\/svg+xml;base64,PHN2ZyB3aWR0aD0iMSIgaGVpZ2h0PSIxIiB4bWxucz0iaHR0cDovL3d3dy53My5vcmcvMjAwMC9zdmciPjwvc3ZnPg==\" class=\"lazyload\" style=\"--smush-placeholder-width: 628px; --smush-placeholder-aspect-ratio: 628\/311;\" data-srcset=\"https:\/\/edm.ch\/wp-content\/uploads\/2024\/01\/EdM_logo_FGC.png 628w, https:\/\/edm.ch\/wp-content\/uploads\/2024\/01\/EdM_logo_FGC-300x149.png 300w\" data-sizes=\"auto\" data-original-sizes=\"(max-width: 628px) 100vw, 628px\">\n                                    <\/a>\n                                                            <\/figure>\n                        <\/div>\n                        \n                    \n            <\/div>\n        <\/div>\n    <\/section>\n\n\n        <section class=\" partnerSec\" style=\"display:\">\n        <div class=\"container\">\n            <h2>Lokale Partner<\/h2>\n            <div class=\"partnerWrap \">\n\n\n                                    \n                        <div class=\"partnerBlock\">\n                            <figure>\n                                                                    <a href=\"https:\/\/esdo.net.bd\" target=\"_blank\">\n                                        <img decoding=\"async\" data-src=\"https:\/\/edm.ch\/wp-content\/uploads\/2024\/07\/Logo-site-web2.png\" src=\"data:image\/svg+xml;base64,PHN2ZyB3aWR0aD0iMSIgaGVpZ2h0PSIxIiB4bWxucz0iaHR0cDovL3d3dy53My5vcmcvMjAwMC9zdmciPjwvc3ZnPg==\" class=\"lazyload\" style=\"--smush-placeholder-width: 628px; --smush-placeholder-aspect-ratio: 628\/311;\" data-srcset=\"https:\/\/edm.ch\/wp-content\/uploads\/2024\/07\/Logo-site-web2.png 628w, https:\/\/edm.ch\/wp-content\/uploads\/2024\/07\/Logo-site-web2-300x149.png 300w\" data-sizes=\"auto\" data-original-sizes=\"(max-width: 628px) 100vw, 628px\">\n                                    <\/a>\n                                                            <\/figure>\n                        <\/div>\n                        \n                                            \n                        <div class=\"partnerBlock\">\n                            <figure>\n                                                                    <a href=\"https:\/\/brid.com.bd\/\" target=\"_blank\">\n                                        <img decoding=\"async\" data-src=\"https:\/\/edm.ch\/wp-content\/uploads\/2024\/07\/3.-BRID-Logo-1-300x300-1.png\" src=\"data:image\/svg+xml;base64,PHN2ZyB3aWR0aD0iMSIgaGVpZ2h0PSIxIiB4bWxucz0iaHR0cDovL3d3dy53My5vcmcvMjAwMC9zdmciPjwvc3ZnPg==\" class=\"lazyload\" style=\"--smush-placeholder-width: 300px; --smush-placeholder-aspect-ratio: 300\/300;\" data-srcset=\"https:\/\/edm.ch\/wp-content\/uploads\/2024\/07\/3.-BRID-Logo-1-300x300-1.png 300w, https:\/\/edm.ch\/wp-content\/uploads\/2024\/07\/3.-BRID-Logo-1-300x300-1-150x150.png 150w\" data-sizes=\"auto\" data-original-sizes=\"(max-width: 300px) 100vw, 300px\">\n                                    <\/a>\n                                                            <\/figure>\n                        <\/div>\n                        \n                                            \n                        <div class=\"partnerBlock\">\n                                                                    <a href=\"http:\/\/www.mohfw.gov.bd\/\" target=\"_blank\">Gesundheitsministerium von Bangladesch<\/a>\n                                                            <\/div>\n\n                    \n            <\/div>\n        <\/div>\n    <\/section>","protected":false},"featured_media":0,"parent":0,"template":"","class_list":["post-31990","projects","type-projects","status-publish","hentry"],"acf":[],"yoast_head":"<!-- This site is optimized with the Yoast SEO plugin v26.9 - https:\/\/yoast.com\/product\/yoast-seo-wordpress\/ -->\n<title>Gesundheit Bangladesch - Klimawandel - Enfants du Monde<\/title>\n<meta name=\"description\" content=\"Wir unterst\u00fctzen Gemeinschaften in Bangladesch und mildern die Auswirkungen des Klimawandels auf die Gesundheit von Frauen und M\u00e4dchen.\" \/>\n<meta name=\"robots\" content=\"index, follow, max-snippet:-1, max-image-preview:large, max-video-preview:-1\" \/>\n<link rel=\"canonical\" href=\"https:\/\/edm.ch\/de\/bangladesch-gesundheit-klimawandels\/\" \/>\n<meta property=\"og:locale\" content=\"de_DE\" \/>\n<meta property=\"og:type\" content=\"article\" \/>\n<meta property=\"og:title\" content=\"Gesundheit Bangladesch - Klimawandel - Enfants du Monde\" \/>\n<meta property=\"og:description\" content=\"Wir unterst\u00fctzen Gemeinschaften in Bangladesch und mildern die Auswirkungen des Klimawandels auf die Gesundheit von Frauen und M\u00e4dchen.\" \/>\n<meta property=\"og:url\" content=\"https:\/\/edm.ch\/de\/bangladesch-gesundheit-klimawandels\/\" \/>\n<meta property=\"og:site_name\" content=\"Enfants du monde\" \/>\n<meta property=\"article:modified_time\" content=\"2025-10-02T11:58:12+00:00\" \/>\n<meta name=\"twitter:card\" content=\"summary_large_image\" \/>\n<script type=\"application\/ld+json\" class=\"yoast-schema-graph\">{\"@context\":\"https:\/\/schema.org\",\"@graph\":[{\"@type\":\"WebPage\",\"@id\":\"https:\/\/edm.ch\/de\/bangladesch-gesundheit-klimawandels\/\",\"url\":\"https:\/\/edm.ch\/de\/bangladesch-gesundheit-klimawandels\/\",\"name\":\"Gesundheit Bangladesch - Klimawandel - Enfants du Monde\",\"isPartOf\":{\"@id\":\"https:\/\/edm.ch\/en\/#website\"},\"datePublished\":\"2024-07-25T13:10:03+00:00\",\"dateModified\":\"2025-10-02T11:58:12+00:00\",\"description\":\"Wir unterst\u00fctzen Gemeinschaften in Bangladesch und mildern die Auswirkungen des Klimawandels auf die Gesundheit von Frauen und M\u00e4dchen.\",\"inLanguage\":\"de-DE\",\"potentialAction\":[{\"@type\":\"ReadAction\",\"target\":[\"https:\/\/edm.ch\/de\/bangladesch-gesundheit-klimawandels\/\"]}]},{\"@type\":\"WebSite\",\"@id\":\"https:\/\/edm.ch\/en\/#website\",\"url\":\"https:\/\/edm.ch\/en\/\",\"name\":\"Enfants du monde\",\"description\":\"Association suisse\",\"potentialAction\":[{\"@type\":\"SearchAction\",\"target\":{\"@type\":\"EntryPoint\",\"urlTemplate\":\"https:\/\/edm.ch\/en\/?s={search_term_string}\"},\"query-input\":{\"@type\":\"PropertyValueSpecification\",\"valueRequired\":true,\"valueName\":\"search_term_string\"}}],\"inLanguage\":\"de-DE\"}]}<\/script>\n<!-- \/ Yoast SEO plugin. -->","yoast_head_json":{"title":"Gesundheit Bangladesch - Klimawandel - Enfants du Monde","description":"Wir unterst\u00fctzen Gemeinschaften in Bangladesch und mildern die Auswirkungen des Klimawandels auf die Gesundheit von Frauen und M\u00e4dchen.","robots":{"index":"index","follow":"follow","max-snippet":"max-snippet:-1","max-image-preview":"max-image-preview:large","max-video-preview":"max-video-preview:-1"},"canonical":"https:\/\/edm.ch\/de\/bangladesch-gesundheit-klimawandels\/","og_locale":"de_DE","og_type":"article","og_title":"Gesundheit Bangladesch - Klimawandel - Enfants du Monde","og_description":"Wir unterst\u00fctzen Gemeinschaften in Bangladesch und mildern die Auswirkungen des Klimawandels auf die Gesundheit von Frauen und M\u00e4dchen.","og_url":"https:\/\/edm.ch\/de\/bangladesch-gesundheit-klimawandels\/","og_site_name":"Enfants du monde","article_modified_time":"2025-10-02T11:58:12+00:00","twitter_card":"summary_large_image","schema":{"@context":"https:\/\/schema.org","@graph":[{"@type":"WebPage","@id":"https:\/\/edm.ch\/de\/bangladesch-gesundheit-klimawandels\/","url":"https:\/\/edm.ch\/de\/bangladesch-gesundheit-klimawandels\/","name":"Gesundheit Bangladesch - Klimawandel - Enfants du Monde","isPartOf":{"@id":"https:\/\/edm.ch\/en\/#website"},"datePublished":"2024-07-25T13:10:03+00:00","dateModified":"2025-10-02T11:58:12+00:00","description":"Wir unterst\u00fctzen Gemeinschaften in Bangladesch und mildern die Auswirkungen des Klimawandels auf die Gesundheit von Frauen und M\u00e4dchen.","inLanguage":"de-DE","potentialAction":[{"@type":"ReadAction","target":["https:\/\/edm.ch\/de\/bangladesch-gesundheit-klimawandels\/"]}]},{"@type":"WebSite","@id":"https:\/\/edm.ch\/en\/#website","url":"https:\/\/edm.ch\/en\/","name":"Enfants du monde","description":"Association suisse","potentialAction":[{"@type":"SearchAction","target":{"@type":"EntryPoint","urlTemplate":"https:\/\/edm.ch\/en\/?s={search_term_string}"},"query-input":{"@type":"PropertyValueSpecification","valueRequired":true,"valueName":"search_term_string"}}],"inLanguage":"de-DE"}]}},"_links":{"self":[{"href":"https:\/\/edm.ch\/de\/wp-json\/wp\/v2\/projects\/31990","targetHints":{"allow":["GET"]}}],"collection":[{"href":"https:\/\/edm.ch\/de\/wp-json\/wp\/v2\/projects"}],"about":[{"href":"https:\/\/edm.ch\/de\/wp-json\/wp\/v2\/types\/projects"}],"wp:attachment":[{"href":"https:\/\/edm.ch\/de\/wp-json\/wp\/v2\/media?parent=31990"}],"curies":[{"name":"wp","href":"https:\/\/api.w.org\/{rel}","templated":true}]}}