{"id":9335,"date":"2023-08-10T13:58:07","date_gmt":"2023-08-10T13:58:07","guid":{"rendered":"https:\/\/edm.ch\/?page_id=9335"},"modified":"2023-09-21T12:07:37","modified_gmt":"2023-09-21T12:07:37","slug":"unser-bildungsansatz","status":"publish","type":"page","link":"https:\/\/edm.ch\/de\/unser-bildungsansatz\/","title":{"rendered":"Unser Bildungsansatz"},"content":{"rendered":"<section class=\"subpageBanner\" style=\"display:\">\n    <div class=\"subpageBannerBlock figure_block\">\n        <img decoding=\"async\" data-src=\"https:\/\/edm.ch\/wp-content\/uploads\/2023\/08\/enfants_du_monde_website_image_young_children.png\" src=\"data:image\/svg+xml;base64,PHN2ZyB3aWR0aD0iMSIgaGVpZ2h0PSIxIiB4bWxucz0iaHR0cDovL3d3dy53My5vcmcvMjAwMC9zdmciPjwvc3ZnPg==\" class=\"lazyload\" style=\"--smush-placeholder-width: 2500px; --smush-placeholder-aspect-ratio: 2500\/800;\" data-srcset=\"https:\/\/edm.ch\/wp-content\/uploads\/2023\/08\/enfants_du_monde_website_image_young_children.png 2500w, https:\/\/edm.ch\/wp-content\/uploads\/2023\/08\/enfants_du_monde_website_image_young_children-300x96.png 300w, https:\/\/edm.ch\/wp-content\/uploads\/2023\/08\/enfants_du_monde_website_image_young_children-1024x328.png 1024w, https:\/\/edm.ch\/wp-content\/uploads\/2023\/08\/enfants_du_monde_website_image_young_children-768x246.png 768w, https:\/\/edm.ch\/wp-content\/uploads\/2023\/08\/enfants_du_monde_website_image_young_children-1536x492.png 1536w, https:\/\/edm.ch\/wp-content\/uploads\/2023\/08\/enfants_du_monde_website_image_young_children-2048x655.png 2048w\" data-sizes=\"auto\" data-original-sizes=\"(max-width: 2500px) 100vw, 2500px\" \/>\n        <div class=\"subpageBannerWrap\">\n            <div class=\"container\">\n                <div class=\"content\">\n                    <div>\n                        <span class=\"bannerHead\"><\/span>\n                        <h1>Unser Bildungsansatz<\/h1>\n                    <\/div>\n                                    <\/div>\n            <\/div>\n        <\/div>\n                    <div class=\"picture-caption\">\n                <div class=\"caption-content\"><span>Goldbach<\/span><\/div>\n            <\/div>\n            <\/div>\n<\/section>\n<script type=\"text\/javascript\">\n    jQuery(document).ready(function ($) {\n        \/\/ Check if the block exists\n        var bannerSection = $('#subpage-banner-section');\n\n        if (bannerSection.length > 0) {\n            \/\/ Move the block to the end of <main> just before the footer\n            $('main').append(bannerSection); \/\/ This will append it inside the <main> tag\n        }\n\n        $('.documentAccordion').on('click', function (e) {\n            e.preventDefault();  \/\/ Prevent default link action\n\n            \/\/ Target the section with the given ID\n            $('html, body').animate({\n                scrollTop: $('#subpage-banner-section').offset().top - 200\n            }, 1000);\n        });\n    });\n<\/script>\n\n        <section class=\"contentSec\" style=\"display:\">\n        <div class=\"container\">\n            <div class=\"contentBlock\">\n                <h5>Eine auf die spezifischen Bed\u00fcrfnisse der Sch\u00fcler*innen zugeschnittene Bildung<\/h5>\n                <p>In unseren Schulen legen wir den Schwerpunkt auf eine <strong>qualitativ hochwertige Bildung<\/strong>, die auf unserem <strong>aktiven und innovativen p\u00e4dagogischen Ansatz basiert<\/strong>, der von unseren Fachleuten nach zahlreichen fehlgeschlagenen Alphabetisierungskampagnen in den 1960er Jahren entwickelt wurde. Diese basierten auf dem mechanischen Auswendiglernen und einer begrenzten Anzahl an n\u00f6tigen Fertigkeiten.<\/p>\n<p>Wir hingegen legen Wert auf Unterricht <strong>in der lokalen Muttersprache und in der Amtssprache des Landes<\/strong>, mit Inhalten, die auf die Bed\u00fcrfnisse der Kinder zugeschnitten sind und im Einklang mit der lokalen Kultur stehen. Dieser Ansatz motiviert nicht nur zur Teilnahme am Unterricht, sondern f\u00f6rdert das eigene Denken und Handeln und das selbstst\u00e4ndige L\u00f6sen von Problemen.<\/p>\n                            <\/div>\n        <\/div>\n    <\/section>\n\n\n    \n    <section class=\"leftTextRightImg \" style=\"display:\">\n        <div class=\"container\">\n            <div class=\"leftTextRightImgRow\">\n                                    <div class=\"right\">\n                                            <\/div>\n                                                    <div class=\"left\">\n                        <div class=\"content\">\n                            <h2>                                5 Prinzipen f\u00fcr eine qualitativ hochwertige Bildung <small><\/small>\n                            <\/h2>                                                                                                                                                                        <\/div>\n                    <\/div>\n                            <\/div>\n        <\/div>\n    <\/section>\n\n\n    \n    <section class=\"leftTextRightImg \" style=\"display:\">\n        <div class=\"container\">\n            <div class=\"leftTextRightImgRow\">\n                                    <div class=\"right\">\n                                                    <div class=\"imgBlock\">\n                                <a class=\"figure_block\" href=\"https:\/\/edm.ch\/wp-content\/uploads\/2023\/08\/RS6598_Madagascar.png\" data-fancybox data-caption=\"\">\n                                    <img decoding=\"async\" data-src=\"https:\/\/edm.ch\/wp-content\/uploads\/2023\/08\/RS6598_Madagascar.png\" src=\"data:image\/svg+xml;base64,PHN2ZyB3aWR0aD0iMSIgaGVpZ2h0PSIxIiB4bWxucz0iaHR0cDovL3d3dy53My5vcmcvMjAwMC9zdmciPjwvc3ZnPg==\" class=\"lazyload\" style=\"--smush-placeholder-width: 1920px; --smush-placeholder-aspect-ratio: 1920\/1920;\" data-srcset=\"https:\/\/edm.ch\/wp-content\/uploads\/2023\/08\/RS6598_Madagascar.png 1920w, https:\/\/edm.ch\/wp-content\/uploads\/2023\/08\/RS6598_Madagascar-300x300.png 300w, https:\/\/edm.ch\/wp-content\/uploads\/2023\/08\/RS6598_Madagascar-1024x1024.png 1024w, https:\/\/edm.ch\/wp-content\/uploads\/2023\/08\/RS6598_Madagascar-150x150.png 150w, https:\/\/edm.ch\/wp-content\/uploads\/2023\/08\/RS6598_Madagascar-768x768.png 768w, https:\/\/edm.ch\/wp-content\/uploads\/2023\/08\/RS6598_Madagascar-1536x1536.png 1536w\" data-sizes=\"auto\" data-original-sizes=\"(max-width: 1920px) 100vw, 1920px\" \/>\n                                                                    <\/a>\n                                <figcaption><\/figcaption>\n                            <\/div>\n                                            <\/div>\n                                                    <div class=\"left\">\n                        <div class=\"content\">\n                            <h3>                                1. Kontextualisierung  <small><\/small>\n                            <\/h3>                                                            <p>Verankerung der Unterrichtsinhalte im Alltag der Lernenden.<\/p>\n<p>Unsere Bildungsprogramme sind an einer Bedarfsanalyse ausgerichtet und beziehen reale Herausforderungen mit ein, mit denen die lokale Bev\u00f6lkerung konfrontiert ist. Die Unterrichtsf\u00e4cher sind in den Augen der Bev\u00f6lkerung n\u00fctzlich, da sie auf ihre Bed\u00fcrfnisse eingehen und das erlernte Wissen im Alltag einsetzbar ist.<\/p>\n                                                                                                            <\/div>\n                    <\/div>\n                            <\/div>\n        <\/div>\n    <\/section>\n\n\n    \n    <section class=\"rightTextLeftImg \" style=\"display:\">\n        <div class=\"container\">\n            <div class=\"rightTextLeftImgRow\">\n                                    <div class=\"left\">\n                                                    <div class=\"imgBlock\">\n                                <a class=\"figure_block\" href=\"https:\/\/edm.ch\/wp-content\/uploads\/2023\/08\/RS3962_eleve_Tchad.png\" data-fancybox data-caption=\"\">\n                                    <img decoding=\"async\" data-src=\"https:\/\/edm.ch\/wp-content\/uploads\/2023\/08\/RS3962_eleve_Tchad.png\" src=\"data:image\/svg+xml;base64,PHN2ZyB3aWR0aD0iMSIgaGVpZ2h0PSIxIiB4bWxucz0iaHR0cDovL3d3dy53My5vcmcvMjAwMC9zdmciPjwvc3ZnPg==\" class=\"lazyload\" style=\"--smush-placeholder-width: 1920px; --smush-placeholder-aspect-ratio: 1920\/1920;\" data-srcset=\"https:\/\/edm.ch\/wp-content\/uploads\/2023\/08\/RS3962_eleve_Tchad.png 1920w, https:\/\/edm.ch\/wp-content\/uploads\/2023\/08\/RS3962_eleve_Tchad-300x300.png 300w, https:\/\/edm.ch\/wp-content\/uploads\/2023\/08\/RS3962_eleve_Tchad-1024x1024.png 1024w, https:\/\/edm.ch\/wp-content\/uploads\/2023\/08\/RS3962_eleve_Tchad-150x150.png 150w, https:\/\/edm.ch\/wp-content\/uploads\/2023\/08\/RS3962_eleve_Tchad-768x768.png 768w, https:\/\/edm.ch\/wp-content\/uploads\/2023\/08\/RS3962_eleve_Tchad-1536x1536.png 1536w\" data-sizes=\"auto\" data-original-sizes=\"(max-width: 1920px) 100vw, 1920px\" \/>\n                                                                    <\/a>\n                                <figcaption><\/figcaption>\n                            <\/div>\n                                            <\/div>\n                                                    <div class=\"right\">\n                        <div class=\"content\">\n                            <h3>                                2. Interkulturalit\u00e4t:  <small><\/small>\n                            <\/h3>                                                            <p>Kulturelle Unterschiede werden positiv hervorgehoben. So entwickeln die Sch\u00fcler*innen einen kritischen Blick und bleiben offen f\u00fcr anderes. Ausserdem werden die Erfahrungen und das Wissen der Kinder mit den wissenschaftlichen Kenntnissen, die sie erwerben sollen, in Zusammenhang gebracht.<\/p>\n                                                                                                            <\/div>\n                    <\/div>\n                            <\/div>\n        <\/div>\n    <\/section>\n\n\n    \n    <section class=\"leftTextRightImg \" style=\"display:\">\n        <div class=\"container\">\n            <div class=\"leftTextRightImgRow\">\n                                    <div class=\"right\">\n                                                    <div class=\"imgBlock\">\n                                <a class=\"figure_block\" href=\"https:\/\/edm.ch\/wp-content\/uploads\/2023\/08\/RS6367_Guatemala.png\" data-fancybox data-caption=\"\">\n                                    <img decoding=\"async\" data-src=\"https:\/\/edm.ch\/wp-content\/uploads\/2023\/08\/RS6367_Guatemala.png\" src=\"data:image\/svg+xml;base64,PHN2ZyB3aWR0aD0iMSIgaGVpZ2h0PSIxIiB4bWxucz0iaHR0cDovL3d3dy53My5vcmcvMjAwMC9zdmciPjwvc3ZnPg==\" class=\"lazyload\" style=\"--smush-placeholder-width: 1920px; --smush-placeholder-aspect-ratio: 1920\/1920;\" data-srcset=\"https:\/\/edm.ch\/wp-content\/uploads\/2023\/08\/RS6367_Guatemala.png 1920w, https:\/\/edm.ch\/wp-content\/uploads\/2023\/08\/RS6367_Guatemala-300x300.png 300w, https:\/\/edm.ch\/wp-content\/uploads\/2023\/08\/RS6367_Guatemala-1024x1024.png 1024w, https:\/\/edm.ch\/wp-content\/uploads\/2023\/08\/RS6367_Guatemala-150x150.png 150w, https:\/\/edm.ch\/wp-content\/uploads\/2023\/08\/RS6367_Guatemala-768x768.png 768w, https:\/\/edm.ch\/wp-content\/uploads\/2023\/08\/RS6367_Guatemala-1536x1536.png 1536w\" data-sizes=\"auto\" data-original-sizes=\"(max-width: 1920px) 100vw, 1920px\" \/>\n                                                                    <\/a>\n                                <figcaption><\/figcaption>\n                            <\/div>\n                                            <\/div>\n                                                    <div class=\"left\">\n                        <div class=\"content\">\n                            <h3>                                3. Mehrsprachigkeit <small><\/small>\n                            <\/h3>                                                            <p>Der Unterricht findet in der Amtssprache des jeweiligen Landes und in der Muttersprache der Kinder statt, was den Sch\u00fcler*innen das Lernen erleichtert und sie zudem motiviert.<\/p>\n<p>Die verschiedenen Sprachen werden dabei erg\u00e4nzend eingesetzt, um eine bessere Aneignung der Kenntnisse zu f\u00f6rdern.<\/p>\n                                                                                                            <\/div>\n                    <\/div>\n                            <\/div>\n        <\/div>\n    <\/section>\n\n\n    \n    <section class=\"rightTextLeftImg \" style=\"display:\">\n        <div class=\"container\">\n            <div class=\"rightTextLeftImgRow\">\n                                    <div class=\"left\">\n                                                    <div class=\"imgBlock\">\n                                <a class=\"figure_block\" href=\"https:\/\/edm.ch\/wp-content\/uploads\/2023\/08\/Enfants_du_monde_website_image_burkina_faso_temoignage_urgence.png\" data-fancybox data-caption=\"\">\n                                    <img decoding=\"async\" data-src=\"https:\/\/edm.ch\/wp-content\/uploads\/2023\/08\/Enfants_du_monde_website_image_burkina_faso_temoignage_urgence.png\" src=\"data:image\/svg+xml;base64,PHN2ZyB3aWR0aD0iMSIgaGVpZ2h0PSIxIiB4bWxucz0iaHR0cDovL3d3dy53My5vcmcvMjAwMC9zdmciPjwvc3ZnPg==\" class=\"lazyload\" style=\"--smush-placeholder-width: 624px; --smush-placeholder-aspect-ratio: 624\/405;\" data-srcset=\"https:\/\/edm.ch\/wp-content\/uploads\/2023\/08\/Enfants_du_monde_website_image_burkina_faso_temoignage_urgence.png 624w, https:\/\/edm.ch\/wp-content\/uploads\/2023\/08\/Enfants_du_monde_website_image_burkina_faso_temoignage_urgence-300x195.png 300w\" data-sizes=\"auto\" data-original-sizes=\"(max-width: 624px) 100vw, 624px\" \/>\n                                                                    <\/a>\n                                <figcaption><\/figcaption>\n                            <\/div>\n                                            <\/div>\n                                                    <div class=\"right\">\n                        <div class=\"content\">\n                            <h3>                                4.\u00a0Interdisziplinarit\u00e4t: <small><\/small>\n                            <\/h3>                                                            <p>Zum f\u00e4cher\u00fcbergreifenden Unterricht wird ermutigt, um die wichtigsten sozialen Probleme sowie das Thema Nachhaltigkeit in der Gemeinschaft in der Klasse anzusprechen. So werden in den Lektionen, die den naturwissenschaftlichen F\u00e4chern gewidmet sind, auch die Sprach- und Mathematikkenntnisse geschult.<\/p>\n                                                                                                            <\/div>\n                    <\/div>\n                            <\/div>\n        <\/div>\n    <\/section>\n\n\n    \n    <section class=\"leftTextRightImg \" style=\"display:\">\n        <div class=\"container\">\n            <div class=\"leftTextRightImgRow\">\n                                    <div class=\"right\">\n                                                    <div class=\"imgBlock\">\n                                <a class=\"figure_block\" href=\"https:\/\/edm.ch\/wp-content\/uploads\/2023\/08\/RS112_eleveBurkina.png\" data-fancybox data-caption=\"\">\n                                    <img decoding=\"async\" data-src=\"https:\/\/edm.ch\/wp-content\/uploads\/2023\/08\/RS112_eleveBurkina.png\" src=\"data:image\/svg+xml;base64,PHN2ZyB3aWR0aD0iMSIgaGVpZ2h0PSIxIiB4bWxucz0iaHR0cDovL3d3dy53My5vcmcvMjAwMC9zdmciPjwvc3ZnPg==\" class=\"lazyload\" style=\"--smush-placeholder-width: 1920px; --smush-placeholder-aspect-ratio: 1920\/1920;\" data-srcset=\"https:\/\/edm.ch\/wp-content\/uploads\/2023\/08\/RS112_eleveBurkina.png 1920w, https:\/\/edm.ch\/wp-content\/uploads\/2023\/08\/RS112_eleveBurkina-300x300.png 300w, https:\/\/edm.ch\/wp-content\/uploads\/2023\/08\/RS112_eleveBurkina-1024x1024.png 1024w, https:\/\/edm.ch\/wp-content\/uploads\/2023\/08\/RS112_eleveBurkina-150x150.png 150w, https:\/\/edm.ch\/wp-content\/uploads\/2023\/08\/RS112_eleveBurkina-768x768.png 768w, https:\/\/edm.ch\/wp-content\/uploads\/2023\/08\/RS112_eleveBurkina-1536x1536.png 1536w\" data-sizes=\"auto\" data-original-sizes=\"(max-width: 1920px) 100vw, 1920px\" \/>\n                                                                    <\/a>\n                                <figcaption><\/figcaption>\n                            <\/div>\n                                            <\/div>\n                                                    <div class=\"left\">\n                        <div class=\"content\">\n                            <h3>                                5. Aktive P\u00e4dagogik: <small><\/small>\n                            <\/h3>                                                            <p>Klassenprojekte und verschiedene Arbeitsformen f\u00f6rdern die Lust der Kinder am Lernen, d. h., sie erarbeiten sich die F\u00e4higkeiten (Zusammenarbeit, Kommunikation, kritisches Denken und Kreativit\u00e4t), die f\u00fcr ein lebenslanges Lernen von Nutzen sind.<\/p>\n                                                                                                            <\/div>\n                    <\/div>\n                            <\/div>\n        <\/div>\n    <\/section>\n\n\n<div class=\"container text-center loadMoreSection\">\n    <button onclick=\"loadMoreSection()\" class=\"btnBlue open_button loadmorebtn\">Mehr erfahren<\/button>\n    <button onclick=\"loadMoreSection()\" class=\"btnBlue close_button loadmorebtn\"><\/button>\n<\/div>\n\n\n\n    \n    <section class=\"show_on_loadmore leftTextRightImg \" style=\"display:none \">\n        <div class=\"container\">\n            <div class=\"leftTextRightImgRow\">\n                                    <div class=\"right\">\n                                                    <div class=\"imgBlock\">\n                                <a class=\"figure_block\" href=\"https:\/\/edm.ch\/wp-content\/uploads\/2023\/08\/Guatemala_eleve_RS6414_1920.png\" data-fancybox data-caption=\"\">\n                                    <img decoding=\"async\" data-src=\"https:\/\/edm.ch\/wp-content\/uploads\/2023\/08\/Guatemala_eleve_RS6414_1920.png\" src=\"data:image\/svg+xml;base64,PHN2ZyB3aWR0aD0iMSIgaGVpZ2h0PSIxIiB4bWxucz0iaHR0cDovL3d3dy53My5vcmcvMjAwMC9zdmciPjwvc3ZnPg==\" class=\"lazyload\" style=\"--smush-placeholder-width: 1920px; --smush-placeholder-aspect-ratio: 1920\/1920;\" data-srcset=\"https:\/\/edm.ch\/wp-content\/uploads\/2023\/08\/Guatemala_eleve_RS6414_1920.png 1920w, https:\/\/edm.ch\/wp-content\/uploads\/2023\/08\/Guatemala_eleve_RS6414_1920-300x300.png 300w, https:\/\/edm.ch\/wp-content\/uploads\/2023\/08\/Guatemala_eleve_RS6414_1920-1024x1024.png 1024w, https:\/\/edm.ch\/wp-content\/uploads\/2023\/08\/Guatemala_eleve_RS6414_1920-150x150.png 150w, https:\/\/edm.ch\/wp-content\/uploads\/2023\/08\/Guatemala_eleve_RS6414_1920-768x768.png 768w, https:\/\/edm.ch\/wp-content\/uploads\/2023\/08\/Guatemala_eleve_RS6414_1920-1536x1536.png 1536w\" data-sizes=\"auto\" data-original-sizes=\"(max-width: 1920px) 100vw, 1920px\" \/>\n                                                                    <\/a>\n                                <figcaption><\/figcaption>\n                            <\/div>\n                                            <\/div>\n                                                    <div class=\"left\">\n                        <div class=\"content\">\n                            <h3>                                Feststellung des Bildungsbedarfs <small><\/small>\n                            <\/h3>                                                            <p>Durch Befragungen vor Ort k\u00f6nnen wir:<\/p>\n<ul>\n<li>Praktiken und gesellschaftliche Gegebenheiten sowie Probleme des t\u00e4glichen Lebens in den Gemeinschaften erkennen, um diese im Unterricht zu ber\u00fccksichtigen;<\/li>\n<li>die Logik des Denken und Handelns der Lernenden und ihrer Gemeinschaften verstehen, die als Vor- oder Nachteil f\u00fcr neue Unterrichtsinhalte gelten kann;<\/li>\n<li>sprachliche Gepflogenheiten verstehen, um den Respekt vor den gesprochenen Sprachen vor Ort und das entsprechende Lernen zu f\u00f6rdern.<\/li>\n<\/ul>\n                                                                                                            <\/div>\n                    <\/div>\n                            <\/div>\n        <\/div>\n    <\/section>\n\n\n    \n    <section class=\"show_on_loadmore rightTextLeftImg \" style=\"display:none \">\n        <div class=\"container\">\n            <div class=\"rightTextLeftImgRow\">\n                                    <div class=\"left\">\n                                                    <div class=\"imgBlock\">\n                                <a class=\"figure_block\" href=\"https:\/\/edm.ch\/wp-content\/uploads\/2023\/08\/RS7093_Radio_Guatemala.png\" data-fancybox data-caption=\"\">\n                                    <img decoding=\"async\" data-src=\"https:\/\/edm.ch\/wp-content\/uploads\/2023\/08\/RS7093_Radio_Guatemala.png\" src=\"data:image\/svg+xml;base64,PHN2ZyB3aWR0aD0iMSIgaGVpZ2h0PSIxIiB4bWxucz0iaHR0cDovL3d3dy53My5vcmcvMjAwMC9zdmciPjwvc3ZnPg==\" class=\"lazyload\" style=\"--smush-placeholder-width: 1920px; --smush-placeholder-aspect-ratio: 1920\/1920;\" data-srcset=\"https:\/\/edm.ch\/wp-content\/uploads\/2023\/08\/RS7093_Radio_Guatemala.png 1920w, https:\/\/edm.ch\/wp-content\/uploads\/2023\/08\/RS7093_Radio_Guatemala-300x300.png 300w, https:\/\/edm.ch\/wp-content\/uploads\/2023\/08\/RS7093_Radio_Guatemala-1024x1024.png 1024w, https:\/\/edm.ch\/wp-content\/uploads\/2023\/08\/RS7093_Radio_Guatemala-150x150.png 150w, https:\/\/edm.ch\/wp-content\/uploads\/2023\/08\/RS7093_Radio_Guatemala-768x768.png 768w, https:\/\/edm.ch\/wp-content\/uploads\/2023\/08\/RS7093_Radio_Guatemala-1536x1536.png 1536w\" data-sizes=\"auto\" data-original-sizes=\"(max-width: 1920px) 100vw, 1920px\" \/>\n                                                                    <\/a>\n                                <figcaption><\/figcaption>\n                            <\/div>\n                                            <\/div>\n                                                    <div class=\"right\">\n                        <div class=\"content\">\n                            <h3>                                Innovation <small><\/small>\n                            <\/h3>                                                            <ul>\n<li>Akademischer Austausch: Ber\u00fccksichtigung wissenschaftlicher Fortschritte im Bildungsbereich und Bereitstellung konkreter F\u00e4lle zu Forschungszwecken;<\/li>\n<li>Ber\u00fccksichtigung unserer f\u00fcnf Prinzipien f\u00fcr eine qualitativ hochwertige Bildung in Zentrum der Bildungssysteme unserer Einsatzl\u00e4nder;<\/li>\n<li>Einsatz neuer Technologien: Fernstudium, p\u00e4dagogisches Radio, Digitalisierung von Betreuungsinstrumenten.<\/li>\n<\/ul>\n<p>&nbsp;<\/p>\n                                                                                                            <\/div>\n                    <\/div>\n                            <\/div>\n        <\/div>\n    <\/section>\n\n\n    \n    <section class=\"show_on_loadmore leftTextRightImg \" style=\"display:none \">\n        <div class=\"container\">\n            <div class=\"leftTextRightImgRow\">\n                                    <div class=\"right\">\n                                                    <div class=\"imgBlock\">\n                                <a class=\"figure_block\" href=\"https:\/\/edm.ch\/wp-content\/uploads\/2023\/08\/RS51139_eleve.png\" data-fancybox data-caption=\"\">\n                                    <img decoding=\"async\" data-src=\"https:\/\/edm.ch\/wp-content\/uploads\/2023\/08\/RS51139_eleve.png\" src=\"data:image\/svg+xml;base64,PHN2ZyB3aWR0aD0iMSIgaGVpZ2h0PSIxIiB4bWxucz0iaHR0cDovL3d3dy53My5vcmcvMjAwMC9zdmciPjwvc3ZnPg==\" class=\"lazyload\" style=\"--smush-placeholder-width: 1920px; --smush-placeholder-aspect-ratio: 1920\/1920;\" data-srcset=\"https:\/\/edm.ch\/wp-content\/uploads\/2023\/08\/RS51139_eleve.png 1920w, https:\/\/edm.ch\/wp-content\/uploads\/2023\/08\/RS51139_eleve-300x300.png 300w, https:\/\/edm.ch\/wp-content\/uploads\/2023\/08\/RS51139_eleve-1024x1024.png 1024w, https:\/\/edm.ch\/wp-content\/uploads\/2023\/08\/RS51139_eleve-150x150.png 150w, https:\/\/edm.ch\/wp-content\/uploads\/2023\/08\/RS51139_eleve-768x768.png 768w, https:\/\/edm.ch\/wp-content\/uploads\/2023\/08\/RS51139_eleve-1536x1536.png 1536w\" data-sizes=\"auto\" data-original-sizes=\"(max-width: 1920px) 100vw, 1920px\" \/>\n                                                                    <\/a>\n                                <figcaption><\/figcaption>\n                            <\/div>\n                                            <\/div>\n                                                    <div class=\"left\">\n                        <div class=\"content\">\n                            <h3>                                Betreuung und Bewertung <small><\/small>\n                            <\/h3>                                                            <p>Unsere Eins\u00e4tze werden kontinuierlich betreut, indem:<\/p>\n<ul>\n<li>Lernfortschritte der Sch\u00fclerinnen und Sch\u00fcler bewertet werden;<\/li>\n<li>Lehr- und Lernpraktiken im Unterricht beobachtet werden;<\/li>\n<li>die Qualit\u00e4t des Lehrmaterials auf Basis einer Analyse des Einsatzes im Unterricht kontinuierlich verbessert wird;<\/li>\n<li>die Auswirkungen bewertet werden.<\/li>\n<\/ul>\n                                                                                                            <\/div>\n                    <\/div>\n                            <\/div>\n        <\/div>\n    <\/section>\n\n\n    <section class=\"activitySec\" style=\"display:\">\n      <div class=\"container\">\n        <div class=\"secTitle\">\n            <h2>Unsere Grunds\u00e4tze in der Praxis in den Einsatzl\u00e4ndern<\/h2>\n        <\/div>\n        <div class=\"activityRow\">\n\n            \n                <div class=\"activityCol\">\n                    <div class=\"activityColInner\">\n                        <div class=\"imgBlock\">\n                            <a href=\"https:\/\/edm.ch\/de\/bangladesh-bildung\/\">                                <img decoding=\"async\" data-src=\"https:\/\/edm.ch\/wp-content\/uploads\/2023\/08\/Enfants_du_monde_website_image_impact_education_bangladesh.png\" alt=\"EMD-img\" src=\"data:image\/svg+xml;base64,PHN2ZyB3aWR0aD0iMSIgaGVpZ2h0PSIxIiB4bWxucz0iaHR0cDovL3d3dy53My5vcmcvMjAwMC9zdmciPjwvc3ZnPg==\" class=\"lazyload\" style=\"--smush-placeholder-width: 1920px; --smush-placeholder-aspect-ratio: 1920\/1920;\" data-srcset=\"https:\/\/edm.ch\/wp-content\/uploads\/2023\/08\/Enfants_du_monde_website_image_impact_education_bangladesh.png 1920w, https:\/\/edm.ch\/wp-content\/uploads\/2023\/08\/Enfants_du_monde_website_image_impact_education_bangladesh-300x300.png 300w, https:\/\/edm.ch\/wp-content\/uploads\/2023\/08\/Enfants_du_monde_website_image_impact_education_bangladesh-1024x1024.png 1024w, https:\/\/edm.ch\/wp-content\/uploads\/2023\/08\/Enfants_du_monde_website_image_impact_education_bangladesh-150x150.png 150w, https:\/\/edm.ch\/wp-content\/uploads\/2023\/08\/Enfants_du_monde_website_image_impact_education_bangladesh-768x768.png 768w, https:\/\/edm.ch\/wp-content\/uploads\/2023\/08\/Enfants_du_monde_website_image_impact_education_bangladesh-1536x1536.png 1536w\" data-sizes=\"auto\" data-original-sizes=\"(max-width: 1920px) 100vw, 1920px\" \/>\n                            <\/a>                        <\/div>\n                        <div class=\"contentBlock\">\n                            <h3>Bangladesch<\/h3>\n                            <p>Dank der Bem\u00fchungen, die Qualit\u00e4t der Bildung zu verbessern, indem die Sch\u00fcler nicht nur schulische Grundkenntnisse, sondern auch praktische Kenntnisse erwerben, die direkt in ihrem Alltag angewendet werden k\u00f6nnen, hat Enfants du Monde Tausenden von M\u00e4dchen und Jungen bessere Zukunftsperspektiven erm\u00f6glicht.<\/p>\n                                                            <a href=\"https:\/\/edm.ch\/de\/bangladesh-bildung\/\" class=\"btnWhite\">Mehr erfahren<\/a>\n                                                    <\/div>\n                    <\/div>\n                <\/div>\n\n            \n                <div class=\"activityCol\">\n                    <div class=\"activityColInner\">\n                        <div class=\"imgBlock\">\n                            <a href=\"https:\/\/edm.ch\/de\/benin\/\">                                <img decoding=\"async\" data-src=\"https:\/\/edm.ch\/wp-content\/uploads\/2023\/08\/RS2989_1920_Benin.png\" alt=\"EMD-img\" src=\"data:image\/svg+xml;base64,PHN2ZyB3aWR0aD0iMSIgaGVpZ2h0PSIxIiB4bWxucz0iaHR0cDovL3d3dy53My5vcmcvMjAwMC9zdmciPjwvc3ZnPg==\" class=\"lazyload\" style=\"--smush-placeholder-width: 1920px; --smush-placeholder-aspect-ratio: 1920\/1920;\" data-srcset=\"https:\/\/edm.ch\/wp-content\/uploads\/2023\/08\/RS2989_1920_Benin.png 1920w, https:\/\/edm.ch\/wp-content\/uploads\/2023\/08\/RS2989_1920_Benin-300x300.png 300w, https:\/\/edm.ch\/wp-content\/uploads\/2023\/08\/RS2989_1920_Benin-1024x1024.png 1024w, https:\/\/edm.ch\/wp-content\/uploads\/2023\/08\/RS2989_1920_Benin-150x150.png 150w, https:\/\/edm.ch\/wp-content\/uploads\/2023\/08\/RS2989_1920_Benin-768x768.png 768w, https:\/\/edm.ch\/wp-content\/uploads\/2023\/08\/RS2989_1920_Benin-1536x1536.png 1536w\" data-sizes=\"auto\" data-original-sizes=\"(max-width: 1920px) 100vw, 1920px\" \/>\n                            <\/a>                        <\/div>\n                        <div class=\"contentBlock\">\n                            <h3>Benin<\/h3>\n                            <p>Der Master in Erziehungswissenschaften in Benin, mit dem Titel \u201eMaster in Bi-\/Plurilingualismus und Interkulturalit\u00e4t\u201c, entstand aus dem Wunsch heraus, sich wiederkehrenden Schwierigkeiten zu stellen. Die Landessprachen werden in dem Unterricht nicht ausreichend genutzt und F\u00e4cher werden oft vom Kontext getrennt und haben keinen direkten Bezug zur gelebten Erfahrung und zum Umfeld der Kinder und Jugendlichen.<\/p>\n                                                            <a href=\"https:\/\/edm.ch\/de\/benin\/\" class=\"btnWhite\">Mehr erfahren<\/a>\n                                                    <\/div>\n                    <\/div>\n                <\/div>\n\n            \n                <div class=\"activityCol\">\n                    <div class=\"activityColInner\">\n                        <div class=\"imgBlock\">\n                            <a href=\"https:\/\/edm.ch\/de\/burkina-faso\/\">                                <img decoding=\"async\" data-src=\"https:\/\/edm.ch\/wp-content\/uploads\/2023\/08\/RS6800_eleve_Burkina.png\" alt=\"EMD-img\" src=\"data:image\/svg+xml;base64,PHN2ZyB3aWR0aD0iMSIgaGVpZ2h0PSIxIiB4bWxucz0iaHR0cDovL3d3dy53My5vcmcvMjAwMC9zdmciPjwvc3ZnPg==\" class=\"lazyload\" style=\"--smush-placeholder-width: 1920px; --smush-placeholder-aspect-ratio: 1920\/1920;\" data-srcset=\"https:\/\/edm.ch\/wp-content\/uploads\/2023\/08\/RS6800_eleve_Burkina.png 1920w, https:\/\/edm.ch\/wp-content\/uploads\/2023\/08\/RS6800_eleve_Burkina-300x300.png 300w, https:\/\/edm.ch\/wp-content\/uploads\/2023\/08\/RS6800_eleve_Burkina-1024x1024.png 1024w, https:\/\/edm.ch\/wp-content\/uploads\/2023\/08\/RS6800_eleve_Burkina-150x150.png 150w, https:\/\/edm.ch\/wp-content\/uploads\/2023\/08\/RS6800_eleve_Burkina-768x768.png 768w, https:\/\/edm.ch\/wp-content\/uploads\/2023\/08\/RS6800_eleve_Burkina-1536x1536.png 1536w\" data-sizes=\"auto\" data-original-sizes=\"(max-width: 1920px) 100vw, 1920px\" \/>\n                            <\/a>                        <\/div>\n                        <div class=\"contentBlock\">\n                            <h3>Burkina Faso<\/h3>\n                            <p>Seit \u00fcber 30 Jahren ist Enfants du Monde im Rahmen ihres Bildungsprogramms in Burkina Faso aktiv.<\/p>\n                                                            <a href=\"https:\/\/edm.ch\/de\/burkina-faso\/\" class=\"btnWhite\">Mehr erfahren<\/a>\n                                                    <\/div>\n                    <\/div>\n                <\/div>\n\n            \n                <div class=\"activityCol\">\n                    <div class=\"activityColInner\">\n                        <div class=\"imgBlock\">\n                            <a href=\"https:\/\/edm.ch\/de\/guatemala\/\">                                <img decoding=\"async\" data-src=\"https:\/\/edm.ch\/wp-content\/uploads\/2023\/08\/RS4913_Guatemala_covid.png\" alt=\"EMD-img\" src=\"data:image\/svg+xml;base64,PHN2ZyB3aWR0aD0iMSIgaGVpZ2h0PSIxIiB4bWxucz0iaHR0cDovL3d3dy53My5vcmcvMjAwMC9zdmciPjwvc3ZnPg==\" class=\"lazyload\" style=\"--smush-placeholder-width: 1920px; --smush-placeholder-aspect-ratio: 1920\/1920;\" data-srcset=\"https:\/\/edm.ch\/wp-content\/uploads\/2023\/08\/RS4913_Guatemala_covid.png 1920w, https:\/\/edm.ch\/wp-content\/uploads\/2023\/08\/RS4913_Guatemala_covid-300x300.png 300w, https:\/\/edm.ch\/wp-content\/uploads\/2023\/08\/RS4913_Guatemala_covid-1024x1024.png 1024w, https:\/\/edm.ch\/wp-content\/uploads\/2023\/08\/RS4913_Guatemala_covid-150x150.png 150w, https:\/\/edm.ch\/wp-content\/uploads\/2023\/08\/RS4913_Guatemala_covid-768x768.png 768w, https:\/\/edm.ch\/wp-content\/uploads\/2023\/08\/RS4913_Guatemala_covid-1536x1536.png 1536w\" data-sizes=\"auto\" data-original-sizes=\"(max-width: 1920px) 100vw, 1920px\" \/>\n                            <\/a>                        <\/div>\n                        <div class=\"contentBlock\">\n                            <h3>Guatemala<\/h3>\n                            <p>Im Jahr 2001 begann Enfants du Monde im Rahmen des Programms f\u00fcr zweisprachige und interkulturelle Bildung ihre Interventionen in der Region Alta Verapaz, um die Qualit\u00e4t der Bildung zu verbessern und die Lehrkr\u00e4fte in zweisprachigem und interkulturellem Unterricht auszubilden.<\/p>\n                                                            <a href=\"https:\/\/edm.ch\/de\/guatemala\/\" class=\"btnWhite\">Mehr erfahren<\/a>\n                                                    <\/div>\n                    <\/div>\n                <\/div>\n\n            \n                <div class=\"activityCol\">\n                    <div class=\"activityColInner\">\n                        <div class=\"imgBlock\">\n                            <a href=\"https:\/\/edm.ch\/de\/niger\/\">                                <img decoding=\"async\" data-src=\"https:\/\/edm.ch\/wp-content\/uploads\/2023\/08\/Enfants_du_monde_website_image_map_niger.png\" alt=\"EMD-img\" src=\"data:image\/svg+xml;base64,PHN2ZyB3aWR0aD0iMSIgaGVpZ2h0PSIxIiB4bWxucz0iaHR0cDovL3d3dy53My5vcmcvMjAwMC9zdmciPjwvc3ZnPg==\" class=\"lazyload\" style=\"--smush-placeholder-width: 1920px; --smush-placeholder-aspect-ratio: 1920\/1920;\" data-srcset=\"https:\/\/edm.ch\/wp-content\/uploads\/2023\/08\/Enfants_du_monde_website_image_map_niger.png 1920w, https:\/\/edm.ch\/wp-content\/uploads\/2023\/08\/Enfants_du_monde_website_image_map_niger-300x300.png 300w, https:\/\/edm.ch\/wp-content\/uploads\/2023\/08\/Enfants_du_monde_website_image_map_niger-1024x1024.png 1024w, https:\/\/edm.ch\/wp-content\/uploads\/2023\/08\/Enfants_du_monde_website_image_map_niger-150x150.png 150w, https:\/\/edm.ch\/wp-content\/uploads\/2023\/08\/Enfants_du_monde_website_image_map_niger-768x768.png 768w, https:\/\/edm.ch\/wp-content\/uploads\/2023\/08\/Enfants_du_monde_website_image_map_niger-1536x1536.png 1536w\" data-sizes=\"auto\" data-original-sizes=\"(max-width: 1920px) 100vw, 1920px\" \/>\n                            <\/a>                        <\/div>\n                        <div class=\"contentBlock\">\n                            <h3>Niger<\/h3>\n                            <p>Enfants du Monde arbeitet aktiv im Niger, um den Kindern, die nicht zur Schule gehen oder die Schule zu fr\u00fch verlassen haben, eine zweite Chance zu geben. Ziel ist es, die Qualit\u00e4t und den Zugang zur Bildung zu verbessern.<\/p>\n                                                            <a href=\"https:\/\/edm.ch\/de\/niger\/\" class=\"btnWhite\">Mehr erfahren<\/a>\n                                                    <\/div>\n                    <\/div>\n                <\/div>\n\n            \n                <div class=\"activityCol\">\n                    <div class=\"activityColInner\">\n                        <div class=\"imgBlock\">\n                            <a href=\"https:\/\/edm.ch\/de\/tschad\/\">                                <img decoding=\"async\" data-src=\"https:\/\/edm.ch\/wp-content\/uploads\/2023\/08\/RS3968_Tchad.png\" alt=\"EMD-img\" src=\"data:image\/svg+xml;base64,PHN2ZyB3aWR0aD0iMSIgaGVpZ2h0PSIxIiB4bWxucz0iaHR0cDovL3d3dy53My5vcmcvMjAwMC9zdmciPjwvc3ZnPg==\" class=\"lazyload\" style=\"--smush-placeholder-width: 1920px; --smush-placeholder-aspect-ratio: 1920\/1920;\" data-srcset=\"https:\/\/edm.ch\/wp-content\/uploads\/2023\/08\/RS3968_Tchad.png 1920w, https:\/\/edm.ch\/wp-content\/uploads\/2023\/08\/RS3968_Tchad-300x300.png 300w, https:\/\/edm.ch\/wp-content\/uploads\/2023\/08\/RS3968_Tchad-1024x1024.png 1024w, https:\/\/edm.ch\/wp-content\/uploads\/2023\/08\/RS3968_Tchad-150x150.png 150w, https:\/\/edm.ch\/wp-content\/uploads\/2023\/08\/RS3968_Tchad-768x768.png 768w, https:\/\/edm.ch\/wp-content\/uploads\/2023\/08\/RS3968_Tchad-1536x1536.png 1536w\" data-sizes=\"auto\" data-original-sizes=\"(max-width: 1920px) 100vw, 1920px\" \/>\n                            <\/a>                        <\/div>\n                        <div class=\"contentBlock\">\n                            <h3>Tschad<\/h3>\n                            <p>Um den Kindern im Tschad zu helfen und ihnen eine qualitativ gute Schulbildung zu erm\u00f6glichen, setzt sich Enfants du Monde im Auftrag der Schweizer Direktion f\u00fcr Entwicklung und Zusammenarbeit mit einem Bildungsprojekt ein. Ziel: eine nachhaltige Verbesserung des nationalen Bildungssystems ein.<\/p>\n                                                            <a href=\"https:\/\/edm.ch\/de\/tschad\/\" class=\"btnWhite\">Mehr erfahren<\/a>\n                                                    <\/div>\n                    <\/div>\n                <\/div>\n\n                        \n        <\/div>\n      <\/div>\n    <\/section>\n\n\n    <section class=\"donation_count\" style=\"display:\">\n        <div class=\"inner_row\">\n            <div class=\"right_img_block\">\n                <div class=\"img_block figure_block\">\n                    <img decoding=\"async\" data-src=\"https:\/\/edm.ch\/wp-content\/uploads\/2023\/08\/RS6432_Tapsoba-Judikael2.jpg\" alt=\"\" src=\"data:image\/svg+xml;base64,PHN2ZyB3aWR0aD0iMSIgaGVpZ2h0PSIxIiB4bWxucz0iaHR0cDovL3d3dy53My5vcmcvMjAwMC9zdmciPjwvc3ZnPg==\" class=\"lazyload\" style=\"--smush-placeholder-width: 2500px; --smush-placeholder-aspect-ratio: 2500\/1875;\" data-srcset=\"https:\/\/edm.ch\/wp-content\/uploads\/2023\/08\/RS6432_Tapsoba-Judikael2.jpg 2500w, https:\/\/edm.ch\/wp-content\/uploads\/2023\/08\/RS6432_Tapsoba-Judikael2-300x225.jpg 300w, https:\/\/edm.ch\/wp-content\/uploads\/2023\/08\/RS6432_Tapsoba-Judikael2-1024x768.jpg 1024w, https:\/\/edm.ch\/wp-content\/uploads\/2023\/08\/RS6432_Tapsoba-Judikael2-768x576.jpg 768w, https:\/\/edm.ch\/wp-content\/uploads\/2023\/08\/RS6432_Tapsoba-Judikael2-1536x1152.jpg 1536w, https:\/\/edm.ch\/wp-content\/uploads\/2023\/08\/RS6432_Tapsoba-Judikael2-2048x1536.jpg 2048w\" data-sizes=\"auto\" data-original-sizes=\"(max-width: 2500px) 100vw, 2500px\">\n                                            <div class=\"picture-caption\">\n                            <div class=\"caption-content\"><span>Adrien Bitibaly\/Enfants du Monde\/Fairpicture<\/span><\/div>\n                        <\/div>\n                                    <\/div>\n            <\/div>\n            <div class=\"left_txt_block\">\n                <div class=\"txt_contents\">\n                    <h3>Meine Spende wirkt<\/h3>\n                    <div class=\"block_txts\">\n                                                    <div class=\"item\">\n                                <span class=\"title\">Zum Beispiel:<\/span>\n                                <p><\/p>\n                            <\/div>\n                                                    <div class=\"item\">\n                                <span class=\"title\">Mit 60 Franken:<\/span>\n                                <p>Finanziere ich 2 Lehrpersonen in Burkina Faso eine eint\u00e4gige Weiterbildung im Bereich zweisprachiger Unterricht. <\/p>\n                            <\/div>\n                                                    <div class=\"item\">\n                                <span class=\"title\"> Mit 100 Franken:<\/span>\n                                <p>Finanziere ich 11 Kindern in Burkina Faso ein zweisprachiges Schulbuch.  <\/p>\n                            <\/div>\n                                                    <div class=\"item\">\n                                <span class=\"title\">Mit 140 Franken:<\/span>\n                                <p>Finanziere ich Rasiosendungen mit Bildungsinhalten in Guatemala f\u00fcr jene Sch\u00fcler*innen, die nicht mehr zur Schule gehen k\u00f6nnen. <\/p>\n                            <\/div>\n                                                                            <a href=\"https:\/\/don.edm.ch\/de\" class=\"btnWhite buttonDonation\">\n                                ICH SPENDE                            <\/a>\n                                            <\/div>\n                <\/div>\n            <\/div>\n        <\/div>\n    <\/section>","protected":false},"excerpt":{"rendered":"","protected":false},"author":3,"featured_media":0,"parent":0,"menu_order":0,"comment_status":"closed","ping_status":"closed","template":"templates\/yellow-line-5.php","meta":{"_acf_changed":false,"inline_featured_image":false,"footnotes":""},"class_list":["post-9335","page","type-page","status-publish","hentry"],"acf":[],"yoast_head":"<!-- This site is optimized with the Yoast SEO plugin v26.9 - https:\/\/yoast.com\/product\/yoast-seo-wordpress\/ -->\n<title>zugeschnittene Bildung - Enfants du Monde<\/title>\n<meta name=\"description\" content=\"Wir bef\u00fcrworten einen Unterricht in der lokalen Muttersprache und der offiziellen Landessprache, der auf die Bed\u00fcrfnisse der Kinder zugeschnitten ist und mit der lokalen Kultur in Verbindung steht.\" \/>\n<meta name=\"robots\" content=\"index, follow, max-snippet:-1, max-image-preview:large, max-video-preview:-1\" \/>\n<link rel=\"canonical\" href=\"https:\/\/edm.ch\/de\/unser-bildungsansatz\/\" \/>\n<meta property=\"og:locale\" content=\"de_DE\" \/>\n<meta property=\"og:type\" content=\"article\" \/>\n<meta property=\"og:title\" content=\"zugeschnittene Bildung - Enfants du Monde\" \/>\n<meta property=\"og:description\" content=\"Wir bef\u00fcrworten einen Unterricht in der lokalen Muttersprache und der offiziellen Landessprache, der auf die Bed\u00fcrfnisse der Kinder zugeschnitten ist und mit der lokalen Kultur in Verbindung steht.\" \/>\n<meta property=\"og:url\" content=\"https:\/\/edm.ch\/de\/unser-bildungsansatz\/\" \/>\n<meta property=\"og:site_name\" content=\"Enfants du monde\" \/>\n<meta property=\"article:modified_time\" content=\"2023-09-21T12:07:37+00:00\" \/>\n<meta name=\"twitter:card\" content=\"summary_large_image\" \/>\n<script type=\"application\/ld+json\" class=\"yoast-schema-graph\">{\"@context\":\"https:\/\/schema.org\",\"@graph\":[{\"@type\":\"WebPage\",\"@id\":\"https:\/\/edm.ch\/de\/unser-bildungsansatz\/\",\"url\":\"https:\/\/edm.ch\/de\/unser-bildungsansatz\/\",\"name\":\"zugeschnittene Bildung - Enfants du Monde\",\"isPartOf\":{\"@id\":\"https:\/\/edm.ch\/en\/#website\"},\"datePublished\":\"2023-08-10T13:58:07+00:00\",\"dateModified\":\"2023-09-21T12:07:37+00:00\",\"description\":\"Wir bef\u00fcrworten einen Unterricht in der lokalen Muttersprache und der offiziellen Landessprache, der auf die Bed\u00fcrfnisse der Kinder zugeschnitten ist und mit der lokalen Kultur in Verbindung steht.\",\"inLanguage\":\"de-DE\",\"potentialAction\":[{\"@type\":\"ReadAction\",\"target\":[\"https:\/\/edm.ch\/de\/unser-bildungsansatz\/\"]}]},{\"@type\":\"WebSite\",\"@id\":\"https:\/\/edm.ch\/en\/#website\",\"url\":\"https:\/\/edm.ch\/en\/\",\"name\":\"Enfants du monde\",\"description\":\"Association suisse\",\"potentialAction\":[{\"@type\":\"SearchAction\",\"target\":{\"@type\":\"EntryPoint\",\"urlTemplate\":\"https:\/\/edm.ch\/en\/?s={search_term_string}\"},\"query-input\":{\"@type\":\"PropertyValueSpecification\",\"valueRequired\":true,\"valueName\":\"search_term_string\"}}],\"inLanguage\":\"de-DE\"}]}<\/script>\n<!-- \/ Yoast SEO plugin. -->","yoast_head_json":{"title":"zugeschnittene Bildung - Enfants du Monde","description":"Wir bef\u00fcrworten einen Unterricht in der lokalen Muttersprache und der offiziellen Landessprache, der auf die Bed\u00fcrfnisse der Kinder zugeschnitten ist und mit der lokalen Kultur in Verbindung steht.","robots":{"index":"index","follow":"follow","max-snippet":"max-snippet:-1","max-image-preview":"max-image-preview:large","max-video-preview":"max-video-preview:-1"},"canonical":"https:\/\/edm.ch\/de\/unser-bildungsansatz\/","og_locale":"de_DE","og_type":"article","og_title":"zugeschnittene Bildung - Enfants du Monde","og_description":"Wir bef\u00fcrworten einen Unterricht in der lokalen Muttersprache und der offiziellen Landessprache, der auf die Bed\u00fcrfnisse der Kinder zugeschnitten ist und mit der lokalen Kultur in Verbindung steht.","og_url":"https:\/\/edm.ch\/de\/unser-bildungsansatz\/","og_site_name":"Enfants du monde","article_modified_time":"2023-09-21T12:07:37+00:00","twitter_card":"summary_large_image","schema":{"@context":"https:\/\/schema.org","@graph":[{"@type":"WebPage","@id":"https:\/\/edm.ch\/de\/unser-bildungsansatz\/","url":"https:\/\/edm.ch\/de\/unser-bildungsansatz\/","name":"zugeschnittene Bildung - Enfants du Monde","isPartOf":{"@id":"https:\/\/edm.ch\/en\/#website"},"datePublished":"2023-08-10T13:58:07+00:00","dateModified":"2023-09-21T12:07:37+00:00","description":"Wir bef\u00fcrworten einen Unterricht in der lokalen Muttersprache und der offiziellen Landessprache, der auf die Bed\u00fcrfnisse der Kinder zugeschnitten ist und mit der lokalen Kultur in Verbindung steht.","inLanguage":"de-DE","potentialAction":[{"@type":"ReadAction","target":["https:\/\/edm.ch\/de\/unser-bildungsansatz\/"]}]},{"@type":"WebSite","@id":"https:\/\/edm.ch\/en\/#website","url":"https:\/\/edm.ch\/en\/","name":"Enfants du monde","description":"Association suisse","potentialAction":[{"@type":"SearchAction","target":{"@type":"EntryPoint","urlTemplate":"https:\/\/edm.ch\/en\/?s={search_term_string}"},"query-input":{"@type":"PropertyValueSpecification","valueRequired":true,"valueName":"search_term_string"}}],"inLanguage":"de-DE"}]}},"_links":{"self":[{"href":"https:\/\/edm.ch\/de\/wp-json\/wp\/v2\/pages\/9335","targetHints":{"allow":["GET"]}}],"collection":[{"href":"https:\/\/edm.ch\/de\/wp-json\/wp\/v2\/pages"}],"about":[{"href":"https:\/\/edm.ch\/de\/wp-json\/wp\/v2\/types\/page"}],"author":[{"embeddable":true,"href":"https:\/\/edm.ch\/de\/wp-json\/wp\/v2\/users\/3"}],"replies":[{"embeddable":true,"href":"https:\/\/edm.ch\/de\/wp-json\/wp\/v2\/comments?post=9335"}],"version-history":[{"count":21,"href":"https:\/\/edm.ch\/de\/wp-json\/wp\/v2\/pages\/9335\/revisions"}],"predecessor-version":[{"id":14106,"href":"https:\/\/edm.ch\/de\/wp-json\/wp\/v2\/pages\/9335\/revisions\/14106"}],"wp:attachment":[{"href":"https:\/\/edm.ch\/de\/wp-json\/wp\/v2\/media?parent=9335"}],"curies":[{"name":"wp","href":"https:\/\/api.w.org\/{rel}","templated":true}]}}