{"id":7836,"date":"2023-08-14T13:05:07","date_gmt":"2023-08-14T13:05:07","guid":{"rendered":"https:\/\/edm.ch\/?page_id=7836"},"modified":"2023-08-23T13:46:45","modified_gmt":"2023-08-23T13:46:45","slug":"freiwilligenarbeit-ngo","status":"publish","type":"page","link":"https:\/\/edm.ch\/de\/freiwilligenarbeit-ngo\/","title":{"rendered":"Freiwilligenarbeit"},"content":{"rendered":"<section class=\"subpageBanner\" style=\"display:\">\n    <div class=\"subpageBannerBlock figure_block\">\n        <img decoding=\"async\" data-src=\"https:\/\/edm.ch\/wp-content\/uploads\/2023\/08\/Enfants_du_monde_website_image_banner_benevolat.png\" src=\"data:image\/svg+xml;base64,PHN2ZyB3aWR0aD0iMSIgaGVpZ2h0PSIxIiB4bWxucz0iaHR0cDovL3d3dy53My5vcmcvMjAwMC9zdmciPjwvc3ZnPg==\" class=\"lazyload\" style=\"--smush-placeholder-width: 2500px; --smush-placeholder-aspect-ratio: 2500\/800;\" data-srcset=\"https:\/\/edm.ch\/wp-content\/uploads\/2023\/08\/Enfants_du_monde_website_image_banner_benevolat.png 2500w, https:\/\/edm.ch\/wp-content\/uploads\/2023\/08\/Enfants_du_monde_website_image_banner_benevolat-300x96.png 300w, https:\/\/edm.ch\/wp-content\/uploads\/2023\/08\/Enfants_du_monde_website_image_banner_benevolat-1024x328.png 1024w, https:\/\/edm.ch\/wp-content\/uploads\/2023\/08\/Enfants_du_monde_website_image_banner_benevolat-768x246.png 768w, https:\/\/edm.ch\/wp-content\/uploads\/2023\/08\/Enfants_du_monde_website_image_banner_benevolat-1536x492.png 1536w, https:\/\/edm.ch\/wp-content\/uploads\/2023\/08\/Enfants_du_monde_website_image_banner_benevolat-2048x655.png 2048w\" data-sizes=\"auto\" data-original-sizes=\"(max-width: 2500px) 100vw, 2500px\" \/>\n        <div class=\"subpageBannerWrap\">\n            <div class=\"container\">\n                <div class=\"content\">\n                    <div>\n                        <span class=\"bannerHead\"><\/span>\n                        <h1>Engagieren Sie sich ehrenamtlich<\/h1>\n                    <\/div>\n                                    <\/div>\n            <\/div>\n        <\/div>\n            <\/div>\n<\/section>\n<script type=\"text\/javascript\">\n    jQuery(document).ready(function ($) {\n        \/\/ Check if the block exists\n        var bannerSection = $('#subpage-banner-section');\n\n        if (bannerSection.length > 0) {\n            \/\/ Move the block to the end of <main> just before the footer\n            $('main').append(bannerSection); \/\/ This will append it inside the <main> tag\n        }\n\n        $('.documentAccordion').on('click', function (e) {\n            e.preventDefault();  \/\/ Prevent default link action\n\n            \/\/ Target the section with the given ID\n            $('html, body').animate({\n                scrollTop: $('#subpage-banner-section').offset().top - 200\n            }, 1000);\n        });\n    });\n<\/script>\n\n\n    \n    <section class=\"rightTextLeftImg \" style=\"display:\">\n        <div class=\"container\">\n            <div class=\"rightTextLeftImgRow\">\n                                    <div class=\"left\">\n                                                    <div class=\"imgBlock\">\n                                <a class=\"figure_block\" href=\"https:\/\/edm.ch\/wp-content\/uploads\/2023\/08\/Enfants_du_monde_website_image_apercu_benevolat.png\" data-fancybox data-caption=\"\">\n                                    <img decoding=\"async\" data-src=\"https:\/\/edm.ch\/wp-content\/uploads\/2023\/08\/Enfants_du_monde_website_image_apercu_benevolat.png\" src=\"data:image\/svg+xml;base64,PHN2ZyB3aWR0aD0iMSIgaGVpZ2h0PSIxIiB4bWxucz0iaHR0cDovL3d3dy53My5vcmcvMjAwMC9zdmciPjwvc3ZnPg==\" class=\"lazyload\" style=\"--smush-placeholder-width: 1920px; --smush-placeholder-aspect-ratio: 1920\/1920;\" data-srcset=\"https:\/\/edm.ch\/wp-content\/uploads\/2023\/08\/Enfants_du_monde_website_image_apercu_benevolat.png 1920w, https:\/\/edm.ch\/wp-content\/uploads\/2023\/08\/Enfants_du_monde_website_image_apercu_benevolat-300x300.png 300w, https:\/\/edm.ch\/wp-content\/uploads\/2023\/08\/Enfants_du_monde_website_image_apercu_benevolat-1024x1024.png 1024w, https:\/\/edm.ch\/wp-content\/uploads\/2023\/08\/Enfants_du_monde_website_image_apercu_benevolat-150x150.png 150w, https:\/\/edm.ch\/wp-content\/uploads\/2023\/08\/Enfants_du_monde_website_image_apercu_benevolat-768x768.png 768w, https:\/\/edm.ch\/wp-content\/uploads\/2023\/08\/Enfants_du_monde_website_image_apercu_benevolat-1536x1536.png 1536w\" data-sizes=\"auto\" data-original-sizes=\"(max-width: 1920px) 100vw, 1920px\" \/>\n                                                                    <\/a>\n                                <figcaption><\/figcaption>\n                            <\/div>\n                                            <\/div>\n                                                    <div class=\"right\">\n                        <div class=\"content\">\n                            <h2>                                Schenken Sie uns Ihre Zeit und F\u00e4higkeiten zur Unterst\u00fctzung unserer Mission <small><\/small>\n                            <\/h2>                                                            <p align=\"left\"><span lang=\"fr-CH\">Enfants du Monde hat das Gl\u00fcck, von einigen grossz\u00fcgigen Personen ehrenamtlich<!-- https:\/\/www.edm.ch\/de\/hilfsorganisation\/organisation\/freiwilligen --> unterst\u00fctzt zu werden. Sie \u00fcbernehmen zahlreiche T\u00e4tigkeiten, die f\u00fcr das reibungslose Funktionieren unserer Organisation wesentlich sind, und helfen so, unsere Verwaltungskosten m\u00f6glichst gering zu halten.<\/span><\/p>\n                                                                                                            <\/div>\n                    <\/div>\n                            <\/div>\n        <\/div>\n    <\/section>\n\n        <section class=\"contentSec\" style=\"display:\">\n        <div class=\"container\">\n            <div class=\"contentBlock\">\n                <h5><\/h5>\n                <p>Teilen Sie die Werte unserer Schweizer NGO und m\u00f6chten sich nicht (nur) finanziell f\u00fcr benachteiligte M\u00fctter und Kinder einsetzen? Dann leisten doch auch Sie Freiwilligenarbeit im Genfer B\u00fcro von Enfants du Monde.<\/p>\n<h2>Wie k\u00f6nnen Sie sich einbringen?<\/h2>\n<p>Je nach Ihren F\u00e4higkeiten, Interessen und Ihrer zeitlichen Verf\u00fcgbarkeit k\u00f6nnen Sie sich punktuell oder regelm\u00e4ssig einsetzen.<\/p>\n<p>Derzeit suchen wir f\u00fcr ein regelm\u00e4ssiges Engagement:<\/p>\n<ul>\n<li>Videoproduzent\/innen, um uns punktuell mit Videoschnitten und -bearbeitung zu helfen<\/li>\n<li><span lang=\"fr-CH\">Fotograf\/innen f\u00fcr unsere Veranstaltungen in Genf (z. B. beim Internationalen Tag der Kinderrechte)<\/span><\/li>\n<\/ul>\n<h4><\/h4>\n<h4><strong>F\u00fcr ein punktuelles Engagement:<\/strong><\/h4>\n<ul>\n<li>Fundraiser\/innen, um Spendensammlungen f\u00fcr unsere NGO zu organisieren<\/li>\n<\/ul>\n<p>&nbsp;<\/p>\n<h4><strong>Was erwartet Sie?<\/strong><\/h4>\n<ul>\n<li>Ein nettes und f\u00fcr Ihren wertvollen Beitrag dankbares Team<\/li>\n<li><span lang=\"fr-CH\">Eine einzigartige Gelegenheit, die Funktionsweise einer internationalen NGO mit den Schwerpunkten M\u00fctter- und S\u00e4uglingsgesundheit, Bildung und Kinderrechte kennenzulernen<\/span><\/li>\n<li><span lang=\"fr-CH\">Eine wertvolle Erfahrung: Egal, ob Sie noch studieren, Ihren Abschluss gerade hinter sich haben oder einfach nur helfen wollen \u2013 im Rahmen eines ehrenamtlichen Engagements k\u00f6nnen Sie Ihre F\u00e4higkeiten und menschlichen Qualit\u00e4ten einsetzen und dabei viel Neues entdecken<\/span><\/li>\n<li><span lang=\"fr-CH\">Flexibilit\u00e4t: Wir stellen uns auf Ihre Verf\u00fcgbarkeit ein<\/span><\/li>\n<\/ul>\n                            <\/div>\n        <\/div>\n    <\/section>\n\n\n    \n    <section class=\"rightTextLeftImg \" style=\"display:\">\n        <div class=\"container\">\n            <div class=\"rightTextLeftImgRow\">\n                                    <div class=\"left\">\n                                                    <div class=\"imgBlock\">\n                                <a class=\"figure_block\" href=\"https:\/\/edm.ch\/wp-content\/uploads\/2023\/08\/Enfants_du_monde_website_image_apercu_benevolat_2.png\" data-fancybox data-caption=\"\">\n                                    <img decoding=\"async\" data-src=\"https:\/\/edm.ch\/wp-content\/uploads\/2023\/08\/Enfants_du_monde_website_image_apercu_benevolat_2.png\" src=\"data:image\/svg+xml;base64,PHN2ZyB3aWR0aD0iMSIgaGVpZ2h0PSIxIiB4bWxucz0iaHR0cDovL3d3dy53My5vcmcvMjAwMC9zdmciPjwvc3ZnPg==\" class=\"lazyload\" style=\"--smush-placeholder-width: 1920px; --smush-placeholder-aspect-ratio: 1920\/1920;\" data-srcset=\"https:\/\/edm.ch\/wp-content\/uploads\/2023\/08\/Enfants_du_monde_website_image_apercu_benevolat_2.png 1920w, https:\/\/edm.ch\/wp-content\/uploads\/2023\/08\/Enfants_du_monde_website_image_apercu_benevolat_2-300x300.png 300w, https:\/\/edm.ch\/wp-content\/uploads\/2023\/08\/Enfants_du_monde_website_image_apercu_benevolat_2-1024x1024.png 1024w, https:\/\/edm.ch\/wp-content\/uploads\/2023\/08\/Enfants_du_monde_website_image_apercu_benevolat_2-150x150.png 150w, https:\/\/edm.ch\/wp-content\/uploads\/2023\/08\/Enfants_du_monde_website_image_apercu_benevolat_2-768x768.png 768w, https:\/\/edm.ch\/wp-content\/uploads\/2023\/08\/Enfants_du_monde_website_image_apercu_benevolat_2-1536x1536.png 1536w\" data-sizes=\"auto\" data-original-sizes=\"(max-width: 1920px) 100vw, 1920px\" \/>\n                                                                    <\/a>\n                                <figcaption><\/figcaption>\n                            <\/div>\n                                            <\/div>\n                                                    <div class=\"right\">\n                        <div class=\"content\">\n                            <h2>                                Werden Sie Teil unseres Teams <small><\/small>\n                            <\/h2>                                                            <p align=\"left\">Sie interessieren sich f\u00fcr eine der oben beschriebenen T\u00e4tigkeiten? Dann melden Sie sich \u00fcber unser Kontaktformular! Bitte w\u00e4hlen Sie im Feld \u00abThema Ihrer Anfrage\u00bb unbedingt \u00abFreiwilligenarbeit\u00bb aus und vergessen Sie nicht, Ihren Lebenslauf beizuf\u00fcgen, damit wir uns ein Bild von Ihren F\u00e4higkeiten machen k\u00f6nnen.<\/p>\n                                                                                                            <\/div>\n                    <\/div>\n                            <\/div>\n        <\/div>\n    <\/section>\n\n        <section class=\"contentSec\" style=\"display:\">\n        <div class=\"container\">\n            <div class=\"contentBlock\">\n                <h5>Wichtige Informationen<\/h5>\n                <p align=\"left\">Enfants du Monde schickt keine Freiwilligen in die Einsatzgebiete. Dort arbeiten ausschliesslich unsere qualifizierten Mitarbeitenden und unsere lokalen Partner. Die Freiwilligenarbeit findet nur im Genfer B\u00fcro von Enfants du Monde statt. Je nach Art der T\u00e4tigkeit muss sie vor Ort oder kann auch von zu Hause aus erledigt werden (z. B. \u00dcbersetzungen).<\/p>\n<p align=\"left\">\n<p align=\"left\">Aufgrund unserer beschr\u00e4nkten administrativen Ressourcen beantworten wir keine Anfragen f\u00fcr ehrenamtliche Arbeit, die uns nicht wie oben beschrieben erreichen (\u00fcber unser Kontaktformular<!-- https:\/\/www.edm.ch\/de\/kontakt --> mit Angabe von Freiwilligenarbeit im Feld Thema Ihrer Anfrage).<\/p>\n                            <\/div>\n        <\/div>\n    <\/section>","protected":false},"excerpt":{"rendered":"","protected":false},"author":3,"featured_media":0,"parent":0,"menu_order":0,"comment_status":"closed","ping_status":"closed","template":"templates\/yellow-line-1.php","meta":{"_acf_changed":false,"inline_featured_image":false,"footnotes":""},"class_list":["post-7836","page","type-page","status-publish","hentry"],"acf":[],"yoast_head":"<!-- This site is optimized with the Yoast SEO plugin v26.9 - https:\/\/yoast.com\/product\/yoast-seo-wordpress\/ -->\n<title>Freiwilligenarbeit NGO - Enfants du Monde<\/title>\n<meta name=\"description\" content=\"M\u00f6chten Sie sich ehrenamtlich in einer NGO engagieren? Schlie\u00dfen Sie sich uns an und unterst\u00fctzen Sie unsere Arbeit weltweit!\" \/>\n<meta name=\"robots\" content=\"index, follow, max-snippet:-1, max-image-preview:large, max-video-preview:-1\" \/>\n<link rel=\"canonical\" href=\"https:\/\/edm.ch\/de\/freiwilligenarbeit-ngo\/\" \/>\n<meta property=\"og:locale\" content=\"de_DE\" \/>\n<meta property=\"og:type\" content=\"article\" \/>\n<meta property=\"og:title\" content=\"Freiwilligenarbeit NGO - Enfants du Monde\" \/>\n<meta property=\"og:description\" content=\"M\u00f6chten Sie sich ehrenamtlich in einer NGO engagieren? Schlie\u00dfen Sie sich uns an und unterst\u00fctzen Sie unsere Arbeit weltweit!\" \/>\n<meta property=\"og:url\" content=\"https:\/\/edm.ch\/de\/freiwilligenarbeit-ngo\/\" \/>\n<meta property=\"og:site_name\" content=\"Enfants du monde\" \/>\n<meta property=\"article:modified_time\" content=\"2023-08-23T13:46:45+00:00\" \/>\n<meta name=\"twitter:card\" content=\"summary_large_image\" \/>\n<script type=\"application\/ld+json\" class=\"yoast-schema-graph\">{\"@context\":\"https:\/\/schema.org\",\"@graph\":[{\"@type\":\"WebPage\",\"@id\":\"https:\/\/edm.ch\/de\/freiwilligenarbeit-ngo\/\",\"url\":\"https:\/\/edm.ch\/de\/freiwilligenarbeit-ngo\/\",\"name\":\"Freiwilligenarbeit NGO - Enfants du Monde\",\"isPartOf\":{\"@id\":\"https:\/\/edm.ch\/en\/#website\"},\"datePublished\":\"2023-08-14T13:05:07+00:00\",\"dateModified\":\"2023-08-23T13:46:45+00:00\",\"description\":\"M\u00f6chten Sie sich ehrenamtlich in einer NGO engagieren? Schlie\u00dfen Sie sich uns an und unterst\u00fctzen Sie unsere Arbeit weltweit!\",\"inLanguage\":\"de-DE\",\"potentialAction\":[{\"@type\":\"ReadAction\",\"target\":[\"https:\/\/edm.ch\/de\/freiwilligenarbeit-ngo\/\"]}]},{\"@type\":\"WebSite\",\"@id\":\"https:\/\/edm.ch\/en\/#website\",\"url\":\"https:\/\/edm.ch\/en\/\",\"name\":\"Enfants du monde\",\"description\":\"Association suisse\",\"potentialAction\":[{\"@type\":\"SearchAction\",\"target\":{\"@type\":\"EntryPoint\",\"urlTemplate\":\"https:\/\/edm.ch\/en\/?s={search_term_string}\"},\"query-input\":{\"@type\":\"PropertyValueSpecification\",\"valueRequired\":true,\"valueName\":\"search_term_string\"}}],\"inLanguage\":\"de-DE\"}]}<\/script>\n<!-- \/ Yoast SEO plugin. -->","yoast_head_json":{"title":"Freiwilligenarbeit NGO - Enfants du Monde","description":"M\u00f6chten Sie sich ehrenamtlich in einer NGO engagieren? Schlie\u00dfen Sie sich uns an und unterst\u00fctzen Sie unsere Arbeit weltweit!","robots":{"index":"index","follow":"follow","max-snippet":"max-snippet:-1","max-image-preview":"max-image-preview:large","max-video-preview":"max-video-preview:-1"},"canonical":"https:\/\/edm.ch\/de\/freiwilligenarbeit-ngo\/","og_locale":"de_DE","og_type":"article","og_title":"Freiwilligenarbeit NGO - Enfants du Monde","og_description":"M\u00f6chten Sie sich ehrenamtlich in einer NGO engagieren? Schlie\u00dfen Sie sich uns an und unterst\u00fctzen Sie unsere Arbeit weltweit!","og_url":"https:\/\/edm.ch\/de\/freiwilligenarbeit-ngo\/","og_site_name":"Enfants du monde","article_modified_time":"2023-08-23T13:46:45+00:00","twitter_card":"summary_large_image","schema":{"@context":"https:\/\/schema.org","@graph":[{"@type":"WebPage","@id":"https:\/\/edm.ch\/de\/freiwilligenarbeit-ngo\/","url":"https:\/\/edm.ch\/de\/freiwilligenarbeit-ngo\/","name":"Freiwilligenarbeit NGO - Enfants du Monde","isPartOf":{"@id":"https:\/\/edm.ch\/en\/#website"},"datePublished":"2023-08-14T13:05:07+00:00","dateModified":"2023-08-23T13:46:45+00:00","description":"M\u00f6chten Sie sich ehrenamtlich in einer NGO engagieren? Schlie\u00dfen Sie sich uns an und unterst\u00fctzen Sie unsere Arbeit weltweit!","inLanguage":"de-DE","potentialAction":[{"@type":"ReadAction","target":["https:\/\/edm.ch\/de\/freiwilligenarbeit-ngo\/"]}]},{"@type":"WebSite","@id":"https:\/\/edm.ch\/en\/#website","url":"https:\/\/edm.ch\/en\/","name":"Enfants du monde","description":"Association suisse","potentialAction":[{"@type":"SearchAction","target":{"@type":"EntryPoint","urlTemplate":"https:\/\/edm.ch\/en\/?s={search_term_string}"},"query-input":{"@type":"PropertyValueSpecification","valueRequired":true,"valueName":"search_term_string"}}],"inLanguage":"de-DE"}]}},"_links":{"self":[{"href":"https:\/\/edm.ch\/de\/wp-json\/wp\/v2\/pages\/7836","targetHints":{"allow":["GET"]}}],"collection":[{"href":"https:\/\/edm.ch\/de\/wp-json\/wp\/v2\/pages"}],"about":[{"href":"https:\/\/edm.ch\/de\/wp-json\/wp\/v2\/types\/page"}],"author":[{"embeddable":true,"href":"https:\/\/edm.ch\/de\/wp-json\/wp\/v2\/users\/3"}],"replies":[{"embeddable":true,"href":"https:\/\/edm.ch\/de\/wp-json\/wp\/v2\/comments?post=7836"}],"version-history":[{"count":12,"href":"https:\/\/edm.ch\/de\/wp-json\/wp\/v2\/pages\/7836\/revisions"}],"predecessor-version":[{"id":10089,"href":"https:\/\/edm.ch\/de\/wp-json\/wp\/v2\/pages\/7836\/revisions\/10089"}],"wp:attachment":[{"href":"https:\/\/edm.ch\/de\/wp-json\/wp\/v2\/media?parent=7836"}],"curies":[{"name":"wp","href":"https:\/\/api.w.org\/{rel}","templated":true}]}}