{"id":10153,"date":"2023-08-14T12:18:52","date_gmt":"2023-08-14T12:18:52","guid":{"rendered":"https:\/\/edm.ch\/?page_id=10153"},"modified":"2024-09-25T07:50:43","modified_gmt":"2024-09-25T07:50:43","slug":"gesundheitsfoerderung","status":"publish","type":"page","link":"https:\/\/edm.ch\/de\/gesundheitsfoerderung\/","title":{"rendered":"Gesundheitsf\u00f6rderung"},"content":{"rendered":"<section class=\"subpageBanner\" style=\"display:\">\n    <div class=\"subpageBannerBlock figure_block\">\n        <img decoding=\"async\" data-src=\"https:\/\/edm.ch\/wp-content\/uploads\/2023\/08\/Enfants_du_monde_website_image_banner_promotion_sante.png\" src=\"data:image\/svg+xml;base64,PHN2ZyB3aWR0aD0iMSIgaGVpZ2h0PSIxIiB4bWxucz0iaHR0cDovL3d3dy53My5vcmcvMjAwMC9zdmciPjwvc3ZnPg==\" class=\"lazyload\" style=\"--smush-placeholder-width: 2500px; --smush-placeholder-aspect-ratio: 2500\/800;\" data-srcset=\"https:\/\/edm.ch\/wp-content\/uploads\/2023\/08\/Enfants_du_monde_website_image_banner_promotion_sante.png 2500w, https:\/\/edm.ch\/wp-content\/uploads\/2023\/08\/Enfants_du_monde_website_image_banner_promotion_sante-300x96.png 300w, https:\/\/edm.ch\/wp-content\/uploads\/2023\/08\/Enfants_du_monde_website_image_banner_promotion_sante-1024x328.png 1024w, https:\/\/edm.ch\/wp-content\/uploads\/2023\/08\/Enfants_du_monde_website_image_banner_promotion_sante-768x246.png 768w, https:\/\/edm.ch\/wp-content\/uploads\/2023\/08\/Enfants_du_monde_website_image_banner_promotion_sante-1536x492.png 1536w, https:\/\/edm.ch\/wp-content\/uploads\/2023\/08\/Enfants_du_monde_website_image_banner_promotion_sante-2048x655.png 2048w\" data-sizes=\"auto\" data-original-sizes=\"(max-width: 2500px) 100vw, 2500px\" \/>\n        <div class=\"subpageBannerWrap\">\n            <div class=\"container\">\n                <div class=\"content\">\n                    <div>\n                        <span class=\"bannerHead\">Kolumbien<\/span>\n                        <h1>Gesundheitsf\u00f6rderung<\/h1>\n                    <\/div>\n                                    <\/div>\n            <\/div>\n        <\/div>\n            <\/div>\n<\/section>\n<script type=\"text\/javascript\">\n    jQuery(document).ready(function ($) {\n        \/\/ Check if the block exists\n        var bannerSection = $('#subpage-banner-section');\n\n        if (bannerSection.length > 0) {\n            \/\/ Move the block to the end of <main> just before the footer\n            $('main').append(bannerSection); \/\/ This will append it inside the <main> tag\n        }\n\n        $('.documentAccordion').on('click', function (e) {\n            e.preventDefault();  \/\/ Prevent default link action\n\n            \/\/ Target the section with the given ID\n            $('html, body').animate({\n                scrollTop: $('#subpage-banner-section').offset().top - 200\n            }, 1000);\n        });\n    });\n<\/script>\n\n        <section class=\"contentSec\" style=\"display:\">\n        <div class=\"container\">\n            <div class=\"contentBlock\">\n                <h5><\/h5>\n                <p>Die Gesundheitsf\u00f6rderung ist f\u00fcr viele L\u00e4nder in Lateinamerika ein Bereich von gro\u00dfem Interesse. Das Hauptziel besteht darin, die Gesundheit und das Wohlbefinden der Bev\u00f6lkerung zu verbessern, indem auf die Faktoren und Bedingungen, die die Gesundheit beeinflussen, Einfluss genommen wird und gesunde Lebensweisen gef\u00f6rdert werden.<\/p>\n                            <\/div>\n        <\/div>\n    <\/section>\n\n\n    \n    <section class=\"rightTextLeftImg \" style=\"display:\">\n        <div class=\"container\">\n            <div class=\"rightTextLeftImgRow\">\n                                    <div class=\"left\">\n                                                    <div class=\"imgBlock\">\n                                <a class=\"figure_block\" href=\"https:\/\/edm.ch\/wp-content\/uploads\/2023\/08\/6440_.png\" data-fancybox data-caption=\"\">\n                                    <img decoding=\"async\" data-src=\"https:\/\/edm.ch\/wp-content\/uploads\/2023\/08\/6440_.png\" src=\"data:image\/svg+xml;base64,PHN2ZyB3aWR0aD0iMSIgaGVpZ2h0PSIxIiB4bWxucz0iaHR0cDovL3d3dy53My5vcmcvMjAwMC9zdmciPjwvc3ZnPg==\" class=\"lazyload\" style=\"--smush-placeholder-width: 2500px; --smush-placeholder-aspect-ratio: 2500\/800;\" data-srcset=\"https:\/\/edm.ch\/wp-content\/uploads\/2023\/08\/6440_.png 2500w, https:\/\/edm.ch\/wp-content\/uploads\/2023\/08\/6440_-300x96.png 300w, https:\/\/edm.ch\/wp-content\/uploads\/2023\/08\/6440_-1024x328.png 1024w, https:\/\/edm.ch\/wp-content\/uploads\/2023\/08\/6440_-768x246.png 768w, https:\/\/edm.ch\/wp-content\/uploads\/2023\/08\/6440_-1536x492.png 1536w, https:\/\/edm.ch\/wp-content\/uploads\/2023\/08\/6440_-2048x655.png 2048w\" data-sizes=\"auto\" data-original-sizes=\"(max-width: 2500px) 100vw, 2500px\" \/>\n                                                                    <\/a>\n                                <figcaption><\/figcaption>\n                            <\/div>\n                                            <\/div>\n                                                    <div class=\"right\">\n                        <div class=\"content\">\n                            <h3>                                Senkung der M\u00fctter- und Neugeborenensterblichkeit <small><\/small>\n                            <\/h3>                                                            <p>In <strong>Kolumbien<\/strong> haben wir in Zusammenarbeit mit dem Lateinamerikanischen Zentrum f\u00fcr Perinatologie der Panamerikanischen Gesundheitsorganisation, der WHO und der Universit\u00e4t von Antioquia in Kolumbien <strong>eine Diplomausbildung f\u00fcr F\u00fchrungskr\u00e4fte der Gesundheitsministerien in Lateinamerika gestartet<\/strong>.<\/p>\n<p>Das Ziel: die Teilnehmer*innen im gemeinschaftlichen Ansatz der Gesundheitsf\u00f6rderung auszubilden, damit sie <strong>Projekte zur Reduzierung der M\u00fctter- und Neugeborenensterblichkeit in ihren jeweiligen L\u00e4ndern entwickeln k\u00f6nnen<\/strong>.<\/p>\n                                                                                                            <\/div>\n                    <\/div>\n                            <\/div>\n        <\/div>\n    <\/section>\n\n        <section class=\"contentSec\" style=\"display:\">\n        <div class=\"container\">\n            <div class=\"contentBlock\">\n                <h5>Was uns unterscheidet <\/h5>\n                <ul>\n<li>Die Ausbildung orientiert sich an nationalen und regionalen Politiken f\u00fcr die Gesundheit von M\u00fcttern und Neugeborenen sowie an Bereichen wie <strong>die Beteiligung der Gemeinschaft, die Finanzmittelbeschaffung, das operative Denken, der Bedarf an Unterst\u00fctzung von Experten und Expertinnen, die St\u00e4rkung der Qualit\u00e4t und Unterst\u00fctzung des Monitorings<\/strong>.<\/li>\n<li>Bei den Teilnehmern handelt es sich um F\u00fchrungskr\u00e4fte aus den Gesundheitsministerien, um eine St\u00e4rkung der lokalen Kapazit\u00e4ten zu erm\u00f6glichen.<\/li>\n<li>Im Jahr 2022 nahmen 41 Personen an dieser Ausbildung teil: 10 F\u00fchrungskr\u00e4fte aus Peru, 9 aus Guatemala und 22 aus Kolumbien.<\/li>\n<\/ul>\n                            <\/div>\n        <\/div>\n    <\/section>\n\n\n    <section class=\" imageSec\" style=\"display:\">\n      <div class=\"container\">\n        <figure>\n          <img decoding=\"async\" data-src=\"https:\/\/edm.ch\/wp-content\/uploads\/2023\/08\/Enfants_du_monde_website_image_participants_diplomado.jpg\" src=\"data:image\/svg+xml;base64,PHN2ZyB3aWR0aD0iMSIgaGVpZ2h0PSIxIiB4bWxucz0iaHR0cDovL3d3dy53My5vcmcvMjAwMC9zdmciPjwvc3ZnPg==\" class=\"lazyload\" style=\"--smush-placeholder-width: 1600px; --smush-placeholder-aspect-ratio: 1600\/698;\" data-srcset=\"https:\/\/edm.ch\/wp-content\/uploads\/2023\/08\/Enfants_du_monde_website_image_participants_diplomado.jpg 1600w, https:\/\/edm.ch\/wp-content\/uploads\/2023\/08\/Enfants_du_monde_website_image_participants_diplomado-300x131.jpg 300w, https:\/\/edm.ch\/wp-content\/uploads\/2023\/08\/Enfants_du_monde_website_image_participants_diplomado-1024x447.jpg 1024w, https:\/\/edm.ch\/wp-content\/uploads\/2023\/08\/Enfants_du_monde_website_image_participants_diplomado-768x335.jpg 768w, https:\/\/edm.ch\/wp-content\/uploads\/2023\/08\/Enfants_du_monde_website_image_participants_diplomado-1536x670.jpg 1536w\" data-sizes=\"auto\" data-original-sizes=\"(max-width: 1600px) 100vw, 1600px\">\n        <\/figure>\n      <\/div>\n    <\/section>\n\n        <section class=\"contentSec\" style=\"display:\">\n        <div class=\"container\">\n            <div class=\"contentBlock\">\n                <h5>Ein einsatzbereites Team<\/h5>\n                <p>Am Ende der Ausbildung sind die Teilnehmer*innen in der Lage, die in ihrem Land zu ergreifenden Ma\u00dfnahmen zur Sicherstellung der Umsetzung von Gesundheitsf\u00f6rderungsprojekten zu definieren und die erforderliche technische Unterst\u00fctzung zu identifizieren. Sie werden Strategien zur Institutionalisierung dieser Projekte in ihrem Gesundheitssystem identifiziert haben, um einen Teil der Finanzierung und ihre Integration in \u00f6ffentliche Gesundheitspolitiken und -pl\u00e4ne zu gew\u00e4hrleisten.<\/p>\n<p>Auch eine Alumni-Dynamik wird gef\u00f6rdert, damit Synergien zwischen Absolventen \u00fcber das Programm hinaus bestehen bleiben. Ziel ist es, in der Region ein Team von Ansprechpersonen aufzubauen, das Ma\u00dfnahmen zur Gesundheitsf\u00f6rderung unterst\u00fctzen kann.<\/p>\n<p>W\u00e4hrend dieser Ausbildung lernen Gesundheitsprogrammmanager:<\/p>\n<ul>\n<li>Die Verbesserung des Zugangs und der Qualit\u00e4t der Gesundheitsversorgung f\u00fcr M\u00fctter und Kinder in ihrem Land<\/li>\n<li>Die Meinungen der lokalen Bev\u00f6lkerung besser zu ber\u00fccksichtigen, sie bei der Beurteilung gesundheitlicher Probleme zu unterst\u00fctzen und in der Suche nach L\u00f6sungen einzubeziehen<\/li>\n<li>Ein an die Bed\u00fcrfnisse der Bev\u00f6lkerung angepasstes Gesundheitsprogramm, unter Einbeziehung der Bev\u00f6lkerung, zu erstellen<\/li>\n<li>Das Programm zur Reduzierung der M\u00fctter- und Kindersterblichkeit in ihrem Land zu analysieren und es mit internationalen Programmen und regionalen Strategien in diesem Bereich zu verbinden<\/li>\n<\/ul>\n                            <\/div>\n        <\/div>\n    <\/section>\n\n        <section class=\"contentSec\" style=\"display:\">\n        <div class=\"container\">\n            <div class=\"contentBlock\">\n                <h5>En collaboration avec :<\/h5>\n                <ul>\n<li><a href=\"https:\/\/www.paho.org\/\" target=\"_blank\" rel=\"noopener\">Lateinamerikanisches Zentrum f\u00fcr Perinatologie der Panamerikanischen Gesundheitsorganisation <\/a><\/li>\n<li><a href=\"https:\/\/www.who.int\/\" target=\"_blank\" rel=\"noopener\">World Health Organization<\/a><\/li>\n<li><a href=\"https:\/\/www.udea.edu.co\/\" target=\"_blank\" rel=\"noopener\">Universit\u00e4t von Antioquia in Kolumbien <\/a><\/li>\n<\/ul>\n                            <\/div>\n        <\/div>\n    <\/section>\n\n\n    <section class=\"donation_count\" style=\"display:\">\n        <div class=\"inner_row\">\n            <div class=\"right_img_block\">\n                <div class=\"img_block figure_block\">\n                    <img decoding=\"async\" data-src=\"https:\/\/edm.ch\/wp-content\/uploads\/2023\/08\/Guatemala_Education_6357_1920_1920.png\" alt=\"\" src=\"data:image\/svg+xml;base64,PHN2ZyB3aWR0aD0iMSIgaGVpZ2h0PSIxIiB4bWxucz0iaHR0cDovL3d3dy53My5vcmcvMjAwMC9zdmciPjwvc3ZnPg==\" class=\"lazyload\" style=\"--smush-placeholder-width: 1920px; --smush-placeholder-aspect-ratio: 1920\/1920;\" data-srcset=\"https:\/\/edm.ch\/wp-content\/uploads\/2023\/08\/Guatemala_Education_6357_1920_1920.png 1920w, https:\/\/edm.ch\/wp-content\/uploads\/2023\/08\/Guatemala_Education_6357_1920_1920-300x300.png 300w, https:\/\/edm.ch\/wp-content\/uploads\/2023\/08\/Guatemala_Education_6357_1920_1920-1024x1024.png 1024w, https:\/\/edm.ch\/wp-content\/uploads\/2023\/08\/Guatemala_Education_6357_1920_1920-150x150.png 150w, https:\/\/edm.ch\/wp-content\/uploads\/2023\/08\/Guatemala_Education_6357_1920_1920-768x768.png 768w, https:\/\/edm.ch\/wp-content\/uploads\/2023\/08\/Guatemala_Education_6357_1920_1920-1536x1536.png 1536w\" data-sizes=\"auto\" data-original-sizes=\"(max-width: 1920px) 100vw, 1920px\">\n                                            <div class=\"picture-caption\">\n                            <div class=\"caption-content\"><span>Enfants \u00e0 l&#8217;\u00e9cole au Guatemala<\/span><\/div>\n                        <\/div>\n                                    <\/div>\n            <\/div>\n            <div class=\"left_txt_block\">\n                <div class=\"txt_contents\">\n                    <h3>Meine Spende wirkt<\/h3>\n                    <div class=\"block_txts\">\n                                                    <div class=\"item\">\n                                <span class=\"title\">Zum Beispiel:<\/span>\n                                <p><\/p>\n                            <\/div>\n                                                    <div class=\"item\">\n                                <span class=\"title\">Mit 75 Franken: <\/span>\n                                <p>Finanziere ich die Ausbildung zur Vorbereitung auf die Geburt f\u00fcr Gesundheitspersonal in Burkina Faso.<\/p>\n                            <\/div>\n                                                    <div class=\"item\">\n                                <span class=\"title\">Mit 100 Franken: <\/span>\n                                <p>Erm\u00f6gliche ich 500 schwangeren Frauen in Bangladesch, sich ihrer Schwangerschaft und der Gefahren von Neugeborenen bewusst zu sein.<\/p>\n                            <\/div>\n                                                    <div class=\"item\">\n                                <span class=\"title\"> Mit 150 Franken:<\/span>\n                                <p>Spende ich die Weiterbildung von 2 Krankenschwestern in Nepal, damit sie eine respektvolle Pflege von schwangeren Frauen und ihren Neugeborenen leisten k\u00f6nnen.<\/p>\n                            <\/div>\n                                                                            <a href=\"https:\/\/don.edm.ch\/de\" class=\"btnWhite buttonDonation\">\n                                ICH SPENDE                            <\/a>\n                                            <\/div>\n                <\/div>\n            <\/div>\n        <\/div>\n    <\/section>","protected":false},"excerpt":{"rendered":"","protected":false},"author":3,"featured_media":0,"parent":0,"menu_order":0,"comment_status":"closed","ping_status":"closed","template":"templates\/yellow-line-1.php","meta":{"_acf_changed":false,"inline_featured_image":false,"footnotes":""},"class_list":["post-10153","page","type-page","status-publish","hentry"],"acf":[],"yoast_head":"<!-- This site is optimized with the Yoast SEO plugin v26.9 - https:\/\/yoast.com\/product\/yoast-seo-wordpress\/ -->\n<title>Gesundheit - Gesundheitsf\u00f6rderung - Enfants du Monde<\/title>\n<meta name=\"description\" content=\"Um die Gesundheit in Kolumbien zu verbessern, haben wir Schulungen f\u00fcr Fachkr\u00e4fte entwickelt, um die Gesundheit in ihrem Land zu verbessern.\" \/>\n<meta name=\"robots\" content=\"index, follow, max-snippet:-1, max-image-preview:large, max-video-preview:-1\" \/>\n<link rel=\"canonical\" href=\"https:\/\/edm.ch\/de\/gesundheitsfoerderung\/\" \/>\n<meta property=\"og:locale\" content=\"de_DE\" \/>\n<meta property=\"og:type\" content=\"article\" \/>\n<meta property=\"og:title\" content=\"Gesundheit - Gesundheitsf\u00f6rderung - Enfants du Monde\" \/>\n<meta property=\"og:description\" content=\"Um die Gesundheit in Kolumbien zu verbessern, haben wir Schulungen f\u00fcr Fachkr\u00e4fte entwickelt, um die Gesundheit in ihrem Land zu verbessern.\" \/>\n<meta property=\"og:url\" content=\"https:\/\/edm.ch\/de\/gesundheitsfoerderung\/\" \/>\n<meta property=\"og:site_name\" content=\"Enfants du monde\" \/>\n<meta property=\"article:modified_time\" content=\"2024-09-25T07:50:43+00:00\" \/>\n<meta name=\"twitter:card\" content=\"summary_large_image\" \/>\n<script type=\"application\/ld+json\" class=\"yoast-schema-graph\">{\"@context\":\"https:\/\/schema.org\",\"@graph\":[{\"@type\":\"WebPage\",\"@id\":\"https:\/\/edm.ch\/de\/gesundheitsfoerderung\/\",\"url\":\"https:\/\/edm.ch\/de\/gesundheitsfoerderung\/\",\"name\":\"Gesundheit - Gesundheitsf\u00f6rderung - Enfants du Monde\",\"isPartOf\":{\"@id\":\"https:\/\/edm.ch\/en\/#website\"},\"datePublished\":\"2023-08-14T12:18:52+00:00\",\"dateModified\":\"2024-09-25T07:50:43+00:00\",\"description\":\"Um die Gesundheit in Kolumbien zu verbessern, haben wir Schulungen f\u00fcr Fachkr\u00e4fte entwickelt, um die Gesundheit in ihrem Land zu verbessern.\",\"inLanguage\":\"de-DE\",\"potentialAction\":[{\"@type\":\"ReadAction\",\"target\":[\"https:\/\/edm.ch\/de\/gesundheitsfoerderung\/\"]}]},{\"@type\":\"WebSite\",\"@id\":\"https:\/\/edm.ch\/en\/#website\",\"url\":\"https:\/\/edm.ch\/en\/\",\"name\":\"Enfants du monde\",\"description\":\"Association suisse\",\"potentialAction\":[{\"@type\":\"SearchAction\",\"target\":{\"@type\":\"EntryPoint\",\"urlTemplate\":\"https:\/\/edm.ch\/en\/?s={search_term_string}\"},\"query-input\":{\"@type\":\"PropertyValueSpecification\",\"valueRequired\":true,\"valueName\":\"search_term_string\"}}],\"inLanguage\":\"de-DE\"}]}<\/script>\n<!-- \/ Yoast SEO plugin. -->","yoast_head_json":{"title":"Gesundheit - Gesundheitsf\u00f6rderung - Enfants du Monde","description":"Um die Gesundheit in Kolumbien zu verbessern, haben wir Schulungen f\u00fcr Fachkr\u00e4fte entwickelt, um die Gesundheit in ihrem Land zu verbessern.","robots":{"index":"index","follow":"follow","max-snippet":"max-snippet:-1","max-image-preview":"max-image-preview:large","max-video-preview":"max-video-preview:-1"},"canonical":"https:\/\/edm.ch\/de\/gesundheitsfoerderung\/","og_locale":"de_DE","og_type":"article","og_title":"Gesundheit - Gesundheitsf\u00f6rderung - Enfants du Monde","og_description":"Um die Gesundheit in Kolumbien zu verbessern, haben wir Schulungen f\u00fcr Fachkr\u00e4fte entwickelt, um die Gesundheit in ihrem Land zu verbessern.","og_url":"https:\/\/edm.ch\/de\/gesundheitsfoerderung\/","og_site_name":"Enfants du monde","article_modified_time":"2024-09-25T07:50:43+00:00","twitter_card":"summary_large_image","schema":{"@context":"https:\/\/schema.org","@graph":[{"@type":"WebPage","@id":"https:\/\/edm.ch\/de\/gesundheitsfoerderung\/","url":"https:\/\/edm.ch\/de\/gesundheitsfoerderung\/","name":"Gesundheit - Gesundheitsf\u00f6rderung - Enfants du Monde","isPartOf":{"@id":"https:\/\/edm.ch\/en\/#website"},"datePublished":"2023-08-14T12:18:52+00:00","dateModified":"2024-09-25T07:50:43+00:00","description":"Um die Gesundheit in Kolumbien zu verbessern, haben wir Schulungen f\u00fcr Fachkr\u00e4fte entwickelt, um die Gesundheit in ihrem Land zu verbessern.","inLanguage":"de-DE","potentialAction":[{"@type":"ReadAction","target":["https:\/\/edm.ch\/de\/gesundheitsfoerderung\/"]}]},{"@type":"WebSite","@id":"https:\/\/edm.ch\/en\/#website","url":"https:\/\/edm.ch\/en\/","name":"Enfants du monde","description":"Association suisse","potentialAction":[{"@type":"SearchAction","target":{"@type":"EntryPoint","urlTemplate":"https:\/\/edm.ch\/en\/?s={search_term_string}"},"query-input":{"@type":"PropertyValueSpecification","valueRequired":true,"valueName":"search_term_string"}}],"inLanguage":"de-DE"}]}},"_links":{"self":[{"href":"https:\/\/edm.ch\/de\/wp-json\/wp\/v2\/pages\/10153","targetHints":{"allow":["GET"]}}],"collection":[{"href":"https:\/\/edm.ch\/de\/wp-json\/wp\/v2\/pages"}],"about":[{"href":"https:\/\/edm.ch\/de\/wp-json\/wp\/v2\/types\/page"}],"author":[{"embeddable":true,"href":"https:\/\/edm.ch\/de\/wp-json\/wp\/v2\/users\/3"}],"replies":[{"embeddable":true,"href":"https:\/\/edm.ch\/de\/wp-json\/wp\/v2\/comments?post=10153"}],"version-history":[{"count":11,"href":"https:\/\/edm.ch\/de\/wp-json\/wp\/v2\/pages\/10153\/revisions"}],"predecessor-version":[{"id":32567,"href":"https:\/\/edm.ch\/de\/wp-json\/wp\/v2\/pages\/10153\/revisions\/32567"}],"wp:attachment":[{"href":"https:\/\/edm.ch\/de\/wp-json\/wp\/v2\/media?parent=10153"}],"curies":[{"name":"wp","href":"https:\/\/api.w.org\/{rel}","templated":true}]}}