{"id":5114,"date":"2023-08-11T07:38:36","date_gmt":"2023-08-11T07:38:36","guid":{"rendered":"https:\/\/edm.ch\/?post_type=country&#038;p=5114"},"modified":"2025-09-04T09:47:59","modified_gmt":"2025-09-04T09:47:59","slug":"niger","status":"publish","type":"country","link":"https:\/\/edm.ch\/de\/niger\/","title":{"rendered":"Niger"},"content":{"rendered":"<section class=\"subpageBanner\" style=\"display:\">\n    <div class=\"subpageBannerBlock figure_block\">\n        <img decoding=\"async\" data-src=\"https:\/\/edm.ch\/wp-content\/uploads\/2023\/08\/enfants_du_monde_website_image_young_children-1.png\" src=\"data:image\/svg+xml;base64,PHN2ZyB3aWR0aD0iMSIgaGVpZ2h0PSIxIiB4bWxucz0iaHR0cDovL3d3dy53My5vcmcvMjAwMC9zdmciPjwvc3ZnPg==\" class=\"lazyload\" style=\"--smush-placeholder-width: 2500px; --smush-placeholder-aspect-ratio: 2500\/800;\" data-srcset=\"https:\/\/edm.ch\/wp-content\/uploads\/2023\/08\/enfants_du_monde_website_image_young_children-1.png 2500w, https:\/\/edm.ch\/wp-content\/uploads\/2023\/08\/enfants_du_monde_website_image_young_children-1-300x96.png 300w, https:\/\/edm.ch\/wp-content\/uploads\/2023\/08\/enfants_du_monde_website_image_young_children-1-1024x328.png 1024w, https:\/\/edm.ch\/wp-content\/uploads\/2023\/08\/enfants_du_monde_website_image_young_children-1-768x246.png 768w, https:\/\/edm.ch\/wp-content\/uploads\/2023\/08\/enfants_du_monde_website_image_young_children-1-1536x492.png 1536w, https:\/\/edm.ch\/wp-content\/uploads\/2023\/08\/enfants_du_monde_website_image_young_children-1-2048x655.png 2048w\" data-sizes=\"auto\" data-original-sizes=\"(max-width: 2500px) 100vw, 2500px\" \/>\n        <div class=\"subpageBannerWrap\">\n            <div class=\"container\">\n                <div class=\"content\">\n                    <div>\n                        <span class=\"bannerHead\"><\/span>\n                        <h1>Niger<\/h1>\n                    <\/div>\n                                    <\/div>\n            <\/div>\n        <\/div>\n            <\/div>\n<\/section>\n<script type=\"text\/javascript\">\n    jQuery(document).ready(function ($) {\n        \/\/ Check if the block exists\n        var bannerSection = $('#subpage-banner-section');\n\n        if (bannerSection.length > 0) {\n            \/\/ Move the block to the end of <main> just before the footer\n            $('main').append(bannerSection); \/\/ This will append it inside the <main> tag\n        }\n\n        $('.documentAccordion').on('click', function (e) {\n            e.preventDefault();  \/\/ Prevent default link action\n\n            \/\/ Target the section with the given ID\n            $('html, body').animate({\n                scrollTop: $('#subpage-banner-section').offset().top - 200\n            }, 1000);\n        });\n    });\n<\/script>\n\n\n        <section class=\" countSec\" style=\"display:\">\n        <div class=\"container\">\n            <div class=\"countHolder\">\n                <h2>Im Jahr 2024<\/h2>\n                <div class=\"countBlock\">\n                    <div class=\"countRow\">\n\n                        \n                            <div class=\"countCol\">\n                                <div class=\"countColInner\">\n                                    <div class=\"imgBlock\">\n                                    <img decoding=\"async\" data-src=\"https:\/\/edm.ch\/wp-content\/uploads\/2023\/08\/Picto-eleve.png\" src=\"data:image\/svg+xml;base64,PHN2ZyB3aWR0aD0iMSIgaGVpZ2h0PSIxIiB4bWxucz0iaHR0cDovL3d3dy53My5vcmcvMjAwMC9zdmciPjwvc3ZnPg==\" class=\"lazyload\" style=\"--smush-placeholder-width: 160px; --smush-placeholder-aspect-ratio: 160\/160;\" data-srcset=\"https:\/\/edm.ch\/wp-content\/uploads\/2023\/08\/Picto-eleve.png 160w, https:\/\/edm.ch\/wp-content\/uploads\/2023\/08\/Picto-eleve-150x150.png 150w\" data-sizes=\"auto\" data-original-sizes=\"(max-width: 160px) 100vw, 160px\" \/>\n                                    <\/div>\n                                    <div class=\"content\">\n                                    <h2>profitierten 8.000<\/h2>\n                                    <p>Sch\u00fcler*innen von einer qualitativ hochwertigen Bildung<\/p>\n                                    <\/div>\n                                <\/div>\n                            <\/div>\n\n                        \n                            <div class=\"countCol\">\n                                <div class=\"countColInner\">\n                                    <div class=\"imgBlock\">\n                                    <img decoding=\"async\" data-src=\"https:\/\/edm.ch\/wp-content\/uploads\/2023\/08\/Picto-enseignant-2.png\" src=\"data:image\/svg+xml;base64,PHN2ZyB3aWR0aD0iMSIgaGVpZ2h0PSIxIiB4bWxucz0iaHR0cDovL3d3dy53My5vcmcvMjAwMC9zdmciPjwvc3ZnPg==\" class=\"lazyload\" style=\"--smush-placeholder-width: 160px; --smush-placeholder-aspect-ratio: 160\/160;\" data-srcset=\"https:\/\/edm.ch\/wp-content\/uploads\/2023\/08\/Picto-enseignant-2.png 160w, https:\/\/edm.ch\/wp-content\/uploads\/2023\/08\/Picto-enseignant-2-150x150.png 150w\" data-sizes=\"auto\" data-original-sizes=\"(max-width: 160px) 100vw, 160px\" \/>\n                                    <\/div>\n                                    <div class=\"content\">\n                                    <h2>profitierten 361<\/h2>\n                                    <p> Lehrer*innen von einer Weiterbildung<\/p>\n                                    <\/div>\n                                <\/div>\n                            <\/div>\n\n                        \n                            <div class=\"countCol\">\n                                <div class=\"countColInner\">\n                                    <div class=\"imgBlock\">\n                                    <img decoding=\"async\" data-src=\"https:\/\/edm.ch\/wp-content\/uploads\/2023\/07\/icon-1.svg\" src=\"data:image\/svg+xml;base64,PHN2ZyB3aWR0aD0iMSIgaGVpZ2h0PSIxIiB4bWxucz0iaHR0cDovL3d3dy53My5vcmcvMjAwMC9zdmciPjwvc3ZnPg==\" class=\"lazyload\" \/>\n                                    <\/div>\n                                    <div class=\"content\">\n                                    <h2>wurden 315<\/h2>\n                                    <p>Ausbilder*innen in unserem Bildungsansatz geschult<\/p>\n                                    <\/div>\n                                <\/div>\n                            <\/div>\n\n                        \n                    <\/div>\n                <\/div>\n                <div class=\"countBlockText\"><p><\/p><\/div>\n            <\/div>\n        <\/div>\n    <\/section>\n\n\n    \n    <section class=\"leftTextRightImg \" style=\"display:\">\n        <div class=\"container\">\n            <div class=\"leftTextRightImgRow\">\n                                    <div class=\"right\">\n                                                    <div class=\"imgBlock\">\n                                <a class=\"figure_block\" href=\"https:\/\/edm.ch\/wp-content\/uploads\/2023\/08\/Carte-Niger-DE.png\" data-fancybox data-caption=\"\u00a9 Enfants du monde\">\n                                    <img decoding=\"async\" data-src=\"https:\/\/edm.ch\/wp-content\/uploads\/2023\/08\/Carte-Niger-DE.png\" src=\"data:image\/svg+xml;base64,PHN2ZyB3aWR0aD0iMSIgaGVpZ2h0PSIxIiB4bWxucz0iaHR0cDovL3d3dy53My5vcmcvMjAwMC9zdmciPjwvc3ZnPg==\" class=\"lazyload\" style=\"--smush-placeholder-width: 1920px; --smush-placeholder-aspect-ratio: 1920\/1920;\" data-srcset=\"https:\/\/edm.ch\/wp-content\/uploads\/2023\/08\/Carte-Niger-DE.png 1920w, https:\/\/edm.ch\/wp-content\/uploads\/2023\/08\/Carte-Niger-DE-300x300.png 300w, https:\/\/edm.ch\/wp-content\/uploads\/2023\/08\/Carte-Niger-DE-1024x1024.png 1024w, https:\/\/edm.ch\/wp-content\/uploads\/2023\/08\/Carte-Niger-DE-150x150.png 150w, https:\/\/edm.ch\/wp-content\/uploads\/2023\/08\/Carte-Niger-DE-768x768.png 768w, https:\/\/edm.ch\/wp-content\/uploads\/2023\/08\/Carte-Niger-DE-1536x1536.png 1536w\" data-sizes=\"auto\" data-original-sizes=\"(max-width: 1920px) 100vw, 1920px\" \/>\n                                                                    <\/a>\n                                <figcaption>\u00a9 Enfants du monde<\/figcaption>\n                            <\/div>\n                                            <\/div>\n                                                    <div class=\"left\">\n                        <div class=\"content\">\n                            <h2>                                Die Herausforderungen des Landes <small><\/small>\n                            <\/h2>                                                            <p align=\"left\">In Niger gehen <strong>vier von zehn M\u00e4dchen und drei von zehn Jungen nicht zur Schule<\/strong>. Die Kinder bewegen sich in einem oft gef\u00e4hrlichen Umfeld, das ihnen keine normale Schulbildung erm\u00f6glicht. <a href=\"https:\/\/www.unicef.org\/niger\/children-niger\">76% der M\u00e4dchen werden vor ihrem 18. Lebensjahr verheiratet, 36% der weiblichen Jugendlichen werden zwischen 15 und 19 Jahren schwanger und nur 29,9% der M\u00e4dchen k\u00f6nnen lesen und schreiben, w\u00e4hrend es bei den Jungen 50,2% sind.<\/a><!-- https:\/\/www.unicef.org\/niger\/children-niger --><\/p>\n<p align=\"left\">Enfants du Monde arbeitet aktiv im Niger, um den Kindern,<strong> die nicht zur Schule gehen oder die Schule zu fr\u00fch verlassen haben, eine zweite Chance zu geben<\/strong>. Ziel ist es, die Qualit\u00e4t und den Zugang zur Bildung zu verbessern.<\/p>\n                                                                                                            <\/div>\n                    <\/div>\n                            <\/div>\n        <\/div>\n    <\/section>\n\n\n    \n    <section class=\"leftTextRightImg \" style=\"display:\">\n        <div class=\"container\">\n            <div class=\"leftTextRightImgRow\">\n                                    <div class=\"right\">\n                                                    <div class=\"imgBlock\">\n                                <a class=\"figure_block\" href=\"https:\/\/edm.ch\/wp-content\/uploads\/2023\/08\/Enfants_du_monde_image_website-1.png\" data-fancybox data-caption=\"\u00a9 Enfants du monde\">\n                                    <img decoding=\"async\" data-src=\"https:\/\/edm.ch\/wp-content\/uploads\/2023\/08\/Enfants_du_monde_image_website-1.png\" src=\"data:image\/svg+xml;base64,PHN2ZyB3aWR0aD0iMSIgaGVpZ2h0PSIxIiB4bWxucz0iaHR0cDovL3d3dy53My5vcmcvMjAwMC9zdmciPjwvc3ZnPg==\" class=\"lazyload\" style=\"--smush-placeholder-width: 1920px; --smush-placeholder-aspect-ratio: 1920\/1920;\" data-srcset=\"https:\/\/edm.ch\/wp-content\/uploads\/2023\/08\/Enfants_du_monde_image_website-1.png 1920w, https:\/\/edm.ch\/wp-content\/uploads\/2023\/08\/Enfants_du_monde_image_website-1-300x300.png 300w, https:\/\/edm.ch\/wp-content\/uploads\/2023\/08\/Enfants_du_monde_image_website-1-1024x1024.png 1024w, https:\/\/edm.ch\/wp-content\/uploads\/2023\/08\/Enfants_du_monde_image_website-1-150x150.png 150w, https:\/\/edm.ch\/wp-content\/uploads\/2023\/08\/Enfants_du_monde_image_website-1-768x768.png 768w, https:\/\/edm.ch\/wp-content\/uploads\/2023\/08\/Enfants_du_monde_image_website-1-1536x1536.png 1536w\" data-sizes=\"auto\" data-original-sizes=\"(max-width: 1920px) 100vw, 1920px\" \/>\n                                                                    <\/a>\n                                <figcaption>\u00a9 Enfants du monde<\/figcaption>\n                            <\/div>\n                                            <\/div>\n                                                    <div class=\"left\">\n                        <div class=\"content\">\n                            <h2>                                Unsere Wirkung <small><\/small>\n                            <\/h2>                                                            <ul>\n<li>\n<p align=\"left\">haben <strong>914 Kinder und Jugendliche<\/strong> Zugang zu einer qualitativ hochwertigen Grundbildung erhalten.<\/p>\n<\/li>\n<li>\n<p align=\"left\"><strong>15&#8217;000 Schulabbrecher\/innen oder nicht eingeschulte Kinder<\/strong> zwischen 9 und 14 Jahren erhalten einen an ihre Bed\u00fcrfnisse angepassten Unterricht dank des Mandats, das wir f\u00fcr die schweizerische Zusammenarbeit wahrnehmen.<\/p>\n<\/li>\n<\/ul>\n                                                                                                            <\/div>\n                    <\/div>\n                            <\/div>\n        <\/div>\n    <\/section>\n\n\n    \n    <section class=\"quoteImage rightTextLeftImg \" style=\"display:\">\n        <div class=\"container\">\n            <div class=\"rightTextLeftImgRow\">\n                                    <div class=\"left\">\n                                                    <div class=\"imgBlock\">\n                                <a class=\"figure_block\" href=\"https:\/\/edm.ch\/wp-content\/uploads\/2023\/08\/RS6645_IMG_1963_ILL-scaled.jpg\" data-fancybox data-caption=\"\u00a9 Enfants du monde\">\n                                    <img decoding=\"async\" data-src=\"https:\/\/edm.ch\/wp-content\/uploads\/2023\/08\/RS6645_IMG_1963_ILL-scaled.jpg\" src=\"data:image\/svg+xml;base64,PHN2ZyB3aWR0aD0iMSIgaGVpZ2h0PSIxIiB4bWxucz0iaHR0cDovL3d3dy53My5vcmcvMjAwMC9zdmciPjwvc3ZnPg==\" class=\"lazyload\" style=\"--smush-placeholder-width: 2560px; --smush-placeholder-aspect-ratio: 2560\/1920;\" data-srcset=\"https:\/\/edm.ch\/wp-content\/uploads\/2023\/08\/RS6645_IMG_1963_ILL-scaled.jpg 2560w, https:\/\/edm.ch\/wp-content\/uploads\/2023\/08\/RS6645_IMG_1963_ILL-300x225.jpg 300w, https:\/\/edm.ch\/wp-content\/uploads\/2023\/08\/RS6645_IMG_1963_ILL-1024x768.jpg 1024w, https:\/\/edm.ch\/wp-content\/uploads\/2023\/08\/RS6645_IMG_1963_ILL-768x576.jpg 768w, https:\/\/edm.ch\/wp-content\/uploads\/2023\/08\/RS6645_IMG_1963_ILL-1536x1152.jpg 1536w, https:\/\/edm.ch\/wp-content\/uploads\/2023\/08\/RS6645_IMG_1963_ILL-2048x1536.jpg 2048w\" data-sizes=\"auto\" data-original-sizes=\"(max-width: 2560px) 100vw, 2560px\" \/>\n                                                                    <\/a>\n                                <figcaption>\u00a9 Enfants du monde<\/figcaption>\n                            <\/div>\n                                            <\/div>\n                                                    <div class=\"right\">\n                        <div class=\"content\">\n                            <h2>                                Ramatoulaye, <small>Sch\u00fclerin in Niger<\/small>\n                            <\/h2>                            <div class=\"quote\">                                <p align=\"left\"><span lang=\"fr-CH\">Mein Papa hatte nicht genug Geld f\u00fcr meinen Schulbesuch, da er bereits f\u00fcr meine zwei Br\u00fcder zahlen musste. Ich kann die Schule von Enfants du Monde besuchen, da die nichts kostet.<\/span><\/p>\n                            <\/div>                                                                                <\/div>\n                    <\/div>\n                            <\/div>\n        <\/div>\n    <\/section>\n\n\n    <section class=\"activitySec\" style=\"display:\">\n      <div class=\"container\">\n        <div class=\"secTitle\">\n            <h2>Unsere Projekte<\/h2>\n        <\/div>\n        <div class=\"activityRow\">\n\n            \n                <div class=\"activityCol\">\n                    <div class=\"activityColInner\">\n                        <div class=\"imgBlock\">\n                            <a href=\"https:\/\/edm.ch\/de\/niger-schulen-der-zweiten-chance\/\">                                <img decoding=\"async\" data-src=\"https:\/\/edm.ch\/wp-content\/uploads\/2023\/08\/RS1475_IMG_7286-scaled.jpg\" alt=\"EMD-img\" src=\"data:image\/svg+xml;base64,PHN2ZyB3aWR0aD0iMSIgaGVpZ2h0PSIxIiB4bWxucz0iaHR0cDovL3d3dy53My5vcmcvMjAwMC9zdmciPjwvc3ZnPg==\" class=\"lazyload\" style=\"--smush-placeholder-width: 2560px; --smush-placeholder-aspect-ratio: 2560\/1707;\" data-srcset=\"https:\/\/edm.ch\/wp-content\/uploads\/2023\/08\/RS1475_IMG_7286-scaled.jpg 2560w, https:\/\/edm.ch\/wp-content\/uploads\/2023\/08\/RS1475_IMG_7286-300x200.jpg 300w, https:\/\/edm.ch\/wp-content\/uploads\/2023\/08\/RS1475_IMG_7286-1024x683.jpg 1024w, https:\/\/edm.ch\/wp-content\/uploads\/2023\/08\/RS1475_IMG_7286-768x512.jpg 768w, https:\/\/edm.ch\/wp-content\/uploads\/2023\/08\/RS1475_IMG_7286-1536x1024.jpg 1536w, https:\/\/edm.ch\/wp-content\/uploads\/2023\/08\/RS1475_IMG_7286-2048x1365.jpg 2048w\" data-sizes=\"auto\" data-original-sizes=\"(max-width: 2560px) 100vw, 2560px\" \/>\n                            <\/a>                        <\/div>\n                        <div class=\"contentBlock\">\n                            <h3>Schulen der zweiten Chance<\/h3>\n                            <p>Bis zum Jahr 2022, erm\u00f6glichten wir Kinder im Alter von 9 bis 13 Jahren, die keine Schule besuchten, Zugang zu einer qualitativ hochwertigen Bildung.<\/p>\n                                                            <a href=\"https:\/\/edm.ch\/de\/niger-schulen-der-zweiten-chance\/\" class=\"btnWhite\">Mehr erfahren<\/a>\n                                                    <\/div>\n                    <\/div>\n                <\/div>\n\n            \n                <div class=\"activityCol\">\n                    <div class=\"activityColInner\">\n                        <div class=\"imgBlock\">\n                            <a href=\"https:\/\/edm.ch\/de\/niger-mandat\/\">                                <img decoding=\"async\" data-src=\"https:\/\/edm.ch\/wp-content\/uploads\/2023\/08\/RS6951_Education_Niger_Mandat_CCEAJ_3.jpg\" alt=\"EMD-img\" src=\"data:image\/svg+xml;base64,PHN2ZyB3aWR0aD0iMSIgaGVpZ2h0PSIxIiB4bWxucz0iaHR0cDovL3d3dy53My5vcmcvMjAwMC9zdmciPjwvc3ZnPg==\" class=\"lazyload\" style=\"--smush-placeholder-width: 600px; --smush-placeholder-aspect-ratio: 600\/400;\" data-srcset=\"https:\/\/edm.ch\/wp-content\/uploads\/2023\/08\/RS6951_Education_Niger_Mandat_CCEAJ_3.jpg 600w, https:\/\/edm.ch\/wp-content\/uploads\/2023\/08\/RS6951_Education_Niger_Mandat_CCEAJ_3-300x200.png 300w\" data-sizes=\"auto\" data-original-sizes=\"(max-width: 600px) 100vw, 600px\" \/>\n                            <\/a>                        <\/div>\n                        <div class=\"contentBlock\">\n                            <h3>Bildung f\u00fcr au\u00dferschulische Jugendliche<\/h3>\n                            <p>Im Rahmen des Mandats der schweizerischen Kooperation bieten wir jungen Menschen, die nicht zur Schule gehen, eine alternative Ausbildung an, die ihnen erm\u00f6glicht eine Zukunft aufzubauen.<\/p>\n                                                            <a href=\"https:\/\/edm.ch\/de\/niger-mandat\/\" class=\"btnWhite\">Mehr erfahren<\/a>\n                                                    <\/div>\n                    <\/div>\n                <\/div>\n\n                        \n        <\/div>\n      <\/div>\n    <\/section>\n\n<section class=\"newsSec\" style=\"display:\">\n    <div class=\"newsHead\">\n        <div class=\"container\">\n            <div class=\"newsHeadFlex\">\n                <h2>Letzte Nachrichten<\/h2>\n                            <\/div>\n        <\/div>\n    <\/div>\n        \n            <!-- Mobile News  -->\n            <div class=\"newsContent mobileShow crtvs\">\n                <div class=\"container\">\n                    <div class=\"newsSlider newsWrapper owl-carousel\">\n\n                                                        <div class=\"newsBlock\">\n                                    <div class=\"newsBox\">\n                                        <a href=\"https:\/\/edm.ch\/de\/news\/jahresbericht-2024\/\">\n                                            <figure>\n                                                <img decoding=\"async\"async\" width=\"1920\" height=\"1920\" data-src=\"https:\/\/edm.ch\/wp-content\/uploads\/2025\/11\/Enfants_du_Monde_apercu_RA251.jpg\" class=\"attachment-post-thumbnail size-post-thumbnail wp-post-image lazyload\" alt=\"\" data-srcset=\"https:\/\/edm.ch\/wp-content\/uploads\/2025\/11\/Enfants_du_Monde_apercu_RA251.jpg 1920w, https:\/\/edm.ch\/wp-content\/uploads\/2025\/11\/Enfants_du_Monde_apercu_RA251-300x300.jpg 300w, https:\/\/edm.ch\/wp-content\/uploads\/2025\/11\/Enfants_du_Monde_apercu_RA251-1024x1024.jpg 1024w, https:\/\/edm.ch\/wp-content\/uploads\/2025\/11\/Enfants_du_Monde_apercu_RA251-150x150.jpg 150w, https:\/\/edm.ch\/wp-content\/uploads\/2025\/11\/Enfants_du_Monde_apercu_RA251-768x768.jpg 768w, https:\/\/edm.ch\/wp-content\/uploads\/2025\/11\/Enfants_du_Monde_apercu_RA251-1536x1536.jpg 1536w\" data-sizes=\"auto\" src=\"data:image\/svg+xml;base64,PHN2ZyB3aWR0aD0iMSIgaGVpZ2h0PSIxIiB4bWxucz0iaHR0cDovL3d3dy53My5vcmcvMjAwMC9zdmciPjwvc3ZnPg==\" style=\"--smush-placeholder-width: 1920px; --smush-placeholder-aspect-ratio: 1920\/1920;\" data-original-sizes=\"(max-width: 1920px) 100vw, 1920px\" \/>&#8222;>\n                                            <\/figure>\n                                            <div class=\"content\" >\n                                                <h3>Jahresbericht 2024: Ausbilden, sensibilisieren, mobilisieren f\u00fcr eine gerechtere Zukunft<\/h3>\n                                                <p class=\"date\">19 November 2025<\/p>\n                                                <div class=\"details\">\n                                                    <p><p>Unser Jahresbericht 2024 ist nun verf\u00fcgbar.  Erfahren Sie, wie unsere Projekte im Jahr 2024 die Qualit\u00e4t der Bildung und Gesundheitsversorgung in unseren Einsatzl\u00e4ndern verbessert haben.<\/p>\n<\/p>\n                                                <\/div>\n                                                <div class=\"btnDateFlex\">\n                                                    <button href=\"https:\/\/edm.ch\/de\/news\/jahresbericht-2024\/\" class=\"btnWhite small\">Lesen Sie mehr<\/button>\n                                                    <span class=\"date\"><strong>19<\/strong>November 2025<\/span>\n                                                <\/div>\n                                            <\/div>\n                                        <\/a>\n                                    <\/div>\n                                <\/div>\n                                                            <div class=\"newsBlock\">\n                                    <div class=\"newsBox\">\n                                        <a href=\"https:\/\/edm.ch\/de\/news\/regelmassiger-spenderin-werden\/\">\n                                            <figure>\n                                                <img decoding=\"async\"async\" width=\"1920\" height=\"1920\" data-src=\"https:\/\/edm.ch\/wp-content\/uploads\/2025\/07\/Enfants_du_Monde_Clemence-2.png\" class=\"attachment-post-thumbnail size-post-thumbnail wp-post-image lazyload\" alt=\"\" data-srcset=\"https:\/\/edm.ch\/wp-content\/uploads\/2025\/07\/Enfants_du_Monde_Clemence-2.png 1920w, https:\/\/edm.ch\/wp-content\/uploads\/2025\/07\/Enfants_du_Monde_Clemence-2-300x300.png 300w, https:\/\/edm.ch\/wp-content\/uploads\/2025\/07\/Enfants_du_Monde_Clemence-2-1024x1024.png 1024w, https:\/\/edm.ch\/wp-content\/uploads\/2025\/07\/Enfants_du_Monde_Clemence-2-150x150.png 150w, https:\/\/edm.ch\/wp-content\/uploads\/2025\/07\/Enfants_du_Monde_Clemence-2-768x768.png 768w, https:\/\/edm.ch\/wp-content\/uploads\/2025\/07\/Enfants_du_Monde_Clemence-2-1536x1536.png 1536w\" data-sizes=\"auto\" src=\"data:image\/svg+xml;base64,PHN2ZyB3aWR0aD0iMSIgaGVpZ2h0PSIxIiB4bWxucz0iaHR0cDovL3d3dy53My5vcmcvMjAwMC9zdmciPjwvc3ZnPg==\" style=\"--smush-placeholder-width: 1920px; --smush-placeholder-aspect-ratio: 1920\/1920;\" data-original-sizes=\"(max-width: 1920px) 100vw, 1920px\" \/>&#8222;>\n                                            <\/figure>\n                                            <div class=\"content\" >\n                                                <h3>Regelm\u00e4ssige*r Spender*in werden: Eine Geste, die alles ver\u00e4ndert<\/h3>\n                                                <p class=\"date\">20 August 2025<\/p>\n                                                <div class=\"details\">\n                                                    <p><p>Als regelm\u00e4ssige*r Spender*in bieten Sie benachteiligten Kindern und M\u00fcttern eine bessere Zukunft. Wir brauchen Sie mehr denn je!<\/p>\n<\/p>\n                                                <\/div>\n                                                <div class=\"btnDateFlex\">\n                                                    <button href=\"https:\/\/edm.ch\/de\/news\/regelmassiger-spenderin-werden\/\" class=\"btnWhite small\">Lesen Sie mehr<\/button>\n                                                    <span class=\"date\"><strong>20<\/strong>August 2025<\/span>\n                                                <\/div>\n                                            <\/div>\n                                        <\/a>\n                                    <\/div>\n                                <\/div>\n                                                            <div class=\"newsBlock\">\n                                    <div class=\"newsBox\">\n                                        <a href=\"https:\/\/edm.ch\/de\/news\/kindern-eine-bessere-zukunft-bieten\/\">\n                                            <figure>\n                                                <img decoding=\"async\"async\" width=\"1920\" height=\"1920\" data-src=\"https:\/\/edm.ch\/wp-content\/uploads\/2024\/12\/Enfants_du_Monde_apercu_noel_2024.png\" class=\"attachment-post-thumbnail size-post-thumbnail wp-post-image lazyload\" alt=\"\" data-srcset=\"https:\/\/edm.ch\/wp-content\/uploads\/2024\/12\/Enfants_du_Monde_apercu_noel_2024.png 1920w, https:\/\/edm.ch\/wp-content\/uploads\/2024\/12\/Enfants_du_Monde_apercu_noel_2024-300x300.png 300w, https:\/\/edm.ch\/wp-content\/uploads\/2024\/12\/Enfants_du_Monde_apercu_noel_2024-1024x1024.png 1024w, https:\/\/edm.ch\/wp-content\/uploads\/2024\/12\/Enfants_du_Monde_apercu_noel_2024-150x150.png 150w, https:\/\/edm.ch\/wp-content\/uploads\/2024\/12\/Enfants_du_Monde_apercu_noel_2024-768x768.png 768w, https:\/\/edm.ch\/wp-content\/uploads\/2024\/12\/Enfants_du_Monde_apercu_noel_2024-1536x1536.png 1536w\" data-sizes=\"auto\" src=\"data:image\/svg+xml;base64,PHN2ZyB3aWR0aD0iMSIgaGVpZ2h0PSIxIiB4bWxucz0iaHR0cDovL3d3dy53My5vcmcvMjAwMC9zdmciPjwvc3ZnPg==\" style=\"--smush-placeholder-width: 1920px; --smush-placeholder-aspect-ratio: 1920\/1920;\" data-original-sizes=\"(max-width: 1920px) 100vw, 1920px\" \/>&#8222;>\n                                            <\/figure>\n                                            <div class=\"content\" >\n                                                <h3>Sie k\u00f6nnen den am St\u00e4rksten gef\u00e4hrdeten Kindern eine bessere Zukunft bieten !<\/h3>\n                                                <p class=\"date\">11 Dezember 2024<\/p>\n                                                <div class=\"details\">\n                                                    <p><p>Ihre Spende kann Kindern in Guatemala und Burkina Faso eine hochwertige Bildung erm\u00f6glichen und das Leben von werdenden M\u00fcttern und Babys in L\u00e4ndern wie Bangladesch und Nepal retten. Erfahren Sie, wie Ihre Grossz\u00fcgigkeit einen Unterschied machen kann.<\/p>\n<\/p>\n                                                <\/div>\n                                                <div class=\"btnDateFlex\">\n                                                    <button href=\"https:\/\/edm.ch\/de\/news\/kindern-eine-bessere-zukunft-bieten\/\" class=\"btnWhite small\">Lesen Sie mehr<\/button>\n                                                    <span class=\"date\"><strong>11<\/strong>Dezember 2024<\/span>\n                                                <\/div>\n                                            <\/div>\n                                        <\/a>\n                                    <\/div>\n                                <\/div>\n                                                            <div class=\"newsBlock\">\n                                    <div class=\"newsBox\">\n                                        <a href=\"https:\/\/edm.ch\/de\/news\/neue-genfer-erklaerung\/\">\n                                            <figure>\n                                                <img decoding=\"async\"async\" width=\"1920\" height=\"1920\" data-src=\"https:\/\/edm.ch\/wp-content\/uploads\/2024\/11\/Carre-EN-De.png\" class=\"attachment-post-thumbnail size-post-thumbnail wp-post-image lazyload\" alt=\"\" data-srcset=\"https:\/\/edm.ch\/wp-content\/uploads\/2024\/11\/Carre-EN-De.png 1920w, https:\/\/edm.ch\/wp-content\/uploads\/2024\/11\/Carre-EN-De-300x300.png 300w, https:\/\/edm.ch\/wp-content\/uploads\/2024\/11\/Carre-EN-De-1024x1024.png 1024w, https:\/\/edm.ch\/wp-content\/uploads\/2024\/11\/Carre-EN-De-150x150.png 150w, https:\/\/edm.ch\/wp-content\/uploads\/2024\/11\/Carre-EN-De-768x768.png 768w, https:\/\/edm.ch\/wp-content\/uploads\/2024\/11\/Carre-EN-De-1536x1536.png 1536w\" data-sizes=\"auto\" src=\"data:image\/svg+xml;base64,PHN2ZyB3aWR0aD0iMSIgaGVpZ2h0PSIxIiB4bWxucz0iaHR0cDovL3d3dy53My5vcmcvMjAwMC9zdmciPjwvc3ZnPg==\" style=\"--smush-placeholder-width: 1920px; --smush-placeholder-aspect-ratio: 1920\/1920;\" data-original-sizes=\"(max-width: 1920px) 100vw, 1920px\" \/>&#8222;>\n                                            <\/figure>\n                                            <div class=\"content\" >\n                                                <h3>Die neue Genfer Erkl\u00e4rung wird am 20. November vorgestellt, um die Rechte der Kinder erneut zu bekr\u00e4ftigen!<\/h3>\n                                                <p class=\"date\">25 November 2024<\/p>\n                                                <div class=\"details\">\n                                                    <p><p>Am 20. November, anl\u00e4sslich des Internationalen Tags der Kinderrechte, wird die neue Erkl\u00e4rung der Kinderrechte vorgestellt \u2013 ein weltweites Engagement, um die grundlegenden Rechte der Kinder erneut zu bekr\u00e4ftigen. Diese Initiative, die von Organisationen wie Enfants du Monde ins Leben gerufen wurde, hebt die Dringlichkeit hervor, eine sichere Umgebung f\u00fcr die Entwicklung der jungen Generationen zu gew\u00e4hrleisten. Schliessen Sie sich dieser weltweiten Bewegung an, um die Kinderrechte zur Realit\u00e4t zu machen.<\/p>\n<\/p>\n                                                <\/div>\n                                                <div class=\"btnDateFlex\">\n                                                    <button href=\"https:\/\/edm.ch\/de\/news\/neue-genfer-erklaerung\/\" class=\"btnWhite small\">Lesen Sie mehr<\/button>\n                                                    <span class=\"date\"><strong>25<\/strong>November 2024<\/span>\n                                                <\/div>\n                                            <\/div>\n                                        <\/a>\n                                    <\/div>\n                                <\/div>\n                                                            <div class=\"newsBlock\">\n                                    <div class=\"newsBox\">\n                                        <a href=\"https:\/\/edm.ch\/de\/news\/jahresbericht-gemeinsam-verandern-wir-bildung-und-gesundheit-in-der-welt\/\">\n                                            <figure>\n                                                <img decoding=\"async\"async\" width=\"1920\" height=\"1920\" data-src=\"https:\/\/edm.ch\/wp-content\/uploads\/2024\/06\/Enfants_du_Monde_rapport_annuel_2023_apercu.png\" class=\"attachment-post-thumbnail size-post-thumbnail wp-post-image lazyload\" alt=\"\" data-srcset=\"https:\/\/edm.ch\/wp-content\/uploads\/2024\/06\/Enfants_du_Monde_rapport_annuel_2023_apercu.png 1920w, https:\/\/edm.ch\/wp-content\/uploads\/2024\/06\/Enfants_du_Monde_rapport_annuel_2023_apercu-300x300.png 300w, https:\/\/edm.ch\/wp-content\/uploads\/2024\/06\/Enfants_du_Monde_rapport_annuel_2023_apercu-1024x1024.png 1024w, https:\/\/edm.ch\/wp-content\/uploads\/2024\/06\/Enfants_du_Monde_rapport_annuel_2023_apercu-150x150.png 150w, https:\/\/edm.ch\/wp-content\/uploads\/2024\/06\/Enfants_du_Monde_rapport_annuel_2023_apercu-768x768.png 768w, https:\/\/edm.ch\/wp-content\/uploads\/2024\/06\/Enfants_du_Monde_rapport_annuel_2023_apercu-1536x1536.png 1536w\" data-sizes=\"auto\" src=\"data:image\/svg+xml;base64,PHN2ZyB3aWR0aD0iMSIgaGVpZ2h0PSIxIiB4bWxucz0iaHR0cDovL3d3dy53My5vcmcvMjAwMC9zdmciPjwvc3ZnPg==\" style=\"--smush-placeholder-width: 1920px; --smush-placeholder-aspect-ratio: 1920\/1920;\" data-original-sizes=\"(max-width: 1920px) 100vw, 1920px\" \/>&#8222;>\n                                            <\/figure>\n                                            <div class=\"content\" >\n                                                <h3>Jahresbericht: Gemeinsam ver\u00e4ndern wir Bildung und Gesundheit in der Welt<\/h3>\n                                                <p class=\"date\">19 Juli 2024<\/p>\n                                                <div class=\"details\">\n                                                    <p><p>Im Jahr 2023 konnten wir dank Ihrer Unterst\u00fctzung Tausenden von Kindern eine hochwertige Schulbildung und schwangeren Frauen Zugang zu einer besseren Gesundheitsversorgung erm\u00f6glichen. Erfahren Sie in unserem Jahresbericht, wie unsere Projekte die Praxis von Lehrern und Gesundheitspersonal ver\u00e4ndern.<\/p>\n<\/p>\n                                                <\/div>\n                                                <div class=\"btnDateFlex\">\n                                                    <button href=\"https:\/\/edm.ch\/de\/news\/jahresbericht-gemeinsam-verandern-wir-bildung-und-gesundheit-in-der-welt\/\" class=\"btnWhite small\">Lesen Sie mehr<\/button>\n                                                    <span class=\"date\"><strong>19<\/strong>Juli 2024<\/span>\n                                                <\/div>\n                                            <\/div>\n                                        <\/a>\n                                    <\/div>\n                                <\/div>\n                                                            <div class=\"newsBlock\">\n                                    <div class=\"newsBox\">\n                                        <a href=\"https:\/\/edm.ch\/de\/news\/ein-schoner-weg-dank-bildung\/\">\n                                            <figure>\n                                                <img decoding=\"async\"async\" width=\"1920\" height=\"1920\" data-src=\"https:\/\/edm.ch\/wp-content\/uploads\/2023\/12\/Enfants_du_Monde_merci_Niger_1920_1920.png\" class=\"attachment-post-thumbnail size-post-thumbnail wp-post-image lazyload\" alt=\"\" data-srcset=\"https:\/\/edm.ch\/wp-content\/uploads\/2023\/12\/Enfants_du_Monde_merci_Niger_1920_1920.png 1920w, https:\/\/edm.ch\/wp-content\/uploads\/2023\/12\/Enfants_du_Monde_merci_Niger_1920_1920-300x300.png 300w, https:\/\/edm.ch\/wp-content\/uploads\/2023\/12\/Enfants_du_Monde_merci_Niger_1920_1920-1024x1024.png 1024w, https:\/\/edm.ch\/wp-content\/uploads\/2023\/12\/Enfants_du_Monde_merci_Niger_1920_1920-150x150.png 150w, https:\/\/edm.ch\/wp-content\/uploads\/2023\/12\/Enfants_du_Monde_merci_Niger_1920_1920-768x768.png 768w, https:\/\/edm.ch\/wp-content\/uploads\/2023\/12\/Enfants_du_Monde_merci_Niger_1920_1920-1536x1536.png 1536w\" data-sizes=\"auto\" src=\"data:image\/svg+xml;base64,PHN2ZyB3aWR0aD0iMSIgaGVpZ2h0PSIxIiB4bWxucz0iaHR0cDovL3d3dy53My5vcmcvMjAwMC9zdmciPjwvc3ZnPg==\" style=\"--smush-placeholder-width: 1920px; --smush-placeholder-aspect-ratio: 1920\/1920;\" data-original-sizes=\"(max-width: 1920px) 100vw, 1920px\" \/>&#8222;>\n                                            <\/figure>\n                                            <div class=\"content\" >\n                                                <h3>Ein sch\u00f6ner Weg dank Bildung<\/h3>\n                                                <p class=\"date\">15 Dezember 2023<\/p>\n                                                <div class=\"details\">\n                                                    <p><p>Wir glauben, dass alle Kinder Zugang zu Bildung haben sollten. Deshalb bilden wir Lehrer*innen im zweisprachigen Unterricht aus, um den Unterricht in der Muttersprache der Kinder und in der Amtssprache zu erm\u00f6glichen. Somit haben diejenigen, die zu Hause nur eine Landessprache sprechen, die M\u00f6glichkeit, nach und nach die offizielle Sprache zu erlernen und ihr Studium oder einen Beruf fortzusetzen. <\/p>\n<\/p>\n                                                <\/div>\n                                                <div class=\"btnDateFlex\">\n                                                    <button href=\"https:\/\/edm.ch\/de\/news\/ein-schoner-weg-dank-bildung\/\" class=\"btnWhite small\">Lesen Sie mehr<\/button>\n                                                    <span class=\"date\"><strong>15<\/strong>Dezember 2023<\/span>\n                                                <\/div>\n                                            <\/div>\n                                        <\/a>\n                                    <\/div>\n                                <\/div>\n                                                            <div class=\"newsBlock\">\n                                    <div class=\"newsBox\">\n                                        <a href=\"https:\/\/edm.ch\/de\/news\/ruckblick-auf-die-erfolge-von-2021\/\">\n                                            <figure>\n                                                <img decoding=\"async\"async\" width=\"600\" height=\"336\" data-src=\"https:\/\/edm.ch\/wp-content\/uploads\/2022\/01\/2021.08.26_EnfantsDuMonde_EducationCannotWait_BurkinaFaso_CP_apercu_600x336px-1.jpg\" class=\"attachment-post-thumbnail size-post-thumbnail wp-post-image lazyload\" alt=\"\u00c9ducation en situation d&#039;urgence - Burkina Faso\" data-srcset=\"https:\/\/edm.ch\/wp-content\/uploads\/2022\/01\/2021.08.26_EnfantsDuMonde_EducationCannotWait_BurkinaFaso_CP_apercu_600x336px-1.jpg 600w, https:\/\/edm.ch\/wp-content\/uploads\/2022\/01\/2021.08.26_EnfantsDuMonde_EducationCannotWait_BurkinaFaso_CP_apercu_600x336px-1-300x168.jpg 300w\" data-sizes=\"auto\" src=\"data:image\/svg+xml;base64,PHN2ZyB3aWR0aD0iMSIgaGVpZ2h0PSIxIiB4bWxucz0iaHR0cDovL3d3dy53My5vcmcvMjAwMC9zdmciPjwvc3ZnPg==\" style=\"--smush-placeholder-width: 600px; --smush-placeholder-aspect-ratio: 600\/336;\" data-original-sizes=\"(max-width: 600px) 100vw, 600px\" \/>&#8222;>\n                                            <\/figure>\n                                            <div class=\"content\" >\n                                                <h3>R\u00dcCKBLICK AUF DIE ERFOLGE VON 2021<\/h3>\n                                                <p class=\"date\">6 Januar 2022<\/p>\n                                                <div class=\"details\">\n                                                    <p><p>Das gesamte Team von Enfants du Monde dankt Ihnen f\u00fcr Ihre wertvolle Unterst\u00fctzung im Jahr 2021. Entdecken Sie die diesj\u00e4hrigen Highlights.<\/p>\n<\/p>\n                                                <\/div>\n                                                <div class=\"btnDateFlex\">\n                                                    <button href=\"https:\/\/edm.ch\/de\/news\/ruckblick-auf-die-erfolge-von-2021\/\" class=\"btnWhite small\">Lesen Sie mehr<\/button>\n                                                    <span class=\"date\"><strong>6<\/strong>Januar 2022<\/span>\n                                                <\/div>\n                                            <\/div>\n                                        <\/a>\n                                    <\/div>\n                                <\/div>\n                                                    \n                    <\/div>\n                <\/div>\n            <\/div>\n            <!-- End Mobile News  -->\n            \n                            <div class=\"newsContent desktopShow\">\n                    <div class=\"container\">\n                        <div class=\"newsSlider newsWrapper owl-carousel\">\n\n                                                                <div class=\"newsBlock big\">                                        <div class=\"newsBox\">\n                                            <a href=\"https:\/\/edm.ch\/de\/news\/jahresbericht-2024\/\">\n                                                <figure>\n                                                    <img decoding=\"async\"async\" width=\"1920\" height=\"1920\" data-src=\"https:\/\/edm.ch\/wp-content\/uploads\/2025\/11\/Enfants_du_Monde_apercu_RA251.jpg\" class=\"attachment-post-thumbnail size-post-thumbnail wp-post-image lazyload\" alt=\"\" data-srcset=\"https:\/\/edm.ch\/wp-content\/uploads\/2025\/11\/Enfants_du_Monde_apercu_RA251.jpg 1920w, https:\/\/edm.ch\/wp-content\/uploads\/2025\/11\/Enfants_du_Monde_apercu_RA251-300x300.jpg 300w, https:\/\/edm.ch\/wp-content\/uploads\/2025\/11\/Enfants_du_Monde_apercu_RA251-1024x1024.jpg 1024w, https:\/\/edm.ch\/wp-content\/uploads\/2025\/11\/Enfants_du_Monde_apercu_RA251-150x150.jpg 150w, https:\/\/edm.ch\/wp-content\/uploads\/2025\/11\/Enfants_du_Monde_apercu_RA251-768x768.jpg 768w, https:\/\/edm.ch\/wp-content\/uploads\/2025\/11\/Enfants_du_Monde_apercu_RA251-1536x1536.jpg 1536w\" data-sizes=\"auto\" src=\"data:image\/svg+xml;base64,PHN2ZyB3aWR0aD0iMSIgaGVpZ2h0PSIxIiB4bWxucz0iaHR0cDovL3d3dy53My5vcmcvMjAwMC9zdmciPjwvc3ZnPg==\" style=\"--smush-placeholder-width: 1920px; --smush-placeholder-aspect-ratio: 1920\/1920;\" data-original-sizes=\"(max-width: 1920px) 100vw, 1920px\" \/>&#8222;>\n                                                <\/figure>\n                                                <div class=\"content\" >\n                                                    <h3>Jahresbericht 2024: Ausbilden, sensibilisieren, mobilisieren f\u00fcr eine gerechtere Zukunft<\/h3>\n                                                    <p class=\"date\">19 November 2025<\/p>\n                                                    <div class=\"details\">\n                                                        <p><p>Unser Jahresbericht 2024 ist nun verf\u00fcgbar.  Erfahren Sie, wie unsere Projekte im Jahr 2024 die Qualit\u00e4t der Bildung und Gesundheitsversorgung in unseren Einsatzl\u00e4ndern verbessert haben.<\/p>\n<\/p>\n                                                    <\/div>\n                                                    <div class=\"btnDateFlex\">\n                                                        <button href=\"https:\/\/edm.ch\/de\/news\/jahresbericht-2024\/\" class=\"btnWhite small\">Lesen Sie mehr<\/button>\n                                                        <span class=\"date\"><strong>19<\/strong>November 2025<\/span>\n                                                    <\/div>\n                                                <\/div>\n                                            <\/a>\n                                        <\/div>\n                                    <\/div>                                                                    <div class=\"newsBlock\">                                        <div class=\"newsBox\">\n                                            <a href=\"https:\/\/edm.ch\/de\/news\/regelmassiger-spenderin-werden\/\">\n                                                <figure>\n                                                    <img decoding=\"async\"async\" width=\"1920\" height=\"1920\" data-src=\"https:\/\/edm.ch\/wp-content\/uploads\/2025\/07\/Enfants_du_Monde_Clemence-2.png\" class=\"attachment-post-thumbnail size-post-thumbnail wp-post-image lazyload\" alt=\"\" data-srcset=\"https:\/\/edm.ch\/wp-content\/uploads\/2025\/07\/Enfants_du_Monde_Clemence-2.png 1920w, https:\/\/edm.ch\/wp-content\/uploads\/2025\/07\/Enfants_du_Monde_Clemence-2-300x300.png 300w, https:\/\/edm.ch\/wp-content\/uploads\/2025\/07\/Enfants_du_Monde_Clemence-2-1024x1024.png 1024w, https:\/\/edm.ch\/wp-content\/uploads\/2025\/07\/Enfants_du_Monde_Clemence-2-150x150.png 150w, https:\/\/edm.ch\/wp-content\/uploads\/2025\/07\/Enfants_du_Monde_Clemence-2-768x768.png 768w, https:\/\/edm.ch\/wp-content\/uploads\/2025\/07\/Enfants_du_Monde_Clemence-2-1536x1536.png 1536w\" data-sizes=\"auto\" src=\"data:image\/svg+xml;base64,PHN2ZyB3aWR0aD0iMSIgaGVpZ2h0PSIxIiB4bWxucz0iaHR0cDovL3d3dy53My5vcmcvMjAwMC9zdmciPjwvc3ZnPg==\" style=\"--smush-placeholder-width: 1920px; --smush-placeholder-aspect-ratio: 1920\/1920;\" data-original-sizes=\"(max-width: 1920px) 100vw, 1920px\" \/>&#8222;>\n                                                <\/figure>\n                                                <div class=\"content\" >\n                                                    <h3>Regelm\u00e4ssige*r Spender*in werden: Eine Geste, die alles ver\u00e4ndert<\/h3>\n                                                    <p class=\"date\">20 August 2025<\/p>\n                                                    <div class=\"details\">\n                                                        <p><p>Als regelm\u00e4ssige*r Spender*in bieten Sie benachteiligten Kindern und M\u00fcttern eine bessere Zukunft. Wir brauchen Sie mehr denn je!<\/p>\n<\/p>\n                                                    <\/div>\n                                                    <div class=\"btnDateFlex\">\n                                                        <button href=\"https:\/\/edm.ch\/de\/news\/regelmassiger-spenderin-werden\/\" class=\"btnWhite small\">Lesen Sie mehr<\/button>\n                                                        <span class=\"date\"><strong>20<\/strong>August 2025<\/span>\n                                                    <\/div>\n                                                <\/div>\n                                            <\/a>\n                                        <\/div>\n                                                                                                                                                <div class=\"newsBox\">\n                                            <a href=\"https:\/\/edm.ch\/de\/news\/kindern-eine-bessere-zukunft-bieten\/\">\n                                                <figure>\n                                                    <img decoding=\"async\"async\" width=\"1920\" height=\"1920\" data-src=\"https:\/\/edm.ch\/wp-content\/uploads\/2024\/12\/Enfants_du_Monde_apercu_noel_2024.png\" class=\"attachment-post-thumbnail size-post-thumbnail wp-post-image lazyload\" alt=\"\" data-srcset=\"https:\/\/edm.ch\/wp-content\/uploads\/2024\/12\/Enfants_du_Monde_apercu_noel_2024.png 1920w, https:\/\/edm.ch\/wp-content\/uploads\/2024\/12\/Enfants_du_Monde_apercu_noel_2024-300x300.png 300w, https:\/\/edm.ch\/wp-content\/uploads\/2024\/12\/Enfants_du_Monde_apercu_noel_2024-1024x1024.png 1024w, https:\/\/edm.ch\/wp-content\/uploads\/2024\/12\/Enfants_du_Monde_apercu_noel_2024-150x150.png 150w, https:\/\/edm.ch\/wp-content\/uploads\/2024\/12\/Enfants_du_Monde_apercu_noel_2024-768x768.png 768w, https:\/\/edm.ch\/wp-content\/uploads\/2024\/12\/Enfants_du_Monde_apercu_noel_2024-1536x1536.png 1536w\" data-sizes=\"auto\" src=\"data:image\/svg+xml;base64,PHN2ZyB3aWR0aD0iMSIgaGVpZ2h0PSIxIiB4bWxucz0iaHR0cDovL3d3dy53My5vcmcvMjAwMC9zdmciPjwvc3ZnPg==\" style=\"--smush-placeholder-width: 1920px; --smush-placeholder-aspect-ratio: 1920\/1920;\" data-original-sizes=\"(max-width: 1920px) 100vw, 1920px\" \/>&#8222;>\n                                                <\/figure>\n                                                <div class=\"content\" >\n                                                    <h3>Sie k\u00f6nnen den am St\u00e4rksten gef\u00e4hrdeten Kindern eine bessere Zukunft bieten !<\/h3>\n                                                    <p class=\"date\">11 Dezember 2024<\/p>\n                                                    <div class=\"details\">\n                                                        <p><p>Ihre Spende kann Kindern in Guatemala und Burkina Faso eine hochwertige Bildung erm\u00f6glichen und das Leben von werdenden M\u00fcttern und Babys in L\u00e4ndern wie Bangladesch und Nepal retten. Erfahren Sie, wie Ihre Grossz\u00fcgigkeit einen Unterschied machen kann.<\/p>\n<\/p>\n                                                    <\/div>\n                                                    <div class=\"btnDateFlex\">\n                                                        <button href=\"https:\/\/edm.ch\/de\/news\/kindern-eine-bessere-zukunft-bieten\/\" class=\"btnWhite small\">Lesen Sie mehr<\/button>\n                                                        <span class=\"date\"><strong>11<\/strong>Dezember 2024<\/span>\n                                                    <\/div>\n                                                <\/div>\n                                            <\/a>\n                                        <\/div>\n                                    <\/div>                                                                    <div class=\"newsBlock\">                                        <div class=\"newsBox\">\n                                            <a href=\"https:\/\/edm.ch\/de\/news\/neue-genfer-erklaerung\/\">\n                                                <figure>\n                                                    <img decoding=\"async\"async\" width=\"1920\" height=\"1920\" data-src=\"https:\/\/edm.ch\/wp-content\/uploads\/2024\/11\/Carre-EN-De.png\" class=\"attachment-post-thumbnail size-post-thumbnail wp-post-image lazyload\" alt=\"\" data-srcset=\"https:\/\/edm.ch\/wp-content\/uploads\/2024\/11\/Carre-EN-De.png 1920w, https:\/\/edm.ch\/wp-content\/uploads\/2024\/11\/Carre-EN-De-300x300.png 300w, https:\/\/edm.ch\/wp-content\/uploads\/2024\/11\/Carre-EN-De-1024x1024.png 1024w, https:\/\/edm.ch\/wp-content\/uploads\/2024\/11\/Carre-EN-De-150x150.png 150w, https:\/\/edm.ch\/wp-content\/uploads\/2024\/11\/Carre-EN-De-768x768.png 768w, https:\/\/edm.ch\/wp-content\/uploads\/2024\/11\/Carre-EN-De-1536x1536.png 1536w\" data-sizes=\"auto\" src=\"data:image\/svg+xml;base64,PHN2ZyB3aWR0aD0iMSIgaGVpZ2h0PSIxIiB4bWxucz0iaHR0cDovL3d3dy53My5vcmcvMjAwMC9zdmciPjwvc3ZnPg==\" style=\"--smush-placeholder-width: 1920px; --smush-placeholder-aspect-ratio: 1920\/1920;\" data-original-sizes=\"(max-width: 1920px) 100vw, 1920px\" \/>&#8222;>\n                                                <\/figure>\n                                                <div class=\"content\" >\n                                                    <h3>Die neue Genfer Erkl\u00e4rung wird am 20. November vorgestellt, um die Rechte der Kinder erneut zu bekr\u00e4ftigen!<\/h3>\n                                                    <p class=\"date\">25 November 2024<\/p>\n                                                    <div class=\"details\">\n                                                        <p><p>Am 20. November, anl\u00e4sslich des Internationalen Tags der Kinderrechte, wird die neue Erkl\u00e4rung der Kinderrechte vorgestellt \u2013 ein weltweites Engagement, um die grundlegenden Rechte der Kinder erneut zu bekr\u00e4ftigen. Diese Initiative, die von Organisationen wie Enfants du Monde ins Leben gerufen wurde, hebt die Dringlichkeit hervor, eine sichere Umgebung f\u00fcr die Entwicklung der jungen Generationen zu gew\u00e4hrleisten. Schliessen Sie sich dieser weltweiten Bewegung an, um die Kinderrechte zur Realit\u00e4t zu machen.<\/p>\n<\/p>\n                                                    <\/div>\n                                                    <div class=\"btnDateFlex\">\n                                                        <button href=\"https:\/\/edm.ch\/de\/news\/neue-genfer-erklaerung\/\" class=\"btnWhite small\">Lesen Sie mehr<\/button>\n                                                        <span class=\"date\"><strong>25<\/strong>November 2024<\/span>\n                                                    <\/div>\n                                                <\/div>\n                                            <\/a>\n                                        <\/div>\n                                                                                                                                                <div class=\"newsBox\">\n                                            <a href=\"https:\/\/edm.ch\/de\/news\/jahresbericht-gemeinsam-verandern-wir-bildung-und-gesundheit-in-der-welt\/\">\n                                                <figure>\n                                                    <img decoding=\"async\"async\" width=\"1920\" height=\"1920\" data-src=\"https:\/\/edm.ch\/wp-content\/uploads\/2024\/06\/Enfants_du_Monde_rapport_annuel_2023_apercu.png\" class=\"attachment-post-thumbnail size-post-thumbnail wp-post-image lazyload\" alt=\"\" data-srcset=\"https:\/\/edm.ch\/wp-content\/uploads\/2024\/06\/Enfants_du_Monde_rapport_annuel_2023_apercu.png 1920w, https:\/\/edm.ch\/wp-content\/uploads\/2024\/06\/Enfants_du_Monde_rapport_annuel_2023_apercu-300x300.png 300w, https:\/\/edm.ch\/wp-content\/uploads\/2024\/06\/Enfants_du_Monde_rapport_annuel_2023_apercu-1024x1024.png 1024w, https:\/\/edm.ch\/wp-content\/uploads\/2024\/06\/Enfants_du_Monde_rapport_annuel_2023_apercu-150x150.png 150w, https:\/\/edm.ch\/wp-content\/uploads\/2024\/06\/Enfants_du_Monde_rapport_annuel_2023_apercu-768x768.png 768w, https:\/\/edm.ch\/wp-content\/uploads\/2024\/06\/Enfants_du_Monde_rapport_annuel_2023_apercu-1536x1536.png 1536w\" data-sizes=\"auto\" src=\"data:image\/svg+xml;base64,PHN2ZyB3aWR0aD0iMSIgaGVpZ2h0PSIxIiB4bWxucz0iaHR0cDovL3d3dy53My5vcmcvMjAwMC9zdmciPjwvc3ZnPg==\" style=\"--smush-placeholder-width: 1920px; --smush-placeholder-aspect-ratio: 1920\/1920;\" data-original-sizes=\"(max-width: 1920px) 100vw, 1920px\" \/>&#8222;>\n                                                <\/figure>\n                                                <div class=\"content\" >\n                                                    <h3>Jahresbericht: Gemeinsam ver\u00e4ndern wir Bildung und Gesundheit in der Welt<\/h3>\n                                                    <p class=\"date\">19 Juli 2024<\/p>\n                                                    <div class=\"details\">\n                                                        <p><p>Im Jahr 2023 konnten wir dank Ihrer Unterst\u00fctzung Tausenden von Kindern eine hochwertige Schulbildung und schwangeren Frauen Zugang zu einer besseren Gesundheitsversorgung erm\u00f6glichen. Erfahren Sie in unserem Jahresbericht, wie unsere Projekte die Praxis von Lehrern und Gesundheitspersonal ver\u00e4ndern.<\/p>\n<\/p>\n                                                    <\/div>\n                                                    <div class=\"btnDateFlex\">\n                                                        <button href=\"https:\/\/edm.ch\/de\/news\/jahresbericht-gemeinsam-verandern-wir-bildung-und-gesundheit-in-der-welt\/\" class=\"btnWhite small\">Lesen Sie mehr<\/button>\n                                                        <span class=\"date\"><strong>19<\/strong>Juli 2024<\/span>\n                                                    <\/div>\n                                                <\/div>\n                                            <\/a>\n                                        <\/div>\n                                    <\/div>                                                                    <div class=\"newsBlock\">                                        <div class=\"newsBox\">\n                                            <a href=\"https:\/\/edm.ch\/de\/news\/ein-schoner-weg-dank-bildung\/\">\n                                                <figure>\n                                                    <img decoding=\"async\"async\" width=\"1920\" height=\"1920\" data-src=\"https:\/\/edm.ch\/wp-content\/uploads\/2023\/12\/Enfants_du_Monde_merci_Niger_1920_1920.png\" class=\"attachment-post-thumbnail size-post-thumbnail wp-post-image lazyload\" alt=\"\" data-srcset=\"https:\/\/edm.ch\/wp-content\/uploads\/2023\/12\/Enfants_du_Monde_merci_Niger_1920_1920.png 1920w, https:\/\/edm.ch\/wp-content\/uploads\/2023\/12\/Enfants_du_Monde_merci_Niger_1920_1920-300x300.png 300w, https:\/\/edm.ch\/wp-content\/uploads\/2023\/12\/Enfants_du_Monde_merci_Niger_1920_1920-1024x1024.png 1024w, https:\/\/edm.ch\/wp-content\/uploads\/2023\/12\/Enfants_du_Monde_merci_Niger_1920_1920-150x150.png 150w, https:\/\/edm.ch\/wp-content\/uploads\/2023\/12\/Enfants_du_Monde_merci_Niger_1920_1920-768x768.png 768w, https:\/\/edm.ch\/wp-content\/uploads\/2023\/12\/Enfants_du_Monde_merci_Niger_1920_1920-1536x1536.png 1536w\" data-sizes=\"auto\" src=\"data:image\/svg+xml;base64,PHN2ZyB3aWR0aD0iMSIgaGVpZ2h0PSIxIiB4bWxucz0iaHR0cDovL3d3dy53My5vcmcvMjAwMC9zdmciPjwvc3ZnPg==\" style=\"--smush-placeholder-width: 1920px; --smush-placeholder-aspect-ratio: 1920\/1920;\" data-original-sizes=\"(max-width: 1920px) 100vw, 1920px\" \/>&#8222;>\n                                                <\/figure>\n                                                <div class=\"content\" >\n                                                    <h3>Ein sch\u00f6ner Weg dank Bildung<\/h3>\n                                                    <p class=\"date\">15 Dezember 2023<\/p>\n                                                    <div class=\"details\">\n                                                        <p><p>Wir glauben, dass alle Kinder Zugang zu Bildung haben sollten. Deshalb bilden wir Lehrer*innen im zweisprachigen Unterricht aus, um den Unterricht in der Muttersprache der Kinder und in der Amtssprache zu erm\u00f6glichen. Somit haben diejenigen, die zu Hause nur eine Landessprache sprechen, die M\u00f6glichkeit, nach und nach die offizielle Sprache zu erlernen und ihr Studium oder einen Beruf fortzusetzen. <\/p>\n<\/p>\n                                                    <\/div>\n                                                    <div class=\"btnDateFlex\">\n                                                        <button href=\"https:\/\/edm.ch\/de\/news\/ein-schoner-weg-dank-bildung\/\" class=\"btnWhite small\">Lesen Sie mehr<\/button>\n                                                        <span class=\"date\"><strong>15<\/strong>Dezember 2023<\/span>\n                                                    <\/div>\n                                                <\/div>\n                                            <\/a>\n                                        <\/div>\n                                                                                                                                                <div class=\"newsBox\">\n                                            <a href=\"https:\/\/edm.ch\/de\/news\/ruckblick-auf-die-erfolge-von-2021\/\">\n                                                <figure>\n                                                    <img decoding=\"async\"async\" width=\"600\" height=\"336\" data-src=\"https:\/\/edm.ch\/wp-content\/uploads\/2022\/01\/2021.08.26_EnfantsDuMonde_EducationCannotWait_BurkinaFaso_CP_apercu_600x336px-1.jpg\" class=\"attachment-post-thumbnail size-post-thumbnail wp-post-image lazyload\" alt=\"\u00c9ducation en situation d&#039;urgence - Burkina Faso\" data-srcset=\"https:\/\/edm.ch\/wp-content\/uploads\/2022\/01\/2021.08.26_EnfantsDuMonde_EducationCannotWait_BurkinaFaso_CP_apercu_600x336px-1.jpg 600w, https:\/\/edm.ch\/wp-content\/uploads\/2022\/01\/2021.08.26_EnfantsDuMonde_EducationCannotWait_BurkinaFaso_CP_apercu_600x336px-1-300x168.jpg 300w\" data-sizes=\"auto\" src=\"data:image\/svg+xml;base64,PHN2ZyB3aWR0aD0iMSIgaGVpZ2h0PSIxIiB4bWxucz0iaHR0cDovL3d3dy53My5vcmcvMjAwMC9zdmciPjwvc3ZnPg==\" style=\"--smush-placeholder-width: 600px; --smush-placeholder-aspect-ratio: 600\/336;\" data-original-sizes=\"(max-width: 600px) 100vw, 600px\" \/>&#8222;>\n                                                <\/figure>\n                                                <div class=\"content\" >\n                                                    <h3>R\u00dcCKBLICK AUF DIE ERFOLGE VON 2021<\/h3>\n                                                    <p class=\"date\">6 Januar 2022<\/p>\n                                                    <div class=\"details\">\n                                                        <p><p>Das gesamte Team von Enfants du Monde dankt Ihnen f\u00fcr Ihre wertvolle Unterst\u00fctzung im Jahr 2021. Entdecken Sie die diesj\u00e4hrigen Highlights.<\/p>\n<\/p>\n                                                    <\/div>\n                                                    <div class=\"btnDateFlex\">\n                                                        <button href=\"https:\/\/edm.ch\/de\/news\/ruckblick-auf-die-erfolge-von-2021\/\" class=\"btnWhite small\">Lesen Sie mehr<\/button>\n                                                        <span class=\"date\"><strong>6<\/strong>Januar 2022<\/span>\n                                                    <\/div>\n                                                <\/div>\n                                            <\/a>\n                                        <\/div>\n                                    <\/div>                                                            \n                        <\/div>\n                    <\/div>\n                <\/div>\n            \n            <\/section>\n\n\n    \n    <section class=\"leftTextRightImg \" style=\"display:\">\n        <div class=\"container\">\n            <div class=\"leftTextRightImgRow\">\n                                    <div class=\"right\">\n                                                    <div class=\"imgBlock\">\n                                <a class=\"figure_block\" href=\"https:\/\/edm.ch\/wp-content\/uploads\/2023\/08\/Enfants_du_monde_image_website-1-1.png\" data-fancybox data-caption=\"\">\n                                    <img decoding=\"async\" data-src=\"https:\/\/edm.ch\/wp-content\/uploads\/2023\/08\/Enfants_du_monde_image_website-1-1.png\" src=\"data:image\/svg+xml;base64,PHN2ZyB3aWR0aD0iMSIgaGVpZ2h0PSIxIiB4bWxucz0iaHR0cDovL3d3dy53My5vcmcvMjAwMC9zdmciPjwvc3ZnPg==\" class=\"lazyload\" style=\"--smush-placeholder-width: 1920px; --smush-placeholder-aspect-ratio: 1920\/1920;\" data-srcset=\"https:\/\/edm.ch\/wp-content\/uploads\/2023\/08\/Enfants_du_monde_image_website-1-1.png 1920w, https:\/\/edm.ch\/wp-content\/uploads\/2023\/08\/Enfants_du_monde_image_website-1-1-300x300.png 300w, https:\/\/edm.ch\/wp-content\/uploads\/2023\/08\/Enfants_du_monde_image_website-1-1-1024x1024.png 1024w, https:\/\/edm.ch\/wp-content\/uploads\/2023\/08\/Enfants_du_monde_image_website-1-1-150x150.png 150w, https:\/\/edm.ch\/wp-content\/uploads\/2023\/08\/Enfants_du_monde_image_website-1-1-768x768.png 768w, https:\/\/edm.ch\/wp-content\/uploads\/2023\/08\/Enfants_du_monde_image_website-1-1-1536x1536.png 1536w\" data-sizes=\"auto\" data-original-sizes=\"(max-width: 1920px) 100vw, 1920px\" \/>\n                                                                    <\/a>\n                                <figcaption><\/figcaption>\n                            <\/div>\n                                            <\/div>\n                                                    <div class=\"left\">\n                        <div class=\"content\">\n                                                            Unser Team kontaktieren <small><\/small>\n                                                                                        <p><strong>In der Schweiz<\/strong><br \/>\nEnfants du Monde<br \/>\nRoute de Ferney 150, CP 2100<br \/>\n1211 Gen\u00e8ve 2, Suisse<br \/>\nT\u00e9l : +41 22 798 88 81<br \/>\nEmail\u00a0: <a href=\"mailto:info@edm.ch\">info@edm.ch<\/a><\/p>\n<p><strong>S\u00e9bastien BLAT, <\/strong>Programmbeauftragter Sahel<\/p>\n                                                                                                            <\/div>\n                    <\/div>\n                            <\/div>\n        <\/div>\n    <\/section>\n\n\n    <section class=\"threeColumnImageSec\" style=\"display:\">\n        <div class=\"container\">\n            <div class=\"threeColumnImageRow\">\n\n                                \n            <\/div>\n        <\/div>\n    <\/section>\n\n\n    <section class=\"donation_count\" style=\"display:\">\n        <div class=\"inner_row\">\n            <div class=\"right_img_block\">\n                <div class=\"img_block figure_block\">\n                    <img decoding=\"async\" data-src=\"https:\/\/edm.ch\/wp-content\/uploads\/2023\/08\/Enfants_du_monde_image_website-2.png\" alt=\"\" src=\"data:image\/svg+xml;base64,PHN2ZyB3aWR0aD0iMSIgaGVpZ2h0PSIxIiB4bWxucz0iaHR0cDovL3d3dy53My5vcmcvMjAwMC9zdmciPjwvc3ZnPg==\" class=\"lazyload\" style=\"--smush-placeholder-width: 1920px; --smush-placeholder-aspect-ratio: 1920\/1920;\" data-srcset=\"https:\/\/edm.ch\/wp-content\/uploads\/2023\/08\/Enfants_du_monde_image_website-2.png 1920w, https:\/\/edm.ch\/wp-content\/uploads\/2023\/08\/Enfants_du_monde_image_website-2-300x300.png 300w, https:\/\/edm.ch\/wp-content\/uploads\/2023\/08\/Enfants_du_monde_image_website-2-1024x1024.png 1024w, https:\/\/edm.ch\/wp-content\/uploads\/2023\/08\/Enfants_du_monde_image_website-2-150x150.png 150w, https:\/\/edm.ch\/wp-content\/uploads\/2023\/08\/Enfants_du_monde_image_website-2-768x768.png 768w, https:\/\/edm.ch\/wp-content\/uploads\/2023\/08\/Enfants_du_monde_image_website-2-1536x1536.png 1536w\" data-sizes=\"auto\" data-original-sizes=\"(max-width: 1920px) 100vw, 1920px\">\n                                    <\/div>\n            <\/div>\n            <div class=\"left_txt_block\">\n                <div class=\"txt_contents\">\n                    <h3>Meine Spende wirkt<\/h3>\n                    <div class=\"block_txts\">\n                                                    <div class=\"item\">\n                                <span class=\"title\">Zum Beispiel:<\/span>\n                                <p><\/p>\n                            <\/div>\n                                                    <div class=\"item\">\n                                <span class=\"title\">Mit 70 Franken:<\/span>\n                                <p>Schenke ich 10 Kindern in Burkina Faso ein zweisprachiges Schulbuch in Franz\u00f6sisch und Moor\u00e9 (lokale Sprache), damit sie in der Schule besser vorankommen.<\/p>\n                            <\/div>\n                                                    <div class=\"item\">\n                                <span class=\"title\">Mit 140 Franken:<\/span>\n                                <p>Erm\u00f6gliche ich 700 schwangeren Frauen aus Bangladesch und ihren Ehem\u00e4nnern, an einer Aufkl\u00e4rung \u00fcber die Gesundheit der M\u00fctter teilzunehmen und sich auf die Geburt vorzubereiten.<\/p>\n                            <\/div>\n                                                    <div class=\"item\">\n                                <span class=\"title\">Mit 200 Franken:<\/span>\n                                <p>Finanziere ich 17 Lehrer*innen in Guatemala eine Weiterbildung in zweisprachiger Erziehung, um die Qualit\u00e4t ihres Unterrichts zu verbessern.<\/p>\n                            <\/div>\n                                                                            <a href=\"https:\/\/don.edm.ch\/de\" class=\"btnWhite buttonDonation\">\n                                ICH SPENDE                            <\/a>\n                                            <\/div>\n                <\/div>\n            <\/div>\n        <\/div>\n    <\/section>","protected":false},"featured_media":0,"parent":0,"template":"","countries-names":[],"class_list":["post-5114","country","type-country","status-publish","hentry"],"acf":[],"yoast_head":"<!-- This site is optimized with the Yoast SEO plugin v26.9 - https:\/\/yoast.com\/product\/yoast-seo-wordpress\/ -->\n<title>Niger Projekte - Enfants du Monde<\/title>\n<meta name=\"description\" content=\"Wir arbeiten im Niger, um Kindern, die nicht zur Schule gehen oder die Schule zu fr\u00fch verlassen haben, eine zweite Chance zu geben.\" \/>\n<meta name=\"robots\" content=\"index, follow, max-snippet:-1, max-image-preview:large, max-video-preview:-1\" \/>\n<link rel=\"canonical\" href=\"https:\/\/edm.ch\/de\/niger\/\" \/>\n<meta property=\"og:locale\" content=\"de_DE\" \/>\n<meta property=\"og:type\" content=\"article\" \/>\n<meta property=\"og:title\" content=\"Niger Projekte - Enfants du Monde\" \/>\n<meta property=\"og:description\" content=\"Wir arbeiten im Niger, um Kindern, die nicht zur Schule gehen oder die Schule zu fr\u00fch verlassen haben, eine zweite Chance zu geben.\" \/>\n<meta property=\"og:url\" content=\"https:\/\/edm.ch\/de\/niger\/\" \/>\n<meta property=\"og:site_name\" content=\"Enfants du monde\" \/>\n<meta property=\"article:modified_time\" content=\"2025-09-04T09:47:59+00:00\" \/>\n<meta name=\"twitter:card\" content=\"summary_large_image\" \/>\n<script type=\"application\/ld+json\" class=\"yoast-schema-graph\">{\"@context\":\"https:\/\/schema.org\",\"@graph\":[{\"@type\":\"WebPage\",\"@id\":\"https:\/\/edm.ch\/de\/niger\/\",\"url\":\"https:\/\/edm.ch\/de\/niger\/\",\"name\":\"Niger Projekte - Enfants du Monde\",\"isPartOf\":{\"@id\":\"https:\/\/edm.ch\/en\/#website\"},\"datePublished\":\"2023-08-11T07:38:36+00:00\",\"dateModified\":\"2025-09-04T09:47:59+00:00\",\"description\":\"Wir arbeiten im Niger, um Kindern, die nicht zur Schule gehen oder die Schule zu fr\u00fch verlassen haben, eine zweite Chance zu geben.\",\"inLanguage\":\"de-DE\",\"potentialAction\":[{\"@type\":\"ReadAction\",\"target\":[\"https:\/\/edm.ch\/de\/niger\/\"]}]},{\"@type\":\"WebSite\",\"@id\":\"https:\/\/edm.ch\/en\/#website\",\"url\":\"https:\/\/edm.ch\/en\/\",\"name\":\"Enfants du monde\",\"description\":\"Association suisse\",\"potentialAction\":[{\"@type\":\"SearchAction\",\"target\":{\"@type\":\"EntryPoint\",\"urlTemplate\":\"https:\/\/edm.ch\/en\/?s={search_term_string}\"},\"query-input\":{\"@type\":\"PropertyValueSpecification\",\"valueRequired\":true,\"valueName\":\"search_term_string\"}}],\"inLanguage\":\"de-DE\"}]}<\/script>\n<!-- \/ Yoast SEO plugin. -->","yoast_head_json":{"title":"Niger Projekte - Enfants du Monde","description":"Wir arbeiten im Niger, um Kindern, die nicht zur Schule gehen oder die Schule zu fr\u00fch verlassen haben, eine zweite Chance zu geben.","robots":{"index":"index","follow":"follow","max-snippet":"max-snippet:-1","max-image-preview":"max-image-preview:large","max-video-preview":"max-video-preview:-1"},"canonical":"https:\/\/edm.ch\/de\/niger\/","og_locale":"de_DE","og_type":"article","og_title":"Niger Projekte - Enfants du Monde","og_description":"Wir arbeiten im Niger, um Kindern, die nicht zur Schule gehen oder die Schule zu fr\u00fch verlassen haben, eine zweite Chance zu geben.","og_url":"https:\/\/edm.ch\/de\/niger\/","og_site_name":"Enfants du monde","article_modified_time":"2025-09-04T09:47:59+00:00","twitter_card":"summary_large_image","schema":{"@context":"https:\/\/schema.org","@graph":[{"@type":"WebPage","@id":"https:\/\/edm.ch\/de\/niger\/","url":"https:\/\/edm.ch\/de\/niger\/","name":"Niger Projekte - Enfants du Monde","isPartOf":{"@id":"https:\/\/edm.ch\/en\/#website"},"datePublished":"2023-08-11T07:38:36+00:00","dateModified":"2025-09-04T09:47:59+00:00","description":"Wir arbeiten im Niger, um Kindern, die nicht zur Schule gehen oder die Schule zu fr\u00fch verlassen haben, eine zweite Chance zu geben.","inLanguage":"de-DE","potentialAction":[{"@type":"ReadAction","target":["https:\/\/edm.ch\/de\/niger\/"]}]},{"@type":"WebSite","@id":"https:\/\/edm.ch\/en\/#website","url":"https:\/\/edm.ch\/en\/","name":"Enfants du monde","description":"Association suisse","potentialAction":[{"@type":"SearchAction","target":{"@type":"EntryPoint","urlTemplate":"https:\/\/edm.ch\/en\/?s={search_term_string}"},"query-input":{"@type":"PropertyValueSpecification","valueRequired":true,"valueName":"search_term_string"}}],"inLanguage":"de-DE"}]}},"_links":{"self":[{"href":"https:\/\/edm.ch\/de\/wp-json\/wp\/v2\/country\/5114","targetHints":{"allow":["GET"]}}],"collection":[{"href":"https:\/\/edm.ch\/de\/wp-json\/wp\/v2\/country"}],"about":[{"href":"https:\/\/edm.ch\/de\/wp-json\/wp\/v2\/types\/country"}],"wp:attachment":[{"href":"https:\/\/edm.ch\/de\/wp-json\/wp\/v2\/media?parent=5114"}],"wp:term":[{"taxonomy":"countries-names","embeddable":true,"href":"https:\/\/edm.ch\/de\/wp-json\/wp\/v2\/countries-names?post=5114"}],"curies":[{"name":"wp","href":"https:\/\/api.w.org\/{rel}","templated":true}]}}